{"id":4409,"date":"2015-05-29T11:10:21","date_gmt":"2015-05-29T11:10:21","guid":{"rendered":"https:\/\/entreculturasi.wpenginepowered.com\/?publicaciones=aprendizaje-servicio-global-entre-bolivia-y-espa"},"modified":"2023-12-10T01:05:32","modified_gmt":"2023-12-10T00:05:32","slug":"aprendizaje-servicio-global-entre-bolivia-y-espa","status":"publish","type":"publicacion","link":"https:\/\/www.entreculturas.org\/en\/publicacion\/aprendizaje-servicio-global-entre-bolivia-y-espa\/","title":{"rendered":"Aprendizaje servicio global entre Bolivia y Espa\u00f1a"},"content":{"rendered":"<p>Durante el curso escolar 2010-2011, profesorado, alumnas y alumnos de la Escuela T\u00e9cnica &#8220;Nuestra Se\u00f1ora del Pilar&#8221; de Fe y Alegr\u00eda en Cochabamba (Bolivia) y las Escuelas San Jos\u00e9- Jesuitas en Valencia (Espa\u00f1a) participaron en una experiencia de aprendizaje servicio global en la que, tras el planteamiento de un problema com\u00fan, ambos centros educativos deb\u00edan trabajar juntos para lograr una soluci\u00f3n colaborativa.&nbsp;<\/p>\n<p>Este proyecto vincul\u00f3 las realidades educativas escolares del Norte y del Sur para favorecer y generar redes de aprendizaje entre las comunidades educativas.<\/p>\n<p>&nbsp;<\/p>\n","protected":false},"excerpt":{"rendered":"<p>Durante el curso escolar 2010-2011, profesorado, alumnas y alumnos de la Escuela T\u00e9cnica &#8220;Nuestra Se\u00f1ora del Pilar&#8221; de Fe y Alegr\u00eda en Cochabamba (Bolivia) y las Escuelas San Jos\u00e9- Jesuitas en Valencia (Espa\u00f1a) participaron en una experiencia de aprendizaje servicio global en la que, tras el planteamiento de un problema com\u00fan, ambos centros educativos deb\u00edan trabajar juntos para lograr una soluci\u00f3n colaborativa.&nbsp; Este proyecto vincul\u00f3 las realidades educativas escolares del Norte y del Sur para favorecer y generar redes de aprendizaje entre las comunidades educativas. &nbsp;<\/p>\n","protected":false},"featured_media":4414,"template":"","format":[112],"categories":[18],"tags":[],"cause":[128],"class_list":["post-4409","publicacion","type-publicacion","status-publish","has-post-thumbnail","hentry","category-estudios","cause-educacion","format-estudios-e-informes"],"acf":[],"yoast_head":"<!-- This site is optimized with the Yoast SEO Premium plugin v21.6 (Yoast SEO v27.5) - https:\/\/yoast.com\/product\/yoast-seo-premium-wordpress\/ -->\n<title>Aprendizaje servicio global entre Bolivia y Espa\u00f1a - Entreculturas<\/title>\n<meta name=\"robots\" content=\"index, follow, max-snippet:-1, max-image-preview:large, max-video-preview:-1\" \/>\n<link rel=\"canonical\" href=\"https:\/\/www.entreculturas.org\/en\/publicacion\/aprendizaje-servicio-global-entre-bolivia-y-espa\/\" \/>\n<meta property=\"og:locale\" content=\"en_US\" \/>\n<meta property=\"og:type\" content=\"article\" \/>\n<meta property=\"og:title\" content=\"Aprendizaje servicio global entre Bolivia y Espa\u00f1a\" \/>\n<meta property=\"og:description\" content=\"Durante el curso escolar 2010-2011, profesorado, alumnas y alumnos de la Escuela T\u00e9cnica &#8220;Nuestra Se\u00f1ora del Pilar&#8221; de Fe y Alegr\u00eda en Cochabamba (Bolivia) y las Escuelas San Jos\u00e9- Jesuitas en Valencia (Espa\u00f1a) participaron en una experiencia de aprendizaje servicio global en la que, tras el planteamiento de un problema com\u00fan, ambos centros educativos deb\u00edan trabajar juntos para lograr una soluci\u00f3n colaborativa.&nbsp; Este proyecto vincul\u00f3 las realidades educativas escolares del Norte y del Sur para favorecer y generar redes de aprendizaje entre las comunidades educativas. &nbsp;\" \/>\n<meta property=\"og:url\" content=\"https:\/\/www.entreculturas.org\/en\/publicacion\/aprendizaje-servicio-global-entre-bolivia-y-espa\/\" \/>\n<meta property=\"og:site_name\" content=\"Entreculturas\" \/>\n<meta property=\"article:publisher\" content=\"https:\/\/www.facebook.com\/entreculturas\" \/>\n<meta property=\"article:modified_time\" content=\"2023-12-10T00:05:32+00:00\" \/>\n<meta property=\"og:image\" content=\"https:\/\/www.entreculturas.org\/wp-content\/uploads\/2015\/05\/untitled-1_23.jpg\" \/>\n\t<meta property=\"og:image:width\" content=\"500\" \/>\n\t<meta property=\"og:image:height\" content=\"338\" \/>\n\t<meta property=\"og:image:type\" content=\"image\/jpeg\" \/>\n<meta name=\"twitter:card\" content=\"summary_large_image\" \/>\n<meta name=\"twitter:site\" content=\"@Entreculturas\" \/>\n<script type=\"application\/ld+json\" class=\"yoast-schema-graph\">{\"@context\":\"https:\\\/\\\/schema.org\",\"@graph\":[{\"@type\":\"WebPage\",\"@id\":\"https:\\\/\\\/www.entreculturas.org\\\/en\\\/publicacion\\\/aprendizaje-servicio-global-entre-bolivia-y-espa\\\/\",\"url\":\"https:\\\/\\\/www.entreculturas.org\\\/en\\\/publicacion\\\/aprendizaje-servicio-global-entre-bolivia-y-espa\\\/\",\"name\":\"Aprendizaje servicio global entre Bolivia y Espa\u00f1a - Entreculturas\",\"isPartOf\":{\"@id\":\"https:\\\/\\\/www.entreculturas.org\\\/en\\\/#website\"},\"primaryImageOfPage\":{\"@id\":\"https:\\\/\\\/www.entreculturas.org\\\/en\\\/publicacion\\\/aprendizaje-servicio-global-entre-bolivia-y-espa\\\/#primaryimage\"},\"image\":{\"@id\":\"https:\\\/\\\/www.entreculturas.org\\\/en\\\/publicacion\\\/aprendizaje-servicio-global-entre-bolivia-y-espa\\\/#primaryimage\"},\"thumbnailUrl\":\"https:\\\/\\\/www.entreculturas.org\\\/wp-content\\\/uploads\\\/2015\\\/05\\\/untitled-1_23.jpg\",\"datePublished\":\"2015-05-29T11:10:21+00:00\",\"dateModified\":\"2023-12-10T00:05:32+00:00\",\"breadcrumb\":{\"@id\":\"https:\\\/\\\/www.entreculturas.org\\\/en\\\/publicacion\\\/aprendizaje-servicio-global-entre-bolivia-y-espa\\\/#breadcrumb\"},\"inLanguage\":\"en-US\",\"potentialAction\":[{\"@type\":\"ReadAction\",\"target\":[\"https:\\\/\\\/www.entreculturas.org\\\/en\\\/publicacion\\\/aprendizaje-servicio-global-entre-bolivia-y-espa\\\/\"]}]},{\"@type\":\"ImageObject\",\"inLanguage\":\"en-US\",\"@id\":\"https:\\\/\\\/www.entreculturas.org\\\/en\\\/publicacion\\\/aprendizaje-servicio-global-entre-bolivia-y-espa\\\/#primaryimage\",\"url\":\"https:\\\/\\\/www.entreculturas.org\\\/wp-content\\\/uploads\\\/2015\\\/05\\\/untitled-1_23.jpg\",\"contentUrl\":\"https:\\\/\\\/www.entreculturas.org\\\/wp-content\\\/uploads\\\/2015\\\/05\\\/untitled-1_23.jpg\",\"width\":500,\"height\":338,\"caption\":\"untitled-1_23\"},{\"@type\":\"BreadcrumbList\",\"@id\":\"https:\\\/\\\/www.entreculturas.org\\\/en\\\/publicacion\\\/aprendizaje-servicio-global-entre-bolivia-y-espa\\\/#breadcrumb\",\"itemListElement\":[{\"@type\":\"ListItem\",\"position\":1,\"name\":\"Home\",\"item\":\"https:\\\/\\\/www.entreculturas.org\\\/en\\\/\"},{\"@type\":\"ListItem\",\"position\":2,\"name\":\"Publicaciones\",\"item\":\"https:\\\/\\\/www.entreculturas.org\\\/en\\\/publicaciones\\\/\"},{\"@type\":\"ListItem\",\"position\":3,\"name\":\"Aprendizaje servicio global entre Bolivia y Espa\u00f1a\"}]},{\"@type\":\"WebSite\",\"@id\":\"https:\\\/\\\/www.entreculturas.org\\\/en\\\/#website\",\"url\":\"https:\\\/\\\/www.entreculturas.org\\\/en\\\/\",\"name\":\"Entreculturas\",\"description\":\"\",\"publisher\":{\"@id\":\"https:\\\/\\\/www.entreculturas.org\\\/en\\\/#organization\"},\"alternateName\":\"Entreculturas\",\"potentialAction\":[{\"@type\":\"SearchAction\",\"target\":{\"@type\":\"EntryPoint\",\"urlTemplate\":\"https:\\\/\\\/www.entreculturas.org\\\/en\\\/?s={search_term_string}\"},\"query-input\":{\"@type\":\"PropertyValueSpecification\",\"valueRequired\":true,\"valueName\":\"search_term_string\"}}],\"inLanguage\":\"en-US\"},{\"@type\":\"Organization\",\"@id\":\"https:\\\/\\\/www.entreculturas.org\\\/en\\\/#organization\",\"name\":\"Entreculturas\",\"url\":\"https:\\\/\\\/www.entreculturas.org\\\/en\\\/\",\"logo\":{\"@type\":\"ImageObject\",\"inLanguage\":\"en-US\",\"@id\":\"https:\\\/\\\/www.entreculturas.org\\\/en\\\/#\\\/schema\\\/logo\\\/image\\\/\",\"url\":\"https:\\\/\\\/www.entreculturas.org\\\/wp-content\\\/uploads\\\/2025\\\/10\\\/ESP.svg\",\"contentUrl\":\"https:\\\/\\\/www.entreculturas.org\\\/wp-content\\\/uploads\\\/2025\\\/10\\\/ESP.svg\",\"caption\":\"Entreculturas\"},\"image\":{\"@id\":\"https:\\\/\\\/www.entreculturas.org\\\/en\\\/#\\\/schema\\\/logo\\\/image\\\/\"},\"sameAs\":[\"https:\\\/\\\/www.facebook.com\\\/entreculturas\",\"https:\\\/\\\/x.com\\\/Entreculturas\",\"https:\\\/\\\/www.instagram.com\\\/entreculturas\\\/\",\"https:\\\/\\\/www.youtube.com\\\/user\\\/entreculturasvideo\",\"https:\\\/\\\/www.linkedin.com\\\/company\\\/fundacion-entreculturas-ngdo\\\/\",\"https:\\\/\\\/www.flickr.com\\\/photos\\\/98455522@N04\\\/albums\\\/\"]}]}<\/script>\n<!-- \/ Yoast SEO Premium plugin. -->","yoast_head_json":{"title":"Aprendizaje servicio global entre Bolivia y Espa\u00f1a - Entreculturas","robots":{"index":"index","follow":"follow","max-snippet":"max-snippet:-1","max-image-preview":"max-image-preview:large","max-video-preview":"max-video-preview:-1"},"canonical":"https:\/\/www.entreculturas.org\/en\/publicacion\/aprendizaje-servicio-global-entre-bolivia-y-espa\/","og_locale":"en_US","og_type":"article","og_title":"Aprendizaje servicio global entre Bolivia y Espa\u00f1a","og_description":"Durante el curso escolar 2010-2011, profesorado, alumnas y alumnos de la Escuela T\u00e9cnica &#8220;Nuestra Se\u00f1ora del Pilar&#8221; de Fe y Alegr\u00eda en Cochabamba (Bolivia) y las Escuelas San Jos\u00e9- Jesuitas en Valencia (Espa\u00f1a) participaron en una experiencia de aprendizaje servicio global en la que, tras el planteamiento de un problema com\u00fan, ambos centros educativos deb\u00edan trabajar juntos para lograr una soluci\u00f3n colaborativa.&nbsp; Este proyecto vincul\u00f3 las realidades educativas escolares del Norte y del Sur para favorecer y generar redes de aprendizaje entre las comunidades educativas. &nbsp;","og_url":"https:\/\/www.entreculturas.org\/en\/publicacion\/aprendizaje-servicio-global-entre-bolivia-y-espa\/","og_site_name":"Entreculturas","article_publisher":"https:\/\/www.facebook.com\/entreculturas","article_modified_time":"2023-12-10T00:05:32+00:00","og_image":[{"width":500,"height":338,"url":"https:\/\/www.entreculturas.org\/wp-content\/uploads\/2015\/05\/untitled-1_23.jpg","type":"image\/jpeg"}],"twitter_card":"summary_large_image","twitter_site":"@Entreculturas","schema":{"@context":"https:\/\/schema.org","@graph":[{"@type":"WebPage","@id":"https:\/\/www.entreculturas.org\/en\/publicacion\/aprendizaje-servicio-global-entre-bolivia-y-espa\/","url":"https:\/\/www.entreculturas.org\/en\/publicacion\/aprendizaje-servicio-global-entre-bolivia-y-espa\/","name":"Aprendizaje servicio global entre Bolivia y Espa\u00f1a - Entreculturas","isPartOf":{"@id":"https:\/\/www.entreculturas.org\/en\/#website"},"primaryImageOfPage":{"@id":"https:\/\/www.entreculturas.org\/en\/publicacion\/aprendizaje-servicio-global-entre-bolivia-y-espa\/#primaryimage"},"image":{"@id":"https:\/\/www.entreculturas.org\/en\/publicacion\/aprendizaje-servicio-global-entre-bolivia-y-espa\/#primaryimage"},"thumbnailUrl":"https:\/\/www.entreculturas.org\/wp-content\/uploads\/2015\/05\/untitled-1_23.jpg","datePublished":"2015-05-29T11:10:21+00:00","dateModified":"2023-12-10T00:05:32+00:00","breadcrumb":{"@id":"https:\/\/www.entreculturas.org\/en\/publicacion\/aprendizaje-servicio-global-entre-bolivia-y-espa\/#breadcrumb"},"inLanguage":"en-US","potentialAction":[{"@type":"ReadAction","target":["https:\/\/www.entreculturas.org\/en\/publicacion\/aprendizaje-servicio-global-entre-bolivia-y-espa\/"]}]},{"@type":"ImageObject","inLanguage":"en-US","@id":"https:\/\/www.entreculturas.org\/en\/publicacion\/aprendizaje-servicio-global-entre-bolivia-y-espa\/#primaryimage","url":"https:\/\/www.entreculturas.org\/wp-content\/uploads\/2015\/05\/untitled-1_23.jpg","contentUrl":"https:\/\/www.entreculturas.org\/wp-content\/uploads\/2015\/05\/untitled-1_23.jpg","width":500,"height":338,"caption":"untitled-1_23"},{"@type":"BreadcrumbList","@id":"https:\/\/www.entreculturas.org\/en\/publicacion\/aprendizaje-servicio-global-entre-bolivia-y-espa\/#breadcrumb","itemListElement":[{"@type":"ListItem","position":1,"name":"Home","item":"https:\/\/www.entreculturas.org\/en\/"},{"@type":"ListItem","position":2,"name":"Publicaciones","item":"https:\/\/www.entreculturas.org\/en\/publicaciones\/"},{"@type":"ListItem","position":3,"name":"Aprendizaje servicio global entre Bolivia y Espa\u00f1a"}]},{"@type":"WebSite","@id":"https:\/\/www.entreculturas.org\/en\/#website","url":"https:\/\/www.entreculturas.org\/en\/","name":"Entreculturas","description":"","publisher":{"@id":"https:\/\/www.entreculturas.org\/en\/#organization"},"alternateName":"Entreculturas","potentialAction":[{"@type":"SearchAction","target":{"@type":"EntryPoint","urlTemplate":"https:\/\/www.entreculturas.org\/en\/?s={search_term_string}"},"query-input":{"@type":"PropertyValueSpecification","valueRequired":true,"valueName":"search_term_string"}}],"inLanguage":"en-US"},{"@type":"Organization","@id":"https:\/\/www.entreculturas.org\/en\/#organization","name":"Entreculturas","url":"https:\/\/www.entreculturas.org\/en\/","logo":{"@type":"ImageObject","inLanguage":"en-US","@id":"https:\/\/www.entreculturas.org\/en\/#\/schema\/logo\/image\/","url":"https:\/\/www.entreculturas.org\/wp-content\/uploads\/2025\/10\/ESP.svg","contentUrl":"https:\/\/www.entreculturas.org\/wp-content\/uploads\/2025\/10\/ESP.svg","caption":"Entreculturas"},"image":{"@id":"https:\/\/www.entreculturas.org\/en\/#\/schema\/logo\/image\/"},"sameAs":["https:\/\/www.facebook.com\/entreculturas","https:\/\/x.com\/Entreculturas","https:\/\/www.instagram.com\/entreculturas\/","https:\/\/www.youtube.com\/user\/entreculturasvideo","https:\/\/www.linkedin.com\/company\/fundacion-entreculturas-ngdo\/","https:\/\/www.flickr.com\/photos\/98455522@N04\/albums\/"]}]}},"_links":{"self":[{"href":"https:\/\/www.entreculturas.org\/en\/wp-json\/wp\/v2\/publicacion\/4409","targetHints":{"allow":["GET"]}}],"collection":[{"href":"https:\/\/www.entreculturas.org\/en\/wp-json\/wp\/v2\/publicacion"}],"about":[{"href":"https:\/\/www.entreculturas.org\/en\/wp-json\/wp\/v2\/types\/publicacion"}],"wp:featuredmedia":[{"embeddable":true,"href":"https:\/\/www.entreculturas.org\/en\/wp-json\/wp\/v2\/media\/4414"}],"wp:attachment":[{"href":"https:\/\/www.entreculturas.org\/en\/wp-json\/wp\/v2\/media?parent=4409"}],"wp:term":[{"taxonomy":"category","embeddable":true,"href":"https:\/\/www.entreculturas.org\/en\/wp-json\/wp\/v2\/categories?post=4409"},{"taxonomy":"post_tag","embeddable":true,"href":"https:\/\/www.entreculturas.org\/en\/wp-json\/wp\/v2\/tags?post=4409"},{"taxonomy":"cause","embeddable":true,"href":"https:\/\/www.entreculturas.org\/en\/wp-json\/wp\/v2\/cause?post=4409"},{"taxonomy":"format","embeddable":true,"href":"https:\/\/www.entreculturas.org\/en\/wp-json\/wp\/v2\/format?post=4409"}],"curies":[{"name":"wp","href":"https:\/\/api.w.org\/{rel}","templated":true}]}}