{"id":3819,"date":"2011-12-01T12:09:00","date_gmt":"2011-12-01T11:09:00","guid":{"rendered":"https:\/\/entreculturasi.wpenginepowered.com\/?publicaciones=revista44"},"modified":"2024-07-29T13:48:16","modified_gmt":"2024-07-29T11:48:16","slug":"revista44","status":"publish","type":"publicacion","link":"https:\/\/www.entreculturas.org\/en\/publicacion\/revista44\/","title":{"rendered":"Revista Entreculturas n\u00ba44"},"content":{"rendered":"\n<p>En este n\u00famero de Navidad queremos compartir un mensaje de esperanza con todos nuestros lectores: la educaci\u00f3n es luz. Y animarles, de este modo, a colaborar con Entreculturas para iluminar el futuro de miles de ni\u00f1os y ni\u00f1as en todo el mundo. Como ejemplo, nuestro trabajo por mejorar la realidad de las personas refugiadas del Cuerno de \u00c1frica mediante la labor educativa en los campos del Servicio Jesuita a Refugiados (JRS) y la apuesta por hacer de las y los j\u00f3venes ecuatorianos unos emprendedores capaces de liderar su propio destino.Todo ello reservando tambi\u00e9n un espacio muy especial al voluntariado, atendiendo al 20\u00ba aniversario de nuestro programa VOLPA y a la celebraci\u00f3n del A\u00f1o Europeo del Voluntariado. \u00a1Feliz Navidad!&nbsp;<\/p>\n\n\n\n<p><\/p>\n\n\n\n<div class=\"wp-block-buttons is-layout-flex wp-block-buttons-is-layout-flex\">\n<div class=\"wp-block-button\"><a class=\"wp-block-button__link wp-element-button\" href=\"https:\/\/www.entreculturas.org\/wp-content\/uploads\/2024\/07\/boletin-44.pdf\">DESCARGAR<\/a><\/div>\n<\/div>\n","protected":false},"excerpt":{"rendered":"<p>En este n\u00famero de Navidad queremos compartir un mensaje de esperanza con todos nuestros lectores: la educaci\u00f3n es luz. Y animarles, de este modo, a colaborar con Entreculturas para iluminar el futuro de miles de ni\u00f1os y ni\u00f1as en todo el mundo. Como ejemplo, nuestro trabajo por mejorar la realidad de las personas refugiadas del Cuerno de \u00c1frica mediante la labor educativa en los campos del Servicio Jesuita a Refugiados (JRS) y la apuesta por hacer de las y los j\u00f3venes ecuatorianos unos emprendedores capaces de liderar su propio destino.Todo ello reservando tambi\u00e9n un espacio muy especial al voluntariado, atendiendo al 20\u00ba aniversario de nuestro programa VOLPA y a la celebraci\u00f3n del A\u00f1o Europeo del Voluntariado. \u00a1Feliz Navidad!<\/p>\n","protected":false},"featured_media":3816,"template":"","format":[111],"categories":[11],"tags":[185],"cause":[],"class_list":["post-3819","publicacion","type-publicacion","status-publish","has-post-thumbnail","hentry","category-revista-trimestral","tag-entreculturas","format-revista-trimestral"],"acf":[],"yoast_head":"<!-- This site is optimized with the Yoast SEO Premium plugin v21.6 (Yoast SEO v27.5) - https:\/\/yoast.com\/product\/yoast-seo-premium-wordpress\/ -->\n<title>Revista Entreculturas n\u00ba44 - Entreculturas<\/title>\n<meta name=\"robots\" content=\"index, follow, max-snippet:-1, max-image-preview:large, max-video-preview:-1\" \/>\n<link rel=\"canonical\" href=\"https:\/\/www.entreculturas.org\/en\/publicacion\/revista44\/\" \/>\n<meta property=\"og:locale\" content=\"en_US\" \/>\n<meta property=\"og:type\" content=\"article\" \/>\n<meta property=\"og:title\" content=\"Revista Entreculturas n\u00ba44\" \/>\n<meta property=\"og:description\" content=\"En este n\u00famero de Navidad queremos compartir un mensaje de esperanza con todos nuestros lectores: la educaci\u00f3n es luz. Y animarles, de este modo, a colaborar con Entreculturas para iluminar el futuro de miles de ni\u00f1os y ni\u00f1as en todo el mundo. Como ejemplo, nuestro trabajo por mejorar la realidad de las personas refugiadas del Cuerno de \u00c1frica mediante la labor educativa en los campos del Servicio Jesuita a Refugiados (JRS) y la apuesta por hacer de las y los j\u00f3venes ecuatorianos unos emprendedores capaces de liderar su propio destino.Todo ello reservando tambi\u00e9n un espacio muy especial al voluntariado, atendiendo al 20\u00ba aniversario de nuestro programa VOLPA y a la celebraci\u00f3n del A\u00f1o Europeo del Voluntariado. \u00a1Feliz Navidad!\" \/>\n<meta property=\"og:url\" content=\"https:\/\/www.entreculturas.org\/en\/publicacion\/revista44\/\" \/>\n<meta property=\"og:site_name\" content=\"Entreculturas\" \/>\n<meta property=\"article:publisher\" content=\"https:\/\/www.facebook.com\/entreculturas\" \/>\n<meta property=\"article:modified_time\" content=\"2024-07-29T11:48:16+00:00\" \/>\n<meta property=\"og:image\" content=\"https:\/\/www.entreculturas.org\/wp-content\/uploads\/2015\/05\/PortadaBoletin44.jpg\" \/>\n\t<meta property=\"og:image:width\" content=\"90\" \/>\n\t<meta property=\"og:image:height\" content=\"125\" \/>\n\t<meta property=\"og:image:type\" content=\"image\/jpeg\" \/>\n<meta name=\"twitter:card\" content=\"summary_large_image\" \/>\n<meta name=\"twitter:site\" content=\"@Entreculturas\" \/>\n<script type=\"application\/ld+json\" class=\"yoast-schema-graph\">{\"@context\":\"https:\\\/\\\/schema.org\",\"@graph\":[{\"@type\":\"WebPage\",\"@id\":\"https:\\\/\\\/www.entreculturas.org\\\/en\\\/publicacion\\\/revista44\\\/\",\"url\":\"https:\\\/\\\/www.entreculturas.org\\\/en\\\/publicacion\\\/revista44\\\/\",\"name\":\"Revista Entreculturas n\u00ba44 - Entreculturas\",\"isPartOf\":{\"@id\":\"https:\\\/\\\/www.entreculturas.org\\\/en\\\/#website\"},\"primaryImageOfPage\":{\"@id\":\"https:\\\/\\\/www.entreculturas.org\\\/en\\\/publicacion\\\/revista44\\\/#primaryimage\"},\"image\":{\"@id\":\"https:\\\/\\\/www.entreculturas.org\\\/en\\\/publicacion\\\/revista44\\\/#primaryimage\"},\"thumbnailUrl\":\"https:\\\/\\\/www.entreculturas.org\\\/wp-content\\\/uploads\\\/2015\\\/05\\\/PortadaBoletin44.jpg\",\"datePublished\":\"2011-12-01T11:09:00+00:00\",\"dateModified\":\"2024-07-29T11:48:16+00:00\",\"breadcrumb\":{\"@id\":\"https:\\\/\\\/www.entreculturas.org\\\/en\\\/publicacion\\\/revista44\\\/#breadcrumb\"},\"inLanguage\":\"en-US\",\"potentialAction\":[{\"@type\":\"ReadAction\",\"target\":[\"https:\\\/\\\/www.entreculturas.org\\\/en\\\/publicacion\\\/revista44\\\/\"]}]},{\"@type\":\"ImageObject\",\"inLanguage\":\"en-US\",\"@id\":\"https:\\\/\\\/www.entreculturas.org\\\/en\\\/publicacion\\\/revista44\\\/#primaryimage\",\"url\":\"https:\\\/\\\/www.entreculturas.org\\\/wp-content\\\/uploads\\\/2015\\\/05\\\/PortadaBoletin44.jpg\",\"contentUrl\":\"https:\\\/\\\/www.entreculturas.org\\\/wp-content\\\/uploads\\\/2015\\\/05\\\/PortadaBoletin44.jpg\",\"width\":90,\"height\":125},{\"@type\":\"BreadcrumbList\",\"@id\":\"https:\\\/\\\/www.entreculturas.org\\\/en\\\/publicacion\\\/revista44\\\/#breadcrumb\",\"itemListElement\":[{\"@type\":\"ListItem\",\"position\":1,\"name\":\"Home\",\"item\":\"https:\\\/\\\/www.entreculturas.org\\\/en\\\/\"},{\"@type\":\"ListItem\",\"position\":2,\"name\":\"Publicaciones\",\"item\":\"https:\\\/\\\/www.entreculturas.org\\\/en\\\/publicaciones\\\/\"},{\"@type\":\"ListItem\",\"position\":3,\"name\":\"Revista Entreculturas n\u00ba44\"}]},{\"@type\":\"WebSite\",\"@id\":\"https:\\\/\\\/www.entreculturas.org\\\/en\\\/#website\",\"url\":\"https:\\\/\\\/www.entreculturas.org\\\/en\\\/\",\"name\":\"Entreculturas\",\"description\":\"\",\"publisher\":{\"@id\":\"https:\\\/\\\/www.entreculturas.org\\\/en\\\/#organization\"},\"alternateName\":\"Entreculturas\",\"potentialAction\":[{\"@type\":\"SearchAction\",\"target\":{\"@type\":\"EntryPoint\",\"urlTemplate\":\"https:\\\/\\\/www.entreculturas.org\\\/en\\\/?s={search_term_string}\"},\"query-input\":{\"@type\":\"PropertyValueSpecification\",\"valueRequired\":true,\"valueName\":\"search_term_string\"}}],\"inLanguage\":\"en-US\"},{\"@type\":\"Organization\",\"@id\":\"https:\\\/\\\/www.entreculturas.org\\\/en\\\/#organization\",\"name\":\"Entreculturas\",\"url\":\"https:\\\/\\\/www.entreculturas.org\\\/en\\\/\",\"logo\":{\"@type\":\"ImageObject\",\"inLanguage\":\"en-US\",\"@id\":\"https:\\\/\\\/www.entreculturas.org\\\/en\\\/#\\\/schema\\\/logo\\\/image\\\/\",\"url\":\"https:\\\/\\\/www.entreculturas.org\\\/wp-content\\\/uploads\\\/2025\\\/10\\\/ESP.svg\",\"contentUrl\":\"https:\\\/\\\/www.entreculturas.org\\\/wp-content\\\/uploads\\\/2025\\\/10\\\/ESP.svg\",\"caption\":\"Entreculturas\"},\"image\":{\"@id\":\"https:\\\/\\\/www.entreculturas.org\\\/en\\\/#\\\/schema\\\/logo\\\/image\\\/\"},\"sameAs\":[\"https:\\\/\\\/www.facebook.com\\\/entreculturas\",\"https:\\\/\\\/x.com\\\/Entreculturas\",\"https:\\\/\\\/www.instagram.com\\\/entreculturas\\\/\",\"https:\\\/\\\/www.youtube.com\\\/user\\\/entreculturasvideo\",\"https:\\\/\\\/www.linkedin.com\\\/company\\\/fundacion-entreculturas-ngdo\\\/\",\"https:\\\/\\\/www.flickr.com\\\/photos\\\/98455522@N04\\\/albums\\\/\"]}]}<\/script>\n<!-- \/ Yoast SEO Premium plugin. -->","yoast_head_json":{"title":"Revista Entreculturas n\u00ba44 - Entreculturas","robots":{"index":"index","follow":"follow","max-snippet":"max-snippet:-1","max-image-preview":"max-image-preview:large","max-video-preview":"max-video-preview:-1"},"canonical":"https:\/\/www.entreculturas.org\/en\/publicacion\/revista44\/","og_locale":"en_US","og_type":"article","og_title":"Revista Entreculturas n\u00ba44","og_description":"En este n\u00famero de Navidad queremos compartir un mensaje de esperanza con todos nuestros lectores: la educaci\u00f3n es luz. Y animarles, de este modo, a colaborar con Entreculturas para iluminar el futuro de miles de ni\u00f1os y ni\u00f1as en todo el mundo. Como ejemplo, nuestro trabajo por mejorar la realidad de las personas refugiadas del Cuerno de \u00c1frica mediante la labor educativa en los campos del Servicio Jesuita a Refugiados (JRS) y la apuesta por hacer de las y los j\u00f3venes ecuatorianos unos emprendedores capaces de liderar su propio destino.Todo ello reservando tambi\u00e9n un espacio muy especial al voluntariado, atendiendo al 20\u00ba aniversario de nuestro programa VOLPA y a la celebraci\u00f3n del A\u00f1o Europeo del Voluntariado. \u00a1Feliz Navidad!","og_url":"https:\/\/www.entreculturas.org\/en\/publicacion\/revista44\/","og_site_name":"Entreculturas","article_publisher":"https:\/\/www.facebook.com\/entreculturas","article_modified_time":"2024-07-29T11:48:16+00:00","og_image":[{"width":90,"height":125,"url":"https:\/\/www.entreculturas.org\/wp-content\/uploads\/2015\/05\/PortadaBoletin44.jpg","type":"image\/jpeg"}],"twitter_card":"summary_large_image","twitter_site":"@Entreculturas","schema":{"@context":"https:\/\/schema.org","@graph":[{"@type":"WebPage","@id":"https:\/\/www.entreculturas.org\/en\/publicacion\/revista44\/","url":"https:\/\/www.entreculturas.org\/en\/publicacion\/revista44\/","name":"Revista Entreculturas n\u00ba44 - Entreculturas","isPartOf":{"@id":"https:\/\/www.entreculturas.org\/en\/#website"},"primaryImageOfPage":{"@id":"https:\/\/www.entreculturas.org\/en\/publicacion\/revista44\/#primaryimage"},"image":{"@id":"https:\/\/www.entreculturas.org\/en\/publicacion\/revista44\/#primaryimage"},"thumbnailUrl":"https:\/\/www.entreculturas.org\/wp-content\/uploads\/2015\/05\/PortadaBoletin44.jpg","datePublished":"2011-12-01T11:09:00+00:00","dateModified":"2024-07-29T11:48:16+00:00","breadcrumb":{"@id":"https:\/\/www.entreculturas.org\/en\/publicacion\/revista44\/#breadcrumb"},"inLanguage":"en-US","potentialAction":[{"@type":"ReadAction","target":["https:\/\/www.entreculturas.org\/en\/publicacion\/revista44\/"]}]},{"@type":"ImageObject","inLanguage":"en-US","@id":"https:\/\/www.entreculturas.org\/en\/publicacion\/revista44\/#primaryimage","url":"https:\/\/www.entreculturas.org\/wp-content\/uploads\/2015\/05\/PortadaBoletin44.jpg","contentUrl":"https:\/\/www.entreculturas.org\/wp-content\/uploads\/2015\/05\/PortadaBoletin44.jpg","width":90,"height":125},{"@type":"BreadcrumbList","@id":"https:\/\/www.entreculturas.org\/en\/publicacion\/revista44\/#breadcrumb","itemListElement":[{"@type":"ListItem","position":1,"name":"Home","item":"https:\/\/www.entreculturas.org\/en\/"},{"@type":"ListItem","position":2,"name":"Publicaciones","item":"https:\/\/www.entreculturas.org\/en\/publicaciones\/"},{"@type":"ListItem","position":3,"name":"Revista Entreculturas n\u00ba44"}]},{"@type":"WebSite","@id":"https:\/\/www.entreculturas.org\/en\/#website","url":"https:\/\/www.entreculturas.org\/en\/","name":"Entreculturas","description":"","publisher":{"@id":"https:\/\/www.entreculturas.org\/en\/#organization"},"alternateName":"Entreculturas","potentialAction":[{"@type":"SearchAction","target":{"@type":"EntryPoint","urlTemplate":"https:\/\/www.entreculturas.org\/en\/?s={search_term_string}"},"query-input":{"@type":"PropertyValueSpecification","valueRequired":true,"valueName":"search_term_string"}}],"inLanguage":"en-US"},{"@type":"Organization","@id":"https:\/\/www.entreculturas.org\/en\/#organization","name":"Entreculturas","url":"https:\/\/www.entreculturas.org\/en\/","logo":{"@type":"ImageObject","inLanguage":"en-US","@id":"https:\/\/www.entreculturas.org\/en\/#\/schema\/logo\/image\/","url":"https:\/\/www.entreculturas.org\/wp-content\/uploads\/2025\/10\/ESP.svg","contentUrl":"https:\/\/www.entreculturas.org\/wp-content\/uploads\/2025\/10\/ESP.svg","caption":"Entreculturas"},"image":{"@id":"https:\/\/www.entreculturas.org\/en\/#\/schema\/logo\/image\/"},"sameAs":["https:\/\/www.facebook.com\/entreculturas","https:\/\/x.com\/Entreculturas","https:\/\/www.instagram.com\/entreculturas\/","https:\/\/www.youtube.com\/user\/entreculturasvideo","https:\/\/www.linkedin.com\/company\/fundacion-entreculturas-ngdo\/","https:\/\/www.flickr.com\/photos\/98455522@N04\/albums\/"]}]}},"_links":{"self":[{"href":"https:\/\/www.entreculturas.org\/en\/wp-json\/wp\/v2\/publicacion\/3819","targetHints":{"allow":["GET"]}}],"collection":[{"href":"https:\/\/www.entreculturas.org\/en\/wp-json\/wp\/v2\/publicacion"}],"about":[{"href":"https:\/\/www.entreculturas.org\/en\/wp-json\/wp\/v2\/types\/publicacion"}],"wp:featuredmedia":[{"embeddable":true,"href":"https:\/\/www.entreculturas.org\/en\/wp-json\/wp\/v2\/media\/3816"}],"wp:attachment":[{"href":"https:\/\/www.entreculturas.org\/en\/wp-json\/wp\/v2\/media?parent=3819"}],"wp:term":[{"taxonomy":"category","embeddable":true,"href":"https:\/\/www.entreculturas.org\/en\/wp-json\/wp\/v2\/categories?post=3819"},{"taxonomy":"post_tag","embeddable":true,"href":"https:\/\/www.entreculturas.org\/en\/wp-json\/wp\/v2\/tags?post=3819"},{"taxonomy":"cause","embeddable":true,"href":"https:\/\/www.entreculturas.org\/en\/wp-json\/wp\/v2\/cause?post=3819"},{"taxonomy":"format","embeddable":true,"href":"https:\/\/www.entreculturas.org\/en\/wp-json\/wp\/v2\/format?post=3819"}],"curies":[{"name":"wp","href":"https:\/\/api.w.org\/{rel}","templated":true}]}}