{"id":3605,"date":"2010-05-27T12:09:53","date_gmt":"2010-05-27T12:09:53","guid":{"rendered":"https:\/\/entreculturasi.wpenginepowered.com\/?publicaciones=educacion_en_tiempo_de_espera"},"modified":"2024-03-20T12:43:33","modified_gmt":"2024-03-20T11:43:33","slug":"educacion_en_tiempo_de_espera","status":"publish","type":"publicacion","link":"https:\/\/www.entreculturas.org\/en\/publicacion\/educacion_en_tiempo_de_espera\/","title":{"rendered":"Educaci\u00f3n en tiempo de espera"},"content":{"rendered":"<p><span style=\"line-height:1.5em\">Desde la Fundaci\u00f3n Entreculturas y el Servicio Jesuita a Refugiados (SJR o JRS en sus siglas en ingl\u00e9s) se ha querido publicar este informe titulado <\/span><strong style=\"line-height:1.5em\">Educaci\u00f3n en tiempo de espera. Un derecho vulnerado para millones de personas refugiadas y desplazadas<\/strong><span style=\"line-height:1.5em\">, con el objetivo de dar voz a las poblaciones refugiadas y aproximarnos a las experiencias que viven. La Fundaci\u00f3n Entreculturas tiene como misi\u00f3n optar por la solidaridad hacia los m\u00e1s desfavorecidos y promover la educaci\u00f3n como instrumento de cambio social y promoci\u00f3n de la justicia. Desde sus inicios ha tomado conciencia de la vulnerabilidad de las poblaciones desplazadas y ha asumido el trabajo del SJR como referencia en los servicios de asistencia a estas poblaciones.<\/span><\/p>\n<p>&nbsp;<\/p>\n\n\n<div class=\"wp-block-buttons is-layout-flex wp-block-buttons-is-layout-flex\">\n<div class=\"wp-block-button\"><a class=\"wp-block-button__link wp-element-button\" href=\"https:\/\/www.entreculturas.org\/wp-content\/uploads\/2015\/05\/educacionentiempodeespera.pdf\" target=\"_blank\" rel=\"noreferrer noopener\">descargar<\/a><\/div>\n<\/div>\n","protected":false},"excerpt":{"rendered":"<p>Desde la Fundaci\u00f3n Entreculturas y el Servicio Jesuita a Refugiados (SJR o JRS en sus siglas en ingl\u00e9s) se ha querido publicar este informe titulado Educaci\u00f3n en tiempo de espera. Un derecho vulnerado para millones de personas refugiadas y desplazadas, con el objetivo de dar voz a las poblaciones refugiadas y aproximarnos a las experiencias que viven. La Fundaci\u00f3n Entreculturas tiene como misi\u00f3n optar por la solidaridad hacia los m\u00e1s desfavorecidos y promover la educaci\u00f3n como instrumento de cambio social y promoci\u00f3n de la justicia. Desde sus inicios ha tomado conciencia de la vulnerabilidad de las poblaciones desplazadas y ha asumido el trabajo del SJR como referencia en los servicios de asistencia a estas poblaciones. &nbsp;<\/p>\n","protected":false},"featured_media":3607,"template":"","format":[112],"categories":[18],"tags":[289],"cause":[128],"class_list":["post-3605","publicacion","type-publicacion","status-publish","has-post-thumbnail","hentry","category-estudios","tag-educacion","cause-educacion","format-estudios-e-informes"],"acf":[],"yoast_head":"<!-- This site is optimized with the Yoast SEO Premium plugin v21.6 (Yoast SEO v27.5) - https:\/\/yoast.com\/product\/yoast-seo-premium-wordpress\/ -->\n<title>Educaci\u00f3n en tiempo de espera - Entreculturas<\/title>\n<meta name=\"robots\" content=\"index, follow, max-snippet:-1, max-image-preview:large, max-video-preview:-1\" \/>\n<link rel=\"canonical\" href=\"https:\/\/www.entreculturas.org\/en\/publicacion\/educacion_en_tiempo_de_espera\/\" \/>\n<meta property=\"og:locale\" content=\"en_US\" \/>\n<meta property=\"og:type\" content=\"article\" \/>\n<meta property=\"og:title\" content=\"Educaci\u00f3n en tiempo de espera\" \/>\n<meta property=\"og:description\" content=\"Desde la Fundaci\u00f3n Entreculturas y el Servicio Jesuita a Refugiados (SJR o JRS en sus siglas en ingl\u00e9s) se ha querido publicar este informe titulado Educaci\u00f3n en tiempo de espera. Un derecho vulnerado para millones de personas refugiadas y desplazadas, con el objetivo de dar voz a las poblaciones refugiadas y aproximarnos a las experiencias que viven. La Fundaci\u00f3n Entreculturas tiene como misi\u00f3n optar por la solidaridad hacia los m\u00e1s desfavorecidos y promover la educaci\u00f3n como instrumento de cambio social y promoci\u00f3n de la justicia. Desde sus inicios ha tomado conciencia de la vulnerabilidad de las poblaciones desplazadas y ha asumido el trabajo del SJR como referencia en los servicios de asistencia a estas poblaciones. &nbsp;\" \/>\n<meta property=\"og:url\" content=\"https:\/\/www.entreculturas.org\/en\/publicacion\/educacion_en_tiempo_de_espera\/\" \/>\n<meta property=\"og:site_name\" content=\"Entreculturas\" \/>\n<meta property=\"article:publisher\" content=\"https:\/\/www.facebook.com\/entreculturas\" \/>\n<meta property=\"article:modified_time\" content=\"2024-03-20T11:43:33+00:00\" \/>\n<meta property=\"og:image\" content=\"https:\/\/www.entreculturas.org\/wp-content\/uploads\/2015\/05\/captura_de_pantalla_2015-05-31_09.27.31.png\" \/>\n\t<meta property=\"og:image:width\" content=\"320\" \/>\n\t<meta property=\"og:image:height\" content=\"458\" \/>\n\t<meta property=\"og:image:type\" content=\"image\/png\" \/>\n<meta name=\"twitter:card\" content=\"summary_large_image\" \/>\n<meta name=\"twitter:site\" content=\"@Entreculturas\" \/>\n<script type=\"application\/ld+json\" class=\"yoast-schema-graph\">{\"@context\":\"https:\\\/\\\/schema.org\",\"@graph\":[{\"@type\":\"WebPage\",\"@id\":\"https:\\\/\\\/www.entreculturas.org\\\/en\\\/publicacion\\\/educacion_en_tiempo_de_espera\\\/\",\"url\":\"https:\\\/\\\/www.entreculturas.org\\\/en\\\/publicacion\\\/educacion_en_tiempo_de_espera\\\/\",\"name\":\"Educaci\u00f3n en tiempo de espera - Entreculturas\",\"isPartOf\":{\"@id\":\"https:\\\/\\\/www.entreculturas.org\\\/en\\\/#website\"},\"primaryImageOfPage\":{\"@id\":\"https:\\\/\\\/www.entreculturas.org\\\/en\\\/publicacion\\\/educacion_en_tiempo_de_espera\\\/#primaryimage\"},\"image\":{\"@id\":\"https:\\\/\\\/www.entreculturas.org\\\/en\\\/publicacion\\\/educacion_en_tiempo_de_espera\\\/#primaryimage\"},\"thumbnailUrl\":\"https:\\\/\\\/www.entreculturas.org\\\/wp-content\\\/uploads\\\/2015\\\/05\\\/captura_de_pantalla_2015-05-31_09.27.31.png\",\"datePublished\":\"2010-05-27T12:09:53+00:00\",\"dateModified\":\"2024-03-20T11:43:33+00:00\",\"breadcrumb\":{\"@id\":\"https:\\\/\\\/www.entreculturas.org\\\/en\\\/publicacion\\\/educacion_en_tiempo_de_espera\\\/#breadcrumb\"},\"inLanguage\":\"en-US\",\"potentialAction\":[{\"@type\":\"ReadAction\",\"target\":[\"https:\\\/\\\/www.entreculturas.org\\\/en\\\/publicacion\\\/educacion_en_tiempo_de_espera\\\/\"]}]},{\"@type\":\"ImageObject\",\"inLanguage\":\"en-US\",\"@id\":\"https:\\\/\\\/www.entreculturas.org\\\/en\\\/publicacion\\\/educacion_en_tiempo_de_espera\\\/#primaryimage\",\"url\":\"https:\\\/\\\/www.entreculturas.org\\\/wp-content\\\/uploads\\\/2015\\\/05\\\/captura_de_pantalla_2015-05-31_09.27.31.png\",\"contentUrl\":\"https:\\\/\\\/www.entreculturas.org\\\/wp-content\\\/uploads\\\/2015\\\/05\\\/captura_de_pantalla_2015-05-31_09.27.31.png\",\"width\":320,\"height\":458,\"caption\":\"captura_de_pantalla_2015-05-31_09\"},{\"@type\":\"BreadcrumbList\",\"@id\":\"https:\\\/\\\/www.entreculturas.org\\\/en\\\/publicacion\\\/educacion_en_tiempo_de_espera\\\/#breadcrumb\",\"itemListElement\":[{\"@type\":\"ListItem\",\"position\":1,\"name\":\"Home\",\"item\":\"https:\\\/\\\/www.entreculturas.org\\\/en\\\/\"},{\"@type\":\"ListItem\",\"position\":2,\"name\":\"Publicaciones\",\"item\":\"https:\\\/\\\/www.entreculturas.org\\\/en\\\/publicaciones\\\/\"},{\"@type\":\"ListItem\",\"position\":3,\"name\":\"Educaci\u00f3n en tiempo de espera\"}]},{\"@type\":\"WebSite\",\"@id\":\"https:\\\/\\\/www.entreculturas.org\\\/en\\\/#website\",\"url\":\"https:\\\/\\\/www.entreculturas.org\\\/en\\\/\",\"name\":\"Entreculturas\",\"description\":\"\",\"publisher\":{\"@id\":\"https:\\\/\\\/www.entreculturas.org\\\/en\\\/#organization\"},\"alternateName\":\"Entreculturas\",\"potentialAction\":[{\"@type\":\"SearchAction\",\"target\":{\"@type\":\"EntryPoint\",\"urlTemplate\":\"https:\\\/\\\/www.entreculturas.org\\\/en\\\/?s={search_term_string}\"},\"query-input\":{\"@type\":\"PropertyValueSpecification\",\"valueRequired\":true,\"valueName\":\"search_term_string\"}}],\"inLanguage\":\"en-US\"},{\"@type\":\"Organization\",\"@id\":\"https:\\\/\\\/www.entreculturas.org\\\/en\\\/#organization\",\"name\":\"Entreculturas\",\"url\":\"https:\\\/\\\/www.entreculturas.org\\\/en\\\/\",\"logo\":{\"@type\":\"ImageObject\",\"inLanguage\":\"en-US\",\"@id\":\"https:\\\/\\\/www.entreculturas.org\\\/en\\\/#\\\/schema\\\/logo\\\/image\\\/\",\"url\":\"https:\\\/\\\/www.entreculturas.org\\\/wp-content\\\/uploads\\\/2025\\\/10\\\/ESP.svg\",\"contentUrl\":\"https:\\\/\\\/www.entreculturas.org\\\/wp-content\\\/uploads\\\/2025\\\/10\\\/ESP.svg\",\"caption\":\"Entreculturas\"},\"image\":{\"@id\":\"https:\\\/\\\/www.entreculturas.org\\\/en\\\/#\\\/schema\\\/logo\\\/image\\\/\"},\"sameAs\":[\"https:\\\/\\\/www.facebook.com\\\/entreculturas\",\"https:\\\/\\\/x.com\\\/Entreculturas\",\"https:\\\/\\\/www.instagram.com\\\/entreculturas\\\/\",\"https:\\\/\\\/www.youtube.com\\\/user\\\/entreculturasvideo\",\"https:\\\/\\\/www.linkedin.com\\\/company\\\/fundacion-entreculturas-ngdo\\\/\",\"https:\\\/\\\/www.flickr.com\\\/photos\\\/98455522@N04\\\/albums\\\/\"]}]}<\/script>\n<!-- \/ Yoast SEO Premium plugin. -->","yoast_head_json":{"title":"Educaci\u00f3n en tiempo de espera - Entreculturas","robots":{"index":"index","follow":"follow","max-snippet":"max-snippet:-1","max-image-preview":"max-image-preview:large","max-video-preview":"max-video-preview:-1"},"canonical":"https:\/\/www.entreculturas.org\/en\/publicacion\/educacion_en_tiempo_de_espera\/","og_locale":"en_US","og_type":"article","og_title":"Educaci\u00f3n en tiempo de espera","og_description":"Desde la Fundaci\u00f3n Entreculturas y el Servicio Jesuita a Refugiados (SJR o JRS en sus siglas en ingl\u00e9s) se ha querido publicar este informe titulado Educaci\u00f3n en tiempo de espera. Un derecho vulnerado para millones de personas refugiadas y desplazadas, con el objetivo de dar voz a las poblaciones refugiadas y aproximarnos a las experiencias que viven. La Fundaci\u00f3n Entreculturas tiene como misi\u00f3n optar por la solidaridad hacia los m\u00e1s desfavorecidos y promover la educaci\u00f3n como instrumento de cambio social y promoci\u00f3n de la justicia. Desde sus inicios ha tomado conciencia de la vulnerabilidad de las poblaciones desplazadas y ha asumido el trabajo del SJR como referencia en los servicios de asistencia a estas poblaciones. &nbsp;","og_url":"https:\/\/www.entreculturas.org\/en\/publicacion\/educacion_en_tiempo_de_espera\/","og_site_name":"Entreculturas","article_publisher":"https:\/\/www.facebook.com\/entreculturas","article_modified_time":"2024-03-20T11:43:33+00:00","og_image":[{"width":320,"height":458,"url":"https:\/\/www.entreculturas.org\/wp-content\/uploads\/2015\/05\/captura_de_pantalla_2015-05-31_09.27.31.png","type":"image\/png"}],"twitter_card":"summary_large_image","twitter_site":"@Entreculturas","schema":{"@context":"https:\/\/schema.org","@graph":[{"@type":"WebPage","@id":"https:\/\/www.entreculturas.org\/en\/publicacion\/educacion_en_tiempo_de_espera\/","url":"https:\/\/www.entreculturas.org\/en\/publicacion\/educacion_en_tiempo_de_espera\/","name":"Educaci\u00f3n en tiempo de espera - Entreculturas","isPartOf":{"@id":"https:\/\/www.entreculturas.org\/en\/#website"},"primaryImageOfPage":{"@id":"https:\/\/www.entreculturas.org\/en\/publicacion\/educacion_en_tiempo_de_espera\/#primaryimage"},"image":{"@id":"https:\/\/www.entreculturas.org\/en\/publicacion\/educacion_en_tiempo_de_espera\/#primaryimage"},"thumbnailUrl":"https:\/\/www.entreculturas.org\/wp-content\/uploads\/2015\/05\/captura_de_pantalla_2015-05-31_09.27.31.png","datePublished":"2010-05-27T12:09:53+00:00","dateModified":"2024-03-20T11:43:33+00:00","breadcrumb":{"@id":"https:\/\/www.entreculturas.org\/en\/publicacion\/educacion_en_tiempo_de_espera\/#breadcrumb"},"inLanguage":"en-US","potentialAction":[{"@type":"ReadAction","target":["https:\/\/www.entreculturas.org\/en\/publicacion\/educacion_en_tiempo_de_espera\/"]}]},{"@type":"ImageObject","inLanguage":"en-US","@id":"https:\/\/www.entreculturas.org\/en\/publicacion\/educacion_en_tiempo_de_espera\/#primaryimage","url":"https:\/\/www.entreculturas.org\/wp-content\/uploads\/2015\/05\/captura_de_pantalla_2015-05-31_09.27.31.png","contentUrl":"https:\/\/www.entreculturas.org\/wp-content\/uploads\/2015\/05\/captura_de_pantalla_2015-05-31_09.27.31.png","width":320,"height":458,"caption":"captura_de_pantalla_2015-05-31_09"},{"@type":"BreadcrumbList","@id":"https:\/\/www.entreculturas.org\/en\/publicacion\/educacion_en_tiempo_de_espera\/#breadcrumb","itemListElement":[{"@type":"ListItem","position":1,"name":"Home","item":"https:\/\/www.entreculturas.org\/en\/"},{"@type":"ListItem","position":2,"name":"Publicaciones","item":"https:\/\/www.entreculturas.org\/en\/publicaciones\/"},{"@type":"ListItem","position":3,"name":"Educaci\u00f3n en tiempo de espera"}]},{"@type":"WebSite","@id":"https:\/\/www.entreculturas.org\/en\/#website","url":"https:\/\/www.entreculturas.org\/en\/","name":"Entreculturas","description":"","publisher":{"@id":"https:\/\/www.entreculturas.org\/en\/#organization"},"alternateName":"Entreculturas","potentialAction":[{"@type":"SearchAction","target":{"@type":"EntryPoint","urlTemplate":"https:\/\/www.entreculturas.org\/en\/?s={search_term_string}"},"query-input":{"@type":"PropertyValueSpecification","valueRequired":true,"valueName":"search_term_string"}}],"inLanguage":"en-US"},{"@type":"Organization","@id":"https:\/\/www.entreculturas.org\/en\/#organization","name":"Entreculturas","url":"https:\/\/www.entreculturas.org\/en\/","logo":{"@type":"ImageObject","inLanguage":"en-US","@id":"https:\/\/www.entreculturas.org\/en\/#\/schema\/logo\/image\/","url":"https:\/\/www.entreculturas.org\/wp-content\/uploads\/2025\/10\/ESP.svg","contentUrl":"https:\/\/www.entreculturas.org\/wp-content\/uploads\/2025\/10\/ESP.svg","caption":"Entreculturas"},"image":{"@id":"https:\/\/www.entreculturas.org\/en\/#\/schema\/logo\/image\/"},"sameAs":["https:\/\/www.facebook.com\/entreculturas","https:\/\/x.com\/Entreculturas","https:\/\/www.instagram.com\/entreculturas\/","https:\/\/www.youtube.com\/user\/entreculturasvideo","https:\/\/www.linkedin.com\/company\/fundacion-entreculturas-ngdo\/","https:\/\/www.flickr.com\/photos\/98455522@N04\/albums\/"]}]}},"_links":{"self":[{"href":"https:\/\/www.entreculturas.org\/en\/wp-json\/wp\/v2\/publicacion\/3605","targetHints":{"allow":["GET"]}}],"collection":[{"href":"https:\/\/www.entreculturas.org\/en\/wp-json\/wp\/v2\/publicacion"}],"about":[{"href":"https:\/\/www.entreculturas.org\/en\/wp-json\/wp\/v2\/types\/publicacion"}],"wp:featuredmedia":[{"embeddable":true,"href":"https:\/\/www.entreculturas.org\/en\/wp-json\/wp\/v2\/media\/3607"}],"wp:attachment":[{"href":"https:\/\/www.entreculturas.org\/en\/wp-json\/wp\/v2\/media?parent=3605"}],"wp:term":[{"taxonomy":"category","embeddable":true,"href":"https:\/\/www.entreculturas.org\/en\/wp-json\/wp\/v2\/categories?post=3605"},{"taxonomy":"post_tag","embeddable":true,"href":"https:\/\/www.entreculturas.org\/en\/wp-json\/wp\/v2\/tags?post=3605"},{"taxonomy":"cause","embeddable":true,"href":"https:\/\/www.entreculturas.org\/en\/wp-json\/wp\/v2\/cause?post=3605"},{"taxonomy":"format","embeddable":true,"href":"https:\/\/www.entreculturas.org\/en\/wp-json\/wp\/v2\/format?post=3605"}],"curies":[{"name":"wp","href":"https:\/\/api.w.org\/{rel}","templated":true}]}}