{"id":2891,"date":"2007-05-27T12:09:53","date_gmt":"2007-05-27T12:09:53","guid":{"rendered":"https:\/\/entreculturasi.wpenginepowered.com\/?publicaciones=alfabetizacion_puerta_del_conocimiento"},"modified":"2024-03-20T12:32:04","modified_gmt":"2024-03-20T11:32:04","slug":"alfabetizacion_puerta_del_conocimiento","status":"publish","type":"publicacion","link":"https:\/\/www.entreculturas.org\/en\/publicacion\/alfabetizacion_puerta_del_conocimiento\/","title":{"rendered":"Alfabetizaci\u00f3n, puerta del conocimiento"},"content":{"rendered":"<p><span style=\"line-height:1.5em\">Con este informe, centrado en la alfabetizaci\u00f3n de personas adultas, pretendemos contribuir al an\u00e1lisis sobre temas educativos y denunciar la situaci\u00f3n que sufren cientos de millones de hombres y mujeres que viven en la oscuridad que produce el analfabetismo en una \u00e9poca en que se habla de turismo espacial y en que ocho millones de personas disponen ya de su propio blog en Internet. \u00bfPor qu\u00e9 persiste el problema? \u00bfA qui\u00e9nes afecta en mayor medida? \u00bfDe qu\u00e9 manera nos incumbe a todos? \u00bfQu\u00e9 hacen las autoridades para remediarlo? \u00bfQu\u00e9 podemos hacer nosotros? A \u00e9stas y otras preguntas trata de dar respuesta este trabajo para contribuir, modestamente, a un mayor debate en estos temas.<\/span><\/p>\n<p>&nbsp;<\/p>\n<p>&nbsp;<\/p>\n\n\n<div class=\"wp-block-buttons is-layout-flex wp-block-buttons-is-layout-flex\">\n<div class=\"wp-block-button\"><a class=\"wp-block-button__link wp-element-button\" href=\"https:\/\/www.entreculturas.org\/wp-content\/uploads\/2015\/05\/informe_alfabetizacion_2007.pdf\" target=\"_blank\" rel=\"noreferrer noopener\">descarga<\/a><\/div>\n<\/div>\n","protected":false},"excerpt":{"rendered":"<p>Con este informe, centrado en la alfabetizaci\u00f3n de personas adultas, pretendemos contribuir al an\u00e1lisis sobre temas educativos y denunciar la situaci\u00f3n que sufren cientos de millones de hombres y mujeres que viven en la oscuridad que produce el analfabetismo en una \u00e9poca en que se habla de turismo espacial y en que ocho millones de personas disponen ya de su propio blog en Internet. \u00bfPor qu\u00e9 persiste el problema? \u00bfA qui\u00e9nes afecta en mayor medida? \u00bfDe qu\u00e9 manera nos incumbe a todos? \u00bfQu\u00e9 hacen las autoridades para remediarlo? \u00bfQu\u00e9 podemos hacer nosotros? A \u00e9stas y otras preguntas trata de dar respuesta este trabajo para contribuir, modestamente, a un mayor debate en estos temas. &nbsp; &nbsp;<\/p>\n","protected":false},"featured_media":2895,"template":"","format":[112],"categories":[18],"tags":[289],"cause":[128],"class_list":["post-2891","publicacion","type-publicacion","status-publish","has-post-thumbnail","hentry","category-estudios","tag-educacion","cause-educacion","format-estudios-e-informes"],"acf":[],"yoast_head":"<!-- This site is optimized with the Yoast SEO Premium plugin v21.6 (Yoast SEO v27.5) - https:\/\/yoast.com\/product\/yoast-seo-premium-wordpress\/ -->\n<title>Alfabetizaci\u00f3n, puerta del conocimiento - Entreculturas<\/title>\n<meta name=\"robots\" content=\"index, follow, max-snippet:-1, max-image-preview:large, max-video-preview:-1\" \/>\n<link rel=\"canonical\" href=\"https:\/\/www.entreculturas.org\/en\/publicacion\/alfabetizacion_puerta_del_conocimiento\/\" \/>\n<meta property=\"og:locale\" content=\"en_US\" \/>\n<meta property=\"og:type\" content=\"article\" \/>\n<meta property=\"og:title\" content=\"Alfabetizaci\u00f3n, puerta del conocimiento\" \/>\n<meta property=\"og:description\" content=\"Con este informe, centrado en la alfabetizaci\u00f3n de personas adultas, pretendemos contribuir al an\u00e1lisis sobre temas educativos y denunciar la situaci\u00f3n que sufren cientos de millones de hombres y mujeres que viven en la oscuridad que produce el analfabetismo en una \u00e9poca en que se habla de turismo espacial y en que ocho millones de personas disponen ya de su propio blog en Internet. \u00bfPor qu\u00e9 persiste el problema? \u00bfA qui\u00e9nes afecta en mayor medida? \u00bfDe qu\u00e9 manera nos incumbe a todos? \u00bfQu\u00e9 hacen las autoridades para remediarlo? \u00bfQu\u00e9 podemos hacer nosotros? A \u00e9stas y otras preguntas trata de dar respuesta este trabajo para contribuir, modestamente, a un mayor debate en estos temas. &nbsp; &nbsp;\" \/>\n<meta property=\"og:url\" content=\"https:\/\/www.entreculturas.org\/en\/publicacion\/alfabetizacion_puerta_del_conocimiento\/\" \/>\n<meta property=\"og:site_name\" content=\"Entreculturas\" \/>\n<meta property=\"article:publisher\" content=\"https:\/\/www.facebook.com\/entreculturas\" \/>\n<meta property=\"article:modified_time\" content=\"2024-03-20T11:32:04+00:00\" \/>\n<meta property=\"og:image\" content=\"https:\/\/www.entreculturas.org\/wp-content\/uploads\/2015\/05\/captura_de_pantalla_2015-05-31_09.30.23.png\" \/>\n\t<meta property=\"og:image:width\" content=\"319\" \/>\n\t<meta property=\"og:image:height\" content=\"466\" \/>\n\t<meta property=\"og:image:type\" content=\"image\/png\" \/>\n<meta name=\"twitter:card\" content=\"summary_large_image\" \/>\n<meta name=\"twitter:site\" content=\"@Entreculturas\" \/>\n<script type=\"application\/ld+json\" class=\"yoast-schema-graph\">{\"@context\":\"https:\\\/\\\/schema.org\",\"@graph\":[{\"@type\":\"WebPage\",\"@id\":\"https:\\\/\\\/www.entreculturas.org\\\/en\\\/publicacion\\\/alfabetizacion_puerta_del_conocimiento\\\/\",\"url\":\"https:\\\/\\\/www.entreculturas.org\\\/en\\\/publicacion\\\/alfabetizacion_puerta_del_conocimiento\\\/\",\"name\":\"Alfabetizaci\u00f3n, puerta del conocimiento - Entreculturas\",\"isPartOf\":{\"@id\":\"https:\\\/\\\/www.entreculturas.org\\\/en\\\/#website\"},\"primaryImageOfPage\":{\"@id\":\"https:\\\/\\\/www.entreculturas.org\\\/en\\\/publicacion\\\/alfabetizacion_puerta_del_conocimiento\\\/#primaryimage\"},\"image\":{\"@id\":\"https:\\\/\\\/www.entreculturas.org\\\/en\\\/publicacion\\\/alfabetizacion_puerta_del_conocimiento\\\/#primaryimage\"},\"thumbnailUrl\":\"https:\\\/\\\/www.entreculturas.org\\\/wp-content\\\/uploads\\\/2015\\\/05\\\/captura_de_pantalla_2015-05-31_09.30.23.png\",\"datePublished\":\"2007-05-27T12:09:53+00:00\",\"dateModified\":\"2024-03-20T11:32:04+00:00\",\"breadcrumb\":{\"@id\":\"https:\\\/\\\/www.entreculturas.org\\\/en\\\/publicacion\\\/alfabetizacion_puerta_del_conocimiento\\\/#breadcrumb\"},\"inLanguage\":\"en-US\",\"potentialAction\":[{\"@type\":\"ReadAction\",\"target\":[\"https:\\\/\\\/www.entreculturas.org\\\/en\\\/publicacion\\\/alfabetizacion_puerta_del_conocimiento\\\/\"]}]},{\"@type\":\"ImageObject\",\"inLanguage\":\"en-US\",\"@id\":\"https:\\\/\\\/www.entreculturas.org\\\/en\\\/publicacion\\\/alfabetizacion_puerta_del_conocimiento\\\/#primaryimage\",\"url\":\"https:\\\/\\\/www.entreculturas.org\\\/wp-content\\\/uploads\\\/2015\\\/05\\\/captura_de_pantalla_2015-05-31_09.30.23.png\",\"contentUrl\":\"https:\\\/\\\/www.entreculturas.org\\\/wp-content\\\/uploads\\\/2015\\\/05\\\/captura_de_pantalla_2015-05-31_09.30.23.png\",\"width\":319,\"height\":466,\"caption\":\"captura_de_pantalla_2015-05-31_09\"},{\"@type\":\"BreadcrumbList\",\"@id\":\"https:\\\/\\\/www.entreculturas.org\\\/en\\\/publicacion\\\/alfabetizacion_puerta_del_conocimiento\\\/#breadcrumb\",\"itemListElement\":[{\"@type\":\"ListItem\",\"position\":1,\"name\":\"Home\",\"item\":\"https:\\\/\\\/www.entreculturas.org\\\/en\\\/\"},{\"@type\":\"ListItem\",\"position\":2,\"name\":\"Publicaciones\",\"item\":\"https:\\\/\\\/www.entreculturas.org\\\/en\\\/publicaciones\\\/\"},{\"@type\":\"ListItem\",\"position\":3,\"name\":\"Alfabetizaci\u00f3n, puerta del conocimiento\"}]},{\"@type\":\"WebSite\",\"@id\":\"https:\\\/\\\/www.entreculturas.org\\\/en\\\/#website\",\"url\":\"https:\\\/\\\/www.entreculturas.org\\\/en\\\/\",\"name\":\"Entreculturas\",\"description\":\"\",\"publisher\":{\"@id\":\"https:\\\/\\\/www.entreculturas.org\\\/en\\\/#organization\"},\"alternateName\":\"Entreculturas\",\"potentialAction\":[{\"@type\":\"SearchAction\",\"target\":{\"@type\":\"EntryPoint\",\"urlTemplate\":\"https:\\\/\\\/www.entreculturas.org\\\/en\\\/?s={search_term_string}\"},\"query-input\":{\"@type\":\"PropertyValueSpecification\",\"valueRequired\":true,\"valueName\":\"search_term_string\"}}],\"inLanguage\":\"en-US\"},{\"@type\":\"Organization\",\"@id\":\"https:\\\/\\\/www.entreculturas.org\\\/en\\\/#organization\",\"name\":\"Entreculturas\",\"url\":\"https:\\\/\\\/www.entreculturas.org\\\/en\\\/\",\"logo\":{\"@type\":\"ImageObject\",\"inLanguage\":\"en-US\",\"@id\":\"https:\\\/\\\/www.entreculturas.org\\\/en\\\/#\\\/schema\\\/logo\\\/image\\\/\",\"url\":\"https:\\\/\\\/www.entreculturas.org\\\/wp-content\\\/uploads\\\/2025\\\/10\\\/ESP.svg\",\"contentUrl\":\"https:\\\/\\\/www.entreculturas.org\\\/wp-content\\\/uploads\\\/2025\\\/10\\\/ESP.svg\",\"caption\":\"Entreculturas\"},\"image\":{\"@id\":\"https:\\\/\\\/www.entreculturas.org\\\/en\\\/#\\\/schema\\\/logo\\\/image\\\/\"},\"sameAs\":[\"https:\\\/\\\/www.facebook.com\\\/entreculturas\",\"https:\\\/\\\/x.com\\\/Entreculturas\",\"https:\\\/\\\/www.instagram.com\\\/entreculturas\\\/\",\"https:\\\/\\\/www.youtube.com\\\/user\\\/entreculturasvideo\",\"https:\\\/\\\/www.linkedin.com\\\/company\\\/fundacion-entreculturas-ngdo\\\/\",\"https:\\\/\\\/www.flickr.com\\\/photos\\\/98455522@N04\\\/albums\\\/\"]}]}<\/script>\n<!-- \/ Yoast SEO Premium plugin. -->","yoast_head_json":{"title":"Alfabetizaci\u00f3n, puerta del conocimiento - Entreculturas","robots":{"index":"index","follow":"follow","max-snippet":"max-snippet:-1","max-image-preview":"max-image-preview:large","max-video-preview":"max-video-preview:-1"},"canonical":"https:\/\/www.entreculturas.org\/en\/publicacion\/alfabetizacion_puerta_del_conocimiento\/","og_locale":"en_US","og_type":"article","og_title":"Alfabetizaci\u00f3n, puerta del conocimiento","og_description":"Con este informe, centrado en la alfabetizaci\u00f3n de personas adultas, pretendemos contribuir al an\u00e1lisis sobre temas educativos y denunciar la situaci\u00f3n que sufren cientos de millones de hombres y mujeres que viven en la oscuridad que produce el analfabetismo en una \u00e9poca en que se habla de turismo espacial y en que ocho millones de personas disponen ya de su propio blog en Internet. \u00bfPor qu\u00e9 persiste el problema? \u00bfA qui\u00e9nes afecta en mayor medida? \u00bfDe qu\u00e9 manera nos incumbe a todos? \u00bfQu\u00e9 hacen las autoridades para remediarlo? \u00bfQu\u00e9 podemos hacer nosotros? A \u00e9stas y otras preguntas trata de dar respuesta este trabajo para contribuir, modestamente, a un mayor debate en estos temas. &nbsp; &nbsp;","og_url":"https:\/\/www.entreculturas.org\/en\/publicacion\/alfabetizacion_puerta_del_conocimiento\/","og_site_name":"Entreculturas","article_publisher":"https:\/\/www.facebook.com\/entreculturas","article_modified_time":"2024-03-20T11:32:04+00:00","og_image":[{"width":319,"height":466,"url":"https:\/\/www.entreculturas.org\/wp-content\/uploads\/2015\/05\/captura_de_pantalla_2015-05-31_09.30.23.png","type":"image\/png"}],"twitter_card":"summary_large_image","twitter_site":"@Entreculturas","schema":{"@context":"https:\/\/schema.org","@graph":[{"@type":"WebPage","@id":"https:\/\/www.entreculturas.org\/en\/publicacion\/alfabetizacion_puerta_del_conocimiento\/","url":"https:\/\/www.entreculturas.org\/en\/publicacion\/alfabetizacion_puerta_del_conocimiento\/","name":"Alfabetizaci\u00f3n, puerta del conocimiento - Entreculturas","isPartOf":{"@id":"https:\/\/www.entreculturas.org\/en\/#website"},"primaryImageOfPage":{"@id":"https:\/\/www.entreculturas.org\/en\/publicacion\/alfabetizacion_puerta_del_conocimiento\/#primaryimage"},"image":{"@id":"https:\/\/www.entreculturas.org\/en\/publicacion\/alfabetizacion_puerta_del_conocimiento\/#primaryimage"},"thumbnailUrl":"https:\/\/www.entreculturas.org\/wp-content\/uploads\/2015\/05\/captura_de_pantalla_2015-05-31_09.30.23.png","datePublished":"2007-05-27T12:09:53+00:00","dateModified":"2024-03-20T11:32:04+00:00","breadcrumb":{"@id":"https:\/\/www.entreculturas.org\/en\/publicacion\/alfabetizacion_puerta_del_conocimiento\/#breadcrumb"},"inLanguage":"en-US","potentialAction":[{"@type":"ReadAction","target":["https:\/\/www.entreculturas.org\/en\/publicacion\/alfabetizacion_puerta_del_conocimiento\/"]}]},{"@type":"ImageObject","inLanguage":"en-US","@id":"https:\/\/www.entreculturas.org\/en\/publicacion\/alfabetizacion_puerta_del_conocimiento\/#primaryimage","url":"https:\/\/www.entreculturas.org\/wp-content\/uploads\/2015\/05\/captura_de_pantalla_2015-05-31_09.30.23.png","contentUrl":"https:\/\/www.entreculturas.org\/wp-content\/uploads\/2015\/05\/captura_de_pantalla_2015-05-31_09.30.23.png","width":319,"height":466,"caption":"captura_de_pantalla_2015-05-31_09"},{"@type":"BreadcrumbList","@id":"https:\/\/www.entreculturas.org\/en\/publicacion\/alfabetizacion_puerta_del_conocimiento\/#breadcrumb","itemListElement":[{"@type":"ListItem","position":1,"name":"Home","item":"https:\/\/www.entreculturas.org\/en\/"},{"@type":"ListItem","position":2,"name":"Publicaciones","item":"https:\/\/www.entreculturas.org\/en\/publicaciones\/"},{"@type":"ListItem","position":3,"name":"Alfabetizaci\u00f3n, puerta del conocimiento"}]},{"@type":"WebSite","@id":"https:\/\/www.entreculturas.org\/en\/#website","url":"https:\/\/www.entreculturas.org\/en\/","name":"Entreculturas","description":"","publisher":{"@id":"https:\/\/www.entreculturas.org\/en\/#organization"},"alternateName":"Entreculturas","potentialAction":[{"@type":"SearchAction","target":{"@type":"EntryPoint","urlTemplate":"https:\/\/www.entreculturas.org\/en\/?s={search_term_string}"},"query-input":{"@type":"PropertyValueSpecification","valueRequired":true,"valueName":"search_term_string"}}],"inLanguage":"en-US"},{"@type":"Organization","@id":"https:\/\/www.entreculturas.org\/en\/#organization","name":"Entreculturas","url":"https:\/\/www.entreculturas.org\/en\/","logo":{"@type":"ImageObject","inLanguage":"en-US","@id":"https:\/\/www.entreculturas.org\/en\/#\/schema\/logo\/image\/","url":"https:\/\/www.entreculturas.org\/wp-content\/uploads\/2025\/10\/ESP.svg","contentUrl":"https:\/\/www.entreculturas.org\/wp-content\/uploads\/2025\/10\/ESP.svg","caption":"Entreculturas"},"image":{"@id":"https:\/\/www.entreculturas.org\/en\/#\/schema\/logo\/image\/"},"sameAs":["https:\/\/www.facebook.com\/entreculturas","https:\/\/x.com\/Entreculturas","https:\/\/www.instagram.com\/entreculturas\/","https:\/\/www.youtube.com\/user\/entreculturasvideo","https:\/\/www.linkedin.com\/company\/fundacion-entreculturas-ngdo\/","https:\/\/www.flickr.com\/photos\/98455522@N04\/albums\/"]}]}},"_links":{"self":[{"href":"https:\/\/www.entreculturas.org\/en\/wp-json\/wp\/v2\/publicacion\/2891","targetHints":{"allow":["GET"]}}],"collection":[{"href":"https:\/\/www.entreculturas.org\/en\/wp-json\/wp\/v2\/publicacion"}],"about":[{"href":"https:\/\/www.entreculturas.org\/en\/wp-json\/wp\/v2\/types\/publicacion"}],"wp:featuredmedia":[{"embeddable":true,"href":"https:\/\/www.entreculturas.org\/en\/wp-json\/wp\/v2\/media\/2895"}],"wp:attachment":[{"href":"https:\/\/www.entreculturas.org\/en\/wp-json\/wp\/v2\/media?parent=2891"}],"wp:term":[{"taxonomy":"category","embeddable":true,"href":"https:\/\/www.entreculturas.org\/en\/wp-json\/wp\/v2\/categories?post=2891"},{"taxonomy":"post_tag","embeddable":true,"href":"https:\/\/www.entreculturas.org\/en\/wp-json\/wp\/v2\/tags?post=2891"},{"taxonomy":"cause","embeddable":true,"href":"https:\/\/www.entreculturas.org\/en\/wp-json\/wp\/v2\/cause?post=2891"},{"taxonomy":"format","embeddable":true,"href":"https:\/\/www.entreculturas.org\/en\/wp-json\/wp\/v2\/format?post=2891"}],"curies":[{"name":"wp","href":"https:\/\/api.w.org\/{rel}","templated":true}]}}