{"id":9419,"date":"2023-11-02T16:07:03","date_gmt":"2023-11-02T15:07:03","guid":{"rendered":"https:\/\/www.entreculturas.org\/noticia\/nuestra-vida-puede-llegar-dejar-huella-traves-de-la-educacion\/"},"modified":"2024-01-18T15:00:37","modified_gmt":"2024-01-18T14:00:37","slug":"nuestra-vida-puede-llegar-dejar-huella-traves-de-la-educacion","status":"publish","type":"podcast","link":"https:\/\/www.entreculturas.org\/en\/podcast\/nuestra-vida-puede-llegar-dejar-huella-traves-de-la-educacion\/","title":{"rendered":"\u201cNuestra vida puede llegar a dejar huella a trav\u00e9s de la educaci\u00f3n&#8221;"},"content":{"rendered":"<\/p>\n<p>Esta semana en Voces por una Causa,<strong> la escritora Julia Navarro se acerca a<\/strong> una forma de colaboraci\u00f3n con las ONG bastante desconocida a\u00fan en nuestro pa\u00eds, pero en auge, el llamado<strong> \u2018<a href=\"https:\/\/testamentosolidario.entreculturas.org\/\">testamento solidario<\/a>\u2019<\/strong>, que consiste en incluir a una ONG en el testamento, ya sea dej\u00e1ndole una parte del patrimonio o un bien concreto. Para saber m\u00e1s sobre la tem\u00e1tica, Julia conversa con <strong>Lola Garc\u00eda<\/strong>, coordinadora de esta campa\u00f1a en Entreculturas, y con <strong>Carmen Boulet<\/strong>, notaria que cuenta con gran conocimiento en este tipo de testamentos.<\/p>\n<p>En este cap\u00edtulo, Lola nos habla del gran inter\u00e9s que en los \u00faltimos a\u00f1os ha despertado el testamento solidario y de qu\u00e9 trata exactamente esta <a href=\"https:\/\/testamentosolidario.entreculturas.org\/\">campa\u00f1a<\/a>: \u201cBuscamos informar de esta forma de colaboraci\u00f3n desconocida en Espa\u00f1a, <strong>acompa\u00f1ar a las personas que se plantean en alg\u00fan momento hacerlo<\/strong>, ya que es un proceso que requiere mucha reflexi\u00f3n, y agradecer a las personas que finalmente apuestan por hacer este gran gesto de solidaridad\u201d.<\/p>\n<p>Adem\u00e1s, Lola explica c\u00f3mo los donativos recibidos se convierten en un gran apoyo para el trabajo que llevamos a cabo desde Entreculturas: \u201cLas herencias recibidas desde los donativos peque\u00f1os a las herencias m\u00e1s grandes se transforman en proyectos educativos que pueden ir <strong>desde becas al estudiantado al apoyo de programas<\/strong> que ya tenemos en marcha en los distintos pa\u00edses y centros donde estamos presentes\u201d.&nbsp;<\/p>\n<p>Por su parte, Carmen, notaria y experta en la materia, detalla los distintos pasos que hay que realizar para&nbsp; realizar un testamento solidario, deteni\u00e9ndose y aclarando aquellos aspectos que son menos conocidos: \u201cEl paso fundamental es acudir a una notar\u00eda para garantizar que los bienes de las persona lleguen al destino que quer\u00eda en vida. Una vez ah\u00ed, <strong>existen diferentes modalidades dentro del testamento solidario<\/strong>, como es el legado solidario. Siempre teniendo en cuenta que esto no perjudica al resto de beneficiarios, porque est\u00e1n protegidos por Ley y su parte en intocable\u201d. Por \u00faltimo, Carmen, Lola y Julia recalcan que no es necesario tener un gran patrimonio para hacer donaciones y contribuciones a una ONG, ya que cualquier aportaci\u00f3n es importante.&nbsp;<\/p>\n<p><strong>\u2018Voces por una Causa\u2019 es el podcast semanal de Entreculturas<\/strong>. Los programas se emiten todos los jueves en nuestro canal de <a href=\"https:\/\/www.youtube.com\/c\/EntreculturasOrg915902672\">Youtube<\/a>, en <a href=\"https:\/\/open.spotify.com\/show\/6dS5JsqnsWrnHL1gwead1A\">Spotify<\/a>, en <a href=\"https:\/\/www.ivoox.com\/perfil-entreculturas_a8_listener_28185270_1.html\">Ivoox<\/a>, y en <a href=\"https:\/\/podcasts.apple.com\/us\/podcast\/entreculturas-voces-por-una-causa\/id1621485462\">Apple Podcast<\/a>.<\/p>\n","protected":false},"excerpt":{"rendered":"<p>Esta semana en Voces por una Causa, la escritora Julia Navarro se acerca a una forma de colaboraci\u00f3n con las ONG bastante desconocida a\u00fan en nuestro pa\u00eds, pero en auge, el llamado \u2018testamento solidario\u2019, que consiste en incluir a una ONG en el testamento, ya sea dej\u00e1ndole una parte del patrimonio o un bien concreto. Para saber m\u00e1s sobre la tem\u00e1tica, Julia conversa con Lola Garc\u00eda, coordinadora de esta campa\u00f1a en Entreculturas, y con Carmen Boulet, notaria que cuenta con gran conocimiento en este tipo de testamentos.<\/p>\n","protected":false},"featured_media":9420,"template":"podcast-imagen-sin-banner","meta":{"_acf_changed":false},"categories":[728],"tags":[],"class_list":["post-9419","podcast","type-podcast","status-publish","has-post-thumbnail","hentry","category-sin-categorizar"],"acf":[],"yoast_head":"<!-- This site is optimized with the Yoast SEO Premium plugin v21.6 (Yoast SEO v27.5) - https:\/\/yoast.com\/product\/yoast-seo-premium-wordpress\/ -->\n<title>\u201cNuestra vida puede llegar a dejar huella a trav\u00e9s de la educaci\u00f3n&quot; - Entreculturas<\/title>\n<meta name=\"robots\" content=\"index, follow, max-snippet:-1, max-image-preview:large, max-video-preview:-1\" \/>\n<link rel=\"canonical\" href=\"https:\/\/www.entreculturas.org\/en\/podcast\/nuestra-vida-puede-llegar-dejar-huella-traves-de-la-educacion\/\" \/>\n<meta property=\"og:locale\" content=\"en_US\" \/>\n<meta property=\"og:type\" content=\"article\" \/>\n<meta property=\"og:title\" content=\"\u201cNuestra vida puede llegar a dejar huella a trav\u00e9s de la educaci\u00f3n&quot;\" \/>\n<meta property=\"og:description\" content=\"Esta semana en Voces por una Causa, la escritora Julia Navarro se acerca a una forma de colaboraci\u00f3n con las ONG bastante desconocida a\u00fan en nuestro pa\u00eds, pero en auge, el llamado \u2018testamento solidario\u2019, que consiste en incluir a una ONG en el testamento, ya sea dej\u00e1ndole una parte del patrimonio o un bien concreto. Para saber m\u00e1s sobre la tem\u00e1tica, Julia conversa con Lola Garc\u00eda, coordinadora de esta campa\u00f1a en Entreculturas, y con Carmen Boulet, notaria que cuenta con gran conocimiento en este tipo de testamentos.\" \/>\n<meta property=\"og:url\" content=\"https:\/\/www.entreculturas.org\/en\/podcast\/nuestra-vida-puede-llegar-dejar-huella-traves-de-la-educacion\/\" \/>\n<meta property=\"og:site_name\" content=\"Entreculturas\" \/>\n<meta property=\"article:publisher\" content=\"https:\/\/www.facebook.com\/entreculturas\" \/>\n<meta property=\"article:modified_time\" content=\"2024-01-18T14:00:37+00:00\" \/>\n<meta property=\"og:image\" content=\"https:\/\/www.entreculturas.org\/wp-content\/uploads\/2023\/12\/web_-_testamento_solidario.jpg\" \/>\n\t<meta property=\"og:image:width\" content=\"1920\" \/>\n\t<meta property=\"og:image:height\" content=\"1080\" \/>\n\t<meta property=\"og:image:type\" content=\"image\/jpeg\" \/>\n<meta name=\"twitter:card\" content=\"summary_large_image\" \/>\n<meta name=\"twitter:site\" content=\"@Entreculturas\" \/>\n<script type=\"application\/ld+json\" class=\"yoast-schema-graph\">{\"@context\":\"https:\\\/\\\/schema.org\",\"@graph\":[{\"@type\":\"WebPage\",\"@id\":\"https:\\\/\\\/www.entreculturas.org\\\/en\\\/podcast\\\/nuestra-vida-puede-llegar-dejar-huella-traves-de-la-educacion\\\/\",\"url\":\"https:\\\/\\\/www.entreculturas.org\\\/en\\\/podcast\\\/nuestra-vida-puede-llegar-dejar-huella-traves-de-la-educacion\\\/\",\"name\":\"\u201cNuestra vida puede llegar a dejar huella a trav\u00e9s de la educaci\u00f3n\\\" - Entreculturas\",\"isPartOf\":{\"@id\":\"https:\\\/\\\/www.entreculturas.org\\\/en\\\/#website\"},\"primaryImageOfPage\":{\"@id\":\"https:\\\/\\\/www.entreculturas.org\\\/en\\\/podcast\\\/nuestra-vida-puede-llegar-dejar-huella-traves-de-la-educacion\\\/#primaryimage\"},\"image\":{\"@id\":\"https:\\\/\\\/www.entreculturas.org\\\/en\\\/podcast\\\/nuestra-vida-puede-llegar-dejar-huella-traves-de-la-educacion\\\/#primaryimage\"},\"thumbnailUrl\":\"https:\\\/\\\/www.entreculturas.org\\\/wp-content\\\/uploads\\\/2023\\\/12\\\/web_-_testamento_solidario.jpg\",\"datePublished\":\"2023-11-02T15:07:03+00:00\",\"dateModified\":\"2024-01-18T14:00:37+00:00\",\"breadcrumb\":{\"@id\":\"https:\\\/\\\/www.entreculturas.org\\\/en\\\/podcast\\\/nuestra-vida-puede-llegar-dejar-huella-traves-de-la-educacion\\\/#breadcrumb\"},\"inLanguage\":\"en-US\",\"potentialAction\":[{\"@type\":\"ReadAction\",\"target\":[\"https:\\\/\\\/www.entreculturas.org\\\/en\\\/podcast\\\/nuestra-vida-puede-llegar-dejar-huella-traves-de-la-educacion\\\/\"]}]},{\"@type\":\"ImageObject\",\"inLanguage\":\"en-US\",\"@id\":\"https:\\\/\\\/www.entreculturas.org\\\/en\\\/podcast\\\/nuestra-vida-puede-llegar-dejar-huella-traves-de-la-educacion\\\/#primaryimage\",\"url\":\"https:\\\/\\\/www.entreculturas.org\\\/wp-content\\\/uploads\\\/2023\\\/12\\\/web_-_testamento_solidario.jpg\",\"contentUrl\":\"https:\\\/\\\/www.entreculturas.org\\\/wp-content\\\/uploads\\\/2023\\\/12\\\/web_-_testamento_solidario.jpg\",\"width\":1920,\"height\":1080,\"caption\":\"web_-_testamento_solidario\"},{\"@type\":\"BreadcrumbList\",\"@id\":\"https:\\\/\\\/www.entreculturas.org\\\/en\\\/podcast\\\/nuestra-vida-puede-llegar-dejar-huella-traves-de-la-educacion\\\/#breadcrumb\",\"itemListElement\":[{\"@type\":\"ListItem\",\"position\":1,\"name\":\"Home\",\"item\":\"https:\\\/\\\/www.entreculturas.org\\\/en\\\/\"},{\"@type\":\"ListItem\",\"position\":2,\"name\":\"Podcast Julia Navarro\",\"item\":\"https:\\\/\\\/www.entreculturas.org\\\/en\\\/podcasts\\\/\"},{\"@type\":\"ListItem\",\"position\":3,\"name\":\"\u201cNuestra vida puede llegar a dejar huella a trav\u00e9s de la educaci\u00f3n&#8221;\"}]},{\"@type\":\"WebSite\",\"@id\":\"https:\\\/\\\/www.entreculturas.org\\\/en\\\/#website\",\"url\":\"https:\\\/\\\/www.entreculturas.org\\\/en\\\/\",\"name\":\"Entreculturas\",\"description\":\"\",\"publisher\":{\"@id\":\"https:\\\/\\\/www.entreculturas.org\\\/en\\\/#organization\"},\"alternateName\":\"Entreculturas\",\"potentialAction\":[{\"@type\":\"SearchAction\",\"target\":{\"@type\":\"EntryPoint\",\"urlTemplate\":\"https:\\\/\\\/www.entreculturas.org\\\/en\\\/?s={search_term_string}\"},\"query-input\":{\"@type\":\"PropertyValueSpecification\",\"valueRequired\":true,\"valueName\":\"search_term_string\"}}],\"inLanguage\":\"en-US\"},{\"@type\":\"Organization\",\"@id\":\"https:\\\/\\\/www.entreculturas.org\\\/en\\\/#organization\",\"name\":\"Entreculturas\",\"url\":\"https:\\\/\\\/www.entreculturas.org\\\/en\\\/\",\"logo\":{\"@type\":\"ImageObject\",\"inLanguage\":\"en-US\",\"@id\":\"https:\\\/\\\/www.entreculturas.org\\\/en\\\/#\\\/schema\\\/logo\\\/image\\\/\",\"url\":\"https:\\\/\\\/www.entreculturas.org\\\/wp-content\\\/uploads\\\/2025\\\/10\\\/ESP.svg\",\"contentUrl\":\"https:\\\/\\\/www.entreculturas.org\\\/wp-content\\\/uploads\\\/2025\\\/10\\\/ESP.svg\",\"caption\":\"Entreculturas\"},\"image\":{\"@id\":\"https:\\\/\\\/www.entreculturas.org\\\/en\\\/#\\\/schema\\\/logo\\\/image\\\/\"},\"sameAs\":[\"https:\\\/\\\/www.facebook.com\\\/entreculturas\",\"https:\\\/\\\/x.com\\\/Entreculturas\",\"https:\\\/\\\/www.instagram.com\\\/entreculturas\\\/\",\"https:\\\/\\\/www.youtube.com\\\/user\\\/entreculturasvideo\",\"https:\\\/\\\/www.linkedin.com\\\/company\\\/fundacion-entreculturas-ngdo\\\/\",\"https:\\\/\\\/www.flickr.com\\\/photos\\\/98455522@N04\\\/albums\\\/\"]}]}<\/script>\n<!-- \/ Yoast SEO Premium plugin. -->","yoast_head_json":{"title":"\u201cNuestra vida puede llegar a dejar huella a trav\u00e9s de la educaci\u00f3n\" - Entreculturas","robots":{"index":"index","follow":"follow","max-snippet":"max-snippet:-1","max-image-preview":"max-image-preview:large","max-video-preview":"max-video-preview:-1"},"canonical":"https:\/\/www.entreculturas.org\/en\/podcast\/nuestra-vida-puede-llegar-dejar-huella-traves-de-la-educacion\/","og_locale":"en_US","og_type":"article","og_title":"\u201cNuestra vida puede llegar a dejar huella a trav\u00e9s de la educaci\u00f3n\"","og_description":"Esta semana en Voces por una Causa, la escritora Julia Navarro se acerca a una forma de colaboraci\u00f3n con las ONG bastante desconocida a\u00fan en nuestro pa\u00eds, pero en auge, el llamado \u2018testamento solidario\u2019, que consiste en incluir a una ONG en el testamento, ya sea dej\u00e1ndole una parte del patrimonio o un bien concreto. Para saber m\u00e1s sobre la tem\u00e1tica, Julia conversa con Lola Garc\u00eda, coordinadora de esta campa\u00f1a en Entreculturas, y con Carmen Boulet, notaria que cuenta con gran conocimiento en este tipo de testamentos.","og_url":"https:\/\/www.entreculturas.org\/en\/podcast\/nuestra-vida-puede-llegar-dejar-huella-traves-de-la-educacion\/","og_site_name":"Entreculturas","article_publisher":"https:\/\/www.facebook.com\/entreculturas","article_modified_time":"2024-01-18T14:00:37+00:00","og_image":[{"width":1920,"height":1080,"url":"https:\/\/www.entreculturas.org\/wp-content\/uploads\/2023\/12\/web_-_testamento_solidario.jpg","type":"image\/jpeg"}],"twitter_card":"summary_large_image","twitter_site":"@Entreculturas","schema":{"@context":"https:\/\/schema.org","@graph":[{"@type":"WebPage","@id":"https:\/\/www.entreculturas.org\/en\/podcast\/nuestra-vida-puede-llegar-dejar-huella-traves-de-la-educacion\/","url":"https:\/\/www.entreculturas.org\/en\/podcast\/nuestra-vida-puede-llegar-dejar-huella-traves-de-la-educacion\/","name":"\u201cNuestra vida puede llegar a dejar huella a trav\u00e9s de la educaci\u00f3n\" - Entreculturas","isPartOf":{"@id":"https:\/\/www.entreculturas.org\/en\/#website"},"primaryImageOfPage":{"@id":"https:\/\/www.entreculturas.org\/en\/podcast\/nuestra-vida-puede-llegar-dejar-huella-traves-de-la-educacion\/#primaryimage"},"image":{"@id":"https:\/\/www.entreculturas.org\/en\/podcast\/nuestra-vida-puede-llegar-dejar-huella-traves-de-la-educacion\/#primaryimage"},"thumbnailUrl":"https:\/\/www.entreculturas.org\/wp-content\/uploads\/2023\/12\/web_-_testamento_solidario.jpg","datePublished":"2023-11-02T15:07:03+00:00","dateModified":"2024-01-18T14:00:37+00:00","breadcrumb":{"@id":"https:\/\/www.entreculturas.org\/en\/podcast\/nuestra-vida-puede-llegar-dejar-huella-traves-de-la-educacion\/#breadcrumb"},"inLanguage":"en-US","potentialAction":[{"@type":"ReadAction","target":["https:\/\/www.entreculturas.org\/en\/podcast\/nuestra-vida-puede-llegar-dejar-huella-traves-de-la-educacion\/"]}]},{"@type":"ImageObject","inLanguage":"en-US","@id":"https:\/\/www.entreculturas.org\/en\/podcast\/nuestra-vida-puede-llegar-dejar-huella-traves-de-la-educacion\/#primaryimage","url":"https:\/\/www.entreculturas.org\/wp-content\/uploads\/2023\/12\/web_-_testamento_solidario.jpg","contentUrl":"https:\/\/www.entreculturas.org\/wp-content\/uploads\/2023\/12\/web_-_testamento_solidario.jpg","width":1920,"height":1080,"caption":"web_-_testamento_solidario"},{"@type":"BreadcrumbList","@id":"https:\/\/www.entreculturas.org\/en\/podcast\/nuestra-vida-puede-llegar-dejar-huella-traves-de-la-educacion\/#breadcrumb","itemListElement":[{"@type":"ListItem","position":1,"name":"Home","item":"https:\/\/www.entreculturas.org\/en\/"},{"@type":"ListItem","position":2,"name":"Podcast Julia Navarro","item":"https:\/\/www.entreculturas.org\/en\/podcasts\/"},{"@type":"ListItem","position":3,"name":"\u201cNuestra vida puede llegar a dejar huella a trav\u00e9s de la educaci\u00f3n&#8221;"}]},{"@type":"WebSite","@id":"https:\/\/www.entreculturas.org\/en\/#website","url":"https:\/\/www.entreculturas.org\/en\/","name":"Entreculturas","description":"","publisher":{"@id":"https:\/\/www.entreculturas.org\/en\/#organization"},"alternateName":"Entreculturas","potentialAction":[{"@type":"SearchAction","target":{"@type":"EntryPoint","urlTemplate":"https:\/\/www.entreculturas.org\/en\/?s={search_term_string}"},"query-input":{"@type":"PropertyValueSpecification","valueRequired":true,"valueName":"search_term_string"}}],"inLanguage":"en-US"},{"@type":"Organization","@id":"https:\/\/www.entreculturas.org\/en\/#organization","name":"Entreculturas","url":"https:\/\/www.entreculturas.org\/en\/","logo":{"@type":"ImageObject","inLanguage":"en-US","@id":"https:\/\/www.entreculturas.org\/en\/#\/schema\/logo\/image\/","url":"https:\/\/www.entreculturas.org\/wp-content\/uploads\/2025\/10\/ESP.svg","contentUrl":"https:\/\/www.entreculturas.org\/wp-content\/uploads\/2025\/10\/ESP.svg","caption":"Entreculturas"},"image":{"@id":"https:\/\/www.entreculturas.org\/en\/#\/schema\/logo\/image\/"},"sameAs":["https:\/\/www.facebook.com\/entreculturas","https:\/\/x.com\/Entreculturas","https:\/\/www.instagram.com\/entreculturas\/","https:\/\/www.youtube.com\/user\/entreculturasvideo","https:\/\/www.linkedin.com\/company\/fundacion-entreculturas-ngdo\/","https:\/\/www.flickr.com\/photos\/98455522@N04\/albums\/"]}]}},"_links":{"self":[{"href":"https:\/\/www.entreculturas.org\/en\/wp-json\/wp\/v2\/podcast\/9419","targetHints":{"allow":["GET"]}}],"collection":[{"href":"https:\/\/www.entreculturas.org\/en\/wp-json\/wp\/v2\/podcast"}],"about":[{"href":"https:\/\/www.entreculturas.org\/en\/wp-json\/wp\/v2\/types\/podcast"}],"wp:featuredmedia":[{"embeddable":true,"href":"https:\/\/www.entreculturas.org\/en\/wp-json\/wp\/v2\/media\/9420"}],"wp:attachment":[{"href":"https:\/\/www.entreculturas.org\/en\/wp-json\/wp\/v2\/media?parent=9419"}],"wp:term":[{"taxonomy":"category","embeddable":true,"href":"https:\/\/www.entreculturas.org\/en\/wp-json\/wp\/v2\/categories?post=9419"},{"taxonomy":"post_tag","embeddable":true,"href":"https:\/\/www.entreculturas.org\/en\/wp-json\/wp\/v2\/tags?post=9419"}],"curies":[{"name":"wp","href":"https:\/\/api.w.org\/{rel}","templated":true}]}}