{"id":9395,"date":"2023-10-19T10:35:33","date_gmt":"2023-10-19T08:35:33","guid":{"rendered":"https:\/\/www.entreculturas.org\/noticia\/aunque-nivel-social-todavia-no-tenemos-referentes-claros-de-nuevas-masculinidades-en-el-dia\/"},"modified":"2024-02-23T14:10:34","modified_gmt":"2024-02-23T13:10:34","slug":"aunque-nivel-social-todavia-no-tenemos-referentes-claros-de-nuevas-masculinidades-en-el-dia","status":"publish","type":"podcast","link":"https:\/\/www.entreculturas.org\/en\/podcast\/aunque-nivel-social-todavia-no-tenemos-referentes-claros-de-nuevas-masculinidades-en-el-dia\/","title":{"rendered":"&#8220;Aunque a nivel social todav\u00eda no tenemos referentes claros de nuevas masculinidades, en el d\u00eda a d\u00eda s\u00ed que los tenemos&#8221;"},"content":{"rendered":"<p>Esta semana en Voces por una Causa,<strong> la escritora Julia Navarro conversa con Jos\u00e9 Ignacio Pichardo<\/strong>, Doctor en Antropolog\u00eda Social y Director del Grupo de Investigaci\u00f3n \u201cAntropolog\u00eda, Diversidad y Convivencia\u201d de la Universidad Complutense de Madrid. Con \u00e9l, nos acercamos a un concepto que no es nuevo, pero s\u00ed, tal vez poco conocido: las <strong>nuevas masculinidades<\/strong>.<\/p>\n<p>En este cap\u00edtulo, Jos\u00e9 Ignacio nos habla de las nuevas masculinidades como un movimiento \u201cque <strong>aboga por la existencia de otras formas de ser hombres<\/strong> y que surge porque muchos de nosotros no nos vemos reconocidos en la idea tradicional de masculinidad hegem\u00f3nica\u201d. Jos\u00e9 Ignacio tambi\u00e9n recalca que esta masculinidad tradicional \u201cpor un lado reproduce la desigualdad entre hombres y mujeres y por otro, tiene un coste para los propios varones que no nos vemos reconocidos\u201d.<\/p>\n<p>Adem\u00e1s,se\u00f1ala que \u201cuno de los principales problemas cuando quieres salir de esa masculinidad tradicional es la falta de referentes masculinos, falta de hombres que muestren que se puede ser hombre y ser sensible o vulnerable\u201d. Jos\u00e9 Ignacio tambi\u00e9n pone el foco en que \u201caunque <strong>a nivel social todav\u00eda no tenemos referentes claros de nuevas masculinidades<\/strong>, probablemente a nivel cotidiano creo que todas las personas s\u00ed que podemos pensar en hombres concretos que lo son\u201d.<\/p>\n<p>Por \u00faltimo, Jos\u00e9 Ignacio y Julia profundizan en <strong>c\u00f3mo se pueden fomentar estos nuevos modelos de masculinidad<\/strong>, deteni\u00e9ndose en cuestiones que est\u00e1n enraizadas y que cuestan mucho cambiar como la clase de juegos que desarrolla el hombre durante su infancia y adolescencia. En palabras de Jos\u00e9 Ignacio, \u201cel juego es una de las principales formas de aprendizaje y socializaci\u00f3n y parece que todav\u00eda chirr\u00eda que un ni\u00f1o pueda jugar con mu\u00f1ecas porque el juego todav\u00eda est\u00e1 muy generizado\u201d.<\/p>\n<p><strong>\u2018Voces por una Causa\u2019 es el podcast semanal de Entreculturas<\/strong>. Los programas se emiten todos los jueves en nuestro canal de <a href=\"https:\/\/www.youtube.com\/c\/EntreculturasOrg915902672\">Youtube<\/a>, en <a href=\"https:\/\/open.spotify.com\/show\/6dS5JsqnsWrnHL1gwead1A\">Spotify<\/a>, en <a href=\"https:\/\/www.ivoox.com\/perfil-entreculturas_a8_listener_28185270_1.html\">Ivoox<\/a>, y en <a href=\"https:\/\/podcasts.apple.com\/us\/podcast\/entreculturas-voces-por-una-causa\/id1621485462\">Apple Podcast<\/a>.<\/p>\n","protected":false},"excerpt":{"rendered":"<p>Esta semana en Voces por una Causa, la escritora Julia Navarro conversa con Jos\u00e9 Ignacio Pichardo, Doctor en Antropolog\u00eda Social y Director del Grupo de Investigaci\u00f3n \u201cAntropolog\u00eda, Diversidad y Convivencia\u201d de la Universidad Complutense de Madrid. Con \u00e9l, nos acercamos a un concepto que no es nuevo, pero s\u00ed, tal vez poco conocido: las nuevas masculinidades.<\/p>\n","protected":false},"featured_media":21560,"template":"podcast-imagen-sin-banner","meta":{"_acf_changed":false},"categories":[728],"tags":[],"class_list":["post-9395","podcast","type-podcast","status-publish","has-post-thumbnail","hentry","category-sin-categorizar"],"acf":[],"yoast_head":"<!-- This site is optimized with the Yoast SEO Premium plugin v21.6 (Yoast SEO v27.5) - https:\/\/yoast.com\/product\/yoast-seo-premium-wordpress\/ -->\n<title>&quot;Aunque a nivel social todav\u00eda no tenemos referentes claros de nuevas masculinidades, en el d\u00eda a d\u00eda s\u00ed que los tenemos&quot; - Entreculturas<\/title>\n<meta name=\"robots\" content=\"index, follow, max-snippet:-1, max-image-preview:large, max-video-preview:-1\" \/>\n<link rel=\"canonical\" href=\"https:\/\/www.entreculturas.org\/en\/podcast\/aunque-nivel-social-todavia-no-tenemos-referentes-claros-de-nuevas-masculinidades-en-el-dia\/\" \/>\n<meta property=\"og:locale\" content=\"en_US\" \/>\n<meta property=\"og:type\" content=\"article\" \/>\n<meta property=\"og:title\" content=\"&quot;Aunque a nivel social todav\u00eda no tenemos referentes claros de nuevas masculinidades, en el d\u00eda a d\u00eda s\u00ed que los tenemos&quot;\" \/>\n<meta property=\"og:description\" content=\"Esta semana en Voces por una Causa, la escritora Julia Navarro conversa con Jos\u00e9 Ignacio Pichardo, Doctor en Antropolog\u00eda Social y Director del Grupo de Investigaci\u00f3n \u201cAntropolog\u00eda, Diversidad y Convivencia\u201d de la Universidad Complutense de Madrid. Con \u00e9l, nos acercamos a un concepto que no es nuevo, pero s\u00ed, tal vez poco conocido: las nuevas masculinidades.\" \/>\n<meta property=\"og:url\" content=\"https:\/\/www.entreculturas.org\/en\/podcast\/aunque-nivel-social-todavia-no-tenemos-referentes-claros-de-nuevas-masculinidades-en-el-dia\/\" \/>\n<meta property=\"og:site_name\" content=\"Entreculturas\" \/>\n<meta property=\"article:publisher\" content=\"https:\/\/www.facebook.com\/entreculturas\" \/>\n<meta property=\"article:modified_time\" content=\"2024-02-23T13:10:34+00:00\" \/>\n<meta property=\"og:image\" content=\"https:\/\/www.entreculturas.org\/wp-content\/uploads\/2023\/10\/web-Pichardo.jpg\" \/>\n\t<meta property=\"og:image:width\" content=\"1920\" \/>\n\t<meta property=\"og:image:height\" content=\"1080\" \/>\n\t<meta property=\"og:image:type\" content=\"image\/jpeg\" \/>\n<meta name=\"twitter:card\" content=\"summary_large_image\" \/>\n<meta name=\"twitter:site\" content=\"@Entreculturas\" \/>\n<script type=\"application\/ld+json\" class=\"yoast-schema-graph\">{\"@context\":\"https:\\\/\\\/schema.org\",\"@graph\":[{\"@type\":\"WebPage\",\"@id\":\"https:\\\/\\\/www.entreculturas.org\\\/en\\\/podcast\\\/aunque-nivel-social-todavia-no-tenemos-referentes-claros-de-nuevas-masculinidades-en-el-dia\\\/\",\"url\":\"https:\\\/\\\/www.entreculturas.org\\\/en\\\/podcast\\\/aunque-nivel-social-todavia-no-tenemos-referentes-claros-de-nuevas-masculinidades-en-el-dia\\\/\",\"name\":\"\\\"Aunque a nivel social todav\u00eda no tenemos referentes claros de nuevas masculinidades, en el d\u00eda a d\u00eda s\u00ed que los tenemos\\\" - Entreculturas\",\"isPartOf\":{\"@id\":\"https:\\\/\\\/www.entreculturas.org\\\/en\\\/#website\"},\"primaryImageOfPage\":{\"@id\":\"https:\\\/\\\/www.entreculturas.org\\\/en\\\/podcast\\\/aunque-nivel-social-todavia-no-tenemos-referentes-claros-de-nuevas-masculinidades-en-el-dia\\\/#primaryimage\"},\"image\":{\"@id\":\"https:\\\/\\\/www.entreculturas.org\\\/en\\\/podcast\\\/aunque-nivel-social-todavia-no-tenemos-referentes-claros-de-nuevas-masculinidades-en-el-dia\\\/#primaryimage\"},\"thumbnailUrl\":\"https:\\\/\\\/www.entreculturas.org\\\/wp-content\\\/uploads\\\/2023\\\/10\\\/web-Pichardo.jpg\",\"datePublished\":\"2023-10-19T08:35:33+00:00\",\"dateModified\":\"2024-02-23T13:10:34+00:00\",\"breadcrumb\":{\"@id\":\"https:\\\/\\\/www.entreculturas.org\\\/en\\\/podcast\\\/aunque-nivel-social-todavia-no-tenemos-referentes-claros-de-nuevas-masculinidades-en-el-dia\\\/#breadcrumb\"},\"inLanguage\":\"en-US\",\"potentialAction\":[{\"@type\":\"ReadAction\",\"target\":[\"https:\\\/\\\/www.entreculturas.org\\\/en\\\/podcast\\\/aunque-nivel-social-todavia-no-tenemos-referentes-claros-de-nuevas-masculinidades-en-el-dia\\\/\"]}]},{\"@type\":\"ImageObject\",\"inLanguage\":\"en-US\",\"@id\":\"https:\\\/\\\/www.entreculturas.org\\\/en\\\/podcast\\\/aunque-nivel-social-todavia-no-tenemos-referentes-claros-de-nuevas-masculinidades-en-el-dia\\\/#primaryimage\",\"url\":\"https:\\\/\\\/www.entreculturas.org\\\/wp-content\\\/uploads\\\/2023\\\/10\\\/web-Pichardo.jpg\",\"contentUrl\":\"https:\\\/\\\/www.entreculturas.org\\\/wp-content\\\/uploads\\\/2023\\\/10\\\/web-Pichardo.jpg\",\"width\":1920,\"height\":1080},{\"@type\":\"BreadcrumbList\",\"@id\":\"https:\\\/\\\/www.entreculturas.org\\\/en\\\/podcast\\\/aunque-nivel-social-todavia-no-tenemos-referentes-claros-de-nuevas-masculinidades-en-el-dia\\\/#breadcrumb\",\"itemListElement\":[{\"@type\":\"ListItem\",\"position\":1,\"name\":\"Home\",\"item\":\"https:\\\/\\\/www.entreculturas.org\\\/en\\\/\"},{\"@type\":\"ListItem\",\"position\":2,\"name\":\"Podcast Julia Navarro\",\"item\":\"https:\\\/\\\/www.entreculturas.org\\\/en\\\/podcasts\\\/\"},{\"@type\":\"ListItem\",\"position\":3,\"name\":\"&#8220;Aunque a nivel social todav\u00eda no tenemos referentes claros de nuevas masculinidades, en el d\u00eda a d\u00eda s\u00ed que los tenemos&#8221;\"}]},{\"@type\":\"WebSite\",\"@id\":\"https:\\\/\\\/www.entreculturas.org\\\/en\\\/#website\",\"url\":\"https:\\\/\\\/www.entreculturas.org\\\/en\\\/\",\"name\":\"Entreculturas\",\"description\":\"\",\"publisher\":{\"@id\":\"https:\\\/\\\/www.entreculturas.org\\\/en\\\/#organization\"},\"alternateName\":\"Entreculturas\",\"potentialAction\":[{\"@type\":\"SearchAction\",\"target\":{\"@type\":\"EntryPoint\",\"urlTemplate\":\"https:\\\/\\\/www.entreculturas.org\\\/en\\\/?s={search_term_string}\"},\"query-input\":{\"@type\":\"PropertyValueSpecification\",\"valueRequired\":true,\"valueName\":\"search_term_string\"}}],\"inLanguage\":\"en-US\"},{\"@type\":\"Organization\",\"@id\":\"https:\\\/\\\/www.entreculturas.org\\\/en\\\/#organization\",\"name\":\"Entreculturas\",\"url\":\"https:\\\/\\\/www.entreculturas.org\\\/en\\\/\",\"logo\":{\"@type\":\"ImageObject\",\"inLanguage\":\"en-US\",\"@id\":\"https:\\\/\\\/www.entreculturas.org\\\/en\\\/#\\\/schema\\\/logo\\\/image\\\/\",\"url\":\"https:\\\/\\\/www.entreculturas.org\\\/wp-content\\\/uploads\\\/2025\\\/10\\\/ESP.svg\",\"contentUrl\":\"https:\\\/\\\/www.entreculturas.org\\\/wp-content\\\/uploads\\\/2025\\\/10\\\/ESP.svg\",\"caption\":\"Entreculturas\"},\"image\":{\"@id\":\"https:\\\/\\\/www.entreculturas.org\\\/en\\\/#\\\/schema\\\/logo\\\/image\\\/\"},\"sameAs\":[\"https:\\\/\\\/www.facebook.com\\\/entreculturas\",\"https:\\\/\\\/x.com\\\/Entreculturas\",\"https:\\\/\\\/www.instagram.com\\\/entreculturas\\\/\",\"https:\\\/\\\/www.youtube.com\\\/user\\\/entreculturasvideo\",\"https:\\\/\\\/www.linkedin.com\\\/company\\\/fundacion-entreculturas-ngdo\\\/\",\"https:\\\/\\\/www.flickr.com\\\/photos\\\/98455522@N04\\\/albums\\\/\"]}]}<\/script>\n<!-- \/ Yoast SEO Premium plugin. -->","yoast_head_json":{"title":"\"Aunque a nivel social todav\u00eda no tenemos referentes claros de nuevas masculinidades, en el d\u00eda a d\u00eda s\u00ed que los tenemos\" - Entreculturas","robots":{"index":"index","follow":"follow","max-snippet":"max-snippet:-1","max-image-preview":"max-image-preview:large","max-video-preview":"max-video-preview:-1"},"canonical":"https:\/\/www.entreculturas.org\/en\/podcast\/aunque-nivel-social-todavia-no-tenemos-referentes-claros-de-nuevas-masculinidades-en-el-dia\/","og_locale":"en_US","og_type":"article","og_title":"\"Aunque a nivel social todav\u00eda no tenemos referentes claros de nuevas masculinidades, en el d\u00eda a d\u00eda s\u00ed que los tenemos\"","og_description":"Esta semana en Voces por una Causa, la escritora Julia Navarro conversa con Jos\u00e9 Ignacio Pichardo, Doctor en Antropolog\u00eda Social y Director del Grupo de Investigaci\u00f3n \u201cAntropolog\u00eda, Diversidad y Convivencia\u201d de la Universidad Complutense de Madrid. Con \u00e9l, nos acercamos a un concepto que no es nuevo, pero s\u00ed, tal vez poco conocido: las nuevas masculinidades.","og_url":"https:\/\/www.entreculturas.org\/en\/podcast\/aunque-nivel-social-todavia-no-tenemos-referentes-claros-de-nuevas-masculinidades-en-el-dia\/","og_site_name":"Entreculturas","article_publisher":"https:\/\/www.facebook.com\/entreculturas","article_modified_time":"2024-02-23T13:10:34+00:00","og_image":[{"width":1920,"height":1080,"url":"https:\/\/www.entreculturas.org\/wp-content\/uploads\/2023\/10\/web-Pichardo.jpg","type":"image\/jpeg"}],"twitter_card":"summary_large_image","twitter_site":"@Entreculturas","schema":{"@context":"https:\/\/schema.org","@graph":[{"@type":"WebPage","@id":"https:\/\/www.entreculturas.org\/en\/podcast\/aunque-nivel-social-todavia-no-tenemos-referentes-claros-de-nuevas-masculinidades-en-el-dia\/","url":"https:\/\/www.entreculturas.org\/en\/podcast\/aunque-nivel-social-todavia-no-tenemos-referentes-claros-de-nuevas-masculinidades-en-el-dia\/","name":"\"Aunque a nivel social todav\u00eda no tenemos referentes claros de nuevas masculinidades, en el d\u00eda a d\u00eda s\u00ed que los tenemos\" - Entreculturas","isPartOf":{"@id":"https:\/\/www.entreculturas.org\/en\/#website"},"primaryImageOfPage":{"@id":"https:\/\/www.entreculturas.org\/en\/podcast\/aunque-nivel-social-todavia-no-tenemos-referentes-claros-de-nuevas-masculinidades-en-el-dia\/#primaryimage"},"image":{"@id":"https:\/\/www.entreculturas.org\/en\/podcast\/aunque-nivel-social-todavia-no-tenemos-referentes-claros-de-nuevas-masculinidades-en-el-dia\/#primaryimage"},"thumbnailUrl":"https:\/\/www.entreculturas.org\/wp-content\/uploads\/2023\/10\/web-Pichardo.jpg","datePublished":"2023-10-19T08:35:33+00:00","dateModified":"2024-02-23T13:10:34+00:00","breadcrumb":{"@id":"https:\/\/www.entreculturas.org\/en\/podcast\/aunque-nivel-social-todavia-no-tenemos-referentes-claros-de-nuevas-masculinidades-en-el-dia\/#breadcrumb"},"inLanguage":"en-US","potentialAction":[{"@type":"ReadAction","target":["https:\/\/www.entreculturas.org\/en\/podcast\/aunque-nivel-social-todavia-no-tenemos-referentes-claros-de-nuevas-masculinidades-en-el-dia\/"]}]},{"@type":"ImageObject","inLanguage":"en-US","@id":"https:\/\/www.entreculturas.org\/en\/podcast\/aunque-nivel-social-todavia-no-tenemos-referentes-claros-de-nuevas-masculinidades-en-el-dia\/#primaryimage","url":"https:\/\/www.entreculturas.org\/wp-content\/uploads\/2023\/10\/web-Pichardo.jpg","contentUrl":"https:\/\/www.entreculturas.org\/wp-content\/uploads\/2023\/10\/web-Pichardo.jpg","width":1920,"height":1080},{"@type":"BreadcrumbList","@id":"https:\/\/www.entreculturas.org\/en\/podcast\/aunque-nivel-social-todavia-no-tenemos-referentes-claros-de-nuevas-masculinidades-en-el-dia\/#breadcrumb","itemListElement":[{"@type":"ListItem","position":1,"name":"Home","item":"https:\/\/www.entreculturas.org\/en\/"},{"@type":"ListItem","position":2,"name":"Podcast Julia Navarro","item":"https:\/\/www.entreculturas.org\/en\/podcasts\/"},{"@type":"ListItem","position":3,"name":"&#8220;Aunque a nivel social todav\u00eda no tenemos referentes claros de nuevas masculinidades, en el d\u00eda a d\u00eda s\u00ed que los tenemos&#8221;"}]},{"@type":"WebSite","@id":"https:\/\/www.entreculturas.org\/en\/#website","url":"https:\/\/www.entreculturas.org\/en\/","name":"Entreculturas","description":"","publisher":{"@id":"https:\/\/www.entreculturas.org\/en\/#organization"},"alternateName":"Entreculturas","potentialAction":[{"@type":"SearchAction","target":{"@type":"EntryPoint","urlTemplate":"https:\/\/www.entreculturas.org\/en\/?s={search_term_string}"},"query-input":{"@type":"PropertyValueSpecification","valueRequired":true,"valueName":"search_term_string"}}],"inLanguage":"en-US"},{"@type":"Organization","@id":"https:\/\/www.entreculturas.org\/en\/#organization","name":"Entreculturas","url":"https:\/\/www.entreculturas.org\/en\/","logo":{"@type":"ImageObject","inLanguage":"en-US","@id":"https:\/\/www.entreculturas.org\/en\/#\/schema\/logo\/image\/","url":"https:\/\/www.entreculturas.org\/wp-content\/uploads\/2025\/10\/ESP.svg","contentUrl":"https:\/\/www.entreculturas.org\/wp-content\/uploads\/2025\/10\/ESP.svg","caption":"Entreculturas"},"image":{"@id":"https:\/\/www.entreculturas.org\/en\/#\/schema\/logo\/image\/"},"sameAs":["https:\/\/www.facebook.com\/entreculturas","https:\/\/x.com\/Entreculturas","https:\/\/www.instagram.com\/entreculturas\/","https:\/\/www.youtube.com\/user\/entreculturasvideo","https:\/\/www.linkedin.com\/company\/fundacion-entreculturas-ngdo\/","https:\/\/www.flickr.com\/photos\/98455522@N04\/albums\/"]}]}},"_links":{"self":[{"href":"https:\/\/www.entreculturas.org\/en\/wp-json\/wp\/v2\/podcast\/9395","targetHints":{"allow":["GET"]}}],"collection":[{"href":"https:\/\/www.entreculturas.org\/en\/wp-json\/wp\/v2\/podcast"}],"about":[{"href":"https:\/\/www.entreculturas.org\/en\/wp-json\/wp\/v2\/types\/podcast"}],"wp:featuredmedia":[{"embeddable":true,"href":"https:\/\/www.entreculturas.org\/en\/wp-json\/wp\/v2\/media\/21560"}],"wp:attachment":[{"href":"https:\/\/www.entreculturas.org\/en\/wp-json\/wp\/v2\/media?parent=9395"}],"wp:term":[{"taxonomy":"category","embeddable":true,"href":"https:\/\/www.entreculturas.org\/en\/wp-json\/wp\/v2\/categories?post=9395"},{"taxonomy":"post_tag","embeddable":true,"href":"https:\/\/www.entreculturas.org\/en\/wp-json\/wp\/v2\/tags?post=9395"}],"curies":[{"name":"wp","href":"https:\/\/api.w.org\/{rel}","templated":true}]}}