{"id":9368,"date":"2023-09-28T08:54:51","date_gmt":"2023-09-28T06:54:51","guid":{"rendered":"https:\/\/www.entreculturas.org\/noticia\/es-en-las-escuelas-donde-comprendemos-que-el-perdon-la-reconciliacion-y-otro-tipo-de\/"},"modified":"2024-01-18T14:52:10","modified_gmt":"2024-01-18T13:52:10","slug":"es-en-las-escuelas-donde-comprendemos-que-el-perdon-la-reconciliacion-y-otro-tipo-de","status":"publish","type":"podcast","link":"https:\/\/www.entreculturas.org\/en\/podcast\/es-en-las-escuelas-donde-comprendemos-que-el-perdon-la-reconciliacion-y-otro-tipo-de\/","title":{"rendered":"&#8220;Es en las escuelas donde comprendemos que el perd\u00f3n, la reconciliaci\u00f3n y otro tipo de justicia son posibles y necesarias\u201d"},"content":{"rendered":"<\/p>\n<p>Esta semana en Voces por una Causa, la escritora<strong> Julia Navarro conversa con Sabrina Burgos, Directora de Nuevas Fronteras y Acci\u00f3n p\u00fablica de Fe y Alegr\u00eda Colombia<\/strong>. Con ella, nos acercamos al importante papel que juega la educaci\u00f3n en la construcci\u00f3n de la paz a ra\u00edz del s\u00e9ptimo aniversario del Acuerdo de Paz entre el gobierno colombiano y las FARC<\/p>\n<p>En este cap\u00edtulo de nuestro podcast, Sabrina nos habla de <a href=\"https:\/\/educapaz.co\/\">EDUCAPAZ <\/a>como \u201cun sue\u00f1o colectivo y una apuesta pol\u00edtica de Colombia como pa\u00eds\u201d. Un proyecto que naci\u00f3 a partir de la iniciativa de la Comisi\u00f3n de la Verdad en 2016 y que busc\u00f3 aunar esfuerzos entre diferentes entidades educativas para <strong>\u201cdar una respuesta m\u00e1s articulada a los desaf\u00edos que viven los territorios en donde la marca del conflicto es m\u00e1s profunda<\/strong>, como las zonas rurales apartadas del pa\u00eds&#8221;.&nbsp;<\/p>\n<p>Adem\u00e1s, Sabrina y Julia profundizan en una l\u00ednea especialmente importante del proyecto que se denomina <a href=\"https:\/\/educapaz.co\/crese\/\">CRESE<\/a>, Educaci\u00f3n Socioemocional Ciudadana para la Reconciliaci\u00f3n. En palabras de Sabrina, a trav\u00e9s de ella \u201cse intenta <strong>colocar en el interior de las instituciones educativas la posibilidad de reconfigurar la convivencia<\/strong>, a la vez que se desmantela y desnaturaliza las pr\u00e1cticas aprendidas durante la guerra para as\u00ed gestionar la escuela desde otra mirada que permita restaurar los v\u00ednculos que fueron quebrantados en el marco del conflicto y proponer otras formas de relacionarse\u201d.&nbsp;<\/p>\n<p>Sabrina tambi\u00e9n recalca la importancia de <strong>\u201cromper el silencio y la indiferencia\u201d<\/strong> desde las escuelas para as\u00ed \u201cponer sobre el centro de la convivencia la posibilidad de pasar de una justicia punitiva a una justicia restaurativa que te permita no identificar qui\u00e9n fue el culpable y c\u00f3mo se le castiga, sino conocer cu\u00e1les fueron los hechos y las personas que estaban involucradas\u201d.&nbsp;<\/p>\n<p><strong>\u2018Voces por una Causa\u2019 es el podcast semanal de Entreculturas<\/strong>. Los programas se emiten todos los jueves en nuestro canal de <a href=\"https:\/\/www.youtube.com\/c\/EntreculturasOrg915902672\">Youtube<\/a>, en <a href=\"https:\/\/open.spotify.com\/show\/6dS5JsqnsWrnHL1gwead1A\">Spotify<\/a>, en <a href=\"https:\/\/www.ivoox.com\/perfil-entreculturas_a8_listener_28185270_1.html\">Ivoox<\/a>, y en <a href=\"https:\/\/podcasts.apple.com\/us\/podcast\/entreculturas-voces-por-una-causa\/id1621485462\">Apple Podcast<\/a>.<\/p>\n","protected":false},"excerpt":{"rendered":"<p>Esta semana en Voces por una Causa, la escritora Julia Navarro conversa con Sabrina Burgos, Directora de Nuevas Fronteras y Acci\u00f3n p\u00fablica de Fe y Alegr\u00eda Colombia. Con ella, nos acercamos al importante papel que juega la educaci\u00f3n en la construcci\u00f3n de la paz a ra\u00edz del s\u00e9ptimo aniversario del Acuerdo de Paz entre el gobierno colombiano y las FARC<\/p>\n","protected":false},"featured_media":9369,"template":"podcast-imagen-sin-banner","meta":{"_acf_changed":false},"categories":[728],"tags":[],"class_list":["post-9368","podcast","type-podcast","status-publish","has-post-thumbnail","hentry","category-sin-categorizar"],"acf":[],"yoast_head":"<!-- This site is optimized with the Yoast SEO Premium plugin v21.6 (Yoast SEO v27.5) - https:\/\/yoast.com\/product\/yoast-seo-premium-wordpress\/ -->\n<title>&quot;Es en las escuelas donde comprendemos que el perd\u00f3n, la reconciliaci\u00f3n y otro tipo de justicia son posibles y necesarias\u201d - Entreculturas<\/title>\n<meta name=\"robots\" content=\"index, follow, max-snippet:-1, max-image-preview:large, max-video-preview:-1\" \/>\n<link rel=\"canonical\" href=\"https:\/\/www.entreculturas.org\/en\/podcast\/es-en-las-escuelas-donde-comprendemos-que-el-perdon-la-reconciliacion-y-otro-tipo-de\/\" \/>\n<meta property=\"og:locale\" content=\"en_US\" \/>\n<meta property=\"og:type\" content=\"article\" \/>\n<meta property=\"og:title\" content=\"&quot;Es en las escuelas donde comprendemos que el perd\u00f3n, la reconciliaci\u00f3n y otro tipo de justicia son posibles y necesarias\u201d\" \/>\n<meta property=\"og:description\" content=\"Esta semana en Voces por una Causa, la escritora Julia Navarro conversa con Sabrina Burgos, Directora de Nuevas Fronteras y Acci\u00f3n p\u00fablica de Fe y Alegr\u00eda Colombia. Con ella, nos acercamos al importante papel que juega la educaci\u00f3n en la construcci\u00f3n de la paz a ra\u00edz del s\u00e9ptimo aniversario del Acuerdo de Paz entre el gobierno colombiano y las FARC\" \/>\n<meta property=\"og:url\" content=\"https:\/\/www.entreculturas.org\/en\/podcast\/es-en-las-escuelas-donde-comprendemos-que-el-perdon-la-reconciliacion-y-otro-tipo-de\/\" \/>\n<meta property=\"og:site_name\" content=\"Entreculturas\" \/>\n<meta property=\"article:publisher\" content=\"https:\/\/www.facebook.com\/entreculturas\" \/>\n<meta property=\"article:modified_time\" content=\"2024-01-18T13:52:10+00:00\" \/>\n<meta property=\"og:image\" content=\"https:\/\/www.entreculturas.org\/wp-content\/uploads\/2023\/12\/web_-_sabrina_-_version_2.jpg\" \/>\n\t<meta property=\"og:image:width\" content=\"1920\" \/>\n\t<meta property=\"og:image:height\" content=\"1080\" \/>\n\t<meta property=\"og:image:type\" content=\"image\/jpeg\" \/>\n<meta name=\"twitter:card\" content=\"summary_large_image\" \/>\n<meta name=\"twitter:site\" content=\"@Entreculturas\" \/>\n<script type=\"application\/ld+json\" class=\"yoast-schema-graph\">{\"@context\":\"https:\\\/\\\/schema.org\",\"@graph\":[{\"@type\":\"WebPage\",\"@id\":\"https:\\\/\\\/www.entreculturas.org\\\/en\\\/podcast\\\/es-en-las-escuelas-donde-comprendemos-que-el-perdon-la-reconciliacion-y-otro-tipo-de\\\/\",\"url\":\"https:\\\/\\\/www.entreculturas.org\\\/en\\\/podcast\\\/es-en-las-escuelas-donde-comprendemos-que-el-perdon-la-reconciliacion-y-otro-tipo-de\\\/\",\"name\":\"\\\"Es en las escuelas donde comprendemos que el perd\u00f3n, la reconciliaci\u00f3n y otro tipo de justicia son posibles y necesarias\u201d - Entreculturas\",\"isPartOf\":{\"@id\":\"https:\\\/\\\/www.entreculturas.org\\\/en\\\/#website\"},\"primaryImageOfPage\":{\"@id\":\"https:\\\/\\\/www.entreculturas.org\\\/en\\\/podcast\\\/es-en-las-escuelas-donde-comprendemos-que-el-perdon-la-reconciliacion-y-otro-tipo-de\\\/#primaryimage\"},\"image\":{\"@id\":\"https:\\\/\\\/www.entreculturas.org\\\/en\\\/podcast\\\/es-en-las-escuelas-donde-comprendemos-que-el-perdon-la-reconciliacion-y-otro-tipo-de\\\/#primaryimage\"},\"thumbnailUrl\":\"https:\\\/\\\/www.entreculturas.org\\\/wp-content\\\/uploads\\\/2023\\\/12\\\/web_-_sabrina_-_version_2.jpg\",\"datePublished\":\"2023-09-28T06:54:51+00:00\",\"dateModified\":\"2024-01-18T13:52:10+00:00\",\"breadcrumb\":{\"@id\":\"https:\\\/\\\/www.entreculturas.org\\\/en\\\/podcast\\\/es-en-las-escuelas-donde-comprendemos-que-el-perdon-la-reconciliacion-y-otro-tipo-de\\\/#breadcrumb\"},\"inLanguage\":\"en-US\",\"potentialAction\":[{\"@type\":\"ReadAction\",\"target\":[\"https:\\\/\\\/www.entreculturas.org\\\/en\\\/podcast\\\/es-en-las-escuelas-donde-comprendemos-que-el-perdon-la-reconciliacion-y-otro-tipo-de\\\/\"]}]},{\"@type\":\"ImageObject\",\"inLanguage\":\"en-US\",\"@id\":\"https:\\\/\\\/www.entreculturas.org\\\/en\\\/podcast\\\/es-en-las-escuelas-donde-comprendemos-que-el-perdon-la-reconciliacion-y-otro-tipo-de\\\/#primaryimage\",\"url\":\"https:\\\/\\\/www.entreculturas.org\\\/wp-content\\\/uploads\\\/2023\\\/12\\\/web_-_sabrina_-_version_2.jpg\",\"contentUrl\":\"https:\\\/\\\/www.entreculturas.org\\\/wp-content\\\/uploads\\\/2023\\\/12\\\/web_-_sabrina_-_version_2.jpg\",\"width\":1920,\"height\":1080,\"caption\":\"web_-_sabrina_-_version_2\"},{\"@type\":\"BreadcrumbList\",\"@id\":\"https:\\\/\\\/www.entreculturas.org\\\/en\\\/podcast\\\/es-en-las-escuelas-donde-comprendemos-que-el-perdon-la-reconciliacion-y-otro-tipo-de\\\/#breadcrumb\",\"itemListElement\":[{\"@type\":\"ListItem\",\"position\":1,\"name\":\"Home\",\"item\":\"https:\\\/\\\/www.entreculturas.org\\\/en\\\/\"},{\"@type\":\"ListItem\",\"position\":2,\"name\":\"Podcast Julia Navarro\",\"item\":\"https:\\\/\\\/www.entreculturas.org\\\/en\\\/podcasts\\\/\"},{\"@type\":\"ListItem\",\"position\":3,\"name\":\"&#8220;Es en las escuelas donde comprendemos que el perd\u00f3n, la reconciliaci\u00f3n y otro tipo de justicia son posibles y necesarias\u201d\"}]},{\"@type\":\"WebSite\",\"@id\":\"https:\\\/\\\/www.entreculturas.org\\\/en\\\/#website\",\"url\":\"https:\\\/\\\/www.entreculturas.org\\\/en\\\/\",\"name\":\"Entreculturas\",\"description\":\"\",\"publisher\":{\"@id\":\"https:\\\/\\\/www.entreculturas.org\\\/en\\\/#organization\"},\"alternateName\":\"Entreculturas\",\"potentialAction\":[{\"@type\":\"SearchAction\",\"target\":{\"@type\":\"EntryPoint\",\"urlTemplate\":\"https:\\\/\\\/www.entreculturas.org\\\/en\\\/?s={search_term_string}\"},\"query-input\":{\"@type\":\"PropertyValueSpecification\",\"valueRequired\":true,\"valueName\":\"search_term_string\"}}],\"inLanguage\":\"en-US\"},{\"@type\":\"Organization\",\"@id\":\"https:\\\/\\\/www.entreculturas.org\\\/en\\\/#organization\",\"name\":\"Entreculturas\",\"url\":\"https:\\\/\\\/www.entreculturas.org\\\/en\\\/\",\"logo\":{\"@type\":\"ImageObject\",\"inLanguage\":\"en-US\",\"@id\":\"https:\\\/\\\/www.entreculturas.org\\\/en\\\/#\\\/schema\\\/logo\\\/image\\\/\",\"url\":\"https:\\\/\\\/www.entreculturas.org\\\/wp-content\\\/uploads\\\/2025\\\/10\\\/ESP.svg\",\"contentUrl\":\"https:\\\/\\\/www.entreculturas.org\\\/wp-content\\\/uploads\\\/2025\\\/10\\\/ESP.svg\",\"caption\":\"Entreculturas\"},\"image\":{\"@id\":\"https:\\\/\\\/www.entreculturas.org\\\/en\\\/#\\\/schema\\\/logo\\\/image\\\/\"},\"sameAs\":[\"https:\\\/\\\/www.facebook.com\\\/entreculturas\",\"https:\\\/\\\/x.com\\\/Entreculturas\",\"https:\\\/\\\/www.instagram.com\\\/entreculturas\\\/\",\"https:\\\/\\\/www.youtube.com\\\/user\\\/entreculturasvideo\",\"https:\\\/\\\/www.linkedin.com\\\/company\\\/fundacion-entreculturas-ngdo\\\/\",\"https:\\\/\\\/www.flickr.com\\\/photos\\\/98455522@N04\\\/albums\\\/\"]}]}<\/script>\n<!-- \/ Yoast SEO Premium plugin. -->","yoast_head_json":{"title":"\"Es en las escuelas donde comprendemos que el perd\u00f3n, la reconciliaci\u00f3n y otro tipo de justicia son posibles y necesarias\u201d - Entreculturas","robots":{"index":"index","follow":"follow","max-snippet":"max-snippet:-1","max-image-preview":"max-image-preview:large","max-video-preview":"max-video-preview:-1"},"canonical":"https:\/\/www.entreculturas.org\/en\/podcast\/es-en-las-escuelas-donde-comprendemos-que-el-perdon-la-reconciliacion-y-otro-tipo-de\/","og_locale":"en_US","og_type":"article","og_title":"\"Es en las escuelas donde comprendemos que el perd\u00f3n, la reconciliaci\u00f3n y otro tipo de justicia son posibles y necesarias\u201d","og_description":"Esta semana en Voces por una Causa, la escritora Julia Navarro conversa con Sabrina Burgos, Directora de Nuevas Fronteras y Acci\u00f3n p\u00fablica de Fe y Alegr\u00eda Colombia. Con ella, nos acercamos al importante papel que juega la educaci\u00f3n en la construcci\u00f3n de la paz a ra\u00edz del s\u00e9ptimo aniversario del Acuerdo de Paz entre el gobierno colombiano y las FARC","og_url":"https:\/\/www.entreculturas.org\/en\/podcast\/es-en-las-escuelas-donde-comprendemos-que-el-perdon-la-reconciliacion-y-otro-tipo-de\/","og_site_name":"Entreculturas","article_publisher":"https:\/\/www.facebook.com\/entreculturas","article_modified_time":"2024-01-18T13:52:10+00:00","og_image":[{"width":1920,"height":1080,"url":"https:\/\/www.entreculturas.org\/wp-content\/uploads\/2023\/12\/web_-_sabrina_-_version_2.jpg","type":"image\/jpeg"}],"twitter_card":"summary_large_image","twitter_site":"@Entreculturas","schema":{"@context":"https:\/\/schema.org","@graph":[{"@type":"WebPage","@id":"https:\/\/www.entreculturas.org\/en\/podcast\/es-en-las-escuelas-donde-comprendemos-que-el-perdon-la-reconciliacion-y-otro-tipo-de\/","url":"https:\/\/www.entreculturas.org\/en\/podcast\/es-en-las-escuelas-donde-comprendemos-que-el-perdon-la-reconciliacion-y-otro-tipo-de\/","name":"\"Es en las escuelas donde comprendemos que el perd\u00f3n, la reconciliaci\u00f3n y otro tipo de justicia son posibles y necesarias\u201d - Entreculturas","isPartOf":{"@id":"https:\/\/www.entreculturas.org\/en\/#website"},"primaryImageOfPage":{"@id":"https:\/\/www.entreculturas.org\/en\/podcast\/es-en-las-escuelas-donde-comprendemos-que-el-perdon-la-reconciliacion-y-otro-tipo-de\/#primaryimage"},"image":{"@id":"https:\/\/www.entreculturas.org\/en\/podcast\/es-en-las-escuelas-donde-comprendemos-que-el-perdon-la-reconciliacion-y-otro-tipo-de\/#primaryimage"},"thumbnailUrl":"https:\/\/www.entreculturas.org\/wp-content\/uploads\/2023\/12\/web_-_sabrina_-_version_2.jpg","datePublished":"2023-09-28T06:54:51+00:00","dateModified":"2024-01-18T13:52:10+00:00","breadcrumb":{"@id":"https:\/\/www.entreculturas.org\/en\/podcast\/es-en-las-escuelas-donde-comprendemos-que-el-perdon-la-reconciliacion-y-otro-tipo-de\/#breadcrumb"},"inLanguage":"en-US","potentialAction":[{"@type":"ReadAction","target":["https:\/\/www.entreculturas.org\/en\/podcast\/es-en-las-escuelas-donde-comprendemos-que-el-perdon-la-reconciliacion-y-otro-tipo-de\/"]}]},{"@type":"ImageObject","inLanguage":"en-US","@id":"https:\/\/www.entreculturas.org\/en\/podcast\/es-en-las-escuelas-donde-comprendemos-que-el-perdon-la-reconciliacion-y-otro-tipo-de\/#primaryimage","url":"https:\/\/www.entreculturas.org\/wp-content\/uploads\/2023\/12\/web_-_sabrina_-_version_2.jpg","contentUrl":"https:\/\/www.entreculturas.org\/wp-content\/uploads\/2023\/12\/web_-_sabrina_-_version_2.jpg","width":1920,"height":1080,"caption":"web_-_sabrina_-_version_2"},{"@type":"BreadcrumbList","@id":"https:\/\/www.entreculturas.org\/en\/podcast\/es-en-las-escuelas-donde-comprendemos-que-el-perdon-la-reconciliacion-y-otro-tipo-de\/#breadcrumb","itemListElement":[{"@type":"ListItem","position":1,"name":"Home","item":"https:\/\/www.entreculturas.org\/en\/"},{"@type":"ListItem","position":2,"name":"Podcast Julia Navarro","item":"https:\/\/www.entreculturas.org\/en\/podcasts\/"},{"@type":"ListItem","position":3,"name":"&#8220;Es en las escuelas donde comprendemos que el perd\u00f3n, la reconciliaci\u00f3n y otro tipo de justicia son posibles y necesarias\u201d"}]},{"@type":"WebSite","@id":"https:\/\/www.entreculturas.org\/en\/#website","url":"https:\/\/www.entreculturas.org\/en\/","name":"Entreculturas","description":"","publisher":{"@id":"https:\/\/www.entreculturas.org\/en\/#organization"},"alternateName":"Entreculturas","potentialAction":[{"@type":"SearchAction","target":{"@type":"EntryPoint","urlTemplate":"https:\/\/www.entreculturas.org\/en\/?s={search_term_string}"},"query-input":{"@type":"PropertyValueSpecification","valueRequired":true,"valueName":"search_term_string"}}],"inLanguage":"en-US"},{"@type":"Organization","@id":"https:\/\/www.entreculturas.org\/en\/#organization","name":"Entreculturas","url":"https:\/\/www.entreculturas.org\/en\/","logo":{"@type":"ImageObject","inLanguage":"en-US","@id":"https:\/\/www.entreculturas.org\/en\/#\/schema\/logo\/image\/","url":"https:\/\/www.entreculturas.org\/wp-content\/uploads\/2025\/10\/ESP.svg","contentUrl":"https:\/\/www.entreculturas.org\/wp-content\/uploads\/2025\/10\/ESP.svg","caption":"Entreculturas"},"image":{"@id":"https:\/\/www.entreculturas.org\/en\/#\/schema\/logo\/image\/"},"sameAs":["https:\/\/www.facebook.com\/entreculturas","https:\/\/x.com\/Entreculturas","https:\/\/www.instagram.com\/entreculturas\/","https:\/\/www.youtube.com\/user\/entreculturasvideo","https:\/\/www.linkedin.com\/company\/fundacion-entreculturas-ngdo\/","https:\/\/www.flickr.com\/photos\/98455522@N04\/albums\/"]}]}},"_links":{"self":[{"href":"https:\/\/www.entreculturas.org\/en\/wp-json\/wp\/v2\/podcast\/9368","targetHints":{"allow":["GET"]}}],"collection":[{"href":"https:\/\/www.entreculturas.org\/en\/wp-json\/wp\/v2\/podcast"}],"about":[{"href":"https:\/\/www.entreculturas.org\/en\/wp-json\/wp\/v2\/types\/podcast"}],"wp:featuredmedia":[{"embeddable":true,"href":"https:\/\/www.entreculturas.org\/en\/wp-json\/wp\/v2\/media\/9369"}],"wp:attachment":[{"href":"https:\/\/www.entreculturas.org\/en\/wp-json\/wp\/v2\/media?parent=9368"}],"wp:term":[{"taxonomy":"category","embeddable":true,"href":"https:\/\/www.entreculturas.org\/en\/wp-json\/wp\/v2\/categories?post=9368"},{"taxonomy":"post_tag","embeddable":true,"href":"https:\/\/www.entreculturas.org\/en\/wp-json\/wp\/v2\/tags?post=9368"}],"curies":[{"name":"wp","href":"https:\/\/api.w.org\/{rel}","templated":true}]}}