{"id":7089,"date":"2023-09-14T09:50:26","date_gmt":"2023-11-27T10:34:35","guid":{"rendered":"https:\/\/entreculturasi.wpenginepowered.com\/?noticias=arranca-la-4a-temporada-de-vocesporunacausa-con-julia-navarro-hablando-sobre-la-silla-roja"},"modified":"2024-01-18T14:50:00","modified_gmt":"2024-01-18T13:50:00","slug":"arranca-la-4a-temporada-de-vocesporunacausa-con-julia-navarro-hablando-sobre-la-silla-roja","status":"publish","type":"podcast","link":"https:\/\/www.entreculturas.org\/en\/podcast\/arranca-la-4a-temporada-de-vocesporunacausa-con-julia-navarro-hablando-sobre-la-silla-roja\/","title":{"rendered":"Arranca la 4\u00aa temporada de #VocesPorUnaCausa con Julia Navarro hablando sobre &#8216;La Silla Roja&#8217;"},"content":{"rendered":"<\/p>\n<p>Tras unas semanas de descanso veraniego, damos la bienvenida a la 4\u00aa temporada de nuestro podcast Voces por una Causa con un nuevo cap\u00edtulo en el que <strong>la escritora Julia Navarro profundiza sobre <a href=\"https:\/\/lasillaroja.org\/\">La Silla Roja<\/a><\/strong>, nuestra veterana campa\u00f1a de vuelta al cole, que este a\u00f1o, bajo el lema \u201cDejadnos aprender en paz\u201d, reivindica la importancia de la educaci\u00f3n en contextos de emergencia. Para ello, cuenta en el estudio con <strong>Macarena Romero, responsable del departamento de incidencia pol\u00edtica de Entreculturas<\/strong>, con la que conversa sobre el <a href=\"https:\/\/lasillaroja.org\/wp-content\/uploads\/2023\/08\/Informe_Rojo_Educacion-en_crisis.pdf\">informe<\/a>, \u2018Escuelas en crisis\u2019, uno de los pilares principales de la campa\u00f1a.&nbsp;<\/p>\n<p>En este cap\u00edtulo de nuestro podcast, Macarena relata c\u00f3mo el informe ofrece una panor\u00e1mica de las consecuencias educativas que tienen las distintas crisis que golpean el planeta, poniendo el foco especialmente en el continente africano. <strong>\u201cHay muchos pa\u00edses que concatenan conflictos con emergencias, lo que provoca crisis prolongadas<\/strong> y retos muy complejos relacionados con la seguridad alimentaria y con el derecho a la educaci\u00f3n\u201d, detalla Macarena, para despu\u00e9s se\u00f1alar que en muchas ocasiones los gobiernos tambi\u00e9n tienen que enfrentarse a \u201clos efectos dram\u00e1ticos del cambio clim\u00e1tico\u201d en su territorio.&nbsp;<\/p>\n<p>Adem\u00e1s, Macarena y Julia conversan sobre el poder transformador que tiene la educaci\u00f3n y c\u00f3mo se transmite a trav\u00e9s de las escuelas que <strong>\u201cjuegan un papel determinante en la adaptaci\u00f3n al cambio clim\u00e1tico y en la recuperaci\u00f3n<\/strong>, rehabilitaci\u00f3n y reconstrucci\u00f3n despu\u00e9s de los desastres y los conflictos, un rol que cada vez est\u00e1 m\u00e1s presente en las discusiones de la comunidad internacional\u201d. Una reflexi\u00f3n que conoce de primera mano, Charity, una ni\u00f1a sur sudanesa refugiada en Uganda: \u201cGracias a la educaci\u00f3n estoy luchando por mi futuro, por ser alguien importante alg\u00fan d\u00eda\u201d.&nbsp;<\/p>\n<p>Macarena tambi\u00e9n recalca la <strong>necesidad de aumentar la financiaci\u00f3n de la educaci\u00f3n en emergencia<\/strong>, siendo un elemento \u201ccrucial para llegar a los 33 millones de ni\u00f1os, ni\u00f1as y adolescentes que se encuentran fuera de la escuela en los pa\u00edses afectados por conflictos\u201d. Otros dos aspectos muy importantes, reflexiona Macarena, son la protecci\u00f3n de los docentes al ser \u201cfundamentales para prevenir los conflictos y asegurar la recuperaci\u00f3n educativa\u201d y su formaci\u00f3n, ya que \u201csu capacitaci\u00f3n es tan importante como la apertura en s\u00ed misma de una infraestructura escolar en contextos de crisis\u201d.<\/p>\n<p><strong>\u2018Voces por una Causa\u2019 es el podcast semanal de Entreculturas<\/strong>. Los programas se emiten todos los jueves en nuestro canal de <a href=\"https:\/\/www.youtube.com\/c\/EntreculturasOrg915902672\">Youtube<\/a>, en <a href=\"https:\/\/open.spotify.com\/show\/6dS5JsqnsWrnHL1gwead1A\">Spotify<\/a>, en <a href=\"https:\/\/www.ivoox.com\/perfil-entreculturas_a8_listener_28185270_1.html\">Ivoox<\/a>, y en <a href=\"https:\/\/podcasts.apple.com\/us\/podcast\/entreculturas-voces-por-una-causa\/id1621485462\">Apple Podcast<\/a>.<\/p>\n","protected":false},"excerpt":{"rendered":"<p>Tras unas semanas de descanso veraniego, damos la bienvenida a la 4\u00aa temporada de nuestro podcast Voces por una Causa con un nuevo cap\u00edtulo en el que la escritora Julia Navarro profundiza sobre La Silla Roja, nuestra veterana campa\u00f1a de vuelta al cole, que este a\u00f1o, bajo el lema \u201cDejadnos aprender en paz\u201d, reivindica la importancia de la educaci\u00f3n en contextos de emergencia. Para ello, cuenta en el estudio con Macarena Romero, responsable del departamento de incidencia pol\u00edtica de Entreculturas, con la que conversa sobre el informe, \u2018Escuelas en crisis\u2019, uno de los pilares principales de la campa\u00f1a. <\/p>\n","protected":false},"featured_media":7086,"template":"podcast-imagen-sin-banner","meta":{"_acf_changed":false},"categories":[7],"tags":[185],"class_list":["post-7089","podcast","type-podcast","status-publish","has-post-thumbnail","hentry","category-noticia","tag-entreculturas"],"acf":[],"yoast_head":"<!-- This site is optimized with the Yoast SEO Premium plugin v21.6 (Yoast SEO v27.5) - https:\/\/yoast.com\/product\/yoast-seo-premium-wordpress\/ -->\n<title>Arranca la 4\u00aa temporada de #VocesPorUnaCausa con Julia Navarro hablando sobre &#039;La Silla Roja&#039; - Entreculturas<\/title>\n<meta name=\"robots\" content=\"index, follow, max-snippet:-1, max-image-preview:large, max-video-preview:-1\" \/>\n<link rel=\"canonical\" href=\"https:\/\/www.entreculturas.org\/en\/podcast\/arranca-la-4a-temporada-de-vocesporunacausa-con-julia-navarro-hablando-sobre-la-silla-roja\/\" \/>\n<meta property=\"og:locale\" content=\"en_US\" \/>\n<meta property=\"og:type\" content=\"article\" \/>\n<meta property=\"og:title\" content=\"Arranca la 4\u00aa temporada de #VocesPorUnaCausa con Julia Navarro hablando sobre &#039;La Silla Roja&#039;\" \/>\n<meta property=\"og:description\" content=\"Tras unas semanas de descanso veraniego, damos la bienvenida a la 4\u00aa temporada de nuestro podcast Voces por una Causa con un nuevo cap\u00edtulo en el que la escritora Julia Navarro profundiza sobre La Silla Roja, nuestra veterana campa\u00f1a de vuelta al cole, que este a\u00f1o, bajo el lema \u201cDejadnos aprender en paz\u201d, reivindica la importancia de la educaci\u00f3n en contextos de emergencia. Para ello, cuenta en el estudio con Macarena Romero, responsable del departamento de incidencia pol\u00edtica de Entreculturas, con la que conversa sobre el informe, \u2018Escuelas en crisis\u2019, uno de los pilares principales de la campa\u00f1a.\" \/>\n<meta property=\"og:url\" content=\"https:\/\/www.entreculturas.org\/en\/podcast\/arranca-la-4a-temporada-de-vocesporunacausa-con-julia-navarro-hablando-sobre-la-silla-roja\/\" \/>\n<meta property=\"og:site_name\" content=\"Entreculturas\" \/>\n<meta property=\"article:publisher\" content=\"https:\/\/www.facebook.com\/entreculturas\" \/>\n<meta property=\"article:modified_time\" content=\"2024-01-18T13:50:00+00:00\" \/>\n<meta property=\"og:image\" content=\"https:\/\/www.entreculturas.org\/wp-content\/uploads\/2023\/09\/plantilla_web_-_maca.jpg\" \/>\n\t<meta property=\"og:image:width\" content=\"1920\" \/>\n\t<meta property=\"og:image:height\" content=\"1080\" \/>\n\t<meta property=\"og:image:type\" content=\"image\/jpeg\" \/>\n<meta name=\"twitter:card\" content=\"summary_large_image\" \/>\n<meta name=\"twitter:site\" content=\"@Entreculturas\" \/>\n<script type=\"application\/ld+json\" class=\"yoast-schema-graph\">{\"@context\":\"https:\\\/\\\/schema.org\",\"@graph\":[{\"@type\":\"WebPage\",\"@id\":\"https:\\\/\\\/www.entreculturas.org\\\/en\\\/podcast\\\/arranca-la-4a-temporada-de-vocesporunacausa-con-julia-navarro-hablando-sobre-la-silla-roja\\\/\",\"url\":\"https:\\\/\\\/www.entreculturas.org\\\/en\\\/podcast\\\/arranca-la-4a-temporada-de-vocesporunacausa-con-julia-navarro-hablando-sobre-la-silla-roja\\\/\",\"name\":\"Arranca la 4\u00aa temporada de #VocesPorUnaCausa con Julia Navarro hablando sobre 'La Silla Roja' - Entreculturas\",\"isPartOf\":{\"@id\":\"https:\\\/\\\/www.entreculturas.org\\\/en\\\/#website\"},\"primaryImageOfPage\":{\"@id\":\"https:\\\/\\\/www.entreculturas.org\\\/en\\\/podcast\\\/arranca-la-4a-temporada-de-vocesporunacausa-con-julia-navarro-hablando-sobre-la-silla-roja\\\/#primaryimage\"},\"image\":{\"@id\":\"https:\\\/\\\/www.entreculturas.org\\\/en\\\/podcast\\\/arranca-la-4a-temporada-de-vocesporunacausa-con-julia-navarro-hablando-sobre-la-silla-roja\\\/#primaryimage\"},\"thumbnailUrl\":\"https:\\\/\\\/www.entreculturas.org\\\/wp-content\\\/uploads\\\/2023\\\/09\\\/plantilla_web_-_maca.jpg\",\"datePublished\":\"2023-11-27T10:34:35+00:00\",\"dateModified\":\"2024-01-18T13:50:00+00:00\",\"breadcrumb\":{\"@id\":\"https:\\\/\\\/www.entreculturas.org\\\/en\\\/podcast\\\/arranca-la-4a-temporada-de-vocesporunacausa-con-julia-navarro-hablando-sobre-la-silla-roja\\\/#breadcrumb\"},\"inLanguage\":\"en-US\",\"potentialAction\":[{\"@type\":\"ReadAction\",\"target\":[\"https:\\\/\\\/www.entreculturas.org\\\/en\\\/podcast\\\/arranca-la-4a-temporada-de-vocesporunacausa-con-julia-navarro-hablando-sobre-la-silla-roja\\\/\"]}]},{\"@type\":\"ImageObject\",\"inLanguage\":\"en-US\",\"@id\":\"https:\\\/\\\/www.entreculturas.org\\\/en\\\/podcast\\\/arranca-la-4a-temporada-de-vocesporunacausa-con-julia-navarro-hablando-sobre-la-silla-roja\\\/#primaryimage\",\"url\":\"https:\\\/\\\/www.entreculturas.org\\\/wp-content\\\/uploads\\\/2023\\\/09\\\/plantilla_web_-_maca.jpg\",\"contentUrl\":\"https:\\\/\\\/www.entreculturas.org\\\/wp-content\\\/uploads\\\/2023\\\/09\\\/plantilla_web_-_maca.jpg\",\"width\":1920,\"height\":1080},{\"@type\":\"BreadcrumbList\",\"@id\":\"https:\\\/\\\/www.entreculturas.org\\\/en\\\/podcast\\\/arranca-la-4a-temporada-de-vocesporunacausa-con-julia-navarro-hablando-sobre-la-silla-roja\\\/#breadcrumb\",\"itemListElement\":[{\"@type\":\"ListItem\",\"position\":1,\"name\":\"Home\",\"item\":\"https:\\\/\\\/www.entreculturas.org\\\/en\\\/\"},{\"@type\":\"ListItem\",\"position\":2,\"name\":\"Podcast Julia Navarro\",\"item\":\"https:\\\/\\\/www.entreculturas.org\\\/en\\\/podcasts\\\/\"},{\"@type\":\"ListItem\",\"position\":3,\"name\":\"Arranca la 4\u00aa temporada de #VocesPorUnaCausa con Julia Navarro hablando sobre &#8216;La Silla Roja&#8217;\"}]},{\"@type\":\"WebSite\",\"@id\":\"https:\\\/\\\/www.entreculturas.org\\\/en\\\/#website\",\"url\":\"https:\\\/\\\/www.entreculturas.org\\\/en\\\/\",\"name\":\"Entreculturas\",\"description\":\"\",\"publisher\":{\"@id\":\"https:\\\/\\\/www.entreculturas.org\\\/en\\\/#organization\"},\"alternateName\":\"Entreculturas\",\"potentialAction\":[{\"@type\":\"SearchAction\",\"target\":{\"@type\":\"EntryPoint\",\"urlTemplate\":\"https:\\\/\\\/www.entreculturas.org\\\/en\\\/?s={search_term_string}\"},\"query-input\":{\"@type\":\"PropertyValueSpecification\",\"valueRequired\":true,\"valueName\":\"search_term_string\"}}],\"inLanguage\":\"en-US\"},{\"@type\":\"Organization\",\"@id\":\"https:\\\/\\\/www.entreculturas.org\\\/en\\\/#organization\",\"name\":\"Entreculturas\",\"url\":\"https:\\\/\\\/www.entreculturas.org\\\/en\\\/\",\"logo\":{\"@type\":\"ImageObject\",\"inLanguage\":\"en-US\",\"@id\":\"https:\\\/\\\/www.entreculturas.org\\\/en\\\/#\\\/schema\\\/logo\\\/image\\\/\",\"url\":\"https:\\\/\\\/www.entreculturas.org\\\/wp-content\\\/uploads\\\/2025\\\/10\\\/ESP.svg\",\"contentUrl\":\"https:\\\/\\\/www.entreculturas.org\\\/wp-content\\\/uploads\\\/2025\\\/10\\\/ESP.svg\",\"caption\":\"Entreculturas\"},\"image\":{\"@id\":\"https:\\\/\\\/www.entreculturas.org\\\/en\\\/#\\\/schema\\\/logo\\\/image\\\/\"},\"sameAs\":[\"https:\\\/\\\/www.facebook.com\\\/entreculturas\",\"https:\\\/\\\/x.com\\\/Entreculturas\",\"https:\\\/\\\/www.instagram.com\\\/entreculturas\\\/\",\"https:\\\/\\\/www.youtube.com\\\/user\\\/entreculturasvideo\",\"https:\\\/\\\/www.linkedin.com\\\/company\\\/fundacion-entreculturas-ngdo\\\/\",\"https:\\\/\\\/www.flickr.com\\\/photos\\\/98455522@N04\\\/albums\\\/\"]}]}<\/script>\n<!-- \/ Yoast SEO Premium plugin. -->","yoast_head_json":{"title":"Arranca la 4\u00aa temporada de #VocesPorUnaCausa con Julia Navarro hablando sobre 'La Silla Roja' - Entreculturas","robots":{"index":"index","follow":"follow","max-snippet":"max-snippet:-1","max-image-preview":"max-image-preview:large","max-video-preview":"max-video-preview:-1"},"canonical":"https:\/\/www.entreculturas.org\/en\/podcast\/arranca-la-4a-temporada-de-vocesporunacausa-con-julia-navarro-hablando-sobre-la-silla-roja\/","og_locale":"en_US","og_type":"article","og_title":"Arranca la 4\u00aa temporada de #VocesPorUnaCausa con Julia Navarro hablando sobre 'La Silla Roja'","og_description":"Tras unas semanas de descanso veraniego, damos la bienvenida a la 4\u00aa temporada de nuestro podcast Voces por una Causa con un nuevo cap\u00edtulo en el que la escritora Julia Navarro profundiza sobre La Silla Roja, nuestra veterana campa\u00f1a de vuelta al cole, que este a\u00f1o, bajo el lema \u201cDejadnos aprender en paz\u201d, reivindica la importancia de la educaci\u00f3n en contextos de emergencia. Para ello, cuenta en el estudio con Macarena Romero, responsable del departamento de incidencia pol\u00edtica de Entreculturas, con la que conversa sobre el informe, \u2018Escuelas en crisis\u2019, uno de los pilares principales de la campa\u00f1a.","og_url":"https:\/\/www.entreculturas.org\/en\/podcast\/arranca-la-4a-temporada-de-vocesporunacausa-con-julia-navarro-hablando-sobre-la-silla-roja\/","og_site_name":"Entreculturas","article_publisher":"https:\/\/www.facebook.com\/entreculturas","article_modified_time":"2024-01-18T13:50:00+00:00","og_image":[{"width":1920,"height":1080,"url":"https:\/\/www.entreculturas.org\/wp-content\/uploads\/2023\/09\/plantilla_web_-_maca.jpg","type":"image\/jpeg"}],"twitter_card":"summary_large_image","twitter_site":"@Entreculturas","schema":{"@context":"https:\/\/schema.org","@graph":[{"@type":"WebPage","@id":"https:\/\/www.entreculturas.org\/en\/podcast\/arranca-la-4a-temporada-de-vocesporunacausa-con-julia-navarro-hablando-sobre-la-silla-roja\/","url":"https:\/\/www.entreculturas.org\/en\/podcast\/arranca-la-4a-temporada-de-vocesporunacausa-con-julia-navarro-hablando-sobre-la-silla-roja\/","name":"Arranca la 4\u00aa temporada de #VocesPorUnaCausa con Julia Navarro hablando sobre 'La Silla Roja' - Entreculturas","isPartOf":{"@id":"https:\/\/www.entreculturas.org\/en\/#website"},"primaryImageOfPage":{"@id":"https:\/\/www.entreculturas.org\/en\/podcast\/arranca-la-4a-temporada-de-vocesporunacausa-con-julia-navarro-hablando-sobre-la-silla-roja\/#primaryimage"},"image":{"@id":"https:\/\/www.entreculturas.org\/en\/podcast\/arranca-la-4a-temporada-de-vocesporunacausa-con-julia-navarro-hablando-sobre-la-silla-roja\/#primaryimage"},"thumbnailUrl":"https:\/\/www.entreculturas.org\/wp-content\/uploads\/2023\/09\/plantilla_web_-_maca.jpg","datePublished":"2023-11-27T10:34:35+00:00","dateModified":"2024-01-18T13:50:00+00:00","breadcrumb":{"@id":"https:\/\/www.entreculturas.org\/en\/podcast\/arranca-la-4a-temporada-de-vocesporunacausa-con-julia-navarro-hablando-sobre-la-silla-roja\/#breadcrumb"},"inLanguage":"en-US","potentialAction":[{"@type":"ReadAction","target":["https:\/\/www.entreculturas.org\/en\/podcast\/arranca-la-4a-temporada-de-vocesporunacausa-con-julia-navarro-hablando-sobre-la-silla-roja\/"]}]},{"@type":"ImageObject","inLanguage":"en-US","@id":"https:\/\/www.entreculturas.org\/en\/podcast\/arranca-la-4a-temporada-de-vocesporunacausa-con-julia-navarro-hablando-sobre-la-silla-roja\/#primaryimage","url":"https:\/\/www.entreculturas.org\/wp-content\/uploads\/2023\/09\/plantilla_web_-_maca.jpg","contentUrl":"https:\/\/www.entreculturas.org\/wp-content\/uploads\/2023\/09\/plantilla_web_-_maca.jpg","width":1920,"height":1080},{"@type":"BreadcrumbList","@id":"https:\/\/www.entreculturas.org\/en\/podcast\/arranca-la-4a-temporada-de-vocesporunacausa-con-julia-navarro-hablando-sobre-la-silla-roja\/#breadcrumb","itemListElement":[{"@type":"ListItem","position":1,"name":"Home","item":"https:\/\/www.entreculturas.org\/en\/"},{"@type":"ListItem","position":2,"name":"Podcast Julia Navarro","item":"https:\/\/www.entreculturas.org\/en\/podcasts\/"},{"@type":"ListItem","position":3,"name":"Arranca la 4\u00aa temporada de #VocesPorUnaCausa con Julia Navarro hablando sobre &#8216;La Silla Roja&#8217;"}]},{"@type":"WebSite","@id":"https:\/\/www.entreculturas.org\/en\/#website","url":"https:\/\/www.entreculturas.org\/en\/","name":"Entreculturas","description":"","publisher":{"@id":"https:\/\/www.entreculturas.org\/en\/#organization"},"alternateName":"Entreculturas","potentialAction":[{"@type":"SearchAction","target":{"@type":"EntryPoint","urlTemplate":"https:\/\/www.entreculturas.org\/en\/?s={search_term_string}"},"query-input":{"@type":"PropertyValueSpecification","valueRequired":true,"valueName":"search_term_string"}}],"inLanguage":"en-US"},{"@type":"Organization","@id":"https:\/\/www.entreculturas.org\/en\/#organization","name":"Entreculturas","url":"https:\/\/www.entreculturas.org\/en\/","logo":{"@type":"ImageObject","inLanguage":"en-US","@id":"https:\/\/www.entreculturas.org\/en\/#\/schema\/logo\/image\/","url":"https:\/\/www.entreculturas.org\/wp-content\/uploads\/2025\/10\/ESP.svg","contentUrl":"https:\/\/www.entreculturas.org\/wp-content\/uploads\/2025\/10\/ESP.svg","caption":"Entreculturas"},"image":{"@id":"https:\/\/www.entreculturas.org\/en\/#\/schema\/logo\/image\/"},"sameAs":["https:\/\/www.facebook.com\/entreculturas","https:\/\/x.com\/Entreculturas","https:\/\/www.instagram.com\/entreculturas\/","https:\/\/www.youtube.com\/user\/entreculturasvideo","https:\/\/www.linkedin.com\/company\/fundacion-entreculturas-ngdo\/","https:\/\/www.flickr.com\/photos\/98455522@N04\/albums\/"]}]}},"_links":{"self":[{"href":"https:\/\/www.entreculturas.org\/en\/wp-json\/wp\/v2\/podcast\/7089","targetHints":{"allow":["GET"]}}],"collection":[{"href":"https:\/\/www.entreculturas.org\/en\/wp-json\/wp\/v2\/podcast"}],"about":[{"href":"https:\/\/www.entreculturas.org\/en\/wp-json\/wp\/v2\/types\/podcast"}],"wp:featuredmedia":[{"embeddable":true,"href":"https:\/\/www.entreculturas.org\/en\/wp-json\/wp\/v2\/media\/7086"}],"wp:attachment":[{"href":"https:\/\/www.entreculturas.org\/en\/wp-json\/wp\/v2\/media?parent=7089"}],"wp:term":[{"taxonomy":"category","embeddable":true,"href":"https:\/\/www.entreculturas.org\/en\/wp-json\/wp\/v2\/categories?post=7089"},{"taxonomy":"post_tag","embeddable":true,"href":"https:\/\/www.entreculturas.org\/en\/wp-json\/wp\/v2\/tags?post=7089"}],"curies":[{"name":"wp","href":"https:\/\/api.w.org\/{rel}","templated":true}]}}