{"id":6952,"date":"2023-05-04T14:43:21","date_gmt":"2023-05-04T14:43:21","guid":{"rendered":"https:\/\/entreculturasi.wpenginepowered.com\/?noticias=es-necesario-hacer-un-ejercicio-de-honestidad-y-preguntarse-que-no-necesito-de-todo-lo-que"},"modified":"2024-01-16T11:47:02","modified_gmt":"2024-01-16T10:47:02","slug":"es-necesario-hacer-un-ejercicio-de-honestidad-y-preguntarse-que-no-necesito-de-todo-lo-que","status":"publish","type":"podcast","link":"https:\/\/www.entreculturas.org\/en\/podcast\/es-necesario-hacer-un-ejercicio-de-honestidad-y-preguntarse-que-no-necesito-de-todo-lo-que\/","title":{"rendered":"\u00abEs necesario hacer un ejercicio de honestidad y preguntarse: &#8220;\u00bfQu\u00e9 no necesito de todo lo que tengo?&#8221;\u00bb"},"content":{"rendered":"<\/p>\n<p>Esta semana en Voces por una Causa, <strong>la escritora Julia Navarro conversa con In\u00e9s Rigal, periodista especializada en Cooperaci\u00f3n internacional al Desarrollo, divulgadora <em>zero waste<\/em> y fundadora del proyecto <a href=\"https:\/\/sermanglar.com\/\">Ser Manglar<\/a><\/strong>. A trav\u00e9s de su testimonio, nos acercamos a las diferentes pr\u00e1cticas y h\u00e1bitos que podemos llevar a cabo para reducir al m\u00e1ximo los residuos que producimos.&nbsp;<\/p>\n<p>En este cap\u00edtulo de nuestro podcast, In\u00e9s aborda la complejidad que supone aproximarse a la sostenibilidad, a la vez que explica que es el zero waste o residuo cero. \u201cSe trata de un estilo de vida que se populariz\u00f3 primero en Estados Unidos y que<strong> trata de vivir una vida plena, produciendo la menor cantidad de residuos posibles<\/strong>\u201d, detalla In\u00e9s, para despu\u00e9s enumerar los cinco pasos que integran la pir\u00e1mide invertida en que se basa: rechazar, reducir, reutilizar, reciclar y compostar.&nbsp;<\/p>\n<p>Adem\u00e1s, In\u00e9s y Julia conversan sobre el proceso y trabajo personal que implica comprometerse con el Zero Waste, ya que para comenzar<strong> \u201ces necesario hacer un ejercicio de honestidad y preguntarse que no necesito de todo lo que tengo&#8221;<\/strong>. Esta reflexi\u00f3n, relata In\u00e9s, permite \u201cconectarte con tus necesidades reales, con otra solidaridad, con otras realidades como puede ser la persona que est\u00e1 al otro lado de la camiseta que te acabas de comprar\u201d.&nbsp;<\/p>\n<p>In\u00e9s tambi\u00e9n nos explica qu\u00e9 es <a href=\"https:\/\/sermanglar.com\/\">Ser Manglar<\/a>, el proyecto que acaba de lanzar hace pocos meses con el que busca acercar la sostenibilidad de forma pr\u00e1ctica a todo el mundo, y de d\u00f3nde naci\u00f3 su idea: \u201cEn 2017 me fu\u00ed a Kuala Lumpur y tuve mi primera experiencia de confinamiento por contaminaci\u00f3n y fue all\u00ed donde descubr\u00ed por casualidad este estilo de vida y como hab\u00eda muchas personas que en un entorno tan hostil como esa ciudad estaban trabajando por otra forma de consumir y de vivir\u201d.&nbsp;<\/p>\n<p><strong>\u2018Voces por una Causa\u2019 es el podcast semanal de Entreculturas<\/strong>, en el que nos acercamos a la realidad de los pa\u00edses y causas en torno a las que trabajamos y con el que buscamos crear un espacio de reflexi\u00f3n y debate con testimonios y voces en primera persona. Los programas se emiten todos los jueves en nuestro canal de <a href=\"https:\/\/www.youtube.com\/c\/EntreculturasOrg915902672\">Youtube<\/a>, en <a href=\"https:\/\/open.spotify.com\/show\/6dS5JsqnsWrnHL1gwead1A\">Spotify<\/a>, en <a href=\"https:\/\/www.ivoox.com\/perfil-entreculturas_a8_listener_28185270_1.html\">Ivoox<\/a>, y en <a href=\"https:\/\/podcasts.apple.com\/us\/podcast\/entreculturas-voces-por-una-causa\/id1621485462\">Apple Podcast<\/a>.<\/p>\n","protected":false},"excerpt":{"rendered":"<p>Esta semana en Voces por una Causa, la escritora Julia Navarro conversa con In\u00e9s Rigal, periodista especializada en Cooperaci\u00f3n internacional al Desarrollo, divulgadora zero waste y fundadora del proyecto Ser Manglar. A trav\u00e9s de su testimonio, nos acercamos a las diferentes pr\u00e1cticas y h\u00e1bitos que podemos llevar a cabo para reducir al m\u00e1ximo los residuos que producimos. <\/p>\n","protected":false},"featured_media":6951,"template":"podcast-imagen-sin-banner","meta":{"_acf_changed":false},"categories":[7],"tags":[185],"class_list":["post-6952","podcast","type-podcast","status-publish","has-post-thumbnail","hentry","category-noticia","tag-entreculturas"],"acf":[],"yoast_head":"<!-- This site is optimized with the Yoast SEO Premium plugin v21.6 (Yoast SEO v27.5) - https:\/\/yoast.com\/product\/yoast-seo-premium-wordpress\/ -->\n<title>\u00abEs necesario hacer un ejercicio de honestidad y preguntarse: &quot;\u00bfQu\u00e9 no necesito de todo lo que tengo?&quot;\u00bb - Entreculturas<\/title>\n<meta name=\"robots\" content=\"index, follow, max-snippet:-1, max-image-preview:large, max-video-preview:-1\" \/>\n<link rel=\"canonical\" href=\"https:\/\/www.entreculturas.org\/en\/podcast\/es-necesario-hacer-un-ejercicio-de-honestidad-y-preguntarse-que-no-necesito-de-todo-lo-que\/\" \/>\n<meta property=\"og:locale\" content=\"en_US\" \/>\n<meta property=\"og:type\" content=\"article\" \/>\n<meta property=\"og:title\" content=\"\u00abEs necesario hacer un ejercicio de honestidad y preguntarse: &quot;\u00bfQu\u00e9 no necesito de todo lo que tengo?&quot;\u00bb\" \/>\n<meta property=\"og:description\" content=\"Esta semana en Voces por una Causa, la escritora Julia Navarro conversa con In\u00e9s Rigal, periodista especializada en Cooperaci\u00f3n internacional al Desarrollo, divulgadora zero waste y fundadora del proyecto Ser Manglar. A trav\u00e9s de su testimonio, nos acercamos a las diferentes pr\u00e1cticas y h\u00e1bitos que podemos llevar a cabo para reducir al m\u00e1ximo los residuos que producimos.\" \/>\n<meta property=\"og:url\" content=\"https:\/\/www.entreculturas.org\/en\/podcast\/es-necesario-hacer-un-ejercicio-de-honestidad-y-preguntarse-que-no-necesito-de-todo-lo-que\/\" \/>\n<meta property=\"og:site_name\" content=\"Entreculturas\" \/>\n<meta property=\"article:publisher\" content=\"https:\/\/www.facebook.com\/entreculturas\" \/>\n<meta property=\"article:modified_time\" content=\"2024-01-16T10:47:02+00:00\" \/>\n<meta property=\"og:image\" content=\"https:\/\/www.entreculturas.org\/wp-content\/uploads\/2023\/05\/web_-_ines_rigal.jpg\" \/>\n\t<meta property=\"og:image:width\" content=\"1920\" \/>\n\t<meta property=\"og:image:height\" content=\"1080\" \/>\n\t<meta property=\"og:image:type\" content=\"image\/jpeg\" \/>\n<meta name=\"twitter:card\" content=\"summary_large_image\" \/>\n<meta name=\"twitter:site\" content=\"@Entreculturas\" \/>\n<script type=\"application\/ld+json\" class=\"yoast-schema-graph\">{\"@context\":\"https:\\\/\\\/schema.org\",\"@graph\":[{\"@type\":\"WebPage\",\"@id\":\"https:\\\/\\\/www.entreculturas.org\\\/en\\\/podcast\\\/es-necesario-hacer-un-ejercicio-de-honestidad-y-preguntarse-que-no-necesito-de-todo-lo-que\\\/\",\"url\":\"https:\\\/\\\/www.entreculturas.org\\\/en\\\/podcast\\\/es-necesario-hacer-un-ejercicio-de-honestidad-y-preguntarse-que-no-necesito-de-todo-lo-que\\\/\",\"name\":\"\u00abEs necesario hacer un ejercicio de honestidad y preguntarse: \\\"\u00bfQu\u00e9 no necesito de todo lo que tengo?\\\"\u00bb - Entreculturas\",\"isPartOf\":{\"@id\":\"https:\\\/\\\/www.entreculturas.org\\\/en\\\/#website\"},\"primaryImageOfPage\":{\"@id\":\"https:\\\/\\\/www.entreculturas.org\\\/en\\\/podcast\\\/es-necesario-hacer-un-ejercicio-de-honestidad-y-preguntarse-que-no-necesito-de-todo-lo-que\\\/#primaryimage\"},\"image\":{\"@id\":\"https:\\\/\\\/www.entreculturas.org\\\/en\\\/podcast\\\/es-necesario-hacer-un-ejercicio-de-honestidad-y-preguntarse-que-no-necesito-de-todo-lo-que\\\/#primaryimage\"},\"thumbnailUrl\":\"https:\\\/\\\/www.entreculturas.org\\\/wp-content\\\/uploads\\\/2023\\\/05\\\/web_-_ines_rigal.jpg\",\"datePublished\":\"2023-05-04T14:43:21+00:00\",\"dateModified\":\"2024-01-16T10:47:02+00:00\",\"breadcrumb\":{\"@id\":\"https:\\\/\\\/www.entreculturas.org\\\/en\\\/podcast\\\/es-necesario-hacer-un-ejercicio-de-honestidad-y-preguntarse-que-no-necesito-de-todo-lo-que\\\/#breadcrumb\"},\"inLanguage\":\"en-US\",\"potentialAction\":[{\"@type\":\"ReadAction\",\"target\":[\"https:\\\/\\\/www.entreculturas.org\\\/en\\\/podcast\\\/es-necesario-hacer-un-ejercicio-de-honestidad-y-preguntarse-que-no-necesito-de-todo-lo-que\\\/\"]}]},{\"@type\":\"ImageObject\",\"inLanguage\":\"en-US\",\"@id\":\"https:\\\/\\\/www.entreculturas.org\\\/en\\\/podcast\\\/es-necesario-hacer-un-ejercicio-de-honestidad-y-preguntarse-que-no-necesito-de-todo-lo-que\\\/#primaryimage\",\"url\":\"https:\\\/\\\/www.entreculturas.org\\\/wp-content\\\/uploads\\\/2023\\\/05\\\/web_-_ines_rigal.jpg\",\"contentUrl\":\"https:\\\/\\\/www.entreculturas.org\\\/wp-content\\\/uploads\\\/2023\\\/05\\\/web_-_ines_rigal.jpg\",\"width\":1920,\"height\":1080},{\"@type\":\"BreadcrumbList\",\"@id\":\"https:\\\/\\\/www.entreculturas.org\\\/en\\\/podcast\\\/es-necesario-hacer-un-ejercicio-de-honestidad-y-preguntarse-que-no-necesito-de-todo-lo-que\\\/#breadcrumb\",\"itemListElement\":[{\"@type\":\"ListItem\",\"position\":1,\"name\":\"Home\",\"item\":\"https:\\\/\\\/www.entreculturas.org\\\/en\\\/\"},{\"@type\":\"ListItem\",\"position\":2,\"name\":\"Podcast Julia Navarro\",\"item\":\"https:\\\/\\\/www.entreculturas.org\\\/en\\\/podcasts\\\/\"},{\"@type\":\"ListItem\",\"position\":3,\"name\":\"\u00abEs necesario hacer un ejercicio de honestidad y preguntarse: &#8220;\u00bfQu\u00e9 no necesito de todo lo que tengo?&#8221;\u00bb\"}]},{\"@type\":\"WebSite\",\"@id\":\"https:\\\/\\\/www.entreculturas.org\\\/en\\\/#website\",\"url\":\"https:\\\/\\\/www.entreculturas.org\\\/en\\\/\",\"name\":\"Entreculturas\",\"description\":\"\",\"publisher\":{\"@id\":\"https:\\\/\\\/www.entreculturas.org\\\/en\\\/#organization\"},\"alternateName\":\"Entreculturas\",\"potentialAction\":[{\"@type\":\"SearchAction\",\"target\":{\"@type\":\"EntryPoint\",\"urlTemplate\":\"https:\\\/\\\/www.entreculturas.org\\\/en\\\/?s={search_term_string}\"},\"query-input\":{\"@type\":\"PropertyValueSpecification\",\"valueRequired\":true,\"valueName\":\"search_term_string\"}}],\"inLanguage\":\"en-US\"},{\"@type\":\"Organization\",\"@id\":\"https:\\\/\\\/www.entreculturas.org\\\/en\\\/#organization\",\"name\":\"Entreculturas\",\"url\":\"https:\\\/\\\/www.entreculturas.org\\\/en\\\/\",\"logo\":{\"@type\":\"ImageObject\",\"inLanguage\":\"en-US\",\"@id\":\"https:\\\/\\\/www.entreculturas.org\\\/en\\\/#\\\/schema\\\/logo\\\/image\\\/\",\"url\":\"https:\\\/\\\/www.entreculturas.org\\\/wp-content\\\/uploads\\\/2025\\\/10\\\/ESP.svg\",\"contentUrl\":\"https:\\\/\\\/www.entreculturas.org\\\/wp-content\\\/uploads\\\/2025\\\/10\\\/ESP.svg\",\"caption\":\"Entreculturas\"},\"image\":{\"@id\":\"https:\\\/\\\/www.entreculturas.org\\\/en\\\/#\\\/schema\\\/logo\\\/image\\\/\"},\"sameAs\":[\"https:\\\/\\\/www.facebook.com\\\/entreculturas\",\"https:\\\/\\\/x.com\\\/Entreculturas\",\"https:\\\/\\\/www.instagram.com\\\/entreculturas\\\/\",\"https:\\\/\\\/www.youtube.com\\\/user\\\/entreculturasvideo\",\"https:\\\/\\\/www.linkedin.com\\\/company\\\/fundacion-entreculturas-ngdo\\\/\",\"https:\\\/\\\/www.flickr.com\\\/photos\\\/98455522@N04\\\/albums\\\/\"]}]}<\/script>\n<!-- \/ Yoast SEO Premium plugin. -->","yoast_head_json":{"title":"\u00abEs necesario hacer un ejercicio de honestidad y preguntarse: \"\u00bfQu\u00e9 no necesito de todo lo que tengo?\"\u00bb - Entreculturas","robots":{"index":"index","follow":"follow","max-snippet":"max-snippet:-1","max-image-preview":"max-image-preview:large","max-video-preview":"max-video-preview:-1"},"canonical":"https:\/\/www.entreculturas.org\/en\/podcast\/es-necesario-hacer-un-ejercicio-de-honestidad-y-preguntarse-que-no-necesito-de-todo-lo-que\/","og_locale":"en_US","og_type":"article","og_title":"\u00abEs necesario hacer un ejercicio de honestidad y preguntarse: \"\u00bfQu\u00e9 no necesito de todo lo que tengo?\"\u00bb","og_description":"Esta semana en Voces por una Causa, la escritora Julia Navarro conversa con In\u00e9s Rigal, periodista especializada en Cooperaci\u00f3n internacional al Desarrollo, divulgadora zero waste y fundadora del proyecto Ser Manglar. A trav\u00e9s de su testimonio, nos acercamos a las diferentes pr\u00e1cticas y h\u00e1bitos que podemos llevar a cabo para reducir al m\u00e1ximo los residuos que producimos.","og_url":"https:\/\/www.entreculturas.org\/en\/podcast\/es-necesario-hacer-un-ejercicio-de-honestidad-y-preguntarse-que-no-necesito-de-todo-lo-que\/","og_site_name":"Entreculturas","article_publisher":"https:\/\/www.facebook.com\/entreculturas","article_modified_time":"2024-01-16T10:47:02+00:00","og_image":[{"width":1920,"height":1080,"url":"https:\/\/www.entreculturas.org\/wp-content\/uploads\/2023\/05\/web_-_ines_rigal.jpg","type":"image\/jpeg"}],"twitter_card":"summary_large_image","twitter_site":"@Entreculturas","schema":{"@context":"https:\/\/schema.org","@graph":[{"@type":"WebPage","@id":"https:\/\/www.entreculturas.org\/en\/podcast\/es-necesario-hacer-un-ejercicio-de-honestidad-y-preguntarse-que-no-necesito-de-todo-lo-que\/","url":"https:\/\/www.entreculturas.org\/en\/podcast\/es-necesario-hacer-un-ejercicio-de-honestidad-y-preguntarse-que-no-necesito-de-todo-lo-que\/","name":"\u00abEs necesario hacer un ejercicio de honestidad y preguntarse: \"\u00bfQu\u00e9 no necesito de todo lo que tengo?\"\u00bb - Entreculturas","isPartOf":{"@id":"https:\/\/www.entreculturas.org\/en\/#website"},"primaryImageOfPage":{"@id":"https:\/\/www.entreculturas.org\/en\/podcast\/es-necesario-hacer-un-ejercicio-de-honestidad-y-preguntarse-que-no-necesito-de-todo-lo-que\/#primaryimage"},"image":{"@id":"https:\/\/www.entreculturas.org\/en\/podcast\/es-necesario-hacer-un-ejercicio-de-honestidad-y-preguntarse-que-no-necesito-de-todo-lo-que\/#primaryimage"},"thumbnailUrl":"https:\/\/www.entreculturas.org\/wp-content\/uploads\/2023\/05\/web_-_ines_rigal.jpg","datePublished":"2023-05-04T14:43:21+00:00","dateModified":"2024-01-16T10:47:02+00:00","breadcrumb":{"@id":"https:\/\/www.entreculturas.org\/en\/podcast\/es-necesario-hacer-un-ejercicio-de-honestidad-y-preguntarse-que-no-necesito-de-todo-lo-que\/#breadcrumb"},"inLanguage":"en-US","potentialAction":[{"@type":"ReadAction","target":["https:\/\/www.entreculturas.org\/en\/podcast\/es-necesario-hacer-un-ejercicio-de-honestidad-y-preguntarse-que-no-necesito-de-todo-lo-que\/"]}]},{"@type":"ImageObject","inLanguage":"en-US","@id":"https:\/\/www.entreculturas.org\/en\/podcast\/es-necesario-hacer-un-ejercicio-de-honestidad-y-preguntarse-que-no-necesito-de-todo-lo-que\/#primaryimage","url":"https:\/\/www.entreculturas.org\/wp-content\/uploads\/2023\/05\/web_-_ines_rigal.jpg","contentUrl":"https:\/\/www.entreculturas.org\/wp-content\/uploads\/2023\/05\/web_-_ines_rigal.jpg","width":1920,"height":1080},{"@type":"BreadcrumbList","@id":"https:\/\/www.entreculturas.org\/en\/podcast\/es-necesario-hacer-un-ejercicio-de-honestidad-y-preguntarse-que-no-necesito-de-todo-lo-que\/#breadcrumb","itemListElement":[{"@type":"ListItem","position":1,"name":"Home","item":"https:\/\/www.entreculturas.org\/en\/"},{"@type":"ListItem","position":2,"name":"Podcast Julia Navarro","item":"https:\/\/www.entreculturas.org\/en\/podcasts\/"},{"@type":"ListItem","position":3,"name":"\u00abEs necesario hacer un ejercicio de honestidad y preguntarse: &#8220;\u00bfQu\u00e9 no necesito de todo lo que tengo?&#8221;\u00bb"}]},{"@type":"WebSite","@id":"https:\/\/www.entreculturas.org\/en\/#website","url":"https:\/\/www.entreculturas.org\/en\/","name":"Entreculturas","description":"","publisher":{"@id":"https:\/\/www.entreculturas.org\/en\/#organization"},"alternateName":"Entreculturas","potentialAction":[{"@type":"SearchAction","target":{"@type":"EntryPoint","urlTemplate":"https:\/\/www.entreculturas.org\/en\/?s={search_term_string}"},"query-input":{"@type":"PropertyValueSpecification","valueRequired":true,"valueName":"search_term_string"}}],"inLanguage":"en-US"},{"@type":"Organization","@id":"https:\/\/www.entreculturas.org\/en\/#organization","name":"Entreculturas","url":"https:\/\/www.entreculturas.org\/en\/","logo":{"@type":"ImageObject","inLanguage":"en-US","@id":"https:\/\/www.entreculturas.org\/en\/#\/schema\/logo\/image\/","url":"https:\/\/www.entreculturas.org\/wp-content\/uploads\/2025\/10\/ESP.svg","contentUrl":"https:\/\/www.entreculturas.org\/wp-content\/uploads\/2025\/10\/ESP.svg","caption":"Entreculturas"},"image":{"@id":"https:\/\/www.entreculturas.org\/en\/#\/schema\/logo\/image\/"},"sameAs":["https:\/\/www.facebook.com\/entreculturas","https:\/\/x.com\/Entreculturas","https:\/\/www.instagram.com\/entreculturas\/","https:\/\/www.youtube.com\/user\/entreculturasvideo","https:\/\/www.linkedin.com\/company\/fundacion-entreculturas-ngdo\/","https:\/\/www.flickr.com\/photos\/98455522@N04\/albums\/"]}]}},"_links":{"self":[{"href":"https:\/\/www.entreculturas.org\/en\/wp-json\/wp\/v2\/podcast\/6952","targetHints":{"allow":["GET"]}}],"collection":[{"href":"https:\/\/www.entreculturas.org\/en\/wp-json\/wp\/v2\/podcast"}],"about":[{"href":"https:\/\/www.entreculturas.org\/en\/wp-json\/wp\/v2\/types\/podcast"}],"wp:featuredmedia":[{"embeddable":true,"href":"https:\/\/www.entreculturas.org\/en\/wp-json\/wp\/v2\/media\/6951"}],"wp:attachment":[{"href":"https:\/\/www.entreculturas.org\/en\/wp-json\/wp\/v2\/media?parent=6952"}],"wp:term":[{"taxonomy":"category","embeddable":true,"href":"https:\/\/www.entreculturas.org\/en\/wp-json\/wp\/v2\/categories?post=6952"},{"taxonomy":"post_tag","embeddable":true,"href":"https:\/\/www.entreculturas.org\/en\/wp-json\/wp\/v2\/tags?post=6952"}],"curies":[{"name":"wp","href":"https:\/\/api.w.org\/{rel}","templated":true}]}}