{"id":6908,"date":"2023-03-09T12:05:30","date_gmt":"2023-03-09T12:05:30","guid":{"rendered":"https:\/\/entreculturasi.wpenginepowered.com\/?noticias=el-feminismo-es-internacional-y-las-mujeres-occidentales-no-podemos-mirarnos-solo-el"},"modified":"2024-01-16T11:47:03","modified_gmt":"2024-01-16T10:47:03","slug":"el-feminismo-es-internacional-y-las-mujeres-occidentales-no-podemos-mirarnos-solo-el","status":"publish","type":"podcast","link":"https:\/\/www.entreculturas.org\/en\/podcast\/el-feminismo-es-internacional-y-las-mujeres-occidentales-no-podemos-mirarnos-solo-el\/","title":{"rendered":"\u201cEl feminismo es internacional y las mujeres occidentales no podemos mirarnos solo el ombligo\u201d"},"content":{"rendered":"<\/p>\n<p>Esta semana en Voces por una Causa, <strong>la escritora Julia Navarro conversa con Magis Iglesias Bello, veterana periodista<\/strong>, adem\u00e1s de escritora, que nos habla desde su larga trayectoria de m\u00e1s de 40 a\u00f1os como profesional de la informaci\u00f3n. A trav\u00e9s de su testimonio, nos acercamos a la evoluci\u00f3n que las mujeres han experimentado dentro del \u00e1mbito profesional en los \u00faltimos a\u00f1os y las dificultades y retos que han superado, especialmente en la profesi\u00f3n period\u00edstica.&nbsp;<\/p>\n<p>En este cap\u00edtulo, Magis profundiza en la evoluci\u00f3n que la mujer ha experimentado en la esfera p\u00fablica y<strong> la importancia de contar con espacios de sororidad como<a href=\"https:\/\/www.elclubdelas25.com\/\"> El Club de las 25<\/a><\/strong>, del que ella forma parte, y que explica c\u00f3mo \u201cun grupo de mujeres de todo tipo de profesiones y culturas que tiene como objetivo la defensa de los derechos de las mujeres\u201d. Un Club que, adem\u00e1s de contar con premios anuales, en los \u00faltimos meses ha llevado a cabo \u201c<a href=\"https:\/\/www.entreculturas.org\/es\/noticias\/decidi-comenzar-la-universidad-porque-mi-sueno-era-ser-periodista-y-hacer-algo-por-las\">proyectos de solidaridad feminista<\/a>\u201d para refugiar en Espa\u00f1a a mujeres afganas.<\/p>\n<p>Magis y Julia hablan sobre c\u00f3mo el progreso profesional que la mujer ha experimentado en las \u00faltimas d\u00e9cadas ha venido acompa\u00f1ado por numerosos obst\u00e1culos a superar. Un hecho que la periodista experiment\u00f3 cuando fue elegida en 2008 como Presidenta de la Federaci\u00f3n de Asociaciones de Periodistas de Espa\u00f1a (FAPE),\u200b siendo la primera mujer en ocupar ese cargo: \u201cAunque todos los del <em>establishment <\/em>lo hab\u00edan hecho con buena intenci\u00f3n, me di cuenta de que <strong>lo hab\u00edan hecho desde un punto de vista m\u00e1s est\u00e9tico que real<\/strong>; sufr\u00ed much\u00edsimo y me hicieron pr\u00e1cticamente imposible el trabajo cuando empec\u00e9 a intentar ser aut\u00f3noma en mis decisiones. Hubo tanta reacci\u00f3n que me cost\u00f3 la salud\u201d.&nbsp;<\/p>\n<p>La escritora narra tambi\u00e9n c\u00f3mo su presidencia en la FAPE le sirvi\u00f3 para darse cuenta de que hab\u00eda muchas otras mujeres que hab\u00edan experimentado \u201cel mismo calvario\u201d que ella&nbsp; cuando hab\u00edan llegado a puestos tradicionalmente masculinos y que \u201cno era la \u00fanica\u201d a la que le hab\u00eda pasado. Esto le impuls\u00f3 a escribir el libro \u2018Fuimos nosotras\u2019 sobre las primeras mujeres parlamentarias de la democracia y <strong>colaborar en proyectos feministas con El Club de las 25 y con Reporteros sin Fronteras<\/strong>.&nbsp;<\/p>\n<p>Adem\u00e1s, Magis comparte <strong>su preocupaci\u00f3n por la deriva que ha sufrido la profesi\u00f3n period\u00edstica en los \u00faltimos a\u00f1os<\/strong>: \u201cSiempre lo he entendido como un servicio p\u00fablico, un contrapoder imprescindible en democracia y un compromiso con la sociedad, pero creo que estos valores son imposibles ahora, ya que la transformaci\u00f3n de la profesi\u00f3n ha ido por unos caminos absolutamente indeseados\u201d. Sin embargo, la escritora no pierde la esperanza de que en alg\u00fan momento resurja la necesidad de informar con rigor para \u201cdar a los conciudadanos la informaci\u00f3n de calidad que necesitan para tomar decisiones libres\u201d.&nbsp;<\/p>\n<p><strong>\u2018Voces por una Causa\u2019 es el podcast semanal de Entreculturas<\/strong>, en el que nos acercamos a la realidad de los pa\u00edses y causas en torno a las que trabajamos y con el que buscamos crear un espacio de reflexi\u00f3n y debate con testimonios y voces en primera persona. Los programas se emiten todos los jueves en nuestro canal de <a href=\"https:\/\/www.youtube.com\/c\/EntreculturasOrg915902672\">Youtube<\/a>, en <a href=\"https:\/\/open.spotify.com\/show\/6dS5JsqnsWrnHL1gwead1A\">Spotify<\/a>, en <a href=\"https:\/\/www.ivoox.com\/perfil-entreculturas_a8_listener_28185270_1.html\">Ivoox<\/a>, y en <a href=\"https:\/\/podcasts.apple.com\/us\/podcast\/entreculturas-voces-por-una-causa\/id1621485462\">Apple Podcast<\/a>.<\/p>\n<p>&nbsp;<\/p>\n","protected":false},"excerpt":{"rendered":"<p>Esta semana en Voces por una Causa, la escritora Julia Navarro conversa con Magis Iglesias Bello, veterana periodista, adem\u00e1s de escritora, que nos habla desde su larga trayectoria de m\u00e1s de 40 a\u00f1os como profesional de la informaci\u00f3n. A trav\u00e9s de su testimonio, nos acercamos a la evoluci\u00f3n que las mujeres han experimentado dentro del \u00e1mbito profesional en los \u00faltimos a\u00f1os y las dificultades y retos que han superado, especialmente en la profesi\u00f3n period\u00edstica. <\/p>\n","protected":false},"featured_media":6907,"template":"podcast-imagen-sin-banner","meta":{"_acf_changed":false},"categories":[7],"tags":[185],"class_list":["post-6908","podcast","type-podcast","status-publish","has-post-thumbnail","hentry","category-noticia","tag-entreculturas"],"acf":[],"yoast_head":"<!-- This site is optimized with the Yoast SEO Premium plugin v21.6 (Yoast SEO v27.5) - https:\/\/yoast.com\/product\/yoast-seo-premium-wordpress\/ -->\n<title>\u201cEl feminismo es internacional y las mujeres occidentales no podemos mirarnos solo el ombligo\u201d - Entreculturas<\/title>\n<meta name=\"robots\" content=\"index, follow, max-snippet:-1, max-image-preview:large, max-video-preview:-1\" \/>\n<link rel=\"canonical\" href=\"https:\/\/www.entreculturas.org\/en\/podcast\/el-feminismo-es-internacional-y-las-mujeres-occidentales-no-podemos-mirarnos-solo-el\/\" \/>\n<meta property=\"og:locale\" content=\"en_US\" \/>\n<meta property=\"og:type\" content=\"article\" \/>\n<meta property=\"og:title\" content=\"\u201cEl feminismo es internacional y las mujeres occidentales no podemos mirarnos solo el ombligo\u201d\" \/>\n<meta property=\"og:description\" content=\"Esta semana en Voces por una Causa, la escritora Julia Navarro conversa con Magis Iglesias Bello, veterana periodista, adem\u00e1s de escritora, que nos habla desde su larga trayectoria de m\u00e1s de 40 a\u00f1os como profesional de la informaci\u00f3n. A trav\u00e9s de su testimonio, nos acercamos a la evoluci\u00f3n que las mujeres han experimentado dentro del \u00e1mbito profesional en los \u00faltimos a\u00f1os y las dificultades y retos que han superado, especialmente en la profesi\u00f3n period\u00edstica.\" \/>\n<meta property=\"og:url\" content=\"https:\/\/www.entreculturas.org\/en\/podcast\/el-feminismo-es-internacional-y-las-mujeres-occidentales-no-podemos-mirarnos-solo-el\/\" \/>\n<meta property=\"og:site_name\" content=\"Entreculturas\" \/>\n<meta property=\"article:publisher\" content=\"https:\/\/www.facebook.com\/entreculturas\" \/>\n<meta property=\"article:modified_time\" content=\"2024-01-16T10:47:03+00:00\" \/>\n<meta property=\"og:image\" content=\"https:\/\/www.entreculturas.org\/wp-content\/uploads\/2023\/03\/web_definiitva.jpg\" \/>\n\t<meta property=\"og:image:width\" content=\"1920\" \/>\n\t<meta property=\"og:image:height\" content=\"1080\" \/>\n\t<meta property=\"og:image:type\" content=\"image\/jpeg\" \/>\n<meta name=\"twitter:card\" content=\"summary_large_image\" \/>\n<meta name=\"twitter:site\" content=\"@Entreculturas\" \/>\n<script type=\"application\/ld+json\" class=\"yoast-schema-graph\">{\"@context\":\"https:\\\/\\\/schema.org\",\"@graph\":[{\"@type\":\"WebPage\",\"@id\":\"https:\\\/\\\/www.entreculturas.org\\\/en\\\/podcast\\\/el-feminismo-es-internacional-y-las-mujeres-occidentales-no-podemos-mirarnos-solo-el\\\/\",\"url\":\"https:\\\/\\\/www.entreculturas.org\\\/en\\\/podcast\\\/el-feminismo-es-internacional-y-las-mujeres-occidentales-no-podemos-mirarnos-solo-el\\\/\",\"name\":\"\u201cEl feminismo es internacional y las mujeres occidentales no podemos mirarnos solo el ombligo\u201d - Entreculturas\",\"isPartOf\":{\"@id\":\"https:\\\/\\\/www.entreculturas.org\\\/en\\\/#website\"},\"primaryImageOfPage\":{\"@id\":\"https:\\\/\\\/www.entreculturas.org\\\/en\\\/podcast\\\/el-feminismo-es-internacional-y-las-mujeres-occidentales-no-podemos-mirarnos-solo-el\\\/#primaryimage\"},\"image\":{\"@id\":\"https:\\\/\\\/www.entreculturas.org\\\/en\\\/podcast\\\/el-feminismo-es-internacional-y-las-mujeres-occidentales-no-podemos-mirarnos-solo-el\\\/#primaryimage\"},\"thumbnailUrl\":\"https:\\\/\\\/www.entreculturas.org\\\/wp-content\\\/uploads\\\/2023\\\/03\\\/web_definiitva.jpg\",\"datePublished\":\"2023-03-09T12:05:30+00:00\",\"dateModified\":\"2024-01-16T10:47:03+00:00\",\"breadcrumb\":{\"@id\":\"https:\\\/\\\/www.entreculturas.org\\\/en\\\/podcast\\\/el-feminismo-es-internacional-y-las-mujeres-occidentales-no-podemos-mirarnos-solo-el\\\/#breadcrumb\"},\"inLanguage\":\"en-US\",\"potentialAction\":[{\"@type\":\"ReadAction\",\"target\":[\"https:\\\/\\\/www.entreculturas.org\\\/en\\\/podcast\\\/el-feminismo-es-internacional-y-las-mujeres-occidentales-no-podemos-mirarnos-solo-el\\\/\"]}]},{\"@type\":\"ImageObject\",\"inLanguage\":\"en-US\",\"@id\":\"https:\\\/\\\/www.entreculturas.org\\\/en\\\/podcast\\\/el-feminismo-es-internacional-y-las-mujeres-occidentales-no-podemos-mirarnos-solo-el\\\/#primaryimage\",\"url\":\"https:\\\/\\\/www.entreculturas.org\\\/wp-content\\\/uploads\\\/2023\\\/03\\\/web_definiitva.jpg\",\"contentUrl\":\"https:\\\/\\\/www.entreculturas.org\\\/wp-content\\\/uploads\\\/2023\\\/03\\\/web_definiitva.jpg\",\"width\":1920,\"height\":1080},{\"@type\":\"BreadcrumbList\",\"@id\":\"https:\\\/\\\/www.entreculturas.org\\\/en\\\/podcast\\\/el-feminismo-es-internacional-y-las-mujeres-occidentales-no-podemos-mirarnos-solo-el\\\/#breadcrumb\",\"itemListElement\":[{\"@type\":\"ListItem\",\"position\":1,\"name\":\"Home\",\"item\":\"https:\\\/\\\/www.entreculturas.org\\\/en\\\/\"},{\"@type\":\"ListItem\",\"position\":2,\"name\":\"Podcast Julia Navarro\",\"item\":\"https:\\\/\\\/www.entreculturas.org\\\/en\\\/podcasts\\\/\"},{\"@type\":\"ListItem\",\"position\":3,\"name\":\"\u201cEl feminismo es internacional y las mujeres occidentales no podemos mirarnos solo el ombligo\u201d\"}]},{\"@type\":\"WebSite\",\"@id\":\"https:\\\/\\\/www.entreculturas.org\\\/en\\\/#website\",\"url\":\"https:\\\/\\\/www.entreculturas.org\\\/en\\\/\",\"name\":\"Entreculturas\",\"description\":\"\",\"publisher\":{\"@id\":\"https:\\\/\\\/www.entreculturas.org\\\/en\\\/#organization\"},\"alternateName\":\"Entreculturas\",\"potentialAction\":[{\"@type\":\"SearchAction\",\"target\":{\"@type\":\"EntryPoint\",\"urlTemplate\":\"https:\\\/\\\/www.entreculturas.org\\\/en\\\/?s={search_term_string}\"},\"query-input\":{\"@type\":\"PropertyValueSpecification\",\"valueRequired\":true,\"valueName\":\"search_term_string\"}}],\"inLanguage\":\"en-US\"},{\"@type\":\"Organization\",\"@id\":\"https:\\\/\\\/www.entreculturas.org\\\/en\\\/#organization\",\"name\":\"Entreculturas\",\"url\":\"https:\\\/\\\/www.entreculturas.org\\\/en\\\/\",\"logo\":{\"@type\":\"ImageObject\",\"inLanguage\":\"en-US\",\"@id\":\"https:\\\/\\\/www.entreculturas.org\\\/en\\\/#\\\/schema\\\/logo\\\/image\\\/\",\"url\":\"https:\\\/\\\/www.entreculturas.org\\\/wp-content\\\/uploads\\\/2025\\\/10\\\/ESP.svg\",\"contentUrl\":\"https:\\\/\\\/www.entreculturas.org\\\/wp-content\\\/uploads\\\/2025\\\/10\\\/ESP.svg\",\"caption\":\"Entreculturas\"},\"image\":{\"@id\":\"https:\\\/\\\/www.entreculturas.org\\\/en\\\/#\\\/schema\\\/logo\\\/image\\\/\"},\"sameAs\":[\"https:\\\/\\\/www.facebook.com\\\/entreculturas\",\"https:\\\/\\\/x.com\\\/Entreculturas\",\"https:\\\/\\\/www.instagram.com\\\/entreculturas\\\/\",\"https:\\\/\\\/www.youtube.com\\\/user\\\/entreculturasvideo\",\"https:\\\/\\\/www.linkedin.com\\\/company\\\/fundacion-entreculturas-ngdo\\\/\",\"https:\\\/\\\/www.flickr.com\\\/photos\\\/98455522@N04\\\/albums\\\/\"]}]}<\/script>\n<!-- \/ Yoast SEO Premium plugin. -->","yoast_head_json":{"title":"\u201cEl feminismo es internacional y las mujeres occidentales no podemos mirarnos solo el ombligo\u201d - Entreculturas","robots":{"index":"index","follow":"follow","max-snippet":"max-snippet:-1","max-image-preview":"max-image-preview:large","max-video-preview":"max-video-preview:-1"},"canonical":"https:\/\/www.entreculturas.org\/en\/podcast\/el-feminismo-es-internacional-y-las-mujeres-occidentales-no-podemos-mirarnos-solo-el\/","og_locale":"en_US","og_type":"article","og_title":"\u201cEl feminismo es internacional y las mujeres occidentales no podemos mirarnos solo el ombligo\u201d","og_description":"Esta semana en Voces por una Causa, la escritora Julia Navarro conversa con Magis Iglesias Bello, veterana periodista, adem\u00e1s de escritora, que nos habla desde su larga trayectoria de m\u00e1s de 40 a\u00f1os como profesional de la informaci\u00f3n. A trav\u00e9s de su testimonio, nos acercamos a la evoluci\u00f3n que las mujeres han experimentado dentro del \u00e1mbito profesional en los \u00faltimos a\u00f1os y las dificultades y retos que han superado, especialmente en la profesi\u00f3n period\u00edstica.","og_url":"https:\/\/www.entreculturas.org\/en\/podcast\/el-feminismo-es-internacional-y-las-mujeres-occidentales-no-podemos-mirarnos-solo-el\/","og_site_name":"Entreculturas","article_publisher":"https:\/\/www.facebook.com\/entreculturas","article_modified_time":"2024-01-16T10:47:03+00:00","og_image":[{"width":1920,"height":1080,"url":"https:\/\/www.entreculturas.org\/wp-content\/uploads\/2023\/03\/web_definiitva.jpg","type":"image\/jpeg"}],"twitter_card":"summary_large_image","twitter_site":"@Entreculturas","schema":{"@context":"https:\/\/schema.org","@graph":[{"@type":"WebPage","@id":"https:\/\/www.entreculturas.org\/en\/podcast\/el-feminismo-es-internacional-y-las-mujeres-occidentales-no-podemos-mirarnos-solo-el\/","url":"https:\/\/www.entreculturas.org\/en\/podcast\/el-feminismo-es-internacional-y-las-mujeres-occidentales-no-podemos-mirarnos-solo-el\/","name":"\u201cEl feminismo es internacional y las mujeres occidentales no podemos mirarnos solo el ombligo\u201d - Entreculturas","isPartOf":{"@id":"https:\/\/www.entreculturas.org\/en\/#website"},"primaryImageOfPage":{"@id":"https:\/\/www.entreculturas.org\/en\/podcast\/el-feminismo-es-internacional-y-las-mujeres-occidentales-no-podemos-mirarnos-solo-el\/#primaryimage"},"image":{"@id":"https:\/\/www.entreculturas.org\/en\/podcast\/el-feminismo-es-internacional-y-las-mujeres-occidentales-no-podemos-mirarnos-solo-el\/#primaryimage"},"thumbnailUrl":"https:\/\/www.entreculturas.org\/wp-content\/uploads\/2023\/03\/web_definiitva.jpg","datePublished":"2023-03-09T12:05:30+00:00","dateModified":"2024-01-16T10:47:03+00:00","breadcrumb":{"@id":"https:\/\/www.entreculturas.org\/en\/podcast\/el-feminismo-es-internacional-y-las-mujeres-occidentales-no-podemos-mirarnos-solo-el\/#breadcrumb"},"inLanguage":"en-US","potentialAction":[{"@type":"ReadAction","target":["https:\/\/www.entreculturas.org\/en\/podcast\/el-feminismo-es-internacional-y-las-mujeres-occidentales-no-podemos-mirarnos-solo-el\/"]}]},{"@type":"ImageObject","inLanguage":"en-US","@id":"https:\/\/www.entreculturas.org\/en\/podcast\/el-feminismo-es-internacional-y-las-mujeres-occidentales-no-podemos-mirarnos-solo-el\/#primaryimage","url":"https:\/\/www.entreculturas.org\/wp-content\/uploads\/2023\/03\/web_definiitva.jpg","contentUrl":"https:\/\/www.entreculturas.org\/wp-content\/uploads\/2023\/03\/web_definiitva.jpg","width":1920,"height":1080},{"@type":"BreadcrumbList","@id":"https:\/\/www.entreculturas.org\/en\/podcast\/el-feminismo-es-internacional-y-las-mujeres-occidentales-no-podemos-mirarnos-solo-el\/#breadcrumb","itemListElement":[{"@type":"ListItem","position":1,"name":"Home","item":"https:\/\/www.entreculturas.org\/en\/"},{"@type":"ListItem","position":2,"name":"Podcast Julia Navarro","item":"https:\/\/www.entreculturas.org\/en\/podcasts\/"},{"@type":"ListItem","position":3,"name":"\u201cEl feminismo es internacional y las mujeres occidentales no podemos mirarnos solo el ombligo\u201d"}]},{"@type":"WebSite","@id":"https:\/\/www.entreculturas.org\/en\/#website","url":"https:\/\/www.entreculturas.org\/en\/","name":"Entreculturas","description":"","publisher":{"@id":"https:\/\/www.entreculturas.org\/en\/#organization"},"alternateName":"Entreculturas","potentialAction":[{"@type":"SearchAction","target":{"@type":"EntryPoint","urlTemplate":"https:\/\/www.entreculturas.org\/en\/?s={search_term_string}"},"query-input":{"@type":"PropertyValueSpecification","valueRequired":true,"valueName":"search_term_string"}}],"inLanguage":"en-US"},{"@type":"Organization","@id":"https:\/\/www.entreculturas.org\/en\/#organization","name":"Entreculturas","url":"https:\/\/www.entreculturas.org\/en\/","logo":{"@type":"ImageObject","inLanguage":"en-US","@id":"https:\/\/www.entreculturas.org\/en\/#\/schema\/logo\/image\/","url":"https:\/\/www.entreculturas.org\/wp-content\/uploads\/2025\/10\/ESP.svg","contentUrl":"https:\/\/www.entreculturas.org\/wp-content\/uploads\/2025\/10\/ESP.svg","caption":"Entreculturas"},"image":{"@id":"https:\/\/www.entreculturas.org\/en\/#\/schema\/logo\/image\/"},"sameAs":["https:\/\/www.facebook.com\/entreculturas","https:\/\/x.com\/Entreculturas","https:\/\/www.instagram.com\/entreculturas\/","https:\/\/www.youtube.com\/user\/entreculturasvideo","https:\/\/www.linkedin.com\/company\/fundacion-entreculturas-ngdo\/","https:\/\/www.flickr.com\/photos\/98455522@N04\/albums\/"]}]}},"_links":{"self":[{"href":"https:\/\/www.entreculturas.org\/en\/wp-json\/wp\/v2\/podcast\/6908","targetHints":{"allow":["GET"]}}],"collection":[{"href":"https:\/\/www.entreculturas.org\/en\/wp-json\/wp\/v2\/podcast"}],"about":[{"href":"https:\/\/www.entreculturas.org\/en\/wp-json\/wp\/v2\/types\/podcast"}],"wp:featuredmedia":[{"embeddable":true,"href":"https:\/\/www.entreculturas.org\/en\/wp-json\/wp\/v2\/media\/6907"}],"wp:attachment":[{"href":"https:\/\/www.entreculturas.org\/en\/wp-json\/wp\/v2\/media?parent=6908"}],"wp:term":[{"taxonomy":"category","embeddable":true,"href":"https:\/\/www.entreculturas.org\/en\/wp-json\/wp\/v2\/categories?post=6908"},{"taxonomy":"post_tag","embeddable":true,"href":"https:\/\/www.entreculturas.org\/en\/wp-json\/wp\/v2\/tags?post=6908"}],"curies":[{"name":"wp","href":"https:\/\/api.w.org\/{rel}","templated":true}]}}