{"id":6841,"date":"2023-01-18T14:21:28","date_gmt":"2023-01-18T14:21:28","guid":{"rendered":"https:\/\/entreculturasi.wpenginepowered.com\/?noticias=julia-navarro-anima-correr-en-la-12a-edicion-de-corre-por-una-causa"},"modified":"2024-01-16T11:47:25","modified_gmt":"2024-01-16T10:47:25","slug":"julia-navarro-anima-correr-en-la-12a-edicion-de-corre-por-una-causa","status":"publish","type":"podcast","link":"https:\/\/www.entreculturas.org\/en\/podcast\/julia-navarro-anima-correr-en-la-12a-edicion-de-corre-por-una-causa\/","title":{"rendered":"Julia Navarro anima a correr en la 12\u00aa edici\u00f3n de &#8220;Corre por una Causa&#8221;"},"content":{"rendered":"<\/p>\n<p>En este cap\u00edtulo de nuestro podcast Voces por una Causa, <strong>Julia Navarro conversa con Esperanza Vivanco<\/strong>, responsable del Departamento de Empresas y Responsabilidad Social Corporativa de Entreculturas, sobre <a href=\"https:\/\/correporunacausa.org\/\">Corre por una Causa<\/a>, la carrera solidaria organizada por las ONG Entreculturas y Alboan que se lleva celebrando desde 2011.&nbsp;<\/p>\n<p>A partir de febrero se celebrar\u00e1 la 12\u00aa edici\u00f3n, que tendr\u00e1 lugar de manera presencial en <strong>Madrid, C\u00e1diz, Le\u00f3n, Logro\u00f1o, Sevilla, \u00dabeda, M\u00e1laga, Barcelona, Valladolid, A Coru\u00f1a, Zaragoza, Vitoria, Bilbao y Pamplona<\/strong>, con la opci\u00f3n de inscribirse tambi\u00e9n en la modalidad virtual y participar en cualquier momento, independientemente del lugar en el que se resida.<\/p>\n<p><strong>El objetivo de esta edici\u00f3n es defender el derecho a la educaci\u00f3n de los ni\u00f1os y ni\u00f1as que viven en situaci\u00f3n de refugio o desplazamiento forzoso<\/strong>. Para ello, los fondos recaudados con las carreras ir\u00e1n destinados a proyectos de cooperaci\u00f3n en pa\u00edses de \u00c1frica, Am\u00e9rica Latina y Asia que contribuyen a garantizar al alumnado un espacio seguro en el que poder jugar, formarse y crecer lejos de la violencia.<\/p>\n<p>En el cap\u00edtulo de nuestro podcast, Esperanza, nos acerca a los inicios de Corre por una Causa: <strong>\u201csurge de una manera muy natural <\/strong>en una reuni\u00f3n de equipo al pensar en una nueva forma con la que implicar a la sociedad y a las empresas en las actividades que hacemos desde Entreculturas\u201d. Esperanza relata c\u00f3mo a partir de ese momento se puso en marcha una prueba piloto en Madrid que fue un \u00e9xito y que, con el tiempo, poco a poco se ha ido expandiendo al resto de delegaciones territoriales.&nbsp;<\/p>\n<p>Julia y Esperanza conversan tambi\u00e9n sobre los momentos m\u00e1s bonitos y m\u00e1s duros de estos 12 a\u00f1os. Lo primero, lo tiene claro: las carreras infantiles, ya que <strong>\u201ces maravilloso ver la emoci\u00f3n de los ni\u00f1os, ni\u00f1as, padres y madres\u201d<\/strong>. El segundo, afirma con rotundidad que fue durante la pandemia: \u201cEl sentido natural de una carrera es vivir la celebraci\u00f3n presencial\u201d.<\/p>\n<p><strong>\u2018Voces por una Causa\u2019 es el podcast semanal de Entreculturas, <\/strong>en el que nos acercamos a la realidad de los pa\u00edses y causas en torno a las que trabajamos y con el que buscamos crear un espacio de reflexi\u00f3n y debate con testimonios y voces en primera persona. Los programas se emiten todos los jueves en nuestro canal de <a href=\"https:\/\/www.youtube.com\/c\/EntreculturasOrg915902672\">Youtube<\/a>, en <a href=\"https:\/\/open.spotify.com\/show\/6dS5JsqnsWrnHL1gwead1A\">Spotify<\/a>, en <a href=\"https:\/\/www.ivoox.com\/perfil-entreculturas_a8_listener_28185270_1.html\">Ivoox<\/a>, y en <a href=\"https:\/\/podcasts.apple.com\/us\/podcast\/entreculturas-voces-por-una-causa\/id1621485462\">Apple Podcast<\/a>.<\/p>\n","protected":false},"excerpt":{"rendered":"<p>En este cap\u00edtulo de nuestro podcast Voces por una Causa, Julia Navarro conversa con Esperanza Vivanco, responsable del Departamento de Empresas y Responsabilidad Social Corporativa de Entreculturas, sobre Corre por una Causa, la carrera solidaria organizada por las ONG Entreculturas y Alboan que se lleva celebrando desde 2011. <\/p>\n","protected":false},"featured_media":6840,"template":"podcast-imagen-sin-banner","meta":{"_acf_changed":false},"categories":[7],"tags":[185],"class_list":["post-6841","podcast","type-podcast","status-publish","has-post-thumbnail","hentry","category-noticia","tag-entreculturas"],"acf":[],"yoast_head":"<!-- This site is optimized with the Yoast SEO Premium plugin v21.6 (Yoast SEO v27.5) - https:\/\/yoast.com\/product\/yoast-seo-premium-wordpress\/ -->\n<title>Julia Navarro anima a correr en la 12\u00aa edici\u00f3n de &quot;Corre por una Causa&quot; - Entreculturas<\/title>\n<meta name=\"robots\" content=\"index, follow, max-snippet:-1, max-image-preview:large, max-video-preview:-1\" \/>\n<link rel=\"canonical\" href=\"https:\/\/www.entreculturas.org\/en\/podcast\/julia-navarro-anima-correr-en-la-12a-edicion-de-corre-por-una-causa\/\" \/>\n<meta property=\"og:locale\" content=\"en_US\" \/>\n<meta property=\"og:type\" content=\"article\" \/>\n<meta property=\"og:title\" content=\"Julia Navarro anima a correr en la 12\u00aa edici\u00f3n de &quot;Corre por una Causa&quot;\" \/>\n<meta property=\"og:description\" content=\"En este cap\u00edtulo de nuestro podcast Voces por una Causa, Julia Navarro conversa con Esperanza Vivanco, responsable del Departamento de Empresas y Responsabilidad Social Corporativa de Entreculturas, sobre Corre por una Causa, la carrera solidaria organizada por las ONG Entreculturas y Alboan que se lleva celebrando desde 2011.\" \/>\n<meta property=\"og:url\" content=\"https:\/\/www.entreculturas.org\/en\/podcast\/julia-navarro-anima-correr-en-la-12a-edicion-de-corre-por-una-causa\/\" \/>\n<meta property=\"og:site_name\" content=\"Entreculturas\" \/>\n<meta property=\"article:publisher\" content=\"https:\/\/www.facebook.com\/entreculturas\" \/>\n<meta property=\"article:modified_time\" content=\"2024-01-16T10:47:25+00:00\" \/>\n<meta property=\"og:image\" content=\"https:\/\/www.entreculturas.org\/wp-content\/uploads\/2023\/01\/web_-_corre_-_definitiva.jpg\" \/>\n\t<meta property=\"og:image:width\" content=\"800\" \/>\n\t<meta property=\"og:image:height\" content=\"450\" \/>\n\t<meta property=\"og:image:type\" content=\"image\/jpeg\" \/>\n<meta name=\"twitter:card\" content=\"summary_large_image\" \/>\n<meta name=\"twitter:site\" content=\"@Entreculturas\" \/>\n<script type=\"application\/ld+json\" class=\"yoast-schema-graph\">{\"@context\":\"https:\\\/\\\/schema.org\",\"@graph\":[{\"@type\":\"WebPage\",\"@id\":\"https:\\\/\\\/www.entreculturas.org\\\/en\\\/podcast\\\/julia-navarro-anima-correr-en-la-12a-edicion-de-corre-por-una-causa\\\/\",\"url\":\"https:\\\/\\\/www.entreculturas.org\\\/en\\\/podcast\\\/julia-navarro-anima-correr-en-la-12a-edicion-de-corre-por-una-causa\\\/\",\"name\":\"Julia Navarro anima a correr en la 12\u00aa edici\u00f3n de \\\"Corre por una Causa\\\" - Entreculturas\",\"isPartOf\":{\"@id\":\"https:\\\/\\\/www.entreculturas.org\\\/en\\\/#website\"},\"primaryImageOfPage\":{\"@id\":\"https:\\\/\\\/www.entreculturas.org\\\/en\\\/podcast\\\/julia-navarro-anima-correr-en-la-12a-edicion-de-corre-por-una-causa\\\/#primaryimage\"},\"image\":{\"@id\":\"https:\\\/\\\/www.entreculturas.org\\\/en\\\/podcast\\\/julia-navarro-anima-correr-en-la-12a-edicion-de-corre-por-una-causa\\\/#primaryimage\"},\"thumbnailUrl\":\"https:\\\/\\\/www.entreculturas.org\\\/wp-content\\\/uploads\\\/2023\\\/01\\\/web_-_corre_-_definitiva.jpg\",\"datePublished\":\"2023-01-18T14:21:28+00:00\",\"dateModified\":\"2024-01-16T10:47:25+00:00\",\"breadcrumb\":{\"@id\":\"https:\\\/\\\/www.entreculturas.org\\\/en\\\/podcast\\\/julia-navarro-anima-correr-en-la-12a-edicion-de-corre-por-una-causa\\\/#breadcrumb\"},\"inLanguage\":\"en-US\",\"potentialAction\":[{\"@type\":\"ReadAction\",\"target\":[\"https:\\\/\\\/www.entreculturas.org\\\/en\\\/podcast\\\/julia-navarro-anima-correr-en-la-12a-edicion-de-corre-por-una-causa\\\/\"]}]},{\"@type\":\"ImageObject\",\"inLanguage\":\"en-US\",\"@id\":\"https:\\\/\\\/www.entreculturas.org\\\/en\\\/podcast\\\/julia-navarro-anima-correr-en-la-12a-edicion-de-corre-por-una-causa\\\/#primaryimage\",\"url\":\"https:\\\/\\\/www.entreculturas.org\\\/wp-content\\\/uploads\\\/2023\\\/01\\\/web_-_corre_-_definitiva.jpg\",\"contentUrl\":\"https:\\\/\\\/www.entreculturas.org\\\/wp-content\\\/uploads\\\/2023\\\/01\\\/web_-_corre_-_definitiva.jpg\",\"width\":800,\"height\":450},{\"@type\":\"BreadcrumbList\",\"@id\":\"https:\\\/\\\/www.entreculturas.org\\\/en\\\/podcast\\\/julia-navarro-anima-correr-en-la-12a-edicion-de-corre-por-una-causa\\\/#breadcrumb\",\"itemListElement\":[{\"@type\":\"ListItem\",\"position\":1,\"name\":\"Home\",\"item\":\"https:\\\/\\\/www.entreculturas.org\\\/en\\\/\"},{\"@type\":\"ListItem\",\"position\":2,\"name\":\"Podcast Julia Navarro\",\"item\":\"https:\\\/\\\/www.entreculturas.org\\\/en\\\/podcasts\\\/\"},{\"@type\":\"ListItem\",\"position\":3,\"name\":\"Julia Navarro anima a correr en la 12\u00aa edici\u00f3n de &#8220;Corre por una Causa&#8221;\"}]},{\"@type\":\"WebSite\",\"@id\":\"https:\\\/\\\/www.entreculturas.org\\\/en\\\/#website\",\"url\":\"https:\\\/\\\/www.entreculturas.org\\\/en\\\/\",\"name\":\"Entreculturas\",\"description\":\"\",\"publisher\":{\"@id\":\"https:\\\/\\\/www.entreculturas.org\\\/en\\\/#organization\"},\"alternateName\":\"Entreculturas\",\"potentialAction\":[{\"@type\":\"SearchAction\",\"target\":{\"@type\":\"EntryPoint\",\"urlTemplate\":\"https:\\\/\\\/www.entreculturas.org\\\/en\\\/?s={search_term_string}\"},\"query-input\":{\"@type\":\"PropertyValueSpecification\",\"valueRequired\":true,\"valueName\":\"search_term_string\"}}],\"inLanguage\":\"en-US\"},{\"@type\":\"Organization\",\"@id\":\"https:\\\/\\\/www.entreculturas.org\\\/en\\\/#organization\",\"name\":\"Entreculturas\",\"url\":\"https:\\\/\\\/www.entreculturas.org\\\/en\\\/\",\"logo\":{\"@type\":\"ImageObject\",\"inLanguage\":\"en-US\",\"@id\":\"https:\\\/\\\/www.entreculturas.org\\\/en\\\/#\\\/schema\\\/logo\\\/image\\\/\",\"url\":\"https:\\\/\\\/www.entreculturas.org\\\/wp-content\\\/uploads\\\/2025\\\/10\\\/ESP.svg\",\"contentUrl\":\"https:\\\/\\\/www.entreculturas.org\\\/wp-content\\\/uploads\\\/2025\\\/10\\\/ESP.svg\",\"caption\":\"Entreculturas\"},\"image\":{\"@id\":\"https:\\\/\\\/www.entreculturas.org\\\/en\\\/#\\\/schema\\\/logo\\\/image\\\/\"},\"sameAs\":[\"https:\\\/\\\/www.facebook.com\\\/entreculturas\",\"https:\\\/\\\/x.com\\\/Entreculturas\",\"https:\\\/\\\/www.instagram.com\\\/entreculturas\\\/\",\"https:\\\/\\\/www.youtube.com\\\/user\\\/entreculturasvideo\",\"https:\\\/\\\/www.linkedin.com\\\/company\\\/fundacion-entreculturas-ngdo\\\/\",\"https:\\\/\\\/www.flickr.com\\\/photos\\\/98455522@N04\\\/albums\\\/\"]}]}<\/script>\n<!-- \/ Yoast SEO Premium plugin. -->","yoast_head_json":{"title":"Julia Navarro anima a correr en la 12\u00aa edici\u00f3n de \"Corre por una Causa\" - Entreculturas","robots":{"index":"index","follow":"follow","max-snippet":"max-snippet:-1","max-image-preview":"max-image-preview:large","max-video-preview":"max-video-preview:-1"},"canonical":"https:\/\/www.entreculturas.org\/en\/podcast\/julia-navarro-anima-correr-en-la-12a-edicion-de-corre-por-una-causa\/","og_locale":"en_US","og_type":"article","og_title":"Julia Navarro anima a correr en la 12\u00aa edici\u00f3n de \"Corre por una Causa\"","og_description":"En este cap\u00edtulo de nuestro podcast Voces por una Causa, Julia Navarro conversa con Esperanza Vivanco, responsable del Departamento de Empresas y Responsabilidad Social Corporativa de Entreculturas, sobre Corre por una Causa, la carrera solidaria organizada por las ONG Entreculturas y Alboan que se lleva celebrando desde 2011.","og_url":"https:\/\/www.entreculturas.org\/en\/podcast\/julia-navarro-anima-correr-en-la-12a-edicion-de-corre-por-una-causa\/","og_site_name":"Entreculturas","article_publisher":"https:\/\/www.facebook.com\/entreculturas","article_modified_time":"2024-01-16T10:47:25+00:00","og_image":[{"width":800,"height":450,"url":"https:\/\/www.entreculturas.org\/wp-content\/uploads\/2023\/01\/web_-_corre_-_definitiva.jpg","type":"image\/jpeg"}],"twitter_card":"summary_large_image","twitter_site":"@Entreculturas","schema":{"@context":"https:\/\/schema.org","@graph":[{"@type":"WebPage","@id":"https:\/\/www.entreculturas.org\/en\/podcast\/julia-navarro-anima-correr-en-la-12a-edicion-de-corre-por-una-causa\/","url":"https:\/\/www.entreculturas.org\/en\/podcast\/julia-navarro-anima-correr-en-la-12a-edicion-de-corre-por-una-causa\/","name":"Julia Navarro anima a correr en la 12\u00aa edici\u00f3n de \"Corre por una Causa\" - Entreculturas","isPartOf":{"@id":"https:\/\/www.entreculturas.org\/en\/#website"},"primaryImageOfPage":{"@id":"https:\/\/www.entreculturas.org\/en\/podcast\/julia-navarro-anima-correr-en-la-12a-edicion-de-corre-por-una-causa\/#primaryimage"},"image":{"@id":"https:\/\/www.entreculturas.org\/en\/podcast\/julia-navarro-anima-correr-en-la-12a-edicion-de-corre-por-una-causa\/#primaryimage"},"thumbnailUrl":"https:\/\/www.entreculturas.org\/wp-content\/uploads\/2023\/01\/web_-_corre_-_definitiva.jpg","datePublished":"2023-01-18T14:21:28+00:00","dateModified":"2024-01-16T10:47:25+00:00","breadcrumb":{"@id":"https:\/\/www.entreculturas.org\/en\/podcast\/julia-navarro-anima-correr-en-la-12a-edicion-de-corre-por-una-causa\/#breadcrumb"},"inLanguage":"en-US","potentialAction":[{"@type":"ReadAction","target":["https:\/\/www.entreculturas.org\/en\/podcast\/julia-navarro-anima-correr-en-la-12a-edicion-de-corre-por-una-causa\/"]}]},{"@type":"ImageObject","inLanguage":"en-US","@id":"https:\/\/www.entreculturas.org\/en\/podcast\/julia-navarro-anima-correr-en-la-12a-edicion-de-corre-por-una-causa\/#primaryimage","url":"https:\/\/www.entreculturas.org\/wp-content\/uploads\/2023\/01\/web_-_corre_-_definitiva.jpg","contentUrl":"https:\/\/www.entreculturas.org\/wp-content\/uploads\/2023\/01\/web_-_corre_-_definitiva.jpg","width":800,"height":450},{"@type":"BreadcrumbList","@id":"https:\/\/www.entreculturas.org\/en\/podcast\/julia-navarro-anima-correr-en-la-12a-edicion-de-corre-por-una-causa\/#breadcrumb","itemListElement":[{"@type":"ListItem","position":1,"name":"Home","item":"https:\/\/www.entreculturas.org\/en\/"},{"@type":"ListItem","position":2,"name":"Podcast Julia Navarro","item":"https:\/\/www.entreculturas.org\/en\/podcasts\/"},{"@type":"ListItem","position":3,"name":"Julia Navarro anima a correr en la 12\u00aa edici\u00f3n de &#8220;Corre por una Causa&#8221;"}]},{"@type":"WebSite","@id":"https:\/\/www.entreculturas.org\/en\/#website","url":"https:\/\/www.entreculturas.org\/en\/","name":"Entreculturas","description":"","publisher":{"@id":"https:\/\/www.entreculturas.org\/en\/#organization"},"alternateName":"Entreculturas","potentialAction":[{"@type":"SearchAction","target":{"@type":"EntryPoint","urlTemplate":"https:\/\/www.entreculturas.org\/en\/?s={search_term_string}"},"query-input":{"@type":"PropertyValueSpecification","valueRequired":true,"valueName":"search_term_string"}}],"inLanguage":"en-US"},{"@type":"Organization","@id":"https:\/\/www.entreculturas.org\/en\/#organization","name":"Entreculturas","url":"https:\/\/www.entreculturas.org\/en\/","logo":{"@type":"ImageObject","inLanguage":"en-US","@id":"https:\/\/www.entreculturas.org\/en\/#\/schema\/logo\/image\/","url":"https:\/\/www.entreculturas.org\/wp-content\/uploads\/2025\/10\/ESP.svg","contentUrl":"https:\/\/www.entreculturas.org\/wp-content\/uploads\/2025\/10\/ESP.svg","caption":"Entreculturas"},"image":{"@id":"https:\/\/www.entreculturas.org\/en\/#\/schema\/logo\/image\/"},"sameAs":["https:\/\/www.facebook.com\/entreculturas","https:\/\/x.com\/Entreculturas","https:\/\/www.instagram.com\/entreculturas\/","https:\/\/www.youtube.com\/user\/entreculturasvideo","https:\/\/www.linkedin.com\/company\/fundacion-entreculturas-ngdo\/","https:\/\/www.flickr.com\/photos\/98455522@N04\/albums\/"]}]}},"_links":{"self":[{"href":"https:\/\/www.entreculturas.org\/en\/wp-json\/wp\/v2\/podcast\/6841","targetHints":{"allow":["GET"]}}],"collection":[{"href":"https:\/\/www.entreculturas.org\/en\/wp-json\/wp\/v2\/podcast"}],"about":[{"href":"https:\/\/www.entreculturas.org\/en\/wp-json\/wp\/v2\/types\/podcast"}],"wp:featuredmedia":[{"embeddable":true,"href":"https:\/\/www.entreculturas.org\/en\/wp-json\/wp\/v2\/media\/6840"}],"wp:attachment":[{"href":"https:\/\/www.entreculturas.org\/en\/wp-json\/wp\/v2\/media?parent=6841"}],"wp:term":[{"taxonomy":"category","embeddable":true,"href":"https:\/\/www.entreculturas.org\/en\/wp-json\/wp\/v2\/categories?post=6841"},{"taxonomy":"post_tag","embeddable":true,"href":"https:\/\/www.entreculturas.org\/en\/wp-json\/wp\/v2\/tags?post=6841"}],"curies":[{"name":"wp","href":"https:\/\/api.w.org\/{rel}","templated":true}]}}