{"id":6756,"date":"2022-10-27T08:36:15","date_gmt":"2022-10-27T08:36:15","guid":{"rendered":"https:\/\/entreculturasi.wpenginepowered.com\/?noticias=decidi-comenzar-la-universidad-porque-mi-sueno-era-ser-periodista-y-hacer-algo-por-las"},"modified":"2024-01-16T11:47:26","modified_gmt":"2024-01-16T10:47:26","slug":"decidi-comenzar-la-universidad-porque-mi-sueno-era-ser-periodista-y-hacer-algo-por-las","status":"publish","type":"podcast","link":"https:\/\/www.entreculturas.org\/en\/podcast\/decidi-comenzar-la-universidad-porque-mi-sueno-era-ser-periodista-y-hacer-algo-por-las\/","title":{"rendered":"\u201cDecid\u00ed comenzar la universidad porque mi sue\u00f1o era ser periodista y hacer algo por las mujeres\u201d, Khadija Amin"},"content":{"rendered":"<\/p>\n<p>Esta semana en Voces por una Causa, Julia Navarro conversa con <strong>Khadija Amin, periodista afgana refugiada en Espa\u00f1a<\/strong> desde agosto de 2021 cuando tuvo que huir cuando los talibanes volvieron al poder. A trav\u00e9s de su testimonio, nos acercamos a una realidad que marc\u00f3 la actualidad pol\u00edtica, a los efectos nocivos que tuvo el cambio de r\u00e9gimen en los derechos de las mujeres afganas y al duro viaje y lo que implica salir del pa\u00eds de origen y convertirse en una persona refugiada.&nbsp;<\/p>\n<p>Khadija es periodista y era <strong>uno de los rostros m\u00e1s conocidos de la televisi\u00f3n estatal afgana<\/strong> cuando los talibanes se hicieron con el control del pa\u00eds. Activista por los derechos de las mujeres afganas, <u>hace m\u00e1s de un a\u00f1o que vive en Espa\u00f1a como refugiada gracias al trabajo de Reporteros sin Fronteras<\/u>. En la actualidad, colabora con distintos diarios, como El Pa\u00eds y 20Minutos.<\/p>\n<p>En este cap\u00edtulo de nuestro podcast, Khadija nos abre su coraz\u00f3n y nos relata su historia. Desde c\u00f3mo <strong>estuvo encerrada durante los seis a\u00f1os de matrimonio forzado<\/strong> que tuvo que soportar hasta c\u00f3mo decidi\u00f3 romper con esa vida que le hab\u00eda sido impuesta, pedir el divorcio y comenzar a estudiar Periodismo. \u201cCuando yo me cas\u00e9 no pod\u00eda hacer nada. Despu\u00e9s del divorcio decid\u00ed comenzar la universidad porque mi sue\u00f1o era ser periodista y hacer algo por las mujeres\u201d, explica Khadija.&nbsp;<\/p>\n<p>Este cambio de vida supuso muchas dificultades para la periodista. Ni la sociedad afgana ni su familia ve\u00edan con buenos ojos que una mujer trabajase, y m\u00e1s en un empleo con una gran exposici\u00f3n medi\u00e1tica. Un trabajo en el que tambi\u00e9n encontr\u00f3 muchos problemas por el simple hecho de ser mujer porque, como recalca Khadija,<strong> \u201cantes de los talibanes tambi\u00e9n hab\u00eda muchos problemas para nosotras\u201d<\/strong>.&nbsp;<\/p>\n<p>Khadija <strong>recuerda c\u00f3mo fue la toma de Kabul por parte de los talibanes el 15 de agosto de 2021<\/strong>, la incertidumbre, el miedo y la angustia que experiment\u00f3 la poblaci\u00f3n. Rememora las protestas que convocaron las mujeres para defender sus derechos, c\u00f3mo se vi\u00f3 obligada a abandonar su pa\u00eds por alzar la voz y c\u00f3mo pudo salir de una capital ca\u00f3tica gracias a la colaboraci\u00f3n de diferentes autoridades y personalidades espa\u00f1olas.&nbsp;<\/p>\n<p>La joven periodista afgana termina la conversaci\u00f3n denunciando c\u00f3mo<strong> la opini\u00f3n p\u00fablica se ha olvidado de la situaci\u00f3n de Afganist\u00e1n<\/strong> desde el comienzo de la guerra en Ucrania y reivindica la importancia de seguir presionando internacionalmente a los talibanes para forzar el cambio de sus pol\u00edticas y frenar la vulneraci\u00f3n de los derechos de las mujeres.&nbsp;<\/p>\n<p><strong>\u2018Voces por una Causa\u2019<\/strong> es el podcast semanal de Entreculturas, en el que nos acercamos a la realidad de los pa\u00edses y causas en torno a las que trabajamos y con el que buscamos crear un espacio de reflexi\u00f3n y debate con testimonios y voces en primera persona. Los programas se emiten todos los jueves en nuestro canal de <a href=\"https:\/\/youtu.be\/EgnvTOLxSxQ\">Youtube<\/a>, en <a href=\"https:\/\/open.spotify.com\/episode\/5tQZE88a8j2DqO8Ozz75NB?si=upHtlxgqToChEK7C5lnUYQ\">Spotify<\/a>, en <a href=\"https:\/\/go.ivoox.com\/rf\/94961383\">Ivoox<\/a>, y en <a href=\"https:\/\/podcasts.apple.com\/es\/podcast\/voces-por-una-causa-con-julia-navarro-khadija-amin\/id1621485462?i=1000584067387\">Apple Podcast<\/a>.&nbsp;<\/p>\n","protected":false},"excerpt":{"rendered":"<p>Esta semana en Voces por una Causa, Julia Navarro conversa con Khadija Amin, periodista afgana refugiada en Espa\u00f1a desde agosto de 2021 cuando tuvo que huir cuando los talibanes volvieron al poder. A trav\u00e9s de su testimonio, nos acercamos a una realidad que marc\u00f3 la actualidad pol\u00edtica, a los efectos nocivos que tuvo el cambio de r\u00e9gimen en los derechos de las mujeres afganas y al duro viaje y lo que implica salir del pa\u00eds de origen y convertirse en una persona refugiada. <\/p>\n","protected":false},"featured_media":6755,"template":"podcast-imagen-sin-banner","meta":{"_acf_changed":false},"categories":[7],"tags":[185],"class_list":["post-6756","podcast","type-podcast","status-publish","has-post-thumbnail","hentry","category-noticia","tag-entreculturas"],"acf":[],"yoast_head":"<!-- This site is optimized with the Yoast SEO Premium plugin v21.6 (Yoast SEO v27.5) - https:\/\/yoast.com\/product\/yoast-seo-premium-wordpress\/ -->\n<title>\u201cDecid\u00ed comenzar la universidad porque mi sue\u00f1o era ser periodista y hacer algo por las mujeres\u201d, Khadija Amin - Entreculturas<\/title>\n<meta name=\"robots\" content=\"index, follow, max-snippet:-1, max-image-preview:large, max-video-preview:-1\" \/>\n<link rel=\"canonical\" href=\"https:\/\/www.entreculturas.org\/en\/podcast\/decidi-comenzar-la-universidad-porque-mi-sueno-era-ser-periodista-y-hacer-algo-por-las\/\" \/>\n<meta property=\"og:locale\" content=\"en_US\" \/>\n<meta property=\"og:type\" content=\"article\" \/>\n<meta property=\"og:title\" content=\"\u201cDecid\u00ed comenzar la universidad porque mi sue\u00f1o era ser periodista y hacer algo por las mujeres\u201d, Khadija Amin\" \/>\n<meta property=\"og:description\" content=\"Esta semana en Voces por una Causa, Julia Navarro conversa con Khadija Amin, periodista afgana refugiada en Espa\u00f1a desde agosto de 2021 cuando tuvo que huir cuando los talibanes volvieron al poder. A trav\u00e9s de su testimonio, nos acercamos a una realidad que marc\u00f3 la actualidad pol\u00edtica, a los efectos nocivos que tuvo el cambio de r\u00e9gimen en los derechos de las mujeres afganas y al duro viaje y lo que implica salir del pa\u00eds de origen y convertirse en una persona refugiada.\" \/>\n<meta property=\"og:url\" content=\"https:\/\/www.entreculturas.org\/en\/podcast\/decidi-comenzar-la-universidad-porque-mi-sueno-era-ser-periodista-y-hacer-algo-por-las\/\" \/>\n<meta property=\"og:site_name\" content=\"Entreculturas\" \/>\n<meta property=\"article:publisher\" content=\"https:\/\/www.facebook.com\/entreculturas\" \/>\n<meta property=\"article:modified_time\" content=\"2024-01-16T10:47:26+00:00\" \/>\n<meta property=\"og:image\" content=\"https:\/\/www.entreculturas.org\/wp-content\/uploads\/2022\/10\/propuesta_creatividad_-_khadija.jpg\" \/>\n\t<meta property=\"og:image:width\" content=\"1920\" \/>\n\t<meta property=\"og:image:height\" content=\"1080\" \/>\n\t<meta property=\"og:image:type\" content=\"image\/jpeg\" \/>\n<meta name=\"twitter:card\" content=\"summary_large_image\" \/>\n<meta name=\"twitter:site\" content=\"@Entreculturas\" \/>\n<script type=\"application\/ld+json\" class=\"yoast-schema-graph\">{\"@context\":\"https:\\\/\\\/schema.org\",\"@graph\":[{\"@type\":\"WebPage\",\"@id\":\"https:\\\/\\\/www.entreculturas.org\\\/en\\\/podcast\\\/decidi-comenzar-la-universidad-porque-mi-sueno-era-ser-periodista-y-hacer-algo-por-las\\\/\",\"url\":\"https:\\\/\\\/www.entreculturas.org\\\/en\\\/podcast\\\/decidi-comenzar-la-universidad-porque-mi-sueno-era-ser-periodista-y-hacer-algo-por-las\\\/\",\"name\":\"\u201cDecid\u00ed comenzar la universidad porque mi sue\u00f1o era ser periodista y hacer algo por las mujeres\u201d, Khadija Amin - Entreculturas\",\"isPartOf\":{\"@id\":\"https:\\\/\\\/www.entreculturas.org\\\/en\\\/#website\"},\"primaryImageOfPage\":{\"@id\":\"https:\\\/\\\/www.entreculturas.org\\\/en\\\/podcast\\\/decidi-comenzar-la-universidad-porque-mi-sueno-era-ser-periodista-y-hacer-algo-por-las\\\/#primaryimage\"},\"image\":{\"@id\":\"https:\\\/\\\/www.entreculturas.org\\\/en\\\/podcast\\\/decidi-comenzar-la-universidad-porque-mi-sueno-era-ser-periodista-y-hacer-algo-por-las\\\/#primaryimage\"},\"thumbnailUrl\":\"https:\\\/\\\/www.entreculturas.org\\\/wp-content\\\/uploads\\\/2022\\\/10\\\/propuesta_creatividad_-_khadija.jpg\",\"datePublished\":\"2022-10-27T08:36:15+00:00\",\"dateModified\":\"2024-01-16T10:47:26+00:00\",\"breadcrumb\":{\"@id\":\"https:\\\/\\\/www.entreculturas.org\\\/en\\\/podcast\\\/decidi-comenzar-la-universidad-porque-mi-sueno-era-ser-periodista-y-hacer-algo-por-las\\\/#breadcrumb\"},\"inLanguage\":\"en-US\",\"potentialAction\":[{\"@type\":\"ReadAction\",\"target\":[\"https:\\\/\\\/www.entreculturas.org\\\/en\\\/podcast\\\/decidi-comenzar-la-universidad-porque-mi-sueno-era-ser-periodista-y-hacer-algo-por-las\\\/\"]}]},{\"@type\":\"ImageObject\",\"inLanguage\":\"en-US\",\"@id\":\"https:\\\/\\\/www.entreculturas.org\\\/en\\\/podcast\\\/decidi-comenzar-la-universidad-porque-mi-sueno-era-ser-periodista-y-hacer-algo-por-las\\\/#primaryimage\",\"url\":\"https:\\\/\\\/www.entreculturas.org\\\/wp-content\\\/uploads\\\/2022\\\/10\\\/propuesta_creatividad_-_khadija.jpg\",\"contentUrl\":\"https:\\\/\\\/www.entreculturas.org\\\/wp-content\\\/uploads\\\/2022\\\/10\\\/propuesta_creatividad_-_khadija.jpg\",\"width\":1920,\"height\":1080},{\"@type\":\"BreadcrumbList\",\"@id\":\"https:\\\/\\\/www.entreculturas.org\\\/en\\\/podcast\\\/decidi-comenzar-la-universidad-porque-mi-sueno-era-ser-periodista-y-hacer-algo-por-las\\\/#breadcrumb\",\"itemListElement\":[{\"@type\":\"ListItem\",\"position\":1,\"name\":\"Home\",\"item\":\"https:\\\/\\\/www.entreculturas.org\\\/en\\\/\"},{\"@type\":\"ListItem\",\"position\":2,\"name\":\"Podcast Julia Navarro\",\"item\":\"https:\\\/\\\/www.entreculturas.org\\\/en\\\/podcasts\\\/\"},{\"@type\":\"ListItem\",\"position\":3,\"name\":\"\u201cDecid\u00ed comenzar la universidad porque mi sue\u00f1o era ser periodista y hacer algo por las mujeres\u201d, Khadija Amin\"}]},{\"@type\":\"WebSite\",\"@id\":\"https:\\\/\\\/www.entreculturas.org\\\/en\\\/#website\",\"url\":\"https:\\\/\\\/www.entreculturas.org\\\/en\\\/\",\"name\":\"Entreculturas\",\"description\":\"\",\"publisher\":{\"@id\":\"https:\\\/\\\/www.entreculturas.org\\\/en\\\/#organization\"},\"alternateName\":\"Entreculturas\",\"potentialAction\":[{\"@type\":\"SearchAction\",\"target\":{\"@type\":\"EntryPoint\",\"urlTemplate\":\"https:\\\/\\\/www.entreculturas.org\\\/en\\\/?s={search_term_string}\"},\"query-input\":{\"@type\":\"PropertyValueSpecification\",\"valueRequired\":true,\"valueName\":\"search_term_string\"}}],\"inLanguage\":\"en-US\"},{\"@type\":\"Organization\",\"@id\":\"https:\\\/\\\/www.entreculturas.org\\\/en\\\/#organization\",\"name\":\"Entreculturas\",\"url\":\"https:\\\/\\\/www.entreculturas.org\\\/en\\\/\",\"logo\":{\"@type\":\"ImageObject\",\"inLanguage\":\"en-US\",\"@id\":\"https:\\\/\\\/www.entreculturas.org\\\/en\\\/#\\\/schema\\\/logo\\\/image\\\/\",\"url\":\"https:\\\/\\\/www.entreculturas.org\\\/wp-content\\\/uploads\\\/2025\\\/10\\\/ESP.svg\",\"contentUrl\":\"https:\\\/\\\/www.entreculturas.org\\\/wp-content\\\/uploads\\\/2025\\\/10\\\/ESP.svg\",\"caption\":\"Entreculturas\"},\"image\":{\"@id\":\"https:\\\/\\\/www.entreculturas.org\\\/en\\\/#\\\/schema\\\/logo\\\/image\\\/\"},\"sameAs\":[\"https:\\\/\\\/www.facebook.com\\\/entreculturas\",\"https:\\\/\\\/x.com\\\/Entreculturas\",\"https:\\\/\\\/www.instagram.com\\\/entreculturas\\\/\",\"https:\\\/\\\/www.youtube.com\\\/user\\\/entreculturasvideo\",\"https:\\\/\\\/www.linkedin.com\\\/company\\\/fundacion-entreculturas-ngdo\\\/\",\"https:\\\/\\\/www.flickr.com\\\/photos\\\/98455522@N04\\\/albums\\\/\"]}]}<\/script>\n<!-- \/ Yoast SEO Premium plugin. -->","yoast_head_json":{"title":"\u201cDecid\u00ed comenzar la universidad porque mi sue\u00f1o era ser periodista y hacer algo por las mujeres\u201d, Khadija Amin - Entreculturas","robots":{"index":"index","follow":"follow","max-snippet":"max-snippet:-1","max-image-preview":"max-image-preview:large","max-video-preview":"max-video-preview:-1"},"canonical":"https:\/\/www.entreculturas.org\/en\/podcast\/decidi-comenzar-la-universidad-porque-mi-sueno-era-ser-periodista-y-hacer-algo-por-las\/","og_locale":"en_US","og_type":"article","og_title":"\u201cDecid\u00ed comenzar la universidad porque mi sue\u00f1o era ser periodista y hacer algo por las mujeres\u201d, Khadija Amin","og_description":"Esta semana en Voces por una Causa, Julia Navarro conversa con Khadija Amin, periodista afgana refugiada en Espa\u00f1a desde agosto de 2021 cuando tuvo que huir cuando los talibanes volvieron al poder. A trav\u00e9s de su testimonio, nos acercamos a una realidad que marc\u00f3 la actualidad pol\u00edtica, a los efectos nocivos que tuvo el cambio de r\u00e9gimen en los derechos de las mujeres afganas y al duro viaje y lo que implica salir del pa\u00eds de origen y convertirse en una persona refugiada.","og_url":"https:\/\/www.entreculturas.org\/en\/podcast\/decidi-comenzar-la-universidad-porque-mi-sueno-era-ser-periodista-y-hacer-algo-por-las\/","og_site_name":"Entreculturas","article_publisher":"https:\/\/www.facebook.com\/entreculturas","article_modified_time":"2024-01-16T10:47:26+00:00","og_image":[{"width":1920,"height":1080,"url":"https:\/\/www.entreculturas.org\/wp-content\/uploads\/2022\/10\/propuesta_creatividad_-_khadija.jpg","type":"image\/jpeg"}],"twitter_card":"summary_large_image","twitter_site":"@Entreculturas","schema":{"@context":"https:\/\/schema.org","@graph":[{"@type":"WebPage","@id":"https:\/\/www.entreculturas.org\/en\/podcast\/decidi-comenzar-la-universidad-porque-mi-sueno-era-ser-periodista-y-hacer-algo-por-las\/","url":"https:\/\/www.entreculturas.org\/en\/podcast\/decidi-comenzar-la-universidad-porque-mi-sueno-era-ser-periodista-y-hacer-algo-por-las\/","name":"\u201cDecid\u00ed comenzar la universidad porque mi sue\u00f1o era ser periodista y hacer algo por las mujeres\u201d, Khadija Amin - Entreculturas","isPartOf":{"@id":"https:\/\/www.entreculturas.org\/en\/#website"},"primaryImageOfPage":{"@id":"https:\/\/www.entreculturas.org\/en\/podcast\/decidi-comenzar-la-universidad-porque-mi-sueno-era-ser-periodista-y-hacer-algo-por-las\/#primaryimage"},"image":{"@id":"https:\/\/www.entreculturas.org\/en\/podcast\/decidi-comenzar-la-universidad-porque-mi-sueno-era-ser-periodista-y-hacer-algo-por-las\/#primaryimage"},"thumbnailUrl":"https:\/\/www.entreculturas.org\/wp-content\/uploads\/2022\/10\/propuesta_creatividad_-_khadija.jpg","datePublished":"2022-10-27T08:36:15+00:00","dateModified":"2024-01-16T10:47:26+00:00","breadcrumb":{"@id":"https:\/\/www.entreculturas.org\/en\/podcast\/decidi-comenzar-la-universidad-porque-mi-sueno-era-ser-periodista-y-hacer-algo-por-las\/#breadcrumb"},"inLanguage":"en-US","potentialAction":[{"@type":"ReadAction","target":["https:\/\/www.entreculturas.org\/en\/podcast\/decidi-comenzar-la-universidad-porque-mi-sueno-era-ser-periodista-y-hacer-algo-por-las\/"]}]},{"@type":"ImageObject","inLanguage":"en-US","@id":"https:\/\/www.entreculturas.org\/en\/podcast\/decidi-comenzar-la-universidad-porque-mi-sueno-era-ser-periodista-y-hacer-algo-por-las\/#primaryimage","url":"https:\/\/www.entreculturas.org\/wp-content\/uploads\/2022\/10\/propuesta_creatividad_-_khadija.jpg","contentUrl":"https:\/\/www.entreculturas.org\/wp-content\/uploads\/2022\/10\/propuesta_creatividad_-_khadija.jpg","width":1920,"height":1080},{"@type":"BreadcrumbList","@id":"https:\/\/www.entreculturas.org\/en\/podcast\/decidi-comenzar-la-universidad-porque-mi-sueno-era-ser-periodista-y-hacer-algo-por-las\/#breadcrumb","itemListElement":[{"@type":"ListItem","position":1,"name":"Home","item":"https:\/\/www.entreculturas.org\/en\/"},{"@type":"ListItem","position":2,"name":"Podcast Julia Navarro","item":"https:\/\/www.entreculturas.org\/en\/podcasts\/"},{"@type":"ListItem","position":3,"name":"\u201cDecid\u00ed comenzar la universidad porque mi sue\u00f1o era ser periodista y hacer algo por las mujeres\u201d, Khadija Amin"}]},{"@type":"WebSite","@id":"https:\/\/www.entreculturas.org\/en\/#website","url":"https:\/\/www.entreculturas.org\/en\/","name":"Entreculturas","description":"","publisher":{"@id":"https:\/\/www.entreculturas.org\/en\/#organization"},"alternateName":"Entreculturas","potentialAction":[{"@type":"SearchAction","target":{"@type":"EntryPoint","urlTemplate":"https:\/\/www.entreculturas.org\/en\/?s={search_term_string}"},"query-input":{"@type":"PropertyValueSpecification","valueRequired":true,"valueName":"search_term_string"}}],"inLanguage":"en-US"},{"@type":"Organization","@id":"https:\/\/www.entreculturas.org\/en\/#organization","name":"Entreculturas","url":"https:\/\/www.entreculturas.org\/en\/","logo":{"@type":"ImageObject","inLanguage":"en-US","@id":"https:\/\/www.entreculturas.org\/en\/#\/schema\/logo\/image\/","url":"https:\/\/www.entreculturas.org\/wp-content\/uploads\/2025\/10\/ESP.svg","contentUrl":"https:\/\/www.entreculturas.org\/wp-content\/uploads\/2025\/10\/ESP.svg","caption":"Entreculturas"},"image":{"@id":"https:\/\/www.entreculturas.org\/en\/#\/schema\/logo\/image\/"},"sameAs":["https:\/\/www.facebook.com\/entreculturas","https:\/\/x.com\/Entreculturas","https:\/\/www.instagram.com\/entreculturas\/","https:\/\/www.youtube.com\/user\/entreculturasvideo","https:\/\/www.linkedin.com\/company\/fundacion-entreculturas-ngdo\/","https:\/\/www.flickr.com\/photos\/98455522@N04\/albums\/"]}]}},"_links":{"self":[{"href":"https:\/\/www.entreculturas.org\/en\/wp-json\/wp\/v2\/podcast\/6756","targetHints":{"allow":["GET"]}}],"collection":[{"href":"https:\/\/www.entreculturas.org\/en\/wp-json\/wp\/v2\/podcast"}],"about":[{"href":"https:\/\/www.entreculturas.org\/en\/wp-json\/wp\/v2\/types\/podcast"}],"wp:featuredmedia":[{"embeddable":true,"href":"https:\/\/www.entreculturas.org\/en\/wp-json\/wp\/v2\/media\/6755"}],"wp:attachment":[{"href":"https:\/\/www.entreculturas.org\/en\/wp-json\/wp\/v2\/media?parent=6756"}],"wp:term":[{"taxonomy":"category","embeddable":true,"href":"https:\/\/www.entreculturas.org\/en\/wp-json\/wp\/v2\/categories?post=6756"},{"taxonomy":"post_tag","embeddable":true,"href":"https:\/\/www.entreculturas.org\/en\/wp-json\/wp\/v2\/tags?post=6756"}],"curies":[{"name":"wp","href":"https:\/\/api.w.org\/{rel}","templated":true}]}}