{"id":6671,"date":"2022-07-21T08:08:38","date_gmt":"2022-07-21T08:08:38","guid":{"rendered":"https:\/\/entreculturasi.wpenginepowered.com\/?noticias=veces-pienso-cual-es-la-historia-que-mas-me-ha-interesado-y-seria-incapaz-de-elegir-una"},"modified":"2024-01-16T11:47:46","modified_gmt":"2024-01-16T10:47:46","slug":"veces-pienso-cual-es-la-historia-que-mas-me-ha-interesado-y-seria-incapaz-de-elegir-una","status":"publish","type":"podcast","link":"https:\/\/www.entreculturas.org\/en\/podcast\/veces-pienso-cual-es-la-historia-que-mas-me-ha-interesado-y-seria-incapaz-de-elegir-una\/","title":{"rendered":"&#8220;A veces pienso cu\u00e1l es la historia que m\u00e1s me ha interesado y ser\u00eda incapaz de elegir una, porque pienso que detr\u00e1s de todas hay personas que son igual de importantes&#8221; Julia Navarro"},"content":{"rendered":"<p dir=\"ltr\" style=\"line-height:1.2;text-align: justify;margin-top:0pt;margin-bottom:0pt\"><span id=\"docs-internal-guid-c9ff4a36-7fff-600d-b32b-e49f5d52c23e\"><span style=\"font-size: 12pt;font-family: Calibri, sans-serif;background-color: transparent\">Julia Navarro ha cautivado a millones de lectores con sus hasta ahora ocho t\u00edtulos publicados en m\u00e1s de treinta pa\u00edses. Ha dedicado m\u00e1s de 35 a\u00f1os de su vida al periodismo, trabajando en los principales medios de comunicaci\u00f3n de Espa\u00f1a dada su vocaci\u00f3n period\u00edstica y, aunque a d\u00eda de hoy est\u00e9 centrada en la escritura de novelas hist\u00f3ricas, Julia sigue escribiendo art\u00edculos y colaborando en diversos medios.&nbsp;<\/span><\/span><\/p>\n<p dir=\"ltr\" style=\"line-height:1.2;text-align: justify;margin-top:0pt;margin-bottom:0pt\">&nbsp;<\/p>\n<p>&nbsp;<\/p>\n<p dir=\"ltr\" style=\"line-height:1.2;text-align: justify;margin-top:0pt;margin-bottom:0pt\"><span id=\"docs-internal-guid-c9ff4a36-7fff-600d-b32b-e49f5d52c23e\"><span style=\"font-size: 12pt;font-family: Calibri, sans-serif;background-color: transparent\">Desde el pasado mes de abril, Julia Navarro, entusiasmada por visibilizar nuestro trabajo desde Entreculturas, presenta nuestro nuevo podcast \u201cVoces por una Causa\u201d. En \u00e9l visbilizamos la realidad de los pa\u00edses y causas en torno a las que trabajamos, creando un espacio de reflexi\u00f3n y debate con testimonios y voces en primera persona.<\/span><\/span><\/p>\n<p dir=\"ltr\" style=\"line-height:1.2;text-align: justify;margin-top:0pt;margin-bottom:0pt\">&nbsp;<\/p>\n<p>&nbsp;<\/p>\n<p dir=\"ltr\" style=\"line-height:1.2;text-align: justify;margin-top:0pt;margin-bottom:0pt\"><span id=\"docs-internal-guid-c9ff4a36-7fff-600d-b32b-e49f5d52c23e\"><span style=\"font-size: 12pt;font-family: Calibri, sans-serif;background-color: transparent;font-weight: 700\">\u00bfCu\u00e1l es el objetivo de <\/span><span style=\"font-size: 12pt;font-family: Calibri, sans-serif;background-color: transparent;font-weight: 700;font-style: italic\">Voces por una Causa?<\/span><\/span><\/p>\n<p dir=\"ltr\" style=\"line-height:1.2;text-align: justify;margin-top:0pt;margin-bottom:0pt\"><span id=\"docs-internal-guid-c9ff4a36-7fff-600d-b32b-e49f5d52c23e\"><span style=\"font-size: 12pt;font-family: Calibri, sans-serif;background-color: transparent\">Para m\u00ed es llevar la voz de Entreculturas a m\u00e1s personas. Creo que el podcast es una nueva herramienta de comunicaci\u00f3n que facilita que las voces de quienes hacen Entreculturas lleguen a otros rincones que hasta ahora no llegaban.<\/span><\/span><\/p>\n<p dir=\"ltr\" style=\"line-height:1.2;text-align: justify;margin-top:0pt;margin-bottom:0pt\">&nbsp;<\/p>\n<p>&nbsp;<\/p>\n<\/p>\n<p dir=\"ltr\" style=\"line-height:1.2;text-align: justify;margin-top:0pt;margin-bottom:0pt\"><span id=\"docs-internal-guid-c9ff4a36-7fff-600d-b32b-e49f5d52c23e\"><span style=\"font-size: 12pt;font-family: Calibri, sans-serif;background-color: transparent;font-weight: 700\">Durante muchos a\u00f1os has hecho multitud de entrevistas, \u00bfqu\u00e9 sientes con las que has hecho hasta ahora, aqu\u00ed, en Entreculturas?<\/span><\/span><\/p>\n<p dir=\"ltr\" style=\"line-height:1.2;text-align: justify;margin-top:0pt;margin-bottom:0pt\"><span id=\"docs-internal-guid-c9ff4a36-7fff-600d-b32b-e49f5d52c23e\"><span style=\"font-size: 12pt;font-family: Calibri, sans-serif;background-color: transparent\">Para m\u00ed es una escuela de vida. Estoy aprendiendo mucho y estoy conociendo otras realidades, y eso es lo que ojal\u00e1 tambi\u00e9n sea para los oyentes. Un contacto con otras realidades, con personas que est\u00e1n sobre el terreno en situaciones muy dif\u00edciles, atendiendo emergencias\u2026 Y no solamente eso, sino que tambi\u00e9n nos recuerdan que en algunos lugares del mundo el acceso a la educaci\u00f3n, que es la \u00fanica herramienta que tienen los ni\u00f1os y ni\u00f1as para tener una vida mejor y salir de ese c\u00edrculo de falta de oportunidades.&nbsp;<\/span><\/span><\/p>\n<p dir=\"ltr\" style=\"line-height:1.2;text-align: justify;margin-top:0pt;margin-bottom:0pt\">&nbsp;<\/p>\n<p>&nbsp;<\/p>\n<p dir=\"ltr\" style=\"line-height:1.2;text-align: justify;margin-top:0pt;margin-bottom:0pt\"><span id=\"docs-internal-guid-c9ff4a36-7fff-600d-b32b-e49f5d52c23e\"><span style=\"font-size: 12pt;font-family: Calibri, sans-serif;background-color: transparent;font-weight: 700\">De las tem\u00e1ticas que has abordado hasta ahora en \u2018Voces por una Causa\u2019, \u00bfha habido alguna que te haya llamado especialmente la atenci\u00f3n?<\/span><\/span><\/p>\n<p dir=\"ltr\" style=\"line-height:1.2;text-align: justify;margin-top:0pt;margin-bottom:0pt\"><span id=\"docs-internal-guid-c9ff4a36-7fff-600d-b32b-e49f5d52c23e\"><span style=\"font-size: 12pt;font-family: Calibri, sans-serif;background-color: transparent\">A veces pienso cu\u00e1l es la historia que m\u00e1s me ha interesado y ser\u00eda incapaz de elegir una, porque pienso que detr\u00e1s de todas hay personas que son igual de importantes. No importa que te cuenten una experiencia del campo de refugiados de Malaui, lo que est\u00e1 pasando en Venezuela o los proyectos de educaci\u00f3n que tiene Entreculturas en tantos lugares del mundo: detr\u00e1s de cada proyecto hay tantas y tantas personas e historias que es importante contar.&nbsp;<\/span><\/span><\/p>\n<div>&nbsp;<\/div>\n","protected":false},"excerpt":{"rendered":"<p>Desde el pasado mes de abril, Julia Navarro, entusiasmada por visibilizar nuestro trabajo desde Entreculturas, presenta nuestro nuevo podcast \u201cVoces por una Causa\u201d. <\/p>\n","protected":false},"featured_media":6672,"template":"podcast-imagen-sin-banner","meta":{"_acf_changed":false},"categories":[7],"tags":[185],"class_list":["post-6671","podcast","type-podcast","status-publish","has-post-thumbnail","hentry","category-noticia","tag-entreculturas"],"acf":[],"yoast_head":"<!-- This site is optimized with the Yoast SEO Premium plugin v21.6 (Yoast SEO v27.5) - https:\/\/yoast.com\/product\/yoast-seo-premium-wordpress\/ -->\n<title>&quot;A veces pienso cu\u00e1l es la historia que m\u00e1s me ha interesado y ser\u00eda incapaz de elegir una, porque pienso que detr\u00e1s de todas hay personas que son igual de importantes&quot; Julia Navarro - Entreculturas<\/title>\n<meta name=\"robots\" content=\"index, follow, max-snippet:-1, max-image-preview:large, max-video-preview:-1\" \/>\n<link rel=\"canonical\" href=\"https:\/\/www.entreculturas.org\/en\/podcast\/veces-pienso-cual-es-la-historia-que-mas-me-ha-interesado-y-seria-incapaz-de-elegir-una\/\" \/>\n<meta property=\"og:locale\" content=\"en_US\" \/>\n<meta property=\"og:type\" content=\"article\" \/>\n<meta property=\"og:title\" content=\"&quot;A veces pienso cu\u00e1l es la historia que m\u00e1s me ha interesado y ser\u00eda incapaz de elegir una, porque pienso que detr\u00e1s de todas hay personas que son igual de importantes&quot; Julia Navarro\" \/>\n<meta property=\"og:description\" content=\"Desde el pasado mes de abril, Julia Navarro, entusiasmada por visibilizar nuestro trabajo desde Entreculturas, presenta nuestro nuevo podcast \u201cVoces por una Causa\u201d.\" \/>\n<meta property=\"og:url\" content=\"https:\/\/www.entreculturas.org\/en\/podcast\/veces-pienso-cual-es-la-historia-que-mas-me-ha-interesado-y-seria-incapaz-de-elegir-una\/\" \/>\n<meta property=\"og:site_name\" content=\"Entreculturas\" \/>\n<meta property=\"article:publisher\" content=\"https:\/\/www.facebook.com\/entreculturas\" \/>\n<meta property=\"article:modified_time\" content=\"2024-01-16T10:47:46+00:00\" \/>\n<meta property=\"og:image\" content=\"https:\/\/www.entreculturas.org\/wp-content\/uploads\/2022\/07\/p1100521-scaled-1.jpg\" \/>\n\t<meta property=\"og:image:width\" content=\"2560\" \/>\n\t<meta property=\"og:image:height\" content=\"1707\" \/>\n\t<meta property=\"og:image:type\" content=\"image\/jpeg\" \/>\n<meta name=\"twitter:card\" content=\"summary_large_image\" \/>\n<meta name=\"twitter:site\" content=\"@Entreculturas\" \/>\n<script type=\"application\/ld+json\" class=\"yoast-schema-graph\">{\"@context\":\"https:\\\/\\\/schema.org\",\"@graph\":[{\"@type\":\"WebPage\",\"@id\":\"https:\\\/\\\/www.entreculturas.org\\\/en\\\/podcast\\\/veces-pienso-cual-es-la-historia-que-mas-me-ha-interesado-y-seria-incapaz-de-elegir-una\\\/\",\"url\":\"https:\\\/\\\/www.entreculturas.org\\\/en\\\/podcast\\\/veces-pienso-cual-es-la-historia-que-mas-me-ha-interesado-y-seria-incapaz-de-elegir-una\\\/\",\"name\":\"\\\"A veces pienso cu\u00e1l es la historia que m\u00e1s me ha interesado y ser\u00eda incapaz de elegir una, porque pienso que detr\u00e1s de todas hay personas que son igual de importantes\\\" Julia Navarro - Entreculturas\",\"isPartOf\":{\"@id\":\"https:\\\/\\\/www.entreculturas.org\\\/en\\\/#website\"},\"primaryImageOfPage\":{\"@id\":\"https:\\\/\\\/www.entreculturas.org\\\/en\\\/podcast\\\/veces-pienso-cual-es-la-historia-que-mas-me-ha-interesado-y-seria-incapaz-de-elegir-una\\\/#primaryimage\"},\"image\":{\"@id\":\"https:\\\/\\\/www.entreculturas.org\\\/en\\\/podcast\\\/veces-pienso-cual-es-la-historia-que-mas-me-ha-interesado-y-seria-incapaz-de-elegir-una\\\/#primaryimage\"},\"thumbnailUrl\":\"https:\\\/\\\/www.entreculturas.org\\\/wp-content\\\/uploads\\\/2022\\\/07\\\/p1100521-scaled-1.jpg\",\"datePublished\":\"2022-07-21T08:08:38+00:00\",\"dateModified\":\"2024-01-16T10:47:46+00:00\",\"breadcrumb\":{\"@id\":\"https:\\\/\\\/www.entreculturas.org\\\/en\\\/podcast\\\/veces-pienso-cual-es-la-historia-que-mas-me-ha-interesado-y-seria-incapaz-de-elegir-una\\\/#breadcrumb\"},\"inLanguage\":\"en-US\",\"potentialAction\":[{\"@type\":\"ReadAction\",\"target\":[\"https:\\\/\\\/www.entreculturas.org\\\/en\\\/podcast\\\/veces-pienso-cual-es-la-historia-que-mas-me-ha-interesado-y-seria-incapaz-de-elegir-una\\\/\"]}]},{\"@type\":\"ImageObject\",\"inLanguage\":\"en-US\",\"@id\":\"https:\\\/\\\/www.entreculturas.org\\\/en\\\/podcast\\\/veces-pienso-cual-es-la-historia-que-mas-me-ha-interesado-y-seria-incapaz-de-elegir-una\\\/#primaryimage\",\"url\":\"https:\\\/\\\/www.entreculturas.org\\\/wp-content\\\/uploads\\\/2022\\\/07\\\/p1100521-scaled-1.jpg\",\"contentUrl\":\"https:\\\/\\\/www.entreculturas.org\\\/wp-content\\\/uploads\\\/2022\\\/07\\\/p1100521-scaled-1.jpg\",\"width\":2560,\"height\":1707,\"caption\":\"p1100521\"},{\"@type\":\"BreadcrumbList\",\"@id\":\"https:\\\/\\\/www.entreculturas.org\\\/en\\\/podcast\\\/veces-pienso-cual-es-la-historia-que-mas-me-ha-interesado-y-seria-incapaz-de-elegir-una\\\/#breadcrumb\",\"itemListElement\":[{\"@type\":\"ListItem\",\"position\":1,\"name\":\"Home\",\"item\":\"https:\\\/\\\/www.entreculturas.org\\\/en\\\/\"},{\"@type\":\"ListItem\",\"position\":2,\"name\":\"Podcast Julia Navarro\",\"item\":\"https:\\\/\\\/www.entreculturas.org\\\/en\\\/podcasts\\\/\"},{\"@type\":\"ListItem\",\"position\":3,\"name\":\"&#8220;A veces pienso cu\u00e1l es la historia que m\u00e1s me ha interesado y ser\u00eda incapaz de elegir una, porque pienso que detr\u00e1s de todas hay personas que son igual de importantes&#8221; Julia Navarro\"}]},{\"@type\":\"WebSite\",\"@id\":\"https:\\\/\\\/www.entreculturas.org\\\/en\\\/#website\",\"url\":\"https:\\\/\\\/www.entreculturas.org\\\/en\\\/\",\"name\":\"Entreculturas\",\"description\":\"\",\"publisher\":{\"@id\":\"https:\\\/\\\/www.entreculturas.org\\\/en\\\/#organization\"},\"alternateName\":\"Entreculturas\",\"potentialAction\":[{\"@type\":\"SearchAction\",\"target\":{\"@type\":\"EntryPoint\",\"urlTemplate\":\"https:\\\/\\\/www.entreculturas.org\\\/en\\\/?s={search_term_string}\"},\"query-input\":{\"@type\":\"PropertyValueSpecification\",\"valueRequired\":true,\"valueName\":\"search_term_string\"}}],\"inLanguage\":\"en-US\"},{\"@type\":\"Organization\",\"@id\":\"https:\\\/\\\/www.entreculturas.org\\\/en\\\/#organization\",\"name\":\"Entreculturas\",\"url\":\"https:\\\/\\\/www.entreculturas.org\\\/en\\\/\",\"logo\":{\"@type\":\"ImageObject\",\"inLanguage\":\"en-US\",\"@id\":\"https:\\\/\\\/www.entreculturas.org\\\/en\\\/#\\\/schema\\\/logo\\\/image\\\/\",\"url\":\"https:\\\/\\\/www.entreculturas.org\\\/wp-content\\\/uploads\\\/2025\\\/10\\\/ESP.svg\",\"contentUrl\":\"https:\\\/\\\/www.entreculturas.org\\\/wp-content\\\/uploads\\\/2025\\\/10\\\/ESP.svg\",\"caption\":\"Entreculturas\"},\"image\":{\"@id\":\"https:\\\/\\\/www.entreculturas.org\\\/en\\\/#\\\/schema\\\/logo\\\/image\\\/\"},\"sameAs\":[\"https:\\\/\\\/www.facebook.com\\\/entreculturas\",\"https:\\\/\\\/x.com\\\/Entreculturas\",\"https:\\\/\\\/www.instagram.com\\\/entreculturas\\\/\",\"https:\\\/\\\/www.youtube.com\\\/user\\\/entreculturasvideo\",\"https:\\\/\\\/www.linkedin.com\\\/company\\\/fundacion-entreculturas-ngdo\\\/\",\"https:\\\/\\\/www.flickr.com\\\/photos\\\/98455522@N04\\\/albums\\\/\"]}]}<\/script>\n<!-- \/ Yoast SEO Premium plugin. -->","yoast_head_json":{"title":"\"A veces pienso cu\u00e1l es la historia que m\u00e1s me ha interesado y ser\u00eda incapaz de elegir una, porque pienso que detr\u00e1s de todas hay personas que son igual de importantes\" Julia Navarro - Entreculturas","robots":{"index":"index","follow":"follow","max-snippet":"max-snippet:-1","max-image-preview":"max-image-preview:large","max-video-preview":"max-video-preview:-1"},"canonical":"https:\/\/www.entreculturas.org\/en\/podcast\/veces-pienso-cual-es-la-historia-que-mas-me-ha-interesado-y-seria-incapaz-de-elegir-una\/","og_locale":"en_US","og_type":"article","og_title":"\"A veces pienso cu\u00e1l es la historia que m\u00e1s me ha interesado y ser\u00eda incapaz de elegir una, porque pienso que detr\u00e1s de todas hay personas que son igual de importantes\" Julia Navarro","og_description":"Desde el pasado mes de abril, Julia Navarro, entusiasmada por visibilizar nuestro trabajo desde Entreculturas, presenta nuestro nuevo podcast \u201cVoces por una Causa\u201d.","og_url":"https:\/\/www.entreculturas.org\/en\/podcast\/veces-pienso-cual-es-la-historia-que-mas-me-ha-interesado-y-seria-incapaz-de-elegir-una\/","og_site_name":"Entreculturas","article_publisher":"https:\/\/www.facebook.com\/entreculturas","article_modified_time":"2024-01-16T10:47:46+00:00","og_image":[{"width":2560,"height":1707,"url":"https:\/\/www.entreculturas.org\/wp-content\/uploads\/2022\/07\/p1100521-scaled-1.jpg","type":"image\/jpeg"}],"twitter_card":"summary_large_image","twitter_site":"@Entreculturas","schema":{"@context":"https:\/\/schema.org","@graph":[{"@type":"WebPage","@id":"https:\/\/www.entreculturas.org\/en\/podcast\/veces-pienso-cual-es-la-historia-que-mas-me-ha-interesado-y-seria-incapaz-de-elegir-una\/","url":"https:\/\/www.entreculturas.org\/en\/podcast\/veces-pienso-cual-es-la-historia-que-mas-me-ha-interesado-y-seria-incapaz-de-elegir-una\/","name":"\"A veces pienso cu\u00e1l es la historia que m\u00e1s me ha interesado y ser\u00eda incapaz de elegir una, porque pienso que detr\u00e1s de todas hay personas que son igual de importantes\" Julia Navarro - Entreculturas","isPartOf":{"@id":"https:\/\/www.entreculturas.org\/en\/#website"},"primaryImageOfPage":{"@id":"https:\/\/www.entreculturas.org\/en\/podcast\/veces-pienso-cual-es-la-historia-que-mas-me-ha-interesado-y-seria-incapaz-de-elegir-una\/#primaryimage"},"image":{"@id":"https:\/\/www.entreculturas.org\/en\/podcast\/veces-pienso-cual-es-la-historia-que-mas-me-ha-interesado-y-seria-incapaz-de-elegir-una\/#primaryimage"},"thumbnailUrl":"https:\/\/www.entreculturas.org\/wp-content\/uploads\/2022\/07\/p1100521-scaled-1.jpg","datePublished":"2022-07-21T08:08:38+00:00","dateModified":"2024-01-16T10:47:46+00:00","breadcrumb":{"@id":"https:\/\/www.entreculturas.org\/en\/podcast\/veces-pienso-cual-es-la-historia-que-mas-me-ha-interesado-y-seria-incapaz-de-elegir-una\/#breadcrumb"},"inLanguage":"en-US","potentialAction":[{"@type":"ReadAction","target":["https:\/\/www.entreculturas.org\/en\/podcast\/veces-pienso-cual-es-la-historia-que-mas-me-ha-interesado-y-seria-incapaz-de-elegir-una\/"]}]},{"@type":"ImageObject","inLanguage":"en-US","@id":"https:\/\/www.entreculturas.org\/en\/podcast\/veces-pienso-cual-es-la-historia-que-mas-me-ha-interesado-y-seria-incapaz-de-elegir-una\/#primaryimage","url":"https:\/\/www.entreculturas.org\/wp-content\/uploads\/2022\/07\/p1100521-scaled-1.jpg","contentUrl":"https:\/\/www.entreculturas.org\/wp-content\/uploads\/2022\/07\/p1100521-scaled-1.jpg","width":2560,"height":1707,"caption":"p1100521"},{"@type":"BreadcrumbList","@id":"https:\/\/www.entreculturas.org\/en\/podcast\/veces-pienso-cual-es-la-historia-que-mas-me-ha-interesado-y-seria-incapaz-de-elegir-una\/#breadcrumb","itemListElement":[{"@type":"ListItem","position":1,"name":"Home","item":"https:\/\/www.entreculturas.org\/en\/"},{"@type":"ListItem","position":2,"name":"Podcast Julia Navarro","item":"https:\/\/www.entreculturas.org\/en\/podcasts\/"},{"@type":"ListItem","position":3,"name":"&#8220;A veces pienso cu\u00e1l es la historia que m\u00e1s me ha interesado y ser\u00eda incapaz de elegir una, porque pienso que detr\u00e1s de todas hay personas que son igual de importantes&#8221; Julia Navarro"}]},{"@type":"WebSite","@id":"https:\/\/www.entreculturas.org\/en\/#website","url":"https:\/\/www.entreculturas.org\/en\/","name":"Entreculturas","description":"","publisher":{"@id":"https:\/\/www.entreculturas.org\/en\/#organization"},"alternateName":"Entreculturas","potentialAction":[{"@type":"SearchAction","target":{"@type":"EntryPoint","urlTemplate":"https:\/\/www.entreculturas.org\/en\/?s={search_term_string}"},"query-input":{"@type":"PropertyValueSpecification","valueRequired":true,"valueName":"search_term_string"}}],"inLanguage":"en-US"},{"@type":"Organization","@id":"https:\/\/www.entreculturas.org\/en\/#organization","name":"Entreculturas","url":"https:\/\/www.entreculturas.org\/en\/","logo":{"@type":"ImageObject","inLanguage":"en-US","@id":"https:\/\/www.entreculturas.org\/en\/#\/schema\/logo\/image\/","url":"https:\/\/www.entreculturas.org\/wp-content\/uploads\/2025\/10\/ESP.svg","contentUrl":"https:\/\/www.entreculturas.org\/wp-content\/uploads\/2025\/10\/ESP.svg","caption":"Entreculturas"},"image":{"@id":"https:\/\/www.entreculturas.org\/en\/#\/schema\/logo\/image\/"},"sameAs":["https:\/\/www.facebook.com\/entreculturas","https:\/\/x.com\/Entreculturas","https:\/\/www.instagram.com\/entreculturas\/","https:\/\/www.youtube.com\/user\/entreculturasvideo","https:\/\/www.linkedin.com\/company\/fundacion-entreculturas-ngdo\/","https:\/\/www.flickr.com\/photos\/98455522@N04\/albums\/"]}]}},"_links":{"self":[{"href":"https:\/\/www.entreculturas.org\/en\/wp-json\/wp\/v2\/podcast\/6671","targetHints":{"allow":["GET"]}}],"collection":[{"href":"https:\/\/www.entreculturas.org\/en\/wp-json\/wp\/v2\/podcast"}],"about":[{"href":"https:\/\/www.entreculturas.org\/en\/wp-json\/wp\/v2\/types\/podcast"}],"wp:featuredmedia":[{"embeddable":true,"href":"https:\/\/www.entreculturas.org\/en\/wp-json\/wp\/v2\/media\/6672"}],"wp:attachment":[{"href":"https:\/\/www.entreculturas.org\/en\/wp-json\/wp\/v2\/media?parent=6671"}],"wp:term":[{"taxonomy":"category","embeddable":true,"href":"https:\/\/www.entreculturas.org\/en\/wp-json\/wp\/v2\/categories?post=6671"},{"taxonomy":"post_tag","embeddable":true,"href":"https:\/\/www.entreculturas.org\/en\/wp-json\/wp\/v2\/tags?post=6671"}],"curies":[{"name":"wp","href":"https:\/\/api.w.org\/{rel}","templated":true}]}}