{"id":6620,"date":"2022-06-22T14:09:10","date_gmt":"2022-06-22T14:09:10","guid":{"rendered":"https:\/\/entreculturasi.wpenginepowered.com\/?noticias=empresas-responsables-en-voces-por-una-causa"},"modified":"2024-01-16T11:47:46","modified_gmt":"2024-01-16T10:47:46","slug":"empresas-responsables-en-voces-por-una-causa","status":"publish","type":"podcast","link":"https:\/\/www.entreculturas.org\/en\/podcast\/empresas-responsables-en-voces-por-una-causa\/","title":{"rendered":"Empresas Responsables en Voces por una Causa"},"content":{"rendered":"<p dir=\"ltr\" style=\"line-height: 1.38;margin-top: 0pt;margin-bottom: 0pt\">&nbsp;<\/p>\n<p dir=\"ltr\" style=\"line-height: 1.38;margin-top: 0pt;margin-bottom: 0pt;text-align: justify\">\n<p dir=\"ltr\" style=\"line-height: 1.38;margin-top: 0pt;margin-bottom: 0pt\">&nbsp;<\/p>\n<p dir=\"ltr\" style=\"line-height: 1.38;margin-top: 0pt;margin-bottom: 0pt\">\u201cEn Entreculturas llevamos m\u00e1s de 10 a\u00f1os trabajando en la promoci\u00f3n y desarrollo de la Responsabilidad Social Corporativa (RSC). Tratamos de sensibilizar a las empresas para que en el ejercicio de sus actividades generen los menores impactos posibles en los derechos humanos y medioambientales\u201d. Son palabras de Jose D\u00edaz de Argote en su conversaci\u00f3n con Julia Navarro en el \u00faltimo episodio de \u201cVoces por una Causa\u201d, t\u00e9cnico de Responsabilidad Social de Entreculturas, que ha sido durante cuatro a\u00f1os Presidente del Observatorio de RSC.&nbsp;<\/p>\n<p dir=\"ltr\" style=\"line-height: 1.38;margin-top: 0pt;margin-bottom: 0pt\">&nbsp;<\/p>\n<p dir=\"ltr\" style=\"line-height: 1.38;margin-top: 0pt;margin-bottom: 0pt\">Uno de los espacios vinculados a nuestra labor de RSC es la Plataforma de Empresas Responsables, la forman m\u00e1s de 530 entidades entre las que se&nbsp;encuentra Entreculturas. Estamos sumando esfuerzos <strong>para lograr la adopci\u00f3n en Espa\u00f1a de una Ley vinculante de debida diligencia en materia de derechos humanos y&nbsp;medioambientales. <\/strong>&nbsp;<\/p>\n<p dir=\"ltr\" style=\"line-height: 1.38;margin-top: 0pt;margin-bottom: 0pt\">&nbsp;<\/p>\n<p>\u201cLa debida diligencia es un proceso de mejora continua que tienen que llevar a cabo las empresas para identificar todos los impactos que generan en sus cadenas de suministros y tomar las medidas de prevenci\u00f3n necesarias para que los impactos no se produzcan\u201d, afirma Jos\u00e9. Con esta Ley de debida diligencia, cada empresa tendr\u00eda la obligaci\u00f3n de tener un plan espec\u00edfico de prevenci\u00f3n para evitar estos impactos negativos, y se exigir\u00edan responsabilidades en caso de incumplimiento.<\/p>\n<p>\u201cQueda camino por recorrer, necesitamos una normativa que unifique y clarifique las obligaciones y los incumplimientos\u201d, afirma Jose. Es por ello que desde la Plataforma de Empresas Responsables han presentado<a href=\"https:\/\/www.entreculturas.org\/es\/noticias\/empresas-derechos-humanos-y-medioambiente-por-una-ley-made-spain\"> la campa\u00f1a #MadeInSpain<\/a> en la que se recogen firmas para reforzar la petici\u00f3n de una ley espa\u00f1ola de debida diligencia empresarial, que garantice el acceso a la justicia para las personas que vean vulnerados sus derechos humanos, norma que beneficiar\u00e1 a todas y todos como ciudadanos, consumidores, empresas y como pa\u00eds.<\/p>\n<p><strong>\u2018Voces por una Causa\u2019<\/strong> es el podcast semanal de Entreculturas, en el que nos acercamos a la realidad de los pa\u00edses y causas en torno a las que trabajamos y con el que buscamos crear un espacio de reflexi\u00f3n y debate con testimonios y voces en primera persona. Los programas se emiten todos los jueves en nuestro canal de <a href=\"https:\/\/www.youtube.com\/c\/EntreculturasOrg915902672\">Youtube<\/a>, en <a href=\"https:\/\/open.spotify.com\/show\/6dS5JsqnsWrnHL1gwead1A\">Spotify<\/a>, en <a href=\"https:\/\/www.ivoox.com\/perfil-entreculturas_a8_listener_28185270_1.html\">Ivoox<\/a>, y en <a href=\"https:\/\/podcasts.apple.com\/us\/podcast\/entreculturas-voces-por-una-causa\/id1621485462\">Apple Podcast<\/a>.&nbsp;<\/p>\n<p><strong>\u00a1Acomp\u00e1\u00f1anos todas las semanas escuchando \u201cVoces por una causa\u201d!<\/strong><\/p>\n","protected":false},"excerpt":{"rendered":"<p>\u201cEn Entreculturas llevamos m\u00e1s de 10 a\u00f1os trabajando en la promoci\u00f3n y desarrollo de la Responsabilidad Social Corporativa (RSC). Tratamos de sensibilizar a las empresas para que en el ejercicio de sus actividades generen los menores impactos posibles en los derechos humanos y medioambientales\u201d. <\/p>\n","protected":false},"featured_media":6619,"template":"podcast-imagen-sin-banner","meta":{"_acf_changed":false},"categories":[7],"tags":[185],"class_list":["post-6620","podcast","type-podcast","status-publish","has-post-thumbnail","hentry","category-noticia","tag-entreculturas"],"acf":[],"yoast_head":"<!-- This site is optimized with the Yoast SEO Premium plugin v21.6 (Yoast SEO v27.5) - https:\/\/yoast.com\/product\/yoast-seo-premium-wordpress\/ -->\n<title>Empresas Responsables en Voces por una Causa - Entreculturas<\/title>\n<meta name=\"robots\" content=\"index, follow, max-snippet:-1, max-image-preview:large, max-video-preview:-1\" \/>\n<link rel=\"canonical\" href=\"https:\/\/www.entreculturas.org\/en\/podcast\/empresas-responsables-en-voces-por-una-causa\/\" \/>\n<meta property=\"og:locale\" content=\"en_US\" \/>\n<meta property=\"og:type\" content=\"article\" \/>\n<meta property=\"og:title\" content=\"Empresas Responsables en Voces por una Causa\" \/>\n<meta property=\"og:description\" content=\"\u201cEn Entreculturas llevamos m\u00e1s de 10 a\u00f1os trabajando en la promoci\u00f3n y desarrollo de la Responsabilidad Social Corporativa (RSC). Tratamos de sensibilizar a las empresas para que en el ejercicio de sus actividades generen los menores impactos posibles en los derechos humanos y medioambientales\u201d.\" \/>\n<meta property=\"og:url\" content=\"https:\/\/www.entreculturas.org\/en\/podcast\/empresas-responsables-en-voces-por-una-causa\/\" \/>\n<meta property=\"og:site_name\" content=\"Entreculturas\" \/>\n<meta property=\"article:publisher\" content=\"https:\/\/www.facebook.com\/entreculturas\" \/>\n<meta property=\"article:modified_time\" content=\"2024-01-16T10:47:46+00:00\" \/>\n<meta property=\"og:image\" content=\"https:\/\/www.entreculturas.org\/wp-content\/uploads\/2022\/06\/web_per.jpg\" \/>\n\t<meta property=\"og:image:width\" content=\"1920\" \/>\n\t<meta property=\"og:image:height\" content=\"1080\" \/>\n\t<meta property=\"og:image:type\" content=\"image\/jpeg\" \/>\n<meta name=\"twitter:card\" content=\"summary_large_image\" \/>\n<meta name=\"twitter:site\" content=\"@Entreculturas\" \/>\n<script type=\"application\/ld+json\" class=\"yoast-schema-graph\">{\"@context\":\"https:\\\/\\\/schema.org\",\"@graph\":[{\"@type\":\"WebPage\",\"@id\":\"https:\\\/\\\/www.entreculturas.org\\\/en\\\/podcast\\\/empresas-responsables-en-voces-por-una-causa\\\/\",\"url\":\"https:\\\/\\\/www.entreculturas.org\\\/en\\\/podcast\\\/empresas-responsables-en-voces-por-una-causa\\\/\",\"name\":\"Empresas Responsables en Voces por una Causa - Entreculturas\",\"isPartOf\":{\"@id\":\"https:\\\/\\\/www.entreculturas.org\\\/en\\\/#website\"},\"primaryImageOfPage\":{\"@id\":\"https:\\\/\\\/www.entreculturas.org\\\/en\\\/podcast\\\/empresas-responsables-en-voces-por-una-causa\\\/#primaryimage\"},\"image\":{\"@id\":\"https:\\\/\\\/www.entreculturas.org\\\/en\\\/podcast\\\/empresas-responsables-en-voces-por-una-causa\\\/#primaryimage\"},\"thumbnailUrl\":\"https:\\\/\\\/www.entreculturas.org\\\/wp-content\\\/uploads\\\/2022\\\/06\\\/web_per.jpg\",\"datePublished\":\"2022-06-22T14:09:10+00:00\",\"dateModified\":\"2024-01-16T10:47:46+00:00\",\"breadcrumb\":{\"@id\":\"https:\\\/\\\/www.entreculturas.org\\\/en\\\/podcast\\\/empresas-responsables-en-voces-por-una-causa\\\/#breadcrumb\"},\"inLanguage\":\"en-US\",\"potentialAction\":[{\"@type\":\"ReadAction\",\"target\":[\"https:\\\/\\\/www.entreculturas.org\\\/en\\\/podcast\\\/empresas-responsables-en-voces-por-una-causa\\\/\"]}]},{\"@type\":\"ImageObject\",\"inLanguage\":\"en-US\",\"@id\":\"https:\\\/\\\/www.entreculturas.org\\\/en\\\/podcast\\\/empresas-responsables-en-voces-por-una-causa\\\/#primaryimage\",\"url\":\"https:\\\/\\\/www.entreculturas.org\\\/wp-content\\\/uploads\\\/2022\\\/06\\\/web_per.jpg\",\"contentUrl\":\"https:\\\/\\\/www.entreculturas.org\\\/wp-content\\\/uploads\\\/2022\\\/06\\\/web_per.jpg\",\"width\":1920,\"height\":1080},{\"@type\":\"BreadcrumbList\",\"@id\":\"https:\\\/\\\/www.entreculturas.org\\\/en\\\/podcast\\\/empresas-responsables-en-voces-por-una-causa\\\/#breadcrumb\",\"itemListElement\":[{\"@type\":\"ListItem\",\"position\":1,\"name\":\"Home\",\"item\":\"https:\\\/\\\/www.entreculturas.org\\\/en\\\/\"},{\"@type\":\"ListItem\",\"position\":2,\"name\":\"Podcast Julia Navarro\",\"item\":\"https:\\\/\\\/www.entreculturas.org\\\/en\\\/podcasts\\\/\"},{\"@type\":\"ListItem\",\"position\":3,\"name\":\"Empresas Responsables en Voces por una Causa\"}]},{\"@type\":\"WebSite\",\"@id\":\"https:\\\/\\\/www.entreculturas.org\\\/en\\\/#website\",\"url\":\"https:\\\/\\\/www.entreculturas.org\\\/en\\\/\",\"name\":\"Entreculturas\",\"description\":\"\",\"publisher\":{\"@id\":\"https:\\\/\\\/www.entreculturas.org\\\/en\\\/#organization\"},\"alternateName\":\"Entreculturas\",\"potentialAction\":[{\"@type\":\"SearchAction\",\"target\":{\"@type\":\"EntryPoint\",\"urlTemplate\":\"https:\\\/\\\/www.entreculturas.org\\\/en\\\/?s={search_term_string}\"},\"query-input\":{\"@type\":\"PropertyValueSpecification\",\"valueRequired\":true,\"valueName\":\"search_term_string\"}}],\"inLanguage\":\"en-US\"},{\"@type\":\"Organization\",\"@id\":\"https:\\\/\\\/www.entreculturas.org\\\/en\\\/#organization\",\"name\":\"Entreculturas\",\"url\":\"https:\\\/\\\/www.entreculturas.org\\\/en\\\/\",\"logo\":{\"@type\":\"ImageObject\",\"inLanguage\":\"en-US\",\"@id\":\"https:\\\/\\\/www.entreculturas.org\\\/en\\\/#\\\/schema\\\/logo\\\/image\\\/\",\"url\":\"https:\\\/\\\/www.entreculturas.org\\\/wp-content\\\/uploads\\\/2025\\\/10\\\/ESP.svg\",\"contentUrl\":\"https:\\\/\\\/www.entreculturas.org\\\/wp-content\\\/uploads\\\/2025\\\/10\\\/ESP.svg\",\"caption\":\"Entreculturas\"},\"image\":{\"@id\":\"https:\\\/\\\/www.entreculturas.org\\\/en\\\/#\\\/schema\\\/logo\\\/image\\\/\"},\"sameAs\":[\"https:\\\/\\\/www.facebook.com\\\/entreculturas\",\"https:\\\/\\\/x.com\\\/Entreculturas\",\"https:\\\/\\\/www.instagram.com\\\/entreculturas\\\/\",\"https:\\\/\\\/www.youtube.com\\\/user\\\/entreculturasvideo\",\"https:\\\/\\\/www.linkedin.com\\\/company\\\/fundacion-entreculturas-ngdo\\\/\",\"https:\\\/\\\/www.flickr.com\\\/photos\\\/98455522@N04\\\/albums\\\/\"]}]}<\/script>\n<!-- \/ Yoast SEO Premium plugin. -->","yoast_head_json":{"title":"Empresas Responsables en Voces por una Causa - Entreculturas","robots":{"index":"index","follow":"follow","max-snippet":"max-snippet:-1","max-image-preview":"max-image-preview:large","max-video-preview":"max-video-preview:-1"},"canonical":"https:\/\/www.entreculturas.org\/en\/podcast\/empresas-responsables-en-voces-por-una-causa\/","og_locale":"en_US","og_type":"article","og_title":"Empresas Responsables en Voces por una Causa","og_description":"\u201cEn Entreculturas llevamos m\u00e1s de 10 a\u00f1os trabajando en la promoci\u00f3n y desarrollo de la Responsabilidad Social Corporativa (RSC). Tratamos de sensibilizar a las empresas para que en el ejercicio de sus actividades generen los menores impactos posibles en los derechos humanos y medioambientales\u201d.","og_url":"https:\/\/www.entreculturas.org\/en\/podcast\/empresas-responsables-en-voces-por-una-causa\/","og_site_name":"Entreculturas","article_publisher":"https:\/\/www.facebook.com\/entreculturas","article_modified_time":"2024-01-16T10:47:46+00:00","og_image":[{"width":1920,"height":1080,"url":"https:\/\/www.entreculturas.org\/wp-content\/uploads\/2022\/06\/web_per.jpg","type":"image\/jpeg"}],"twitter_card":"summary_large_image","twitter_site":"@Entreculturas","schema":{"@context":"https:\/\/schema.org","@graph":[{"@type":"WebPage","@id":"https:\/\/www.entreculturas.org\/en\/podcast\/empresas-responsables-en-voces-por-una-causa\/","url":"https:\/\/www.entreculturas.org\/en\/podcast\/empresas-responsables-en-voces-por-una-causa\/","name":"Empresas Responsables en Voces por una Causa - Entreculturas","isPartOf":{"@id":"https:\/\/www.entreculturas.org\/en\/#website"},"primaryImageOfPage":{"@id":"https:\/\/www.entreculturas.org\/en\/podcast\/empresas-responsables-en-voces-por-una-causa\/#primaryimage"},"image":{"@id":"https:\/\/www.entreculturas.org\/en\/podcast\/empresas-responsables-en-voces-por-una-causa\/#primaryimage"},"thumbnailUrl":"https:\/\/www.entreculturas.org\/wp-content\/uploads\/2022\/06\/web_per.jpg","datePublished":"2022-06-22T14:09:10+00:00","dateModified":"2024-01-16T10:47:46+00:00","breadcrumb":{"@id":"https:\/\/www.entreculturas.org\/en\/podcast\/empresas-responsables-en-voces-por-una-causa\/#breadcrumb"},"inLanguage":"en-US","potentialAction":[{"@type":"ReadAction","target":["https:\/\/www.entreculturas.org\/en\/podcast\/empresas-responsables-en-voces-por-una-causa\/"]}]},{"@type":"ImageObject","inLanguage":"en-US","@id":"https:\/\/www.entreculturas.org\/en\/podcast\/empresas-responsables-en-voces-por-una-causa\/#primaryimage","url":"https:\/\/www.entreculturas.org\/wp-content\/uploads\/2022\/06\/web_per.jpg","contentUrl":"https:\/\/www.entreculturas.org\/wp-content\/uploads\/2022\/06\/web_per.jpg","width":1920,"height":1080},{"@type":"BreadcrumbList","@id":"https:\/\/www.entreculturas.org\/en\/podcast\/empresas-responsables-en-voces-por-una-causa\/#breadcrumb","itemListElement":[{"@type":"ListItem","position":1,"name":"Home","item":"https:\/\/www.entreculturas.org\/en\/"},{"@type":"ListItem","position":2,"name":"Podcast Julia Navarro","item":"https:\/\/www.entreculturas.org\/en\/podcasts\/"},{"@type":"ListItem","position":3,"name":"Empresas Responsables en Voces por una Causa"}]},{"@type":"WebSite","@id":"https:\/\/www.entreculturas.org\/en\/#website","url":"https:\/\/www.entreculturas.org\/en\/","name":"Entreculturas","description":"","publisher":{"@id":"https:\/\/www.entreculturas.org\/en\/#organization"},"alternateName":"Entreculturas","potentialAction":[{"@type":"SearchAction","target":{"@type":"EntryPoint","urlTemplate":"https:\/\/www.entreculturas.org\/en\/?s={search_term_string}"},"query-input":{"@type":"PropertyValueSpecification","valueRequired":true,"valueName":"search_term_string"}}],"inLanguage":"en-US"},{"@type":"Organization","@id":"https:\/\/www.entreculturas.org\/en\/#organization","name":"Entreculturas","url":"https:\/\/www.entreculturas.org\/en\/","logo":{"@type":"ImageObject","inLanguage":"en-US","@id":"https:\/\/www.entreculturas.org\/en\/#\/schema\/logo\/image\/","url":"https:\/\/www.entreculturas.org\/wp-content\/uploads\/2025\/10\/ESP.svg","contentUrl":"https:\/\/www.entreculturas.org\/wp-content\/uploads\/2025\/10\/ESP.svg","caption":"Entreculturas"},"image":{"@id":"https:\/\/www.entreculturas.org\/en\/#\/schema\/logo\/image\/"},"sameAs":["https:\/\/www.facebook.com\/entreculturas","https:\/\/x.com\/Entreculturas","https:\/\/www.instagram.com\/entreculturas\/","https:\/\/www.youtube.com\/user\/entreculturasvideo","https:\/\/www.linkedin.com\/company\/fundacion-entreculturas-ngdo\/","https:\/\/www.flickr.com\/photos\/98455522@N04\/albums\/"]}]}},"_links":{"self":[{"href":"https:\/\/www.entreculturas.org\/en\/wp-json\/wp\/v2\/podcast\/6620","targetHints":{"allow":["GET"]}}],"collection":[{"href":"https:\/\/www.entreculturas.org\/en\/wp-json\/wp\/v2\/podcast"}],"about":[{"href":"https:\/\/www.entreculturas.org\/en\/wp-json\/wp\/v2\/types\/podcast"}],"wp:featuredmedia":[{"embeddable":true,"href":"https:\/\/www.entreculturas.org\/en\/wp-json\/wp\/v2\/media\/6619"}],"wp:attachment":[{"href":"https:\/\/www.entreculturas.org\/en\/wp-json\/wp\/v2\/media?parent=6620"}],"wp:term":[{"taxonomy":"category","embeddable":true,"href":"https:\/\/www.entreculturas.org\/en\/wp-json\/wp\/v2\/categories?post=6620"},{"taxonomy":"post_tag","embeddable":true,"href":"https:\/\/www.entreculturas.org\/en\/wp-json\/wp\/v2\/tags?post=6620"}],"curies":[{"name":"wp","href":"https:\/\/api.w.org\/{rel}","templated":true}]}}