{"id":40256,"date":"2025-07-03T11:16:13","date_gmt":"2025-07-03T09:16:13","guid":{"rendered":"https:\/\/www.entreculturas.org\/?post_type=podcast&#038;p=40256"},"modified":"2025-07-03T12:10:48","modified_gmt":"2025-07-03T10:10:48","slug":"julia-navarro-podcast-ong-gonzalo-sanchez-teran","status":"publish","type":"podcast","link":"https:\/\/www.entreculturas.org\/en\/podcast\/julia-navarro-podcast-ong-gonzalo-sanchez-teran\/","title":{"rendered":"\u201cLa cooperaci\u00f3n al desarrollo no es caridad puntual: es un sentimiento de justicia global\u201d\u00a0"},"content":{"rendered":"\n<p>Esta semana en el podcast de <a href=\"https:\/\/www.entreculturas.org\/podcast\/\">Voces por una Causa<\/a>, la escritora <strong>Julia Navarro conversa con Gonzalo S\u00e1nchez-Ter\u00e1n<\/strong>, Director Adjunto de Programas Humanitarios del Center for International Humanitarian Cooperation en la Universidad de Fordham, Nueva York, adem\u00e1s de haber trabajado como Director de las oficinas del Servicio Jesuita a Refugiados en diferentes pa\u00edses africanos como Guinea Conakry, Liberia, Costa de Marfil y la Rep\u00fablica Centroafricana. Con \u00e9l, nos acercamos a las realidades de los campos de personas refugiadas, al trabajo humanitario y a la evoluci\u00f3n del desplazamiento y el refugio en los \u00faltimos 20 a\u00f1os.\u00a0<\/p>\n\n\n\n<h2 class=\"wp-block-heading\" id=\"h-de-que-nos-habla-gonzalo-en-el-episodio\"><strong>\u00bfDe qu\u00e9 nos habla Gonzalo en el episodio?<\/strong><\/h2>\n\n\n\n<p>En este episodio, Gonzalo se adentra en los retos que afrontan actualmente las organizaciones humanitarias tras los <strong>recientes recortes presupuestarios en cooperaci\u00f3n<\/strong> por parte de Estados Unidos, Reino Unido y la Uni\u00f3n Europea. Denuncia el impacto devastador que esto est\u00e1 teniendo sobre proyectos esenciales en todo el mundo y alerta de una crisis estructural de financiaci\u00f3n que compromete la vida de millones de personas. \u201cEl panorama es desolador porque todos los proyectos, desde los dedicados a la asistencia alimentaria infantil hasta de sanidad, est\u00e1 siendo desmantelado. El impacto est\u00e1 siendo gigantesco\u201d.<\/p>\n\n\n\n<p>Adem\u00e1s, Gonzalo tambi\u00e9n reflexiona sobre c\u00f3mo ha evolucionado el enfoque de las organizaciones que trabajan en cooperaci\u00f3n internacional y denuncia un problema estructural: la <strong>desconexi\u00f3n entre las ONG y la sociedad a la que apelan<\/strong>. Explica que es imprescindible generar una conversaci\u00f3n adulta y sincera sobre las causas profundas de los conflictos y la responsabilidad pol\u00edtica. En palabras de Gonzalo S\u00e1nchez-Ter\u00e1n, \u201ctenemos que cambiar el discurso, tenemos primero que hablarle a la sociedad como si fuera un adulto, no como si fuera un ni\u00f1o\u201d.<\/p>\n\n\n\n<p>Por \u00faltimo, Gonzalo y Julia profundizan en c\u00f3mo los discursos xen\u00f3fobos y nacionalistas est\u00e1n ganando terreno en un contexto global de rearme y polarizaci\u00f3n, y se\u00f1ala con preocupaci\u00f3n la instrumentalizaci\u00f3n de la ayuda por parte de los gobiernos. <strong>\u201cEl drama humanitario no nace de efectos abstractos<\/strong>, sino de pol\u00edticas muy reales llevadas a cabo por los mismos gobiernos que te\u00f3ricamente son actores principales de la ayuda\u201d, sentencia.\u00a0<\/p>\n\n\n\n<h2 class=\"wp-block-heading\" id=\"h-que-es-voces-por-una-causa-con-julia-navarro\"><strong>\u00bfQu\u00e9 es \u2018Voces por una Causa\u2019 con Julia Navarro?<\/strong><\/h2>\n\n\n\n<p>Presentado por la escritora y periodista Julia Navarro, <a href=\"https:\/\/www.entreculturas.org\/podcast\/\"><strong>\u2018Voces por una causa\u2019<\/strong><\/a><strong> es el podcast semanal de la ONG Entreculturas<\/strong> que explora cuestiones sociales, medioambientales y culturales a trav\u00e9s de testimonios en primera persona. Los programas se emiten todos los jueves en nuestro canal de <a href=\"https:\/\/www.youtube.com\/c\/EntreculturasOrg915902672\">Youtube<\/a>, en <a href=\"https:\/\/open.spotify.com\/show\/6dS5JsqnsWrnHL1gwead1A\">Spotify<\/a>, en <a href=\"https:\/\/www.ivoox.com\/perfil-entreculturas_a8_listener_28185270_1.html\">Ivoox<\/a>, y en <a href=\"https:\/\/podcasts.apple.com\/us\/podcast\/entreculturas-voces-por-una-causa\/id1621485462\">Apple Podcast<\/a>.<\/p>\n\n\n\n<iframe style=\"border-radius:12px\" src=\"https:\/\/open.spotify.com\/embed\/episode\/7LJs4x8PPYNugL5IaoFYZe?utm_source=generator\" width=\"100%\" height=\"352\" frameBorder=\"0\" allowfullscreen=\"\" allow=\"autoplay; clipboard-write; encrypted-media; fullscreen; picture-in-picture\" loading=\"lazy\"><\/iframe>\n\n\n\n<p><\/p>\n","protected":false},"excerpt":{"rendered":"<p>Esta semana en el podcast de Voces por una Causa, la escritora Julia Navarro conversa con Gonzalo S\u00e1nchez-Ter\u00e1n, Director Adjunto de Programas Humanitarios del Center for International Humanitarian Cooperation en la Universidad de Fordham, Nueva York, adem\u00e1s de haber trabajado como Director de las oficinas del Servicio Jesuita a Refugiados en diferentes pa\u00edses africanos como Guinea Conakry, Liberia, Costa de Marfil y la Rep\u00fablica Centroafricana. Con \u00e9l, nos acercamos a las realidades de los campos de personas refugiadas, al trabajo humanitario y a la evoluci\u00f3n del desplazamiento y el refugio en los \u00faltimos 20 a\u00f1os.\u00a0 \u00bfDe qu\u00e9 nos habla Gonzalo en el episodio? En este episodio, Gonzalo se adentra en los retos que afrontan actualmente las organizaciones humanitarias tras los recientes recortes presupuestarios en cooperaci\u00f3n por parte de Estados Unidos, Reino Unido y la Uni\u00f3n Europea. Denuncia el impacto devastador que esto est\u00e1 teniendo sobre proyectos esenciales en todo el [&hellip;]<\/p>\n","protected":false},"featured_media":40258,"template":"","meta":{"_acf_changed":true},"categories":[],"tags":[],"class_list":["post-40256","podcast","type-podcast","status-publish","has-post-thumbnail","hentry"],"acf":[],"yoast_head":"<!-- This site is optimized with the Yoast SEO Premium plugin v21.6 (Yoast SEO v27.5) - https:\/\/yoast.com\/product\/yoast-seo-premium-wordpress\/ -->\n<title>Julia Navarro conversa con el experto Gonzalo S\u00e1nchez-Ter\u00e1n<\/title>\n<meta name=\"description\" content=\"Julia Navarro habla con Gonzalo S\u00e1nchez-Ter\u00e1n sobre los campos de personas refugiadas, el trabajo humanitario y la evoluci\u00f3n del refugio.\" \/>\n<meta name=\"robots\" content=\"index, follow, max-snippet:-1, max-image-preview:large, max-video-preview:-1\" \/>\n<link rel=\"canonical\" href=\"https:\/\/www.entreculturas.org\/en\/podcast\/julia-navarro-podcast-ong-gonzalo-sanchez-teran\/\" \/>\n<meta property=\"og:locale\" content=\"en_US\" \/>\n<meta property=\"og:type\" content=\"article\" \/>\n<meta property=\"og:title\" content=\"\u201cLa cooperaci\u00f3n al desarrollo no es caridad puntual: es un sentimiento de justicia global\u201d\u00a0\" \/>\n<meta property=\"og:description\" content=\"Julia Navarro habla con Gonzalo S\u00e1nchez-Ter\u00e1n sobre los campos de personas refugiadas, el trabajo humanitario y la evoluci\u00f3n del refugio.\" \/>\n<meta property=\"og:url\" content=\"https:\/\/www.entreculturas.org\/en\/podcast\/julia-navarro-podcast-ong-gonzalo-sanchez-teran\/\" \/>\n<meta property=\"og:site_name\" content=\"Entreculturas\" \/>\n<meta property=\"article:publisher\" content=\"https:\/\/www.facebook.com\/entreculturas\" \/>\n<meta property=\"article:modified_time\" content=\"2025-07-03T10:10:48+00:00\" \/>\n<meta property=\"og:image\" content=\"https:\/\/www.entreculturas.org\/wp-content\/uploads\/2025\/07\/Sanchez-Teran-somos-e1751534214660.jpg\" \/>\n\t<meta property=\"og:image:width\" content=\"800\" \/>\n\t<meta property=\"og:image:height\" content=\"496\" \/>\n\t<meta property=\"og:image:type\" content=\"image\/jpeg\" \/>\n<meta name=\"twitter:card\" content=\"summary_large_image\" \/>\n<meta name=\"twitter:site\" content=\"@Entreculturas\" \/>\n<script type=\"application\/ld+json\" class=\"yoast-schema-graph\">{\"@context\":\"https:\\\/\\\/schema.org\",\"@graph\":[{\"@type\":\"WebPage\",\"@id\":\"https:\\\/\\\/www.entreculturas.org\\\/en\\\/podcast\\\/julia-navarro-podcast-ong-gonzalo-sanchez-teran\\\/\",\"url\":\"https:\\\/\\\/www.entreculturas.org\\\/en\\\/podcast\\\/julia-navarro-podcast-ong-gonzalo-sanchez-teran\\\/\",\"name\":\"Julia Navarro conversa con el experto Gonzalo S\u00e1nchez-Ter\u00e1n\",\"isPartOf\":{\"@id\":\"https:\\\/\\\/www.entreculturas.org\\\/en\\\/#website\"},\"primaryImageOfPage\":{\"@id\":\"https:\\\/\\\/www.entreculturas.org\\\/en\\\/podcast\\\/julia-navarro-podcast-ong-gonzalo-sanchez-teran\\\/#primaryimage\"},\"image\":{\"@id\":\"https:\\\/\\\/www.entreculturas.org\\\/en\\\/podcast\\\/julia-navarro-podcast-ong-gonzalo-sanchez-teran\\\/#primaryimage\"},\"thumbnailUrl\":\"https:\\\/\\\/www.entreculturas.org\\\/wp-content\\\/uploads\\\/2025\\\/07\\\/Sanchez-Teran-somos-e1751534214660.jpg\",\"datePublished\":\"2025-07-03T09:16:13+00:00\",\"dateModified\":\"2025-07-03T10:10:48+00:00\",\"description\":\"Julia Navarro habla con Gonzalo S\u00e1nchez-Ter\u00e1n sobre los campos de personas refugiadas, el trabajo humanitario y la evoluci\u00f3n del refugio.\",\"breadcrumb\":{\"@id\":\"https:\\\/\\\/www.entreculturas.org\\\/en\\\/podcast\\\/julia-navarro-podcast-ong-gonzalo-sanchez-teran\\\/#breadcrumb\"},\"inLanguage\":\"en-US\",\"potentialAction\":[{\"@type\":\"ReadAction\",\"target\":[\"https:\\\/\\\/www.entreculturas.org\\\/en\\\/podcast\\\/julia-navarro-podcast-ong-gonzalo-sanchez-teran\\\/\"]}]},{\"@type\":\"ImageObject\",\"inLanguage\":\"en-US\",\"@id\":\"https:\\\/\\\/www.entreculturas.org\\\/en\\\/podcast\\\/julia-navarro-podcast-ong-gonzalo-sanchez-teran\\\/#primaryimage\",\"url\":\"https:\\\/\\\/www.entreculturas.org\\\/wp-content\\\/uploads\\\/2025\\\/07\\\/Sanchez-Teran-somos-e1751534214660.jpg\",\"contentUrl\":\"https:\\\/\\\/www.entreculturas.org\\\/wp-content\\\/uploads\\\/2025\\\/07\\\/Sanchez-Teran-somos-e1751534214660.jpg\",\"width\":800,\"height\":496,\"caption\":\"Julia Navarro\"},{\"@type\":\"BreadcrumbList\",\"@id\":\"https:\\\/\\\/www.entreculturas.org\\\/en\\\/podcast\\\/julia-navarro-podcast-ong-gonzalo-sanchez-teran\\\/#breadcrumb\",\"itemListElement\":[{\"@type\":\"ListItem\",\"position\":1,\"name\":\"Home\",\"item\":\"https:\\\/\\\/www.entreculturas.org\\\/en\\\/\"},{\"@type\":\"ListItem\",\"position\":2,\"name\":\"Podcast Julia Navarro\",\"item\":\"https:\\\/\\\/www.entreculturas.org\\\/en\\\/podcasts\\\/\"},{\"@type\":\"ListItem\",\"position\":3,\"name\":\"\u201cLa cooperaci\u00f3n al desarrollo no es caridad puntual: es un sentimiento de justicia global\u201d\u00a0\"}]},{\"@type\":\"WebSite\",\"@id\":\"https:\\\/\\\/www.entreculturas.org\\\/en\\\/#website\",\"url\":\"https:\\\/\\\/www.entreculturas.org\\\/en\\\/\",\"name\":\"Entreculturas\",\"description\":\"\",\"publisher\":{\"@id\":\"https:\\\/\\\/www.entreculturas.org\\\/en\\\/#organization\"},\"alternateName\":\"Entreculturas\",\"potentialAction\":[{\"@type\":\"SearchAction\",\"target\":{\"@type\":\"EntryPoint\",\"urlTemplate\":\"https:\\\/\\\/www.entreculturas.org\\\/en\\\/?s={search_term_string}\"},\"query-input\":{\"@type\":\"PropertyValueSpecification\",\"valueRequired\":true,\"valueName\":\"search_term_string\"}}],\"inLanguage\":\"en-US\"},{\"@type\":\"Organization\",\"@id\":\"https:\\\/\\\/www.entreculturas.org\\\/en\\\/#organization\",\"name\":\"Entreculturas\",\"url\":\"https:\\\/\\\/www.entreculturas.org\\\/en\\\/\",\"logo\":{\"@type\":\"ImageObject\",\"inLanguage\":\"en-US\",\"@id\":\"https:\\\/\\\/www.entreculturas.org\\\/en\\\/#\\\/schema\\\/logo\\\/image\\\/\",\"url\":\"https:\\\/\\\/www.entreculturas.org\\\/wp-content\\\/uploads\\\/2025\\\/10\\\/ESP.svg\",\"contentUrl\":\"https:\\\/\\\/www.entreculturas.org\\\/wp-content\\\/uploads\\\/2025\\\/10\\\/ESP.svg\",\"caption\":\"Entreculturas\"},\"image\":{\"@id\":\"https:\\\/\\\/www.entreculturas.org\\\/en\\\/#\\\/schema\\\/logo\\\/image\\\/\"},\"sameAs\":[\"https:\\\/\\\/www.facebook.com\\\/entreculturas\",\"https:\\\/\\\/x.com\\\/Entreculturas\",\"https:\\\/\\\/www.instagram.com\\\/entreculturas\\\/\",\"https:\\\/\\\/www.youtube.com\\\/user\\\/entreculturasvideo\",\"https:\\\/\\\/www.linkedin.com\\\/company\\\/fundacion-entreculturas-ngdo\\\/\",\"https:\\\/\\\/www.flickr.com\\\/photos\\\/98455522@N04\\\/albums\\\/\"]}]}<\/script>\n<!-- \/ Yoast SEO Premium plugin. -->","yoast_head_json":{"title":"Julia Navarro conversa con el experto Gonzalo S\u00e1nchez-Ter\u00e1n","description":"Julia Navarro habla con Gonzalo S\u00e1nchez-Ter\u00e1n sobre los campos de personas refugiadas, el trabajo humanitario y la evoluci\u00f3n del refugio.","robots":{"index":"index","follow":"follow","max-snippet":"max-snippet:-1","max-image-preview":"max-image-preview:large","max-video-preview":"max-video-preview:-1"},"canonical":"https:\/\/www.entreculturas.org\/en\/podcast\/julia-navarro-podcast-ong-gonzalo-sanchez-teran\/","og_locale":"en_US","og_type":"article","og_title":"\u201cLa cooperaci\u00f3n al desarrollo no es caridad puntual: es un sentimiento de justicia global\u201d\u00a0","og_description":"Julia Navarro habla con Gonzalo S\u00e1nchez-Ter\u00e1n sobre los campos de personas refugiadas, el trabajo humanitario y la evoluci\u00f3n del refugio.","og_url":"https:\/\/www.entreculturas.org\/en\/podcast\/julia-navarro-podcast-ong-gonzalo-sanchez-teran\/","og_site_name":"Entreculturas","article_publisher":"https:\/\/www.facebook.com\/entreculturas","article_modified_time":"2025-07-03T10:10:48+00:00","og_image":[{"width":800,"height":496,"url":"https:\/\/www.entreculturas.org\/wp-content\/uploads\/2025\/07\/Sanchez-Teran-somos-e1751534214660.jpg","type":"image\/jpeg"}],"twitter_card":"summary_large_image","twitter_site":"@Entreculturas","schema":{"@context":"https:\/\/schema.org","@graph":[{"@type":"WebPage","@id":"https:\/\/www.entreculturas.org\/en\/podcast\/julia-navarro-podcast-ong-gonzalo-sanchez-teran\/","url":"https:\/\/www.entreculturas.org\/en\/podcast\/julia-navarro-podcast-ong-gonzalo-sanchez-teran\/","name":"Julia Navarro conversa con el experto Gonzalo S\u00e1nchez-Ter\u00e1n","isPartOf":{"@id":"https:\/\/www.entreculturas.org\/en\/#website"},"primaryImageOfPage":{"@id":"https:\/\/www.entreculturas.org\/en\/podcast\/julia-navarro-podcast-ong-gonzalo-sanchez-teran\/#primaryimage"},"image":{"@id":"https:\/\/www.entreculturas.org\/en\/podcast\/julia-navarro-podcast-ong-gonzalo-sanchez-teran\/#primaryimage"},"thumbnailUrl":"https:\/\/www.entreculturas.org\/wp-content\/uploads\/2025\/07\/Sanchez-Teran-somos-e1751534214660.jpg","datePublished":"2025-07-03T09:16:13+00:00","dateModified":"2025-07-03T10:10:48+00:00","description":"Julia Navarro habla con Gonzalo S\u00e1nchez-Ter\u00e1n sobre los campos de personas refugiadas, el trabajo humanitario y la evoluci\u00f3n del refugio.","breadcrumb":{"@id":"https:\/\/www.entreculturas.org\/en\/podcast\/julia-navarro-podcast-ong-gonzalo-sanchez-teran\/#breadcrumb"},"inLanguage":"en-US","potentialAction":[{"@type":"ReadAction","target":["https:\/\/www.entreculturas.org\/en\/podcast\/julia-navarro-podcast-ong-gonzalo-sanchez-teran\/"]}]},{"@type":"ImageObject","inLanguage":"en-US","@id":"https:\/\/www.entreculturas.org\/en\/podcast\/julia-navarro-podcast-ong-gonzalo-sanchez-teran\/#primaryimage","url":"https:\/\/www.entreculturas.org\/wp-content\/uploads\/2025\/07\/Sanchez-Teran-somos-e1751534214660.jpg","contentUrl":"https:\/\/www.entreculturas.org\/wp-content\/uploads\/2025\/07\/Sanchez-Teran-somos-e1751534214660.jpg","width":800,"height":496,"caption":"Julia Navarro"},{"@type":"BreadcrumbList","@id":"https:\/\/www.entreculturas.org\/en\/podcast\/julia-navarro-podcast-ong-gonzalo-sanchez-teran\/#breadcrumb","itemListElement":[{"@type":"ListItem","position":1,"name":"Home","item":"https:\/\/www.entreculturas.org\/en\/"},{"@type":"ListItem","position":2,"name":"Podcast Julia Navarro","item":"https:\/\/www.entreculturas.org\/en\/podcasts\/"},{"@type":"ListItem","position":3,"name":"\u201cLa cooperaci\u00f3n al desarrollo no es caridad puntual: es un sentimiento de justicia global\u201d\u00a0"}]},{"@type":"WebSite","@id":"https:\/\/www.entreculturas.org\/en\/#website","url":"https:\/\/www.entreculturas.org\/en\/","name":"Entreculturas","description":"","publisher":{"@id":"https:\/\/www.entreculturas.org\/en\/#organization"},"alternateName":"Entreculturas","potentialAction":[{"@type":"SearchAction","target":{"@type":"EntryPoint","urlTemplate":"https:\/\/www.entreculturas.org\/en\/?s={search_term_string}"},"query-input":{"@type":"PropertyValueSpecification","valueRequired":true,"valueName":"search_term_string"}}],"inLanguage":"en-US"},{"@type":"Organization","@id":"https:\/\/www.entreculturas.org\/en\/#organization","name":"Entreculturas","url":"https:\/\/www.entreculturas.org\/en\/","logo":{"@type":"ImageObject","inLanguage":"en-US","@id":"https:\/\/www.entreculturas.org\/en\/#\/schema\/logo\/image\/","url":"https:\/\/www.entreculturas.org\/wp-content\/uploads\/2025\/10\/ESP.svg","contentUrl":"https:\/\/www.entreculturas.org\/wp-content\/uploads\/2025\/10\/ESP.svg","caption":"Entreculturas"},"image":{"@id":"https:\/\/www.entreculturas.org\/en\/#\/schema\/logo\/image\/"},"sameAs":["https:\/\/www.facebook.com\/entreculturas","https:\/\/x.com\/Entreculturas","https:\/\/www.instagram.com\/entreculturas\/","https:\/\/www.youtube.com\/user\/entreculturasvideo","https:\/\/www.linkedin.com\/company\/fundacion-entreculturas-ngdo\/","https:\/\/www.flickr.com\/photos\/98455522@N04\/albums\/"]}]}},"_links":{"self":[{"href":"https:\/\/www.entreculturas.org\/en\/wp-json\/wp\/v2\/podcast\/40256","targetHints":{"allow":["GET"]}}],"collection":[{"href":"https:\/\/www.entreculturas.org\/en\/wp-json\/wp\/v2\/podcast"}],"about":[{"href":"https:\/\/www.entreculturas.org\/en\/wp-json\/wp\/v2\/types\/podcast"}],"wp:featuredmedia":[{"embeddable":true,"href":"https:\/\/www.entreculturas.org\/en\/wp-json\/wp\/v2\/media\/40258"}],"wp:attachment":[{"href":"https:\/\/www.entreculturas.org\/en\/wp-json\/wp\/v2\/media?parent=40256"}],"wp:term":[{"taxonomy":"category","embeddable":true,"href":"https:\/\/www.entreculturas.org\/en\/wp-json\/wp\/v2\/categories?post=40256"},{"taxonomy":"post_tag","embeddable":true,"href":"https:\/\/www.entreculturas.org\/en\/wp-json\/wp\/v2\/tags?post=40256"}],"curies":[{"name":"wp","href":"https:\/\/api.w.org\/{rel}","templated":true}]}}