{"id":39870,"date":"2025-06-26T13:18:13","date_gmt":"2025-06-26T11:18:13","guid":{"rendered":"https:\/\/www.entreculturas.org\/?post_type=podcast&#038;p=39870"},"modified":"2025-06-26T13:21:17","modified_gmt":"2025-06-26T11:21:17","slug":"julia-navarro-podcast-ong-patricia-simon","status":"publish","type":"podcast","link":"https:\/\/www.entreculturas.org\/en\/podcast\/julia-navarro-podcast-ong-patricia-simon\/","title":{"rendered":"&#8220;Poner palabras a lo indecible es tambi\u00e9n una forma de justicia\u201d\u00a0"},"content":{"rendered":"\n<p>Esta semana, en el podcast de <a href=\"https:\/\/www.entreculturas.org\/podcast\/\">Voces por una Causa<\/a>, la escritora <strong>Julia Navarro conversa con Patricia Sim\u00f3n, reportera, periodista de investigaci\u00f3n y escritora. <\/strong>A trav\u00e9s de su testimonio, nos acercamos al impacto que los conflictos tienen en la infancia y a c\u00f3mo el periodismo puede y debe hablar sobre el sufrimiento humano con responsabilidad.<\/p>\n\n\n\n<h2 class=\"wp-block-heading\" id=\"h-de-que-nos-habla-patricia-en-el-episodio\"><strong>\u00bfDe qu\u00e9 nos habla Patricia en el episodio?<\/strong><\/h2>\n\n\n\n<p>Patricia Sim\u00f3n reflexiona sobre los dilemas \u00e9ticos que enfrentan quienes cubren crisis humanitarias y conflictos en contextos marcados por la impunidad, donde a menudo contar no implica reparaci\u00f3n ni justicia para las v\u00edctimas, algo que aborda en su <strong>pr\u00f3ximo ensayo \u2018<a href=\"https:\/\/www.penguinlibros.com\/pe\/tematicas\/390626-ebook-narrar-el-abismo-serie-endebate-9788419951311?srsltid=AfmBOoqfOJ-7DGF9SrFSvdNUGu_j5Jmj-oas22SuNfqQdOybFDjoWNAJ\">Narrar el abismo<\/a>\u2019<\/strong> que saldr\u00e1 a la luz a principios de septiembre. \u201cProfundizo sobre c\u00f3mo los periodistas que cubrimos crisis humanitaria y conflictos cada vez nos encontramos con m\u00e1s dilemas \u00e9ticos a la hora de pedir el testimonio a la gente que sufre estos contextos\u201d, se\u00f1ala.<\/p>\n\n\n\n<p>Adem\u00e1s, Patricia nos habla de c\u00f3mo <strong>narrar tambi\u00e9n puede ser una forma de justicia y de reconocimiento<\/strong> a quienes viven situaciones l\u00edmite: \u201cPoner palabras a lo que muchas veces resulta indecible es una forma de justicia y de reconocimiento de su dolor\u201d. Contar, afirma, no solo preserva la memoria de quienes sufren, sino tambi\u00e9n nuestra propia humanidad. Y por eso, reivindica \u201cla importancia de seguir contando en un momento en el que los discursos de odio y deshumanizantes est\u00e1n ocupando mucho espacio\u201d.<\/p>\n\n\n\n<p>Durante la conversaci\u00f3n, Patricia tambi\u00e9n aborda el impacto devastador que los conflictos armados tienen sobre los ni\u00f1os y ni\u00f1as, y c\u00f3mo muchas veces sus derechos son vulnerados de formas que pasan desapercibidas. \u201cEstamos en el momento de mayor n\u00famero de conflictos desde la Segunda Guerra Mundial\u201d, afirma, y a\u00f1ade que es urgente visibilizar <strong>\u201clas diferentes formas de violencia que afectan a la infancia\u201d<\/strong>, que no son solo las bombas o las balas. Algo que denunci\u00f3 junto a otros periodistas en el libro \u2018Balas contra la infancia\u2019.<\/p>\n\n\n\n<p>Por \u00faltimo, Patricia y Julia profundizan en <strong>el papel transformador del periodismo<\/strong> cuando se ejerce con honestidad y sentido cr\u00edtico: \u201cNo podemos quedarnos en el relato de la injusticia y el dolor. Investigar quienes de alguna manera se lucran con todo eso me parece tambi\u00e9n un ejercicio democr\u00e1tico\u201d, afirma para despu\u00e9s denunciar c\u00f3mo los conflictos muchas veces solo se cubren cuando estalla la violencia, y no cuando las poblaciones luchan por construir sociedades m\u00e1s justas.<\/p>\n\n\n\n<h2 class=\"wp-block-heading\" id=\"h-que-es-voces-por-una-causa-con-julia-navarro\"><strong>\u00bfQu\u00e9 es \u2018Voces por una Causa\u2019 con Julia Navarro?<\/strong><\/h2>\n\n\n\n<p>Presentado por la escritora y periodista Julia Navarro, <a href=\"https:\/\/www.entreculturas.org\/podcast\/\"><strong>\u2018Voces por una causa\u2019<\/strong><\/a><strong> es el podcast semanal de la ONG Entreculturas<\/strong> que explora cuestiones sociales, medioambientales y culturales a trav\u00e9s de testimonios en primera persona. Los programas se emiten todos los jueves en nuestro canal de <a href=\"https:\/\/www.youtube.com\/c\/EntreculturasOrg915902672\">Youtube<\/a>, en <a href=\"https:\/\/open.spotify.com\/show\/6dS5JsqnsWrnHL1gwead1A\">Spotify<\/a>, en <a href=\"https:\/\/www.ivoox.com\/perfil-entreculturas_a8_listener_28185270_1.html\">Ivoox<\/a>, y en <a href=\"https:\/\/podcasts.apple.com\/us\/podcast\/entreculturas-voces-por-una-causa\/id1621485462\">Apple Podcast<\/a>.<\/p>\n\n\n\n<iframe style=\"border-radius:12px\" src=\"https:\/\/open.spotify.com\/embed\/episode\/43mHU2Y9nfhzfOSTKAhI3q?utm_source=generator\" width=\"100%\" height=\"352\" frameBorder=\"0\" allowfullscreen=\"\" allow=\"autoplay; clipboard-write; encrypted-media; fullscreen; picture-in-picture\" loading=\"lazy\"><\/iframe>\n\n\n\n<p><\/p>\n","protected":false},"excerpt":{"rendered":"<p>Esta semana, en el podcast de Voces por una Causa, la escritora Julia Navarro conversa con Patricia Sim\u00f3n, reportera, periodista de investigaci\u00f3n y escritora. A trav\u00e9s de su testimonio, nos acercamos al impacto que los conflictos tienen en la infancia y a c\u00f3mo el periodismo puede y debe hablar sobre el sufrimiento humano con responsabilidad. \u00bfDe qu\u00e9 nos habla Patricia en el episodio? Patricia Sim\u00f3n reflexiona sobre los dilemas \u00e9ticos que enfrentan quienes cubren crisis humanitarias y conflictos en contextos marcados por la impunidad, donde a menudo contar no implica reparaci\u00f3n ni justicia para las v\u00edctimas, algo que aborda en su pr\u00f3ximo ensayo \u2018Narrar el abismo\u2019 que saldr\u00e1 a la luz a principios de septiembre. \u201cProfundizo sobre c\u00f3mo los periodistas que cubrimos crisis humanitaria y conflictos cada vez nos encontramos con m\u00e1s dilemas \u00e9ticos a la hora de pedir el testimonio a la gente que sufre estos contextos\u201d, se\u00f1ala. Adem\u00e1s, [&hellip;]<\/p>\n","protected":false},"featured_media":39872,"template":"","meta":{"_acf_changed":true},"categories":[],"tags":[],"class_list":["post-39870","podcast","type-podcast","status-publish","has-post-thumbnail","hentry"],"acf":[],"yoast_head":"<!-- This site is optimized with the Yoast SEO Premium plugin v21.6 (Yoast SEO v27.5) - https:\/\/yoast.com\/product\/yoast-seo-premium-wordpress\/ -->\n<title>Julia Navarro conversa con la periodista Patricia Sim\u00f3n<\/title>\n<meta name=\"description\" content=\"Julia Navarro conversa con Patricia Sim\u00f3n, reportera, periodista y escritora sobre c\u00f3mo el periodismo debe cubrir el sufrimiento humano.\" \/>\n<meta name=\"robots\" content=\"index, follow, max-snippet:-1, max-image-preview:large, max-video-preview:-1\" \/>\n<link rel=\"canonical\" href=\"https:\/\/www.entreculturas.org\/en\/podcast\/julia-navarro-podcast-ong-patricia-simon\/\" \/>\n<meta property=\"og:locale\" content=\"en_US\" \/>\n<meta property=\"og:type\" content=\"article\" \/>\n<meta property=\"og:title\" content=\"&quot;Poner palabras a lo indecible es tambi\u00e9n una forma de justicia\u201d\u00a0\" \/>\n<meta property=\"og:description\" content=\"Julia Navarro conversa con Patricia Sim\u00f3n, reportera, periodista y escritora sobre c\u00f3mo el periodismo debe cubrir el sufrimiento humano.\" \/>\n<meta property=\"og:url\" content=\"https:\/\/www.entreculturas.org\/en\/podcast\/julia-navarro-podcast-ong-patricia-simon\/\" \/>\n<meta property=\"og:site_name\" content=\"Entreculturas\" \/>\n<meta property=\"article:publisher\" content=\"https:\/\/www.facebook.com\/entreculturas\" \/>\n<meta property=\"article:modified_time\" content=\"2025-06-26T11:21:17+00:00\" \/>\n<meta property=\"og:image\" content=\"https:\/\/www.entreculturas.org\/wp-content\/uploads\/2025\/06\/Somos.jpg\" \/>\n\t<meta property=\"og:image:width\" content=\"800\" \/>\n\t<meta property=\"og:image:height\" content=\"533\" \/>\n\t<meta property=\"og:image:type\" content=\"image\/jpeg\" \/>\n<meta name=\"twitter:card\" content=\"summary_large_image\" \/>\n<meta name=\"twitter:site\" content=\"@Entreculturas\" \/>\n<script type=\"application\/ld+json\" class=\"yoast-schema-graph\">{\"@context\":\"https:\\\/\\\/schema.org\",\"@graph\":[{\"@type\":\"WebPage\",\"@id\":\"https:\\\/\\\/www.entreculturas.org\\\/en\\\/podcast\\\/julia-navarro-podcast-ong-patricia-simon\\\/\",\"url\":\"https:\\\/\\\/www.entreculturas.org\\\/en\\\/podcast\\\/julia-navarro-podcast-ong-patricia-simon\\\/\",\"name\":\"Julia Navarro conversa con la periodista Patricia Sim\u00f3n\",\"isPartOf\":{\"@id\":\"https:\\\/\\\/www.entreculturas.org\\\/en\\\/#website\"},\"primaryImageOfPage\":{\"@id\":\"https:\\\/\\\/www.entreculturas.org\\\/en\\\/podcast\\\/julia-navarro-podcast-ong-patricia-simon\\\/#primaryimage\"},\"image\":{\"@id\":\"https:\\\/\\\/www.entreculturas.org\\\/en\\\/podcast\\\/julia-navarro-podcast-ong-patricia-simon\\\/#primaryimage\"},\"thumbnailUrl\":\"https:\\\/\\\/www.entreculturas.org\\\/wp-content\\\/uploads\\\/2025\\\/06\\\/Somos.jpg\",\"datePublished\":\"2025-06-26T11:18:13+00:00\",\"dateModified\":\"2025-06-26T11:21:17+00:00\",\"description\":\"Julia Navarro conversa con Patricia Sim\u00f3n, reportera, periodista y escritora sobre c\u00f3mo el periodismo debe cubrir el sufrimiento humano.\",\"breadcrumb\":{\"@id\":\"https:\\\/\\\/www.entreculturas.org\\\/en\\\/podcast\\\/julia-navarro-podcast-ong-patricia-simon\\\/#breadcrumb\"},\"inLanguage\":\"en-US\",\"potentialAction\":[{\"@type\":\"ReadAction\",\"target\":[\"https:\\\/\\\/www.entreculturas.org\\\/en\\\/podcast\\\/julia-navarro-podcast-ong-patricia-simon\\\/\"]}]},{\"@type\":\"ImageObject\",\"inLanguage\":\"en-US\",\"@id\":\"https:\\\/\\\/www.entreculturas.org\\\/en\\\/podcast\\\/julia-navarro-podcast-ong-patricia-simon\\\/#primaryimage\",\"url\":\"https:\\\/\\\/www.entreculturas.org\\\/wp-content\\\/uploads\\\/2025\\\/06\\\/Somos.jpg\",\"contentUrl\":\"https:\\\/\\\/www.entreculturas.org\\\/wp-content\\\/uploads\\\/2025\\\/06\\\/Somos.jpg\",\"width\":800,\"height\":533,\"caption\":\"Julia Navarro\"},{\"@type\":\"BreadcrumbList\",\"@id\":\"https:\\\/\\\/www.entreculturas.org\\\/en\\\/podcast\\\/julia-navarro-podcast-ong-patricia-simon\\\/#breadcrumb\",\"itemListElement\":[{\"@type\":\"ListItem\",\"position\":1,\"name\":\"Home\",\"item\":\"https:\\\/\\\/www.entreculturas.org\\\/en\\\/\"},{\"@type\":\"ListItem\",\"position\":2,\"name\":\"Podcast Julia Navarro\",\"item\":\"https:\\\/\\\/www.entreculturas.org\\\/en\\\/podcasts\\\/\"},{\"@type\":\"ListItem\",\"position\":3,\"name\":\"&#8220;Poner palabras a lo indecible es tambi\u00e9n una forma de justicia\u201d\u00a0\"}]},{\"@type\":\"WebSite\",\"@id\":\"https:\\\/\\\/www.entreculturas.org\\\/en\\\/#website\",\"url\":\"https:\\\/\\\/www.entreculturas.org\\\/en\\\/\",\"name\":\"Entreculturas\",\"description\":\"\",\"publisher\":{\"@id\":\"https:\\\/\\\/www.entreculturas.org\\\/en\\\/#organization\"},\"alternateName\":\"Entreculturas\",\"potentialAction\":[{\"@type\":\"SearchAction\",\"target\":{\"@type\":\"EntryPoint\",\"urlTemplate\":\"https:\\\/\\\/www.entreculturas.org\\\/en\\\/?s={search_term_string}\"},\"query-input\":{\"@type\":\"PropertyValueSpecification\",\"valueRequired\":true,\"valueName\":\"search_term_string\"}}],\"inLanguage\":\"en-US\"},{\"@type\":\"Organization\",\"@id\":\"https:\\\/\\\/www.entreculturas.org\\\/en\\\/#organization\",\"name\":\"Entreculturas\",\"url\":\"https:\\\/\\\/www.entreculturas.org\\\/en\\\/\",\"logo\":{\"@type\":\"ImageObject\",\"inLanguage\":\"en-US\",\"@id\":\"https:\\\/\\\/www.entreculturas.org\\\/en\\\/#\\\/schema\\\/logo\\\/image\\\/\",\"url\":\"https:\\\/\\\/www.entreculturas.org\\\/wp-content\\\/uploads\\\/2025\\\/10\\\/ESP.svg\",\"contentUrl\":\"https:\\\/\\\/www.entreculturas.org\\\/wp-content\\\/uploads\\\/2025\\\/10\\\/ESP.svg\",\"caption\":\"Entreculturas\"},\"image\":{\"@id\":\"https:\\\/\\\/www.entreculturas.org\\\/en\\\/#\\\/schema\\\/logo\\\/image\\\/\"},\"sameAs\":[\"https:\\\/\\\/www.facebook.com\\\/entreculturas\",\"https:\\\/\\\/x.com\\\/Entreculturas\",\"https:\\\/\\\/www.instagram.com\\\/entreculturas\\\/\",\"https:\\\/\\\/www.youtube.com\\\/user\\\/entreculturasvideo\",\"https:\\\/\\\/www.linkedin.com\\\/company\\\/fundacion-entreculturas-ngdo\\\/\",\"https:\\\/\\\/www.flickr.com\\\/photos\\\/98455522@N04\\\/albums\\\/\"]}]}<\/script>\n<!-- \/ Yoast SEO Premium plugin. -->","yoast_head_json":{"title":"Julia Navarro conversa con la periodista Patricia Sim\u00f3n","description":"Julia Navarro conversa con Patricia Sim\u00f3n, reportera, periodista y escritora sobre c\u00f3mo el periodismo debe cubrir el sufrimiento humano.","robots":{"index":"index","follow":"follow","max-snippet":"max-snippet:-1","max-image-preview":"max-image-preview:large","max-video-preview":"max-video-preview:-1"},"canonical":"https:\/\/www.entreculturas.org\/en\/podcast\/julia-navarro-podcast-ong-patricia-simon\/","og_locale":"en_US","og_type":"article","og_title":"\"Poner palabras a lo indecible es tambi\u00e9n una forma de justicia\u201d\u00a0","og_description":"Julia Navarro conversa con Patricia Sim\u00f3n, reportera, periodista y escritora sobre c\u00f3mo el periodismo debe cubrir el sufrimiento humano.","og_url":"https:\/\/www.entreculturas.org\/en\/podcast\/julia-navarro-podcast-ong-patricia-simon\/","og_site_name":"Entreculturas","article_publisher":"https:\/\/www.facebook.com\/entreculturas","article_modified_time":"2025-06-26T11:21:17+00:00","og_image":[{"width":800,"height":533,"url":"https:\/\/www.entreculturas.org\/wp-content\/uploads\/2025\/06\/Somos.jpg","type":"image\/jpeg"}],"twitter_card":"summary_large_image","twitter_site":"@Entreculturas","schema":{"@context":"https:\/\/schema.org","@graph":[{"@type":"WebPage","@id":"https:\/\/www.entreculturas.org\/en\/podcast\/julia-navarro-podcast-ong-patricia-simon\/","url":"https:\/\/www.entreculturas.org\/en\/podcast\/julia-navarro-podcast-ong-patricia-simon\/","name":"Julia Navarro conversa con la periodista Patricia Sim\u00f3n","isPartOf":{"@id":"https:\/\/www.entreculturas.org\/en\/#website"},"primaryImageOfPage":{"@id":"https:\/\/www.entreculturas.org\/en\/podcast\/julia-navarro-podcast-ong-patricia-simon\/#primaryimage"},"image":{"@id":"https:\/\/www.entreculturas.org\/en\/podcast\/julia-navarro-podcast-ong-patricia-simon\/#primaryimage"},"thumbnailUrl":"https:\/\/www.entreculturas.org\/wp-content\/uploads\/2025\/06\/Somos.jpg","datePublished":"2025-06-26T11:18:13+00:00","dateModified":"2025-06-26T11:21:17+00:00","description":"Julia Navarro conversa con Patricia Sim\u00f3n, reportera, periodista y escritora sobre c\u00f3mo el periodismo debe cubrir el sufrimiento humano.","breadcrumb":{"@id":"https:\/\/www.entreculturas.org\/en\/podcast\/julia-navarro-podcast-ong-patricia-simon\/#breadcrumb"},"inLanguage":"en-US","potentialAction":[{"@type":"ReadAction","target":["https:\/\/www.entreculturas.org\/en\/podcast\/julia-navarro-podcast-ong-patricia-simon\/"]}]},{"@type":"ImageObject","inLanguage":"en-US","@id":"https:\/\/www.entreculturas.org\/en\/podcast\/julia-navarro-podcast-ong-patricia-simon\/#primaryimage","url":"https:\/\/www.entreculturas.org\/wp-content\/uploads\/2025\/06\/Somos.jpg","contentUrl":"https:\/\/www.entreculturas.org\/wp-content\/uploads\/2025\/06\/Somos.jpg","width":800,"height":533,"caption":"Julia Navarro"},{"@type":"BreadcrumbList","@id":"https:\/\/www.entreculturas.org\/en\/podcast\/julia-navarro-podcast-ong-patricia-simon\/#breadcrumb","itemListElement":[{"@type":"ListItem","position":1,"name":"Home","item":"https:\/\/www.entreculturas.org\/en\/"},{"@type":"ListItem","position":2,"name":"Podcast Julia Navarro","item":"https:\/\/www.entreculturas.org\/en\/podcasts\/"},{"@type":"ListItem","position":3,"name":"&#8220;Poner palabras a lo indecible es tambi\u00e9n una forma de justicia\u201d\u00a0"}]},{"@type":"WebSite","@id":"https:\/\/www.entreculturas.org\/en\/#website","url":"https:\/\/www.entreculturas.org\/en\/","name":"Entreculturas","description":"","publisher":{"@id":"https:\/\/www.entreculturas.org\/en\/#organization"},"alternateName":"Entreculturas","potentialAction":[{"@type":"SearchAction","target":{"@type":"EntryPoint","urlTemplate":"https:\/\/www.entreculturas.org\/en\/?s={search_term_string}"},"query-input":{"@type":"PropertyValueSpecification","valueRequired":true,"valueName":"search_term_string"}}],"inLanguage":"en-US"},{"@type":"Organization","@id":"https:\/\/www.entreculturas.org\/en\/#organization","name":"Entreculturas","url":"https:\/\/www.entreculturas.org\/en\/","logo":{"@type":"ImageObject","inLanguage":"en-US","@id":"https:\/\/www.entreculturas.org\/en\/#\/schema\/logo\/image\/","url":"https:\/\/www.entreculturas.org\/wp-content\/uploads\/2025\/10\/ESP.svg","contentUrl":"https:\/\/www.entreculturas.org\/wp-content\/uploads\/2025\/10\/ESP.svg","caption":"Entreculturas"},"image":{"@id":"https:\/\/www.entreculturas.org\/en\/#\/schema\/logo\/image\/"},"sameAs":["https:\/\/www.facebook.com\/entreculturas","https:\/\/x.com\/Entreculturas","https:\/\/www.instagram.com\/entreculturas\/","https:\/\/www.youtube.com\/user\/entreculturasvideo","https:\/\/www.linkedin.com\/company\/fundacion-entreculturas-ngdo\/","https:\/\/www.flickr.com\/photos\/98455522@N04\/albums\/"]}]}},"_links":{"self":[{"href":"https:\/\/www.entreculturas.org\/en\/wp-json\/wp\/v2\/podcast\/39870","targetHints":{"allow":["GET"]}}],"collection":[{"href":"https:\/\/www.entreculturas.org\/en\/wp-json\/wp\/v2\/podcast"}],"about":[{"href":"https:\/\/www.entreculturas.org\/en\/wp-json\/wp\/v2\/types\/podcast"}],"wp:featuredmedia":[{"embeddable":true,"href":"https:\/\/www.entreculturas.org\/en\/wp-json\/wp\/v2\/media\/39872"}],"wp:attachment":[{"href":"https:\/\/www.entreculturas.org\/en\/wp-json\/wp\/v2\/media?parent=39870"}],"wp:term":[{"taxonomy":"category","embeddable":true,"href":"https:\/\/www.entreculturas.org\/en\/wp-json\/wp\/v2\/categories?post=39870"},{"taxonomy":"post_tag","embeddable":true,"href":"https:\/\/www.entreculturas.org\/en\/wp-json\/wp\/v2\/tags?post=39870"}],"curies":[{"name":"wp","href":"https:\/\/api.w.org\/{rel}","templated":true}]}}