{"id":38950,"date":"2025-05-08T10:33:54","date_gmt":"2025-05-08T08:33:54","guid":{"rendered":"https:\/\/www.entreculturas.org\/?post_type=podcast&#038;p=38950"},"modified":"2025-05-08T17:43:35","modified_gmt":"2025-05-08T15:43:35","slug":"julia-navarro-podcast-ong-entreculturas-ahmed-younoussi","status":"publish","type":"podcast","link":"https:\/\/www.entreculturas.org\/en\/podcast\/julia-navarro-podcast-ong-entreculturas-ahmed-younoussi\/","title":{"rendered":"&#8220;14.4 es un homenaje a esa red solidaria que ayuda a los ni\u00f1os migrantes no acompa\u00f1ados cuando llegan a Espa\u00f1a\u201d"},"content":{"rendered":"\n<p>Esta semana, Julia Navarro estrena la<strong> 7\u00aa temporada del podcast <\/strong><a href=\"https:\/\/www.entreculturas.org\/podcast\/\"><strong><em>Voces por una Causa<\/em><\/strong><\/a><strong>, conversando con Ahmed Younoussi<\/strong>, actor y protagonista de la <a href=\"https:\/\/barcopirata.org\/14-4\">obra de teatro <em>14.4<\/em><\/a>, dirigida por Sergio Peris-Mencheta con texto de Juan Diego Botto. Con \u00e9l, nos acercamos a la realidad de la infancia migrante no acompa\u00f1ada a trav\u00e9s de un relato\u00a0 basado en su propia historia que invita a la empat\u00eda, la reflexi\u00f3n y la justicia.\u00a0<\/p>\n\n\n\n<h2 class=\"wp-block-heading\" id=\"h-de-que-nos-habla-ahmed-younoussi-en-el-episodio\"><strong>\u00bfDe qu\u00e9 nos habla Ahmed Younoussi en el episodio?<\/strong><\/h2>\n\n\n\n<p>En este episodio Ahmed nos habla de 14.4, describi\u00e9ndola como \u201cuna obra de teatro que <strong>cuenta la historia de todos aquellos ni\u00f1os y ni\u00f1as que intentan venir a Europa<\/strong> de manera alegal y que no llegan, trata de aquellos que se quedan perdidos en el oc\u00e9ano, sin nombre\u201d. Una representaci\u00f3n que, en palabras de Ahmed, tambi\u00e9n \u201ces un homenaje a esa red solidaria que hay en este pa\u00eds, que no es oficial, pero que les ayuda cuando llegan\u201d.&nbsp;<\/p>\n\n\n\n<p>Adem\u00e1s, Ahmed profundiza en el esfuerzo profesional y personal que le supone protagonizar una obra que se basa en su vida: \u201cTengo que reconocer que al principio fue un poco traum\u00e1tico, pero luego se fue dando la vuelta conforme iba haciendo las funciones y al final se ha convertido en algo terap\u00e9utico. Ahora me sirve como terapia\u201d. Un ejercicio que, seg\u00fan Ahmed, <strong>tiene un gran impacto en el p\u00fablico que asiste a la obra<\/strong>, sensibiliz\u00e1ndoles desde un punto de vista que no es el habitual: el de los ni\u00f1os y ni\u00f1as migrantes no acompa\u00f1ados.&nbsp;<\/p>\n\n\n\n<p>Por \u00faltimo, Ahmed y Julia profundizan en la motivaci\u00f3n que le llev\u00f3 a ponerse encima de los escenarios a contar su historia:&nbsp; \u201cSoy una persona que intenta devolver todo aquello que recibi\u00f3 de los dem\u00e1s. No hablo de cosas materiales ni nada. Yo he sido un chico que ha venido aqu\u00ed, que ha recibido mucha ayuda, que a cambio de nada he tenido personas que me han dado de todo a cambio de nada y ahora <strong>me siento en la obligaci\u00f3n de devolver<\/strong>\u201d, sentencia Ahmed.&nbsp;<\/p>\n\n\n\n<h2 class=\"wp-block-heading\" id=\"h-que-es-voces-por-una-causa-con-julia-navarro\"><strong>\u00bfQu\u00e9 es <\/strong><strong><em>\u2018Voces por una Causa\u2019<\/em><\/strong><strong> con Julia Navarro?<\/strong><\/h2>\n\n\n\n<p>Presentado por la escritora y periodista Julia Navarro, <a href=\"https:\/\/www.entreculturas.org\/podcast\/\"><strong>\u2018Voces por una causa\u2019<\/strong><\/a><strong> es el podcast semanal de la ONG Entreculturas<\/strong> que explora cuestiones sociales, medioambientales y culturales a trav\u00e9s de testimonios en primera persona. Los programas se emiten todos los jueves en nuestro canal de <a href=\"https:\/\/www.youtube.com\/c\/EntreculturasOrg915902672\">Youtube<\/a>, en <a href=\"https:\/\/open.spotify.com\/show\/6dS5JsqnsWrnHL1gwead1A\">Spotify<\/a>, en <a href=\"https:\/\/www.ivoox.com\/perfil-entreculturas_a8_listener_28185270_1.html\">Ivoox<\/a>, y en <a href=\"https:\/\/podcasts.apple.com\/us\/podcast\/entreculturas-voces-por-una-causa\/id1621485462\">Apple Podcast<\/a>.<\/p>\n\n\n\n<iframe style=\"border-radius:12px\" src=\"https:\/\/open.spotify.com\/embed\/episode\/1uaAmaaVNGy5dIBqMqlbcs?utm_source=generator\" width=\"100%\" height=\"352\" frameBorder=\"0\" allowfullscreen=\"\" allow=\"autoplay; clipboard-write; encrypted-media; fullscreen; picture-in-picture\" loading=\"lazy\"><\/iframe>\n","protected":false},"excerpt":{"rendered":"<p>Esta semana, Julia Navarro estrena la 7\u00aa temporada del podcast Voces por una Causa, conversando con Ahmed Younoussi, actor y protagonista de la obra de teatro 14.4, dirigida por Sergio Peris-Mencheta con texto de Juan Diego Botto. Con \u00e9l, nos acercamos a la realidad de la infancia migrante no acompa\u00f1ada a trav\u00e9s de un relato\u00a0 basado en su propia historia que invita a la empat\u00eda, la reflexi\u00f3n y la justicia.\u00a0 \u00bfDe qu\u00e9 nos habla Ahmed Younoussi en el episodio? En este episodio Ahmed nos habla de 14.4, describi\u00e9ndola como \u201cuna obra de teatro que cuenta la historia de todos aquellos ni\u00f1os y ni\u00f1as que intentan venir a Europa de manera alegal y que no llegan, trata de aquellos que se quedan perdidos en el oc\u00e9ano, sin nombre\u201d. Una representaci\u00f3n que, en palabras de Ahmed, tambi\u00e9n \u201ces un homenaje a esa red solidaria que hay en este pa\u00eds, que no es [&hellip;]<\/p>\n","protected":false},"featured_media":38952,"template":"","meta":{"_acf_changed":false},"categories":[],"tags":[],"class_list":["post-38950","podcast","type-podcast","status-publish","has-post-thumbnail","hentry"],"acf":[],"yoast_head":"<!-- This site is optimized with the Yoast SEO Premium plugin v21.6 (Yoast SEO v27.5) - https:\/\/yoast.com\/product\/yoast-seo-premium-wordpress\/ -->\n<title>Julia Navarro estrena la 7\u00aa temporada de &#039;Voces por una Causa&#039;<\/title>\n<meta name=\"description\" content=\"Julia Navarro habla con Ahmed Younoussi, actor de la obra de teatro 14.4, para acercarnos a la realidad de la infancia migrante no acompa\u00f1ada.\" \/>\n<meta name=\"robots\" content=\"index, follow, max-snippet:-1, max-image-preview:large, max-video-preview:-1\" \/>\n<link rel=\"canonical\" href=\"https:\/\/www.entreculturas.org\/en\/podcast\/julia-navarro-podcast-ong-entreculturas-ahmed-younoussi\/\" \/>\n<meta property=\"og:locale\" content=\"en_US\" \/>\n<meta property=\"og:type\" content=\"article\" \/>\n<meta property=\"og:title\" content=\"&quot;14.4 es un homenaje a esa red solidaria que ayuda a los ni\u00f1os migrantes no acompa\u00f1ados cuando llegan a Espa\u00f1a\u201d\" \/>\n<meta property=\"og:description\" content=\"Julia Navarro habla con Ahmed Younoussi, actor de la obra de teatro 14.4, para acercarnos a la realidad de la infancia migrante no acompa\u00f1ada.\" \/>\n<meta property=\"og:url\" content=\"https:\/\/www.entreculturas.org\/en\/podcast\/julia-navarro-podcast-ong-entreculturas-ahmed-younoussi\/\" \/>\n<meta property=\"og:site_name\" content=\"Entreculturas\" \/>\n<meta property=\"article:publisher\" content=\"https:\/\/www.facebook.com\/entreculturas\" \/>\n<meta property=\"article:modified_time\" content=\"2025-05-08T15:43:35+00:00\" \/>\n<meta property=\"og:image\" content=\"https:\/\/www.entreculturas.org\/wp-content\/uploads\/2025\/05\/Ahmed-comprimido.jpg\" \/>\n\t<meta property=\"og:image:width\" content=\"800\" \/>\n\t<meta property=\"og:image:height\" content=\"533\" \/>\n\t<meta property=\"og:image:type\" content=\"image\/jpeg\" \/>\n<meta name=\"twitter:card\" content=\"summary_large_image\" \/>\n<meta name=\"twitter:site\" content=\"@Entreculturas\" \/>\n<script type=\"application\/ld+json\" class=\"yoast-schema-graph\">{\"@context\":\"https:\\\/\\\/schema.org\",\"@graph\":[{\"@type\":\"WebPage\",\"@id\":\"https:\\\/\\\/www.entreculturas.org\\\/en\\\/podcast\\\/julia-navarro-podcast-ong-entreculturas-ahmed-younoussi\\\/\",\"url\":\"https:\\\/\\\/www.entreculturas.org\\\/en\\\/podcast\\\/julia-navarro-podcast-ong-entreculturas-ahmed-younoussi\\\/\",\"name\":\"Julia Navarro estrena la 7\u00aa temporada de 'Voces por una Causa'\",\"isPartOf\":{\"@id\":\"https:\\\/\\\/www.entreculturas.org\\\/en\\\/#website\"},\"primaryImageOfPage\":{\"@id\":\"https:\\\/\\\/www.entreculturas.org\\\/en\\\/podcast\\\/julia-navarro-podcast-ong-entreculturas-ahmed-younoussi\\\/#primaryimage\"},\"image\":{\"@id\":\"https:\\\/\\\/www.entreculturas.org\\\/en\\\/podcast\\\/julia-navarro-podcast-ong-entreculturas-ahmed-younoussi\\\/#primaryimage\"},\"thumbnailUrl\":\"https:\\\/\\\/www.entreculturas.org\\\/wp-content\\\/uploads\\\/2025\\\/05\\\/Ahmed-comprimido.jpg\",\"datePublished\":\"2025-05-08T08:33:54+00:00\",\"dateModified\":\"2025-05-08T15:43:35+00:00\",\"description\":\"Julia Navarro habla con Ahmed Younoussi, actor de la obra de teatro 14.4, para acercarnos a la realidad de la infancia migrante no acompa\u00f1ada.\",\"breadcrumb\":{\"@id\":\"https:\\\/\\\/www.entreculturas.org\\\/en\\\/podcast\\\/julia-navarro-podcast-ong-entreculturas-ahmed-younoussi\\\/#breadcrumb\"},\"inLanguage\":\"en-US\",\"potentialAction\":[{\"@type\":\"ReadAction\",\"target\":[\"https:\\\/\\\/www.entreculturas.org\\\/en\\\/podcast\\\/julia-navarro-podcast-ong-entreculturas-ahmed-younoussi\\\/\"]}]},{\"@type\":\"ImageObject\",\"inLanguage\":\"en-US\",\"@id\":\"https:\\\/\\\/www.entreculturas.org\\\/en\\\/podcast\\\/julia-navarro-podcast-ong-entreculturas-ahmed-younoussi\\\/#primaryimage\",\"url\":\"https:\\\/\\\/www.entreculturas.org\\\/wp-content\\\/uploads\\\/2025\\\/05\\\/Ahmed-comprimido.jpg\",\"contentUrl\":\"https:\\\/\\\/www.entreculturas.org\\\/wp-content\\\/uploads\\\/2025\\\/05\\\/Ahmed-comprimido.jpg\",\"width\":800,\"height\":533,\"caption\":\"Julia Navarro\"},{\"@type\":\"BreadcrumbList\",\"@id\":\"https:\\\/\\\/www.entreculturas.org\\\/en\\\/podcast\\\/julia-navarro-podcast-ong-entreculturas-ahmed-younoussi\\\/#breadcrumb\",\"itemListElement\":[{\"@type\":\"ListItem\",\"position\":1,\"name\":\"Home\",\"item\":\"https:\\\/\\\/www.entreculturas.org\\\/en\\\/\"},{\"@type\":\"ListItem\",\"position\":2,\"name\":\"Podcast Julia Navarro\",\"item\":\"https:\\\/\\\/www.entreculturas.org\\\/en\\\/podcasts\\\/\"},{\"@type\":\"ListItem\",\"position\":3,\"name\":\"&#8220;14.4 es un homenaje a esa red solidaria que ayuda a los ni\u00f1os migrantes no acompa\u00f1ados cuando llegan a Espa\u00f1a\u201d\"}]},{\"@type\":\"WebSite\",\"@id\":\"https:\\\/\\\/www.entreculturas.org\\\/en\\\/#website\",\"url\":\"https:\\\/\\\/www.entreculturas.org\\\/en\\\/\",\"name\":\"Entreculturas\",\"description\":\"\",\"publisher\":{\"@id\":\"https:\\\/\\\/www.entreculturas.org\\\/en\\\/#organization\"},\"alternateName\":\"Entreculturas\",\"potentialAction\":[{\"@type\":\"SearchAction\",\"target\":{\"@type\":\"EntryPoint\",\"urlTemplate\":\"https:\\\/\\\/www.entreculturas.org\\\/en\\\/?s={search_term_string}\"},\"query-input\":{\"@type\":\"PropertyValueSpecification\",\"valueRequired\":true,\"valueName\":\"search_term_string\"}}],\"inLanguage\":\"en-US\"},{\"@type\":\"Organization\",\"@id\":\"https:\\\/\\\/www.entreculturas.org\\\/en\\\/#organization\",\"name\":\"Entreculturas\",\"url\":\"https:\\\/\\\/www.entreculturas.org\\\/en\\\/\",\"logo\":{\"@type\":\"ImageObject\",\"inLanguage\":\"en-US\",\"@id\":\"https:\\\/\\\/www.entreculturas.org\\\/en\\\/#\\\/schema\\\/logo\\\/image\\\/\",\"url\":\"https:\\\/\\\/www.entreculturas.org\\\/wp-content\\\/uploads\\\/2025\\\/10\\\/ESP.svg\",\"contentUrl\":\"https:\\\/\\\/www.entreculturas.org\\\/wp-content\\\/uploads\\\/2025\\\/10\\\/ESP.svg\",\"caption\":\"Entreculturas\"},\"image\":{\"@id\":\"https:\\\/\\\/www.entreculturas.org\\\/en\\\/#\\\/schema\\\/logo\\\/image\\\/\"},\"sameAs\":[\"https:\\\/\\\/www.facebook.com\\\/entreculturas\",\"https:\\\/\\\/x.com\\\/Entreculturas\",\"https:\\\/\\\/www.instagram.com\\\/entreculturas\\\/\",\"https:\\\/\\\/www.youtube.com\\\/user\\\/entreculturasvideo\",\"https:\\\/\\\/www.linkedin.com\\\/company\\\/fundacion-entreculturas-ngdo\\\/\",\"https:\\\/\\\/www.flickr.com\\\/photos\\\/98455522@N04\\\/albums\\\/\"]}]}<\/script>\n<!-- \/ Yoast SEO Premium plugin. -->","yoast_head_json":{"title":"Julia Navarro estrena la 7\u00aa temporada de 'Voces por una Causa'","description":"Julia Navarro habla con Ahmed Younoussi, actor de la obra de teatro 14.4, para acercarnos a la realidad de la infancia migrante no acompa\u00f1ada.","robots":{"index":"index","follow":"follow","max-snippet":"max-snippet:-1","max-image-preview":"max-image-preview:large","max-video-preview":"max-video-preview:-1"},"canonical":"https:\/\/www.entreculturas.org\/en\/podcast\/julia-navarro-podcast-ong-entreculturas-ahmed-younoussi\/","og_locale":"en_US","og_type":"article","og_title":"\"14.4 es un homenaje a esa red solidaria que ayuda a los ni\u00f1os migrantes no acompa\u00f1ados cuando llegan a Espa\u00f1a\u201d","og_description":"Julia Navarro habla con Ahmed Younoussi, actor de la obra de teatro 14.4, para acercarnos a la realidad de la infancia migrante no acompa\u00f1ada.","og_url":"https:\/\/www.entreculturas.org\/en\/podcast\/julia-navarro-podcast-ong-entreculturas-ahmed-younoussi\/","og_site_name":"Entreculturas","article_publisher":"https:\/\/www.facebook.com\/entreculturas","article_modified_time":"2025-05-08T15:43:35+00:00","og_image":[{"width":800,"height":533,"url":"https:\/\/www.entreculturas.org\/wp-content\/uploads\/2025\/05\/Ahmed-comprimido.jpg","type":"image\/jpeg"}],"twitter_card":"summary_large_image","twitter_site":"@Entreculturas","schema":{"@context":"https:\/\/schema.org","@graph":[{"@type":"WebPage","@id":"https:\/\/www.entreculturas.org\/en\/podcast\/julia-navarro-podcast-ong-entreculturas-ahmed-younoussi\/","url":"https:\/\/www.entreculturas.org\/en\/podcast\/julia-navarro-podcast-ong-entreculturas-ahmed-younoussi\/","name":"Julia Navarro estrena la 7\u00aa temporada de 'Voces por una Causa'","isPartOf":{"@id":"https:\/\/www.entreculturas.org\/en\/#website"},"primaryImageOfPage":{"@id":"https:\/\/www.entreculturas.org\/en\/podcast\/julia-navarro-podcast-ong-entreculturas-ahmed-younoussi\/#primaryimage"},"image":{"@id":"https:\/\/www.entreculturas.org\/en\/podcast\/julia-navarro-podcast-ong-entreculturas-ahmed-younoussi\/#primaryimage"},"thumbnailUrl":"https:\/\/www.entreculturas.org\/wp-content\/uploads\/2025\/05\/Ahmed-comprimido.jpg","datePublished":"2025-05-08T08:33:54+00:00","dateModified":"2025-05-08T15:43:35+00:00","description":"Julia Navarro habla con Ahmed Younoussi, actor de la obra de teatro 14.4, para acercarnos a la realidad de la infancia migrante no acompa\u00f1ada.","breadcrumb":{"@id":"https:\/\/www.entreculturas.org\/en\/podcast\/julia-navarro-podcast-ong-entreculturas-ahmed-younoussi\/#breadcrumb"},"inLanguage":"en-US","potentialAction":[{"@type":"ReadAction","target":["https:\/\/www.entreculturas.org\/en\/podcast\/julia-navarro-podcast-ong-entreculturas-ahmed-younoussi\/"]}]},{"@type":"ImageObject","inLanguage":"en-US","@id":"https:\/\/www.entreculturas.org\/en\/podcast\/julia-navarro-podcast-ong-entreculturas-ahmed-younoussi\/#primaryimage","url":"https:\/\/www.entreculturas.org\/wp-content\/uploads\/2025\/05\/Ahmed-comprimido.jpg","contentUrl":"https:\/\/www.entreculturas.org\/wp-content\/uploads\/2025\/05\/Ahmed-comprimido.jpg","width":800,"height":533,"caption":"Julia Navarro"},{"@type":"BreadcrumbList","@id":"https:\/\/www.entreculturas.org\/en\/podcast\/julia-navarro-podcast-ong-entreculturas-ahmed-younoussi\/#breadcrumb","itemListElement":[{"@type":"ListItem","position":1,"name":"Home","item":"https:\/\/www.entreculturas.org\/en\/"},{"@type":"ListItem","position":2,"name":"Podcast Julia Navarro","item":"https:\/\/www.entreculturas.org\/en\/podcasts\/"},{"@type":"ListItem","position":3,"name":"&#8220;14.4 es un homenaje a esa red solidaria que ayuda a los ni\u00f1os migrantes no acompa\u00f1ados cuando llegan a Espa\u00f1a\u201d"}]},{"@type":"WebSite","@id":"https:\/\/www.entreculturas.org\/en\/#website","url":"https:\/\/www.entreculturas.org\/en\/","name":"Entreculturas","description":"","publisher":{"@id":"https:\/\/www.entreculturas.org\/en\/#organization"},"alternateName":"Entreculturas","potentialAction":[{"@type":"SearchAction","target":{"@type":"EntryPoint","urlTemplate":"https:\/\/www.entreculturas.org\/en\/?s={search_term_string}"},"query-input":{"@type":"PropertyValueSpecification","valueRequired":true,"valueName":"search_term_string"}}],"inLanguage":"en-US"},{"@type":"Organization","@id":"https:\/\/www.entreculturas.org\/en\/#organization","name":"Entreculturas","url":"https:\/\/www.entreculturas.org\/en\/","logo":{"@type":"ImageObject","inLanguage":"en-US","@id":"https:\/\/www.entreculturas.org\/en\/#\/schema\/logo\/image\/","url":"https:\/\/www.entreculturas.org\/wp-content\/uploads\/2025\/10\/ESP.svg","contentUrl":"https:\/\/www.entreculturas.org\/wp-content\/uploads\/2025\/10\/ESP.svg","caption":"Entreculturas"},"image":{"@id":"https:\/\/www.entreculturas.org\/en\/#\/schema\/logo\/image\/"},"sameAs":["https:\/\/www.facebook.com\/entreculturas","https:\/\/x.com\/Entreculturas","https:\/\/www.instagram.com\/entreculturas\/","https:\/\/www.youtube.com\/user\/entreculturasvideo","https:\/\/www.linkedin.com\/company\/fundacion-entreculturas-ngdo\/","https:\/\/www.flickr.com\/photos\/98455522@N04\/albums\/"]}]}},"_links":{"self":[{"href":"https:\/\/www.entreculturas.org\/en\/wp-json\/wp\/v2\/podcast\/38950","targetHints":{"allow":["GET"]}}],"collection":[{"href":"https:\/\/www.entreculturas.org\/en\/wp-json\/wp\/v2\/podcast"}],"about":[{"href":"https:\/\/www.entreculturas.org\/en\/wp-json\/wp\/v2\/types\/podcast"}],"wp:featuredmedia":[{"embeddable":true,"href":"https:\/\/www.entreculturas.org\/en\/wp-json\/wp\/v2\/media\/38952"}],"wp:attachment":[{"href":"https:\/\/www.entreculturas.org\/en\/wp-json\/wp\/v2\/media?parent=38950"}],"wp:term":[{"taxonomy":"category","embeddable":true,"href":"https:\/\/www.entreculturas.org\/en\/wp-json\/wp\/v2\/categories?post=38950"},{"taxonomy":"post_tag","embeddable":true,"href":"https:\/\/www.entreculturas.org\/en\/wp-json\/wp\/v2\/tags?post=38950"}],"curies":[{"name":"wp","href":"https:\/\/api.w.org\/{rel}","templated":true}]}}