{"id":38089,"date":"2025-03-12T10:46:46","date_gmt":"2025-03-12T09:46:46","guid":{"rendered":"https:\/\/www.entreculturas.org\/?post_type=podcast&#038;p=38089"},"modified":"2025-03-12T11:25:36","modified_gmt":"2025-03-12T10:25:36","slug":"julia-navarro-podcast-ong-entreculturas-social-jesuitas","status":"publish","type":"podcast","link":"https:\/\/www.entreculturas.org\/en\/podcast\/julia-navarro-podcast-ong-entreculturas-social-jesuitas\/","title":{"rendered":"&#8220;El gran reto al que nos enfrentamos es que la sociedad siga conmovi\u00e9ndose ante las injusticias&#8221;"},"content":{"rendered":"\n<p>Esta semana, en el podcast de <a href=\"https:\/\/www.entreculturas.org\/podcast\/\">Voces por una Causa<\/a>, la escritora <strong>Julia Navarro conversa con Luis Arancibia, <\/strong>Delegado de Sector Social de la Compa\u00f1\u00eda de Jes\u00fas en Espa\u00f1a. Con \u00e9l, profundizamos en la cultura de solidaridad en Espa\u00f1a y nos acercamos a la labor del Sector Social de la Compa\u00f1\u00eda de Jes\u00fas en Espa\u00f1a y la coordinaci\u00f3n entre sus distintas organizaciones.&nbsp;<\/p>\n\n\n\n<h2 class=\"wp-block-heading\" id=\"h-de-que-nos-habla-luis-en-el-episodio\"><strong>\u00bfDe qu\u00e9 nos habla Luis en el episodio?<\/strong><\/h2>\n\n\n\n<p>En este episodio Luis nos habla de la evoluci\u00f3n del Sector Social de la Compa\u00f1\u00eda de Jes\u00fas en Espa\u00f1a y de la situaci\u00f3n actual en un momento donde, en palabra de Luis, \u201ca pesar de enfrentarnos a un mundo donde la polarizaci\u00f3n y el individualismo pueden debilitar la solidaridad, seguimos apostando por construir comunidades de acogida y apoyo&#8221;. Un trabajo conjunto que sigue apostando por la justicia social a trav\u00e9s de la cooperaci\u00f3n internacional y la intervenci\u00f3n social.&nbsp;<\/p>\n\n\n\n<p><\/p>\n\n\n\n<p>Adem\u00e1s, Luis reflexiona sobre las transformaciones que ha experimentado la solidaridad en Espa\u00f1a en las \u00faltimas d\u00e9cadas, se\u00f1alando que, \u201caunque existe un principio de solidaridad muy de fondo en la sociedad espa\u00f1ola, en los \u00faltimos a\u00f1os ha sufrido algo de desgaste\u201d. Una situaci\u00f3n que le preocupa junto a \u201cuna cierta p\u00e9rdida de horizonte, de esperanza, de\u00a0sensaci\u00f3n, de que es posible cambiar, que es posible seguir progresando\u201d, afirma Luis.<\/p>\n\n\n\n<h2 class=\"wp-block-heading\" id=\"h-que-es-voces-por-una-causa-con-julia-navarro\"><strong>\u00bfQu\u00e9 es \u2018Voces por una Causa\u2019 con Julia Navarro?<\/strong><\/h2>\n\n\n\n<p>Presentado por la escritora y periodista Julia Navarro, <a href=\"https:\/\/www.entreculturas.org\/podcast\/\"><strong>\u2018Voces por una causa\u2019<\/strong><\/a><strong> es el podcast semanal de la ONG Entreculturas<\/strong> que explora cuestiones sociales, medioambientales y culturales a trav\u00e9s de testimonios en primera persona. Los programas se emiten todos los jueves en nuestro canal de <a href=\"https:\/\/www.youtube.com\/c\/EntreculturasOrg915902672\">Youtube<\/a>, en <a href=\"https:\/\/open.spotify.com\/show\/6dS5JsqnsWrnHL1gwead1A\">Spotify<\/a>, en <a href=\"https:\/\/www.ivoox.com\/perfil-entreculturas_a8_listener_28185270_1.html\">Ivoox<\/a>, y en <a href=\"https:\/\/podcasts.apple.com\/us\/podcast\/entreculturas-voces-por-una-causa\/id1621485462\">Apple Podcast<\/a>.<\/p>\n\n\n\n<iframe style=\"border-radius:12px\" src=\"https:\/\/open.spotify.com\/embed\/episode\/24cVBHqXYV4zDDYhcaD6w7?utm_source=generator\" width=\"100%\" height=\"352\" frameBorder=\"0\" allowfullscreen=\"\" allow=\"autoplay; clipboard-write; encrypted-media; fullscreen; picture-in-picture\" loading=\"lazy\"><\/iframe>\n","protected":false},"excerpt":{"rendered":"<p>Esta semana, en el podcast de Voces por una Causa, la escritora Julia Navarro conversa con Luis Arancibia, Delegado de Sector Social de la Compa\u00f1\u00eda de Jes\u00fas en Espa\u00f1a. Con \u00e9l, profundizamos en la cultura de solidaridad en Espa\u00f1a y nos acercamos a la labor del Sector Social de la Compa\u00f1\u00eda de Jes\u00fas en Espa\u00f1a y la coordinaci\u00f3n entre sus distintas organizaciones.&nbsp; \u00bfDe qu\u00e9 nos habla Luis en el episodio? En este episodio Luis nos habla de la evoluci\u00f3n del Sector Social de la Compa\u00f1\u00eda de Jes\u00fas en Espa\u00f1a y de la situaci\u00f3n actual en un momento donde, en palabra de Luis, \u201ca pesar de enfrentarnos a un mundo donde la polarizaci\u00f3n y el individualismo pueden debilitar la solidaridad, seguimos apostando por construir comunidades de acogida y apoyo&#8221;. Un trabajo conjunto que sigue apostando por la justicia social a trav\u00e9s de la cooperaci\u00f3n internacional y la intervenci\u00f3n social.&nbsp; Adem\u00e1s, Luis [&hellip;]<\/p>\n","protected":false},"featured_media":38097,"template":"","meta":{"_acf_changed":false},"categories":[],"tags":[],"class_list":["post-38089","podcast","type-podcast","status-publish","has-post-thumbnail","hentry"],"acf":[],"yoast_head":"<!-- This site is optimized with the Yoast SEO Premium plugin v21.6 (Yoast SEO v27.5) - https:\/\/yoast.com\/product\/yoast-seo-premium-wordpress\/ -->\n<title>Julia Navarro habla sobre el Sector Social de los Jesuitas Espa\u00f1a<\/title>\n<meta name=\"description\" content=\"Julia Navarro habla con Luis Arancibia, Delegado de Sector Social de la Compa\u00f1\u00eda de Jes\u00fas en Espa\u00f1a, sobre la labor que llevas a cabo.\" \/>\n<meta name=\"robots\" content=\"index, follow, max-snippet:-1, max-image-preview:large, max-video-preview:-1\" \/>\n<link rel=\"canonical\" href=\"https:\/\/www.entreculturas.org\/en\/podcast\/julia-navarro-podcast-ong-entreculturas-social-jesuitas\/\" \/>\n<meta property=\"og:locale\" content=\"en_US\" \/>\n<meta property=\"og:type\" content=\"article\" \/>\n<meta property=\"og:title\" content=\"&quot;El gran reto al que nos enfrentamos es que la sociedad siga conmovi\u00e9ndose ante las injusticias&quot;\" \/>\n<meta property=\"og:description\" content=\"Julia Navarro habla con Luis Arancibia, Delegado de Sector Social de la Compa\u00f1\u00eda de Jes\u00fas en Espa\u00f1a, sobre la labor que llevas a cabo.\" \/>\n<meta property=\"og:url\" content=\"https:\/\/www.entreculturas.org\/en\/podcast\/julia-navarro-podcast-ong-entreculturas-social-jesuitas\/\" \/>\n<meta property=\"og:site_name\" content=\"Entreculturas\" \/>\n<meta property=\"article:publisher\" content=\"https:\/\/www.facebook.com\/entreculturas\" \/>\n<meta property=\"article:modified_time\" content=\"2025-03-12T10:25:36+00:00\" \/>\n<meta property=\"og:image\" content=\"https:\/\/www.entreculturas.org\/wp-content\/uploads\/2025\/03\/Luis-SOMOS-e1741773244623.jpg\" \/>\n\t<meta property=\"og:image:width\" content=\"800\" \/>\n\t<meta property=\"og:image:height\" content=\"445\" \/>\n\t<meta property=\"og:image:type\" content=\"image\/jpeg\" \/>\n<meta name=\"twitter:card\" content=\"summary_large_image\" \/>\n<meta name=\"twitter:site\" content=\"@Entreculturas\" \/>\n<script type=\"application\/ld+json\" class=\"yoast-schema-graph\">{\"@context\":\"https:\\\/\\\/schema.org\",\"@graph\":[{\"@type\":\"WebPage\",\"@id\":\"https:\\\/\\\/www.entreculturas.org\\\/en\\\/podcast\\\/julia-navarro-podcast-ong-entreculturas-social-jesuitas\\\/\",\"url\":\"https:\\\/\\\/www.entreculturas.org\\\/en\\\/podcast\\\/julia-navarro-podcast-ong-entreculturas-social-jesuitas\\\/\",\"name\":\"Julia Navarro habla sobre el Sector Social de los Jesuitas Espa\u00f1a\",\"isPartOf\":{\"@id\":\"https:\\\/\\\/www.entreculturas.org\\\/en\\\/#website\"},\"primaryImageOfPage\":{\"@id\":\"https:\\\/\\\/www.entreculturas.org\\\/en\\\/podcast\\\/julia-navarro-podcast-ong-entreculturas-social-jesuitas\\\/#primaryimage\"},\"image\":{\"@id\":\"https:\\\/\\\/www.entreculturas.org\\\/en\\\/podcast\\\/julia-navarro-podcast-ong-entreculturas-social-jesuitas\\\/#primaryimage\"},\"thumbnailUrl\":\"https:\\\/\\\/www.entreculturas.org\\\/wp-content\\\/uploads\\\/2025\\\/03\\\/Luis-SOMOS-e1741773244623.jpg\",\"datePublished\":\"2025-03-12T09:46:46+00:00\",\"dateModified\":\"2025-03-12T10:25:36+00:00\",\"description\":\"Julia Navarro habla con Luis Arancibia, Delegado de Sector Social de la Compa\u00f1\u00eda de Jes\u00fas en Espa\u00f1a, sobre la labor que llevas a cabo.\",\"breadcrumb\":{\"@id\":\"https:\\\/\\\/www.entreculturas.org\\\/en\\\/podcast\\\/julia-navarro-podcast-ong-entreculturas-social-jesuitas\\\/#breadcrumb\"},\"inLanguage\":\"en-US\",\"potentialAction\":[{\"@type\":\"ReadAction\",\"target\":[\"https:\\\/\\\/www.entreculturas.org\\\/en\\\/podcast\\\/julia-navarro-podcast-ong-entreculturas-social-jesuitas\\\/\"]}]},{\"@type\":\"ImageObject\",\"inLanguage\":\"en-US\",\"@id\":\"https:\\\/\\\/www.entreculturas.org\\\/en\\\/podcast\\\/julia-navarro-podcast-ong-entreculturas-social-jesuitas\\\/#primaryimage\",\"url\":\"https:\\\/\\\/www.entreculturas.org\\\/wp-content\\\/uploads\\\/2025\\\/03\\\/Luis-SOMOS-e1741773244623.jpg\",\"contentUrl\":\"https:\\\/\\\/www.entreculturas.org\\\/wp-content\\\/uploads\\\/2025\\\/03\\\/Luis-SOMOS-e1741773244623.jpg\",\"width\":800,\"height\":445},{\"@type\":\"BreadcrumbList\",\"@id\":\"https:\\\/\\\/www.entreculturas.org\\\/en\\\/podcast\\\/julia-navarro-podcast-ong-entreculturas-social-jesuitas\\\/#breadcrumb\",\"itemListElement\":[{\"@type\":\"ListItem\",\"position\":1,\"name\":\"Home\",\"item\":\"https:\\\/\\\/www.entreculturas.org\\\/en\\\/\"},{\"@type\":\"ListItem\",\"position\":2,\"name\":\"Podcast Julia Navarro\",\"item\":\"https:\\\/\\\/www.entreculturas.org\\\/en\\\/podcasts\\\/\"},{\"@type\":\"ListItem\",\"position\":3,\"name\":\"&#8220;El gran reto al que nos enfrentamos es que la sociedad siga conmovi\u00e9ndose ante las injusticias&#8221;\"}]},{\"@type\":\"WebSite\",\"@id\":\"https:\\\/\\\/www.entreculturas.org\\\/en\\\/#website\",\"url\":\"https:\\\/\\\/www.entreculturas.org\\\/en\\\/\",\"name\":\"Entreculturas\",\"description\":\"\",\"publisher\":{\"@id\":\"https:\\\/\\\/www.entreculturas.org\\\/en\\\/#organization\"},\"alternateName\":\"Entreculturas\",\"potentialAction\":[{\"@type\":\"SearchAction\",\"target\":{\"@type\":\"EntryPoint\",\"urlTemplate\":\"https:\\\/\\\/www.entreculturas.org\\\/en\\\/?s={search_term_string}\"},\"query-input\":{\"@type\":\"PropertyValueSpecification\",\"valueRequired\":true,\"valueName\":\"search_term_string\"}}],\"inLanguage\":\"en-US\"},{\"@type\":\"Organization\",\"@id\":\"https:\\\/\\\/www.entreculturas.org\\\/en\\\/#organization\",\"name\":\"Entreculturas\",\"url\":\"https:\\\/\\\/www.entreculturas.org\\\/en\\\/\",\"logo\":{\"@type\":\"ImageObject\",\"inLanguage\":\"en-US\",\"@id\":\"https:\\\/\\\/www.entreculturas.org\\\/en\\\/#\\\/schema\\\/logo\\\/image\\\/\",\"url\":\"https:\\\/\\\/www.entreculturas.org\\\/wp-content\\\/uploads\\\/2025\\\/10\\\/ESP.svg\",\"contentUrl\":\"https:\\\/\\\/www.entreculturas.org\\\/wp-content\\\/uploads\\\/2025\\\/10\\\/ESP.svg\",\"caption\":\"Entreculturas\"},\"image\":{\"@id\":\"https:\\\/\\\/www.entreculturas.org\\\/en\\\/#\\\/schema\\\/logo\\\/image\\\/\"},\"sameAs\":[\"https:\\\/\\\/www.facebook.com\\\/entreculturas\",\"https:\\\/\\\/x.com\\\/Entreculturas\",\"https:\\\/\\\/www.instagram.com\\\/entreculturas\\\/\",\"https:\\\/\\\/www.youtube.com\\\/user\\\/entreculturasvideo\",\"https:\\\/\\\/www.linkedin.com\\\/company\\\/fundacion-entreculturas-ngdo\\\/\",\"https:\\\/\\\/www.flickr.com\\\/photos\\\/98455522@N04\\\/albums\\\/\"]}]}<\/script>\n<!-- \/ Yoast SEO Premium plugin. -->","yoast_head_json":{"title":"Julia Navarro habla sobre el Sector Social de los Jesuitas Espa\u00f1a","description":"Julia Navarro habla con Luis Arancibia, Delegado de Sector Social de la Compa\u00f1\u00eda de Jes\u00fas en Espa\u00f1a, sobre la labor que llevas a cabo.","robots":{"index":"index","follow":"follow","max-snippet":"max-snippet:-1","max-image-preview":"max-image-preview:large","max-video-preview":"max-video-preview:-1"},"canonical":"https:\/\/www.entreculturas.org\/en\/podcast\/julia-navarro-podcast-ong-entreculturas-social-jesuitas\/","og_locale":"en_US","og_type":"article","og_title":"\"El gran reto al que nos enfrentamos es que la sociedad siga conmovi\u00e9ndose ante las injusticias\"","og_description":"Julia Navarro habla con Luis Arancibia, Delegado de Sector Social de la Compa\u00f1\u00eda de Jes\u00fas en Espa\u00f1a, sobre la labor que llevas a cabo.","og_url":"https:\/\/www.entreculturas.org\/en\/podcast\/julia-navarro-podcast-ong-entreculturas-social-jesuitas\/","og_site_name":"Entreculturas","article_publisher":"https:\/\/www.facebook.com\/entreculturas","article_modified_time":"2025-03-12T10:25:36+00:00","og_image":[{"width":800,"height":445,"url":"https:\/\/www.entreculturas.org\/wp-content\/uploads\/2025\/03\/Luis-SOMOS-e1741773244623.jpg","type":"image\/jpeg"}],"twitter_card":"summary_large_image","twitter_site":"@Entreculturas","schema":{"@context":"https:\/\/schema.org","@graph":[{"@type":"WebPage","@id":"https:\/\/www.entreculturas.org\/en\/podcast\/julia-navarro-podcast-ong-entreculturas-social-jesuitas\/","url":"https:\/\/www.entreculturas.org\/en\/podcast\/julia-navarro-podcast-ong-entreculturas-social-jesuitas\/","name":"Julia Navarro habla sobre el Sector Social de los Jesuitas Espa\u00f1a","isPartOf":{"@id":"https:\/\/www.entreculturas.org\/en\/#website"},"primaryImageOfPage":{"@id":"https:\/\/www.entreculturas.org\/en\/podcast\/julia-navarro-podcast-ong-entreculturas-social-jesuitas\/#primaryimage"},"image":{"@id":"https:\/\/www.entreculturas.org\/en\/podcast\/julia-navarro-podcast-ong-entreculturas-social-jesuitas\/#primaryimage"},"thumbnailUrl":"https:\/\/www.entreculturas.org\/wp-content\/uploads\/2025\/03\/Luis-SOMOS-e1741773244623.jpg","datePublished":"2025-03-12T09:46:46+00:00","dateModified":"2025-03-12T10:25:36+00:00","description":"Julia Navarro habla con Luis Arancibia, Delegado de Sector Social de la Compa\u00f1\u00eda de Jes\u00fas en Espa\u00f1a, sobre la labor que llevas a cabo.","breadcrumb":{"@id":"https:\/\/www.entreculturas.org\/en\/podcast\/julia-navarro-podcast-ong-entreculturas-social-jesuitas\/#breadcrumb"},"inLanguage":"en-US","potentialAction":[{"@type":"ReadAction","target":["https:\/\/www.entreculturas.org\/en\/podcast\/julia-navarro-podcast-ong-entreculturas-social-jesuitas\/"]}]},{"@type":"ImageObject","inLanguage":"en-US","@id":"https:\/\/www.entreculturas.org\/en\/podcast\/julia-navarro-podcast-ong-entreculturas-social-jesuitas\/#primaryimage","url":"https:\/\/www.entreculturas.org\/wp-content\/uploads\/2025\/03\/Luis-SOMOS-e1741773244623.jpg","contentUrl":"https:\/\/www.entreculturas.org\/wp-content\/uploads\/2025\/03\/Luis-SOMOS-e1741773244623.jpg","width":800,"height":445},{"@type":"BreadcrumbList","@id":"https:\/\/www.entreculturas.org\/en\/podcast\/julia-navarro-podcast-ong-entreculturas-social-jesuitas\/#breadcrumb","itemListElement":[{"@type":"ListItem","position":1,"name":"Home","item":"https:\/\/www.entreculturas.org\/en\/"},{"@type":"ListItem","position":2,"name":"Podcast Julia Navarro","item":"https:\/\/www.entreculturas.org\/en\/podcasts\/"},{"@type":"ListItem","position":3,"name":"&#8220;El gran reto al que nos enfrentamos es que la sociedad siga conmovi\u00e9ndose ante las injusticias&#8221;"}]},{"@type":"WebSite","@id":"https:\/\/www.entreculturas.org\/en\/#website","url":"https:\/\/www.entreculturas.org\/en\/","name":"Entreculturas","description":"","publisher":{"@id":"https:\/\/www.entreculturas.org\/en\/#organization"},"alternateName":"Entreculturas","potentialAction":[{"@type":"SearchAction","target":{"@type":"EntryPoint","urlTemplate":"https:\/\/www.entreculturas.org\/en\/?s={search_term_string}"},"query-input":{"@type":"PropertyValueSpecification","valueRequired":true,"valueName":"search_term_string"}}],"inLanguage":"en-US"},{"@type":"Organization","@id":"https:\/\/www.entreculturas.org\/en\/#organization","name":"Entreculturas","url":"https:\/\/www.entreculturas.org\/en\/","logo":{"@type":"ImageObject","inLanguage":"en-US","@id":"https:\/\/www.entreculturas.org\/en\/#\/schema\/logo\/image\/","url":"https:\/\/www.entreculturas.org\/wp-content\/uploads\/2025\/10\/ESP.svg","contentUrl":"https:\/\/www.entreculturas.org\/wp-content\/uploads\/2025\/10\/ESP.svg","caption":"Entreculturas"},"image":{"@id":"https:\/\/www.entreculturas.org\/en\/#\/schema\/logo\/image\/"},"sameAs":["https:\/\/www.facebook.com\/entreculturas","https:\/\/x.com\/Entreculturas","https:\/\/www.instagram.com\/entreculturas\/","https:\/\/www.youtube.com\/user\/entreculturasvideo","https:\/\/www.linkedin.com\/company\/fundacion-entreculturas-ngdo\/","https:\/\/www.flickr.com\/photos\/98455522@N04\/albums\/"]}]}},"_links":{"self":[{"href":"https:\/\/www.entreculturas.org\/en\/wp-json\/wp\/v2\/podcast\/38089","targetHints":{"allow":["GET"]}}],"collection":[{"href":"https:\/\/www.entreculturas.org\/en\/wp-json\/wp\/v2\/podcast"}],"about":[{"href":"https:\/\/www.entreculturas.org\/en\/wp-json\/wp\/v2\/types\/podcast"}],"wp:featuredmedia":[{"embeddable":true,"href":"https:\/\/www.entreculturas.org\/en\/wp-json\/wp\/v2\/media\/38097"}],"wp:attachment":[{"href":"https:\/\/www.entreculturas.org\/en\/wp-json\/wp\/v2\/media?parent=38089"}],"wp:term":[{"taxonomy":"category","embeddable":true,"href":"https:\/\/www.entreculturas.org\/en\/wp-json\/wp\/v2\/categories?post=38089"},{"taxonomy":"post_tag","embeddable":true,"href":"https:\/\/www.entreculturas.org\/en\/wp-json\/wp\/v2\/tags?post=38089"}],"curies":[{"name":"wp","href":"https:\/\/api.w.org\/{rel}","templated":true}]}}