{"id":38017,"date":"2025-03-06T16:55:36","date_gmt":"2025-03-06T15:55:36","guid":{"rendered":"https:\/\/www.entreculturas.org\/?post_type=podcast&#038;p=38017"},"modified":"2025-03-06T16:59:21","modified_gmt":"2025-03-06T15:59:21","slug":"julia-navarro-podcast-ong-entreculturas-congo-mujeres","status":"publish","type":"podcast","link":"https:\/\/www.entreculturas.org\/en\/podcast\/julia-navarro-podcast-ong-entreculturas-congo-mujeres\/","title":{"rendered":"&#8220;En RDC aprend\u00ed que en los infiernos hay muchos cielos, como la resiliencia de las mujeres congole\u00f1as&#8221;"},"content":{"rendered":"\n<p>Esta semana, en el podcast de <a href=\"https:\/\/www.entreculturas.org\/podcast\/\">Voces por una Causa<\/a>, la escritora <strong>Julia Navarro <\/strong>conversa con <strong>Mariana Morales, t\u00e9cnica de Cooperaci\u00f3n de la ONG Entreculturas<\/strong> y responsable de los proyectos en la <strong>Rep\u00fablica Democr\u00e1tica del Congo (RDC)<\/strong>. Con ella, nos acercamos a la realidad de las mujeres en este pa\u00eds, con ocasi\u00f3n del lanzamiento de la campa\u00f1a \u2018<a href=\"https:\/\/www.mujeresenmarcha.org\/\">Mujeres en marcha<\/a>\u2019, que desde Entreculturas y Alboan promovemos en el marco del D\u00eda Internacional de la Mujer, que se conmemora el 8 de marzo.&nbsp;<\/p>\n\n\n\n<h2 class=\"wp-block-heading\" id=\"h-de-que-nos-habla-mariana-en-el-episodio\"><strong>\u00bfDe qu\u00e9 nos habla Mariana en el episodio?<\/strong><\/h2>\n\n\n\n<p>Desde su experiencia viviendo dos a\u00f1os en RDC, Mariana profundiza en una de las crisis humanitarias m\u00e1s olvidadas del mundo, mostr\u00e1ndonos la realidad que viven las mujeres y ni\u00f1as en un entorno tan hostil y vol\u00e1til. <strong>&#8220;Aprend\u00ed que en los infiernos hay muchos cielos&#8221;<\/strong>, afirma Mariana, describiendo la resiliencia de las mujeres congole\u00f1as y su lucha diaria por salir adelante y reconstruir sus vidas.<\/p>\n\n\n\n<p>Mariana habla tambi\u00e9n sobre la importancia de la educaci\u00f3n como herramienta de cambio: &#8220;La educaci\u00f3n salva vidas. Mantener a los ni\u00f1os y ni\u00f1as en las aulas les protege de la violencia, del reclutamiento forzado y de la explotaci\u00f3n&#8221;. A trav\u00e9s de programas como &#8220;La LUZ de las NI\u00d1AS&#8221;, Entreculturas apoya a ni\u00f1as y j\u00f3venes para que puedan acceder a la educaci\u00f3n y construir un futuro mejor.<\/p>\n\n\n\n<p>Por \u00faltimo, Mariana y Julia profundizan en la nueva campa\u00f1a de Entreculturas y Alboan,&nbsp; &#8220;Mujeres en marcha&#8221;, que busca concienciar y movilizar a la sociedad en torno a la realidad de las mujeres que se ven obligadas a desplazarse, y en cuyo camino, lejos de encontrar seguridad, enfrentan nuevos peligros: explotaci\u00f3n, trata, abusos. &#8220;A trav\u00e9s de esta campa\u00f1a, las mujeres participantes evolucionan desde una posici\u00f3n de vulnerabilidad a ser agentes comunitarias de paz y due\u00f1as de su propia vida&#8221;, explica Mariana.<\/p>\n\n\n\n<h2 class=\"wp-block-heading\" id=\"h-que-es-voces-por-una-causa-con-julia-navarro\"><strong>\u00bfQu\u00e9 es \u2018Voces por una Causa\u2019 con Julia Navarro?<\/strong><\/h2>\n\n\n\n<p>Presentado por la escritora y periodista Julia Navarro, <a href=\"https:\/\/www.entreculturas.org\/podcast\/\"><strong>\u2018Voces por una causa\u2019<\/strong><\/a><strong> es el podcast semanal de la ONG Entreculturas<\/strong> que explora cuestiones sociales, medioambientales y culturales a trav\u00e9s de testimonios en primera persona. Los programas se emiten todos los jueves en nuestro canal de <a href=\"https:\/\/www.youtube.com\/c\/EntreculturasOrg915902672\">Youtube<\/a>, en <a href=\"https:\/\/open.spotify.com\/show\/6dS5JsqnsWrnHL1gwead1A\">Spotify<\/a>, en <a href=\"https:\/\/www.ivoox.com\/perfil-entreculturas_a8_listener_28185270_1.html\">Ivoox<\/a>, y en <a href=\"https:\/\/podcasts.apple.com\/us\/podcast\/entreculturas-voces-por-una-causa\/id1621485462\">Apple Podcast<\/a>.<\/p>\n\n\n\n<iframe style=\"border-radius:12px\" src=\"https:\/\/open.spotify.com\/embed\/episode\/7xjozUSNunXJNZu4p6b0Yi?utm_source=generator\" width=\"100%\" height=\"352\" frameBorder=\"0\" allowfullscreen=\"\" allow=\"autoplay; clipboard-write; encrypted-media; fullscreen; picture-in-picture\" loading=\"lazy\"><\/iframe>\n","protected":false},"excerpt":{"rendered":"<p>Esta semana, en el podcast de Voces por una Causa, la escritora Julia Navarro conversa con Mariana Morales, t\u00e9cnica de Cooperaci\u00f3n de la ONG Entreculturas y responsable de los proyectos en la Rep\u00fablica Democr\u00e1tica del Congo (RDC). Con ella, nos acercamos a la realidad de las mujeres en este pa\u00eds, con ocasi\u00f3n del lanzamiento de la campa\u00f1a \u2018Mujeres en marcha\u2019, que desde Entreculturas y Alboan promovemos en el marco del D\u00eda Internacional de la Mujer, que se conmemora el 8 de marzo.&nbsp; \u00bfDe qu\u00e9 nos habla Mariana en el episodio? Desde su experiencia viviendo dos a\u00f1os en RDC, Mariana profundiza en una de las crisis humanitarias m\u00e1s olvidadas del mundo, mostr\u00e1ndonos la realidad que viven las mujeres y ni\u00f1as en un entorno tan hostil y vol\u00e1til. &#8220;Aprend\u00ed que en los infiernos hay muchos cielos&#8221;, afirma Mariana, describiendo la resiliencia de las mujeres congole\u00f1as y su lucha diaria por salir adelante [&hellip;]<\/p>\n","protected":false},"featured_media":38019,"template":"","meta":{"_acf_changed":true},"categories":[],"tags":[],"class_list":["post-38017","podcast","type-podcast","status-publish","has-post-thumbnail","hentry"],"acf":[],"yoast_head":"<!-- This site is optimized with the Yoast SEO Premium plugin v21.6 (Yoast SEO v27.5) - https:\/\/yoast.com\/product\/yoast-seo-premium-wordpress\/ -->\n<title>Julia Navarro habla sobre la realidad de la mujer congole\u00f1a por 8M<\/title>\n<meta name=\"description\" content=\"Julia Navarro habla con Mariana Morales, responsable de RD Congo, sobre la realidad de las mujeres congole\u00f1as, con motivo del 8M.\" \/>\n<meta name=\"robots\" content=\"index, follow, max-snippet:-1, max-image-preview:large, max-video-preview:-1\" \/>\n<link rel=\"canonical\" href=\"https:\/\/www.entreculturas.org\/en\/podcast\/julia-navarro-podcast-ong-entreculturas-congo-mujeres\/\" \/>\n<meta property=\"og:locale\" content=\"en_US\" \/>\n<meta property=\"og:type\" content=\"article\" \/>\n<meta property=\"og:title\" content=\"&quot;En RDC aprend\u00ed que en los infiernos hay muchos cielos, como la resiliencia de las mujeres congole\u00f1as&quot;\" \/>\n<meta property=\"og:description\" content=\"Julia Navarro habla con Mariana Morales, responsable de RD Congo, sobre la realidad de las mujeres congole\u00f1as, con motivo del 8M.\" \/>\n<meta property=\"og:url\" content=\"https:\/\/www.entreculturas.org\/en\/podcast\/julia-navarro-podcast-ong-entreculturas-congo-mujeres\/\" \/>\n<meta property=\"og:site_name\" content=\"Entreculturas\" \/>\n<meta property=\"article:publisher\" content=\"https:\/\/www.facebook.com\/entreculturas\" \/>\n<meta property=\"article:modified_time\" content=\"2025-03-06T15:59:21+00:00\" \/>\n<meta property=\"og:image\" content=\"https:\/\/www.entreculturas.org\/wp-content\/uploads\/2025\/03\/Mariana-Somos-e1741276423873.jpg\" \/>\n\t<meta property=\"og:image:width\" content=\"800\" \/>\n\t<meta property=\"og:image:height\" content=\"415\" \/>\n\t<meta property=\"og:image:type\" content=\"image\/jpeg\" \/>\n<meta name=\"twitter:card\" content=\"summary_large_image\" \/>\n<meta name=\"twitter:site\" content=\"@Entreculturas\" \/>\n<script type=\"application\/ld+json\" class=\"yoast-schema-graph\">{\"@context\":\"https:\\\/\\\/schema.org\",\"@graph\":[{\"@type\":\"WebPage\",\"@id\":\"https:\\\/\\\/www.entreculturas.org\\\/en\\\/podcast\\\/julia-navarro-podcast-ong-entreculturas-congo-mujeres\\\/\",\"url\":\"https:\\\/\\\/www.entreculturas.org\\\/en\\\/podcast\\\/julia-navarro-podcast-ong-entreculturas-congo-mujeres\\\/\",\"name\":\"Julia Navarro habla sobre la realidad de la mujer congole\u00f1a por 8M\",\"isPartOf\":{\"@id\":\"https:\\\/\\\/www.entreculturas.org\\\/en\\\/#website\"},\"primaryImageOfPage\":{\"@id\":\"https:\\\/\\\/www.entreculturas.org\\\/en\\\/podcast\\\/julia-navarro-podcast-ong-entreculturas-congo-mujeres\\\/#primaryimage\"},\"image\":{\"@id\":\"https:\\\/\\\/www.entreculturas.org\\\/en\\\/podcast\\\/julia-navarro-podcast-ong-entreculturas-congo-mujeres\\\/#primaryimage\"},\"thumbnailUrl\":\"https:\\\/\\\/www.entreculturas.org\\\/wp-content\\\/uploads\\\/2025\\\/03\\\/Mariana-Somos-e1741276423873.jpg\",\"datePublished\":\"2025-03-06T15:55:36+00:00\",\"dateModified\":\"2025-03-06T15:59:21+00:00\",\"description\":\"Julia Navarro habla con Mariana Morales, responsable de RD Congo, sobre la realidad de las mujeres congole\u00f1as, con motivo del 8M.\",\"breadcrumb\":{\"@id\":\"https:\\\/\\\/www.entreculturas.org\\\/en\\\/podcast\\\/julia-navarro-podcast-ong-entreculturas-congo-mujeres\\\/#breadcrumb\"},\"inLanguage\":\"en-US\",\"potentialAction\":[{\"@type\":\"ReadAction\",\"target\":[\"https:\\\/\\\/www.entreculturas.org\\\/en\\\/podcast\\\/julia-navarro-podcast-ong-entreculturas-congo-mujeres\\\/\"]}]},{\"@type\":\"ImageObject\",\"inLanguage\":\"en-US\",\"@id\":\"https:\\\/\\\/www.entreculturas.org\\\/en\\\/podcast\\\/julia-navarro-podcast-ong-entreculturas-congo-mujeres\\\/#primaryimage\",\"url\":\"https:\\\/\\\/www.entreculturas.org\\\/wp-content\\\/uploads\\\/2025\\\/03\\\/Mariana-Somos-e1741276423873.jpg\",\"contentUrl\":\"https:\\\/\\\/www.entreculturas.org\\\/wp-content\\\/uploads\\\/2025\\\/03\\\/Mariana-Somos-e1741276423873.jpg\",\"width\":800,\"height\":415},{\"@type\":\"BreadcrumbList\",\"@id\":\"https:\\\/\\\/www.entreculturas.org\\\/en\\\/podcast\\\/julia-navarro-podcast-ong-entreculturas-congo-mujeres\\\/#breadcrumb\",\"itemListElement\":[{\"@type\":\"ListItem\",\"position\":1,\"name\":\"Home\",\"item\":\"https:\\\/\\\/www.entreculturas.org\\\/en\\\/\"},{\"@type\":\"ListItem\",\"position\":2,\"name\":\"Podcast Julia Navarro\",\"item\":\"https:\\\/\\\/www.entreculturas.org\\\/en\\\/podcasts\\\/\"},{\"@type\":\"ListItem\",\"position\":3,\"name\":\"&#8220;En RDC aprend\u00ed que en los infiernos hay muchos cielos, como la resiliencia de las mujeres congole\u00f1as&#8221;\"}]},{\"@type\":\"WebSite\",\"@id\":\"https:\\\/\\\/www.entreculturas.org\\\/en\\\/#website\",\"url\":\"https:\\\/\\\/www.entreculturas.org\\\/en\\\/\",\"name\":\"Entreculturas\",\"description\":\"\",\"publisher\":{\"@id\":\"https:\\\/\\\/www.entreculturas.org\\\/en\\\/#organization\"},\"alternateName\":\"Entreculturas\",\"potentialAction\":[{\"@type\":\"SearchAction\",\"target\":{\"@type\":\"EntryPoint\",\"urlTemplate\":\"https:\\\/\\\/www.entreculturas.org\\\/en\\\/?s={search_term_string}\"},\"query-input\":{\"@type\":\"PropertyValueSpecification\",\"valueRequired\":true,\"valueName\":\"search_term_string\"}}],\"inLanguage\":\"en-US\"},{\"@type\":\"Organization\",\"@id\":\"https:\\\/\\\/www.entreculturas.org\\\/en\\\/#organization\",\"name\":\"Entreculturas\",\"url\":\"https:\\\/\\\/www.entreculturas.org\\\/en\\\/\",\"logo\":{\"@type\":\"ImageObject\",\"inLanguage\":\"en-US\",\"@id\":\"https:\\\/\\\/www.entreculturas.org\\\/en\\\/#\\\/schema\\\/logo\\\/image\\\/\",\"url\":\"https:\\\/\\\/www.entreculturas.org\\\/wp-content\\\/uploads\\\/2025\\\/10\\\/ESP.svg\",\"contentUrl\":\"https:\\\/\\\/www.entreculturas.org\\\/wp-content\\\/uploads\\\/2025\\\/10\\\/ESP.svg\",\"caption\":\"Entreculturas\"},\"image\":{\"@id\":\"https:\\\/\\\/www.entreculturas.org\\\/en\\\/#\\\/schema\\\/logo\\\/image\\\/\"},\"sameAs\":[\"https:\\\/\\\/www.facebook.com\\\/entreculturas\",\"https:\\\/\\\/x.com\\\/Entreculturas\",\"https:\\\/\\\/www.instagram.com\\\/entreculturas\\\/\",\"https:\\\/\\\/www.youtube.com\\\/user\\\/entreculturasvideo\",\"https:\\\/\\\/www.linkedin.com\\\/company\\\/fundacion-entreculturas-ngdo\\\/\",\"https:\\\/\\\/www.flickr.com\\\/photos\\\/98455522@N04\\\/albums\\\/\"]}]}<\/script>\n<!-- \/ Yoast SEO Premium plugin. -->","yoast_head_json":{"title":"Julia Navarro habla sobre la realidad de la mujer congole\u00f1a por 8M","description":"Julia Navarro habla con Mariana Morales, responsable de RD Congo, sobre la realidad de las mujeres congole\u00f1as, con motivo del 8M.","robots":{"index":"index","follow":"follow","max-snippet":"max-snippet:-1","max-image-preview":"max-image-preview:large","max-video-preview":"max-video-preview:-1"},"canonical":"https:\/\/www.entreculturas.org\/en\/podcast\/julia-navarro-podcast-ong-entreculturas-congo-mujeres\/","og_locale":"en_US","og_type":"article","og_title":"\"En RDC aprend\u00ed que en los infiernos hay muchos cielos, como la resiliencia de las mujeres congole\u00f1as\"","og_description":"Julia Navarro habla con Mariana Morales, responsable de RD Congo, sobre la realidad de las mujeres congole\u00f1as, con motivo del 8M.","og_url":"https:\/\/www.entreculturas.org\/en\/podcast\/julia-navarro-podcast-ong-entreculturas-congo-mujeres\/","og_site_name":"Entreculturas","article_publisher":"https:\/\/www.facebook.com\/entreculturas","article_modified_time":"2025-03-06T15:59:21+00:00","og_image":[{"width":800,"height":415,"url":"https:\/\/www.entreculturas.org\/wp-content\/uploads\/2025\/03\/Mariana-Somos-e1741276423873.jpg","type":"image\/jpeg"}],"twitter_card":"summary_large_image","twitter_site":"@Entreculturas","schema":{"@context":"https:\/\/schema.org","@graph":[{"@type":"WebPage","@id":"https:\/\/www.entreculturas.org\/en\/podcast\/julia-navarro-podcast-ong-entreculturas-congo-mujeres\/","url":"https:\/\/www.entreculturas.org\/en\/podcast\/julia-navarro-podcast-ong-entreculturas-congo-mujeres\/","name":"Julia Navarro habla sobre la realidad de la mujer congole\u00f1a por 8M","isPartOf":{"@id":"https:\/\/www.entreculturas.org\/en\/#website"},"primaryImageOfPage":{"@id":"https:\/\/www.entreculturas.org\/en\/podcast\/julia-navarro-podcast-ong-entreculturas-congo-mujeres\/#primaryimage"},"image":{"@id":"https:\/\/www.entreculturas.org\/en\/podcast\/julia-navarro-podcast-ong-entreculturas-congo-mujeres\/#primaryimage"},"thumbnailUrl":"https:\/\/www.entreculturas.org\/wp-content\/uploads\/2025\/03\/Mariana-Somos-e1741276423873.jpg","datePublished":"2025-03-06T15:55:36+00:00","dateModified":"2025-03-06T15:59:21+00:00","description":"Julia Navarro habla con Mariana Morales, responsable de RD Congo, sobre la realidad de las mujeres congole\u00f1as, con motivo del 8M.","breadcrumb":{"@id":"https:\/\/www.entreculturas.org\/en\/podcast\/julia-navarro-podcast-ong-entreculturas-congo-mujeres\/#breadcrumb"},"inLanguage":"en-US","potentialAction":[{"@type":"ReadAction","target":["https:\/\/www.entreculturas.org\/en\/podcast\/julia-navarro-podcast-ong-entreculturas-congo-mujeres\/"]}]},{"@type":"ImageObject","inLanguage":"en-US","@id":"https:\/\/www.entreculturas.org\/en\/podcast\/julia-navarro-podcast-ong-entreculturas-congo-mujeres\/#primaryimage","url":"https:\/\/www.entreculturas.org\/wp-content\/uploads\/2025\/03\/Mariana-Somos-e1741276423873.jpg","contentUrl":"https:\/\/www.entreculturas.org\/wp-content\/uploads\/2025\/03\/Mariana-Somos-e1741276423873.jpg","width":800,"height":415},{"@type":"BreadcrumbList","@id":"https:\/\/www.entreculturas.org\/en\/podcast\/julia-navarro-podcast-ong-entreculturas-congo-mujeres\/#breadcrumb","itemListElement":[{"@type":"ListItem","position":1,"name":"Home","item":"https:\/\/www.entreculturas.org\/en\/"},{"@type":"ListItem","position":2,"name":"Podcast Julia Navarro","item":"https:\/\/www.entreculturas.org\/en\/podcasts\/"},{"@type":"ListItem","position":3,"name":"&#8220;En RDC aprend\u00ed que en los infiernos hay muchos cielos, como la resiliencia de las mujeres congole\u00f1as&#8221;"}]},{"@type":"WebSite","@id":"https:\/\/www.entreculturas.org\/en\/#website","url":"https:\/\/www.entreculturas.org\/en\/","name":"Entreculturas","description":"","publisher":{"@id":"https:\/\/www.entreculturas.org\/en\/#organization"},"alternateName":"Entreculturas","potentialAction":[{"@type":"SearchAction","target":{"@type":"EntryPoint","urlTemplate":"https:\/\/www.entreculturas.org\/en\/?s={search_term_string}"},"query-input":{"@type":"PropertyValueSpecification","valueRequired":true,"valueName":"search_term_string"}}],"inLanguage":"en-US"},{"@type":"Organization","@id":"https:\/\/www.entreculturas.org\/en\/#organization","name":"Entreculturas","url":"https:\/\/www.entreculturas.org\/en\/","logo":{"@type":"ImageObject","inLanguage":"en-US","@id":"https:\/\/www.entreculturas.org\/en\/#\/schema\/logo\/image\/","url":"https:\/\/www.entreculturas.org\/wp-content\/uploads\/2025\/10\/ESP.svg","contentUrl":"https:\/\/www.entreculturas.org\/wp-content\/uploads\/2025\/10\/ESP.svg","caption":"Entreculturas"},"image":{"@id":"https:\/\/www.entreculturas.org\/en\/#\/schema\/logo\/image\/"},"sameAs":["https:\/\/www.facebook.com\/entreculturas","https:\/\/x.com\/Entreculturas","https:\/\/www.instagram.com\/entreculturas\/","https:\/\/www.youtube.com\/user\/entreculturasvideo","https:\/\/www.linkedin.com\/company\/fundacion-entreculturas-ngdo\/","https:\/\/www.flickr.com\/photos\/98455522@N04\/albums\/"]}]}},"_links":{"self":[{"href":"https:\/\/www.entreculturas.org\/en\/wp-json\/wp\/v2\/podcast\/38017","targetHints":{"allow":["GET"]}}],"collection":[{"href":"https:\/\/www.entreculturas.org\/en\/wp-json\/wp\/v2\/podcast"}],"about":[{"href":"https:\/\/www.entreculturas.org\/en\/wp-json\/wp\/v2\/types\/podcast"}],"wp:featuredmedia":[{"embeddable":true,"href":"https:\/\/www.entreculturas.org\/en\/wp-json\/wp\/v2\/media\/38019"}],"wp:attachment":[{"href":"https:\/\/www.entreculturas.org\/en\/wp-json\/wp\/v2\/media?parent=38017"}],"wp:term":[{"taxonomy":"category","embeddable":true,"href":"https:\/\/www.entreculturas.org\/en\/wp-json\/wp\/v2\/categories?post=38017"},{"taxonomy":"post_tag","embeddable":true,"href":"https:\/\/www.entreculturas.org\/en\/wp-json\/wp\/v2\/tags?post=38017"}],"curies":[{"name":"wp","href":"https:\/\/api.w.org\/{rel}","templated":true}]}}