{"id":25043,"date":"2024-05-30T13:53:24","date_gmt":"2024-05-30T11:53:24","guid":{"rendered":"https:\/\/www.entreculturas.org\/?post_type=podcast&#038;p=25043"},"modified":"2024-05-30T13:55:10","modified_gmt":"2024-05-30T11:55:10","slug":"la-defensa-de-la-dignidad-del-ser-humano-y-del-bien-comun-tiene-que-tiene-que-nacer-de-cada-uno","status":"publish","type":"podcast","link":"https:\/\/www.entreculturas.org\/en\/podcast\/la-defensa-de-la-dignidad-del-ser-humano-y-del-bien-comun-tiene-que-tiene-que-nacer-de-cada-uno\/","title":{"rendered":"&#8220;La defensa de la dignidad del ser humano y del bien com\u00fan tiene que tiene que nacer de cada uno&#8221;"},"content":{"rendered":"\n<p>Esta semana en Voces por una Causa, la escritora <strong>Julia Navarro conversa con \u00c1lvaro Lobo Arranz, jesuita, enfermero, antrop\u00f3logo y te\u00f3logo<\/strong>, que compagina su tarea como escritor con su trabajo como Delegado de la Subcomisi\u00f3n de Pastoral Juvenil y Colegial de la Compa\u00f1\u00eda de Jes\u00fas en Espa\u00f1a. Adem\u00e1s, \u00c1lvaro ha publicado numerosos art\u00edculos y es muy activo en redes sociales, donde realiza publicaciones sobre la actualidad con perspectiva cat\u00f3lica.\u00a0<\/p>\n\n\n\n<p>En este cap\u00edtulo \u00c1lvaro nos habla de la importancia de los derechos humanos y de <strong>la justicia social como algo que \u201ctiene que trascender las ideolog\u00edas\u201d<\/strong>, se\u00f1alando como \u201cla defensa de la dignidad del ser humano y del bien com\u00fan tiene que nacer de cada uno\u201d. Asimismo, \u00c1lvaro se detiene en el concepto de la desigualdad social, lament\u00e1ndose por ser un fen\u00f3meno \u201cdel que cada vez se habla menos, pero que cada vez est\u00e1 m\u00e1s acentuada\u201d a pesar de ser \u201cinjusta en s\u00ed misma y causa de futuro problemas\u201d.&nbsp;<\/p>\n\n\n\n<p>\u00c1lvaro tambi\u00e9n profundiza en el nuevo papel que tienen las redes sociales en el d\u00eda a d\u00eda, afirmando que <strong>\u201ccambian nuestra forma de relacionarnos con la realidad y afectan al modo en el que tratamos al pr\u00f3jimo<\/strong>, por lo que necesitamos una reflexi\u00f3n\u201d. Adem\u00e1s, \u00c1lvaro se\u00f1ala que a pesar de tener acceso a mucha informaci\u00f3n \u201cal no estar mediatizada por nuestro propio inter\u00e9s hace que, aunque podamos ver m\u00e1s, podamos estar a veces m\u00e1s ciegos\u201d. Por \u00faltimo, afirma que \u201cno se trata solo de acercarse a la realidad a trav\u00e9s de las redes sociales, sino de c\u00f3mo nos acercamos a ella\u201d.&nbsp;<\/p>\n\n\n\n<p>\u2018<strong>Voces por una Causa\u2019 es el podcast semanal de Entreculturas<\/strong>. Los programas se emiten todos los jueves en nuestro canal de <a href=\"https:\/\/www.youtube.com\/c\/EntreculturasOrg915902672\">Youtube<\/a>, en <a href=\"https:\/\/open.spotify.com\/show\/6dS5JsqnsWrnHL1gwead1A\">Spotify<\/a>, en <a href=\"https:\/\/www.ivoox.com\/perfil-entreculturas_a8_listener_28185270_1.html\">Ivoox<\/a>, y en <a href=\"https:\/\/podcasts.apple.com\/us\/podcast\/entreculturas-voces-por-una-causa\/id1621485462\">Apple Podcast<\/a>.<\/p>\n","protected":false},"excerpt":{"rendered":"<p>Esta semana en Voces por una Causa, la escritora Julia Navarro conversa con \u00c1lvaro Lobo Arranz, jesuita, enfermero, antrop\u00f3logo y te\u00f3logo, que compagina su tarea como escritor con su trabajo como Delegado de la Subcomisi\u00f3n de Pastoral Juvenil y Colegial de la Compa\u00f1\u00eda de Jes\u00fas en Espa\u00f1a. Adem\u00e1s, \u00c1lvaro ha publicado numerosos art\u00edculos y es muy activo en redes sociales, donde realiza publicaciones sobre la actualidad con perspectiva cat\u00f3lica.\u00a0 En este cap\u00edtulo \u00c1lvaro nos habla de la importancia de los derechos humanos y de la justicia social como algo que \u201ctiene que trascender las ideolog\u00edas\u201d, se\u00f1alando como \u201cla defensa de la dignidad del ser humano y del bien com\u00fan tiene que nacer de cada uno\u201d. Asimismo, \u00c1lvaro se detiene en el concepto de la desigualdad social, lament\u00e1ndose por ser un fen\u00f3meno \u201cdel que cada vez se habla menos, pero que cada vez est\u00e1 m\u00e1s acentuada\u201d a pesar de ser \u201cinjusta [&hellip;]<\/p>\n","protected":false},"featured_media":25049,"template":"","meta":{"_acf_changed":true},"categories":[],"tags":[],"class_list":["post-25043","podcast","type-podcast","status-publish","has-post-thumbnail","hentry"],"acf":[],"yoast_head":"<!-- This site is optimized with the Yoast SEO Premium plugin v21.6 (Yoast SEO v27.5) - https:\/\/yoast.com\/product\/yoast-seo-premium-wordpress\/ -->\n<title>&quot;La defensa de la dignidad del ser humano y del bien com\u00fan tiene que tiene que nacer de cada uno&quot; - Entreculturas<\/title>\n<meta name=\"description\" content=\"Esta semana en Voces por una Causa, la escritora Julia Navarro conversa con \u00c1lvaro Lobo Arranz, jesuita, enfermero, antrop\u00f3logo y te\u00f3logo, que compagina su tarea como escritor con su trabajo como Delegado de la Subcomisi\u00f3n de Pastoral Juvenil y Colegial de la Compa\u00f1\u00eda de Jes\u00fas en Espa\u00f1a.\" \/>\n<meta name=\"robots\" content=\"index, follow, max-snippet:-1, max-image-preview:large, max-video-preview:-1\" \/>\n<link rel=\"canonical\" href=\"https:\/\/www.entreculturas.org\/en\/podcast\/la-defensa-de-la-dignidad-del-ser-humano-y-del-bien-comun-tiene-que-tiene-que-nacer-de-cada-uno\/\" \/>\n<meta property=\"og:locale\" content=\"en_US\" \/>\n<meta property=\"og:type\" content=\"article\" \/>\n<meta property=\"og:title\" content=\"&quot;La defensa de la dignidad del ser humano y del bien com\u00fan tiene que tiene que nacer de cada uno&quot;\" \/>\n<meta property=\"og:description\" content=\"Esta semana en Voces por una Causa, la escritora Julia Navarro conversa con \u00c1lvaro Lobo Arranz, jesuita, enfermero, antrop\u00f3logo y te\u00f3logo, que compagina su tarea como escritor con su trabajo como Delegado de la Subcomisi\u00f3n de Pastoral Juvenil y Colegial de la Compa\u00f1\u00eda de Jes\u00fas en Espa\u00f1a.\" \/>\n<meta property=\"og:url\" content=\"https:\/\/www.entreculturas.org\/en\/podcast\/la-defensa-de-la-dignidad-del-ser-humano-y-del-bien-comun-tiene-que-tiene-que-nacer-de-cada-uno\/\" \/>\n<meta property=\"og:site_name\" content=\"Entreculturas\" \/>\n<meta property=\"article:publisher\" content=\"https:\/\/www.facebook.com\/entreculturas\" \/>\n<meta property=\"article:modified_time\" content=\"2024-05-30T11:55:10+00:00\" \/>\n<meta property=\"og:image\" content=\"https:\/\/www.entreculturas.org\/wp-content\/uploads\/2024\/05\/Lobo-Editado-Somos-1.jpg\" \/>\n\t<meta property=\"og:image:width\" content=\"800\" \/>\n\t<meta property=\"og:image:height\" content=\"432\" \/>\n\t<meta property=\"og:image:type\" content=\"image\/jpeg\" \/>\n<meta name=\"twitter:card\" content=\"summary_large_image\" \/>\n<meta name=\"twitter:site\" content=\"@Entreculturas\" \/>\n<script type=\"application\/ld+json\" class=\"yoast-schema-graph\">{\"@context\":\"https:\\\/\\\/schema.org\",\"@graph\":[{\"@type\":\"WebPage\",\"@id\":\"https:\\\/\\\/www.entreculturas.org\\\/en\\\/podcast\\\/la-defensa-de-la-dignidad-del-ser-humano-y-del-bien-comun-tiene-que-tiene-que-nacer-de-cada-uno\\\/\",\"url\":\"https:\\\/\\\/www.entreculturas.org\\\/en\\\/podcast\\\/la-defensa-de-la-dignidad-del-ser-humano-y-del-bien-comun-tiene-que-tiene-que-nacer-de-cada-uno\\\/\",\"name\":\"\\\"La defensa de la dignidad del ser humano y del bien com\u00fan tiene que tiene que nacer de cada uno\\\" - Entreculturas\",\"isPartOf\":{\"@id\":\"https:\\\/\\\/www.entreculturas.org\\\/en\\\/#website\"},\"primaryImageOfPage\":{\"@id\":\"https:\\\/\\\/www.entreculturas.org\\\/en\\\/podcast\\\/la-defensa-de-la-dignidad-del-ser-humano-y-del-bien-comun-tiene-que-tiene-que-nacer-de-cada-uno\\\/#primaryimage\"},\"image\":{\"@id\":\"https:\\\/\\\/www.entreculturas.org\\\/en\\\/podcast\\\/la-defensa-de-la-dignidad-del-ser-humano-y-del-bien-comun-tiene-que-tiene-que-nacer-de-cada-uno\\\/#primaryimage\"},\"thumbnailUrl\":\"https:\\\/\\\/www.entreculturas.org\\\/wp-content\\\/uploads\\\/2024\\\/05\\\/Lobo-Editado-Somos-1.jpg\",\"datePublished\":\"2024-05-30T11:53:24+00:00\",\"dateModified\":\"2024-05-30T11:55:10+00:00\",\"description\":\"Esta semana en Voces por una Causa, la escritora Julia Navarro conversa con \u00c1lvaro Lobo Arranz, jesuita, enfermero, antrop\u00f3logo y te\u00f3logo, que compagina su tarea como escritor con su trabajo como Delegado de la Subcomisi\u00f3n de Pastoral Juvenil y Colegial de la Compa\u00f1\u00eda de Jes\u00fas en Espa\u00f1a.\",\"breadcrumb\":{\"@id\":\"https:\\\/\\\/www.entreculturas.org\\\/en\\\/podcast\\\/la-defensa-de-la-dignidad-del-ser-humano-y-del-bien-comun-tiene-que-tiene-que-nacer-de-cada-uno\\\/#breadcrumb\"},\"inLanguage\":\"en-US\",\"potentialAction\":[{\"@type\":\"ReadAction\",\"target\":[\"https:\\\/\\\/www.entreculturas.org\\\/en\\\/podcast\\\/la-defensa-de-la-dignidad-del-ser-humano-y-del-bien-comun-tiene-que-tiene-que-nacer-de-cada-uno\\\/\"]}]},{\"@type\":\"ImageObject\",\"inLanguage\":\"en-US\",\"@id\":\"https:\\\/\\\/www.entreculturas.org\\\/en\\\/podcast\\\/la-defensa-de-la-dignidad-del-ser-humano-y-del-bien-comun-tiene-que-tiene-que-nacer-de-cada-uno\\\/#primaryimage\",\"url\":\"https:\\\/\\\/www.entreculturas.org\\\/wp-content\\\/uploads\\\/2024\\\/05\\\/Lobo-Editado-Somos-1.jpg\",\"contentUrl\":\"https:\\\/\\\/www.entreculturas.org\\\/wp-content\\\/uploads\\\/2024\\\/05\\\/Lobo-Editado-Somos-1.jpg\",\"width\":800,\"height\":432},{\"@type\":\"BreadcrumbList\",\"@id\":\"https:\\\/\\\/www.entreculturas.org\\\/en\\\/podcast\\\/la-defensa-de-la-dignidad-del-ser-humano-y-del-bien-comun-tiene-que-tiene-que-nacer-de-cada-uno\\\/#breadcrumb\",\"itemListElement\":[{\"@type\":\"ListItem\",\"position\":1,\"name\":\"Home\",\"item\":\"https:\\\/\\\/www.entreculturas.org\\\/en\\\/\"},{\"@type\":\"ListItem\",\"position\":2,\"name\":\"Podcast Julia Navarro\",\"item\":\"https:\\\/\\\/www.entreculturas.org\\\/en\\\/podcasts\\\/\"},{\"@type\":\"ListItem\",\"position\":3,\"name\":\"&#8220;La defensa de la dignidad del ser humano y del bien com\u00fan tiene que tiene que nacer de cada uno&#8221;\"}]},{\"@type\":\"WebSite\",\"@id\":\"https:\\\/\\\/www.entreculturas.org\\\/en\\\/#website\",\"url\":\"https:\\\/\\\/www.entreculturas.org\\\/en\\\/\",\"name\":\"Entreculturas\",\"description\":\"\",\"publisher\":{\"@id\":\"https:\\\/\\\/www.entreculturas.org\\\/en\\\/#organization\"},\"alternateName\":\"Entreculturas\",\"potentialAction\":[{\"@type\":\"SearchAction\",\"target\":{\"@type\":\"EntryPoint\",\"urlTemplate\":\"https:\\\/\\\/www.entreculturas.org\\\/en\\\/?s={search_term_string}\"},\"query-input\":{\"@type\":\"PropertyValueSpecification\",\"valueRequired\":true,\"valueName\":\"search_term_string\"}}],\"inLanguage\":\"en-US\"},{\"@type\":\"Organization\",\"@id\":\"https:\\\/\\\/www.entreculturas.org\\\/en\\\/#organization\",\"name\":\"Entreculturas\",\"url\":\"https:\\\/\\\/www.entreculturas.org\\\/en\\\/\",\"logo\":{\"@type\":\"ImageObject\",\"inLanguage\":\"en-US\",\"@id\":\"https:\\\/\\\/www.entreculturas.org\\\/en\\\/#\\\/schema\\\/logo\\\/image\\\/\",\"url\":\"https:\\\/\\\/www.entreculturas.org\\\/wp-content\\\/uploads\\\/2025\\\/10\\\/ESP.svg\",\"contentUrl\":\"https:\\\/\\\/www.entreculturas.org\\\/wp-content\\\/uploads\\\/2025\\\/10\\\/ESP.svg\",\"caption\":\"Entreculturas\"},\"image\":{\"@id\":\"https:\\\/\\\/www.entreculturas.org\\\/en\\\/#\\\/schema\\\/logo\\\/image\\\/\"},\"sameAs\":[\"https:\\\/\\\/www.facebook.com\\\/entreculturas\",\"https:\\\/\\\/x.com\\\/Entreculturas\",\"https:\\\/\\\/www.instagram.com\\\/entreculturas\\\/\",\"https:\\\/\\\/www.youtube.com\\\/user\\\/entreculturasvideo\",\"https:\\\/\\\/www.linkedin.com\\\/company\\\/fundacion-entreculturas-ngdo\\\/\",\"https:\\\/\\\/www.flickr.com\\\/photos\\\/98455522@N04\\\/albums\\\/\"]}]}<\/script>\n<!-- \/ Yoast SEO Premium plugin. -->","yoast_head_json":{"title":"\"La defensa de la dignidad del ser humano y del bien com\u00fan tiene que tiene que nacer de cada uno\" - Entreculturas","description":"Esta semana en Voces por una Causa, la escritora Julia Navarro conversa con \u00c1lvaro Lobo Arranz, jesuita, enfermero, antrop\u00f3logo y te\u00f3logo, que compagina su tarea como escritor con su trabajo como Delegado de la Subcomisi\u00f3n de Pastoral Juvenil y Colegial de la Compa\u00f1\u00eda de Jes\u00fas en Espa\u00f1a.","robots":{"index":"index","follow":"follow","max-snippet":"max-snippet:-1","max-image-preview":"max-image-preview:large","max-video-preview":"max-video-preview:-1"},"canonical":"https:\/\/www.entreculturas.org\/en\/podcast\/la-defensa-de-la-dignidad-del-ser-humano-y-del-bien-comun-tiene-que-tiene-que-nacer-de-cada-uno\/","og_locale":"en_US","og_type":"article","og_title":"\"La defensa de la dignidad del ser humano y del bien com\u00fan tiene que tiene que nacer de cada uno\"","og_description":"Esta semana en Voces por una Causa, la escritora Julia Navarro conversa con \u00c1lvaro Lobo Arranz, jesuita, enfermero, antrop\u00f3logo y te\u00f3logo, que compagina su tarea como escritor con su trabajo como Delegado de la Subcomisi\u00f3n de Pastoral Juvenil y Colegial de la Compa\u00f1\u00eda de Jes\u00fas en Espa\u00f1a.","og_url":"https:\/\/www.entreculturas.org\/en\/podcast\/la-defensa-de-la-dignidad-del-ser-humano-y-del-bien-comun-tiene-que-tiene-que-nacer-de-cada-uno\/","og_site_name":"Entreculturas","article_publisher":"https:\/\/www.facebook.com\/entreculturas","article_modified_time":"2024-05-30T11:55:10+00:00","og_image":[{"width":800,"height":432,"url":"https:\/\/www.entreculturas.org\/wp-content\/uploads\/2024\/05\/Lobo-Editado-Somos-1.jpg","type":"image\/jpeg"}],"twitter_card":"summary_large_image","twitter_site":"@Entreculturas","schema":{"@context":"https:\/\/schema.org","@graph":[{"@type":"WebPage","@id":"https:\/\/www.entreculturas.org\/en\/podcast\/la-defensa-de-la-dignidad-del-ser-humano-y-del-bien-comun-tiene-que-tiene-que-nacer-de-cada-uno\/","url":"https:\/\/www.entreculturas.org\/en\/podcast\/la-defensa-de-la-dignidad-del-ser-humano-y-del-bien-comun-tiene-que-tiene-que-nacer-de-cada-uno\/","name":"\"La defensa de la dignidad del ser humano y del bien com\u00fan tiene que tiene que nacer de cada uno\" - Entreculturas","isPartOf":{"@id":"https:\/\/www.entreculturas.org\/en\/#website"},"primaryImageOfPage":{"@id":"https:\/\/www.entreculturas.org\/en\/podcast\/la-defensa-de-la-dignidad-del-ser-humano-y-del-bien-comun-tiene-que-tiene-que-nacer-de-cada-uno\/#primaryimage"},"image":{"@id":"https:\/\/www.entreculturas.org\/en\/podcast\/la-defensa-de-la-dignidad-del-ser-humano-y-del-bien-comun-tiene-que-tiene-que-nacer-de-cada-uno\/#primaryimage"},"thumbnailUrl":"https:\/\/www.entreculturas.org\/wp-content\/uploads\/2024\/05\/Lobo-Editado-Somos-1.jpg","datePublished":"2024-05-30T11:53:24+00:00","dateModified":"2024-05-30T11:55:10+00:00","description":"Esta semana en Voces por una Causa, la escritora Julia Navarro conversa con \u00c1lvaro Lobo Arranz, jesuita, enfermero, antrop\u00f3logo y te\u00f3logo, que compagina su tarea como escritor con su trabajo como Delegado de la Subcomisi\u00f3n de Pastoral Juvenil y Colegial de la Compa\u00f1\u00eda de Jes\u00fas en Espa\u00f1a.","breadcrumb":{"@id":"https:\/\/www.entreculturas.org\/en\/podcast\/la-defensa-de-la-dignidad-del-ser-humano-y-del-bien-comun-tiene-que-tiene-que-nacer-de-cada-uno\/#breadcrumb"},"inLanguage":"en-US","potentialAction":[{"@type":"ReadAction","target":["https:\/\/www.entreculturas.org\/en\/podcast\/la-defensa-de-la-dignidad-del-ser-humano-y-del-bien-comun-tiene-que-tiene-que-nacer-de-cada-uno\/"]}]},{"@type":"ImageObject","inLanguage":"en-US","@id":"https:\/\/www.entreculturas.org\/en\/podcast\/la-defensa-de-la-dignidad-del-ser-humano-y-del-bien-comun-tiene-que-tiene-que-nacer-de-cada-uno\/#primaryimage","url":"https:\/\/www.entreculturas.org\/wp-content\/uploads\/2024\/05\/Lobo-Editado-Somos-1.jpg","contentUrl":"https:\/\/www.entreculturas.org\/wp-content\/uploads\/2024\/05\/Lobo-Editado-Somos-1.jpg","width":800,"height":432},{"@type":"BreadcrumbList","@id":"https:\/\/www.entreculturas.org\/en\/podcast\/la-defensa-de-la-dignidad-del-ser-humano-y-del-bien-comun-tiene-que-tiene-que-nacer-de-cada-uno\/#breadcrumb","itemListElement":[{"@type":"ListItem","position":1,"name":"Home","item":"https:\/\/www.entreculturas.org\/en\/"},{"@type":"ListItem","position":2,"name":"Podcast Julia Navarro","item":"https:\/\/www.entreculturas.org\/en\/podcasts\/"},{"@type":"ListItem","position":3,"name":"&#8220;La defensa de la dignidad del ser humano y del bien com\u00fan tiene que tiene que nacer de cada uno&#8221;"}]},{"@type":"WebSite","@id":"https:\/\/www.entreculturas.org\/en\/#website","url":"https:\/\/www.entreculturas.org\/en\/","name":"Entreculturas","description":"","publisher":{"@id":"https:\/\/www.entreculturas.org\/en\/#organization"},"alternateName":"Entreculturas","potentialAction":[{"@type":"SearchAction","target":{"@type":"EntryPoint","urlTemplate":"https:\/\/www.entreculturas.org\/en\/?s={search_term_string}"},"query-input":{"@type":"PropertyValueSpecification","valueRequired":true,"valueName":"search_term_string"}}],"inLanguage":"en-US"},{"@type":"Organization","@id":"https:\/\/www.entreculturas.org\/en\/#organization","name":"Entreculturas","url":"https:\/\/www.entreculturas.org\/en\/","logo":{"@type":"ImageObject","inLanguage":"en-US","@id":"https:\/\/www.entreculturas.org\/en\/#\/schema\/logo\/image\/","url":"https:\/\/www.entreculturas.org\/wp-content\/uploads\/2025\/10\/ESP.svg","contentUrl":"https:\/\/www.entreculturas.org\/wp-content\/uploads\/2025\/10\/ESP.svg","caption":"Entreculturas"},"image":{"@id":"https:\/\/www.entreculturas.org\/en\/#\/schema\/logo\/image\/"},"sameAs":["https:\/\/www.facebook.com\/entreculturas","https:\/\/x.com\/Entreculturas","https:\/\/www.instagram.com\/entreculturas\/","https:\/\/www.youtube.com\/user\/entreculturasvideo","https:\/\/www.linkedin.com\/company\/fundacion-entreculturas-ngdo\/","https:\/\/www.flickr.com\/photos\/98455522@N04\/albums\/"]}]}},"_links":{"self":[{"href":"https:\/\/www.entreculturas.org\/en\/wp-json\/wp\/v2\/podcast\/25043","targetHints":{"allow":["GET"]}}],"collection":[{"href":"https:\/\/www.entreculturas.org\/en\/wp-json\/wp\/v2\/podcast"}],"about":[{"href":"https:\/\/www.entreculturas.org\/en\/wp-json\/wp\/v2\/types\/podcast"}],"wp:featuredmedia":[{"embeddable":true,"href":"https:\/\/www.entreculturas.org\/en\/wp-json\/wp\/v2\/media\/25049"}],"wp:attachment":[{"href":"https:\/\/www.entreculturas.org\/en\/wp-json\/wp\/v2\/media?parent=25043"}],"wp:term":[{"taxonomy":"category","embeddable":true,"href":"https:\/\/www.entreculturas.org\/en\/wp-json\/wp\/v2\/categories?post=25043"},{"taxonomy":"post_tag","embeddable":true,"href":"https:\/\/www.entreculturas.org\/en\/wp-json\/wp\/v2\/tags?post=25043"}],"curies":[{"name":"wp","href":"https:\/\/api.w.org\/{rel}","templated":true}]}}