{"id":24595,"date":"2024-05-23T10:17:42","date_gmt":"2024-05-23T08:17:42","guid":{"rendered":"https:\/\/www.entreculturas.org\/?post_type=podcast&#038;p=24595"},"modified":"2024-05-23T11:15:51","modified_gmt":"2024-05-23T09:15:51","slug":"el-cine-el-arte-la-cultura-tienen-que-servir-para-algo-mas-alla-de-entretener-y-disfrutar","status":"publish","type":"podcast","link":"https:\/\/www.entreculturas.org\/en\/podcast\/el-cine-el-arte-la-cultura-tienen-que-servir-para-algo-mas-alla-de-entretener-y-disfrutar\/","title":{"rendered":"&#8220;El cine, el arte, la cultura tienen que servir para algo m\u00e1s all\u00e1 de entretener y disfrutar&#8221;"},"content":{"rendered":"\n<p>Esta semana en Voces por una Causa, la escritora Julia Navarro conversa con <strong>Benito Zambrano, director de cine y ganador de dos premios Goya. <\/strong>Con \u00e9l nos acercamos, entre otras cuestiones, a <strong>su \u00faltima pel\u00edcula, <a href=\"https:\/\/www.filmax.com\/distribucion\/el-salto.264\">\u2018El salto\u2019<\/a>,<\/strong> donde narra el drama social y humano que supone para las personas migrantes los intentos de alcanzar Espa\u00f1a a trav\u00e9s de la frontera de Melilla y Ceuta.<\/p>\n\n\n\n<p>En este cap\u00edtulo Benito nos cuenta los or\u00edgenes de su pel\u00edcula y de c\u00f3mo el drama de la migraci\u00f3n subsahariana era algo que siempre le hab\u00eda interesado llevar a la gran pantalla: <strong>\u201cEs algo que quer\u00eda tratar desde hac\u00eda muchos a\u00f1os<\/strong>, pero no encontraba la manera de contarlo, la manera de escribirlo, la historia que contuviese el tema hasta que me lleg\u00f3 por casualidad el guion de la guionista Flora Gonz\u00e1lez Villanueva que comenz\u00f3 a escribirlo en 2014 por propia iniciativa\u201d.&nbsp;<\/p>\n\n\n\n<p>Adem\u00e1s, Benito tambi\u00e9n profundiza en c\u00f3mo se document\u00f3 para dotar del mayor realismo posible a la historia a trav\u00e9s del contacto con entidades que acompa\u00f1an a personas migrantes, como es el caso de <a href=\"https:\/\/pueblosunidos.org\/\">Pueblos Unidos<\/a>: <strong>\u201cHablamos con expertos para que nos asesoraran<\/strong> porque el tema migratorio es tan fuerte, doloroso y de verdad que ten\u00edamos que ser muy honestos tanto en la investigaci\u00f3n como en la manera de contarlo\u201d.&nbsp;<\/p>\n\n\n\n<p>Por \u00faltimo, Zambrano nos habla de su forma de ver el cine y de c\u00f3mo esta visi\u00f3n ha impregnado su filmograf\u00eda: \u201cSiento que el cine, el arte, la cultura tienen que servir para algo m\u00e1s all\u00e1 de entretener y disfrutar. <strong>Tienen que<\/strong> <strong>servir tambi\u00e9n para aprender, tomar conciencia<\/strong> y tener una visi\u00f3n de la realidad diferente o m\u00e1s amplia\u201d. Benito tambi\u00e9n se\u00f1ala&nbsp; que \u201clo audiovisual es muy potente a la hora de contar historias\u201d, lo que permite que el espectador se emocione, se conmueva y se identifique r\u00e1pidamente con los personajes\u201d.<\/p>\n\n\n\n<p>\u2018<strong>Voces por una Causa\u2019 es el podcast semanal de Entreculturas<\/strong>. Los programas se emiten todos los jueves en nuestro canal de <a href=\"https:\/\/www.youtube.com\/c\/EntreculturasOrg915902672\">Youtube<\/a>, en <a href=\"https:\/\/open.spotify.com\/show\/6dS5JsqnsWrnHL1gwead1A\">Spotify<\/a>, en <a href=\"https:\/\/www.ivoox.com\/perfil-entreculturas_a8_listener_28185270_1.html\">Ivoox<\/a>, y en <a href=\"https:\/\/podcasts.apple.com\/us\/podcast\/entreculturas-voces-por-una-causa\/id1621485462\">Apple Podcast<\/a>.<\/p>\n","protected":false},"excerpt":{"rendered":"<p>Esta semana en Voces por una Causa, la escritora Julia Navarro conversa con Benito Zambrano, director de cine y ganador de dos premios Goya. Con \u00e9l nos acercamos, entre otras cuestiones, a su \u00faltima pel\u00edcula, \u2018El salto\u2019, donde narra el drama social y humano que supone para las personas migrantes los intentos de alcanzar Espa\u00f1a a trav\u00e9s de la frontera de Melilla y Ceuta. En este cap\u00edtulo Benito nos cuenta los or\u00edgenes de su pel\u00edcula y de c\u00f3mo el drama de la migraci\u00f3n subsahariana era algo que siempre le hab\u00eda interesado llevar a la gran pantalla: \u201cEs algo que quer\u00eda tratar desde hac\u00eda muchos a\u00f1os, pero no encontraba la manera de contarlo, la manera de escribirlo, la historia que contuviese el tema hasta que me lleg\u00f3 por casualidad el guion de la guionista Flora Gonz\u00e1lez Villanueva que comenz\u00f3 a escribirlo en 2014 por propia iniciativa\u201d.&nbsp; Adem\u00e1s, Benito tambi\u00e9n profundiza en [&hellip;]<\/p>\n","protected":false},"featured_media":24603,"template":"","meta":{"_acf_changed":true},"categories":[],"tags":[],"class_list":["post-24595","podcast","type-podcast","status-publish","has-post-thumbnail","hentry"],"acf":[],"yoast_head":"<!-- This site is optimized with the Yoast SEO Premium plugin v21.6 (Yoast SEO v27.5) - https:\/\/yoast.com\/product\/yoast-seo-premium-wordpress\/ -->\n<title>&quot;El cine, el arte, la cultura tienen que servir para algo m\u00e1s all\u00e1 de entretener y disfrutar&quot; - Entreculturas<\/title>\n<meta name=\"description\" content=\"Esta semana en Voces por una Causa, la escritora Julia Navarro conversa con Benito Zambrano, director de cine y ganador de dos premios Goya. Con \u00e9l nos acercamos, entre otras cuestiones, a su \u00faltima pel\u00edcula, \u2018El salto\u2019, donde narra el drama social y humano que supone para las personas migrantes los intentos de alcanzar Espa\u00f1a a trav\u00e9s de la frontera de Melilla y Ceuta.\" \/>\n<meta name=\"robots\" content=\"index, follow, max-snippet:-1, max-image-preview:large, max-video-preview:-1\" \/>\n<link rel=\"canonical\" href=\"https:\/\/www.entreculturas.org\/en\/podcast\/el-cine-el-arte-la-cultura-tienen-que-servir-para-algo-mas-alla-de-entretener-y-disfrutar\/\" \/>\n<meta property=\"og:locale\" content=\"en_US\" \/>\n<meta property=\"og:type\" content=\"article\" \/>\n<meta property=\"og:title\" content=\"&quot;El cine, el arte, la cultura tienen que servir para algo m\u00e1s all\u00e1 de entretener y disfrutar&quot;\" \/>\n<meta property=\"og:description\" content=\"Esta semana en Voces por una Causa, la escritora Julia Navarro conversa con Benito Zambrano, director de cine y ganador de dos premios Goya. Con \u00e9l nos acercamos, entre otras cuestiones, a su \u00faltima pel\u00edcula, \u2018El salto\u2019, donde narra el drama social y humano que supone para las personas migrantes los intentos de alcanzar Espa\u00f1a a trav\u00e9s de la frontera de Melilla y Ceuta.\" \/>\n<meta property=\"og:url\" content=\"https:\/\/www.entreculturas.org\/en\/podcast\/el-cine-el-arte-la-cultura-tienen-que-servir-para-algo-mas-alla-de-entretener-y-disfrutar\/\" \/>\n<meta property=\"og:site_name\" content=\"Entreculturas\" \/>\n<meta property=\"article:publisher\" content=\"https:\/\/www.facebook.com\/entreculturas\" \/>\n<meta property=\"article:modified_time\" content=\"2024-05-23T09:15:51+00:00\" \/>\n<meta property=\"og:image\" content=\"https:\/\/www.entreculturas.org\/wp-content\/uploads\/2024\/05\/Somos-Zambrano.jpg\" \/>\n\t<meta property=\"og:image:width\" content=\"800\" \/>\n\t<meta property=\"og:image:height\" content=\"533\" \/>\n\t<meta property=\"og:image:type\" content=\"image\/jpeg\" \/>\n<meta name=\"twitter:card\" content=\"summary_large_image\" \/>\n<meta name=\"twitter:site\" content=\"@Entreculturas\" \/>\n<script type=\"application\/ld+json\" class=\"yoast-schema-graph\">{\"@context\":\"https:\\\/\\\/schema.org\",\"@graph\":[{\"@type\":\"WebPage\",\"@id\":\"https:\\\/\\\/www.entreculturas.org\\\/en\\\/podcast\\\/el-cine-el-arte-la-cultura-tienen-que-servir-para-algo-mas-alla-de-entretener-y-disfrutar\\\/\",\"url\":\"https:\\\/\\\/www.entreculturas.org\\\/en\\\/podcast\\\/el-cine-el-arte-la-cultura-tienen-que-servir-para-algo-mas-alla-de-entretener-y-disfrutar\\\/\",\"name\":\"\\\"El cine, el arte, la cultura tienen que servir para algo m\u00e1s all\u00e1 de entretener y disfrutar\\\" - Entreculturas\",\"isPartOf\":{\"@id\":\"https:\\\/\\\/www.entreculturas.org\\\/en\\\/#website\"},\"primaryImageOfPage\":{\"@id\":\"https:\\\/\\\/www.entreculturas.org\\\/en\\\/podcast\\\/el-cine-el-arte-la-cultura-tienen-que-servir-para-algo-mas-alla-de-entretener-y-disfrutar\\\/#primaryimage\"},\"image\":{\"@id\":\"https:\\\/\\\/www.entreculturas.org\\\/en\\\/podcast\\\/el-cine-el-arte-la-cultura-tienen-que-servir-para-algo-mas-alla-de-entretener-y-disfrutar\\\/#primaryimage\"},\"thumbnailUrl\":\"https:\\\/\\\/www.entreculturas.org\\\/wp-content\\\/uploads\\\/2024\\\/05\\\/Somos-Zambrano.jpg\",\"datePublished\":\"2024-05-23T08:17:42+00:00\",\"dateModified\":\"2024-05-23T09:15:51+00:00\",\"description\":\"Esta semana en Voces por una Causa, la escritora Julia Navarro conversa con Benito Zambrano, director de cine y ganador de dos premios Goya. Con \u00e9l nos acercamos, entre otras cuestiones, a su \u00faltima pel\u00edcula, \u2018El salto\u2019, donde narra el drama social y humano que supone para las personas migrantes los intentos de alcanzar Espa\u00f1a a trav\u00e9s de la frontera de Melilla y Ceuta.\",\"breadcrumb\":{\"@id\":\"https:\\\/\\\/www.entreculturas.org\\\/en\\\/podcast\\\/el-cine-el-arte-la-cultura-tienen-que-servir-para-algo-mas-alla-de-entretener-y-disfrutar\\\/#breadcrumb\"},\"inLanguage\":\"en-US\",\"potentialAction\":[{\"@type\":\"ReadAction\",\"target\":[\"https:\\\/\\\/www.entreculturas.org\\\/en\\\/podcast\\\/el-cine-el-arte-la-cultura-tienen-que-servir-para-algo-mas-alla-de-entretener-y-disfrutar\\\/\"]}]},{\"@type\":\"ImageObject\",\"inLanguage\":\"en-US\",\"@id\":\"https:\\\/\\\/www.entreculturas.org\\\/en\\\/podcast\\\/el-cine-el-arte-la-cultura-tienen-que-servir-para-algo-mas-alla-de-entretener-y-disfrutar\\\/#primaryimage\",\"url\":\"https:\\\/\\\/www.entreculturas.org\\\/wp-content\\\/uploads\\\/2024\\\/05\\\/Somos-Zambrano.jpg\",\"contentUrl\":\"https:\\\/\\\/www.entreculturas.org\\\/wp-content\\\/uploads\\\/2024\\\/05\\\/Somos-Zambrano.jpg\",\"width\":800,\"height\":533},{\"@type\":\"BreadcrumbList\",\"@id\":\"https:\\\/\\\/www.entreculturas.org\\\/en\\\/podcast\\\/el-cine-el-arte-la-cultura-tienen-que-servir-para-algo-mas-alla-de-entretener-y-disfrutar\\\/#breadcrumb\",\"itemListElement\":[{\"@type\":\"ListItem\",\"position\":1,\"name\":\"Home\",\"item\":\"https:\\\/\\\/www.entreculturas.org\\\/en\\\/\"},{\"@type\":\"ListItem\",\"position\":2,\"name\":\"Podcast Julia Navarro\",\"item\":\"https:\\\/\\\/www.entreculturas.org\\\/en\\\/podcasts\\\/\"},{\"@type\":\"ListItem\",\"position\":3,\"name\":\"&#8220;El cine, el arte, la cultura tienen que servir para algo m\u00e1s all\u00e1 de entretener y disfrutar&#8221;\"}]},{\"@type\":\"WebSite\",\"@id\":\"https:\\\/\\\/www.entreculturas.org\\\/en\\\/#website\",\"url\":\"https:\\\/\\\/www.entreculturas.org\\\/en\\\/\",\"name\":\"Entreculturas\",\"description\":\"\",\"publisher\":{\"@id\":\"https:\\\/\\\/www.entreculturas.org\\\/en\\\/#organization\"},\"alternateName\":\"Entreculturas\",\"potentialAction\":[{\"@type\":\"SearchAction\",\"target\":{\"@type\":\"EntryPoint\",\"urlTemplate\":\"https:\\\/\\\/www.entreculturas.org\\\/en\\\/?s={search_term_string}\"},\"query-input\":{\"@type\":\"PropertyValueSpecification\",\"valueRequired\":true,\"valueName\":\"search_term_string\"}}],\"inLanguage\":\"en-US\"},{\"@type\":\"Organization\",\"@id\":\"https:\\\/\\\/www.entreculturas.org\\\/en\\\/#organization\",\"name\":\"Entreculturas\",\"url\":\"https:\\\/\\\/www.entreculturas.org\\\/en\\\/\",\"logo\":{\"@type\":\"ImageObject\",\"inLanguage\":\"en-US\",\"@id\":\"https:\\\/\\\/www.entreculturas.org\\\/en\\\/#\\\/schema\\\/logo\\\/image\\\/\",\"url\":\"https:\\\/\\\/www.entreculturas.org\\\/wp-content\\\/uploads\\\/2025\\\/10\\\/ESP.svg\",\"contentUrl\":\"https:\\\/\\\/www.entreculturas.org\\\/wp-content\\\/uploads\\\/2025\\\/10\\\/ESP.svg\",\"caption\":\"Entreculturas\"},\"image\":{\"@id\":\"https:\\\/\\\/www.entreculturas.org\\\/en\\\/#\\\/schema\\\/logo\\\/image\\\/\"},\"sameAs\":[\"https:\\\/\\\/www.facebook.com\\\/entreculturas\",\"https:\\\/\\\/x.com\\\/Entreculturas\",\"https:\\\/\\\/www.instagram.com\\\/entreculturas\\\/\",\"https:\\\/\\\/www.youtube.com\\\/user\\\/entreculturasvideo\",\"https:\\\/\\\/www.linkedin.com\\\/company\\\/fundacion-entreculturas-ngdo\\\/\",\"https:\\\/\\\/www.flickr.com\\\/photos\\\/98455522@N04\\\/albums\\\/\"]}]}<\/script>\n<!-- \/ Yoast SEO Premium plugin. -->","yoast_head_json":{"title":"\"El cine, el arte, la cultura tienen que servir para algo m\u00e1s all\u00e1 de entretener y disfrutar\" - Entreculturas","description":"Esta semana en Voces por una Causa, la escritora Julia Navarro conversa con Benito Zambrano, director de cine y ganador de dos premios Goya. Con \u00e9l nos acercamos, entre otras cuestiones, a su \u00faltima pel\u00edcula, \u2018El salto\u2019, donde narra el drama social y humano que supone para las personas migrantes los intentos de alcanzar Espa\u00f1a a trav\u00e9s de la frontera de Melilla y Ceuta.","robots":{"index":"index","follow":"follow","max-snippet":"max-snippet:-1","max-image-preview":"max-image-preview:large","max-video-preview":"max-video-preview:-1"},"canonical":"https:\/\/www.entreculturas.org\/en\/podcast\/el-cine-el-arte-la-cultura-tienen-que-servir-para-algo-mas-alla-de-entretener-y-disfrutar\/","og_locale":"en_US","og_type":"article","og_title":"\"El cine, el arte, la cultura tienen que servir para algo m\u00e1s all\u00e1 de entretener y disfrutar\"","og_description":"Esta semana en Voces por una Causa, la escritora Julia Navarro conversa con Benito Zambrano, director de cine y ganador de dos premios Goya. Con \u00e9l nos acercamos, entre otras cuestiones, a su \u00faltima pel\u00edcula, \u2018El salto\u2019, donde narra el drama social y humano que supone para las personas migrantes los intentos de alcanzar Espa\u00f1a a trav\u00e9s de la frontera de Melilla y Ceuta.","og_url":"https:\/\/www.entreculturas.org\/en\/podcast\/el-cine-el-arte-la-cultura-tienen-que-servir-para-algo-mas-alla-de-entretener-y-disfrutar\/","og_site_name":"Entreculturas","article_publisher":"https:\/\/www.facebook.com\/entreculturas","article_modified_time":"2024-05-23T09:15:51+00:00","og_image":[{"width":800,"height":533,"url":"https:\/\/www.entreculturas.org\/wp-content\/uploads\/2024\/05\/Somos-Zambrano.jpg","type":"image\/jpeg"}],"twitter_card":"summary_large_image","twitter_site":"@Entreculturas","schema":{"@context":"https:\/\/schema.org","@graph":[{"@type":"WebPage","@id":"https:\/\/www.entreculturas.org\/en\/podcast\/el-cine-el-arte-la-cultura-tienen-que-servir-para-algo-mas-alla-de-entretener-y-disfrutar\/","url":"https:\/\/www.entreculturas.org\/en\/podcast\/el-cine-el-arte-la-cultura-tienen-que-servir-para-algo-mas-alla-de-entretener-y-disfrutar\/","name":"\"El cine, el arte, la cultura tienen que servir para algo m\u00e1s all\u00e1 de entretener y disfrutar\" - Entreculturas","isPartOf":{"@id":"https:\/\/www.entreculturas.org\/en\/#website"},"primaryImageOfPage":{"@id":"https:\/\/www.entreculturas.org\/en\/podcast\/el-cine-el-arte-la-cultura-tienen-que-servir-para-algo-mas-alla-de-entretener-y-disfrutar\/#primaryimage"},"image":{"@id":"https:\/\/www.entreculturas.org\/en\/podcast\/el-cine-el-arte-la-cultura-tienen-que-servir-para-algo-mas-alla-de-entretener-y-disfrutar\/#primaryimage"},"thumbnailUrl":"https:\/\/www.entreculturas.org\/wp-content\/uploads\/2024\/05\/Somos-Zambrano.jpg","datePublished":"2024-05-23T08:17:42+00:00","dateModified":"2024-05-23T09:15:51+00:00","description":"Esta semana en Voces por una Causa, la escritora Julia Navarro conversa con Benito Zambrano, director de cine y ganador de dos premios Goya. Con \u00e9l nos acercamos, entre otras cuestiones, a su \u00faltima pel\u00edcula, \u2018El salto\u2019, donde narra el drama social y humano que supone para las personas migrantes los intentos de alcanzar Espa\u00f1a a trav\u00e9s de la frontera de Melilla y Ceuta.","breadcrumb":{"@id":"https:\/\/www.entreculturas.org\/en\/podcast\/el-cine-el-arte-la-cultura-tienen-que-servir-para-algo-mas-alla-de-entretener-y-disfrutar\/#breadcrumb"},"inLanguage":"en-US","potentialAction":[{"@type":"ReadAction","target":["https:\/\/www.entreculturas.org\/en\/podcast\/el-cine-el-arte-la-cultura-tienen-que-servir-para-algo-mas-alla-de-entretener-y-disfrutar\/"]}]},{"@type":"ImageObject","inLanguage":"en-US","@id":"https:\/\/www.entreculturas.org\/en\/podcast\/el-cine-el-arte-la-cultura-tienen-que-servir-para-algo-mas-alla-de-entretener-y-disfrutar\/#primaryimage","url":"https:\/\/www.entreculturas.org\/wp-content\/uploads\/2024\/05\/Somos-Zambrano.jpg","contentUrl":"https:\/\/www.entreculturas.org\/wp-content\/uploads\/2024\/05\/Somos-Zambrano.jpg","width":800,"height":533},{"@type":"BreadcrumbList","@id":"https:\/\/www.entreculturas.org\/en\/podcast\/el-cine-el-arte-la-cultura-tienen-que-servir-para-algo-mas-alla-de-entretener-y-disfrutar\/#breadcrumb","itemListElement":[{"@type":"ListItem","position":1,"name":"Home","item":"https:\/\/www.entreculturas.org\/en\/"},{"@type":"ListItem","position":2,"name":"Podcast Julia Navarro","item":"https:\/\/www.entreculturas.org\/en\/podcasts\/"},{"@type":"ListItem","position":3,"name":"&#8220;El cine, el arte, la cultura tienen que servir para algo m\u00e1s all\u00e1 de entretener y disfrutar&#8221;"}]},{"@type":"WebSite","@id":"https:\/\/www.entreculturas.org\/en\/#website","url":"https:\/\/www.entreculturas.org\/en\/","name":"Entreculturas","description":"","publisher":{"@id":"https:\/\/www.entreculturas.org\/en\/#organization"},"alternateName":"Entreculturas","potentialAction":[{"@type":"SearchAction","target":{"@type":"EntryPoint","urlTemplate":"https:\/\/www.entreculturas.org\/en\/?s={search_term_string}"},"query-input":{"@type":"PropertyValueSpecification","valueRequired":true,"valueName":"search_term_string"}}],"inLanguage":"en-US"},{"@type":"Organization","@id":"https:\/\/www.entreculturas.org\/en\/#organization","name":"Entreculturas","url":"https:\/\/www.entreculturas.org\/en\/","logo":{"@type":"ImageObject","inLanguage":"en-US","@id":"https:\/\/www.entreculturas.org\/en\/#\/schema\/logo\/image\/","url":"https:\/\/www.entreculturas.org\/wp-content\/uploads\/2025\/10\/ESP.svg","contentUrl":"https:\/\/www.entreculturas.org\/wp-content\/uploads\/2025\/10\/ESP.svg","caption":"Entreculturas"},"image":{"@id":"https:\/\/www.entreculturas.org\/en\/#\/schema\/logo\/image\/"},"sameAs":["https:\/\/www.facebook.com\/entreculturas","https:\/\/x.com\/Entreculturas","https:\/\/www.instagram.com\/entreculturas\/","https:\/\/www.youtube.com\/user\/entreculturasvideo","https:\/\/www.linkedin.com\/company\/fundacion-entreculturas-ngdo\/","https:\/\/www.flickr.com\/photos\/98455522@N04\/albums\/"]}]}},"_links":{"self":[{"href":"https:\/\/www.entreculturas.org\/en\/wp-json\/wp\/v2\/podcast\/24595","targetHints":{"allow":["GET"]}}],"collection":[{"href":"https:\/\/www.entreculturas.org\/en\/wp-json\/wp\/v2\/podcast"}],"about":[{"href":"https:\/\/www.entreculturas.org\/en\/wp-json\/wp\/v2\/types\/podcast"}],"wp:featuredmedia":[{"embeddable":true,"href":"https:\/\/www.entreculturas.org\/en\/wp-json\/wp\/v2\/media\/24603"}],"wp:attachment":[{"href":"https:\/\/www.entreculturas.org\/en\/wp-json\/wp\/v2\/media?parent=24595"}],"wp:term":[{"taxonomy":"category","embeddable":true,"href":"https:\/\/www.entreculturas.org\/en\/wp-json\/wp\/v2\/categories?post=24595"},{"taxonomy":"post_tag","embeddable":true,"href":"https:\/\/www.entreculturas.org\/en\/wp-json\/wp\/v2\/tags?post=24595"}],"curies":[{"name":"wp","href":"https:\/\/api.w.org\/{rel}","templated":true}]}}