{"id":24443,"date":"2024-05-16T10:09:07","date_gmt":"2024-05-16T08:09:07","guid":{"rendered":"https:\/\/www.entreculturas.org\/?post_type=podcast&#038;p=24443"},"modified":"2024-11-19T18:51:27","modified_gmt":"2024-11-19T17:51:27","slug":"julia-navarro-podcast-ong-entreculturas-ilp-regularizacion-migrante","status":"publish","type":"podcast","link":"https:\/\/www.entreculturas.org\/en\/podcast\/julia-navarro-podcast-ong-entreculturas-ilp-regularizacion-migrante\/","title":{"rendered":"&#8220;La regularizaci\u00f3n de personas migrantes no es de derechas ni de izquierdas, es una cuesti\u00f3n de \u00e9tica y sentido com\u00fan&#8221;"},"content":{"rendered":"\n<p>Esta semana en <a href=\"https:\/\/www.entreculturas.org\/podcast\/\">Voces por una Causa<\/a>, la escritora <strong>Julia Navarro<\/strong> conversa con <strong>Augustin Marie Ndour<\/strong>, activista senegal\u00e9s y espa\u00f1ol por los derechos de las personas migrantes. Con \u00e9l nos acercamos a la <strong><a href=\"https:\/\/esenciales.info\/que-es\/\">Iniciativa Legislativa Popular (ILP) para la regularizaci\u00f3n extraordinaria para personas extranjeras en Espa\u00f1a<\/a><\/strong> que hace unas semanas pas\u00f3 el primer filtro en el Congreso para ser debatida en \u00e9l, despu\u00e9s de ser firmada por m\u00e1s de 600.000 personas y ser respaldada por 900 organizaciones de la sociedad civil, entre ellas Entreculturas.\u00a0<\/p>\n\n\n\n<h2 class=\"wp-block-heading\" id=\"h-de-que-nos-habla-augustin-marie-ndour-en-el-episodio\"><strong>\u00bfDe qu\u00e9 nos habla <strong>Augustin Marie Ndour<\/strong> en el episodio?<\/strong><\/h2>\n\n\n\n<p>En este episodio Augustin nos habla de los inicios de la ILP, de c\u00f3mo \u201csurgi\u00f3 del dolor al ver a los hermanos y hermanas migrantes sufriendo y malviviendo por no tener papeles\u201d y de c\u00f3mo las personas les llamaban \u201clocos\u201d por el n\u00famero de firmas que hab\u00eda que conseguir. Tambi\u00e9n nos habla de la forma en la que consiguieron vencer los diferentes obst\u00e1culos que encontraron en el camino: <strong>\u201cel primer escollo fue que la gente entendiera que podr\u00eda hacerse y el segundo motivarlos para conseguirlo\u201d<\/strong>.\u00a0<\/p>\n\n\n\n<p>Adem\u00e1s, Augustin se detiene en reflexionar en el racismo que existe en Espa\u00f1a y en c\u00f3mo&nbsp; \u201ccon una mirada en un autob\u00fas uno puede sentir el rechazo m\u00e1s profundo&#8221; por algunas personas. Tambi\u00e9n afirma que <strong>el racismo en Espa\u00f1a est\u00e1 provocado mayoritariamente por \u201cel miedo tremendo que existe a lo desconocido\u201d<\/strong> y que \u201csolo hay una parte muy minoritaria que tiene el odio metido, teni\u00e9ndolo que sacar a trav\u00e9s de un chivo expiatorio. Son muy minoritarios, pero hacen mucho da\u00f1o\u201d.<\/p>\n\n\n\n<p>Por \u00faltimo, Augustin celebra la \u201csensatez\u201d que ha habido entre la mayor\u00eda de los partidos pol\u00edticos para apoyar el inicio del debate de la ILP dentro del Congreso de los Diputados, a la vez que enfatiza que <strong>\u201cla regularizaci\u00f3n no es de derechas ni de izquierdas<\/strong>, sino que es un mecanismo para buscar soluciones. Es una cuesti\u00f3n de sentido com\u00fan y de \u00e9tica porque era indecente mirar hacia otro lado, sabiendo que hay miles de personas migrantes malviviendo.\u201d<\/p>\n\n\n\n<h2 class=\"wp-block-heading\" id=\"h-que-es-voces-por-una-causa-con-julia-navarro\">\u2018<strong>\u00bfQu\u00e9 es \u2018Voces por una Causa\u2019 con Julia Navarro?<\/strong><\/h2>\n\n\n\n<p>Presentado por la escritora y periodista,  <a href=\"https:\/\/www.entreculturas.org\/podcast\/\"><strong>\u2018Voces por una causa\u2019<\/strong><\/a><strong> es el podcast semanal de la ONG Entreculturas<\/strong> que explora cuestiones sociales, medioambientales y culturales a trav\u00e9s de testimonios en primera persona. Los programas se emiten todos los jueves en nuestro canal de <a href=\"https:\/\/www.youtube.com\/c\/EntreculturasOrg915902672\">Youtube<\/a>, en <a href=\"https:\/\/open.spotify.com\/show\/6dS5JsqnsWrnHL1gwead1A\">Spotify<\/a>, en <a href=\"https:\/\/www.ivoox.com\/perfil-entreculturas_a8_listener_28185270_1.html\">Ivoox<\/a>, y en <a href=\"https:\/\/podcasts.apple.com\/us\/podcast\/entreculturas-voces-por-una-causa\/id1621485462\">Apple Podcast<\/a>.<\/p>\n\n\n\n<p><\/p>\n","protected":false},"excerpt":{"rendered":"<p>Esta semana en Voces por una Causa, la escritora Julia Navarro conversa con Augustin Marie Ndour, activista senegal\u00e9s y espa\u00f1ol por los derechos de las personas migrantes. Con \u00e9l nos acercamos a la Iniciativa Legislativa Popular (ILP) para la regularizaci\u00f3n extraordinaria para personas extranjeras en Espa\u00f1a que hace unas semanas pas\u00f3 el primer filtro en el Congreso para ser debatida en \u00e9l, despu\u00e9s de ser firmada por m\u00e1s de 600.000 personas y ser respaldada por 900 organizaciones de la sociedad civil, entre ellas Entreculturas.\u00a0 \u00bfDe qu\u00e9 nos habla Augustin Marie Ndour en el episodio? En este episodio Augustin nos habla de los inicios de la ILP, de c\u00f3mo \u201csurgi\u00f3 del dolor al ver a los hermanos y hermanas migrantes sufriendo y malviviendo por no tener papeles\u201d y de c\u00f3mo las personas les llamaban \u201clocos\u201d por el n\u00famero de firmas que hab\u00eda que conseguir. Tambi\u00e9n nos habla de la forma en [&hellip;]<\/p>\n","protected":false},"featured_media":24449,"template":"","meta":{"_acf_changed":false},"categories":[],"tags":[],"class_list":["post-24443","podcast","type-podcast","status-publish","has-post-thumbnail","hentry"],"acf":[],"yoast_head":"<!-- This site is optimized with the Yoast SEO Premium plugin v21.6 (Yoast SEO v27.5) - https:\/\/yoast.com\/product\/yoast-seo-premium-wordpress\/ -->\n<title>Julia Navarro y la ILP para la regularizaci\u00f3n de personas migrantes<\/title>\n<meta name=\"description\" content=\"Julia Navarro se acerca en el podcast de esta semana la ILP para la regularizaci\u00f3n extraordinaria de personas extranjeras en Espa\u00f1a.\" \/>\n<meta name=\"robots\" content=\"index, follow, max-snippet:-1, max-image-preview:large, max-video-preview:-1\" \/>\n<link rel=\"canonical\" href=\"https:\/\/www.entreculturas.org\/en\/podcast\/julia-navarro-podcast-ong-entreculturas-ilp-regularizacion-migrante\/\" \/>\n<meta property=\"og:locale\" content=\"en_US\" \/>\n<meta property=\"og:type\" content=\"article\" \/>\n<meta property=\"og:title\" content=\"&quot;La regularizaci\u00f3n de personas migrantes no es de derechas ni de izquierdas, es una cuesti\u00f3n de \u00e9tica y sentido com\u00fan&quot;\" \/>\n<meta property=\"og:description\" content=\"Julia Navarro se acerca en el podcast de esta semana la ILP para la regularizaci\u00f3n extraordinaria de personas extranjeras en Espa\u00f1a.\" \/>\n<meta property=\"og:url\" content=\"https:\/\/www.entreculturas.org\/en\/podcast\/julia-navarro-podcast-ong-entreculturas-ilp-regularizacion-migrante\/\" \/>\n<meta property=\"og:site_name\" content=\"Entreculturas\" \/>\n<meta property=\"article:publisher\" content=\"https:\/\/www.facebook.com\/entreculturas\" \/>\n<meta property=\"article:modified_time\" content=\"2024-11-19T17:51:27+00:00\" \/>\n<meta property=\"og:image\" content=\"https:\/\/www.entreculturas.org\/wp-content\/uploads\/2024\/05\/Agustin-web.jpg\" \/>\n\t<meta property=\"og:image:width\" content=\"800\" \/>\n\t<meta property=\"og:image:height\" content=\"471\" \/>\n\t<meta property=\"og:image:type\" content=\"image\/jpeg\" \/>\n<meta name=\"twitter:card\" content=\"summary_large_image\" \/>\n<meta name=\"twitter:site\" content=\"@Entreculturas\" \/>\n<script type=\"application\/ld+json\" class=\"yoast-schema-graph\">{\"@context\":\"https:\\\/\\\/schema.org\",\"@graph\":[{\"@type\":\"WebPage\",\"@id\":\"https:\\\/\\\/www.entreculturas.org\\\/en\\\/podcast\\\/julia-navarro-podcast-ong-entreculturas-ilp-regularizacion-migrante\\\/\",\"url\":\"https:\\\/\\\/www.entreculturas.org\\\/en\\\/podcast\\\/julia-navarro-podcast-ong-entreculturas-ilp-regularizacion-migrante\\\/\",\"name\":\"Julia Navarro y la ILP para la regularizaci\u00f3n de personas migrantes\",\"isPartOf\":{\"@id\":\"https:\\\/\\\/www.entreculturas.org\\\/en\\\/#website\"},\"primaryImageOfPage\":{\"@id\":\"https:\\\/\\\/www.entreculturas.org\\\/en\\\/podcast\\\/julia-navarro-podcast-ong-entreculturas-ilp-regularizacion-migrante\\\/#primaryimage\"},\"image\":{\"@id\":\"https:\\\/\\\/www.entreculturas.org\\\/en\\\/podcast\\\/julia-navarro-podcast-ong-entreculturas-ilp-regularizacion-migrante\\\/#primaryimage\"},\"thumbnailUrl\":\"https:\\\/\\\/www.entreculturas.org\\\/wp-content\\\/uploads\\\/2024\\\/05\\\/Agustin-web.jpg\",\"datePublished\":\"2024-05-16T08:09:07+00:00\",\"dateModified\":\"2024-11-19T17:51:27+00:00\",\"description\":\"Julia Navarro se acerca en el podcast de esta semana la ILP para la regularizaci\u00f3n extraordinaria de personas extranjeras en Espa\u00f1a.\",\"breadcrumb\":{\"@id\":\"https:\\\/\\\/www.entreculturas.org\\\/en\\\/podcast\\\/julia-navarro-podcast-ong-entreculturas-ilp-regularizacion-migrante\\\/#breadcrumb\"},\"inLanguage\":\"en-US\",\"potentialAction\":[{\"@type\":\"ReadAction\",\"target\":[\"https:\\\/\\\/www.entreculturas.org\\\/en\\\/podcast\\\/julia-navarro-podcast-ong-entreculturas-ilp-regularizacion-migrante\\\/\"]}]},{\"@type\":\"ImageObject\",\"inLanguage\":\"en-US\",\"@id\":\"https:\\\/\\\/www.entreculturas.org\\\/en\\\/podcast\\\/julia-navarro-podcast-ong-entreculturas-ilp-regularizacion-migrante\\\/#primaryimage\",\"url\":\"https:\\\/\\\/www.entreculturas.org\\\/wp-content\\\/uploads\\\/2024\\\/05\\\/Agustin-web.jpg\",\"contentUrl\":\"https:\\\/\\\/www.entreculturas.org\\\/wp-content\\\/uploads\\\/2024\\\/05\\\/Agustin-web.jpg\",\"width\":800,\"height\":471},{\"@type\":\"BreadcrumbList\",\"@id\":\"https:\\\/\\\/www.entreculturas.org\\\/en\\\/podcast\\\/julia-navarro-podcast-ong-entreculturas-ilp-regularizacion-migrante\\\/#breadcrumb\",\"itemListElement\":[{\"@type\":\"ListItem\",\"position\":1,\"name\":\"Home\",\"item\":\"https:\\\/\\\/www.entreculturas.org\\\/en\\\/\"},{\"@type\":\"ListItem\",\"position\":2,\"name\":\"Podcast Julia Navarro\",\"item\":\"https:\\\/\\\/www.entreculturas.org\\\/en\\\/podcasts\\\/\"},{\"@type\":\"ListItem\",\"position\":3,\"name\":\"&#8220;La regularizaci\u00f3n de personas migrantes no es de derechas ni de izquierdas, es una cuesti\u00f3n de \u00e9tica y sentido com\u00fan&#8221;\"}]},{\"@type\":\"WebSite\",\"@id\":\"https:\\\/\\\/www.entreculturas.org\\\/en\\\/#website\",\"url\":\"https:\\\/\\\/www.entreculturas.org\\\/en\\\/\",\"name\":\"Entreculturas\",\"description\":\"\",\"publisher\":{\"@id\":\"https:\\\/\\\/www.entreculturas.org\\\/en\\\/#organization\"},\"alternateName\":\"Entreculturas\",\"potentialAction\":[{\"@type\":\"SearchAction\",\"target\":{\"@type\":\"EntryPoint\",\"urlTemplate\":\"https:\\\/\\\/www.entreculturas.org\\\/en\\\/?s={search_term_string}\"},\"query-input\":{\"@type\":\"PropertyValueSpecification\",\"valueRequired\":true,\"valueName\":\"search_term_string\"}}],\"inLanguage\":\"en-US\"},{\"@type\":\"Organization\",\"@id\":\"https:\\\/\\\/www.entreculturas.org\\\/en\\\/#organization\",\"name\":\"Entreculturas\",\"url\":\"https:\\\/\\\/www.entreculturas.org\\\/en\\\/\",\"logo\":{\"@type\":\"ImageObject\",\"inLanguage\":\"en-US\",\"@id\":\"https:\\\/\\\/www.entreculturas.org\\\/en\\\/#\\\/schema\\\/logo\\\/image\\\/\",\"url\":\"https:\\\/\\\/www.entreculturas.org\\\/wp-content\\\/uploads\\\/2025\\\/10\\\/ESP.svg\",\"contentUrl\":\"https:\\\/\\\/www.entreculturas.org\\\/wp-content\\\/uploads\\\/2025\\\/10\\\/ESP.svg\",\"caption\":\"Entreculturas\"},\"image\":{\"@id\":\"https:\\\/\\\/www.entreculturas.org\\\/en\\\/#\\\/schema\\\/logo\\\/image\\\/\"},\"sameAs\":[\"https:\\\/\\\/www.facebook.com\\\/entreculturas\",\"https:\\\/\\\/x.com\\\/Entreculturas\",\"https:\\\/\\\/www.instagram.com\\\/entreculturas\\\/\",\"https:\\\/\\\/www.youtube.com\\\/user\\\/entreculturasvideo\",\"https:\\\/\\\/www.linkedin.com\\\/company\\\/fundacion-entreculturas-ngdo\\\/\",\"https:\\\/\\\/www.flickr.com\\\/photos\\\/98455522@N04\\\/albums\\\/\"]}]}<\/script>\n<!-- \/ Yoast SEO Premium plugin. -->","yoast_head_json":{"title":"Julia Navarro y la ILP para la regularizaci\u00f3n de personas migrantes","description":"Julia Navarro se acerca en el podcast de esta semana la ILP para la regularizaci\u00f3n extraordinaria de personas extranjeras en Espa\u00f1a.","robots":{"index":"index","follow":"follow","max-snippet":"max-snippet:-1","max-image-preview":"max-image-preview:large","max-video-preview":"max-video-preview:-1"},"canonical":"https:\/\/www.entreculturas.org\/en\/podcast\/julia-navarro-podcast-ong-entreculturas-ilp-regularizacion-migrante\/","og_locale":"en_US","og_type":"article","og_title":"\"La regularizaci\u00f3n de personas migrantes no es de derechas ni de izquierdas, es una cuesti\u00f3n de \u00e9tica y sentido com\u00fan\"","og_description":"Julia Navarro se acerca en el podcast de esta semana la ILP para la regularizaci\u00f3n extraordinaria de personas extranjeras en Espa\u00f1a.","og_url":"https:\/\/www.entreculturas.org\/en\/podcast\/julia-navarro-podcast-ong-entreculturas-ilp-regularizacion-migrante\/","og_site_name":"Entreculturas","article_publisher":"https:\/\/www.facebook.com\/entreculturas","article_modified_time":"2024-11-19T17:51:27+00:00","og_image":[{"width":800,"height":471,"url":"https:\/\/www.entreculturas.org\/wp-content\/uploads\/2024\/05\/Agustin-web.jpg","type":"image\/jpeg"}],"twitter_card":"summary_large_image","twitter_site":"@Entreculturas","schema":{"@context":"https:\/\/schema.org","@graph":[{"@type":"WebPage","@id":"https:\/\/www.entreculturas.org\/en\/podcast\/julia-navarro-podcast-ong-entreculturas-ilp-regularizacion-migrante\/","url":"https:\/\/www.entreculturas.org\/en\/podcast\/julia-navarro-podcast-ong-entreculturas-ilp-regularizacion-migrante\/","name":"Julia Navarro y la ILP para la regularizaci\u00f3n de personas migrantes","isPartOf":{"@id":"https:\/\/www.entreculturas.org\/en\/#website"},"primaryImageOfPage":{"@id":"https:\/\/www.entreculturas.org\/en\/podcast\/julia-navarro-podcast-ong-entreculturas-ilp-regularizacion-migrante\/#primaryimage"},"image":{"@id":"https:\/\/www.entreculturas.org\/en\/podcast\/julia-navarro-podcast-ong-entreculturas-ilp-regularizacion-migrante\/#primaryimage"},"thumbnailUrl":"https:\/\/www.entreculturas.org\/wp-content\/uploads\/2024\/05\/Agustin-web.jpg","datePublished":"2024-05-16T08:09:07+00:00","dateModified":"2024-11-19T17:51:27+00:00","description":"Julia Navarro se acerca en el podcast de esta semana la ILP para la regularizaci\u00f3n extraordinaria de personas extranjeras en Espa\u00f1a.","breadcrumb":{"@id":"https:\/\/www.entreculturas.org\/en\/podcast\/julia-navarro-podcast-ong-entreculturas-ilp-regularizacion-migrante\/#breadcrumb"},"inLanguage":"en-US","potentialAction":[{"@type":"ReadAction","target":["https:\/\/www.entreculturas.org\/en\/podcast\/julia-navarro-podcast-ong-entreculturas-ilp-regularizacion-migrante\/"]}]},{"@type":"ImageObject","inLanguage":"en-US","@id":"https:\/\/www.entreculturas.org\/en\/podcast\/julia-navarro-podcast-ong-entreculturas-ilp-regularizacion-migrante\/#primaryimage","url":"https:\/\/www.entreculturas.org\/wp-content\/uploads\/2024\/05\/Agustin-web.jpg","contentUrl":"https:\/\/www.entreculturas.org\/wp-content\/uploads\/2024\/05\/Agustin-web.jpg","width":800,"height":471},{"@type":"BreadcrumbList","@id":"https:\/\/www.entreculturas.org\/en\/podcast\/julia-navarro-podcast-ong-entreculturas-ilp-regularizacion-migrante\/#breadcrumb","itemListElement":[{"@type":"ListItem","position":1,"name":"Home","item":"https:\/\/www.entreculturas.org\/en\/"},{"@type":"ListItem","position":2,"name":"Podcast Julia Navarro","item":"https:\/\/www.entreculturas.org\/en\/podcasts\/"},{"@type":"ListItem","position":3,"name":"&#8220;La regularizaci\u00f3n de personas migrantes no es de derechas ni de izquierdas, es una cuesti\u00f3n de \u00e9tica y sentido com\u00fan&#8221;"}]},{"@type":"WebSite","@id":"https:\/\/www.entreculturas.org\/en\/#website","url":"https:\/\/www.entreculturas.org\/en\/","name":"Entreculturas","description":"","publisher":{"@id":"https:\/\/www.entreculturas.org\/en\/#organization"},"alternateName":"Entreculturas","potentialAction":[{"@type":"SearchAction","target":{"@type":"EntryPoint","urlTemplate":"https:\/\/www.entreculturas.org\/en\/?s={search_term_string}"},"query-input":{"@type":"PropertyValueSpecification","valueRequired":true,"valueName":"search_term_string"}}],"inLanguage":"en-US"},{"@type":"Organization","@id":"https:\/\/www.entreculturas.org\/en\/#organization","name":"Entreculturas","url":"https:\/\/www.entreculturas.org\/en\/","logo":{"@type":"ImageObject","inLanguage":"en-US","@id":"https:\/\/www.entreculturas.org\/en\/#\/schema\/logo\/image\/","url":"https:\/\/www.entreculturas.org\/wp-content\/uploads\/2025\/10\/ESP.svg","contentUrl":"https:\/\/www.entreculturas.org\/wp-content\/uploads\/2025\/10\/ESP.svg","caption":"Entreculturas"},"image":{"@id":"https:\/\/www.entreculturas.org\/en\/#\/schema\/logo\/image\/"},"sameAs":["https:\/\/www.facebook.com\/entreculturas","https:\/\/x.com\/Entreculturas","https:\/\/www.instagram.com\/entreculturas\/","https:\/\/www.youtube.com\/user\/entreculturasvideo","https:\/\/www.linkedin.com\/company\/fundacion-entreculturas-ngdo\/","https:\/\/www.flickr.com\/photos\/98455522@N04\/albums\/"]}]}},"_links":{"self":[{"href":"https:\/\/www.entreculturas.org\/en\/wp-json\/wp\/v2\/podcast\/24443","targetHints":{"allow":["GET"]}}],"collection":[{"href":"https:\/\/www.entreculturas.org\/en\/wp-json\/wp\/v2\/podcast"}],"about":[{"href":"https:\/\/www.entreculturas.org\/en\/wp-json\/wp\/v2\/types\/podcast"}],"wp:featuredmedia":[{"embeddable":true,"href":"https:\/\/www.entreculturas.org\/en\/wp-json\/wp\/v2\/media\/24449"}],"wp:attachment":[{"href":"https:\/\/www.entreculturas.org\/en\/wp-json\/wp\/v2\/media?parent=24443"}],"wp:term":[{"taxonomy":"category","embeddable":true,"href":"https:\/\/www.entreculturas.org\/en\/wp-json\/wp\/v2\/categories?post=24443"},{"taxonomy":"post_tag","embeddable":true,"href":"https:\/\/www.entreculturas.org\/en\/wp-json\/wp\/v2\/tags?post=24443"}],"curies":[{"name":"wp","href":"https:\/\/api.w.org\/{rel}","templated":true}]}}