{"id":24082,"date":"2024-04-24T10:10:33","date_gmt":"2024-04-24T08:10:33","guid":{"rendered":"https:\/\/www.entreculturas.org\/?post_type=podcast&#038;p=24082"},"modified":"2024-11-08T16:02:35","modified_gmt":"2024-11-08T15:02:35","slug":"julia-navarro-podcast-ong-entreculturas-olaizola","status":"publish","type":"podcast","link":"https:\/\/www.entreculturas.org\/en\/podcast\/julia-navarro-podcast-ong-entreculturas-olaizola\/","title":{"rendered":"&#8220;Las redes sociales permiten asomarte a una pluralidad de voces a la vez que favorecen la polarizaci\u00f3n&#8221;"},"content":{"rendered":"\n<p>En este nuevo cap\u00edtulo de nuestro podcast <a href=\"https:\/\/www.entreculturas.org\/podcast\/\">Voces por una Causa<\/a>, la escritora <strong>Julia Navarro conversa con <\/strong><a href=\"https:\/\/twitter.com\/jmolaizola\"><strong>Jos\u00e9 Mar\u00eda Rodr\u00edguez Olaizola SJ<\/strong><\/a><strong>,<\/strong> jesuita, te\u00f3logo y soci\u00f3logo, que compagina su tarea como escritor con su trabajo como Secretario de comunicaci\u00f3n de la <a href=\"https:\/\/jesuitas.es\/es\/\">Compa\u00f1\u00eda de Jes\u00fas en Espa\u00f1a<\/a>. Julia Navarro y Jos\u00e9 Mar\u00eda Olaizola conversan con ocasi\u00f3n del D\u00eda Internacional del Libro, que hemos conmemorado esta misma semana, el pasado martes 23 de abril.\u00a0<\/p>\n\n\n\n<h2 class=\"wp-block-heading\" id=\"h-de-que-nos-habla-jose-maria-olaizola-en-el-episodio\"><strong>\u00bfDe qu\u00e9 nos habla Jos\u00e9 Mar\u00eda Olaizola en el episodio?<\/strong><\/h2>\n\n\n\n<p>En este episodio Jos\u00e9 Mar\u00eda Olaizola nos habla de c\u00f3mo se acerc\u00f3 a la comunicaci\u00f3n y a las redes sociales. \u201cM\u00e1s que una decisi\u00f3n consciente, me la encontr\u00e9 por dos caminos\u201d, explica, \u201ccuando con 34 a\u00f1os comenc\u00e9 a\u00a0 escribir libros y cuando entr\u00e9 en las redes sociales cuando surgieron\u201d. Unas redes que, para Olaizola, tienen pros, ya que \u201cpermiten asomarse a una pluralidad de voces m\u00e1s all\u00e1 de los \u00e1mbitos cercanos\u201d, y contras, como que \u201cfavorecen la polarizaci\u00f3n de una manera brutal\u201d.\u00a0<\/p>\n\n\n\n<p>\u201cSi quieres comunicar, escucha mucho. Antes de escribir, piensa mucho\u201d, afirma <strong>Jos\u00e9 Mar\u00eda Olaizola<\/strong>. Adem\u00e1s de conversar con Julia en torno a las interconexiones entre comunicaci\u00f3n, fe y compromiso social, ambos charlan largo y tendido -como no podr\u00eda ser de otra manera- sobre el proceso de creaci\u00f3n literaria, poniendo el foco en la \u00faltima obra de Olaizola, \u2018Bailar con el tiempo\u2019, y nos recomiendan libros que van desde la ciencia ficci\u00f3n de Stephen King a la novela hist\u00f3rica de Tom Holland.<\/p>\n\n\n\n<h2 class=\"wp-block-heading\" id=\"h-que-es-voces-por-una-causa-con-julia-navarro\"><strong>\u00bfQu\u00e9 es \u2018Voces por una Causa\u2019 con Julia Navarro?<\/strong><\/h2>\n\n\n\n<p><strong>Julia Navarro<\/strong> presenta <a href=\"https:\/\/www.entreculturas.org\/podcast\/\"><strong>\u2018Voces por una causa\u2019<\/strong><\/a><strong>, el podcast semanal de la <a href=\"https:\/\/www.entreculturas.org\/\">ONG Entreculturas<\/a><\/strong>, que explora cuestiones sociales, medioambientales y culturales a trav\u00e9s de testimonios en primera persona. Una herramienta clave para abrir una ventana al exterior y reflexionar sobre distintas realidades y causas en las que trabajamos. Los episiodios se emiten todos los jueves en nuestro canal de <a href=\"https:\/\/www.youtube.com\/c\/EntreculturasOrg915902672\">Youtube<\/a> y en <a href=\"https:\/\/open.spotify.com\/show\/6dS5JsqnsWrnHL1gwead1A\">Spotify<\/a>, <a href=\"https:\/\/www.ivoox.com\/perfil-entreculturas_a8_listener_28185270_1.html\">Ivoox<\/a>, <a href=\"https:\/\/podcasts.apple.com\/us\/podcast\/entreculturas-voces-por-una-causa\/id1621485462\">Apple Podcast<\/a>, <a href=\"https:\/\/podimo.com\/es\/shows\/entreculturas-voces-por-una-causa-con-julia-navarro?creatorId=9d7acb87-3185-42e2-8e0d-d8a733650cf9&amp;key=k0nZQy0YGdln&amp;source=ln&amp;from=studio\">Podimo<\/a> y <a href=\"https:\/\/music.amazon.es\/podcasts\/f28b0659-f803-491d-829d-cadf44ea0155\/voces-por-una-causa-con-julia-navarro\">Amazon Music<\/a>.<\/p>\n\n\n\n<iframe style=\"border-radius:12px\" src=\"https:\/\/open.spotify.com\/embed\/episode\/5ZaQWz97Ir5bfNVVzfHOJn?utm_source=generator\" width=\"100%\" height=\"352\" frameBorder=\"0\" allowfullscreen=\"\" allow=\"autoplay; clipboard-write; encrypted-media; fullscreen; picture-in-picture\" loading=\"lazy\"><\/iframe>\n\n\n\n<p><\/p>\n","protected":false},"excerpt":{"rendered":"<p>En este nuevo cap\u00edtulo de nuestro podcast Voces por una Causa, la escritora Julia Navarro conversa con Jos\u00e9 Mar\u00eda Rodr\u00edguez Olaizola SJ, jesuita, te\u00f3logo y soci\u00f3logo, que compagina su tarea como escritor con su trabajo como Secretario de comunicaci\u00f3n de la Compa\u00f1\u00eda de Jes\u00fas en Espa\u00f1a. Julia Navarro y Jos\u00e9 Mar\u00eda Olaizola conversan con ocasi\u00f3n del D\u00eda Internacional del Libro, que hemos conmemorado esta misma semana, el pasado martes 23 de abril.\u00a0 \u00bfDe qu\u00e9 nos habla Jos\u00e9 Mar\u00eda Olaizola en el episodio? En este episodio Jos\u00e9 Mar\u00eda Olaizola nos habla de c\u00f3mo se acerc\u00f3 a la comunicaci\u00f3n y a las redes sociales. \u201cM\u00e1s que una decisi\u00f3n consciente, me la encontr\u00e9 por dos caminos\u201d, explica, \u201ccuando con 34 a\u00f1os comenc\u00e9 a\u00a0 escribir libros y cuando entr\u00e9 en las redes sociales cuando surgieron\u201d. Unas redes que, para Olaizola, tienen pros, ya que \u201cpermiten asomarse a una pluralidad de voces m\u00e1s all\u00e1 de [&hellip;]<\/p>\n","protected":false},"featured_media":24087,"template":"","meta":{"_acf_changed":false},"categories":[],"tags":[],"class_list":["post-24082","podcast","type-podcast","status-publish","has-post-thumbnail","hentry"],"acf":[],"yoast_head":"<!-- This site is optimized with the Yoast SEO Premium plugin v21.6 (Yoast SEO v27.5) - https:\/\/yoast.com\/product\/yoast-seo-premium-wordpress\/ -->\n<title>Julia Navarro y Jos\u00e9 Mar\u00eda Olaizola conversan sobre libros<\/title>\n<meta name=\"description\" content=\"Julia Navarro conversa con Jos\u00e9 Mar\u00eda Rodr\u00edguez Olaizola SJ en el podcast sobre el D\u00eda Internacional del Libro.\" \/>\n<meta name=\"robots\" content=\"index, follow, max-snippet:-1, max-image-preview:large, max-video-preview:-1\" \/>\n<link rel=\"canonical\" href=\"https:\/\/www.entreculturas.org\/en\/podcast\/julia-navarro-podcast-ong-entreculturas-olaizola\/\" \/>\n<meta property=\"og:locale\" content=\"en_US\" \/>\n<meta property=\"og:type\" content=\"article\" \/>\n<meta property=\"og:title\" content=\"&quot;Las redes sociales permiten asomarte a una pluralidad de voces a la vez que favorecen la polarizaci\u00f3n&quot;\" \/>\n<meta property=\"og:description\" content=\"Julia Navarro conversa con Jos\u00e9 Mar\u00eda Rodr\u00edguez Olaizola SJ en el podcast sobre el D\u00eda Internacional del Libro.\" \/>\n<meta property=\"og:url\" content=\"https:\/\/www.entreculturas.org\/en\/podcast\/julia-navarro-podcast-ong-entreculturas-olaizola\/\" \/>\n<meta property=\"og:site_name\" content=\"Entreculturas\" \/>\n<meta property=\"article:publisher\" content=\"https:\/\/www.facebook.com\/entreculturas\" \/>\n<meta property=\"article:modified_time\" content=\"2024-11-08T15:02:35+00:00\" \/>\n<meta property=\"og:image\" content=\"https:\/\/www.entreculturas.org\/wp-content\/uploads\/2024\/04\/DSC04349-1.jpg\" \/>\n\t<meta property=\"og:image:width\" content=\"1980\" \/>\n\t<meta property=\"og:image:height\" content=\"1320\" \/>\n\t<meta property=\"og:image:type\" content=\"image\/jpeg\" \/>\n<meta name=\"twitter:card\" content=\"summary_large_image\" \/>\n<meta name=\"twitter:site\" content=\"@Entreculturas\" \/>\n<script type=\"application\/ld+json\" class=\"yoast-schema-graph\">{\"@context\":\"https:\\\/\\\/schema.org\",\"@graph\":[{\"@type\":\"WebPage\",\"@id\":\"https:\\\/\\\/www.entreculturas.org\\\/en\\\/podcast\\\/julia-navarro-podcast-ong-entreculturas-olaizola\\\/\",\"url\":\"https:\\\/\\\/www.entreculturas.org\\\/en\\\/podcast\\\/julia-navarro-podcast-ong-entreculturas-olaizola\\\/\",\"name\":\"Julia Navarro y Jos\u00e9 Mar\u00eda Olaizola conversan sobre libros\",\"isPartOf\":{\"@id\":\"https:\\\/\\\/www.entreculturas.org\\\/en\\\/#website\"},\"primaryImageOfPage\":{\"@id\":\"https:\\\/\\\/www.entreculturas.org\\\/en\\\/podcast\\\/julia-navarro-podcast-ong-entreculturas-olaizola\\\/#primaryimage\"},\"image\":{\"@id\":\"https:\\\/\\\/www.entreculturas.org\\\/en\\\/podcast\\\/julia-navarro-podcast-ong-entreculturas-olaizola\\\/#primaryimage\"},\"thumbnailUrl\":\"https:\\\/\\\/www.entreculturas.org\\\/wp-content\\\/uploads\\\/2024\\\/04\\\/DSC04349-1.jpg\",\"datePublished\":\"2024-04-24T08:10:33+00:00\",\"dateModified\":\"2024-11-08T15:02:35+00:00\",\"description\":\"Julia Navarro conversa con Jos\u00e9 Mar\u00eda Rodr\u00edguez Olaizola SJ en el podcast sobre el D\u00eda Internacional del Libro.\",\"breadcrumb\":{\"@id\":\"https:\\\/\\\/www.entreculturas.org\\\/en\\\/podcast\\\/julia-navarro-podcast-ong-entreculturas-olaizola\\\/#breadcrumb\"},\"inLanguage\":\"en-US\",\"potentialAction\":[{\"@type\":\"ReadAction\",\"target\":[\"https:\\\/\\\/www.entreculturas.org\\\/en\\\/podcast\\\/julia-navarro-podcast-ong-entreculturas-olaizola\\\/\"]}]},{\"@type\":\"ImageObject\",\"inLanguage\":\"en-US\",\"@id\":\"https:\\\/\\\/www.entreculturas.org\\\/en\\\/podcast\\\/julia-navarro-podcast-ong-entreculturas-olaizola\\\/#primaryimage\",\"url\":\"https:\\\/\\\/www.entreculturas.org\\\/wp-content\\\/uploads\\\/2024\\\/04\\\/DSC04349-1.jpg\",\"contentUrl\":\"https:\\\/\\\/www.entreculturas.org\\\/wp-content\\\/uploads\\\/2024\\\/04\\\/DSC04349-1.jpg\",\"width\":1980,\"height\":1320,\"caption\":\"Julia Navarro conversa con Jos\u00e9 Mar\u00eda Olaizola sobre libros\"},{\"@type\":\"BreadcrumbList\",\"@id\":\"https:\\\/\\\/www.entreculturas.org\\\/en\\\/podcast\\\/julia-navarro-podcast-ong-entreculturas-olaizola\\\/#breadcrumb\",\"itemListElement\":[{\"@type\":\"ListItem\",\"position\":1,\"name\":\"Home\",\"item\":\"https:\\\/\\\/www.entreculturas.org\\\/en\\\/\"},{\"@type\":\"ListItem\",\"position\":2,\"name\":\"Podcast Julia Navarro\",\"item\":\"https:\\\/\\\/www.entreculturas.org\\\/en\\\/podcasts\\\/\"},{\"@type\":\"ListItem\",\"position\":3,\"name\":\"&#8220;Las redes sociales permiten asomarte a una pluralidad de voces a la vez que favorecen la polarizaci\u00f3n&#8221;\"}]},{\"@type\":\"WebSite\",\"@id\":\"https:\\\/\\\/www.entreculturas.org\\\/en\\\/#website\",\"url\":\"https:\\\/\\\/www.entreculturas.org\\\/en\\\/\",\"name\":\"Entreculturas\",\"description\":\"\",\"publisher\":{\"@id\":\"https:\\\/\\\/www.entreculturas.org\\\/en\\\/#organization\"},\"alternateName\":\"Entreculturas\",\"potentialAction\":[{\"@type\":\"SearchAction\",\"target\":{\"@type\":\"EntryPoint\",\"urlTemplate\":\"https:\\\/\\\/www.entreculturas.org\\\/en\\\/?s={search_term_string}\"},\"query-input\":{\"@type\":\"PropertyValueSpecification\",\"valueRequired\":true,\"valueName\":\"search_term_string\"}}],\"inLanguage\":\"en-US\"},{\"@type\":\"Organization\",\"@id\":\"https:\\\/\\\/www.entreculturas.org\\\/en\\\/#organization\",\"name\":\"Entreculturas\",\"url\":\"https:\\\/\\\/www.entreculturas.org\\\/en\\\/\",\"logo\":{\"@type\":\"ImageObject\",\"inLanguage\":\"en-US\",\"@id\":\"https:\\\/\\\/www.entreculturas.org\\\/en\\\/#\\\/schema\\\/logo\\\/image\\\/\",\"url\":\"https:\\\/\\\/www.entreculturas.org\\\/wp-content\\\/uploads\\\/2025\\\/10\\\/ESP.svg\",\"contentUrl\":\"https:\\\/\\\/www.entreculturas.org\\\/wp-content\\\/uploads\\\/2025\\\/10\\\/ESP.svg\",\"caption\":\"Entreculturas\"},\"image\":{\"@id\":\"https:\\\/\\\/www.entreculturas.org\\\/en\\\/#\\\/schema\\\/logo\\\/image\\\/\"},\"sameAs\":[\"https:\\\/\\\/www.facebook.com\\\/entreculturas\",\"https:\\\/\\\/x.com\\\/Entreculturas\",\"https:\\\/\\\/www.instagram.com\\\/entreculturas\\\/\",\"https:\\\/\\\/www.youtube.com\\\/user\\\/entreculturasvideo\",\"https:\\\/\\\/www.linkedin.com\\\/company\\\/fundacion-entreculturas-ngdo\\\/\",\"https:\\\/\\\/www.flickr.com\\\/photos\\\/98455522@N04\\\/albums\\\/\"]}]}<\/script>\n<!-- \/ Yoast SEO Premium plugin. -->","yoast_head_json":{"title":"Julia Navarro y Jos\u00e9 Mar\u00eda Olaizola conversan sobre libros","description":"Julia Navarro conversa con Jos\u00e9 Mar\u00eda Rodr\u00edguez Olaizola SJ en el podcast sobre el D\u00eda Internacional del Libro.","robots":{"index":"index","follow":"follow","max-snippet":"max-snippet:-1","max-image-preview":"max-image-preview:large","max-video-preview":"max-video-preview:-1"},"canonical":"https:\/\/www.entreculturas.org\/en\/podcast\/julia-navarro-podcast-ong-entreculturas-olaizola\/","og_locale":"en_US","og_type":"article","og_title":"\"Las redes sociales permiten asomarte a una pluralidad de voces a la vez que favorecen la polarizaci\u00f3n\"","og_description":"Julia Navarro conversa con Jos\u00e9 Mar\u00eda Rodr\u00edguez Olaizola SJ en el podcast sobre el D\u00eda Internacional del Libro.","og_url":"https:\/\/www.entreculturas.org\/en\/podcast\/julia-navarro-podcast-ong-entreculturas-olaizola\/","og_site_name":"Entreculturas","article_publisher":"https:\/\/www.facebook.com\/entreculturas","article_modified_time":"2024-11-08T15:02:35+00:00","og_image":[{"width":1980,"height":1320,"url":"https:\/\/www.entreculturas.org\/wp-content\/uploads\/2024\/04\/DSC04349-1.jpg","type":"image\/jpeg"}],"twitter_card":"summary_large_image","twitter_site":"@Entreculturas","schema":{"@context":"https:\/\/schema.org","@graph":[{"@type":"WebPage","@id":"https:\/\/www.entreculturas.org\/en\/podcast\/julia-navarro-podcast-ong-entreculturas-olaizola\/","url":"https:\/\/www.entreculturas.org\/en\/podcast\/julia-navarro-podcast-ong-entreculturas-olaizola\/","name":"Julia Navarro y Jos\u00e9 Mar\u00eda Olaizola conversan sobre libros","isPartOf":{"@id":"https:\/\/www.entreculturas.org\/en\/#website"},"primaryImageOfPage":{"@id":"https:\/\/www.entreculturas.org\/en\/podcast\/julia-navarro-podcast-ong-entreculturas-olaizola\/#primaryimage"},"image":{"@id":"https:\/\/www.entreculturas.org\/en\/podcast\/julia-navarro-podcast-ong-entreculturas-olaizola\/#primaryimage"},"thumbnailUrl":"https:\/\/www.entreculturas.org\/wp-content\/uploads\/2024\/04\/DSC04349-1.jpg","datePublished":"2024-04-24T08:10:33+00:00","dateModified":"2024-11-08T15:02:35+00:00","description":"Julia Navarro conversa con Jos\u00e9 Mar\u00eda Rodr\u00edguez Olaizola SJ en el podcast sobre el D\u00eda Internacional del Libro.","breadcrumb":{"@id":"https:\/\/www.entreculturas.org\/en\/podcast\/julia-navarro-podcast-ong-entreculturas-olaizola\/#breadcrumb"},"inLanguage":"en-US","potentialAction":[{"@type":"ReadAction","target":["https:\/\/www.entreculturas.org\/en\/podcast\/julia-navarro-podcast-ong-entreculturas-olaizola\/"]}]},{"@type":"ImageObject","inLanguage":"en-US","@id":"https:\/\/www.entreculturas.org\/en\/podcast\/julia-navarro-podcast-ong-entreculturas-olaizola\/#primaryimage","url":"https:\/\/www.entreculturas.org\/wp-content\/uploads\/2024\/04\/DSC04349-1.jpg","contentUrl":"https:\/\/www.entreculturas.org\/wp-content\/uploads\/2024\/04\/DSC04349-1.jpg","width":1980,"height":1320,"caption":"Julia Navarro conversa con Jos\u00e9 Mar\u00eda Olaizola sobre libros"},{"@type":"BreadcrumbList","@id":"https:\/\/www.entreculturas.org\/en\/podcast\/julia-navarro-podcast-ong-entreculturas-olaizola\/#breadcrumb","itemListElement":[{"@type":"ListItem","position":1,"name":"Home","item":"https:\/\/www.entreculturas.org\/en\/"},{"@type":"ListItem","position":2,"name":"Podcast Julia Navarro","item":"https:\/\/www.entreculturas.org\/en\/podcasts\/"},{"@type":"ListItem","position":3,"name":"&#8220;Las redes sociales permiten asomarte a una pluralidad de voces a la vez que favorecen la polarizaci\u00f3n&#8221;"}]},{"@type":"WebSite","@id":"https:\/\/www.entreculturas.org\/en\/#website","url":"https:\/\/www.entreculturas.org\/en\/","name":"Entreculturas","description":"","publisher":{"@id":"https:\/\/www.entreculturas.org\/en\/#organization"},"alternateName":"Entreculturas","potentialAction":[{"@type":"SearchAction","target":{"@type":"EntryPoint","urlTemplate":"https:\/\/www.entreculturas.org\/en\/?s={search_term_string}"},"query-input":{"@type":"PropertyValueSpecification","valueRequired":true,"valueName":"search_term_string"}}],"inLanguage":"en-US"},{"@type":"Organization","@id":"https:\/\/www.entreculturas.org\/en\/#organization","name":"Entreculturas","url":"https:\/\/www.entreculturas.org\/en\/","logo":{"@type":"ImageObject","inLanguage":"en-US","@id":"https:\/\/www.entreculturas.org\/en\/#\/schema\/logo\/image\/","url":"https:\/\/www.entreculturas.org\/wp-content\/uploads\/2025\/10\/ESP.svg","contentUrl":"https:\/\/www.entreculturas.org\/wp-content\/uploads\/2025\/10\/ESP.svg","caption":"Entreculturas"},"image":{"@id":"https:\/\/www.entreculturas.org\/en\/#\/schema\/logo\/image\/"},"sameAs":["https:\/\/www.facebook.com\/entreculturas","https:\/\/x.com\/Entreculturas","https:\/\/www.instagram.com\/entreculturas\/","https:\/\/www.youtube.com\/user\/entreculturasvideo","https:\/\/www.linkedin.com\/company\/fundacion-entreculturas-ngdo\/","https:\/\/www.flickr.com\/photos\/98455522@N04\/albums\/"]}]}},"_links":{"self":[{"href":"https:\/\/www.entreculturas.org\/en\/wp-json\/wp\/v2\/podcast\/24082","targetHints":{"allow":["GET"]}}],"collection":[{"href":"https:\/\/www.entreculturas.org\/en\/wp-json\/wp\/v2\/podcast"}],"about":[{"href":"https:\/\/www.entreculturas.org\/en\/wp-json\/wp\/v2\/types\/podcast"}],"wp:featuredmedia":[{"embeddable":true,"href":"https:\/\/www.entreculturas.org\/en\/wp-json\/wp\/v2\/media\/24087"}],"wp:attachment":[{"href":"https:\/\/www.entreculturas.org\/en\/wp-json\/wp\/v2\/media?parent=24082"}],"wp:term":[{"taxonomy":"category","embeddable":true,"href":"https:\/\/www.entreculturas.org\/en\/wp-json\/wp\/v2\/categories?post=24082"},{"taxonomy":"post_tag","embeddable":true,"href":"https:\/\/www.entreculturas.org\/en\/wp-json\/wp\/v2\/tags?post=24082"}],"curies":[{"name":"wp","href":"https:\/\/api.w.org\/{rel}","templated":true}]}}