{"id":21490,"date":"2024-01-18T11:51:23","date_gmt":"2024-01-18T10:51:23","guid":{"rendered":"https:\/\/www.entreculturas.org\/podcast\/voices-for-a-cause-historical-memory-in-el-salvador\/"},"modified":"2024-02-23T10:14:27","modified_gmt":"2024-02-23T09:14:27","slug":"voices-for-a-cause-historical-memory-in-el-salvador","status":"publish","type":"podcast","link":"https:\/\/www.entreculturas.org\/en\/podcast\/voices-for-a-cause-historical-memory-in-el-salvador\/","title":{"rendered":"Voices for a Cause: Historical Memory in El Salvador"},"content":{"rendered":"\n<p>This week on Voices for a Cause, the writer  <strong>Julia Navarro talks with \u00d3scar Mel\u00e9ndez,<\/strong>  Head of the Historical Collection and researcher at the Universidad Centroamericana Jos\u00e9 Sime\u00f3n Ca\u00f1as, better known as the UCA.<strong>.  <\/strong>With him, we approach the important role of the historical memory center on the Salvadoran Civil War that took place between 1979 and 1992.<\/p>\n\n<p>Oscar tells us about this Archive specialized in the Salvadoran armed conflict, which has thirty thousand documentary pieces, compiled since the 1970s at the initiative of Jesuit Ignacio Ellacur\u00eda. In Oscar&#8217;s words, <strong>&#8220;these memory centers are important because they lead us to processes of reconciliation<\/strong>, the search for peace and political dialogue, so necessary in Salvadoran and Central American society today&#8221;.<\/p>\n\n<p>In addition, Oscar and Julia also<strong> <\/strong>discuss what <strong>El Salvador<\/strong> should <strong>learn from its history so as not to repeat the same mistakes<\/strong>, emphasizing the idea that any totalitarian regime<strong> <\/strong>&#8220;It only leads to the strengthening of different manifestations of violence, such as the one experienced in El Salvador, when accompanied by economic and political crises.  <\/p>\n\n<p>&#8220;Finally, &#8216;<strong>Voices for a Cause&#8217; is Entreculturas&#8217; weekly podcast<\/strong>. The programs are broadcasted every Thursday on our <a href=\"https:\/\/www.youtube.com\/c\/EntreculturasOrg915902672\">Youtube<\/a> channel, on <a href=\"https:\/\/open.spotify.com\/show\/6dS5JsqnsWrnHL1gwead1A\">Spotify<\/a>, on <a href=\"https:\/\/www.ivoox.com\/perfil-entreculturas_a8_listener_28185270_1.html\">Ivoox<\/a>, and on <a href=\"https:\/\/podcasts.apple.com\/us\/podcast\/entreculturas-voces-por-una-causa\/id1621485462\">Apple Podcast<\/a>.<\/p>\n","protected":false},"excerpt":{"rendered":"<p>This week on Voices for a Cause, writer Julia Navarro talks with \u00d3scar Mel\u00e9ndez, Head of the Historical Collection and researcher at the Universidad Centroamericana Jos\u00e9 Sime\u00f3n Ca\u00f1as, better known as the UCA. With him, we approach the important role of the historical memory center on the Salvadoran Civil War that took place between 1979 and 1992.<\/p>\n","protected":false},"featured_media":19980,"template":"","meta":{"_acf_changed":false},"categories":[],"tags":[],"class_list":["post-21490","podcast","type-podcast","status-publish","has-post-thumbnail","hentry"],"acf":[],"yoast_head":"<!-- This site is optimized with the Yoast SEO Premium plugin v21.6 (Yoast SEO v27.5) - https:\/\/yoast.com\/product\/yoast-seo-premium-wordpress\/ -->\n<title>Voices for a Cause: Historical Memory in El Salvador - Entreculturas<\/title>\n<meta name=\"robots\" content=\"index, follow, max-snippet:-1, max-image-preview:large, max-video-preview:-1\" \/>\n<link rel=\"canonical\" href=\"https:\/\/www.entreculturas.org\/en\/podcast\/voices-for-a-cause-historical-memory-in-el-salvador\/\" \/>\n<meta property=\"og:locale\" content=\"en_US\" \/>\n<meta property=\"og:type\" content=\"article\" \/>\n<meta property=\"og:title\" content=\"Voices for a Cause: Historical Memory in El Salvador\" \/>\n<meta property=\"og:description\" content=\"This week on Voices for a Cause, writer Julia Navarro talks with \u00d3scar Mel\u00e9ndez, Head of the Historical Collection and researcher at the Universidad Centroamericana Jos\u00e9 Sime\u00f3n Ca\u00f1as, better known as the UCA. With him, we approach the important role of the historical memory center on the Salvadoran Civil War that took place between 1979 and 1992.\" \/>\n<meta property=\"og:url\" content=\"https:\/\/www.entreculturas.org\/en\/podcast\/voices-for-a-cause-historical-memory-in-el-salvador\/\" \/>\n<meta property=\"og:site_name\" content=\"Entreculturas\" \/>\n<meta property=\"article:publisher\" content=\"https:\/\/www.facebook.com\/entreculturas\" \/>\n<meta property=\"article:modified_time\" content=\"2024-02-23T09:14:27+00:00\" \/>\n<meta property=\"og:image\" content=\"https:\/\/www.entreculturas.org\/wp-content\/uploads\/2024\/01\/Oscar-Melendez-Editada-900-e1705575278279.jpg\" \/>\n\t<meta property=\"og:image:width\" content=\"898\" \/>\n\t<meta property=\"og:image:height\" content=\"553\" \/>\n\t<meta property=\"og:image:type\" content=\"image\/jpeg\" \/>\n<meta name=\"twitter:card\" content=\"summary_large_image\" \/>\n<meta name=\"twitter:site\" content=\"@Entreculturas\" \/>\n<script type=\"application\/ld+json\" class=\"yoast-schema-graph\">{\"@context\":\"https:\\\/\\\/schema.org\",\"@graph\":[{\"@type\":\"WebPage\",\"@id\":\"https:\\\/\\\/www.entreculturas.org\\\/en\\\/podcast\\\/voices-for-a-cause-historical-memory-in-el-salvador\\\/\",\"url\":\"https:\\\/\\\/www.entreculturas.org\\\/en\\\/podcast\\\/voices-for-a-cause-historical-memory-in-el-salvador\\\/\",\"name\":\"Voices for a Cause: Historical Memory in El Salvador - Entreculturas\",\"isPartOf\":{\"@id\":\"https:\\\/\\\/www.entreculturas.org\\\/en\\\/#website\"},\"primaryImageOfPage\":{\"@id\":\"https:\\\/\\\/www.entreculturas.org\\\/en\\\/podcast\\\/voices-for-a-cause-historical-memory-in-el-salvador\\\/#primaryimage\"},\"image\":{\"@id\":\"https:\\\/\\\/www.entreculturas.org\\\/en\\\/podcast\\\/voices-for-a-cause-historical-memory-in-el-salvador\\\/#primaryimage\"},\"thumbnailUrl\":\"https:\\\/\\\/www.entreculturas.org\\\/wp-content\\\/uploads\\\/2024\\\/01\\\/Oscar-Melendez-Editada-900-e1705575278279.jpg\",\"datePublished\":\"2024-01-18T10:51:23+00:00\",\"dateModified\":\"2024-02-23T09:14:27+00:00\",\"breadcrumb\":{\"@id\":\"https:\\\/\\\/www.entreculturas.org\\\/en\\\/podcast\\\/voices-for-a-cause-historical-memory-in-el-salvador\\\/#breadcrumb\"},\"inLanguage\":\"en-US\",\"potentialAction\":[{\"@type\":\"ReadAction\",\"target\":[\"https:\\\/\\\/www.entreculturas.org\\\/en\\\/podcast\\\/voices-for-a-cause-historical-memory-in-el-salvador\\\/\"]}]},{\"@type\":\"ImageObject\",\"inLanguage\":\"en-US\",\"@id\":\"https:\\\/\\\/www.entreculturas.org\\\/en\\\/podcast\\\/voices-for-a-cause-historical-memory-in-el-salvador\\\/#primaryimage\",\"url\":\"https:\\\/\\\/www.entreculturas.org\\\/wp-content\\\/uploads\\\/2024\\\/01\\\/Oscar-Melendez-Editada-900-e1705575278279.jpg\",\"contentUrl\":\"https:\\\/\\\/www.entreculturas.org\\\/wp-content\\\/uploads\\\/2024\\\/01\\\/Oscar-Melendez-Editada-900-e1705575278279.jpg\",\"width\":898,\"height\":553,\"caption\":\"Julia Navarro conversa el podcast con \u00d3scar Mel\u00e9ndez sobre la importancia de la memoria hist\u00f3rica en la Guerra Civil salvadore\u00f1a.\"},{\"@type\":\"BreadcrumbList\",\"@id\":\"https:\\\/\\\/www.entreculturas.org\\\/en\\\/podcast\\\/voices-for-a-cause-historical-memory-in-el-salvador\\\/#breadcrumb\",\"itemListElement\":[{\"@type\":\"ListItem\",\"position\":1,\"name\":\"Home\",\"item\":\"https:\\\/\\\/www.entreculturas.org\\\/en\\\/\"},{\"@type\":\"ListItem\",\"position\":2,\"name\":\"Podcast Julia Navarro\",\"item\":\"https:\\\/\\\/www.entreculturas.org\\\/en\\\/podcasts\\\/\"},{\"@type\":\"ListItem\",\"position\":3,\"name\":\"Voices for a Cause: Historical Memory in El Salvador\"}]},{\"@type\":\"WebSite\",\"@id\":\"https:\\\/\\\/www.entreculturas.org\\\/en\\\/#website\",\"url\":\"https:\\\/\\\/www.entreculturas.org\\\/en\\\/\",\"name\":\"Entreculturas\",\"description\":\"\",\"publisher\":{\"@id\":\"https:\\\/\\\/www.entreculturas.org\\\/en\\\/#organization\"},\"alternateName\":\"Entreculturas\",\"potentialAction\":[{\"@type\":\"SearchAction\",\"target\":{\"@type\":\"EntryPoint\",\"urlTemplate\":\"https:\\\/\\\/www.entreculturas.org\\\/en\\\/?s={search_term_string}\"},\"query-input\":{\"@type\":\"PropertyValueSpecification\",\"valueRequired\":true,\"valueName\":\"search_term_string\"}}],\"inLanguage\":\"en-US\"},{\"@type\":\"Organization\",\"@id\":\"https:\\\/\\\/www.entreculturas.org\\\/en\\\/#organization\",\"name\":\"Entreculturas\",\"url\":\"https:\\\/\\\/www.entreculturas.org\\\/en\\\/\",\"logo\":{\"@type\":\"ImageObject\",\"inLanguage\":\"en-US\",\"@id\":\"https:\\\/\\\/www.entreculturas.org\\\/en\\\/#\\\/schema\\\/logo\\\/image\\\/\",\"url\":\"https:\\\/\\\/www.entreculturas.org\\\/wp-content\\\/uploads\\\/2025\\\/10\\\/ESP.svg\",\"contentUrl\":\"https:\\\/\\\/www.entreculturas.org\\\/wp-content\\\/uploads\\\/2025\\\/10\\\/ESP.svg\",\"caption\":\"Entreculturas\"},\"image\":{\"@id\":\"https:\\\/\\\/www.entreculturas.org\\\/en\\\/#\\\/schema\\\/logo\\\/image\\\/\"},\"sameAs\":[\"https:\\\/\\\/www.facebook.com\\\/entreculturas\",\"https:\\\/\\\/x.com\\\/Entreculturas\",\"https:\\\/\\\/www.instagram.com\\\/entreculturas\\\/\",\"https:\\\/\\\/www.youtube.com\\\/user\\\/entreculturasvideo\",\"https:\\\/\\\/www.linkedin.com\\\/company\\\/fundacion-entreculturas-ngdo\\\/\",\"https:\\\/\\\/www.flickr.com\\\/photos\\\/98455522@N04\\\/albums\\\/\"]}]}<\/script>\n<!-- \/ Yoast SEO Premium plugin. -->","yoast_head_json":{"title":"Voices for a Cause: Historical Memory in El Salvador - Entreculturas","robots":{"index":"index","follow":"follow","max-snippet":"max-snippet:-1","max-image-preview":"max-image-preview:large","max-video-preview":"max-video-preview:-1"},"canonical":"https:\/\/www.entreculturas.org\/en\/podcast\/voices-for-a-cause-historical-memory-in-el-salvador\/","og_locale":"en_US","og_type":"article","og_title":"Voices for a Cause: Historical Memory in El Salvador","og_description":"This week on Voices for a Cause, writer Julia Navarro talks with \u00d3scar Mel\u00e9ndez, Head of the Historical Collection and researcher at the Universidad Centroamericana Jos\u00e9 Sime\u00f3n Ca\u00f1as, better known as the UCA. With him, we approach the important role of the historical memory center on the Salvadoran Civil War that took place between 1979 and 1992.","og_url":"https:\/\/www.entreculturas.org\/en\/podcast\/voices-for-a-cause-historical-memory-in-el-salvador\/","og_site_name":"Entreculturas","article_publisher":"https:\/\/www.facebook.com\/entreculturas","article_modified_time":"2024-02-23T09:14:27+00:00","og_image":[{"width":898,"height":553,"url":"https:\/\/www.entreculturas.org\/wp-content\/uploads\/2024\/01\/Oscar-Melendez-Editada-900-e1705575278279.jpg","type":"image\/jpeg"}],"twitter_card":"summary_large_image","twitter_site":"@Entreculturas","schema":{"@context":"https:\/\/schema.org","@graph":[{"@type":"WebPage","@id":"https:\/\/www.entreculturas.org\/en\/podcast\/voices-for-a-cause-historical-memory-in-el-salvador\/","url":"https:\/\/www.entreculturas.org\/en\/podcast\/voices-for-a-cause-historical-memory-in-el-salvador\/","name":"Voices for a Cause: Historical Memory in El Salvador - Entreculturas","isPartOf":{"@id":"https:\/\/www.entreculturas.org\/en\/#website"},"primaryImageOfPage":{"@id":"https:\/\/www.entreculturas.org\/en\/podcast\/voices-for-a-cause-historical-memory-in-el-salvador\/#primaryimage"},"image":{"@id":"https:\/\/www.entreculturas.org\/en\/podcast\/voices-for-a-cause-historical-memory-in-el-salvador\/#primaryimage"},"thumbnailUrl":"https:\/\/www.entreculturas.org\/wp-content\/uploads\/2024\/01\/Oscar-Melendez-Editada-900-e1705575278279.jpg","datePublished":"2024-01-18T10:51:23+00:00","dateModified":"2024-02-23T09:14:27+00:00","breadcrumb":{"@id":"https:\/\/www.entreculturas.org\/en\/podcast\/voices-for-a-cause-historical-memory-in-el-salvador\/#breadcrumb"},"inLanguage":"en-US","potentialAction":[{"@type":"ReadAction","target":["https:\/\/www.entreculturas.org\/en\/podcast\/voices-for-a-cause-historical-memory-in-el-salvador\/"]}]},{"@type":"ImageObject","inLanguage":"en-US","@id":"https:\/\/www.entreculturas.org\/en\/podcast\/voices-for-a-cause-historical-memory-in-el-salvador\/#primaryimage","url":"https:\/\/www.entreculturas.org\/wp-content\/uploads\/2024\/01\/Oscar-Melendez-Editada-900-e1705575278279.jpg","contentUrl":"https:\/\/www.entreculturas.org\/wp-content\/uploads\/2024\/01\/Oscar-Melendez-Editada-900-e1705575278279.jpg","width":898,"height":553,"caption":"Julia Navarro conversa el podcast con \u00d3scar Mel\u00e9ndez sobre la importancia de la memoria hist\u00f3rica en la Guerra Civil salvadore\u00f1a."},{"@type":"BreadcrumbList","@id":"https:\/\/www.entreculturas.org\/en\/podcast\/voices-for-a-cause-historical-memory-in-el-salvador\/#breadcrumb","itemListElement":[{"@type":"ListItem","position":1,"name":"Home","item":"https:\/\/www.entreculturas.org\/en\/"},{"@type":"ListItem","position":2,"name":"Podcast Julia Navarro","item":"https:\/\/www.entreculturas.org\/en\/podcasts\/"},{"@type":"ListItem","position":3,"name":"Voices for a Cause: Historical Memory in El Salvador"}]},{"@type":"WebSite","@id":"https:\/\/www.entreculturas.org\/en\/#website","url":"https:\/\/www.entreculturas.org\/en\/","name":"Entreculturas","description":"","publisher":{"@id":"https:\/\/www.entreculturas.org\/en\/#organization"},"alternateName":"Entreculturas","potentialAction":[{"@type":"SearchAction","target":{"@type":"EntryPoint","urlTemplate":"https:\/\/www.entreculturas.org\/en\/?s={search_term_string}"},"query-input":{"@type":"PropertyValueSpecification","valueRequired":true,"valueName":"search_term_string"}}],"inLanguage":"en-US"},{"@type":"Organization","@id":"https:\/\/www.entreculturas.org\/en\/#organization","name":"Entreculturas","url":"https:\/\/www.entreculturas.org\/en\/","logo":{"@type":"ImageObject","inLanguage":"en-US","@id":"https:\/\/www.entreculturas.org\/en\/#\/schema\/logo\/image\/","url":"https:\/\/www.entreculturas.org\/wp-content\/uploads\/2025\/10\/ESP.svg","contentUrl":"https:\/\/www.entreculturas.org\/wp-content\/uploads\/2025\/10\/ESP.svg","caption":"Entreculturas"},"image":{"@id":"https:\/\/www.entreculturas.org\/en\/#\/schema\/logo\/image\/"},"sameAs":["https:\/\/www.facebook.com\/entreculturas","https:\/\/x.com\/Entreculturas","https:\/\/www.instagram.com\/entreculturas\/","https:\/\/www.youtube.com\/user\/entreculturasvideo","https:\/\/www.linkedin.com\/company\/fundacion-entreculturas-ngdo\/","https:\/\/www.flickr.com\/photos\/98455522@N04\/albums\/"]}]}},"_links":{"self":[{"href":"https:\/\/www.entreculturas.org\/en\/wp-json\/wp\/v2\/podcast\/21490","targetHints":{"allow":["GET"]}}],"collection":[{"href":"https:\/\/www.entreculturas.org\/en\/wp-json\/wp\/v2\/podcast"}],"about":[{"href":"https:\/\/www.entreculturas.org\/en\/wp-json\/wp\/v2\/types\/podcast"}],"wp:featuredmedia":[{"embeddable":true,"href":"https:\/\/www.entreculturas.org\/en\/wp-json\/wp\/v2\/media\/19980"}],"wp:attachment":[{"href":"https:\/\/www.entreculturas.org\/en\/wp-json\/wp\/v2\/media?parent=21490"}],"wp:term":[{"taxonomy":"category","embeddable":true,"href":"https:\/\/www.entreculturas.org\/en\/wp-json\/wp\/v2\/categories?post=21490"},{"taxonomy":"post_tag","embeddable":true,"href":"https:\/\/www.entreculturas.org\/en\/wp-json\/wp\/v2\/tags?post=21490"}],"curies":[{"name":"wp","href":"https:\/\/api.w.org\/{rel}","templated":true}]}}