{"id":11246,"date":"2024-01-11T12:41:22","date_gmt":"2024-01-11T11:41:22","guid":{"rendered":"https:\/\/www.entreculturas.org\/?post_type=podcast&#038;p=11246"},"modified":"2024-11-08T14:48:31","modified_gmt":"2024-11-08T13:48:31","slug":"julia-navarro-podcast-ong-entreculturas-carrera-soli","status":"publish","type":"podcast","link":"https:\/\/www.entreculturas.org\/en\/podcast\/julia-navarro-podcast-ong-entreculturas-carrera-soli\/","title":{"rendered":"Julia Navarro llama a participar en la 13\u00aa edici\u00f3n de \u2018Corre por una Causa&#8217;"},"content":{"rendered":"\n<p>En este cap\u00edtulo de nuestro podcast <a href=\"https:\/\/www.entreculturas.org\/podcast\/\">Voces por una Causa<\/a>, <strong>Julia Navarro conversa con Ana Mar\u00eda Avella, <\/strong>T\u00e9cnica de Empresas y Responsabilidad Social Corporativa de Entreculturas,<strong> y con Asunci\u00f3n Taboada, <\/strong>responsable de Acci\u00f3n Humanitaria de Entreculturas sobre <a href=\"https:\/\/correporunacausa.org\/\"><strong>Corre por una Causa<\/strong><\/a>, la carrera solidaria organizada por las ONG Entreculturas y <a href=\"https:\/\/www.alboan.org\/es\">Alboan <\/a>que se lleva celebrando desde 2011.\u00a0<\/p>\n\n\n\n<p>A partir de febrero se celebrar\u00e1 la 13\u00aa edici\u00f3n, que tendr\u00e1 lugar de manera presencial en <strong>Bilbao, Madrid, Le\u00f3n, Valladolid, Logro\u00f1o, Sevilla, Tudela, \u00dabeda, Vitoria, A Coru\u00f1a, Pamplona, Zaragoza Y Barcelona.<\/strong><\/p>\n\n\n\n<p><strong>El objetivo de esta edici\u00f3n es defender el derecho a la educaci\u00f3n de los ni\u00f1os y ni\u00f1as que viven en situaci\u00f3n de refugio o desplazamiento forzoso<\/strong>. Para ello, los fondos recaudados con las carreras ir\u00e1n destinados a nuestros proyectos en pa\u00edses como Ucrania, Rep\u00fablica Centroafricana o Colombia, que contribuyen a garantizar al alumnado un espacio seguro en el que poder jugar, formarse y crecer lejos de la violencia.<\/p>\n\n\n\n<p>En palabras de Ana Mar\u00eda, &#8216;<a href=\"https:\/\/correporunacausa.org\/\">Corre por una Causa<\/a>\u2019 <strong>es un evento muy bonito que muestra c\u00f3mo las personas siempre est\u00e1n dispuestas a contribuir<\/strong>, colaborar y apoyar iniciativas solidarias, poniendo su granito de arena desde sus distintos roles\u201d. Por su parte, Asunci\u00f3n profundiz\u00f3 en el papel que tiene Entreculturas en los distintos pa\u00edses a los que ir\u00e1n destinados los fondos recaudados, haciendo hincapi\u00e9 en el rol que tiene la ONG en Ucrania, donde \u201cse act\u00faa apoyando a nuestro socio local, el Servicio Jesuita a Refugiados\u201d.\u00a0<\/p>\n\n\n\n<h2 class=\"wp-block-heading\" id=\"h-que-es-voces-por-una-causa-con-julia-navarro\"><strong>\u00bfQu\u00e9 es \u2018Voces por una Causa\u2019 con Julia Navarro?<\/strong><\/h2>\n\n\n\n<p>Presentado por la escritora y periodista Julia Navarro, <a href=\"https:\/\/www.entreculturas.org\/podcast\/\"><strong>\u2018Voces por una causa\u2019<\/strong><\/a><strong> es el podcast semanal de la ONG Entreculturas<\/strong> que explora cuestiones sociales, medioambientales y culturales a trav\u00e9s de testimonios en primera persona. Los programas se emiten todos los jueves en nuestro canal de <a href=\"https:\/\/www.youtube.com\/c\/EntreculturasOrg915902672\">Youtube<\/a>, en <a href=\"https:\/\/open.spotify.com\/show\/6dS5JsqnsWrnHL1gwead1A\">Spotify<\/a>, en <a href=\"https:\/\/www.ivoox.com\/perfil-entreculturas_a8_listener_28185270_1.html\">Ivoox<\/a>, y en <a href=\"https:\/\/podcasts.apple.com\/us\/podcast\/entreculturas-voces-por-una-causa\/id1621485462\">Apple Podcast<\/a>.<\/p>\n\n\n\n<iframe style=\"border-radius:12px\" src=\"https:\/\/open.spotify.com\/embed\/episode\/1juAzE2yNax8mS2i0SddtK?utm_source=generator\" width=\"100%\" height=\"352\" frameBorder=\"0\" allowfullscreen=\"\" allow=\"autoplay; clipboard-write; encrypted-media; fullscreen; picture-in-picture\" loading=\"lazy\"><\/iframe>\n","protected":false},"excerpt":{"rendered":"<p>En este cap\u00edtulo de nuestro podcast Voces por una Causa, Julia Navarro conversa con Ana Mar\u00eda Avella, T\u00e9cnica de Empresas y Responsabilidad Social Corporativa de Entreculturas, y con Asunci\u00f3n Taboada, responsable de Acci\u00f3n Humanitaria de Entreculturas sobre Corre por una Causa, la carrera solidaria organizada por las ONG Entreculturas y Alboan que se lleva celebrando desde 2011.\u00a0 A partir de febrero se celebrar\u00e1 la 13\u00aa edici\u00f3n, que tendr\u00e1 lugar de manera presencial en Bilbao, Madrid, Le\u00f3n, Valladolid, Logro\u00f1o, Sevilla, Tudela, \u00dabeda, Vitoria, A Coru\u00f1a, Pamplona, Zaragoza Y Barcelona. El objetivo de esta edici\u00f3n es defender el derecho a la educaci\u00f3n de los ni\u00f1os y ni\u00f1as que viven en situaci\u00f3n de refugio o desplazamiento forzoso. Para ello, los fondos recaudados con las carreras ir\u00e1n destinados a nuestros proyectos en pa\u00edses como Ucrania, Rep\u00fablica Centroafricana o Colombia, que contribuyen a garantizar al alumnado un espacio seguro en el que poder jugar, formarse [&hellip;]<\/p>\n","protected":false},"featured_media":11248,"template":"single-podcast","meta":{"_acf_changed":false},"categories":[],"tags":[449],"class_list":["post-11246","podcast","type-podcast","status-publish","has-post-thumbnail","hentry","tag-corre-por-una-causa"],"acf":[],"yoast_head":"<!-- This site is optimized with the Yoast SEO Premium plugin v21.6 (Yoast SEO v27.5) - https:\/\/yoast.com\/product\/yoast-seo-premium-wordpress\/ -->\n<title>Julia Navarro habla sobre la carrera solidaria Corre por una Causa<\/title>\n<meta name=\"description\" content=\"En el podcast Julia Navarro conversa con Ana Mar\u00eda Avella y Asunci\u00f3n Taboada sobre la carrera solidaria de Entreculturas, Corre por una Causa\" \/>\n<meta name=\"robots\" content=\"index, follow, max-snippet:-1, max-image-preview:large, max-video-preview:-1\" \/>\n<link rel=\"canonical\" href=\"https:\/\/www.entreculturas.org\/en\/podcast\/julia-navarro-podcast-ong-entreculturas-carrera-soli\/\" \/>\n<meta property=\"og:locale\" content=\"en_US\" \/>\n<meta property=\"og:type\" content=\"article\" \/>\n<meta property=\"og:title\" content=\"Julia Navarro llama a participar en la 13\u00aa edici\u00f3n de \u2018Corre por una Causa&#039;\" \/>\n<meta property=\"og:description\" content=\"En el podcast Julia Navarro conversa con Ana Mar\u00eda Avella y Asunci\u00f3n Taboada sobre la carrera solidaria de Entreculturas, Corre por una Causa\" \/>\n<meta property=\"og:url\" content=\"https:\/\/www.entreculturas.org\/en\/podcast\/julia-navarro-podcast-ong-entreculturas-carrera-soli\/\" \/>\n<meta property=\"og:site_name\" content=\"Entreculturas\" \/>\n<meta property=\"article:publisher\" content=\"https:\/\/www.facebook.com\/entreculturas\" \/>\n<meta property=\"article:modified_time\" content=\"2024-11-08T13:48:31+00:00\" \/>\n<meta property=\"og:image\" content=\"https:\/\/www.entreculturas.org\/wp-content\/uploads\/2024\/01\/Imagen-oficial-Corre-por-una-Causa24.jpg\" \/>\n\t<meta property=\"og:image:width\" content=\"800\" \/>\n\t<meta property=\"og:image:height\" content=\"533\" \/>\n\t<meta property=\"og:image:type\" content=\"image\/jpeg\" \/>\n<meta name=\"twitter:card\" content=\"summary_large_image\" \/>\n<meta name=\"twitter:site\" content=\"@Entreculturas\" \/>\n<script type=\"application\/ld+json\" class=\"yoast-schema-graph\">{\"@context\":\"https:\\\/\\\/schema.org\",\"@graph\":[{\"@type\":\"WebPage\",\"@id\":\"https:\\\/\\\/www.entreculturas.org\\\/en\\\/podcast\\\/julia-navarro-podcast-ong-entreculturas-carrera-soli\\\/\",\"url\":\"https:\\\/\\\/www.entreculturas.org\\\/en\\\/podcast\\\/julia-navarro-podcast-ong-entreculturas-carrera-soli\\\/\",\"name\":\"Julia Navarro habla sobre la carrera solidaria Corre por una Causa\",\"isPartOf\":{\"@id\":\"https:\\\/\\\/www.entreculturas.org\\\/en\\\/#website\"},\"primaryImageOfPage\":{\"@id\":\"https:\\\/\\\/www.entreculturas.org\\\/en\\\/podcast\\\/julia-navarro-podcast-ong-entreculturas-carrera-soli\\\/#primaryimage\"},\"image\":{\"@id\":\"https:\\\/\\\/www.entreculturas.org\\\/en\\\/podcast\\\/julia-navarro-podcast-ong-entreculturas-carrera-soli\\\/#primaryimage\"},\"thumbnailUrl\":\"https:\\\/\\\/www.entreculturas.org\\\/wp-content\\\/uploads\\\/2024\\\/01\\\/Imagen-oficial-Corre-por-una-Causa24.jpg\",\"datePublished\":\"2024-01-11T11:41:22+00:00\",\"dateModified\":\"2024-11-08T13:48:31+00:00\",\"description\":\"En el podcast Julia Navarro conversa con Ana Mar\u00eda Avella y Asunci\u00f3n Taboada sobre la carrera solidaria de Entreculturas, Corre por una Causa\",\"breadcrumb\":{\"@id\":\"https:\\\/\\\/www.entreculturas.org\\\/en\\\/podcast\\\/julia-navarro-podcast-ong-entreculturas-carrera-soli\\\/#breadcrumb\"},\"inLanguage\":\"en-US\",\"potentialAction\":[{\"@type\":\"ReadAction\",\"target\":[\"https:\\\/\\\/www.entreculturas.org\\\/en\\\/podcast\\\/julia-navarro-podcast-ong-entreculturas-carrera-soli\\\/\"]}]},{\"@type\":\"ImageObject\",\"inLanguage\":\"en-US\",\"@id\":\"https:\\\/\\\/www.entreculturas.org\\\/en\\\/podcast\\\/julia-navarro-podcast-ong-entreculturas-carrera-soli\\\/#primaryimage\",\"url\":\"https:\\\/\\\/www.entreculturas.org\\\/wp-content\\\/uploads\\\/2024\\\/01\\\/Imagen-oficial-Corre-por-una-Causa24.jpg\",\"contentUrl\":\"https:\\\/\\\/www.entreculturas.org\\\/wp-content\\\/uploads\\\/2024\\\/01\\\/Imagen-oficial-Corre-por-una-Causa24.jpg\",\"width\":800,\"height\":533,\"caption\":\"Julia Navarro\"},{\"@type\":\"BreadcrumbList\",\"@id\":\"https:\\\/\\\/www.entreculturas.org\\\/en\\\/podcast\\\/julia-navarro-podcast-ong-entreculturas-carrera-soli\\\/#breadcrumb\",\"itemListElement\":[{\"@type\":\"ListItem\",\"position\":1,\"name\":\"Home\",\"item\":\"https:\\\/\\\/www.entreculturas.org\\\/en\\\/\"},{\"@type\":\"ListItem\",\"position\":2,\"name\":\"Podcast Julia Navarro\",\"item\":\"https:\\\/\\\/www.entreculturas.org\\\/en\\\/podcasts\\\/\"},{\"@type\":\"ListItem\",\"position\":3,\"name\":\"Julia Navarro llama a participar en la 13\u00aa edici\u00f3n de \u2018Corre por una Causa&#8217;\"}]},{\"@type\":\"WebSite\",\"@id\":\"https:\\\/\\\/www.entreculturas.org\\\/en\\\/#website\",\"url\":\"https:\\\/\\\/www.entreculturas.org\\\/en\\\/\",\"name\":\"Entreculturas\",\"description\":\"\",\"publisher\":{\"@id\":\"https:\\\/\\\/www.entreculturas.org\\\/en\\\/#organization\"},\"alternateName\":\"Entreculturas\",\"potentialAction\":[{\"@type\":\"SearchAction\",\"target\":{\"@type\":\"EntryPoint\",\"urlTemplate\":\"https:\\\/\\\/www.entreculturas.org\\\/en\\\/?s={search_term_string}\"},\"query-input\":{\"@type\":\"PropertyValueSpecification\",\"valueRequired\":true,\"valueName\":\"search_term_string\"}}],\"inLanguage\":\"en-US\"},{\"@type\":\"Organization\",\"@id\":\"https:\\\/\\\/www.entreculturas.org\\\/en\\\/#organization\",\"name\":\"Entreculturas\",\"url\":\"https:\\\/\\\/www.entreculturas.org\\\/en\\\/\",\"logo\":{\"@type\":\"ImageObject\",\"inLanguage\":\"en-US\",\"@id\":\"https:\\\/\\\/www.entreculturas.org\\\/en\\\/#\\\/schema\\\/logo\\\/image\\\/\",\"url\":\"https:\\\/\\\/www.entreculturas.org\\\/wp-content\\\/uploads\\\/2025\\\/10\\\/ESP.svg\",\"contentUrl\":\"https:\\\/\\\/www.entreculturas.org\\\/wp-content\\\/uploads\\\/2025\\\/10\\\/ESP.svg\",\"caption\":\"Entreculturas\"},\"image\":{\"@id\":\"https:\\\/\\\/www.entreculturas.org\\\/en\\\/#\\\/schema\\\/logo\\\/image\\\/\"},\"sameAs\":[\"https:\\\/\\\/www.facebook.com\\\/entreculturas\",\"https:\\\/\\\/x.com\\\/Entreculturas\",\"https:\\\/\\\/www.instagram.com\\\/entreculturas\\\/\",\"https:\\\/\\\/www.youtube.com\\\/user\\\/entreculturasvideo\",\"https:\\\/\\\/www.linkedin.com\\\/company\\\/fundacion-entreculturas-ngdo\\\/\",\"https:\\\/\\\/www.flickr.com\\\/photos\\\/98455522@N04\\\/albums\\\/\"]}]}<\/script>\n<!-- \/ Yoast SEO Premium plugin. -->","yoast_head_json":{"title":"Julia Navarro habla sobre la carrera solidaria Corre por una Causa","description":"En el podcast Julia Navarro conversa con Ana Mar\u00eda Avella y Asunci\u00f3n Taboada sobre la carrera solidaria de Entreculturas, Corre por una Causa","robots":{"index":"index","follow":"follow","max-snippet":"max-snippet:-1","max-image-preview":"max-image-preview:large","max-video-preview":"max-video-preview:-1"},"canonical":"https:\/\/www.entreculturas.org\/en\/podcast\/julia-navarro-podcast-ong-entreculturas-carrera-soli\/","og_locale":"en_US","og_type":"article","og_title":"Julia Navarro llama a participar en la 13\u00aa edici\u00f3n de \u2018Corre por una Causa'","og_description":"En el podcast Julia Navarro conversa con Ana Mar\u00eda Avella y Asunci\u00f3n Taboada sobre la carrera solidaria de Entreculturas, Corre por una Causa","og_url":"https:\/\/www.entreculturas.org\/en\/podcast\/julia-navarro-podcast-ong-entreculturas-carrera-soli\/","og_site_name":"Entreculturas","article_publisher":"https:\/\/www.facebook.com\/entreculturas","article_modified_time":"2024-11-08T13:48:31+00:00","og_image":[{"width":800,"height":533,"url":"https:\/\/www.entreculturas.org\/wp-content\/uploads\/2024\/01\/Imagen-oficial-Corre-por-una-Causa24.jpg","type":"image\/jpeg"}],"twitter_card":"summary_large_image","twitter_site":"@Entreculturas","schema":{"@context":"https:\/\/schema.org","@graph":[{"@type":"WebPage","@id":"https:\/\/www.entreculturas.org\/en\/podcast\/julia-navarro-podcast-ong-entreculturas-carrera-soli\/","url":"https:\/\/www.entreculturas.org\/en\/podcast\/julia-navarro-podcast-ong-entreculturas-carrera-soli\/","name":"Julia Navarro habla sobre la carrera solidaria Corre por una Causa","isPartOf":{"@id":"https:\/\/www.entreculturas.org\/en\/#website"},"primaryImageOfPage":{"@id":"https:\/\/www.entreculturas.org\/en\/podcast\/julia-navarro-podcast-ong-entreculturas-carrera-soli\/#primaryimage"},"image":{"@id":"https:\/\/www.entreculturas.org\/en\/podcast\/julia-navarro-podcast-ong-entreculturas-carrera-soli\/#primaryimage"},"thumbnailUrl":"https:\/\/www.entreculturas.org\/wp-content\/uploads\/2024\/01\/Imagen-oficial-Corre-por-una-Causa24.jpg","datePublished":"2024-01-11T11:41:22+00:00","dateModified":"2024-11-08T13:48:31+00:00","description":"En el podcast Julia Navarro conversa con Ana Mar\u00eda Avella y Asunci\u00f3n Taboada sobre la carrera solidaria de Entreculturas, Corre por una Causa","breadcrumb":{"@id":"https:\/\/www.entreculturas.org\/en\/podcast\/julia-navarro-podcast-ong-entreculturas-carrera-soli\/#breadcrumb"},"inLanguage":"en-US","potentialAction":[{"@type":"ReadAction","target":["https:\/\/www.entreculturas.org\/en\/podcast\/julia-navarro-podcast-ong-entreculturas-carrera-soli\/"]}]},{"@type":"ImageObject","inLanguage":"en-US","@id":"https:\/\/www.entreculturas.org\/en\/podcast\/julia-navarro-podcast-ong-entreculturas-carrera-soli\/#primaryimage","url":"https:\/\/www.entreculturas.org\/wp-content\/uploads\/2024\/01\/Imagen-oficial-Corre-por-una-Causa24.jpg","contentUrl":"https:\/\/www.entreculturas.org\/wp-content\/uploads\/2024\/01\/Imagen-oficial-Corre-por-una-Causa24.jpg","width":800,"height":533,"caption":"Julia Navarro"},{"@type":"BreadcrumbList","@id":"https:\/\/www.entreculturas.org\/en\/podcast\/julia-navarro-podcast-ong-entreculturas-carrera-soli\/#breadcrumb","itemListElement":[{"@type":"ListItem","position":1,"name":"Home","item":"https:\/\/www.entreculturas.org\/en\/"},{"@type":"ListItem","position":2,"name":"Podcast Julia Navarro","item":"https:\/\/www.entreculturas.org\/en\/podcasts\/"},{"@type":"ListItem","position":3,"name":"Julia Navarro llama a participar en la 13\u00aa edici\u00f3n de \u2018Corre por una Causa&#8217;"}]},{"@type":"WebSite","@id":"https:\/\/www.entreculturas.org\/en\/#website","url":"https:\/\/www.entreculturas.org\/en\/","name":"Entreculturas","description":"","publisher":{"@id":"https:\/\/www.entreculturas.org\/en\/#organization"},"alternateName":"Entreculturas","potentialAction":[{"@type":"SearchAction","target":{"@type":"EntryPoint","urlTemplate":"https:\/\/www.entreculturas.org\/en\/?s={search_term_string}"},"query-input":{"@type":"PropertyValueSpecification","valueRequired":true,"valueName":"search_term_string"}}],"inLanguage":"en-US"},{"@type":"Organization","@id":"https:\/\/www.entreculturas.org\/en\/#organization","name":"Entreculturas","url":"https:\/\/www.entreculturas.org\/en\/","logo":{"@type":"ImageObject","inLanguage":"en-US","@id":"https:\/\/www.entreculturas.org\/en\/#\/schema\/logo\/image\/","url":"https:\/\/www.entreculturas.org\/wp-content\/uploads\/2025\/10\/ESP.svg","contentUrl":"https:\/\/www.entreculturas.org\/wp-content\/uploads\/2025\/10\/ESP.svg","caption":"Entreculturas"},"image":{"@id":"https:\/\/www.entreculturas.org\/en\/#\/schema\/logo\/image\/"},"sameAs":["https:\/\/www.facebook.com\/entreculturas","https:\/\/x.com\/Entreculturas","https:\/\/www.instagram.com\/entreculturas\/","https:\/\/www.youtube.com\/user\/entreculturasvideo","https:\/\/www.linkedin.com\/company\/fundacion-entreculturas-ngdo\/","https:\/\/www.flickr.com\/photos\/98455522@N04\/albums\/"]}]}},"_links":{"self":[{"href":"https:\/\/www.entreculturas.org\/en\/wp-json\/wp\/v2\/podcast\/11246","targetHints":{"allow":["GET"]}}],"collection":[{"href":"https:\/\/www.entreculturas.org\/en\/wp-json\/wp\/v2\/podcast"}],"about":[{"href":"https:\/\/www.entreculturas.org\/en\/wp-json\/wp\/v2\/types\/podcast"}],"wp:featuredmedia":[{"embeddable":true,"href":"https:\/\/www.entreculturas.org\/en\/wp-json\/wp\/v2\/media\/11248"}],"wp:attachment":[{"href":"https:\/\/www.entreculturas.org\/en\/wp-json\/wp\/v2\/media?parent=11246"}],"wp:term":[{"taxonomy":"category","embeddable":true,"href":"https:\/\/www.entreculturas.org\/en\/wp-json\/wp\/v2\/categories?post=11246"},{"taxonomy":"post_tag","embeddable":true,"href":"https:\/\/www.entreculturas.org\/en\/wp-json\/wp\/v2\/tags?post=11246"}],"curies":[{"name":"wp","href":"https:\/\/api.w.org\/{rel}","templated":true}]}}