{"id":8648,"date":"2023-11-29T15:28:52","date_gmt":"2023-11-29T13:28:52","guid":{"rendered":"https:\/\/www.entreculturas.org\/?post_type=pais&#038;p=8648"},"modified":"2026-03-10T18:06:52","modified_gmt":"2026-03-10T17:06:52","slug":"chad","status":"publish","type":"pais","link":"https:\/\/www.entreculturas.org\/en\/pais\/chad\/","title":{"rendered":"Chad"},"content":{"rendered":"\n<div style=\"height:50px\" aria-hidden=\"true\" class=\"wp-block-spacer\"><\/div>\n\n\n\n<div class=\"wp-block-group has-white-background-color has-background has-global-padding is-layout-constrained wp-container-core-group-is-layout-f15d6688 wp-block-group-is-layout-constrained\" style=\"border-radius:25px;margin-top:0;margin-bottom:var(--wp--preset--spacing--60);padding-top:var(--wp--preset--spacing--40);padding-right:var(--wp--preset--spacing--40);padding-bottom:var(--wp--preset--spacing--70);padding-left:var(--wp--preset--spacing--40)\">\n<div class=\"wp-block-group has-global-padding is-layout-constrained wp-container-core-group-is-layout-819b9014 wp-block-group-is-layout-constrained\" style=\"padding-top:0;padding-bottom:0\">\n<div class=\"wp-block-group is-vertical is-content-justification-center is-layout-flex wp-container-core-group-is-layout-1cb8246b wp-block-group-is-layout-flex\" style=\"padding-top:var(--wp--preset--spacing--60);padding-right:0;padding-bottom:var(--wp--preset--spacing--40);padding-left:0\">\n<figure class=\"wp-block-image size-full\"><img decoding=\"async\" src=\"https:\/\/www.entreculturas.org\/wp-content\/uploads\/2023\/09\/heart.svg\" alt=\"\" class=\"wp-image-220\"\/><\/figure>\n\n\n\n<h2 class=\"wp-block-heading has-text-align-center text-wrap-balance nuestras-causas-portada has-red-color has-text-color\" id=\"h-entreculturas-en-chad\" style=\"margin-top:var(--wp--preset--spacing--30);margin-bottom:var(--wp--preset--spacing--30);font-size:37px\">Entreculturas en Chad<\/h2>\n<\/div>\n\n\n\n<p class=\"has-text-align-left\">En Chad trabajamos con el Servicio Jesuita a Refugiados (SJR) en el sector de la Educaci\u00f3n en Emergencia, vertebrando un plan de intervenci\u00f3n hol\u00edstico que abarca la educaci\u00f3n pre-escolar, primaria y secundaria, tanto en el este como en el oeste del pa\u00eds, y en particular, en la regi\u00f3n del Lago Chad con poblaci\u00f3n refugiada y desplazada interna, as\u00ed como con comunidades locales vulnerables para promover la integraci\u00f3n y la cohesi\u00f3n social.<\/p>\n\n\n\n<div style=\"height:15px\" aria-hidden=\"true\" class=\"wp-block-spacer\"><\/div>\n\n\n\n<p class=\"has-text-align-left\">La educaci\u00f3n en emergencia se trabaja con varios componentes trasversales indisociables de la intervenci\u00f3n como son el enfoque de g\u00e9nero, la protecci\u00f3n y la salud mental y apoyo psicosocial-emocional. <\/p>\n\n\n\n<div style=\"height:15px\" aria-hidden=\"true\" class=\"wp-block-spacer\"><\/div>\n\n\n\n<p class=\"has-text-align-left\">Trabajamos con el programa de Luz de la Ni\u00f1as, que brinda atenci\u00f3n directa a ni\u00f1as de 8 hasta 16 a\u00f1os especialmente vulnerables. Una parte de las acciones se concentra en promover la protecci\u00f3n de ni\u00f1as y adolescentes, fomentando su empoderamiento a trav\u00e9s del fortalecimiento de su educaci\u00f3n y de la creaci\u00f3n de espacios propios donde realizan actividades expresivas y culturales, como el teatro y la poes\u00eda. As\u00ed mismo, se promueve la lucha y sensibilizaci\u00f3n contra la violencia de g\u00e9nero, los embarazos precoces, matrimonios precoces y las pr\u00e1cticas sociales-tradicionales que detienen el pleno desarrollo cognitivo y emocional de las ni\u00f1as y adolescentes. Dentro de este mismo programa de Luz de las Ni\u00f1as, hay otra l\u00ednea de actuaci\u00f3n que apoya la educaci\u00f3n de las j\u00f3venes a trav\u00e9s de la concesi\u00f3n de becas para que se formen como maestras en los centros educativos del pa\u00eds, como es la Ecole Normale Sup\u00e9rieure d\u2019Ab\u00e9ch\u00e9 (ENSA), con el fin de aumentar la presencia de maestras que se conviertan en referentes femeninos para las ni\u00f1as, que las ni\u00f1as encuentren en ellas ejemplo y motivaci\u00f3n para su propio futuro. <\/p>\n\n\n\n<div style=\"height:15px\" aria-hidden=\"true\" class=\"wp-block-spacer\"><\/div>\n\n\n\n<p class=\"has-text-align-left\">Entreculturas acompa\u00f1a a FyA Chad en su trabajo por la promoci\u00f3n del derecho a la educaci\u00f3n de la poblaci\u00f3n vulnerable de las comunidades rurales de la regi\u00f3n de Gu\u00e9ra y en la capital, N\u00b4Djamena. En la regi\u00f3n de Gu\u00e9ra, trabaja con un total de 34 comunidades educativas. Entre sus l\u00edneas de trabajo destacan la dinamizaci\u00f3n de las comunidades, mejora de los procesos de ense\u00f1anza-aprendizaje, la participaci\u00f3n juvenil y la atenci\u00f3n a las necesidades espec\u00edficas de las ni\u00f1as. En N\u00b4Djamena trabaja con j\u00f3venes vulnerables a trav\u00e9s de su centro de formaci\u00f3n t\u00e9cnica para el trabajo.<\/p>\n\n\n\n<p><\/p>\n\n\n\n<p><\/p>\n<\/div>\n\n\n\n<div class=\"wp-block-group has-global-padding is-layout-constrained wp-container-core-group-is-layout-819b9014 wp-block-group-is-layout-constrained\" style=\"padding-top:0;padding-bottom:0\">\n<ul class=\"red-marker\">\n\n\n\n<li>\n\n\n\n<p><strong>ORGANIZACIONES SOCIAS:<\/strong> Fe y Alegr\u00eda Chad, JRS CHAD<\/p>\n\n\n\n<div style=\"height:31px\" aria-hidden=\"true\" class=\"wp-block-spacer\"><\/div>\n<\/div>\n<\/div>\n\n\n\n<div class=\"wp-block-group has-global-padding is-layout-constrained wp-container-core-group-is-layout-cc019cf6 wp-block-group-is-layout-constrained\" style=\"margin-bottom:var(--wp--preset--spacing--70);padding-right:20px;padding-left:20px\">\n<div class=\"wp-block-columns is-layout-flex wp-container-core-columns-is-layout-e524df8a wp-block-columns-is-layout-flex\">\n<div class=\"wp-block-column is-layout-flow wp-block-column-is-layout-flow\">\n<div class=\"wp-block-cover hover-fondo-video\" style=\"min-height:334px;aspect-ratio:unset;\"><img decoding=\"async\" width=\"1041\" height=\"1024\" class=\"wp-block-cover__image-background wp-image-11315\" alt=\"\" src=\"https:\/\/www.entreculturas.org\/wp-content\/uploads\/2023\/11\/IMG_17142.jpg\" data-object-fit=\"cover\" srcset=\"https:\/\/www.entreculturas.org\/wp-content\/uploads\/2023\/11\/IMG_17142.jpg 1041w, https:\/\/www.entreculturas.org\/wp-content\/uploads\/2023\/11\/IMG_17142-300x295.jpg 300w, https:\/\/www.entreculturas.org\/wp-content\/uploads\/2023\/11\/IMG_17142-1024x1007.jpg 1024w, https:\/\/www.entreculturas.org\/wp-content\/uploads\/2023\/11\/IMG_17142-768x755.jpg 768w\" sizes=\"(max-width: 1041px) 100vw, 1041px\" \/><span aria-hidden=\"true\" class=\"wp-block-cover__background has-background-dim-0 has-background-dim\"><\/span><div class=\"wp-block-cover__inner-container has-global-padding is-layout-constrained wp-block-cover-is-layout-constrained\">\n<p class=\"has-text-align-center has-large-font-size\"><\/p>\n<\/div><\/div>\n<\/div>\n\n\n\n<div class=\"wp-block-column is-layout-flow wp-block-column-is-layout-flow\">\n<div class=\"wp-block-cover is-light hover-fondo-video\" style=\"min-height:334px;aspect-ratio:unset;\"><img decoding=\"async\" width=\"1280\" height=\"853\" class=\"wp-block-cover__image-background wp-image-11309\" alt=\"\" src=\"https:\/\/www.entreculturas.org\/wp-content\/uploads\/2023\/11\/IMG_3913.jpg\" data-object-fit=\"cover\" srcset=\"https:\/\/www.entreculturas.org\/wp-content\/uploads\/2023\/11\/IMG_3913.jpg 1280w, https:\/\/www.entreculturas.org\/wp-content\/uploads\/2023\/11\/IMG_3913-300x200.jpg 300w, https:\/\/www.entreculturas.org\/wp-content\/uploads\/2023\/11\/IMG_3913-1024x682.jpg 1024w, https:\/\/www.entreculturas.org\/wp-content\/uploads\/2023\/11\/IMG_3913-768x512.jpg 768w\" sizes=\"(max-width: 1280px) 100vw, 1280px\" \/><span aria-hidden=\"true\" class=\"wp-block-cover__background has-background-dim-0 has-background-dim\"><\/span><div class=\"wp-block-cover__inner-container has-global-padding is-layout-constrained wp-block-cover-is-layout-constrained\">\n<p class=\"has-text-align-center has-large-font-size\"><\/p>\n<\/div><\/div>\n<\/div>\n\n\n\n<div class=\"wp-block-column is-layout-flow wp-block-column-is-layout-flow\">\n<div class=\"wp-block-cover is-light hover-fondo-video\" style=\"min-height:334px;aspect-ratio:unset;\"><img decoding=\"async\" width=\"682\" height=\"1024\" class=\"wp-block-cover__image-background wp-image-11308\" alt=\"\" src=\"https:\/\/www.entreculturas.org\/wp-content\/uploads\/2023\/11\/IMG_3780.jpg\" style=\"object-position:54% 9%\" data-object-fit=\"cover\" data-object-position=\"54% 9%\" srcset=\"https:\/\/www.entreculturas.org\/wp-content\/uploads\/2023\/11\/IMG_3780.jpg 682w, https:\/\/www.entreculturas.org\/wp-content\/uploads\/2023\/11\/IMG_3780-200x300.jpg 200w\" sizes=\"(max-width: 682px) 100vw, 682px\" \/><span aria-hidden=\"true\" class=\"wp-block-cover__background has-background-dim-0 has-background-dim\"><\/span><div class=\"wp-block-cover__inner-container has-global-padding is-layout-constrained wp-block-cover-is-layout-constrained\">\n<p class=\"has-text-align-center has-large-font-size\"><\/p>\n<\/div><\/div>\n<\/div>\n<\/div>\n<\/div>\n\n\n\n<div class=\"country-placeholder\"><div class=\"canvas-container\" data-countries=\"[27494,27003,26995,20567,9993,9991,9985,9976,9972,9968,9965,9961,9958,9956,9954,9952,9950,9949,9948,9947,9944,9943,9942,9940,9938,9937,9936,9934,9933,9932,9181,9176,9156,8657,8656,8655,8654,8653,8652,8651,8650,8649,8648,8647,8646,8645,8644,8643,1896,1694]\" data-map-image-url=\"\" data-point-image-url=\"https:\/\/www.entreculturas.org\/wp-content\/uploads\/2024\/09\/punto_activo.svg\" data-title=\"Explorar nuestros proyectos\" data-subtitle=\"En Entreculturas llevamos a cabo proyectos de cooperaci\u00f3n al desarrollo, acci\u00f3n humanitaria, ciudadan\u00eda y acci\u00f3n social vinculados a nuestras 5 causas.\" data-default-country=\"8648\" data-overlay-box=\"#E30600\" data-acf-data=\"{}\"><div id=\"loading-spinner\" class=\"loading-spinner\" style=\"display: none;\"><div class=\"spinner\"><\/div><\/div><div class=\"map-overlay\" style=\"background-color:;opacity:0.3\"><\/div><div id=\"map\"><\/div><\/div><\/div>\n","protected":false},"featured_media":11453,"template":"single-pais","partner_organizations":[217,214],"class_list":["post-8648","pais","type-pais","status-publish","has-post-thumbnail","hentry","partner_organizations-fe-y-alegria-chad","partner_organizations-jrs"],"acf":{"x":"677","y":"369","causes":["Educaci\u00f3n","G\u00e9nero","Migraci\u00f3n y refugio"],"projects":"9","funding":"812428","accompanied_persons":"32696","partner_organizations":[{"term_id":217,"name":"Fe y Alegr\u00eda Chad","slug":"fe-y-alegria-chad","term_group":0,"term_taxonomy_id":217,"taxonomy":"partner_organizations","description":"","parent":0,"count":1,"filter":"raw"},{"term_id":214,"name":"JRS","slug":"jrs","term_group":0,"term_taxonomy_id":214,"taxonomy":"partner_organizations","description":"","parent":0,"count":2,"filter":"raw"}],"imagen":"https:\/\/www.entreculturas.org\/wp-content\/uploads\/2023\/12\/IMG_17142.jpg","ubicacion_campo":"top","margen_superior":"-30","margen_izquierda":"0","latitud":"18.454166","longitud":"15.732207","ampliar_informacion":"Si"},"yoast_head":"<!-- This site is optimized with the Yoast SEO Premium plugin v21.6 (Yoast SEO v27.5) - https:\/\/yoast.com\/product\/yoast-seo-premium-wordpress\/ -->\n<title>Chad - Entreculturas<\/title>\n<meta name=\"robots\" content=\"noindex, follow\" \/>\n<meta property=\"og:locale\" content=\"en_US\" \/>\n<meta property=\"og:type\" content=\"article\" \/>\n<meta property=\"og:title\" content=\"Chad\" \/>\n<meta property=\"og:description\" content=\"Entreculturas en Chad En Chad trabajamos con el Servicio Jesuita a Refugiados (SJR) en el sector de la Educaci\u00f3n en Emergencia, vertebrando un plan de intervenci\u00f3n hol\u00edstico que abarca la educaci\u00f3n pre-escolar, primaria y secundaria, tanto en el este como en el oeste del pa\u00eds, y en particular, en la regi\u00f3n del Lago Chad con poblaci\u00f3n refugiada y desplazada interna, as\u00ed como con comunidades locales vulnerables para promover la integraci\u00f3n y la cohesi\u00f3n social. La educaci\u00f3n en emergencia se trabaja con varios componentes trasversales indisociables de la intervenci\u00f3n como son el enfoque de g\u00e9nero, la protecci\u00f3n y la salud mental y apoyo psicosocial-emocional. Trabajamos con el programa de Luz de la Ni\u00f1as, que brinda atenci\u00f3n directa a ni\u00f1as de 8 hasta 16 a\u00f1os especialmente vulnerables. Una parte de las acciones se concentra en promover la protecci\u00f3n de ni\u00f1as y adolescentes, fomentando su empoderamiento a trav\u00e9s del fortalecimiento de su educaci\u00f3n [&hellip;]\" \/>\n<meta property=\"og:url\" content=\"https:\/\/www.entreculturas.org\/en\/pais\/chad\/\" \/>\n<meta property=\"og:site_name\" content=\"Entreculturas\" \/>\n<meta property=\"article:publisher\" content=\"https:\/\/www.facebook.com\/entreculturas\" \/>\n<meta property=\"article:modified_time\" content=\"2026-03-10T17:06:52+00:00\" \/>\n<meta property=\"og:image\" content=\"https:\/\/www.entreculturas.org\/wp-content\/uploads\/2023\/12\/IMG_17142.jpg\" \/>\n\t<meta property=\"og:image:width\" content=\"1041\" \/>\n\t<meta property=\"og:image:height\" content=\"1024\" \/>\n\t<meta property=\"og:image:type\" content=\"image\/jpeg\" \/>\n<meta name=\"twitter:card\" content=\"summary_large_image\" \/>\n<meta name=\"twitter:site\" content=\"@Entreculturas\" \/>\n<script type=\"application\/ld+json\" class=\"yoast-schema-graph\">{\"@context\":\"https:\\\/\\\/schema.org\",\"@graph\":[{\"@type\":\"WebPage\",\"@id\":\"https:\\\/\\\/www.entreculturas.org\\\/en\\\/pais\\\/chad\\\/\",\"url\":\"https:\\\/\\\/www.entreculturas.org\\\/en\\\/pais\\\/chad\\\/\",\"name\":\"Chad - Entreculturas\",\"isPartOf\":{\"@id\":\"https:\\\/\\\/www.entreculturas.org\\\/en\\\/#website\"},\"primaryImageOfPage\":{\"@id\":\"https:\\\/\\\/www.entreculturas.org\\\/en\\\/pais\\\/chad\\\/#primaryimage\"},\"image\":{\"@id\":\"https:\\\/\\\/www.entreculturas.org\\\/en\\\/pais\\\/chad\\\/#primaryimage\"},\"thumbnailUrl\":\"https:\\\/\\\/www.entreculturas.org\\\/wp-content\\\/uploads\\\/2023\\\/12\\\/IMG_17142.jpg\",\"datePublished\":\"2023-11-29T13:28:52+00:00\",\"dateModified\":\"2026-03-10T17:06:52+00:00\",\"breadcrumb\":{\"@id\":\"https:\\\/\\\/www.entreculturas.org\\\/en\\\/pais\\\/chad\\\/#breadcrumb\"},\"inLanguage\":\"en-US\",\"potentialAction\":[{\"@type\":\"ReadAction\",\"target\":[\"https:\\\/\\\/www.entreculturas.org\\\/en\\\/pais\\\/chad\\\/\"]}]},{\"@type\":\"ImageObject\",\"inLanguage\":\"en-US\",\"@id\":\"https:\\\/\\\/www.entreculturas.org\\\/en\\\/pais\\\/chad\\\/#primaryimage\",\"url\":\"https:\\\/\\\/www.entreculturas.org\\\/wp-content\\\/uploads\\\/2023\\\/12\\\/IMG_17142.jpg\",\"contentUrl\":\"https:\\\/\\\/www.entreculturas.org\\\/wp-content\\\/uploads\\\/2023\\\/12\\\/IMG_17142.jpg\",\"width\":1041,\"height\":1024},{\"@type\":\"BreadcrumbList\",\"@id\":\"https:\\\/\\\/www.entreculturas.org\\\/en\\\/pais\\\/chad\\\/#breadcrumb\",\"itemListElement\":[{\"@type\":\"ListItem\",\"position\":1,\"name\":\"Home\",\"item\":\"https:\\\/\\\/www.entreculturas.org\\\/en\\\/\"},{\"@type\":\"ListItem\",\"position\":2,\"name\":\"Chad\"}]},{\"@type\":\"WebSite\",\"@id\":\"https:\\\/\\\/www.entreculturas.org\\\/en\\\/#website\",\"url\":\"https:\\\/\\\/www.entreculturas.org\\\/en\\\/\",\"name\":\"Entreculturas\",\"description\":\"\",\"publisher\":{\"@id\":\"https:\\\/\\\/www.entreculturas.org\\\/en\\\/#organization\"},\"alternateName\":\"Entreculturas\",\"potentialAction\":[{\"@type\":\"SearchAction\",\"target\":{\"@type\":\"EntryPoint\",\"urlTemplate\":\"https:\\\/\\\/www.entreculturas.org\\\/en\\\/?s={search_term_string}\"},\"query-input\":{\"@type\":\"PropertyValueSpecification\",\"valueRequired\":true,\"valueName\":\"search_term_string\"}}],\"inLanguage\":\"en-US\"},{\"@type\":\"Organization\",\"@id\":\"https:\\\/\\\/www.entreculturas.org\\\/en\\\/#organization\",\"name\":\"Entreculturas\",\"url\":\"https:\\\/\\\/www.entreculturas.org\\\/en\\\/\",\"logo\":{\"@type\":\"ImageObject\",\"inLanguage\":\"en-US\",\"@id\":\"https:\\\/\\\/www.entreculturas.org\\\/en\\\/#\\\/schema\\\/logo\\\/image\\\/\",\"url\":\"https:\\\/\\\/www.entreculturas.org\\\/wp-content\\\/uploads\\\/2025\\\/10\\\/ESP.svg\",\"contentUrl\":\"https:\\\/\\\/www.entreculturas.org\\\/wp-content\\\/uploads\\\/2025\\\/10\\\/ESP.svg\",\"caption\":\"Entreculturas\"},\"image\":{\"@id\":\"https:\\\/\\\/www.entreculturas.org\\\/en\\\/#\\\/schema\\\/logo\\\/image\\\/\"},\"sameAs\":[\"https:\\\/\\\/www.facebook.com\\\/entreculturas\",\"https:\\\/\\\/x.com\\\/Entreculturas\",\"https:\\\/\\\/www.instagram.com\\\/entreculturas\\\/\",\"https:\\\/\\\/www.youtube.com\\\/user\\\/entreculturasvideo\",\"https:\\\/\\\/www.linkedin.com\\\/company\\\/fundacion-entreculturas-ngdo\\\/\",\"https:\\\/\\\/www.flickr.com\\\/photos\\\/98455522@N04\\\/albums\\\/\"]}]}<\/script>\n<!-- \/ Yoast SEO Premium plugin. -->","yoast_head_json":{"title":"Chad - Entreculturas","robots":{"index":"noindex","follow":"follow"},"og_locale":"en_US","og_type":"article","og_title":"Chad","og_description":"Entreculturas en Chad En Chad trabajamos con el Servicio Jesuita a Refugiados (SJR) en el sector de la Educaci\u00f3n en Emergencia, vertebrando un plan de intervenci\u00f3n hol\u00edstico que abarca la educaci\u00f3n pre-escolar, primaria y secundaria, tanto en el este como en el oeste del pa\u00eds, y en particular, en la regi\u00f3n del Lago Chad con poblaci\u00f3n refugiada y desplazada interna, as\u00ed como con comunidades locales vulnerables para promover la integraci\u00f3n y la cohesi\u00f3n social. La educaci\u00f3n en emergencia se trabaja con varios componentes trasversales indisociables de la intervenci\u00f3n como son el enfoque de g\u00e9nero, la protecci\u00f3n y la salud mental y apoyo psicosocial-emocional. Trabajamos con el programa de Luz de la Ni\u00f1as, que brinda atenci\u00f3n directa a ni\u00f1as de 8 hasta 16 a\u00f1os especialmente vulnerables. Una parte de las acciones se concentra en promover la protecci\u00f3n de ni\u00f1as y adolescentes, fomentando su empoderamiento a trav\u00e9s del fortalecimiento de su educaci\u00f3n [&hellip;]","og_url":"https:\/\/www.entreculturas.org\/en\/pais\/chad\/","og_site_name":"Entreculturas","article_publisher":"https:\/\/www.facebook.com\/entreculturas","article_modified_time":"2026-03-10T17:06:52+00:00","og_image":[{"width":1041,"height":1024,"url":"https:\/\/www.entreculturas.org\/wp-content\/uploads\/2023\/12\/IMG_17142.jpg","type":"image\/jpeg"}],"twitter_card":"summary_large_image","twitter_site":"@Entreculturas","schema":{"@context":"https:\/\/schema.org","@graph":[{"@type":"WebPage","@id":"https:\/\/www.entreculturas.org\/en\/pais\/chad\/","url":"https:\/\/www.entreculturas.org\/en\/pais\/chad\/","name":"Chad - Entreculturas","isPartOf":{"@id":"https:\/\/www.entreculturas.org\/en\/#website"},"primaryImageOfPage":{"@id":"https:\/\/www.entreculturas.org\/en\/pais\/chad\/#primaryimage"},"image":{"@id":"https:\/\/www.entreculturas.org\/en\/pais\/chad\/#primaryimage"},"thumbnailUrl":"https:\/\/www.entreculturas.org\/wp-content\/uploads\/2023\/12\/IMG_17142.jpg","datePublished":"2023-11-29T13:28:52+00:00","dateModified":"2026-03-10T17:06:52+00:00","breadcrumb":{"@id":"https:\/\/www.entreculturas.org\/en\/pais\/chad\/#breadcrumb"},"inLanguage":"en-US","potentialAction":[{"@type":"ReadAction","target":["https:\/\/www.entreculturas.org\/en\/pais\/chad\/"]}]},{"@type":"ImageObject","inLanguage":"en-US","@id":"https:\/\/www.entreculturas.org\/en\/pais\/chad\/#primaryimage","url":"https:\/\/www.entreculturas.org\/wp-content\/uploads\/2023\/12\/IMG_17142.jpg","contentUrl":"https:\/\/www.entreculturas.org\/wp-content\/uploads\/2023\/12\/IMG_17142.jpg","width":1041,"height":1024},{"@type":"BreadcrumbList","@id":"https:\/\/www.entreculturas.org\/en\/pais\/chad\/#breadcrumb","itemListElement":[{"@type":"ListItem","position":1,"name":"Home","item":"https:\/\/www.entreculturas.org\/en\/"},{"@type":"ListItem","position":2,"name":"Chad"}]},{"@type":"WebSite","@id":"https:\/\/www.entreculturas.org\/en\/#website","url":"https:\/\/www.entreculturas.org\/en\/","name":"Entreculturas","description":"","publisher":{"@id":"https:\/\/www.entreculturas.org\/en\/#organization"},"alternateName":"Entreculturas","potentialAction":[{"@type":"SearchAction","target":{"@type":"EntryPoint","urlTemplate":"https:\/\/www.entreculturas.org\/en\/?s={search_term_string}"},"query-input":{"@type":"PropertyValueSpecification","valueRequired":true,"valueName":"search_term_string"}}],"inLanguage":"en-US"},{"@type":"Organization","@id":"https:\/\/www.entreculturas.org\/en\/#organization","name":"Entreculturas","url":"https:\/\/www.entreculturas.org\/en\/","logo":{"@type":"ImageObject","inLanguage":"en-US","@id":"https:\/\/www.entreculturas.org\/en\/#\/schema\/logo\/image\/","url":"https:\/\/www.entreculturas.org\/wp-content\/uploads\/2025\/10\/ESP.svg","contentUrl":"https:\/\/www.entreculturas.org\/wp-content\/uploads\/2025\/10\/ESP.svg","caption":"Entreculturas"},"image":{"@id":"https:\/\/www.entreculturas.org\/en\/#\/schema\/logo\/image\/"},"sameAs":["https:\/\/www.facebook.com\/entreculturas","https:\/\/x.com\/Entreculturas","https:\/\/www.instagram.com\/entreculturas\/","https:\/\/www.youtube.com\/user\/entreculturasvideo","https:\/\/www.linkedin.com\/company\/fundacion-entreculturas-ngdo\/","https:\/\/www.flickr.com\/photos\/98455522@N04\/albums\/"]}]}},"_links":{"self":[{"href":"https:\/\/www.entreculturas.org\/en\/wp-json\/wp\/v2\/pais\/8648","targetHints":{"allow":["GET"]}}],"collection":[{"href":"https:\/\/www.entreculturas.org\/en\/wp-json\/wp\/v2\/pais"}],"about":[{"href":"https:\/\/www.entreculturas.org\/en\/wp-json\/wp\/v2\/types\/pais"}],"wp:featuredmedia":[{"embeddable":true,"href":"https:\/\/www.entreculturas.org\/en\/wp-json\/wp\/v2\/media\/11453"}],"wp:attachment":[{"href":"https:\/\/www.entreculturas.org\/en\/wp-json\/wp\/v2\/media?parent=8648"}],"wp:term":[{"taxonomy":"partner_organizations","embeddable":true,"href":"https:\/\/www.entreculturas.org\/en\/wp-json\/wp\/v2\/partner_organizations?post=8648"}],"curies":[{"name":"wp","href":"https:\/\/api.w.org\/{rel}","templated":true}]}}