{"id":21149,"date":"2023-11-16T18:25:36","date_gmt":"2023-11-16T17:25:36","guid":{"rendered":"https:\/\/www.entreculturas.org\/board-of-trustees\/"},"modified":"2024-02-22T10:50:06","modified_gmt":"2024-02-22T09:50:06","slug":"board-of-trustees","status":"publish","type":"page","link":"https:\/\/www.entreculturas.org\/en\/board-of-trustees\/","title":{"rendered":"Board of Trustees"},"content":{"rendered":"\n<div class=\"wp-block-group padding-top-encabezado-patronato has-global-padding is-layout-constrained wp-block-group-is-layout-constrained\" style=\"padding-top:4rem;padding-bottom:0\">\n<h1 class=\"wp-block-heading has-text-align-center all-caps-text font-size-32 has-gray-color has-text-color has-din-font-family\" style=\"margin-top:0;font-size:100px\">Board of Trustees<\/h1>\n<\/div>\n\n<div class=\"wp-block-group no-margin has-global-padding is-layout-constrained wp-container-core-group-is-layout-533a136b wp-block-group-is-layout-constrained\" style=\"margin-top:0;margin-bottom:var(--wp--preset--spacing--80)\">\n<div class=\"wp-block-group padding-top-patronato has-global-padding is-layout-constrained wp-block-group-is-layout-constrained\" style=\"padding-top:var(--wp--preset--spacing--50);padding-bottom:var(--wp--preset--spacing--60)\">\n<figure class=\"wp-block-image aligncenter size-full\"><img decoding=\"async\" src=\"https:\/\/www.entreculturas.org\/wp-content\/uploads\/2023\/09\/corazon_entrecult.svg\" alt=\"\" class=\"wp-image-588\"\/><\/figure>\n\n\n\n<div class=\"wp-block-group has-global-padding is-layout-constrained wp-container-core-group-is-layout-4cd9adc5 wp-block-group-is-layout-constrained\" style=\"padding-top:var(--wp--preset--spacing--30);padding-right:20px;padding-left:20px\">\n<p class=\"has-text-align-center font-size-14\">The Board of Trustees is our highest decision-making body. It is composed of 10 members, a secretary and a president. All the people who form part of this governing body are linked to our work by their beliefs and values, and have been chosen for their experience and knowledge in the educational field.<\/p>\n<\/div>\n<\/div>\n\n\n\n<div class=\"wp-block-group has-global-padding is-layout-constrained wp-container-core-group-is-layout-3b0f2f7d wp-block-group-is-layout-constrained\" style=\"padding-right:20px;padding-left:20px\">\n<div class=\"wp-block-theme-blocks-accordion  hide-number-icon\" style=\"background-color:#ffffff\" data-enable-expiration-logic=\"false\" data-show-open=\"false\"><div class=\"envolve-accordion\"><div class=\"accordion-pretitle-div\"><span class=\"accordion-pretitle\">Presidente<\/span><\/div><div class=\"accordion-header\"><h4 class=\"accordion-toggle\">Presidente Enric Puiggr\u00f2s Llavin\u00e9s<\/h4><svg class=\"accordion-arrow\" xmlns=\"https:\/\/www.w3.org\/2000\/svg\" width=\"16\" height=\"16\" viewBox=\"0 0 16 16\" fill=\"none\"><path class=\"arrow-path\" d=\"M14.364 5.293C14.1764 5.10553 13.9221 5.00021 13.657 5.00021C13.3918 5.00021 13.1375 5.10553 12.95 5.293L7.99995 10.243L3.04995 5.293C2.86135 5.11084 2.60875 5.01005 2.34655 5.01233C2.08435 5.0146 1.83354 5.11977 1.64813 5.30518C1.46273 5.49059 1.35756 5.7414 1.35528 6.0036C1.353 6.2658 1.45379 6.5184 1.63595 6.707L7.29295 12.364C7.48048 12.5515 7.73479 12.6568 7.99995 12.6568C8.26512 12.6568 8.51942 12.5515 8.70695 12.364L14.364 6.707C14.5514 6.51947 14.6567 6.26516 14.6567 6C14.6567 5.73484 14.5514 5.48053 14.364 5.293Z\" fill=\"#818181\"><\/path><\/svg><\/div><\/div><div class=\"accordion-content\">\n<p class=\"font-size-14\">SJ, Provincial of Spain. He was born in Barcelona in 1974 and after attending EGB, BUP and COU at the Colegio Sant Ignasi de Sarri\u00e0, he entered the novitiate of the Society of Jesus in Zaragoza in 1993. He later studied Contemporary History at the University of Barcelona and did his teaching at the Claver School in Raimat (Lleida). He studied theology at the Faculty of Theology of Catalonia and at the Institute of Fundamental Theology of Sant Cugat del Vall\u00e8s, where he obtained a degree in Fundamental Theology on Ignatian Pedagogy, was ordained a priest in 2006 and, after completing his studies in 2007, joined the mission of the Society of Jesus. Between 2007 and 2011 he was assigned to the Professional Technical School of El Clot (Barcelona). His training was completed with the third probation, which he did in Cape Coast (Ghana) between January and June 2012. That same year he spent a few months collaborating with the Jesuit Refugee Service in Yei (South Sudan). Upon his return, he was appointed province consultant for the province of Tarragona, and began working as vocation promoter for the province of Spain, a position he held for eight years, combining it first with the pastoral direction of the Jesuit Education Foundation and then, stationed in Madrid since 2017, with the coordination of the pre-novitiate team of the province of Spain.<br\/><br\/>Since 2014, when the Jesuit provinces were united into one, he became consultant to the Province of Spain, a responsibility he has held until now. In 2020 the Provincial appointed him Delegate of the Apostolic Platform of the Society of Jesus in Catalonia, a task he has carried out in the last two years, and his artistic facet is well known, with special sensitivity to pastoral ministry through music, which has led him to participate in various Christian music groups and to initiate musical production projects. Perhaps the best known among them is currently the Jesuitas Ac\u00fastico group.<br\/><br\/>At the Provincial Congregation in February 2022, Enric Puiggr\u00f2s was elected Procurator, so he will participate in the next Congregation of Procurators of the Society of Jesus, which will take place in Loyola from May 15, 2022, and brings together representatives of all the provinces and regions of the Society of Jesus in the world. On Saturday, June 17, 2023, he was appointed the new Provincial of Spain of the Society of Jesus.<\/p>\n<\/div><\/div>\n\n\n\n<div class=\"wp-block-theme-blocks-accordion  hide-number-icon\" style=\"background-color:#ffffff\" data-enable-expiration-logic=\"false\" data-show-open=\"false\"><div class=\"envolve-accordion\"><div class=\"accordion-pretitle-div\"><span class=\"accordion-pretitle\">Vicepresidente<\/span><\/div><div class=\"accordion-header\"><h4 class=\"accordion-toggle\">Luis Arancibia Tapia<\/h4><svg class=\"accordion-arrow\" xmlns=\"https:\/\/www.w3.org\/2000\/svg\" width=\"16\" height=\"16\" viewBox=\"0 0 16 16\" fill=\"none\"><path class=\"arrow-path\" d=\"M14.364 5.293C14.1764 5.10553 13.9221 5.00021 13.657 5.00021C13.3918 5.00021 13.1375 5.10553 12.95 5.293L7.99995 10.243L3.04995 5.293C2.86135 5.11084 2.60875 5.01005 2.34655 5.01233C2.08435 5.0146 1.83354 5.11977 1.64813 5.30518C1.46273 5.49059 1.35756 5.7414 1.35528 6.0036C1.353 6.2658 1.45379 6.5184 1.63595 6.707L7.29295 12.364C7.48048 12.5515 7.73479 12.6568 7.99995 12.6568C8.26512 12.6568 8.51942 12.5515 8.70695 12.364L14.364 6.707C14.5514 6.51947 14.6567 6.26516 14.6567 6C14.6567 5.73484 14.5514 5.48053 14.364 5.293Z\" fill=\"#818181\"><\/path><\/svg><\/div><\/div><div class=\"accordion-content\">\n<p class=\"font-size-14\">With a degree in Economics and Business Administration from the Complutense University of Madrid, he is currently the Delegate of the Social Apostolate Sector of the Spanish Province of the Society of Jesus. He is a member of a dozen boards of trustees of social institutions and of the board of the Jesuit Refugee Service Europe. He has previously held responsibilities in international cooperation organizations and networks.<br\/><br\/>He has been Executive Director of the Entreculturas &#8211; Fe y Alegr\u00eda Foundation (from 2000 to September 2016); Member of the coordinating team of the International Federation of Fe y Alegr\u00eda and responsible for its sustainability and institutional development axis; Responsible for the area of education for development, awareness, communication and advocacy at Manos Unidas between 1995 and 2000. Previously, he was responsible for the co-financing department in the same organization from &#8217;92 to &#8217;95; Member of the Board of Directors of Fe y Alegr\u00eda International in two terms (2004-08 and 2012-16) and coordinator of the international public action program from 2004 to 2016. In the Non-Governmental Organizations sector, he has held various positions of responsibility: President of the Coordinadora de ONGD de Espa\u00f1a (1995 to 98); Vocal of Institutional Relations of the Board of Directors of the same (1998-2000); President of the Federation of NGOs of the Community of Madrid (2001-2003); President of the Commission of follow-up of the Code of Conduct of the Coordinadora de ONGD Espa\u00f1a (2001-07). He has participated as a member of the Development Cooperation Council of the Ministry of Foreign Affairs representing NGOs in two stages (1995-2000 and 2004-2016).<br\/><br\/>He has been visiting professor at the Graduate School of Social Work and the Jesuit Institute of Boston College (2011-12) and Professor of various courses on development cooperation (Comillas Master, ETEA Master, Master of the University of Malaga, Postgraduate Training Program of the UNED) and author of various articles and materials on faith and justice and development cooperation.<\/p>\n<\/div><\/div>\n\n\n\n<div class=\"wp-block-theme-blocks-accordion  hide-number-icon\" style=\"background-color:#ffffff\" data-enable-expiration-logic=\"false\" data-show-open=\"false\"><div class=\"envolve-accordion\"><div class=\"accordion-pretitle-div\"><span class=\"accordion-pretitle\">Secretario y vocal<\/span><\/div><div class=\"accordion-header\"><h4 class=\"accordion-toggle\">Jos\u00e9 Miguel Colina SJ<\/h4><svg class=\"accordion-arrow\" xmlns=\"https:\/\/www.w3.org\/2000\/svg\" width=\"16\" height=\"16\" viewBox=\"0 0 16 16\" fill=\"none\"><path class=\"arrow-path\" d=\"M14.364 5.293C14.1764 5.10553 13.9221 5.00021 13.657 5.00021C13.3918 5.00021 13.1375 5.10553 12.95 5.293L7.99995 10.243L3.04995 5.293C2.86135 5.11084 2.60875 5.01005 2.34655 5.01233C2.08435 5.0146 1.83354 5.11977 1.64813 5.30518C1.46273 5.49059 1.35756 5.7414 1.35528 6.0036C1.353 6.2658 1.45379 6.5184 1.63595 6.707L7.29295 12.364C7.48048 12.5515 7.73479 12.6568 7.99995 12.6568C8.26512 12.6568 8.51942 12.5515 8.70695 12.364L14.364 6.707C14.5514 6.51947 14.6567 6.26516 14.6567 6C14.6567 5.73484 14.5514 5.48053 14.364 5.293Z\" fill=\"#818181\"><\/path><\/svg><\/div><\/div><div class=\"accordion-content\">\n<p class=\"font-size-14\">Education Delegate of the Province of Aragon from 2005 to 2011. From 2011 to 2020 he has been the Coordinator of the EDUCSI Schools of the Eastern Zone of the Province of Spain. He is currently Delegate for Youth and School Pastoral Care.<\/p>\n<\/div><\/div>\n\n\n\n<div class=\"wp-block-theme-blocks-accordion  hide-number-icon\" style=\"background-color:#ffffff\" data-enable-expiration-logic=\"false\" data-show-open=\"false\"><div class=\"envolve-accordion\"><div class=\"accordion-pretitle-div\"><span class=\"accordion-pretitle\">Vocal<\/span><\/div><div class=\"accordion-header\"><h4 class=\"accordion-toggle\">Jos\u00e9 Ignacio Garc\u00eda Jim\u00e9nez SJ<\/h4><svg class=\"accordion-arrow\" xmlns=\"https:\/\/www.w3.org\/2000\/svg\" width=\"16\" height=\"16\" viewBox=\"0 0 16 16\" fill=\"none\"><path class=\"arrow-path\" d=\"M14.364 5.293C14.1764 5.10553 13.9221 5.00021 13.657 5.00021C13.3918 5.00021 13.1375 5.10553 12.95 5.293L7.99995 10.243L3.04995 5.293C2.86135 5.11084 2.60875 5.01005 2.34655 5.01233C2.08435 5.0146 1.83354 5.11977 1.64813 5.30518C1.46273 5.49059 1.35756 5.7414 1.35528 6.0036C1.353 6.2658 1.45379 6.5184 1.63595 6.707L7.29295 12.364C7.48048 12.5515 7.73479 12.6568 7.99995 12.6568C8.26512 12.6568 8.51942 12.5515 8.70695 12.364L14.364 6.707C14.5514 6.51947 14.6567 6.26516 14.6567 6C14.6567 5.73484 14.5514 5.48053 14.364 5.293Z\" fill=\"#818181\"><\/path><\/svg><\/div><\/div><div class=\"accordion-content\">\n<p class=\"font-size-14\">Social Delegate of the Conference of European Provincials. He entered the Society of Jesus in 1983 and participated in 2008 in the 35th General Congregation, which elected Father General Adolfo Nicol\u00e1s. He studied Economics and Business Administration (ICADE) in Madrid, from where he was assigned to Malawi to work as a teacher with refugees from Mozambique. He has been closely linked to Valladolid, where he has taught for 9 years at INEA (School of Agricultural Engineering) and has resided at the Colegio Mayor Men\u00e9ndez Pelayo. He is currently Director of the Jesuit European Office (Ocipe) in Brussels.<\/p>\n<\/div><\/div>\n\n\n\n<div class=\"wp-block-theme-blocks-accordion  hide-number-icon\" style=\"background-color:#ffffff\" data-enable-expiration-logic=\"false\" data-show-open=\"false\"><div class=\"envolve-accordion\"><div class=\"accordion-pretitle-div\"><span class=\"accordion-pretitle\">Vocal<\/span><\/div><div class=\"accordion-header\"><h4 class=\"accordion-toggle\">Jos\u00e9 Ignacio Eguiz\u00e1bal Escribano<\/h4><svg class=\"accordion-arrow\" xmlns=\"https:\/\/www.w3.org\/2000\/svg\" width=\"16\" height=\"16\" viewBox=\"0 0 16 16\" fill=\"none\"><path class=\"arrow-path\" d=\"M14.364 5.293C14.1764 5.10553 13.9221 5.00021 13.657 5.00021C13.3918 5.00021 13.1375 5.10553 12.95 5.293L7.99995 10.243L3.04995 5.293C2.86135 5.11084 2.60875 5.01005 2.34655 5.01233C2.08435 5.0146 1.83354 5.11977 1.64813 5.30518C1.46273 5.49059 1.35756 5.7414 1.35528 6.0036C1.353 6.2658 1.45379 6.5184 1.63595 6.707L7.29295 12.364C7.48048 12.5515 7.73479 12.6568 7.99995 12.6568C8.26512 12.6568 8.51942 12.5515 8.70695 12.364L14.364 6.707C14.5514 6.51947 14.6567 6.26516 14.6567 6C14.6567 5.73484 14.5514 5.48053 14.364 5.293Z\" fill=\"#818181\"><\/path><\/svg><\/div><\/div><div class=\"accordion-content\">\n<p class=\"font-size-14\">General Manager of EGIBIDE. He was Director of the Alboan Foundation from 2005 to 2015. He holds a degree in industrial engineering from the University of Navarra and an MBA from the School of Economics and Business Administration of the University of Deusto. He has worked for ten years in various technical and management positions in private enterprise, with special dedication to the areas of quality. He is also currently a member of the Basque Council for Development Cooperation.<\/p>\n<\/div><\/div>\n\n\n\n<div class=\"wp-block-theme-blocks-accordion  hide-number-icon\" style=\"background-color:#ffffff\" data-enable-expiration-logic=\"false\" data-show-open=\"false\"><div class=\"envolve-accordion\"><div class=\"accordion-pretitle-div\"><span class=\"accordion-pretitle\">Vocal<\/span><\/div><div class=\"accordion-header\"><h4 class=\"accordion-toggle\">Eva Castillo Sanz<\/h4><svg class=\"accordion-arrow\" xmlns=\"https:\/\/www.w3.org\/2000\/svg\" width=\"16\" height=\"16\" viewBox=\"0 0 16 16\" fill=\"none\"><path class=\"arrow-path\" d=\"M14.364 5.293C14.1764 5.10553 13.9221 5.00021 13.657 5.00021C13.3918 5.00021 13.1375 5.10553 12.95 5.293L7.99995 10.243L3.04995 5.293C2.86135 5.11084 2.60875 5.01005 2.34655 5.01233C2.08435 5.0146 1.83354 5.11977 1.64813 5.30518C1.46273 5.49059 1.35756 5.7414 1.35528 6.0036C1.353 6.2658 1.45379 6.5184 1.63595 6.707L7.29295 12.364C7.48048 12.5515 7.73479 12.6568 7.99995 12.6568C8.26512 12.6568 8.51942 12.5515 8.70695 12.364L14.364 6.707C14.5514 6.51947 14.6567 6.26516 14.6567 6C14.6567 5.73484 14.5514 5.48053 14.364 5.293Z\" fill=\"#818181\"><\/path><\/svg><\/div><\/div><div class=\"accordion-content\">\n<p class=\"font-size-14\">Member of the Board of Directors of Telef\u00f3nica, S.A. Graduated in Law and Business Administration from Universidad Pontificia de Comillas, Madrid. In 1997 she joined Merrill Lynch as Head of Equity Markets for Spain and Portugal. In 1999 she was promoted to Country Manager for Spain and Portugal, and in 2000 she was appointed Managing Director of Merrill Lynch Capital Markets Spain. Prior to joining Merrill Lynch, she worked for five years in the International Equities Department of Goldman Sachs in London and, before that, another five years in the Equities Sales and Research Department of the Spanish broker Beta Capital. She is currently Chairman of the Supervisory Board of Telef\u00f3nica Deutschland Holding, AG; Director of Bankia (since 2012) and member of the Board of Trustees of Fundaci\u00f3n Telef\u00f3nica and Fundaci\u00f3n Comillas-ICAI. From September 2012 to February 2014, she was President and CEO of Telef\u00f3nica Europe. Also, from February 2011 to February 2013, she was a Director of Old Mutual, Plc; and from May 2010 to January 2014, Chairwoman of the Supervisory Board of Telef\u00f3nica Czech Republic, A.S.<\/p>\n<\/div><\/div>\n\n\n\n<div class=\"wp-block-theme-blocks-accordion  hide-number-icon\" style=\"background-color:#ffffff\" data-enable-expiration-logic=\"false\" data-show-open=\"false\"><div class=\"envolve-accordion\"><div class=\"accordion-pretitle-div\"><span class=\"accordion-pretitle\">Vocal<\/span><\/div><div class=\"accordion-header\"><h4 class=\"accordion-toggle\">Marta Riop\u00e9rez Orta<\/h4><svg class=\"accordion-arrow\" xmlns=\"https:\/\/www.w3.org\/2000\/svg\" width=\"16\" height=\"16\" viewBox=\"0 0 16 16\" fill=\"none\"><path class=\"arrow-path\" d=\"M14.364 5.293C14.1764 5.10553 13.9221 5.00021 13.657 5.00021C13.3918 5.00021 13.1375 5.10553 12.95 5.293L7.99995 10.243L3.04995 5.293C2.86135 5.11084 2.60875 5.01005 2.34655 5.01233C2.08435 5.0146 1.83354 5.11977 1.64813 5.30518C1.46273 5.49059 1.35756 5.7414 1.35528 6.0036C1.353 6.2658 1.45379 6.5184 1.63595 6.707L7.29295 12.364C7.48048 12.5515 7.73479 12.6568 7.99995 12.6568C8.26512 12.6568 8.51942 12.5515 8.70695 12.364L14.364 6.707C14.5514 6.51947 14.6567 6.26516 14.6567 6C14.6567 5.73484 14.5514 5.48053 14.364 5.293Z\" fill=\"#818181\"><\/path><\/svg><\/div><\/div><div class=\"accordion-content\">\n<p class=\"font-size-14\">Journalist with a degree in Information Sciences from the Complutense University of Madrid. She is currently the director of the magazines Nuevo Estilo, ELLE Decor, MiCasa, Casa Diez and Cocina Diez, published by Hearst Magazines Espa\u00f1a, and is the promoter and director of the Interior Design event DecorAcci\u00f3n, held annually in Madrid. His professional career began at the launch of the Spanish edition of ELLE magazine in 1986 and in the last twenty years his career has been focused on the communication of Interior Design and Architecture, being jury of prestigious competitions and participating in numerous seminars, lectures and meetings in this regard. From September 2000 to January 2002 she was director of Casa Diez, Cocina Diez and ELLE Decoration. Previously, she participated in the launching of Casa y Campo and Propiedades de Globus Comunicaci\u00f3n, and was their director since 1994.<\/p>\n<\/div><\/div>\n\n\n\n<div class=\"wp-block-theme-blocks-accordion  hide-number-icon\" style=\"background-color:#ffffff\" data-enable-expiration-logic=\"false\" data-show-open=\"false\"><div class=\"envolve-accordion\"><div class=\"accordion-pretitle-div\"><span class=\"accordion-pretitle\">Vocal<\/span><\/div><div class=\"accordion-header\"><h4 class=\"accordion-toggle\">Julia Navarro<\/h4><svg class=\"accordion-arrow\" xmlns=\"https:\/\/www.w3.org\/2000\/svg\" width=\"16\" height=\"16\" viewBox=\"0 0 16 16\" fill=\"none\"><path class=\"arrow-path\" d=\"M14.364 5.293C14.1764 5.10553 13.9221 5.00021 13.657 5.00021C13.3918 5.00021 13.1375 5.10553 12.95 5.293L7.99995 10.243L3.04995 5.293C2.86135 5.11084 2.60875 5.01005 2.34655 5.01233C2.08435 5.0146 1.83354 5.11977 1.64813 5.30518C1.46273 5.49059 1.35756 5.7414 1.35528 6.0036C1.353 6.2658 1.45379 6.5184 1.63595 6.707L7.29295 12.364C7.48048 12.5515 7.73479 12.6568 7.99995 12.6568C8.26512 12.6568 8.51942 12.5515 8.70695 12.364L14.364 6.707C14.5514 6.51947 14.6567 6.26516 14.6567 6C14.6567 5.73484 14.5514 5.48053 14.364 5.293Z\" fill=\"#818181\"><\/path><\/svg><\/div><\/div><div class=\"accordion-content\">\n<p class=\"font-size-14\">A writer and journalist, she has worked in the main media in the written press, radio and television and currently writes an opinion column that is distributed throughout Spain through the Europa Press Agency. She is the author of books on current political affairs: &#8220;Nosotros la Transici\u00f3n&#8221;; &#8220;Entre Felipe y Aznar&#8221;; &#8220;Se\u00f1ora Presidenta&#8221;. Her first novel &#8220;La Hermandad de la Sabana Santa&#8221; published in 2004, has been followed by other titles: &#8220;La Biblia de Barro&#8221;, &#8220;La Sangre de los Inocentes&#8221;, &#8220;Dime Qui\u00e9n Soy&#8221;, &#8220;Dispara yo ya estoy muerto&#8221;, &#8220;Historia de un Canalla&#8221;, &#8220;T\u00fa no matar\u00e1s&#8221; published so far in more than thirty countries. &#8220;Dime Qui\u00e9n Soy&#8221; has been brought to the screen by Movistar + and broadcasted in several European countries as well as in the United States.<\/p>\n<\/div><\/div>\n\n\n\n<div class=\"wp-block-theme-blocks-accordion  hide-number-icon\" style=\"background-color:#ffffff\" data-enable-expiration-logic=\"false\" data-show-open=\"false\"><div class=\"envolve-accordion\"><div class=\"accordion-pretitle-div\"><span class=\"accordion-pretitle\">Vocal<\/span><\/div><div class=\"accordion-header\"><h4 class=\"accordion-toggle\">Jenny Cafiso<\/h4><svg class=\"accordion-arrow\" xmlns=\"https:\/\/www.w3.org\/2000\/svg\" width=\"16\" height=\"16\" viewBox=\"0 0 16 16\" fill=\"none\"><path class=\"arrow-path\" d=\"M14.364 5.293C14.1764 5.10553 13.9221 5.00021 13.657 5.00021C13.3918 5.00021 13.1375 5.10553 12.95 5.293L7.99995 10.243L3.04995 5.293C2.86135 5.11084 2.60875 5.01005 2.34655 5.01233C2.08435 5.0146 1.83354 5.11977 1.64813 5.30518C1.46273 5.49059 1.35756 5.7414 1.35528 6.0036C1.353 6.2658 1.45379 6.5184 1.63595 6.707L7.29295 12.364C7.48048 12.5515 7.73479 12.6568 7.99995 12.6568C8.26512 12.6568 8.51942 12.5515 8.70695 12.364L14.364 6.707C14.5514 6.51947 14.6567 6.26516 14.6567 6C14.6567 5.73484 14.5514 5.48053 14.364 5.293Z\" fill=\"#818181\"><\/path><\/svg><\/div><\/div><div class=\"accordion-content\">\n<p class=\"font-size-14\">It is<strong> <\/strong>the Executive Director of Canadian Jesuits International, based in Toronto, Canada, and assistant to the Provincial for international apostolates. From 1995 to 2003, she served as Program Coordinator at the International Office of the Jesuit Refugee Service in Rome. She has also worked for 10 years as Education Coordinator at the Canadian Catholic Organization for Development and Peace in Toronto. He worked for two years in Peru with the leadership training team of TAREA, a popular education center working in Lima&#8217;s slums. His education has been developed at York University, Master in Political Science, Master in Humanitarian Aid by the Institute of International Humanitarian Affairs (IIHA) and Bachelor in Sociology by the University of Toronto (Ontario-Canada). His professional performance has led him to travel to different parts of the world.<\/p>\n<\/div><\/div>\n\n\n\n<div class=\"wp-block-theme-blocks-accordion  hide-number-icon\" style=\"background-color:#ffffff\" data-enable-expiration-logic=\"false\" data-show-open=\"false\"><div class=\"envolve-accordion\"><div class=\"accordion-pretitle-div\"><span class=\"accordion-pretitle\">Vocal<\/span><\/div><div class=\"accordion-header\"><h4 class=\"accordion-toggle\">Mar\u00eda del Carmen de la Fuente<\/h4><svg class=\"accordion-arrow\" xmlns=\"https:\/\/www.w3.org\/2000\/svg\" width=\"16\" height=\"16\" viewBox=\"0 0 16 16\" fill=\"none\"><path class=\"arrow-path\" d=\"M14.364 5.293C14.1764 5.10553 13.9221 5.00021 13.657 5.00021C13.3918 5.00021 13.1375 5.10553 12.95 5.293L7.99995 10.243L3.04995 5.293C2.86135 5.11084 2.60875 5.01005 2.34655 5.01233C2.08435 5.0146 1.83354 5.11977 1.64813 5.30518C1.46273 5.49059 1.35756 5.7414 1.35528 6.0036C1.353 6.2658 1.45379 6.5184 1.63595 6.707L7.29295 12.364C7.48048 12.5515 7.73479 12.6568 7.99995 12.6568C8.26512 12.6568 8.51942 12.5515 8.70695 12.364L14.364 6.707C14.5514 6.51947 14.6567 6.26516 14.6567 6C14.6567 5.73484 14.5514 5.48053 14.364 5.293Z\" fill=\"#818181\"><\/path><\/svg><\/div><\/div><div class=\"accordion-content\">\n<p class=\"font-size-14\">Director of the Migra Studium Foundation (Barcelona) and Coordinator of the Jesuit Migrant Service in Spain. Sociologist, from the University of Barcelona, and Master in International Migration by IUEM &#8211; Universidad Pontificia Comillas, she has also directed her training in NGO Direction and Management and in Leadership and Social Innovation at ESADE. His professional career, within the Social Sector of the Society of Jesus, has passed through the Fundaci\u00f3 Privada La Vinya (L&#8217;Hospitalet de Llobregat) until 2015 when he assumed the direction of the Migra Studium Foundation (Barcelona), also carrying out different Coordinations: Jesuit Migrant Service in Spain, of the Social Works of the Society of Jesus.<\/p>\n<\/div><\/div>\n\n\n\n<div class=\"wp-block-theme-blocks-accordion  hide-number-icon\" style=\"background-color:#ffffff\" data-enable-expiration-logic=\"false\" data-show-open=\"false\"><div class=\"envolve-accordion\"><div class=\"accordion-pretitle-div\"><span class=\"accordion-pretitle\">Vocal<\/span><\/div><div class=\"accordion-header\"><h4 class=\"accordion-toggle\">Enrique Sanz Gim\u00e9nez-Rico, SJ<\/h4><svg class=\"accordion-arrow\" xmlns=\"https:\/\/www.w3.org\/2000\/svg\" width=\"16\" height=\"16\" viewBox=\"0 0 16 16\" fill=\"none\"><path class=\"arrow-path\" d=\"M14.364 5.293C14.1764 5.10553 13.9221 5.00021 13.657 5.00021C13.3918 5.00021 13.1375 5.10553 12.95 5.293L7.99995 10.243L3.04995 5.293C2.86135 5.11084 2.60875 5.01005 2.34655 5.01233C2.08435 5.0146 1.83354 5.11977 1.64813 5.30518C1.46273 5.49059 1.35756 5.7414 1.35528 6.0036C1.353 6.2658 1.45379 6.5184 1.63595 6.707L7.29295 12.364C7.48048 12.5515 7.73479 12.6568 7.99995 12.6568C8.26512 12.6568 8.51942 12.5515 8.70695 12.364L14.364 6.707C14.5514 6.51947 14.6567 6.26516 14.6567 6C14.6567 5.73484 14.5514 5.48053 14.364 5.293Z\" fill=\"#818181\"><\/path><\/svg><\/div><\/div><div class=\"accordion-content\">\n<p class=\"font-size-14\">Rector of Comillas Pontifical University. Born in Valladolid in 1965, Enrique Sanz holds a degree in Trilingual Biblical Philology from the Pontifical University of Salamanca (1990); a degree in Sacred Scripture from the Pontifical Biblical Institute of Rome (1997); and a doctorate in Theology from Comillas (2000). A specialist in the theology of the Pentateuch and the theology of the Psalter, as well as in Old Testament spirituality, he has been a professor at the Faculty of Theology at Comillas since 2001. He has also been director of the Department of Sacred Scripture and Church History, vice-dean of the Faculty of Theology (2009-2012), and director of the journal of pastoral theology Sal Terrae (2001-2012). In his teaching work he has taught Sapiential and Apocalyptic Literature (undergraduate), as well as Old Testament Theology and Spirituality in graduate courses. Among his publications are Cercan\u00eda del Dios distante (Madrid, 2002), Un recuerdo que conduce al don (Bilbao, 2004), Profetas de misericordia (Madrid, 2007), Ya en el principio (Madrid, 2008) and Se\u00f1or, roca m\u00eda, escucha mi voz (Estella, 2014), in addition to numerous book chapters and research and popularization articles. Since 2015, he was dean of the Faculties of Theology and Canon Law. He has also been a member of the board of UNIJES (Jesuit Universities of Spain).<\/p>\n<\/div><\/div>\n\n\n\n<div class=\"wp-block-theme-blocks-accordion  hide-number-icon\" style=\"background-color:#ffffff\" data-enable-expiration-logic=\"false\" data-show-open=\"false\"><div class=\"envolve-accordion\"><div class=\"accordion-pretitle-div\"><span class=\"accordion-pretitle\">Vocal<\/span><\/div><div class=\"accordion-header\"><h4 class=\"accordion-toggle\">Mar\u00eda Luisa Berzosa Gonz\u00e1lez, FI<\/h4><svg class=\"accordion-arrow\" xmlns=\"https:\/\/www.w3.org\/2000\/svg\" width=\"16\" height=\"16\" viewBox=\"0 0 16 16\" fill=\"none\"><path class=\"arrow-path\" d=\"M14.364 5.293C14.1764 5.10553 13.9221 5.00021 13.657 5.00021C13.3918 5.00021 13.1375 5.10553 12.95 5.293L7.99995 10.243L3.04995 5.293C2.86135 5.11084 2.60875 5.01005 2.34655 5.01233C2.08435 5.0146 1.83354 5.11977 1.64813 5.30518C1.46273 5.49059 1.35756 5.7414 1.35528 6.0036C1.353 6.2658 1.45379 6.5184 1.63595 6.707L7.29295 12.364C7.48048 12.5515 7.73479 12.6568 7.99995 12.6568C8.26512 12.6568 8.51942 12.5515 8.70695 12.364L14.364 6.707C14.5514 6.51947 14.6567 6.26516 14.6567 6C14.6567 5.73484 14.5514 5.48053 14.364 5.293Z\" fill=\"#818181\"><\/path><\/svg><\/div><\/div><div class=\"accordion-content\">\n<p class=\"font-size-14\">Religious of the Congregation of the Daughters of Jesus (Jesuitinas), of Ignatian spirituality, dedicated to education. She worked as an administrative officer in the Ministry of Information and Tourism, specifically in the General Directorate of Cinema and Theater, until she joined the Congregation. He studied theology at the Pontifical University of Salamanca and later studied philosophy and literature in Valladolid. At the Salesian University of Rome, he obtained a degree in Educational Sciences with a specialization in youth ministry and catechetics. He lived for 14 years in Buenos Aires, where he was part of the founding team of Fe y Alegr\u00eda Argentina. For 11 years, he coordinated a school at Fe y Alegr\u00eda Rome that served migrants from Latin America, allowing them to study while working. For a period of 6 years, from 2014 to 2020, she collaborated as a volunteer at Entreculturas in Madrid. There, he coordinated the Spirituality Commission and led the annual Spiritual Exercises. He currently resides in Rome at the General Curia of his congregation. He participated in the Synod on &#8220;Faith, Youth and Vocational Discernment&#8221; in 2018 and in the &#8220;Special Synod of the Amazon&#8221; in 2019. In 2019, Pope Francis appointed her as a consultant to the General Secretariat of the Synod. He is an active member of two of the four commissions that contribute to this process: Spirituality and Communication, and in April 2022, he received the appointment as a member of the Vatican Dicastery for Education and Culture.<\/p>\n<\/div><\/div>\n<\/div>\n<\/div>\n\n<div class=\"wp-block-group has-global-padding is-layout-constrained wp-container-core-group-is-layout-5acd9bea wp-block-group-is-layout-constrained\" style=\"margin-bottom:var(--wp--preset--spacing--70);padding-right:20px;padding-left:20px\">\n<section class=\"accordion__block\"><input type=\"checkbox\" id=\"oi7x9as5un8wr47gl6x3f\" class=\"accordion__checkbox\"\/><label for=\"oi7x9as5un8wr47gl6x3f\" class=\"wp-block-theme-blocks-newsletter has-white-color has-red-background-color has-text-color has-background\"><p>Do you want to receive information?<\/p><a class=\"wp-block-button__link has-white-color has-red-background-color has-text-color has-background has-border-color has-white-border-color wp-element-button\" style=\"border-width:2px\">Subscribe to the newsletter<\/a><\/label><div class=\"accordion__content\">\n<div class=\"wp-block-group has-global-padding is-layout-constrained wp-container-core-group-is-layout-98a4a1e3 wp-block-group-is-layout-constrained\" style=\"margin-top:0;margin-bottom:var(--wp--preset--spacing--80)\">\n<div class=\"wp-block-group has-white-background-color has-background has-global-padding is-layout-constrained wp-block-group-is-layout-constrained\">\n<h2 class=\"wp-block-heading has-text-align-center font-size-20\" id=\"h-subscribe-to-the-newsletter\">Subscribe to the newsletter<\/h2>\n\n\n\n<div class=\"wp-block-group block-contacto is-content-justification-left is-nowrap is-layout-flex wp-container-core-group-is-layout-d8ee05ca wp-block-group-is-layout-flex\" style=\"padding-right:var(--wp--preset--spacing--70);padding-left:var(--wp--preset--spacing--70)\">\n<div class=\"wp-block-group has-global-padding is-layout-constrained wp-block-group-is-layout-constrained block-visibility-hide-medium-screen block-visibility-hide-small-screen\" style=\"padding-top:var(--wp--preset--spacing--50);padding-bottom:var(--wp--preset--spacing--50)\">\n<figure class=\"wp-block-image size-large has-custom-border wp-container-content-b99e70a5 block-visibility-hide-medium-screen block-visibility-hide-small-screen\"><img decoding=\"async\" width=\"1024\" height=\"683\" src=\"https:\/\/www.entreculturas.org\/wp-content\/uploads\/2024\/10\/Cuzco-FyA21-41-1024x683.jpg\" alt=\"\" class=\"wp-image-34482\" style=\"border-radius:12px\" srcset=\"https:\/\/www.entreculturas.org\/wp-content\/uploads\/2024\/10\/Cuzco-FyA21-41-1024x683.jpg 1024w, https:\/\/www.entreculturas.org\/wp-content\/uploads\/2024\/10\/Cuzco-FyA21-41-300x200.jpg 300w, https:\/\/www.entreculturas.org\/wp-content\/uploads\/2024\/10\/Cuzco-FyA21-41-768x512.jpg 768w, https:\/\/www.entreculturas.org\/wp-content\/uploads\/2024\/10\/Cuzco-FyA21-41-1536x1024.jpg 1536w, https:\/\/www.entreculturas.org\/wp-content\/uploads\/2024\/10\/Cuzco-FyA21-41-2048x1365.jpg 2048w\" sizes=\"(max-width: 1024px) 100vw, 1024px\" \/><\/figure>\n<\/div>\n\n\n\n<form style=\"padding-top:var(--wp--preset--spacing--60);padding-right:0;padding-bottom:var(--wp--preset--spacing--60);padding-left:0\" class=\"wp-block-theme-blocks-custom-form wp-container-content-a5fc19f1\" id=\"custom_form\" action=\"\/wp-admin\/admin-post.php?action=custom_form\" method=\"post\"><input type=\"hidden\" name=\"g-recaptcha-response\" id=\"g-recaptcha-response\" value=\"\"\/><input type=\"hidden\" name=\"thanks_page\" value=\"\/thank-you-page\"\/><input type=\"hidden\" name=\"groups[]\" value=\"eBoletin y Campa\u00f1as\"\/>\n<p>If you would like to receive our monthly newsletter and occasional emails with information, please complete this form. We will immediately register you in our database and you will be able to stay up to date with all the latest news.<\/p>\n\n\n\n<input type=\"hidden\" name=\"form_type\" value=\"3\"\/>\n\n\n\n<div class=\"input-container\"><label>Name *<\/label><input type=\"text\" name=\"first_name\"\/><\/div>\n\n\n\n<div class=\"input-container\"><label>Surname<\/label><input type=\"text\" name=\"last_name\"\/><\/div>\n\n\n\n<div class=\"input-container\"><label>Email *<\/label><input type=\"email\" name=\"email\" required\/><\/div>\n\n\n\n<label class=\"acceptance\"><input type=\"checkbox\" required\/><span>I accept the <a href=\"https:\/\/www.entreculturas.org\/es\/privacidad-entreculturas\" data-type=\"link\" data-id=\"https:\/\/www.entreculturas.org\/es\/privacidad-entreculturas\" target=\"_blank\" rel=\"noreferrer noopener\">Privacy Policy<\/a> *<\/span><\/label>\n\n\n\n<p style=\"font-size:12px !important\">\n    From ENTRECULTURES FE I ALEGRIA ESPANYA we will treat the data provided as Data Controllers for the purpose of&#8230;    \n    <a href=\"javascript:void(0);\" id=\"read-more-link\">Seguir leyendo<\/a>.\n<\/p>\n<p class=\"hidden\" id=\"read-more\" style=\"display: none;font-size: 12px;\">\n&#8230;send you our monthly newsletter and specific information about our actions and campaigns, in favor of our foundational objectives, based on consent or the execution of an agreement. You can exercise your rights by sending an email to datos@entreculturas.org with the subject &#8220;Data Protection&#8221;\n<\/p>\n\n\n\n<script>\ndocument.addEventListener('DOMContentLoaded', function() {\n    document.getElementById('read-more-link').addEventListener('click', function() {\n        var readMoreContent = document.getElementById('read-more');\n        readMoreContent.style.display = 'block !important'; \/\/ Intenta sobrescribir con !important\n\n        \/\/ Si el m\u00e9todo anterior no funciona, utiliza setAttribute\n        if (readMoreContent.style.display !== 'block') {\n            readMoreContent.setAttribute('style', 'display: block !important; font-size: 12px;');\n        } else {\n            \/\/ Si ya est\u00e1 en 'block', solo ajusta el tama\u00f1o de fuente\n            readMoreContent.style.fontSize = '12px';\n        }\n\n        this.style.display = 'none'; \/\/ Opcional: oculta el enlace de \"Seguir leyendo\"\n    });\n});\n<\/script>\n\n\n\n<p class=\"hidden\" id=\"read-more\" style=\"font-size:12px\">Desde ENTRECULTURAS FE Y ALEGR\u00cdA ESPA\u00d1A trataremos los datos aportados en calidad de Responsable del tratamiento con la finalidad de gestionar nuestra relaci\u00f3n contigo, en pro de nuestros objetivos fundacionales, en base al consentimiento o a la ejecuci\u00f3n de un acuerdo. Puedes ejercer tus derechos enviando un email a&nbsp;rgpd@entreculturas.org con el asunto \u201cProtecci\u00f3n de Datos\u201d.<\/p>\n\n\n\n<div class=\"wp-block-group width-70-contacto justify-center-768 is-content-justification-right is-nowrap is-layout-flex wp-container-core-group-is-layout-17124a9a wp-block-group-is-layout-flex\">\n<button class=\"wp-block-button__link wp-element-button\">Subscribe<\/button>\n<\/div>\n<\/form>\n<\/div>\n<\/div>\n<\/div>\n<\/div><\/section>\n<\/div>\n","protected":false},"excerpt":{"rendered":"<p>Board of Trustees The Board of Trustees is our highest decision-making body. It is composed of 10 members, a secretary and a president. All the people who form part of this governing body are linked to our work by their beliefs and values, and have been chosen for their experience and knowledge in the educational field.<\/p>\n","protected":false},"author":1,"featured_media":0,"parent":0,"menu_order":0,"comment_status":"closed","ping_status":"closed","template":"page-notitle","meta":{"_acf_changed":false,"footnotes":""},"class_list":["post-21149","page","type-page","status-publish","hentry"],"acf":[],"yoast_head":"<!-- This site is optimized with the Yoast SEO Premium plugin v21.6 (Yoast SEO v27.4) - https:\/\/yoast.com\/product\/yoast-seo-premium-wordpress\/ -->\n<title>Board of Trustees - Entreculturas<\/title>\n<meta name=\"robots\" content=\"index, follow, max-snippet:-1, max-image-preview:large, max-video-preview:-1\" \/>\n<link rel=\"canonical\" href=\"https:\/\/www.entreculturas.org\/en\/board-of-trustees\/\" \/>\n<meta property=\"og:locale\" content=\"en_US\" \/>\n<meta property=\"og:type\" content=\"article\" \/>\n<meta property=\"og:title\" content=\"Board of Trustees\" \/>\n<meta property=\"og:description\" content=\"Board of Trustees The Board of Trustees is our highest decision-making body. It is composed of 10 members, a secretary and a president. All the people who form part of this governing body are linked to our work by their beliefs and values, and have been chosen for their experience and knowledge in the educational field.\" \/>\n<meta property=\"og:url\" content=\"https:\/\/www.entreculturas.org\/en\/board-of-trustees\/\" \/>\n<meta property=\"og:site_name\" content=\"Entreculturas\" \/>\n<meta property=\"article:publisher\" content=\"https:\/\/www.facebook.com\/entreculturas\" \/>\n<meta property=\"article:modified_time\" content=\"2024-02-22T09:50:06+00:00\" \/>\n<meta property=\"og:image\" content=\"https:\/\/www.entreculturas.org\/wp-content\/uploads\/2023\/09\/corazon_entrecult.svg\" \/>\n<meta name=\"twitter:card\" content=\"summary_large_image\" \/>\n<meta name=\"twitter:site\" content=\"@Entreculturas\" \/>\n<script type=\"application\/ld+json\" class=\"yoast-schema-graph\">{\"@context\":\"https:\\\/\\\/schema.org\",\"@graph\":[{\"@type\":\"WebPage\",\"@id\":\"https:\\\/\\\/www.entreculturas.org\\\/en\\\/board-of-trustees\\\/\",\"url\":\"https:\\\/\\\/www.entreculturas.org\\\/en\\\/board-of-trustees\\\/\",\"name\":\"Board of Trustees - Entreculturas\",\"isPartOf\":{\"@id\":\"https:\\\/\\\/www.entreculturas.org\\\/en\\\/#website\"},\"primaryImageOfPage\":{\"@id\":\"https:\\\/\\\/www.entreculturas.org\\\/en\\\/board-of-trustees\\\/#primaryimage\"},\"image\":{\"@id\":\"https:\\\/\\\/www.entreculturas.org\\\/en\\\/board-of-trustees\\\/#primaryimage\"},\"thumbnailUrl\":\"https:\\\/\\\/www.entreculturas.org\\\/wp-content\\\/uploads\\\/2023\\\/09\\\/corazon_entrecult.svg\",\"datePublished\":\"2023-11-16T17:25:36+00:00\",\"dateModified\":\"2024-02-22T09:50:06+00:00\",\"breadcrumb\":{\"@id\":\"https:\\\/\\\/www.entreculturas.org\\\/en\\\/board-of-trustees\\\/#breadcrumb\"},\"inLanguage\":\"en-US\",\"potentialAction\":[{\"@type\":\"ReadAction\",\"target\":[\"https:\\\/\\\/www.entreculturas.org\\\/en\\\/board-of-trustees\\\/\"]}]},{\"@type\":\"ImageObject\",\"inLanguage\":\"en-US\",\"@id\":\"https:\\\/\\\/www.entreculturas.org\\\/en\\\/board-of-trustees\\\/#primaryimage\",\"url\":\"https:\\\/\\\/www.entreculturas.org\\\/wp-content\\\/uploads\\\/2023\\\/09\\\/corazon_entrecult.svg\",\"contentUrl\":\"https:\\\/\\\/www.entreculturas.org\\\/wp-content\\\/uploads\\\/2023\\\/09\\\/corazon_entrecult.svg\"},{\"@type\":\"BreadcrumbList\",\"@id\":\"https:\\\/\\\/www.entreculturas.org\\\/en\\\/board-of-trustees\\\/#breadcrumb\",\"itemListElement\":[{\"@type\":\"ListItem\",\"position\":1,\"name\":\"Home\",\"item\":\"https:\\\/\\\/www.entreculturas.org\\\/en\\\/\"},{\"@type\":\"ListItem\",\"position\":2,\"name\":\"Board of Trustees\"}]},{\"@type\":\"WebSite\",\"@id\":\"https:\\\/\\\/www.entreculturas.org\\\/en\\\/#website\",\"url\":\"https:\\\/\\\/www.entreculturas.org\\\/en\\\/\",\"name\":\"Entreculturas\",\"description\":\"\",\"publisher\":{\"@id\":\"https:\\\/\\\/www.entreculturas.org\\\/en\\\/#organization\"},\"alternateName\":\"Entreculturas\",\"potentialAction\":[{\"@type\":\"SearchAction\",\"target\":{\"@type\":\"EntryPoint\",\"urlTemplate\":\"https:\\\/\\\/www.entreculturas.org\\\/en\\\/?s={search_term_string}\"},\"query-input\":{\"@type\":\"PropertyValueSpecification\",\"valueRequired\":true,\"valueName\":\"search_term_string\"}}],\"inLanguage\":\"en-US\"},{\"@type\":\"Organization\",\"@id\":\"https:\\\/\\\/www.entreculturas.org\\\/en\\\/#organization\",\"name\":\"Entreculturas\",\"url\":\"https:\\\/\\\/www.entreculturas.org\\\/en\\\/\",\"logo\":{\"@type\":\"ImageObject\",\"inLanguage\":\"en-US\",\"@id\":\"https:\\\/\\\/www.entreculturas.org\\\/en\\\/#\\\/schema\\\/logo\\\/image\\\/\",\"url\":\"https:\\\/\\\/www.entreculturas.org\\\/wp-content\\\/uploads\\\/2025\\\/10\\\/ESP.svg\",\"contentUrl\":\"https:\\\/\\\/www.entreculturas.org\\\/wp-content\\\/uploads\\\/2025\\\/10\\\/ESP.svg\",\"caption\":\"Entreculturas\"},\"image\":{\"@id\":\"https:\\\/\\\/www.entreculturas.org\\\/en\\\/#\\\/schema\\\/logo\\\/image\\\/\"},\"sameAs\":[\"https:\\\/\\\/www.facebook.com\\\/entreculturas\",\"https:\\\/\\\/x.com\\\/Entreculturas\",\"https:\\\/\\\/www.instagram.com\\\/entreculturas\\\/\",\"https:\\\/\\\/www.youtube.com\\\/user\\\/entreculturasvideo\",\"https:\\\/\\\/www.linkedin.com\\\/company\\\/fundacion-entreculturas-ngdo\\\/\",\"https:\\\/\\\/www.flickr.com\\\/photos\\\/98455522@N04\\\/albums\\\/\"]}]}<\/script>\n<!-- \/ Yoast SEO Premium plugin. -->","yoast_head_json":{"title":"Board of Trustees - Entreculturas","robots":{"index":"index","follow":"follow","max-snippet":"max-snippet:-1","max-image-preview":"max-image-preview:large","max-video-preview":"max-video-preview:-1"},"canonical":"https:\/\/www.entreculturas.org\/en\/board-of-trustees\/","og_locale":"en_US","og_type":"article","og_title":"Board of Trustees","og_description":"Board of Trustees The Board of Trustees is our highest decision-making body. It is composed of 10 members, a secretary and a president. All the people who form part of this governing body are linked to our work by their beliefs and values, and have been chosen for their experience and knowledge in the educational field.","og_url":"https:\/\/www.entreculturas.org\/en\/board-of-trustees\/","og_site_name":"Entreculturas","article_publisher":"https:\/\/www.facebook.com\/entreculturas","article_modified_time":"2024-02-22T09:50:06+00:00","og_image":[{"url":"https:\/\/www.entreculturas.org\/wp-content\/uploads\/2023\/09\/corazon_entrecult.svg","type":"","width":"","height":""}],"twitter_card":"summary_large_image","twitter_site":"@Entreculturas","schema":{"@context":"https:\/\/schema.org","@graph":[{"@type":"WebPage","@id":"https:\/\/www.entreculturas.org\/en\/board-of-trustees\/","url":"https:\/\/www.entreculturas.org\/en\/board-of-trustees\/","name":"Board of Trustees - Entreculturas","isPartOf":{"@id":"https:\/\/www.entreculturas.org\/en\/#website"},"primaryImageOfPage":{"@id":"https:\/\/www.entreculturas.org\/en\/board-of-trustees\/#primaryimage"},"image":{"@id":"https:\/\/www.entreculturas.org\/en\/board-of-trustees\/#primaryimage"},"thumbnailUrl":"https:\/\/www.entreculturas.org\/wp-content\/uploads\/2023\/09\/corazon_entrecult.svg","datePublished":"2023-11-16T17:25:36+00:00","dateModified":"2024-02-22T09:50:06+00:00","breadcrumb":{"@id":"https:\/\/www.entreculturas.org\/en\/board-of-trustees\/#breadcrumb"},"inLanguage":"en-US","potentialAction":[{"@type":"ReadAction","target":["https:\/\/www.entreculturas.org\/en\/board-of-trustees\/"]}]},{"@type":"ImageObject","inLanguage":"en-US","@id":"https:\/\/www.entreculturas.org\/en\/board-of-trustees\/#primaryimage","url":"https:\/\/www.entreculturas.org\/wp-content\/uploads\/2023\/09\/corazon_entrecult.svg","contentUrl":"https:\/\/www.entreculturas.org\/wp-content\/uploads\/2023\/09\/corazon_entrecult.svg"},{"@type":"BreadcrumbList","@id":"https:\/\/www.entreculturas.org\/en\/board-of-trustees\/#breadcrumb","itemListElement":[{"@type":"ListItem","position":1,"name":"Home","item":"https:\/\/www.entreculturas.org\/en\/"},{"@type":"ListItem","position":2,"name":"Board of Trustees"}]},{"@type":"WebSite","@id":"https:\/\/www.entreculturas.org\/en\/#website","url":"https:\/\/www.entreculturas.org\/en\/","name":"Entreculturas","description":"","publisher":{"@id":"https:\/\/www.entreculturas.org\/en\/#organization"},"alternateName":"Entreculturas","potentialAction":[{"@type":"SearchAction","target":{"@type":"EntryPoint","urlTemplate":"https:\/\/www.entreculturas.org\/en\/?s={search_term_string}"},"query-input":{"@type":"PropertyValueSpecification","valueRequired":true,"valueName":"search_term_string"}}],"inLanguage":"en-US"},{"@type":"Organization","@id":"https:\/\/www.entreculturas.org\/en\/#organization","name":"Entreculturas","url":"https:\/\/www.entreculturas.org\/en\/","logo":{"@type":"ImageObject","inLanguage":"en-US","@id":"https:\/\/www.entreculturas.org\/en\/#\/schema\/logo\/image\/","url":"https:\/\/www.entreculturas.org\/wp-content\/uploads\/2025\/10\/ESP.svg","contentUrl":"https:\/\/www.entreculturas.org\/wp-content\/uploads\/2025\/10\/ESP.svg","caption":"Entreculturas"},"image":{"@id":"https:\/\/www.entreculturas.org\/en\/#\/schema\/logo\/image\/"},"sameAs":["https:\/\/www.facebook.com\/entreculturas","https:\/\/x.com\/Entreculturas","https:\/\/www.instagram.com\/entreculturas\/","https:\/\/www.youtube.com\/user\/entreculturasvideo","https:\/\/www.linkedin.com\/company\/fundacion-entreculturas-ngdo\/","https:\/\/www.flickr.com\/photos\/98455522@N04\/albums\/"]}]}},"_links":{"self":[{"href":"https:\/\/www.entreculturas.org\/en\/wp-json\/wp\/v2\/pages\/21149","targetHints":{"allow":["GET"]}}],"collection":[{"href":"https:\/\/www.entreculturas.org\/en\/wp-json\/wp\/v2\/pages"}],"about":[{"href":"https:\/\/www.entreculturas.org\/en\/wp-json\/wp\/v2\/types\/page"}],"author":[{"embeddable":true,"href":"https:\/\/www.entreculturas.org\/en\/wp-json\/wp\/v2\/users\/1"}],"replies":[{"embeddable":true,"href":"https:\/\/www.entreculturas.org\/en\/wp-json\/wp\/v2\/comments?post=21149"}],"version-history":[{"count":1,"href":"https:\/\/www.entreculturas.org\/en\/wp-json\/wp\/v2\/pages\/21149\/revisions"}],"predecessor-version":[{"id":21150,"href":"https:\/\/www.entreculturas.org\/en\/wp-json\/wp\/v2\/pages\/21149\/revisions\/21150"}],"wp:attachment":[{"href":"https:\/\/www.entreculturas.org\/en\/wp-json\/wp\/v2\/media?parent=21149"}],"curies":[{"name":"wp","href":"https:\/\/api.w.org\/{rel}","templated":true}]}}