{"id":20925,"date":"2023-12-01T11:13:54","date_gmt":"2023-12-01T10:13:54","guid":{"rendered":"https:\/\/www.entreculturas.org\/give-the-gift-of-membership\/"},"modified":"2025-07-08T13:52:09","modified_gmt":"2025-07-08T11:52:09","slug":"give-the-gift-of-membership","status":"publish","type":"page","link":"https:\/\/www.entreculturas.org\/en\/give-the-gift-of-membership\/","title":{"rendered":"Give the gift of being a member"},"content":{"rendered":"\n<div class=\"wp-block-cover alignfull is-light wp-block-hero\" style=\"padding-top:100px;padding-right:100px;padding-bottom:100px;padding-left:100px\"><img decoding=\"async\" width=\"2560\" height=\"1706\" class=\"wp-block-cover__image-background wp-image-8671\" alt=\"\" src=\"https:\/\/www.entreculturas.org\/wp-content\/uploads\/2023\/12\/regala-ser-socio-scaled.jpg\" style=\"object-position:50% 15%\" data-object-fit=\"cover\" data-object-position=\"50% 15%\" srcset=\"https:\/\/www.entreculturas.org\/wp-content\/uploads\/2023\/12\/regala-ser-socio-scaled.jpg 2560w, https:\/\/www.entreculturas.org\/wp-content\/uploads\/2023\/12\/regala-ser-socio-300x200.jpg 300w, https:\/\/www.entreculturas.org\/wp-content\/uploads\/2023\/12\/regala-ser-socio-1024x683.jpg 1024w, https:\/\/www.entreculturas.org\/wp-content\/uploads\/2023\/12\/regala-ser-socio-768x512.jpg 768w, https:\/\/www.entreculturas.org\/wp-content\/uploads\/2023\/12\/regala-ser-socio-1536x1024.jpg 1536w, https:\/\/www.entreculturas.org\/wp-content\/uploads\/2023\/12\/regala-ser-socio-2048x1365.jpg 2048w\" sizes=\"(max-width: 2560px) 100vw, 2560px\" \/><span aria-hidden=\"true\" class=\"wp-block-cover__background has-background-dim-30 has-background-dim\"><\/span><div class=\"wp-block-cover__inner-container is-layout-flow wp-block-cover-is-layout-flow\">\n<div class=\"wp-block-group has-global-padding is-content-justification-center is-layout-constrained wp-container-core-group-is-layout-44380cec wp-block-group-is-layout-constrained\">\n<div class=\"wp-block-group transicion-carga animacion-header has-global-padding is-content-justification-left is-layout-constrained wp-container-core-group-is-layout-d5378784 wp-block-group-is-layout-constrained\">\n<h1 class=\"wp-block-heading has-text-align-left has-white-color has-text-color\" id=\"h-give-the-gift-of-being-a-member\" style=\"margin-top:0;margin-right:0;margin-bottom:0;margin-left:0;padding-top:0px;padding-right:0;padding-bottom:0;padding-left:0\">Give the gift of being a member<\/h1>\n\n\n\n<div class=\"wp-block-buttons is-content-justification-left is-layout-flex wp-container-core-buttons-is-layout-0bc89592 wp-block-buttons-is-layout-flex block-visibility-hide-small-screen\" style=\"margin-top:var(--wp--preset--spacing--40)\">\n<div class=\"wp-block-button\"><a class=\"wp-block-button__link wp-element-button\" href=\"https:\/\/colabora.entreculturas.org\/es\/regala-cuota\">I want to give<\/a><\/div>\n<\/div>\n\n\n\n<p class=\"cr-fotografo has-white-color has-text-color\" style=\"font-size:12px\">\u00a9 Monteser\u00edn Fotograf\u00eda<\/p>\n<\/div>\n<\/div>\n<\/div><\/div>\n\n\n\n<div class=\"wp-block-group alignfull rounded-shadow has-white-background-color has-background has-global-padding is-layout-constrained wp-container-core-group-is-layout-06355609 wp-block-group-is-layout-constrained\" style=\"margin-top:0;margin-bottom:0;padding-top:var(--wp--preset--spacing--40);padding-right:var(--wp--preset--spacing--40);padding-bottom:var(--wp--preset--spacing--70);padding-left:var(--wp--preset--spacing--40)\">\n<div class=\"wp-block-group has-global-padding is-layout-constrained wp-container-core-group-is-layout-69ca767f wp-block-group-is-layout-constrained\">\n<p class=\"has-text-align-center has-purple-color has-text-color has-din-font-family\" style=\"margin-bottom:var(--wp--preset--spacing--40);font-size:54px;line-height:1.1\"><strong><strong>Give the gift of a first annual Entreculturas fee<br>to a friend or family member<\/strong><\/strong><\/p>\n\n\n\n<p>There is an even greater form of commitment to Entreculturas than being a member: giving the gift of BEING a member to others. It is a very valuable gift for both the giver and the receiver: it is BEING part of a movement committed to the right to education.<\/p>\n<\/div>\n<\/div>\n\n\n\n<div class=\"wp-block-group no-margin has-global-padding is-content-justification-center is-layout-constrained wp-container-core-group-is-layout-961c44d6 wp-block-group-is-layout-constrained\" style=\"margin-top:0;margin-bottom:0;padding-top:var(--wp--preset--spacing--70);padding-right:0px;padding-bottom:0px\">\n<div class=\"wp-block-group heart-divider has-global-padding is-layout-constrained wp-container-core-group-is-layout-7db9d80f wp-block-group-is-layout-constrained\" style=\"padding-right:0;padding-left:0\">\n<figure class=\"wp-block-image aligncenter size-full\"><img decoding=\"async\" src=\"https:\/\/www.entreculturas.org\/wp-content\/uploads\/2023\/09\/heart.svg\" alt=\"\" class=\"wp-image-220\"\/><\/figure>\n<\/div>\n\n\n\n<div class=\"wp-block-group has-global-padding is-layout-constrained wp-container-core-group-is-layout-3b0f2f7d wp-block-group-is-layout-constrained\" style=\"padding-right:20px;padding-left:20px\">\n<h3 class=\"wp-block-heading has-text-align-center all-caps-text text-28 has-red-color has-text-color\" id=\"h-what-does-this-gift-consist-of\" style=\"padding-bottom:var(--wp--preset--spacing--50);font-size:4.3rem\"><strong>What does this gift consist of?<\/strong><\/h3>\n\n\n\n<p class=\"has-text-align-center\">In giving away a first annual fee to friends or relatives who may be interested in becoming members of Entreculturas, but are not yet able to do so. After one year, they will decide if they want to remain members of Entreculturas with their own periodic contribution.<\/p>\n<\/div>\n\n\n\n<div class=\"wp-block-group has-global-padding is-layout-constrained wp-block-group-is-layout-constrained\">\n<div class=\"wp-block-columns m-top-20 no-m-b is-layout-flex wp-container-core-columns-is-layout-6f8019a8 wp-block-columns-is-layout-flex\" style=\"margin-top:var(--wp--preset--spacing--70);margin-bottom:var(--wp--preset--spacing--70);padding-right:0;padding-left:0\">\n<div class=\"wp-block-column has-white-background-color has-background is-layout-flow wp-container-core-column-is-layout-a77db08e wp-block-column-is-layout-flow\">\n<div class=\"wp-block-group has-white-background-color has-background is-vertical is-content-justification-center is-layout-flex wp-container-core-group-is-layout-c0a9cba6 wp-block-group-is-layout-flex\" style=\"padding-top:0;padding-right:0;padding-bottom:0;padding-left:0\">\n<div class=\"wp-block-group p-16 focus-causa-text has-global-padding is-layout-constrained wp-container-core-group-is-layout-c2e26041 wp-block-group-is-layout-constrained\" style=\"padding-top:var(--wp--preset--spacing--60);padding-right:var(--wp--preset--spacing--70);padding-bottom:var(--wp--preset--spacing--70);padding-left:var(--wp--preset--spacing--70)\">\n<p class=\"text-20 title-causa has-purple-color has-text-color has-open-sans-font-family\" style=\"margin-bottom:var(--wp--preset--spacing--60);font-size:28px;line-height:1.1;text-transform:none\"><strong>When can Entreculturas membership be given as a gift?<\/strong><\/p>\n\n\n\n<p>At any time of the year and on any occasion: for a birthday, family reunion, graduation or anniversary celebration, the options are many! It will always be a good time to help education reach more children and young people.<\/p>\n<\/div>\n<\/div>\n<\/div>\n\n\n\n<div class=\"wp-block-column has-white-background-color has-background is-layout-flow wp-container-core-column-is-layout-8a368f38 wp-block-column-is-layout-flow\">\n<div class=\"wp-block-group has-white-background-color has-background is-vertical is-content-justification-center is-layout-flex wp-container-core-group-is-layout-c0a9cba6 wp-block-group-is-layout-flex\" style=\"padding-top:0;padding-right:0;padding-bottom:0;padding-left:0\">\n<div class=\"wp-block-group p-16 focus-causa-text has-global-padding is-layout-constrained wp-container-core-group-is-layout-c2e26041 wp-block-group-is-layout-constrained\" style=\"padding-top:var(--wp--preset--spacing--60);padding-right:var(--wp--preset--spacing--70);padding-bottom:var(--wp--preset--spacing--70);padding-left:var(--wp--preset--spacing--70)\">\n<p class=\"text-20 title-causa has-purple-color has-text-color has-open-sans-font-family\" style=\"margin-bottom:var(--wp--preset--spacing--60);font-size:28px;line-height:1.1;text-transform:none\"><strong>Why is it so important for Entreculturas to grow its membership?<\/strong><\/p>\n\n\n\n<p>Because your support helps us transform the lives of thousands of people through education. Specifically, it enables Entreculturas to have greater visibility, representativeness, legitimacy, independence and impact. Members allow us to support projects and have a stronger voice in defense of the education of the most vulnerable groups.<\/p>\n<\/div>\n<\/div>\n<\/div>\n<\/div>\n<\/div>\n<\/div>\n\n\n\n<div class=\"wp-block-group has-global-padding is-layout-constrained wp-container-core-group-is-layout-a9a05eaa wp-block-group-is-layout-constrained block-visibility-hide-medium-screen block-visibility-hide-small-screen\" style=\"padding-right:0;padding-left:0\">\n<div class=\"wp-block-group has-white-background-color has-background is-vertical is-content-justification-stretch is-layout-flex wp-container-core-group-is-layout-6e49599c wp-block-group-is-layout-flex\" style=\"border-radius:15px;margin-top:var(--wp--preset--spacing--40);margin-bottom:var(--wp--preset--spacing--40);padding-top:0;padding-right:0;padding-bottom:0;padding-left:0\">\n<div class=\"wp-block-group p-16 focus-causa-text has-global-padding is-layout-constrained wp-container-core-group-is-layout-ac0de9a8 wp-block-group-is-layout-constrained\" style=\"border-radius:15px;padding-top:var(--wp--preset--spacing--60);padding-right:var(--wp--preset--spacing--70);padding-bottom:var(--wp--preset--spacing--70);padding-left:var(--wp--preset--spacing--70)\">\n<p class=\"has-text-align-center text-20 title-causa has-purple-color has-text-color has-open-sans-font-family\" style=\"margin-bottom:var(--wp--preset--spacing--60);font-size:28px;line-height:1.1;text-transform:none\"><strong>What do you have to do to give a gift to BE a member?<\/strong><\/p>\n\n\n\n<p style=\"margin-bottom:var(--wp--preset--spacing--30)\">The procedure is simple:<\/p>\n\n\n\n<p class=\"has-red-color has-text-color has-link-color has-medium-font-size wp-elements-c7ebfc2ae46e6512c8b5a4195cd7fb6b\" style=\"margin-bottom:var(--wp--preset--spacing--30)\"><strong>Step 1<\/strong><\/p>\n\n\n\n<p>Click on the &#8220;I WANT TO GIVE&#8221; button, and fill in the form with the annual fee you want to give, the data of the person you are giving and your data.  <\/p>\n\n\n\n<p class=\"has-red-color has-text-color has-link-color has-medium-font-size wp-elements-7bd2bad8f491da8c3fd28d1675ed2ced\" style=\"margin-top:var(--wp--preset--spacing--40);margin-bottom:var(--wp--preset--spacing--30)\"><strong>Step 2<\/strong><\/p>\n\n\n\n<p>You will immediately receive a gift card by e-mail, which you must send to the person you are giving as a gift. Once your gift is accepted, we will bill you for the fee you give, which will be considered your donation for tax purposes.  <\/p>\n\n\n\n<div class=\"wp-block-buttons is-content-justification-center is-layout-flex wp-container-core-buttons-is-layout-b30bd9b3 wp-block-buttons-is-layout-flex\" style=\"margin-top:var(--wp--preset--spacing--70)\">\n<div class=\"wp-block-button\"><a class=\"wp-block-button__link wp-element-button\" href=\"https:\/\/colabora.entreculturas.org\/es\/regala-cuota\">I want to give<\/a><\/div>\n<\/div>\n<\/div>\n<\/div>\n<\/div>\n\n\n\n<div class=\"wp-block-group has-global-padding is-layout-constrained wp-container-core-group-is-layout-91e5f430 wp-block-group-is-layout-constrained block-visibility-hide-large-screen\" style=\"padding-right:var(--wp--preset--spacing--40);padding-left:var(--wp--preset--spacing--40)\">\n<div class=\"wp-block-group has-white-background-color has-background is-vertical is-content-justification-stretch is-layout-flex wp-container-core-group-is-layout-6e49599c wp-block-group-is-layout-flex\" style=\"border-radius:15px;margin-top:var(--wp--preset--spacing--40);margin-bottom:var(--wp--preset--spacing--40);padding-top:0;padding-right:0;padding-bottom:0;padding-left:0\">\n<div class=\"wp-block-group p-16 focus-causa-text has-global-padding is-layout-constrained wp-container-core-group-is-layout-ac0de9a8 wp-block-group-is-layout-constrained\" style=\"border-radius:15px;padding-top:var(--wp--preset--spacing--60);padding-right:var(--wp--preset--spacing--70);padding-bottom:var(--wp--preset--spacing--70);padding-left:var(--wp--preset--spacing--70)\">\n<p class=\"has-text-align-center text-20 title-causa has-purple-color has-text-color has-open-sans-font-family\" style=\"margin-bottom:var(--wp--preset--spacing--60);font-size:28px;line-height:1.1;text-transform:none\"><strong>What do you have to do to give a gift to BE a member?<\/strong><\/p>\n\n\n\n<p style=\"margin-bottom:var(--wp--preset--spacing--30)\">The procedure is simple:<\/p>\n\n\n\n<p class=\"has-red-color has-text-color has-link-color has-medium-font-size wp-elements-c7ebfc2ae46e6512c8b5a4195cd7fb6b\" style=\"margin-bottom:var(--wp--preset--spacing--30)\"><strong>Step 1<\/strong><\/p>\n\n\n\n<p>Click on the &#8220;I WANT TO GIVE&#8221; button, and fill in the form with the annual fee you want to give, the data of the person you are giving and your data.  <\/p>\n\n\n\n<p class=\"has-red-color has-text-color has-link-color has-medium-font-size wp-elements-7bd2bad8f491da8c3fd28d1675ed2ced\" style=\"margin-top:var(--wp--preset--spacing--40);margin-bottom:var(--wp--preset--spacing--30)\"><strong>Step 2<\/strong><\/p>\n\n\n\n<p>You will immediately receive a gift card by e-mail, which you must send to the person you are giving as a gift. Once your gift is accepted, we will bill you for the fee you give, which will be considered your donation for tax purposes.  <\/p>\n\n\n\n<div class=\"wp-block-buttons is-content-justification-center is-layout-flex wp-container-core-buttons-is-layout-b30bd9b3 wp-block-buttons-is-layout-flex\" style=\"margin-top:var(--wp--preset--spacing--70)\">\n<div class=\"wp-block-button\"><a class=\"wp-block-button__link wp-element-button\" href=\"https:\/\/colabora.entreculturas.org\/es\/regala-cuota\">I want to give<\/a><\/div>\n<\/div>\n<\/div>\n<\/div>\n<\/div>\n\n\n\n<div class=\"wp-block-group has-global-padding is-layout-constrained wp-container-core-group-is-layout-0f96cc84 wp-block-group-is-layout-constrained\" style=\"margin-bottom:var(--wp--preset--spacing--80);padding-right:var(--wp--preset--spacing--40);padding-left:var(--wp--preset--spacing--40)\">\n<div class=\"wp-block-group is-vertical is-content-justification-center is-layout-flex wp-container-core-group-is-layout-1295ab02 wp-block-group-is-layout-flex\" style=\"padding-top:var(--wp--preset--spacing--30);padding-right:0;padding-bottom:var(--wp--preset--spacing--50);padding-left:0\">\n<p class=\"has-text-align-center text-wrap-balance text-20 has-gray-entreculturas-color has-text-color\" style=\"font-size:2.5rem;font-style:normal;font-weight:700;line-height:1.1\">To whom you give the gift of &#8220;BE a partner&#8221; you give the opportunity to support education in the world.<\/p>\n\n\n\n<div class=\"wp-block-group heart-divider has-global-padding is-layout-constrained wp-block-group-is-layout-constrained\" style=\"margin-top:var(--wp--preset--spacing--40);margin-bottom:var(--wp--preset--spacing--70)\">\n<figure class=\"wp-block-image size-full\"><img decoding=\"async\" src=\"https:\/\/www.entreculturas.org\/wp-content\/uploads\/2023\/09\/heart.svg\" alt=\"\" class=\"wp-image-220\"\/><\/figure>\n<\/div>\n\n\n\n<p class=\"has-text-align-center text-wrap-balance text-20 has-gray-entreculturas-color has-text-color\" style=\"font-size:2.5rem;font-style:normal;font-weight:700;line-height:1.1\">Do you have any doubts?<\/p>\n<\/div>\n\n\n\n<div class=\"wp-block-group is-vertical is-content-justification-center is-layout-flex wp-container-core-group-is-layout-ce155fab wp-block-group-is-layout-flex\">\n<p class=\"has-text-align-center\">If you have any questions, please do not hesitate to contact our Campaigns team:<\/p>\n\n\n\n<p class=\"has-text-align-center\"><br><strong>e-mail: <a href=\"mailto:colaboradores@entreculturas.org\">colaboradores@entreculturas.org<\/a><br><a href=\"tel:+34915902672\">office: 91 590 26 72<\/a><\/strong><\/p>\n<\/div>\n<\/div>\n\n\n\n<div class=\"wp-block-group has-global-padding is-layout-constrained wp-container-core-group-is-layout-5acd9bea wp-block-group-is-layout-constrained\" style=\"margin-bottom:var(--wp--preset--spacing--70);padding-right:20px;padding-left:20px\">\n<section class=\"accordion__block\"><input type=\"checkbox\" id=\"oi7x9as5un8wr47gl6x3f\" class=\"accordion__checkbox\"\/><label for=\"oi7x9as5un8wr47gl6x3f\" class=\"wp-block-theme-blocks-newsletter has-white-color has-red-background-color has-text-color has-background\"><p>Do you want to receive information?<\/p><a class=\"wp-block-button__link has-white-color has-red-background-color has-text-color has-background has-border-color has-white-border-color wp-element-button\" style=\"border-width:2px\">Subscribe to the newsletter<\/a><\/label><div class=\"accordion__content\">\n<div class=\"wp-block-group has-global-padding is-layout-constrained wp-container-core-group-is-layout-98a4a1e3 wp-block-group-is-layout-constrained\" style=\"margin-top:0;margin-bottom:var(--wp--preset--spacing--80)\">\n<div class=\"wp-block-group has-white-background-color has-background has-global-padding is-layout-constrained wp-block-group-is-layout-constrained\">\n<h2 class=\"wp-block-heading has-text-align-center font-size-20\" id=\"h-subscribe-to-the-newsletter\">Subscribe to the newsletter<\/h2>\n\n\n\n<div class=\"wp-block-group block-contacto is-content-justification-left is-nowrap is-layout-flex wp-container-core-group-is-layout-d8ee05ca wp-block-group-is-layout-flex\" style=\"padding-right:var(--wp--preset--spacing--70);padding-left:var(--wp--preset--spacing--70)\">\n<div class=\"wp-block-group has-global-padding is-layout-constrained wp-block-group-is-layout-constrained block-visibility-hide-medium-screen block-visibility-hide-small-screen\" style=\"padding-top:var(--wp--preset--spacing--50);padding-bottom:var(--wp--preset--spacing--50)\">\n<figure class=\"wp-block-image size-large has-custom-border wp-container-content-b99e70a5 block-visibility-hide-medium-screen block-visibility-hide-small-screen\"><img decoding=\"async\" width=\"1024\" height=\"683\" src=\"https:\/\/www.entreculturas.org\/wp-content\/uploads\/2024\/10\/Cuzco-FyA21-41-1024x683.jpg\" alt=\"\" class=\"wp-image-34482\" style=\"border-radius:12px\" srcset=\"https:\/\/www.entreculturas.org\/wp-content\/uploads\/2024\/10\/Cuzco-FyA21-41-1024x683.jpg 1024w, https:\/\/www.entreculturas.org\/wp-content\/uploads\/2024\/10\/Cuzco-FyA21-41-300x200.jpg 300w, https:\/\/www.entreculturas.org\/wp-content\/uploads\/2024\/10\/Cuzco-FyA21-41-768x512.jpg 768w, https:\/\/www.entreculturas.org\/wp-content\/uploads\/2024\/10\/Cuzco-FyA21-41-1536x1024.jpg 1536w, https:\/\/www.entreculturas.org\/wp-content\/uploads\/2024\/10\/Cuzco-FyA21-41-2048x1365.jpg 2048w\" sizes=\"(max-width: 1024px) 100vw, 1024px\" \/><\/figure>\n<\/div>\n\n\n\n<form style=\"padding-top:var(--wp--preset--spacing--60);padding-right:0;padding-bottom:var(--wp--preset--spacing--60);padding-left:0\" class=\"wp-block-theme-blocks-custom-form wp-container-content-a5fc19f1\" id=\"custom_form\" action=\"\/wp-admin\/admin-post.php?action=custom_form\" method=\"post\"><input type=\"hidden\" name=\"g-recaptcha-response\" id=\"g-recaptcha-response\" value=\"\"\/><input type=\"hidden\" name=\"thanks_page\" value=\"\/thank-you-page\"\/><input type=\"hidden\" name=\"groups[]\" value=\"eBoletin y Campa\u00f1as\"\/>\n<p>If you would like to receive our monthly newsletter and occasional emails with information, please complete this form. We will immediately register you in our database and you will be able to stay up to date with all the latest news.<\/p>\n\n\n\n<input type=\"hidden\" name=\"form_type\" value=\"3\"\/>\n\n\n\n<div class=\"input-container\"><label>Name *<\/label><input type=\"text\" name=\"first_name\"\/><\/div>\n\n\n\n<div class=\"input-container\"><label>Surname<\/label><input type=\"text\" name=\"last_name\"\/><\/div>\n\n\n\n<div class=\"input-container\"><label>Email *<\/label><input type=\"email\" name=\"email\" required\/><\/div>\n\n\n\n<label class=\"acceptance\"><input type=\"checkbox\" required\/><span>I accept the <a href=\"https:\/\/www.entreculturas.org\/es\/privacidad-entreculturas\" data-type=\"link\" data-id=\"https:\/\/www.entreculturas.org\/es\/privacidad-entreculturas\" target=\"_blank\" rel=\"noreferrer noopener\">Privacy Policy<\/a> *<\/span><\/label>\n\n\n\n<p style=\"font-size:12px !important\">\n    From ENTRECULTURES FE I ALEGRIA ESPANYA we will treat the data provided as Data Controllers for the purpose of&#8230;    \n    <a href=\"javascript:void(0);\" id=\"read-more-link\">Seguir leyendo<\/a>.\n<\/p>\n<p class=\"hidden\" id=\"read-more\" style=\"display: none;font-size: 12px;\">\n&#8230;send you our monthly newsletter and specific information about our actions and campaigns, in favor of our foundational objectives, based on consent or the execution of an agreement. You can exercise your rights by sending an email to datos@entreculturas.org with the subject &#8220;Data Protection&#8221;\n<\/p>\n\n\n\n<script>\ndocument.addEventListener('DOMContentLoaded', function() {\n    document.getElementById('read-more-link').addEventListener('click', function() {\n        var readMoreContent = document.getElementById('read-more');\n        readMoreContent.style.display = 'block !important'; \/\/ Intenta sobrescribir con !important\n\n        \/\/ Si el m\u00e9todo anterior no funciona, utiliza setAttribute\n        if (readMoreContent.style.display !== 'block') {\n            readMoreContent.setAttribute('style', 'display: block !important; font-size: 12px;');\n        } else {\n            \/\/ Si ya est\u00e1 en 'block', solo ajusta el tama\u00f1o de fuente\n            readMoreContent.style.fontSize = '12px';\n        }\n\n        this.style.display = 'none'; \/\/ Opcional: oculta el enlace de \"Seguir leyendo\"\n    });\n});\n<\/script>\n\n\n\n<p class=\"hidden\" id=\"read-more\" style=\"font-size:12px\">Desde ENTRECULTURAS FE Y ALEGR\u00cdA ESPA\u00d1A trataremos los datos aportados en calidad de Responsable del tratamiento con la finalidad de gestionar nuestra relaci\u00f3n contigo, en pro de nuestros objetivos fundacionales, en base al consentimiento o a la ejecuci\u00f3n de un acuerdo. Puedes ejercer tus derechos enviando un email a&nbsp;rgpd@entreculturas.org con el asunto \u201cProtecci\u00f3n de Datos\u201d.<\/p>\n\n\n\n<div class=\"wp-block-group width-70-contacto justify-center-768 is-content-justification-right is-nowrap is-layout-flex wp-container-core-group-is-layout-17124a9a wp-block-group-is-layout-flex\">\n<button class=\"wp-block-button__link wp-element-button\">Subscribe<\/button>\n<\/div>\n<\/form>\n<\/div>\n<\/div>\n<\/div>\n<\/div><\/section>\n<\/div>\n\n\n","protected":false},"excerpt":{"rendered":"<p>Give the gift of a first annual Entreculturas feeto a friend or family member There is an even greater form of commitment to Entreculturas than being a member: giving the gift of BEING a member to others. It is a very valuable gift for both the giver and the receiver: it is BEING part of a movement committed to the right to education. What does this gift consist of? In giving away a first annual fee to friends or relatives who may be interested in becoming members of Entreculturas, but are not yet able to do so. After one year, they will decide if they want to remain members of Entreculturas with their own periodic contribution. When can Entreculturas membership be given as a gift? At any time of the year and on any occasion: for a birthday, family reunion, graduation or anniversary celebration, the options are many! It will [&hellip;]<\/p>\n","protected":false},"author":1,"featured_media":0,"parent":0,"menu_order":0,"comment_status":"closed","ping_status":"closed","template":"","meta":{"_acf_changed":false,"footnotes":""},"class_list":["post-20925","page","type-page","status-publish","hentry"],"acf":[],"yoast_head":"<!-- This site is optimized with the Yoast SEO Premium plugin v21.6 (Yoast SEO v27.4) - https:\/\/yoast.com\/product\/yoast-seo-premium-wordpress\/ -->\n<title>Give the gift of being a member - Entreculturas<\/title>\n<meta name=\"robots\" content=\"index, follow, max-snippet:-1, max-image-preview:large, max-video-preview:-1\" \/>\n<link rel=\"canonical\" href=\"https:\/\/www.entreculturas.org\/en\/give-the-gift-of-membership\/\" \/>\n<meta property=\"og:locale\" content=\"en_US\" \/>\n<meta property=\"og:type\" content=\"article\" \/>\n<meta property=\"og:title\" content=\"Give the gift of being a member\" \/>\n<meta property=\"og:description\" content=\"Give the gift of a first annual Entreculturas feeto a friend or family member There is an even greater form of commitment to Entreculturas than being a member: giving the gift of BEING a member to others. It is a very valuable gift for both the giver and the receiver: it is BEING part of a movement committed to the right to education. What does this gift consist of? In giving away a first annual fee to friends or relatives who may be interested in becoming members of Entreculturas, but are not yet able to do so. After one year, they will decide if they want to remain members of Entreculturas with their own periodic contribution. When can Entreculturas membership be given as a gift? At any time of the year and on any occasion: for a birthday, family reunion, graduation or anniversary celebration, the options are many! It will [&hellip;]\" \/>\n<meta property=\"og:url\" content=\"https:\/\/www.entreculturas.org\/en\/give-the-gift-of-membership\/\" \/>\n<meta property=\"og:site_name\" content=\"Entreculturas\" \/>\n<meta property=\"article:publisher\" content=\"https:\/\/www.facebook.com\/entreculturas\" \/>\n<meta property=\"article:modified_time\" content=\"2025-07-08T11:52:09+00:00\" \/>\n<meta property=\"og:image\" content=\"https:\/\/www.entreculturas.org\/wp-content\/uploads\/2023\/12\/regala-ser-socio-scaled.jpg\" \/>\n<meta name=\"twitter:card\" content=\"summary_large_image\" \/>\n<meta name=\"twitter:site\" content=\"@Entreculturas\" \/>\n<script type=\"application\/ld+json\" class=\"yoast-schema-graph\">{\"@context\":\"https:\\\/\\\/schema.org\",\"@graph\":[{\"@type\":\"WebPage\",\"@id\":\"https:\\\/\\\/www.entreculturas.org\\\/en\\\/give-the-gift-of-membership\\\/\",\"url\":\"https:\\\/\\\/www.entreculturas.org\\\/en\\\/give-the-gift-of-membership\\\/\",\"name\":\"Give the gift of being a member - Entreculturas\",\"isPartOf\":{\"@id\":\"https:\\\/\\\/www.entreculturas.org\\\/en\\\/#website\"},\"primaryImageOfPage\":{\"@id\":\"https:\\\/\\\/www.entreculturas.org\\\/en\\\/give-the-gift-of-membership\\\/#primaryimage\"},\"image\":{\"@id\":\"https:\\\/\\\/www.entreculturas.org\\\/en\\\/give-the-gift-of-membership\\\/#primaryimage\"},\"thumbnailUrl\":\"https:\\\/\\\/www.entreculturas.org\\\/wp-content\\\/uploads\\\/2023\\\/12\\\/regala-ser-socio-scaled.jpg\",\"datePublished\":\"2023-12-01T10:13:54+00:00\",\"dateModified\":\"2025-07-08T11:52:09+00:00\",\"breadcrumb\":{\"@id\":\"https:\\\/\\\/www.entreculturas.org\\\/en\\\/give-the-gift-of-membership\\\/#breadcrumb\"},\"inLanguage\":\"en-US\",\"potentialAction\":[{\"@type\":\"ReadAction\",\"target\":[\"https:\\\/\\\/www.entreculturas.org\\\/en\\\/give-the-gift-of-membership\\\/\"]}]},{\"@type\":\"ImageObject\",\"inLanguage\":\"en-US\",\"@id\":\"https:\\\/\\\/www.entreculturas.org\\\/en\\\/give-the-gift-of-membership\\\/#primaryimage\",\"url\":\"https:\\\/\\\/www.entreculturas.org\\\/wp-content\\\/uploads\\\/2023\\\/12\\\/regala-ser-socio-scaled.jpg\",\"contentUrl\":\"https:\\\/\\\/www.entreculturas.org\\\/wp-content\\\/uploads\\\/2023\\\/12\\\/regala-ser-socio-scaled.jpg\"},{\"@type\":\"BreadcrumbList\",\"@id\":\"https:\\\/\\\/www.entreculturas.org\\\/en\\\/give-the-gift-of-membership\\\/#breadcrumb\",\"itemListElement\":[{\"@type\":\"ListItem\",\"position\":1,\"name\":\"Home\",\"item\":\"https:\\\/\\\/www.entreculturas.org\\\/en\\\/\"},{\"@type\":\"ListItem\",\"position\":2,\"name\":\"Give the gift of being a member\"}]},{\"@type\":\"WebSite\",\"@id\":\"https:\\\/\\\/www.entreculturas.org\\\/en\\\/#website\",\"url\":\"https:\\\/\\\/www.entreculturas.org\\\/en\\\/\",\"name\":\"Entreculturas\",\"description\":\"\",\"publisher\":{\"@id\":\"https:\\\/\\\/www.entreculturas.org\\\/en\\\/#organization\"},\"alternateName\":\"Entreculturas\",\"potentialAction\":[{\"@type\":\"SearchAction\",\"target\":{\"@type\":\"EntryPoint\",\"urlTemplate\":\"https:\\\/\\\/www.entreculturas.org\\\/en\\\/?s={search_term_string}\"},\"query-input\":{\"@type\":\"PropertyValueSpecification\",\"valueRequired\":true,\"valueName\":\"search_term_string\"}}],\"inLanguage\":\"en-US\"},{\"@type\":\"Organization\",\"@id\":\"https:\\\/\\\/www.entreculturas.org\\\/en\\\/#organization\",\"name\":\"Entreculturas\",\"url\":\"https:\\\/\\\/www.entreculturas.org\\\/en\\\/\",\"logo\":{\"@type\":\"ImageObject\",\"inLanguage\":\"en-US\",\"@id\":\"https:\\\/\\\/www.entreculturas.org\\\/en\\\/#\\\/schema\\\/logo\\\/image\\\/\",\"url\":\"https:\\\/\\\/www.entreculturas.org\\\/wp-content\\\/uploads\\\/2025\\\/10\\\/ESP.svg\",\"contentUrl\":\"https:\\\/\\\/www.entreculturas.org\\\/wp-content\\\/uploads\\\/2025\\\/10\\\/ESP.svg\",\"caption\":\"Entreculturas\"},\"image\":{\"@id\":\"https:\\\/\\\/www.entreculturas.org\\\/en\\\/#\\\/schema\\\/logo\\\/image\\\/\"},\"sameAs\":[\"https:\\\/\\\/www.facebook.com\\\/entreculturas\",\"https:\\\/\\\/x.com\\\/Entreculturas\",\"https:\\\/\\\/www.instagram.com\\\/entreculturas\\\/\",\"https:\\\/\\\/www.youtube.com\\\/user\\\/entreculturasvideo\",\"https:\\\/\\\/www.linkedin.com\\\/company\\\/fundacion-entreculturas-ngdo\\\/\",\"https:\\\/\\\/www.flickr.com\\\/photos\\\/98455522@N04\\\/albums\\\/\"]}]}<\/script>\n<!-- \/ Yoast SEO Premium plugin. -->","yoast_head_json":{"title":"Give the gift of being a member - Entreculturas","robots":{"index":"index","follow":"follow","max-snippet":"max-snippet:-1","max-image-preview":"max-image-preview:large","max-video-preview":"max-video-preview:-1"},"canonical":"https:\/\/www.entreculturas.org\/en\/give-the-gift-of-membership\/","og_locale":"en_US","og_type":"article","og_title":"Give the gift of being a member","og_description":"Give the gift of a first annual Entreculturas feeto a friend or family member There is an even greater form of commitment to Entreculturas than being a member: giving the gift of BEING a member to others. It is a very valuable gift for both the giver and the receiver: it is BEING part of a movement committed to the right to education. What does this gift consist of? In giving away a first annual fee to friends or relatives who may be interested in becoming members of Entreculturas, but are not yet able to do so. After one year, they will decide if they want to remain members of Entreculturas with their own periodic contribution. When can Entreculturas membership be given as a gift? At any time of the year and on any occasion: for a birthday, family reunion, graduation or anniversary celebration, the options are many! It will [&hellip;]","og_url":"https:\/\/www.entreculturas.org\/en\/give-the-gift-of-membership\/","og_site_name":"Entreculturas","article_publisher":"https:\/\/www.facebook.com\/entreculturas","article_modified_time":"2025-07-08T11:52:09+00:00","og_image":[{"url":"https:\/\/www.entreculturas.org\/wp-content\/uploads\/2023\/12\/regala-ser-socio-scaled.jpg","type":"","width":"","height":""}],"twitter_card":"summary_large_image","twitter_site":"@Entreculturas","schema":{"@context":"https:\/\/schema.org","@graph":[{"@type":"WebPage","@id":"https:\/\/www.entreculturas.org\/en\/give-the-gift-of-membership\/","url":"https:\/\/www.entreculturas.org\/en\/give-the-gift-of-membership\/","name":"Give the gift of being a member - Entreculturas","isPartOf":{"@id":"https:\/\/www.entreculturas.org\/en\/#website"},"primaryImageOfPage":{"@id":"https:\/\/www.entreculturas.org\/en\/give-the-gift-of-membership\/#primaryimage"},"image":{"@id":"https:\/\/www.entreculturas.org\/en\/give-the-gift-of-membership\/#primaryimage"},"thumbnailUrl":"https:\/\/www.entreculturas.org\/wp-content\/uploads\/2023\/12\/regala-ser-socio-scaled.jpg","datePublished":"2023-12-01T10:13:54+00:00","dateModified":"2025-07-08T11:52:09+00:00","breadcrumb":{"@id":"https:\/\/www.entreculturas.org\/en\/give-the-gift-of-membership\/#breadcrumb"},"inLanguage":"en-US","potentialAction":[{"@type":"ReadAction","target":["https:\/\/www.entreculturas.org\/en\/give-the-gift-of-membership\/"]}]},{"@type":"ImageObject","inLanguage":"en-US","@id":"https:\/\/www.entreculturas.org\/en\/give-the-gift-of-membership\/#primaryimage","url":"https:\/\/www.entreculturas.org\/wp-content\/uploads\/2023\/12\/regala-ser-socio-scaled.jpg","contentUrl":"https:\/\/www.entreculturas.org\/wp-content\/uploads\/2023\/12\/regala-ser-socio-scaled.jpg"},{"@type":"BreadcrumbList","@id":"https:\/\/www.entreculturas.org\/en\/give-the-gift-of-membership\/#breadcrumb","itemListElement":[{"@type":"ListItem","position":1,"name":"Home","item":"https:\/\/www.entreculturas.org\/en\/"},{"@type":"ListItem","position":2,"name":"Give the gift of being a member"}]},{"@type":"WebSite","@id":"https:\/\/www.entreculturas.org\/en\/#website","url":"https:\/\/www.entreculturas.org\/en\/","name":"Entreculturas","description":"","publisher":{"@id":"https:\/\/www.entreculturas.org\/en\/#organization"},"alternateName":"Entreculturas","potentialAction":[{"@type":"SearchAction","target":{"@type":"EntryPoint","urlTemplate":"https:\/\/www.entreculturas.org\/en\/?s={search_term_string}"},"query-input":{"@type":"PropertyValueSpecification","valueRequired":true,"valueName":"search_term_string"}}],"inLanguage":"en-US"},{"@type":"Organization","@id":"https:\/\/www.entreculturas.org\/en\/#organization","name":"Entreculturas","url":"https:\/\/www.entreculturas.org\/en\/","logo":{"@type":"ImageObject","inLanguage":"en-US","@id":"https:\/\/www.entreculturas.org\/en\/#\/schema\/logo\/image\/","url":"https:\/\/www.entreculturas.org\/wp-content\/uploads\/2025\/10\/ESP.svg","contentUrl":"https:\/\/www.entreculturas.org\/wp-content\/uploads\/2025\/10\/ESP.svg","caption":"Entreculturas"},"image":{"@id":"https:\/\/www.entreculturas.org\/en\/#\/schema\/logo\/image\/"},"sameAs":["https:\/\/www.facebook.com\/entreculturas","https:\/\/x.com\/Entreculturas","https:\/\/www.instagram.com\/entreculturas\/","https:\/\/www.youtube.com\/user\/entreculturasvideo","https:\/\/www.linkedin.com\/company\/fundacion-entreculturas-ngdo\/","https:\/\/www.flickr.com\/photos\/98455522@N04\/albums\/"]}]}},"_links":{"self":[{"href":"https:\/\/www.entreculturas.org\/en\/wp-json\/wp\/v2\/pages\/20925","targetHints":{"allow":["GET"]}}],"collection":[{"href":"https:\/\/www.entreculturas.org\/en\/wp-json\/wp\/v2\/pages"}],"about":[{"href":"https:\/\/www.entreculturas.org\/en\/wp-json\/wp\/v2\/types\/page"}],"author":[{"embeddable":true,"href":"https:\/\/www.entreculturas.org\/en\/wp-json\/wp\/v2\/users\/1"}],"replies":[{"embeddable":true,"href":"https:\/\/www.entreculturas.org\/en\/wp-json\/wp\/v2\/comments?post=20925"}],"version-history":[{"count":3,"href":"https:\/\/www.entreculturas.org\/en\/wp-json\/wp\/v2\/pages\/20925\/revisions"}],"predecessor-version":[{"id":40340,"href":"https:\/\/www.entreculturas.org\/en\/wp-json\/wp\/v2\/pages\/20925\/revisions\/40340"}],"wp:attachment":[{"href":"https:\/\/www.entreculturas.org\/en\/wp-json\/wp\/v2\/media?parent=20925"}],"curies":[{"name":"wp","href":"https:\/\/api.w.org\/{rel}","templated":true}]}}