{"id":20321,"date":"2023-11-07T20:14:34","date_gmt":"2023-11-07T19:14:34","guid":{"rendered":"https:\/\/www.entreculturas.org\/we-evaluate-our-work\/"},"modified":"2025-09-23T11:19:51","modified_gmt":"2025-09-23T09:19:51","slug":"evaluate","status":"publish","type":"page","link":"https:\/\/www.entreculturas.org\/en\/evaluate\/","title":{"rendered":"We evaluate our work"},"content":{"rendered":"\n<div class=\"wp-block-cover alignfull wp-block-hero\" style=\"padding-top:100px;padding-right:100px;padding-bottom:100px;padding-left:100px\"><img decoding=\"async\" width=\"2560\" height=\"1707\" class=\"wp-block-cover__image-background wp-image-34468\" alt=\"\" src=\"https:\/\/www.entreculturas.org\/wp-content\/uploads\/2024\/10\/Cuzco-Comunidades-10-1-scaled.jpg\" data-object-fit=\"cover\" srcset=\"https:\/\/www.entreculturas.org\/wp-content\/uploads\/2024\/10\/Cuzco-Comunidades-10-1-scaled.jpg 2560w, https:\/\/www.entreculturas.org\/wp-content\/uploads\/2024\/10\/Cuzco-Comunidades-10-1-300x200.jpg 300w, https:\/\/www.entreculturas.org\/wp-content\/uploads\/2024\/10\/Cuzco-Comunidades-10-1-1024x683.jpg 1024w, https:\/\/www.entreculturas.org\/wp-content\/uploads\/2024\/10\/Cuzco-Comunidades-10-1-768x512.jpg 768w, https:\/\/www.entreculturas.org\/wp-content\/uploads\/2024\/10\/Cuzco-Comunidades-10-1-1536x1024.jpg 1536w, https:\/\/www.entreculturas.org\/wp-content\/uploads\/2024\/10\/Cuzco-Comunidades-10-1-2048x1365.jpg 2048w\" sizes=\"(max-width: 2560px) 100vw, 2560px\" \/><span aria-hidden=\"true\" class=\"wp-block-cover__background has-gray-background-color has-background-dim-30 has-background-dim\"><\/span><div class=\"wp-block-cover__inner-container is-layout-flow wp-block-cover-is-layout-flow\">\n<div class=\"wp-block-group has-global-padding is-content-justification-left is-layout-constrained wp-container-core-group-is-layout-9afb9934 wp-block-group-is-layout-constrained\">\n<div class=\"wp-block-group has-global-padding is-content-justification-left is-layout-constrained wp-container-core-group-is-layout-d5378784 wp-block-group-is-layout-constrained\">\n<h1 class=\"wp-block-heading has-text-align-left has-white-color has-text-color\" id=\"h-we-evaluate-our-work\" style=\"margin-top:0;margin-right:0;margin-bottom:0;margin-left:0;padding-top:0px;padding-right:0;padding-bottom:0;padding-left:0\">We evaluate our work<\/h1>\n\n\n\n<div class=\"wp-block-buttons is-content-justification-left is-layout-flex wp-container-core-buttons-is-layout-0bc89592 wp-block-buttons-is-layout-flex block-visibility-hide-medium-screen block-visibility-hide-small-screen\" style=\"margin-top:var(--wp--preset--spacing--40)\">\n<div class=\"wp-block-button\"><a class=\"wp-block-button__link wp-element-button\" href=\"https:\/\/www.youtube.com\/watch?v=qnPpcNeFj6M\" target=\"_blank\" rel=\"noreferrer noopener\">more information<\/a><\/div>\n<\/div>\n<\/div>\n\n\n\n<p class=\"cr-fotografo has-white-color has-text-color\">\u00a9 Monteser\u00edn Fotograf\u00eda<\/p>\n<\/div>\n<\/div><\/div>\n\n\n\n<div class=\"wp-block-group rounded-shadow has-white-background-color has-background has-global-padding is-layout-constrained wp-container-core-group-is-layout-06355609 wp-block-group-is-layout-constrained\" style=\"margin-top:0;margin-bottom:0;padding-top:var(--wp--preset--spacing--40);padding-right:var(--wp--preset--spacing--40);padding-bottom:var(--wp--preset--spacing--70);padding-left:var(--wp--preset--spacing--40)\">\n<div class=\"wp-block-group has-global-padding is-layout-constrained wp-container-core-group-is-layout-69ca767f wp-block-group-is-layout-constrained\">\n<p class=\"has-text-align-center has-purple-color has-text-color has-din-font-family\" style=\"margin-bottom:var(--wp--preset--spacing--40);font-size:54px;line-height:1.1\"><strong>The importance of evaluating what we do<\/strong><\/p>\n\n\n\n<p class=\"font-size-14\" style=\"font-size:20px\">Evaluating is fundamental for learning, improvement and transparency. Evaluating helps us to be accountable to society and, fundamentally, leads us to learn from our work, our mistakes and our successes. The people we work with deserve quality projects.<br>For this reason, at Entreculturas we carry out evaluations of our actions in education for citizenship, development cooperation and volunteering. <strong>During the last decade we have evaluated around 66% of the activity we carry out through projects or programs.<\/strong><\/p>\n<\/div>\n<\/div>\n\n\n\n<div class=\"wp-block-group has-global-padding is-layout-constrained wp-container-core-group-is-layout-dfee07db wp-block-group-is-layout-constrained\" style=\"padding-top:var(--wp--preset--spacing--70);padding-right:20px;padding-bottom:var(--wp--preset--spacing--70);padding-left:20px\">\n<figure class=\"wp-block-embed is-type-video is-provider-youtube wp-block-embed-youtube wp-embed-aspect-16-9 wp-has-aspect-ratio\"><div class=\"wp-block-embed__wrapper\">\n<iframe loading=\"lazy\" title=\"C\u00f3mo evaluamos, c\u00f3mo aprendemos (con subt\u00edtulos en ingl\u00e9s)\" width=\"500\" height=\"281\" src=\"https:\/\/www.youtube.com\/embed\/qnPpcNeFj6M?feature=oembed\" frameborder=\"0\" allow=\"accelerometer; autoplay; clipboard-write; encrypted-media; gyroscope; picture-in-picture; web-share\" referrerpolicy=\"strict-origin-when-cross-origin\" allowfullscreen><\/iframe>\n<\/div><\/figure>\n<\/div>\n\n\n\n<div class=\"wp-block-group has-global-padding is-layout-constrained wp-container-core-group-is-layout-9aed3246 wp-block-group-is-layout-constrained\" style=\"padding-right:20px;padding-left:20px\">\n<p class=\"has-text-align-center\" style=\"margin-bottom:11px\">Most of these evaluations are elaborated by external personnel, with the objective of guaranteeing methodological and technical validity, together with the personnel involved in the intervention.<\/p>\n\n\n\n<p class=\"has-text-align-center\">  As part of the International Federation of Fe y Alegr\u00eda, Entreculturas leads one of the networks that are part of the Federation: &#8220;Evaluation and Impact Measurement&#8221;. This initiative promotes research and evaluation of our pedagogical and social promotion practice and the culture of evaluation. More information is available at  <\/p>\n\n\n\n<p class=\"has-text-align-center\"><a href=\"https:\/\/impacto.feyalegria.org\" target=\"_blank\" rel=\"noreferrer noopener\"><strong>impact.feyalegria.org<\/strong><\/a><\/p>\n<\/div>\n\n\n\n<div class=\"wp-block-group has-global-padding is-layout-constrained wp-container-core-group-is-layout-7d536e84 wp-block-group-is-layout-constrained\" style=\"padding-right:20px;padding-left:20px\">\n<div class=\"wp-block-group is-vertical is-content-justification-center is-layout-flex wp-container-core-group-is-layout-0fba7903 wp-block-group-is-layout-flex\" style=\"padding-top:var(--wp--preset--spacing--70);padding-right:0;padding-bottom:var(--wp--preset--spacing--70);padding-left:0\">\n<figure class=\"wp-block-image size-full\"><img decoding=\"async\" src=\"https:\/\/www.entreculturas.org\/wp-content\/uploads\/2023\/09\/heart.svg\" alt=\"\" class=\"wp-image-220\"\/><\/figure>\n\n\n\n<h2 class=\"wp-block-heading has-text-align-center text-wrap-balance nuestras-causas-portada has-gray-entreculturas-color has-text-color\" id=\"h-our-outstanding-evaluations\" style=\"margin-top:var(--wp--preset--spacing--50);margin-bottom:0;font-size:40px\">Our outstanding evaluations<\/h2>\n<\/div>\n<\/div>\n\n\n\n<div class=\"wp-block-group has-global-padding is-layout-constrained wp-container-core-group-is-layout-b45cbc8d wp-block-group-is-layout-constrained\" style=\"margin-bottom:var(--wp--preset--spacing--60);padding-right:20px;padding-left:20px\">\n<div class=\"wp-block-columns is-layout-flex wp-container-core-columns-is-layout-cf05694f wp-block-columns-is-layout-flex\">\n<div class=\"wp-block-column is-layout-flow wp-block-column-is-layout-flow\">\n<div class=\"wp-block-group height-100 flex-spacebetw has-white-background-color has-background is-vertical is-content-justification-stretch is-layout-flex wp-container-core-group-is-layout-edbfc0a1 wp-block-group-is-layout-flex\" style=\"border-radius:15px;padding-top:var(--wp--preset--spacing--50);padding-right:var(--wp--preset--spacing--50);padding-bottom:var(--wp--preset--spacing--50);padding-left:var(--wp--preset--spacing--50)\">\n<p class=\"has-text-align-left nuestras-causas-portada has-din-font-family\" style=\"margin-bottom:var(--wp--preset--spacing--40);font-size:36px;font-style:normal;font-weight:700\">EVALUATION SHEETS<\/p>\n\n\n\n<p style=\"margin-bottom:var(--wp--preset--spacing--40)\">Most of our evaluations are carried out by external personnel, in order to guarantee methodological and technical validity, with the participation of the personnel involved in the intervention.<\/p>\n\n\n\n<div class=\"wp-block-buttons is-layout-flex wp-block-buttons-is-layout-flex\">\n<div class=\"wp-block-button\"><a class=\"wp-block-button__link wp-element-button\" href=\"https:\/\/www.entreculturas.org\/en\/tabs\/\" target=\"_blank\" rel=\"noreferrer noopener\">View files<\/a><\/div>\n<\/div>\n<\/div>\n<\/div>\n\n\n\n<div class=\"wp-block-column is-layout-flow wp-block-column-is-layout-flow\">\n<div class=\"wp-block-group height-100 flex-spacebetw has-white-background-color has-background is-vertical is-content-justification-stretch is-layout-flex wp-container-core-group-is-layout-edbfc0a1 wp-block-group-is-layout-flex\" style=\"border-radius:15px;padding-top:var(--wp--preset--spacing--50);padding-right:var(--wp--preset--spacing--50);padding-bottom:var(--wp--preset--spacing--50);padding-left:var(--wp--preset--spacing--50)\">\n<p class=\"has-text-align-left nuestras-causas-portada has-din-font-family\" style=\"margin-bottom:var(--wp--preset--spacing--40);font-size:36px;font-style:normal;font-weight:700\">EVALUATION NOTEBOOKS<\/p>\n\n\n\n<p style=\"margin-bottom:var(--wp--preset--spacing--40)\">We prepare evaluation notebooks of the most outstanding interventions in order to work on the results and recommendations of our work.<\/p>\n\n\n\n<div class=\"wp-block-buttons is-layout-flex wp-block-buttons-is-layout-flex\">\n<div class=\"wp-block-button\"><a class=\"wp-block-button__link wp-element-button\" href=\"https:\/\/www.entreculturas.org\/?s=&amp;post_type=publicacion&amp;format=evaluaciones\" target=\"_blank\" rel=\"noreferrer noopener\">SEE BOOKS<\/a><\/div>\n<\/div>\n<\/div>\n<\/div>\n<\/div>\n<\/div>\n\n\n\n<div class=\"wp-block-group has-global-padding is-layout-constrained wp-container-core-group-is-layout-cc019cf6 wp-block-group-is-layout-constrained\" style=\"margin-bottom:var(--wp--preset--spacing--70);padding-right:20px;padding-left:20px\">\n<div class=\"wp-block-columns is-layout-flex wp-container-core-columns-is-layout-cf05694f wp-block-columns-is-layout-flex\">\n<div class=\"wp-block-column is-layout-flow wp-block-column-is-layout-flow\">\n<figure class=\"wp-block-embed is-type-video is-provider-youtube wp-block-embed-youtube wp-embed-aspect-16-9 wp-has-aspect-ratio\"><div class=\"wp-block-embed__wrapper\">\n<iframe loading=\"lazy\" title=\"Educaci\u00f3n de calidad, #Educaci\u00f3nComprometida\" width=\"500\" height=\"281\" src=\"https:\/\/www.youtube.com\/embed\/YyEZnligXpw?feature=oembed\" frameborder=\"0\" allow=\"accelerometer; autoplay; clipboard-write; encrypted-media; gyroscope; picture-in-picture; web-share\" referrerpolicy=\"strict-origin-when-cross-origin\" allowfullscreen><\/iframe>\n<\/div><\/figure>\n<\/div>\n\n\n\n<div class=\"wp-block-column is-layout-flow wp-block-column-is-layout-flow\">\n<figure class=\"wp-block-embed is-type-video is-provider-youtube wp-block-embed-youtube wp-embed-aspect-16-9 wp-has-aspect-ratio\"><div class=\"wp-block-embed__wrapper\">\n<iframe loading=\"lazy\" title=\"V\u00eddeo resumen del Convenio de Educaci\u00f3n Transformadora\" width=\"500\" height=\"281\" src=\"https:\/\/www.youtube.com\/embed\/x54VQW4O7NA?feature=oembed\" frameborder=\"0\" allow=\"accelerometer; autoplay; clipboard-write; encrypted-media; gyroscope; picture-in-picture; web-share\" referrerpolicy=\"strict-origin-when-cross-origin\" allowfullscreen><\/iframe>\n<\/div><\/figure>\n<\/div>\n<\/div>\n<\/div>\n\n\n\n<div class=\"wp-block-group has-global-padding is-layout-constrained wp-container-core-group-is-layout-cc019cf6 wp-block-group-is-layout-constrained\" style=\"margin-bottom:var(--wp--preset--spacing--70);padding-right:20px;padding-left:20px\">\n<div class=\"wp-block-columns is-layout-flex wp-container-core-columns-is-layout-cf05694f wp-block-columns-is-layout-flex\">\n<div class=\"wp-block-column is-layout-flow wp-block-column-is-layout-flow\">\n<figure class=\"wp-block-embed is-type-video is-provider-youtube wp-block-embed-youtube wp-embed-aspect-16-9 wp-has-aspect-ratio\"><div class=\"wp-block-embed__wrapper\">\n<iframe loading=\"lazy\" title=\"Educar Personas, Generar Oportunidades III\" width=\"500\" height=\"281\" src=\"https:\/\/www.youtube.com\/embed\/zvIZqyIK8I8?feature=oembed\" frameborder=\"0\" allow=\"accelerometer; autoplay; clipboard-write; encrypted-media; gyroscope; picture-in-picture; web-share\" referrerpolicy=\"strict-origin-when-cross-origin\" allowfullscreen><\/iframe>\n<\/div><\/figure>\n<\/div>\n<\/div>\n<\/div>\n\n\n\n<div class=\"wp-block-group has-global-padding is-layout-constrained wp-container-core-group-is-layout-5acd9bea wp-block-group-is-layout-constrained\" style=\"margin-bottom:var(--wp--preset--spacing--70);padding-right:20px;padding-left:20px\">\n<section class=\"accordion__block\"><input type=\"checkbox\" id=\"oi7x9as5un8wr47gl6x3f\" class=\"accordion__checkbox\"\/><label for=\"oi7x9as5un8wr47gl6x3f\" class=\"wp-block-theme-blocks-newsletter has-white-color has-red-background-color has-text-color has-background\"><p>Do you want to receive information?<\/p><a class=\"wp-block-button__link has-white-color has-red-background-color has-text-color has-background has-border-color has-white-border-color wp-element-button\" style=\"border-width:2px\">Subscribe to the newsletter<\/a><\/label><div class=\"accordion__content\">\n<div class=\"wp-block-group has-global-padding is-layout-constrained wp-container-core-group-is-layout-98a4a1e3 wp-block-group-is-layout-constrained\" style=\"margin-top:0;margin-bottom:var(--wp--preset--spacing--80)\">\n<div class=\"wp-block-group has-white-background-color has-background has-global-padding is-layout-constrained wp-block-group-is-layout-constrained\">\n<h2 class=\"wp-block-heading has-text-align-center font-size-20\" id=\"h-subscribe-to-the-newsletter\">Subscribe to the newsletter<\/h2>\n\n\n\n<div class=\"wp-block-group block-contacto is-content-justification-left is-nowrap is-layout-flex wp-container-core-group-is-layout-d8ee05ca wp-block-group-is-layout-flex\" style=\"padding-right:var(--wp--preset--spacing--70);padding-left:var(--wp--preset--spacing--70)\">\n<div class=\"wp-block-group has-global-padding is-layout-constrained wp-block-group-is-layout-constrained block-visibility-hide-medium-screen block-visibility-hide-small-screen\" style=\"padding-top:var(--wp--preset--spacing--50);padding-bottom:var(--wp--preset--spacing--50)\">\n<figure class=\"wp-block-image size-large has-custom-border wp-container-content-b99e70a5 block-visibility-hide-medium-screen block-visibility-hide-small-screen\"><img decoding=\"async\" width=\"1024\" height=\"683\" src=\"https:\/\/www.entreculturas.org\/wp-content\/uploads\/2024\/10\/Cuzco-FyA21-41-1024x683.jpg\" alt=\"\" class=\"wp-image-34482\" style=\"border-radius:12px\" srcset=\"https:\/\/www.entreculturas.org\/wp-content\/uploads\/2024\/10\/Cuzco-FyA21-41-1024x683.jpg 1024w, https:\/\/www.entreculturas.org\/wp-content\/uploads\/2024\/10\/Cuzco-FyA21-41-300x200.jpg 300w, https:\/\/www.entreculturas.org\/wp-content\/uploads\/2024\/10\/Cuzco-FyA21-41-768x512.jpg 768w, https:\/\/www.entreculturas.org\/wp-content\/uploads\/2024\/10\/Cuzco-FyA21-41-1536x1024.jpg 1536w, https:\/\/www.entreculturas.org\/wp-content\/uploads\/2024\/10\/Cuzco-FyA21-41-2048x1365.jpg 2048w\" sizes=\"(max-width: 1024px) 100vw, 1024px\" \/><\/figure>\n<\/div>\n\n\n\n<form style=\"padding-top:var(--wp--preset--spacing--60);padding-right:0;padding-bottom:var(--wp--preset--spacing--60);padding-left:0\" class=\"wp-block-theme-blocks-custom-form wp-container-content-a5fc19f1\" id=\"custom_form\" action=\"\/wp-admin\/admin-post.php?action=custom_form\" method=\"post\"><input type=\"hidden\" name=\"g-recaptcha-response\" id=\"g-recaptcha-response\" value=\"\"\/><input type=\"hidden\" name=\"thanks_page\" value=\"\/thank-you-page\"\/><input type=\"hidden\" name=\"groups[]\" value=\"eBoletin y Campa\u00f1as\"\/>\n<p>If you would like to receive our monthly newsletter and occasional emails with information, please complete this form. We will immediately register you in our database and you will be able to stay up to date with all the latest news.<\/p>\n\n\n\n<input type=\"hidden\" name=\"form_type\" value=\"3\"\/>\n\n\n\n<div class=\"input-container\"><label>Name *<\/label><input type=\"text\" name=\"first_name\"\/><\/div>\n\n\n\n<div class=\"input-container\"><label>Surname<\/label><input type=\"text\" name=\"last_name\"\/><\/div>\n\n\n\n<div class=\"input-container\"><label>Email *<\/label><input type=\"email\" name=\"email\" required\/><\/div>\n\n\n\n<label class=\"acceptance\"><input type=\"checkbox\" required\/><span>I accept the <a href=\"https:\/\/www.entreculturas.org\/es\/privacidad-entreculturas\" data-type=\"link\" data-id=\"https:\/\/www.entreculturas.org\/es\/privacidad-entreculturas\" target=\"_blank\" rel=\"noreferrer noopener\">Privacy Policy<\/a> *<\/span><\/label>\n\n\n\n<p style=\"font-size:12px !important\">\n    From ENTRECULTURES FE I ALEGRIA ESPANYA we will treat the data provided as Data Controllers for the purpose of&#8230;    \n    <a href=\"javascript:void(0);\" id=\"read-more-link\">Seguir leyendo<\/a>.\n<\/p>\n<p class=\"hidden\" id=\"read-more\" style=\"display: none;font-size: 12px;\">\n&#8230;send you our monthly newsletter and specific information about our actions and campaigns, in favor of our foundational objectives, based on consent or the execution of an agreement. You can exercise your rights by sending an email to datos@entreculturas.org with the subject &#8220;Data Protection&#8221;\n<\/p>\n\n\n\n<script>\ndocument.addEventListener('DOMContentLoaded', function() {\n    document.getElementById('read-more-link').addEventListener('click', function() {\n        var readMoreContent = document.getElementById('read-more');\n        readMoreContent.style.display = 'block !important'; \/\/ Intenta sobrescribir con !important\n\n        \/\/ Si el m\u00e9todo anterior no funciona, utiliza setAttribute\n        if (readMoreContent.style.display !== 'block') {\n            readMoreContent.setAttribute('style', 'display: block !important; font-size: 12px;');\n        } else {\n            \/\/ Si ya est\u00e1 en 'block', solo ajusta el tama\u00f1o de fuente\n            readMoreContent.style.fontSize = '12px';\n        }\n\n        this.style.display = 'none'; \/\/ Opcional: oculta el enlace de \"Seguir leyendo\"\n    });\n});\n<\/script>\n\n\n\n<p class=\"hidden\" id=\"read-more\" style=\"font-size:12px\">Desde ENTRECULTURAS FE Y ALEGR\u00cdA ESPA\u00d1A trataremos los datos aportados en calidad de Responsable del tratamiento con la finalidad de gestionar nuestra relaci\u00f3n contigo, en pro de nuestros objetivos fundacionales, en base al consentimiento o a la ejecuci\u00f3n de un acuerdo. Puedes ejercer tus derechos enviando un email a&nbsp;rgpd@entreculturas.org con el asunto \u201cProtecci\u00f3n de Datos\u201d.<\/p>\n\n\n\n<div class=\"wp-block-group width-70-contacto justify-center-768 is-content-justification-right is-nowrap is-layout-flex wp-container-core-group-is-layout-17124a9a wp-block-group-is-layout-flex\">\n<button class=\"wp-block-button__link wp-element-button\">Subscribe<\/button>\n<\/div>\n<\/form>\n<\/div>\n<\/div>\n<\/div>\n<\/div><\/section>\n<\/div>\n","protected":false},"excerpt":{"rendered":"<p>The importance of evaluating what we do Evaluating is fundamental for learning, improvement and transparency. Evaluating helps us to be accountable to society and, fundamentally, leads us to learn from our work, our mistakes and our successes. The people we work with deserve quality projects.For this reason, at Entreculturas we carry out evaluations of our actions in education for citizenship, development cooperation and volunteering. During the last decade we have evaluated around 66% of the activity we carry out through projects or programs. Most of these evaluations are elaborated by external personnel, with the objective of guaranteeing methodological and technical validity, together with the personnel involved in the intervention. As part of the International Federation of Fe y Alegr\u00eda, Entreculturas leads one of the networks that are part of the Federation: &#8220;Evaluation and Impact Measurement&#8221;. This initiative promotes research and evaluation of our pedagogical and social promotion practice and the [&hellip;]<\/p>\n","protected":false},"author":1,"featured_media":0,"parent":0,"menu_order":0,"comment_status":"closed","ping_status":"closed","template":"page-notitle","meta":{"_acf_changed":false,"footnotes":""},"class_list":["post-20321","page","type-page","status-publish","hentry"],"acf":[],"yoast_head":"<!-- This site is optimized with the Yoast SEO Premium plugin v21.6 (Yoast SEO v27.4) - https:\/\/yoast.com\/product\/yoast-seo-premium-wordpress\/ -->\n<title>We evaluate our projects to improve them<\/title>\n<meta name=\"description\" content=\"Find out how Entreculturas evaluates its programs to ensure their effectiveness and social impact.\" \/>\n<meta name=\"robots\" content=\"index, follow, max-snippet:-1, max-image-preview:large, max-video-preview:-1\" \/>\n<link rel=\"canonical\" href=\"https:\/\/www.entreculturas.org\/en\/evaluate\/\" \/>\n<meta property=\"og:locale\" content=\"en_US\" \/>\n<meta property=\"og:type\" content=\"article\" \/>\n<meta property=\"og:title\" content=\"We evaluate our work\" \/>\n<meta property=\"og:description\" content=\"Find out how Entreculturas evaluates its programs to ensure their effectiveness and social impact.\" \/>\n<meta property=\"og:url\" content=\"https:\/\/www.entreculturas.org\/en\/evaluate\/\" \/>\n<meta property=\"og:site_name\" content=\"Entreculturas\" \/>\n<meta property=\"article:publisher\" content=\"https:\/\/www.facebook.com\/entreculturas\" \/>\n<meta property=\"article:modified_time\" content=\"2025-09-23T09:19:51+00:00\" \/>\n<meta property=\"og:image\" content=\"https:\/\/www.entreculturas.org\/wp-content\/uploads\/2024\/10\/Cuzco-Comunidades-10-1-scaled.jpg\" \/>\n<meta name=\"twitter:card\" content=\"summary_large_image\" \/>\n<meta name=\"twitter:site\" content=\"@Entreculturas\" \/>\n<script type=\"application\/ld+json\" class=\"yoast-schema-graph\">{\"@context\":\"https:\\\/\\\/schema.org\",\"@graph\":[{\"@type\":\"WebPage\",\"@id\":\"https:\\\/\\\/www.entreculturas.org\\\/en\\\/evaluate\\\/\",\"url\":\"https:\\\/\\\/www.entreculturas.org\\\/en\\\/evaluate\\\/\",\"name\":\"We evaluate our projects to improve them\",\"isPartOf\":{\"@id\":\"https:\\\/\\\/www.entreculturas.org\\\/en\\\/#website\"},\"primaryImageOfPage\":{\"@id\":\"https:\\\/\\\/www.entreculturas.org\\\/en\\\/evaluate\\\/#primaryimage\"},\"image\":{\"@id\":\"https:\\\/\\\/www.entreculturas.org\\\/en\\\/evaluate\\\/#primaryimage\"},\"thumbnailUrl\":\"https:\\\/\\\/www.entreculturas.org\\\/wp-content\\\/uploads\\\/2024\\\/10\\\/Cuzco-Comunidades-10-1-scaled.jpg\",\"datePublished\":\"2023-11-07T19:14:34+00:00\",\"dateModified\":\"2025-09-23T09:19:51+00:00\",\"description\":\"Find out how Entreculturas evaluates its programs to ensure their effectiveness and social impact.\",\"breadcrumb\":{\"@id\":\"https:\\\/\\\/www.entreculturas.org\\\/en\\\/evaluate\\\/#breadcrumb\"},\"inLanguage\":\"en-US\",\"potentialAction\":[{\"@type\":\"ReadAction\",\"target\":[\"https:\\\/\\\/www.entreculturas.org\\\/en\\\/evaluate\\\/\"]}]},{\"@type\":\"ImageObject\",\"inLanguage\":\"en-US\",\"@id\":\"https:\\\/\\\/www.entreculturas.org\\\/en\\\/evaluate\\\/#primaryimage\",\"url\":\"https:\\\/\\\/www.entreculturas.org\\\/wp-content\\\/uploads\\\/2024\\\/10\\\/Cuzco-Comunidades-10-1-scaled.jpg\",\"contentUrl\":\"https:\\\/\\\/www.entreculturas.org\\\/wp-content\\\/uploads\\\/2024\\\/10\\\/Cuzco-Comunidades-10-1-scaled.jpg\"},{\"@type\":\"BreadcrumbList\",\"@id\":\"https:\\\/\\\/www.entreculturas.org\\\/en\\\/evaluate\\\/#breadcrumb\",\"itemListElement\":[{\"@type\":\"ListItem\",\"position\":1,\"name\":\"Home\",\"item\":\"https:\\\/\\\/www.entreculturas.org\\\/en\\\/\"},{\"@type\":\"ListItem\",\"position\":2,\"name\":\"We evaluate our work\"}]},{\"@type\":\"WebSite\",\"@id\":\"https:\\\/\\\/www.entreculturas.org\\\/en\\\/#website\",\"url\":\"https:\\\/\\\/www.entreculturas.org\\\/en\\\/\",\"name\":\"Entreculturas\",\"description\":\"\",\"publisher\":{\"@id\":\"https:\\\/\\\/www.entreculturas.org\\\/en\\\/#organization\"},\"alternateName\":\"Entreculturas\",\"potentialAction\":[{\"@type\":\"SearchAction\",\"target\":{\"@type\":\"EntryPoint\",\"urlTemplate\":\"https:\\\/\\\/www.entreculturas.org\\\/en\\\/?s={search_term_string}\"},\"query-input\":{\"@type\":\"PropertyValueSpecification\",\"valueRequired\":true,\"valueName\":\"search_term_string\"}}],\"inLanguage\":\"en-US\"},{\"@type\":\"Organization\",\"@id\":\"https:\\\/\\\/www.entreculturas.org\\\/en\\\/#organization\",\"name\":\"Entreculturas\",\"url\":\"https:\\\/\\\/www.entreculturas.org\\\/en\\\/\",\"logo\":{\"@type\":\"ImageObject\",\"inLanguage\":\"en-US\",\"@id\":\"https:\\\/\\\/www.entreculturas.org\\\/en\\\/#\\\/schema\\\/logo\\\/image\\\/\",\"url\":\"https:\\\/\\\/www.entreculturas.org\\\/wp-content\\\/uploads\\\/2025\\\/10\\\/ESP.svg\",\"contentUrl\":\"https:\\\/\\\/www.entreculturas.org\\\/wp-content\\\/uploads\\\/2025\\\/10\\\/ESP.svg\",\"caption\":\"Entreculturas\"},\"image\":{\"@id\":\"https:\\\/\\\/www.entreculturas.org\\\/en\\\/#\\\/schema\\\/logo\\\/image\\\/\"},\"sameAs\":[\"https:\\\/\\\/www.facebook.com\\\/entreculturas\",\"https:\\\/\\\/x.com\\\/Entreculturas\",\"https:\\\/\\\/www.instagram.com\\\/entreculturas\\\/\",\"https:\\\/\\\/www.youtube.com\\\/user\\\/entreculturasvideo\",\"https:\\\/\\\/www.linkedin.com\\\/company\\\/fundacion-entreculturas-ngdo\\\/\",\"https:\\\/\\\/www.flickr.com\\\/photos\\\/98455522@N04\\\/albums\\\/\"]}]}<\/script>\n<!-- \/ Yoast SEO Premium plugin. -->","yoast_head_json":{"title":"We evaluate our projects to improve them","description":"Find out how Entreculturas evaluates its programs to ensure their effectiveness and social impact.","robots":{"index":"index","follow":"follow","max-snippet":"max-snippet:-1","max-image-preview":"max-image-preview:large","max-video-preview":"max-video-preview:-1"},"canonical":"https:\/\/www.entreculturas.org\/en\/evaluate\/","og_locale":"en_US","og_type":"article","og_title":"We evaluate our work","og_description":"Find out how Entreculturas evaluates its programs to ensure their effectiveness and social impact.","og_url":"https:\/\/www.entreculturas.org\/en\/evaluate\/","og_site_name":"Entreculturas","article_publisher":"https:\/\/www.facebook.com\/entreculturas","article_modified_time":"2025-09-23T09:19:51+00:00","og_image":[{"url":"https:\/\/www.entreculturas.org\/wp-content\/uploads\/2024\/10\/Cuzco-Comunidades-10-1-scaled.jpg","type":"","width":"","height":""}],"twitter_card":"summary_large_image","twitter_site":"@Entreculturas","schema":{"@context":"https:\/\/schema.org","@graph":[{"@type":"WebPage","@id":"https:\/\/www.entreculturas.org\/en\/evaluate\/","url":"https:\/\/www.entreculturas.org\/en\/evaluate\/","name":"We evaluate our projects to improve them","isPartOf":{"@id":"https:\/\/www.entreculturas.org\/en\/#website"},"primaryImageOfPage":{"@id":"https:\/\/www.entreculturas.org\/en\/evaluate\/#primaryimage"},"image":{"@id":"https:\/\/www.entreculturas.org\/en\/evaluate\/#primaryimage"},"thumbnailUrl":"https:\/\/www.entreculturas.org\/wp-content\/uploads\/2024\/10\/Cuzco-Comunidades-10-1-scaled.jpg","datePublished":"2023-11-07T19:14:34+00:00","dateModified":"2025-09-23T09:19:51+00:00","description":"Find out how Entreculturas evaluates its programs to ensure their effectiveness and social impact.","breadcrumb":{"@id":"https:\/\/www.entreculturas.org\/en\/evaluate\/#breadcrumb"},"inLanguage":"en-US","potentialAction":[{"@type":"ReadAction","target":["https:\/\/www.entreculturas.org\/en\/evaluate\/"]}]},{"@type":"ImageObject","inLanguage":"en-US","@id":"https:\/\/www.entreculturas.org\/en\/evaluate\/#primaryimage","url":"https:\/\/www.entreculturas.org\/wp-content\/uploads\/2024\/10\/Cuzco-Comunidades-10-1-scaled.jpg","contentUrl":"https:\/\/www.entreculturas.org\/wp-content\/uploads\/2024\/10\/Cuzco-Comunidades-10-1-scaled.jpg"},{"@type":"BreadcrumbList","@id":"https:\/\/www.entreculturas.org\/en\/evaluate\/#breadcrumb","itemListElement":[{"@type":"ListItem","position":1,"name":"Home","item":"https:\/\/www.entreculturas.org\/en\/"},{"@type":"ListItem","position":2,"name":"We evaluate our work"}]},{"@type":"WebSite","@id":"https:\/\/www.entreculturas.org\/en\/#website","url":"https:\/\/www.entreculturas.org\/en\/","name":"Entreculturas","description":"","publisher":{"@id":"https:\/\/www.entreculturas.org\/en\/#organization"},"alternateName":"Entreculturas","potentialAction":[{"@type":"SearchAction","target":{"@type":"EntryPoint","urlTemplate":"https:\/\/www.entreculturas.org\/en\/?s={search_term_string}"},"query-input":{"@type":"PropertyValueSpecification","valueRequired":true,"valueName":"search_term_string"}}],"inLanguage":"en-US"},{"@type":"Organization","@id":"https:\/\/www.entreculturas.org\/en\/#organization","name":"Entreculturas","url":"https:\/\/www.entreculturas.org\/en\/","logo":{"@type":"ImageObject","inLanguage":"en-US","@id":"https:\/\/www.entreculturas.org\/en\/#\/schema\/logo\/image\/","url":"https:\/\/www.entreculturas.org\/wp-content\/uploads\/2025\/10\/ESP.svg","contentUrl":"https:\/\/www.entreculturas.org\/wp-content\/uploads\/2025\/10\/ESP.svg","caption":"Entreculturas"},"image":{"@id":"https:\/\/www.entreculturas.org\/en\/#\/schema\/logo\/image\/"},"sameAs":["https:\/\/www.facebook.com\/entreculturas","https:\/\/x.com\/Entreculturas","https:\/\/www.instagram.com\/entreculturas\/","https:\/\/www.youtube.com\/user\/entreculturasvideo","https:\/\/www.linkedin.com\/company\/fundacion-entreculturas-ngdo\/","https:\/\/www.flickr.com\/photos\/98455522@N04\/albums\/"]}]}},"_links":{"self":[{"href":"https:\/\/www.entreculturas.org\/en\/wp-json\/wp\/v2\/pages\/20321","targetHints":{"allow":["GET"]}}],"collection":[{"href":"https:\/\/www.entreculturas.org\/en\/wp-json\/wp\/v2\/pages"}],"about":[{"href":"https:\/\/www.entreculturas.org\/en\/wp-json\/wp\/v2\/types\/page"}],"author":[{"embeddable":true,"href":"https:\/\/www.entreculturas.org\/en\/wp-json\/wp\/v2\/users\/1"}],"replies":[{"embeddable":true,"href":"https:\/\/www.entreculturas.org\/en\/wp-json\/wp\/v2\/comments?post=20321"}],"version-history":[{"count":6,"href":"https:\/\/www.entreculturas.org\/en\/wp-json\/wp\/v2\/pages\/20321\/revisions"}],"predecessor-version":[{"id":42450,"href":"https:\/\/www.entreculturas.org\/en\/wp-json\/wp\/v2\/pages\/20321\/revisions\/42450"}],"wp:attachment":[{"href":"https:\/\/www.entreculturas.org\/en\/wp-json\/wp\/v2\/media?parent=20321"}],"curies":[{"name":"wp","href":"https:\/\/api.w.org\/{rel}","templated":true}]}}