{"id":20292,"date":"2023-09-29T11:29:20","date_gmt":"2023-09-29T09:29:20","guid":{"rendered":"https:\/\/www.entreculturas.org\/who-are-we\/"},"modified":"2025-11-04T18:27:09","modified_gmt":"2025-11-04T17:27:09","slug":"who-are-we","status":"publish","type":"page","link":"https:\/\/www.entreculturas.org\/en\/who-are-we\/","title":{"rendered":"Who are we?"},"content":{"rendered":"\n<div class=\"wp-block-cover is-light wp-block-hero\" style=\"padding-top:100px;padding-right:100px;padding-bottom:100px;padding-left:100px\"><img decoding=\"async\" class=\"wp-block-cover__image-background wp-image-1535\" alt=\"\" src=\"https:\/\/www.entreculturas.org\/wp-content\/uploads\/2023\/10\/bg-quienes-somos-scaled.jpg\" style=\"object-position:52% 61%\" data-object-fit=\"cover\" data-object-position=\"52% 61%\"\/><span aria-hidden=\"true\" class=\"wp-block-cover__background has-background-dim\"><\/span><div class=\"wp-block-cover__inner-container is-layout-flow wp-block-cover-is-layout-flow\">\n<div class=\"wp-block-group has-global-padding is-layout-constrained wp-container-core-group-is-layout-4dcaaabf wp-block-group-is-layout-constrained\">\n<div class=\"wp-block-group transicion-carga animacion-header has-global-padding is-content-justification-left is-layout-constrained wp-container-core-group-is-layout-aaf875ba wp-block-group-is-layout-constrained\">\n<h1 class=\"wp-block-heading has-text-align-left has-white-color has-text-color\" id=\"h-who-are-we\" style=\"margin-top:0;margin-right:0;margin-bottom:0;margin-left:0;padding-top:0px;padding-right:0;padding-bottom:0;padding-left:0\">Who are we?<\/h1>\n\n\n\n<p class=\"cr-fotografo has-white-color has-text-color\" style=\"font-size:12px\">\u00a9 Monteser\u00edn Fotograf\u00eda<\/p>\n<\/div>\n<\/div>\n<\/div><\/div>\n\n\n\n<div class=\"wp-block-group rounded-shadow has-white-background-color has-background has-global-padding is-layout-constrained wp-container-core-group-is-layout-06355609 wp-block-group-is-layout-constrained\" style=\"margin-top:0;margin-bottom:0;padding-top:var(--wp--preset--spacing--40);padding-right:var(--wp--preset--spacing--40);padding-bottom:var(--wp--preset--spacing--70);padding-left:var(--wp--preset--spacing--40)\">\n<div class=\"wp-block-group has-global-padding is-layout-constrained wp-container-core-group-is-layout-819b9014 wp-block-group-is-layout-constrained\" style=\"padding-top:0;padding-bottom:0\">\n<h3 class=\"wp-block-heading has-text-align-center encabezado-quienes-somos has-purple-color has-text-color\" id=\"h-we-are-an-ngo-of-the-society-of-jesus-that-defends-the-right-to-education\" style=\"margin-bottom:var(--wp--preset--spacing--30)\">We are an NGO of the Society of Jesus that defends the right to education.<\/h3>\n\n\n\n<p class=\"font-size-14\" style=\"font-size:20px\">Through our projects, we promote access to quality education and equal opportunities in contexts of exclusion and vulnerability in <strong>Africa, Latin America, Asia and Europe<\/strong>.<\/p>\n\n\n\n<p class=\"font-size-14\" style=\"font-size:20px\"><br>We believe that guaranteeing <strong>the right to quality education is the means for change and social justice and a transversal axis in each of the 5 causes we defend:<\/strong> the right to education, migration and refuge, gender equity, socio-environmental justice and citizen participation.<\/p>\n\n\n\n<p class=\"font-size-14\" style=\"font-size:20px\"><br>For Entreculturas it is fundamental that all our actions generate equal opportunities and are responsible and transparent with all the people who support us.<\/p>\n<\/div>\n<\/div>\n\n\n\n<div class=\"wp-block-group has-global-padding is-layout-constrained wp-container-core-group-is-layout-b74f2a4b wp-block-group-is-layout-constrained\" style=\"padding-right:20px;padding-left:20px\">\n<div class=\"wp-block-group has-global-padding is-layout-constrained wp-container-core-group-is-layout-940eb97b wp-block-group-is-layout-constrained\" style=\"margin-top:var(--wp--preset--spacing--70);margin-bottom:var(--wp--preset--spacing--70)\">\n<figure class=\"wp-block-image aligncenter size-full\"><img decoding=\"async\" src=\"https:\/\/www.entreculturas.org\/wp-content\/uploads\/2023\/09\/corazon_entrecult.svg\" alt=\"\" class=\"wp-image-588\"\/><\/figure>\n<\/div>\n<\/div>\n\n\n\n<div class=\"wp-block-buttons botones-post-accordion-qs ancho-desktop-qs-button is-content-justification-center is-layout-flex wp-container-core-buttons-is-layout-bb659de6 wp-block-buttons-is-layout-flex\" style=\"margin-top:var(--wp--preset--spacing--50)\">\n<div class=\"wp-block-button\"><a class=\"wp-block-button__link wp-element-button\" href=\"https:\/\/www.entreculturas.org\/wp-content\/uploads\/2023\/12\/documento_de_identidad_de_entreculturas.pdf\" target=\"_blank\" rel=\"noreferrer noopener\">Entreculturas Identity Card<\/a><\/div>\n<\/div>\n\n\n\n<div class=\"wp-block-buttons botones-post-accordion-qs is-content-justification-center is-layout-flex wp-container-core-buttons-is-layout-dc4f92c6 wp-block-buttons-is-layout-flex\" style=\"margin-top:var(--wp--preset--spacing--30);margin-bottom:var(--wp--preset--spacing--50)\">\n<div class=\"wp-block-button\"><a class=\"wp-block-button__link wp-element-button\" href=\"https:\/\/www.entreculturas.org\/wp-content\/uploads\/2023\/12\/causas_comunes.pdf\" target=\"_blank\" rel=\"noreferrer noopener\">COMMON STRATEGIC FRAMEWORK BETWEENCULTURAS AND ALBOAN<\/a><\/div>\n<\/div>\n\n\n\n<div class=\"wp-block-group has-global-padding is-layout-constrained wp-container-core-group-is-layout-41c06ba8 wp-block-group-is-layout-constrained\">\n<div class=\"wp-block-group is-vertical is-content-justification-center is-layout-flex wp-container-core-group-is-layout-da2ee355 wp-block-group-is-layout-flex\" style=\"padding-top:var(--wp--preset--spacing--70);padding-right:0;padding-bottom:var(--wp--preset--spacing--70);padding-left:0\">\n<p class=\"has-text-align-center text-wrap-balance nuestras-causas-portada has-gray-entreculturas-color has-text-color\" style=\"padding-right:20px;padding-left:20px;font-size:37px;font-style:normal;font-weight:700;line-height:1.1\">Our causes<\/p>\n\n\n\n<p class=\"has-text-align-center font-size-14\" style=\"padding-right:20px;padding-left:20px;font-size:20px\">We support more than 401,159 people through more than 203 projects in 42 countries around the world.<\/p>\n<\/div>\n<\/div>\n\n\n\n<div class=\"wp-block-group group-nuestras-causas-mobile-home has-global-padding is-content-justification-center is-layout-constrained wp-container-core-group-is-layout-e7aee6d0 wp-block-group-is-layout-constrained\" style=\"margin-top:0;margin-bottom:var(--wp--preset--spacing--80);padding-right:var(--wp--preset--spacing--40);padding-left:var(--wp--preset--spacing--40)\">\n<div class=\"wp-block-columns is-layout-flex wp-container-core-columns-is-layout-cbe57604 wp-block-columns-is-layout-flex\">\n<div class=\"wp-block-column js-scroll fade-in-bottom-5 has-global-padding is-content-justification-center is-layout-constrained wp-container-core-column-is-layout-d7a71814 wp-block-column-is-layout-constrained\" style=\"padding-right:0;padding-left:0\">\n<a href=\"https:\/\/www.entreculturas.org\/en\/right-to-education\/\" style=\"text-decoration:none;color:#2e2d2c\" rel=\"noopener\">\n\n\n\n<div class=\"wp-block-group items-5-home nuestras-causas-mobile-home has-white-background-color has-background is-vertical is-content-justification-center is-nowrap is-layout-flex wp-container-core-group-is-layout-5d923f3c wp-block-group-is-layout-flex\" style=\"border-radius:15px;padding-top:var(--wp--preset--spacing--30);padding-right:0;padding-bottom:0;padding-left:0\">\n<div class=\"wp-block-group is-layout-flow wp-container-core-group-is-layout-1a04a515 wp-block-group-is-layout-flow\" style=\"border-radius:5px;padding-top:5px;padding-right:5px;padding-bottom:5px;padding-left:5px\">\n<figure class=\"wp-block-image aligncenter size-full is-resized imagen-items-causas\"><img decoding=\"async\" src=\"https:\/\/www.entreculturas.org\/wp-content\/uploads\/2023\/09\/educacion.svg\" alt=\"\" class=\"wp-image-1208\" style=\"object-fit:contain;width:50px;height:50px\"\/><\/figure>\n<\/div>\n\n\n\n<p class=\"has-text-align-left items-nuestras-causas has-purple-color has-text-color\" style=\"padding-top:var(--wp--preset--spacing--30);padding-right:var(--wp--preset--spacing--30);padding-bottom:0;padding-left:var(--wp--preset--spacing--30);font-size:19px\"><strong>Guarantee of the universal right to quality <mark style=\"background-color:rgba(0, 0, 0, 0)\" class=\"has-inline-color has-red-color\">education <\/mark><\/strong><\/p>\n\n\n\n<p class=\"has-text-align-left nuestras-causas-read-more-mobile-home\">  Find out how  <img decoding=\"async\" width=\"10\" height=\"10\" src=\"\/wp-content\/uploads\/2023\/09\/arrow-derecha.svg\" alt=\"Arrow\"> <\/p>\n<\/div>\n\n\n\n<\/a>\n<\/div>\n\n\n\n<div class=\"wp-block-column js-scroll fade-in-bottom-5 has-global-padding is-layout-constrained wp-container-core-column-is-layout-7db9d80f wp-block-column-is-layout-constrained\" style=\"padding-right:0;padding-left:0\">\n<a href=\"https:\/\/www.entreculturas.org\/en\/migration-and-refuge\/\" style=\"text-decoration:none;color:#2e2d2c\" rel=\"noopener\">\n\n\n\n<div class=\"wp-block-group items-5-home nuestras-causas-mobile-home has-white-background-color has-background is-vertical is-content-justification-center is-nowrap is-layout-flex wp-container-core-group-is-layout-5d923f3c wp-block-group-is-layout-flex\" style=\"border-radius:15px;padding-top:var(--wp--preset--spacing--30);padding-right:0;padding-bottom:0;padding-left:0\">\n<div class=\"wp-block-group is-layout-flow wp-container-core-group-is-layout-1a04a515 wp-block-group-is-layout-flow\" style=\"border-radius:5px;padding-top:5px;padding-right:5px;padding-bottom:5px;padding-left:5px\">\n<figure class=\"wp-block-image size-full is-resized imagen-items-causas\"><img decoding=\"async\" src=\"https:\/\/www.entreculturas.org\/wp-content\/uploads\/2023\/09\/migracion-y-refugio.svg\" alt=\"\" class=\"wp-image-1207\" style=\"object-fit:contain;width:50px;height:50px\"\/><\/figure>\n<\/div>\n\n\n\n<p class=\"items-nuestras-causas has-purple-color has-text-color\" style=\"padding-top:var(--wp--preset--spacing--30);padding-right:var(--wp--preset--spacing--30);padding-bottom:0;padding-left:var(--wp--preset--spacing--30);font-size:19px\"><strong>Defense of the dignified life of <mark style=\"background-color:rgba(0, 0, 0, 0)\" class=\"has-inline-color has-red-color\">migrants and refugees<\/mark><\/strong><\/p>\n\n\n\n<p class=\"has-text-align-left nuestras-causas-read-more-mobile-home\">Find out how  <img decoding=\"async\" src=\"\/wp-content\/uploads\/2023\/09\/arrow-derecha.svg\" alt=\"Arrow\" width=\"10\" height=\"10\"><\/p>\n<\/div>\n\n\n\n<\/a>\n<\/div>\n\n\n\n<div class=\"wp-block-column js-scroll fade-in-bottom-5 has-global-padding is-layout-constrained wp-container-core-column-is-layout-7db9d80f wp-block-column-is-layout-constrained\" style=\"padding-right:0;padding-left:0\">\n<a href=\"https:\/\/www.entreculturas.org\/en\/participation-and-global-citizenship\/\" style=\"text-decoration:none;color:#2e2d2c\" rel=\"noopener\">\n\n\n\n<div class=\"wp-block-group items-5-home nuestras-causas-mobile-home has-white-background-color has-background is-vertical is-content-justification-center is-nowrap is-layout-flex wp-container-core-group-is-layout-5d923f3c wp-block-group-is-layout-flex\" style=\"border-radius:15px;padding-top:var(--wp--preset--spacing--30);padding-right:0;padding-bottom:0;padding-left:0\">\n<div class=\"wp-block-group is-layout-flow wp-container-core-group-is-layout-1a04a515 wp-block-group-is-layout-flow\" style=\"border-radius:5px;padding-top:5px;padding-right:5px;padding-bottom:5px;padding-left:5px\">\n<figure class=\"wp-block-image size-full is-resized imagen-items-causas\"><img decoding=\"async\" src=\"https:\/\/www.entreculturas.org\/wp-content\/uploads\/2023\/09\/ciudadania-global.svg\" alt=\"\" class=\"wp-image-1206\" style=\"object-fit:contain;width:50px;height:50px\"\/><\/figure>\n<\/div>\n\n\n\n<p class=\"items-nuestras-causas has-purple-color has-text-color\" style=\"padding-top:var(--wp--preset--spacing--30);padding-right:var(--wp--preset--spacing--30);padding-bottom:0;padding-left:var(--wp--preset--spacing--30);font-size:19px\"><strong>Strengthening participation and <mark style=\"background-color:rgba(0, 0, 0, 0)\" class=\"has-inline-color has-red-color\">global citizenship<\/mark><\/strong><\/p>\n\n\n\n<p class=\"has-text-align-left nuestras-causas-read-more-mobile-home\">Find out how  <img decoding=\"async\" src=\"\/wp-content\/uploads\/2023\/09\/arrow-derecha.svg\" alt=\"Arrow\" width=\"10\" height=\"10\"><\/p>\n<\/div>\n\n\n\n<\/a>\n<\/div>\n\n\n\n<div class=\"wp-block-column js-scroll fade-in-bottom-5 has-global-padding is-layout-constrained wp-container-core-column-is-layout-0de311d3 wp-block-column-is-layout-constrained\" style=\"padding-right:0;padding-left:0\">\n<a href=\"https:\/\/www.entreculturas.org\/en\/socio-environmental-justice\/\" style=\"text-decoration:none;color:#2e2d2c\" rel=\"noopener\">\n\n\n\n<div class=\"wp-block-group items-5-home nuestras-causas-mobile-home has-white-background-color has-background is-vertical is-content-justification-center is-nowrap is-layout-flex wp-container-core-group-is-layout-5d923f3c wp-block-group-is-layout-flex\" style=\"border-radius:15px;padding-top:var(--wp--preset--spacing--30);padding-right:0;padding-bottom:0;padding-left:0\">\n<div class=\"wp-block-group is-layout-flow wp-container-core-group-is-layout-1a04a515 wp-block-group-is-layout-flow\" style=\"border-radius:5px;padding-top:5px;padding-right:5px;padding-bottom:5px;padding-left:5px\">\n<figure class=\"wp-block-image size-full is-resized imagen-items-causas\"><img decoding=\"async\" src=\"https:\/\/www.entreculturas.org\/wp-content\/uploads\/2023\/09\/socioambiental.svg\" alt=\"\" class=\"wp-image-1205\" style=\"object-fit:contain;width:50px;height:50px\"\/><\/figure>\n<\/div>\n\n\n\n<p class=\"items-nuestras-causas has-purple-color has-text-color\" style=\"padding-top:var(--wp--preset--spacing--30);padding-right:var(--wp--preset--spacing--30);padding-bottom:0;padding-left:var(--wp--preset--spacing--30);font-size:19px\"><strong>Promotion of <mark style=\"background-color:rgba(0, 0, 0, 0)\" class=\"has-inline-color has-red-color\">socio-environmental<\/mark> justice<\/strong><\/p>\n\n\n\n<p class=\"has-text-align-left nuestras-causas-read-more-mobile-home\">Find out how  <img decoding=\"async\" width=\"10\" height=\"10\" src=\"\/wp-content\/uploads\/2023\/09\/arrow-derecha.svg\" alt=\"Arrow\"><\/p>\n<\/div>\n\n\n\n<\/a>\n<\/div>\n\n\n\n<div class=\"wp-block-column js-scroll fade-in-bottom-5 has-global-padding is-layout-constrained wp-container-core-column-is-layout-0de311d3 wp-block-column-is-layout-constrained\" style=\"padding-right:0;padding-left:0\">\n<a href=\"https:\/\/www.entreculturas.org\/en\/gender-equity\/\" style=\"text-decoration:none;color:#2e2d2c\" rel=\"noopener\">\n\n\n\n<div class=\"wp-block-group items-5-home nuestras-causas-mobile-home has-white-background-color has-background is-vertical is-content-justification-center is-nowrap is-layout-flex wp-container-core-group-is-layout-5d923f3c wp-block-group-is-layout-flex\" style=\"border-radius:15px;padding-top:var(--wp--preset--spacing--30);padding-right:0;padding-bottom:0;padding-left:0\">\n<div class=\"wp-block-group is-layout-flow wp-container-core-group-is-layout-1a04a515 wp-block-group-is-layout-flow\" style=\"border-radius:5px;padding-top:5px;padding-right:5px;padding-bottom:5px;padding-left:5px\">\n<figure class=\"wp-block-image size-full is-resized imagen-items-causas\"><img decoding=\"async\" src=\"https:\/\/www.entreculturas.org\/wp-content\/uploads\/2023\/09\/equidad-de-genero.svg\" alt=\"\" class=\"wp-image-1204\" style=\"object-fit:contain;width:50px;height:50px\"\/><\/figure>\n<\/div>\n\n\n\n<p class=\"items-nuestras-causas has-purple-color has-text-color\" style=\"padding-top:var(--wp--preset--spacing--30);padding-right:var(--wp--preset--spacing--30);padding-bottom:0;padding-left:var(--wp--preset--spacing--30);font-size:19px\"><strong>Promotion of <mark style=\"background-color:rgba(0, 0, 0, 0)\" class=\"has-inline-color has-red-color\">gender equity<\/mark><\/strong><\/p>\n\n\n\n<p class=\"has-text-align-left nuestras-causas-read-more-mobile-home\">Find out how  <img decoding=\"async\" width=\"10\" height=\"10\" src=\"\/wp-content\/uploads\/2023\/09\/arrow-derecha.svg\" alt=\"Arrow\"><\/p>\n<\/div>\n\n\n\n<\/a>\n<\/div>\n<\/div>\n<\/div>\n\n\n\n<h2 class=\"wp-block-heading has-text-align-center encabezado-entorno-seguro\" id=\"h-a-committed-team\" style=\"margin-bottom:var(--wp--preset--spacing--50);font-size:40px\">A committed team<\/h2>\n\n\n\n<div class=\"wp-block-group has-global-padding is-layout-constrained wp-block-group-is-layout-constrained\" style=\"margin-bottom:var(--wp--preset--spacing--60)\">\n<div class=\"wp-block-columns is-layout-flex wp-container-core-columns-is-layout-28f84493 wp-block-columns-is-layout-flex\">\n<div class=\"wp-block-column columna-imagen-qs-banner is-layout-flow wp-block-column-is-layout-flow\">\n<figure class=\"wp-block-image size-large has-custom-border imagen-qs-banner no-border-radius-img-qs-banner\"><img decoding=\"async\" src=\"https:\/\/www.entreculturas.org\/wp-content\/uploads\/2023\/10\/quienes-somos-banner-1024x494.jpg\" alt=\"\" class=\"wp-image-1575\" style=\"border-top-left-radius:15px;border-bottom-left-radius:15px\"\/><\/figure>\n<\/div>\n\n\n\n<div class=\"wp-block-column justificar-verticalmente-qs text-entorno-seguro-radio no-border-text-qs-banner-padding has-white-background-color has-background is-layout-flow wp-block-column-is-layout-flow\" style=\"padding-top:var(--wp--preset--spacing--40);padding-right:var(--wp--preset--spacing--80);padding-bottom:var(--wp--preset--spacing--40);padding-left:var(--wp--preset--spacing--80)\">\n<p>The Entreculturas team is committed to the mission, vision and values of the organization. We work together with 98 employees and 601 volunteers and collaborators, all of whom are convinced that education is the key to development.<\/p>\n\n\n\n<div class=\"wp-block-buttons width-100-qs-banner is-layout-flex wp-block-buttons-is-layout-flex\" style=\"margin-top:var(--wp--preset--spacing--40)\">\n<div class=\"wp-block-button width-100-qs-banner\"><a class=\"wp-block-button__link wp-element-button\" href=\"https:\/\/www.entreculturas.org\/wp-content\/uploads\/2025\/07\/Organigrama-Entreculturas-2025-2026.pdf\" target=\"_blank\" rel=\"noreferrer noopener\">SEE ORGANIZATION CHART<\/a><\/div>\n<\/div>\n<\/div>\n<\/div>\n<\/div>\n\n\n\n<div class=\"wp-block-group has-global-padding is-layout-constrained wp-block-group-is-layout-constrained\" style=\"padding-top:var(--wp--preset--spacing--60)\">\n<h2 class=\"wp-block-heading has-text-align-center encabezado-entorno-seguro\" id=\"h-a-solid-social-base\" style=\"margin-bottom:var(--wp--preset--spacing--50);font-size:40px\">A solid social base<\/h2>\n\n\n\n<p class=\"has-text-align-center font-size-14 text-align-left-qs padding-texto-base-social-solida\" style=\"padding-right:20px;padding-bottom:var(--wp--preset--spacing--60);padding-left:20px;font-size:20px\">In addition, we have a social base of <strong>32,547 members and donors<\/strong>, a growing number that demonstrates the growing willingness of the population to commit to global solidarity and justice.<\/p>\n\n\n\n<div class=\"wp-block-group has-global-padding is-layout-constrained wp-container-core-group-is-layout-3b0f2f7d wp-block-group-is-layout-constrained\" style=\"padding-right:20px;padding-left:20px\">\n<style>\n        \/* Agregamos estilos para la transici\u00f3n al desplegable *\/\n        .desplegable {\n            transition: max-height 0.3s ease-in-out, opacity 0.3s ease-in-out;\n            overflow: hidden; \/* Esto permite que la transici\u00f3n afecte a la altura m\u00e1xima *\/\n        }\n    <\/style>\n    <script>\n        document.addEventListener(\"DOMContentLoaded\", function() {\n            \/\/ Encuentra el bot\u00f3n y el bloque desplegable\n            let boton = document.querySelector(\".boton-desplegable .wp-block-button__link\");\n            let desplegable = document.querySelector(\".desplegable\");\n            let icono = boton.querySelector(\".icono-svg\"); \/\/ Encuentra el elemento del icono\n\n            \/\/ Comprobar si boton y desplegable existen\n            if (!boton || !desplegable) return;\n\n            \/\/ Inicialmente ocultar el bloque desplegable\n            desplegable.style.maxHeight = '0px'; \/\/ Usamos maxHeight en lugar de display\n\n            \/\/ Agrega un evento de clic al bot\u00f3n\n            boton.addEventListener(\"click\", function() {\n                \/\/ Si el bloque est\u00e1 oculto, mu\u00e9stralo; si est\u00e1 mostrando, oc\u00faltalo.\n                if (desplegable.style.maxHeight === '0px') {\n                    desplegable.style.maxHeight = '800px'; \/\/ Cambia la altura m\u00e1xima seg\u00fan tus necesidades\n                    desplegable.style.opacity = '1'; \/\/ Cambia la opacidad para mostrarlo suavemente\n                    \/\/ Gira el icono 180 grados cuando se muestra el desplegable\n                    icono.style.transform = 'rotate(180deg)';\n                } else {\n                    desplegable.style.maxHeight = '0px';\n                    desplegable.style.opacity = '0';\n                    \/\/ Restaura la rotaci\u00f3n original del icono cuando se oculta el desplegable\n                    icono.style.transform = 'rotate(0deg)';\n                }\n            });\n        });\n    <\/script>\n\n\n\n<div class=\"wp-block-buttons boton-base-social-solida is-content-justification-center is-layout-flex wp-container-core-buttons-is-layout-78108f9f wp-block-buttons-is-layout-flex\" style=\"margin-bottom:var(--wp--preset--spacing--60)\">\n<div class=\"wp-block-button boton-desplegable\"><a class=\"wp-block-button__link has-text-align-center wp-element-button\">We tell you how our social base is formed  <svg xmlns=\"https:\/\/www.w3.org\/2000\/svg\" class=\"icono-svg\" width=\"14\" height=\"14\" viewBox=\"0 0 14 14\" fill=\"none\">\n  <path d=\"M12.5685 4.63139C12.4044 4.46736 12.1819 4.37521 11.9499 4.37521C11.7179 4.37521 11.4954 4.46736 11.3313 4.63139L7.00002 8.96264L2.66877 4.63139C2.50374 4.472 2.28272 4.38381 2.05329 4.3858C1.82387 4.3878 1.60441 4.47982 1.44218 4.64205C1.27994 4.80428 1.18792 5.02374 1.18593 5.25317C1.18394 5.48259 1.27213 5.70362 1.43152 5.86864L6.38139 10.8185C6.54548 10.9826 6.768 11.0747 7.00002 11.0747C7.23204 11.0747 7.45456 10.9826 7.61864 10.8185L12.5685 5.86864C12.7326 5.70456 12.8247 5.48204 12.8247 5.25002C12.8247 5.018 12.7326 4.79548 12.5685 4.63139Z\" fill=\"white\"><\/path>\n<\/svg><\/a><\/div>\n<\/div>\n<\/div>\n<\/div>\n\n\n\n<div class=\"wp-block-group desplegable has-global-padding is-layout-constrained wp-container-core-group-is-layout-93851f3c wp-block-group-is-layout-constrained\" style=\"margin-bottom:var(--wp--preset--spacing--50);padding-right:20px;padding-left:20px\">\n<div class=\"wp-block-group padding-qs-desplegable has-white-background-color has-background is-vertical is-layout-flex wp-container-core-group-is-layout-a94b6ec9 wp-block-group-is-layout-flex\" style=\"border-radius:15px;padding-top:90px;padding-right:90px;padding-bottom:90px;padding-left:90px\">\n<p class=\"has-red-color has-text-color\" style=\"margin-bottom:0;font-size:1.55rem\"><strong>Partner<\/strong><\/p>\n\n\n\n<p style=\"margin-bottom:1.5rem\">A person who makes a continuous financial contribution over time and with a specific frequency. At the end of 2024, Entreculturas had<strong> 7,845 members.<\/strong><\/p>\n\n\n\n<p class=\"has-red-color has-text-color\" style=\"margin-bottom:0;font-size:1.55rem\"><strong>Donor<\/strong><\/p>\n\n\n\n<p style=\"margin-bottom:1.5rem\">A person who makes a one-time financial contribution. At the end of 2024, Entreculturas had <strong>21,980 donors.<\/strong><\/p>\n\n\n\n<p class=\"has-red-color has-text-color\" style=\"margin-bottom:0;font-size:1.55rem\"><strong>Volunteer<\/strong><\/p>\n\n\n\n<p style=\"margin-bottom:1.5rem\">Person who is committed in a stable and continuous way in teams and work projects. At the end of 2024, Entreculturas had <strong>368 volunteers.<\/strong><\/p>\n\n\n\n<p class=\"has-red-color has-text-color\" style=\"margin-bottom:0;font-size:1.55rem\"><strong>Collaborator<\/strong><\/p>\n\n\n\n<p style=\"margin-bottom:1.5rem\">A person who offers to participate in an activity on an ad hoc basis. At the end of 2024, Entreculturas had <strong>233 collaborators<\/strong>.<\/p>\n\n\n\n<p class=\"has-red-color has-text-color\" style=\"margin-bottom:0;font-size:1.55rem\"><strong>Beneficiary<\/strong><\/p>\n\n\n\n<p style=\"margin-bottom:0\">Those who participate in a service provided by Entreculturas and its partner organizations (formal or alternative education, vocational training, humanitarian aid, psychosocial care&#8230;). At the end of 2024, Entreculturas had <strong>401,159 accompanied people.<\/strong><\/p>\n<\/div>\n<\/div>\n\n\n\n<div class=\"wp-block-group has-global-padding is-layout-constrained wp-block-group-is-layout-constrained\" style=\"padding-top:var(--wp--preset--spacing--60)\">\n<h2 class=\"wp-block-heading has-text-align-center encabezado-entorno-seguro\" id=\"h-we-work-in-28-locations-throughout-spain\" style=\"margin-bottom:var(--wp--preset--spacing--50);font-size:40px\">We work in 28 locations throughout Spain<\/h2>\n\n\n\n<p class=\"has-text-align-left font-size-14\" style=\"padding-right:20px;padding-bottom:var(--wp--preset--spacing--60);padding-left:20px;font-size:20px\">We are present in our country through 28 offices where we carry out awareness programs, education for global citizenship and volunteering, as well as actions to raise support for our International Cooperation, Humanitarian Action and Social Action projects in Spain.  <\/p>\n\n\n\n<p class=\"has-text-align-left font-size-14\" style=\"padding-right:20px;padding-bottom:var(--wp--preset--spacing--60);padding-left:20px;font-size:20px\">If you would like to get to know us better, talk to the team or collaborate in your province, please contact your nearest branch.<\/p>\n\n\n\n<div class=\"wp-block-group margin-bottom-mobile has-global-padding is-layout-constrained wp-container-core-group-is-layout-595671e4 wp-block-group-is-layout-constrained\" style=\"margin-bottom:var(--wp--preset--spacing--80);padding-right:20px;padding-left:20px\">\n<div class=\"provinces-container\"><div class=\"canvas-container\" data-countries=\"[31245,31247,31249,31251,31253,31255,31257,31259,31261,31263,31265,31267,31269,31271,31273,31275,31277,31281,31279,31283,31285,31287,31289,31291,31293,31295,31297,31299]\" data-default-country=\"31289\"><div class=\"provinces-left\"><div id=\"provinces-map\"><\/div><\/div><div class=\"provinces-right\"><select id=\"provinces-selector\"><\/select><div class=\"provinces-details\"><\/div><\/div><\/div><\/div>\n<\/div>\n\n\n\n<div class=\"wp-block-group has-global-padding is-layout-constrained wp-container-core-group-is-layout-5acd9bea wp-block-group-is-layout-constrained block-visibility-hide-medium-screen block-visibility-hide-small-screen\" style=\"margin-bottom:var(--wp--preset--spacing--70);padding-right:20px;padding-left:20px\">\n<div class=\"wp-block-columns is-layout-flex wp-container-core-columns-is-layout-cf05694f wp-block-columns-is-layout-flex\">\n<div class=\"wp-block-column is-layout-flow wp-block-column-is-layout-flow\">\n<figure class=\"wp-block-image size-full\"><img decoding=\"async\" width=\"1280\" height=\"960\" src=\"https:\/\/www.entreculturas.org\/wp-content\/uploads\/2023\/12\/Entreculturas-1.jpg\" alt=\"\" class=\"wp-image-8702\" srcset=\"https:\/\/www.entreculturas.org\/wp-content\/uploads\/2023\/12\/Entreculturas-1.jpg 1280w, https:\/\/www.entreculturas.org\/wp-content\/uploads\/2023\/12\/Entreculturas-1-300x225.jpg 300w, https:\/\/www.entreculturas.org\/wp-content\/uploads\/2023\/12\/Entreculturas-1-1024x768.jpg 1024w, https:\/\/www.entreculturas.org\/wp-content\/uploads\/2023\/12\/Entreculturas-1-768x576.jpg 768w\" sizes=\"(max-width: 1280px) 100vw, 1280px\" \/><\/figure>\n<\/div>\n\n\n\n<div class=\"wp-block-column is-layout-flow wp-block-column-is-layout-flow\">\n<figure class=\"wp-block-image size-large\"><img decoding=\"async\" src=\"https:\/\/www.entreculturas.org\/wp-content\/uploads\/2023\/10\/imagen2-quienes-somos-1024x768.jpg\" alt=\"\" class=\"wp-image-1579\"\/><\/figure>\n<\/div>\n\n\n\n<div class=\"wp-block-column is-layout-flow wp-block-column-is-layout-flow\">\n<figure class=\"wp-block-image size-large\"><img decoding=\"async\" src=\"https:\/\/www.entreculturas.org\/wp-content\/uploads\/2023\/10\/imagen3-quienes-somos-1024x768.jpg\" alt=\"\" class=\"wp-image-1581\"\/><\/figure>\n<\/div>\n<\/div>\n<\/div>\n<\/div>\n\n\n\n<div class=\"wp-block-group has-global-padding is-layout-constrained wp-block-group-is-layout-constrained\" style=\"margin-bottom:var(--wp--preset--spacing--80)\">\n<h2 class=\"wp-block-heading has-text-align-center encabezado-entorno-seguro\" id=\"h-we-work-as-a-network\" style=\"margin-bottom:var(--wp--preset--spacing--50);font-size:40px\">We work as a network<\/h2>\n\n\n\n<div class=\"wp-block-group has-global-padding is-layout-constrained wp-container-core-group-is-layout-9aed3246 wp-block-group-is-layout-constrained\" style=\"padding-right:20px;padding-left:20px\">\n<p class=\"has-text-align-center font-size-14 text-align-left-qs\" style=\"padding-right:20px;padding-bottom:var(--wp--preset--spacing--60);padding-left:20px;font-size:20px\">Entreculturas maintains a special working relationship with the following global networks of the Society of Jesus with which it shares vision, mission and values of justice:<\/p>\n\n\n\n<div class=\"wp-block-theme-blocks-accordion\" style=\"background-color:#ffffff;color:#1E1129\" data-enable-expiration-logic=\"false\" data-show-open=\"false\"><div class=\"envolve-accordion\"><div class=\"accordion-pretitle-div\"><\/div><div class=\"accordion-header\"><div class=\"accordion-icon\"><img decoding=\"async\" src=\"\/wp-content\/uploads\/2023\/09\/corazon_entrecult.svg\" alt=\"\u00cdcono de coraz\u00f3n\"\/><\/div><h4 class=\"accordion-toggle\">Fe y Alegr\u00eda<\/h4><svg class=\"accordion-arrow\" xmlns=\"http:\/\/www.w3.org\/2000\/svg\" width=\"16\" height=\"16\" viewBox=\"0 0 16 16\" fill=\"none\"><path class=\"arrow-path\" d=\"M14.364 5.293C14.1764 5.10553 13.9221 5.00021 13.657 5.00021C13.3918 5.00021 13.1375 5.10553 12.95 5.293L7.99995 10.243L3.04995 5.293C2.86135 5.11084 2.60875 5.01005 2.34655 5.01233C2.08435 5.0146 1.83354 5.11977 1.64813 5.30518C1.46273 5.49059 1.35756 5.7414 1.35528 6.0036C1.353 6.2658 1.45379 6.5184 1.63595 6.707L7.29295 12.364C7.48048 12.5515 7.73479 12.6568 7.99995 12.6568C8.26512 12.6568 8.51942 12.5515 8.70695 12.364L14.364 6.707C14.5514 6.51947 14.6567 6.26516 14.6567 6C14.6567 5.73484 14.5514 5.48053 14.364 5.293Z\" fill=\"#818181\"><\/path><\/svg><\/div><\/div><div class=\"accordion-content\">\n<p>Fe y Alegr\u00eda is an international movement of Popular Education present in <strong>23 countries<\/strong> with an educational community of more than <strong>935,000 people<\/strong>. It was founded in Caracas in 1955 by Jesuit Jos\u00e9 M\u00aa V\u00e9laz to care for a hundred children without a school. Fe y Alegr\u00eda promotes quality and transformative education that contributes to the creation of just, democratic and participatory societies.  <a href=\"http:\/\/www.feyalegria.org\/\">www.feyalegria.org<\/a><\/p>\n\n\n\n<div style=\"height:16px\" aria-hidden=\"true\" class=\"wp-block-spacer\"><\/div>\n\n\n\n<figure class=\"wp-block-image size-large is-resized\"><img decoding=\"async\" width=\"1024\" height=\"434\" src=\"https:\/\/www.entreculturas.org\/wp-content\/uploads\/2024\/10\/fya_color_h_s-1024x434.png\" alt=\"\" class=\"wp-image-33923\" style=\"width:191px;height:auto\" srcset=\"https:\/\/www.entreculturas.org\/wp-content\/uploads\/2024\/10\/fya_color_h_s-1024x434.png 1024w, https:\/\/www.entreculturas.org\/wp-content\/uploads\/2024\/10\/fya_color_h_s-300x127.png 300w, https:\/\/www.entreculturas.org\/wp-content\/uploads\/2024\/10\/fya_color_h_s-768x326.png 768w, https:\/\/www.entreculturas.org\/wp-content\/uploads\/2024\/10\/fya_color_h_s-1536x652.png 1536w, https:\/\/www.entreculturas.org\/wp-content\/uploads\/2024\/10\/fya_color_h_s-2048x869.png 2048w\" sizes=\"(max-width: 1024px) 100vw, 1024px\" \/><\/figure>\n\n\n\n<div style=\"height:16px\" aria-hidden=\"true\" class=\"wp-block-spacer\"><\/div>\n\n\n\n<p><\/p>\n<\/div><\/div>\n\n\n\n<div class=\"wp-block-theme-blocks-accordion\" style=\"background-color:#ffffff;color:#1E1129\" data-enable-expiration-logic=\"false\" data-show-open=\"false\"><div class=\"envolve-accordion\"><div class=\"accordion-pretitle-div\"><\/div><div class=\"accordion-header\"><div class=\"accordion-icon\"><img decoding=\"async\" src=\"\/wp-content\/uploads\/2023\/09\/corazon_entrecult.svg\" alt=\"\u00cdcono de coraz\u00f3n\"\/><\/div><h4 class=\"accordion-toggle\">Servicio Jesuita a Refugiados<\/h4><svg class=\"accordion-arrow\" xmlns=\"http:\/\/www.w3.org\/2000\/svg\" width=\"16\" height=\"16\" viewBox=\"0 0 16 16\" fill=\"none\"><path class=\"arrow-path\" d=\"M14.364 5.293C14.1764 5.10553 13.9221 5.00021 13.657 5.00021C13.3918 5.00021 13.1375 5.10553 12.95 5.293L7.99995 10.243L3.04995 5.293C2.86135 5.11084 2.60875 5.01005 2.34655 5.01233C2.08435 5.0146 1.83354 5.11977 1.64813 5.30518C1.46273 5.49059 1.35756 5.7414 1.35528 6.0036C1.353 6.2658 1.45379 6.5184 1.63595 6.707L7.29295 12.364C7.48048 12.5515 7.73479 12.6568 7.99995 12.6568C8.26512 12.6568 8.51942 12.5515 8.70695 12.364L14.364 6.707C14.5514 6.51947 14.6567 6.26516 14.6567 6C14.6567 5.73484 14.5514 5.48053 14.364 5.293Z\" fill=\"#818181\"><\/path><\/svg><\/div><\/div><div class=\"accordion-content\">\n<p>The Jesuit Refugee Service (JRS) is an international organization working in <strong>57 countries<\/strong> with the mission to accompany, serve and defend the rights of refugees and displaced persons worldwide. JRS currently serves nearly <strong>1.2 million people<\/strong>. <a href=\"http:\/\/www.jrs.net\/\">www.jrs.net<\/a> <\/p>\n\n\n\n<div style=\"height:16px\" aria-hidden=\"true\" class=\"wp-block-spacer\"><\/div>\n\n\n\n<figure class=\"wp-block-image size-large is-resized\"><img decoding=\"async\" width=\"1024\" height=\"321\" src=\"https:\/\/www.entreculturas.org\/wp-content\/uploads\/2024\/10\/JRS_Logo-1024x321.png\" alt=\"\" class=\"wp-image-33853\" style=\"width:128px;height:auto\" srcset=\"https:\/\/www.entreculturas.org\/wp-content\/uploads\/2024\/10\/JRS_Logo-1024x321.png 1024w, https:\/\/www.entreculturas.org\/wp-content\/uploads\/2024\/10\/JRS_Logo-300x94.png 300w, https:\/\/www.entreculturas.org\/wp-content\/uploads\/2024\/10\/JRS_Logo-768x241.png 768w, https:\/\/www.entreculturas.org\/wp-content\/uploads\/2024\/10\/JRS_Logo.png 1302w\" sizes=\"(max-width: 1024px) 100vw, 1024px\" \/><\/figure>\n\n\n\n<div style=\"height:15px\" aria-hidden=\"true\" class=\"wp-block-spacer\"><\/div>\n<\/div><\/div>\n\n\n\n<div class=\"wp-block-theme-blocks-accordion\" style=\"background-color:#ffffff;color:#1E1129\" data-enable-expiration-logic=\"false\" data-show-open=\"false\"><div class=\"envolve-accordion\"><div class=\"accordion-pretitle-div\"><\/div><div class=\"accordion-header\"><div class=\"accordion-icon\"><img decoding=\"async\" src=\"\/wp-content\/uploads\/2023\/09\/corazon_entrecult.svg\" alt=\"\u00cdcono de coraz\u00f3n\"\/><\/div><h4 class=\"accordion-toggle\">Centro sociales Jesuitas<\/h4><svg class=\"accordion-arrow\" xmlns=\"http:\/\/www.w3.org\/2000\/svg\" width=\"16\" height=\"16\" viewBox=\"0 0 16 16\" fill=\"none\"><path class=\"arrow-path\" d=\"M14.364 5.293C14.1764 5.10553 13.9221 5.00021 13.657 5.00021C13.3918 5.00021 13.1375 5.10553 12.95 5.293L7.99995 10.243L3.04995 5.293C2.86135 5.11084 2.60875 5.01005 2.34655 5.01233C2.08435 5.0146 1.83354 5.11977 1.64813 5.30518C1.46273 5.49059 1.35756 5.7414 1.35528 6.0036C1.353 6.2658 1.45379 6.5184 1.63595 6.707L7.29295 12.364C7.48048 12.5515 7.73479 12.6568 7.99995 12.6568C8.26512 12.6568 8.51942 12.5515 8.70695 12.364L14.364 6.707C14.5514 6.51947 14.6567 6.26516 14.6567 6C14.6567 5.73484 14.5514 5.48053 14.364 5.293Z\" fill=\"#818181\"><\/path><\/svg><\/div><\/div><div class=\"accordion-content\">\n<p>We work with other Jesuit organizations in Latin America, Africa, Europe and Asia through which we implement actions linked to education, as well as other strategic priorities such as migration, ecology, gender equality and the promotion of committed citizenship.  <a href=\"http:\/\/www.sjesjesuits.global\">www.sjesjesuits.global<\/a><\/p>\n\n\n\n<div style=\"height:16px\" aria-hidden=\"true\" class=\"wp-block-spacer\"><\/div>\n\n\n\n<figure class=\"wp-block-image size-full is-resized\"><img decoding=\"async\" src=\"https:\/\/www.entreculturas.org\/wp-content\/uploads\/2024\/10\/logo-centros-sociales-jesuitas.svg\" alt=\"\" class=\"wp-image-33858\" style=\"width:79px;height:auto\"\/><\/figure>\n\n\n\n<p><\/p>\n<\/div><\/div>\n\n\n\n<div class=\"wp-block-theme-blocks-accordion\" style=\"background-color:#ffffff;color:#1E1129\" data-enable-expiration-logic=\"false\" data-show-open=\"false\"><div class=\"envolve-accordion\"><div class=\"accordion-pretitle-div\"><\/div><div class=\"accordion-header\"><div class=\"accordion-icon\"><img decoding=\"async\" src=\"\/wp-content\/uploads\/2023\/09\/corazon_entrecult.svg\" alt=\"\u00cdcono de coraz\u00f3n\"\/><\/div><h4 class=\"accordion-toggle\">Sector social en Espa\u00f1a<\/h4><svg class=\"accordion-arrow\" xmlns=\"http:\/\/www.w3.org\/2000\/svg\" width=\"16\" height=\"16\" viewBox=\"0 0 16 16\" fill=\"none\"><path class=\"arrow-path\" d=\"M14.364 5.293C14.1764 5.10553 13.9221 5.00021 13.657 5.00021C13.3918 5.00021 13.1375 5.10553 12.95 5.293L7.99995 10.243L3.04995 5.293C2.86135 5.11084 2.60875 5.01005 2.34655 5.01233C2.08435 5.0146 1.83354 5.11977 1.64813 5.30518C1.46273 5.49059 1.35756 5.7414 1.35528 6.0036C1.353 6.2658 1.45379 6.5184 1.63595 6.707L7.29295 12.364C7.48048 12.5515 7.73479 12.6568 7.99995 12.6568C8.26512 12.6568 8.51942 12.5515 8.70695 12.364L14.364 6.707C14.5514 6.51947 14.6567 6.26516 14.6567 6C14.6567 5.73484 14.5514 5.48053 14.364 5.293Z\" fill=\"#818181\"><\/path><\/svg><\/div><\/div><div class=\"accordion-content\">\n<p>A network of Jesuit social action organizations that work in five areas: migration, children at risk, cooperation, citizenship, and social and solidarity economy.  <a href=\"https:\/\/socialjesuitas.es\/\">www.socialjesuitas.es<\/a><\/p>\n\n\n\n<div style=\"height:16px\" aria-hidden=\"true\" class=\"wp-block-spacer\"><\/div>\n\n\n\n<figure class=\"wp-block-image size-full is-resized\"><img decoding=\"async\" width=\"768\" height=\"284\" src=\"https:\/\/www.entreculturas.org\/wp-content\/uploads\/2024\/10\/jesuitassocial.jpg\" alt=\"\" class=\"wp-image-33872\" style=\"width:170px;height:auto\" srcset=\"https:\/\/www.entreculturas.org\/wp-content\/uploads\/2024\/10\/jesuitassocial.jpg 768w, https:\/\/www.entreculturas.org\/wp-content\/uploads\/2024\/10\/jesuitassocial-300x111.jpg 300w\" sizes=\"(max-width: 768px) 100vw, 768px\" \/><\/figure>\n\n\n\n<div style=\"height:16px\" aria-hidden=\"true\" class=\"wp-block-spacer\"><\/div>\n<\/div><\/div>\n\n\n\n<div class=\"wp-block-theme-blocks-accordion\" style=\"background-color:#ffffff;color:#1E1129\" data-enable-expiration-logic=\"false\" data-show-open=\"false\"><div class=\"envolve-accordion\"><div class=\"accordion-pretitle-div\"><\/div><div class=\"accordion-header\"><div class=\"accordion-icon\"><img decoding=\"async\" src=\"\/wp-content\/uploads\/2023\/09\/corazon_entrecult.svg\" alt=\"\u00cdcono de coraz\u00f3n\"\/><\/div><h4 class=\"accordion-toggle\">Red Xavier<\/h4><svg class=\"accordion-arrow\" xmlns=\"http:\/\/www.w3.org\/2000\/svg\" width=\"16\" height=\"16\" viewBox=\"0 0 16 16\" fill=\"none\"><path class=\"arrow-path\" d=\"M14.364 5.293C14.1764 5.10553 13.9221 5.00021 13.657 5.00021C13.3918 5.00021 13.1375 5.10553 12.95 5.293L7.99995 10.243L3.04995 5.293C2.86135 5.11084 2.60875 5.01005 2.34655 5.01233C2.08435 5.0146 1.83354 5.11977 1.64813 5.30518C1.46273 5.49059 1.35756 5.7414 1.35528 6.0036C1.353 6.2658 1.45379 6.5184 1.63595 6.707L7.29295 12.364C7.48048 12.5515 7.73479 12.6568 7.99995 12.6568C8.26512 12.6568 8.51942 12.5515 8.70695 12.364L14.364 6.707C14.5514 6.51947 14.6567 6.26516 14.6567 6C14.6567 5.73484 14.5514 5.48053 14.364 5.293Z\" fill=\"#818181\"><\/path><\/svg><\/div><\/div><div class=\"accordion-content\">\n<p>International alliance of 14 Jesuit organizations in Europe, North America and Australia that promote international cooperation and global justice.  <a href=\"https:\/\/socialjesuitas.es\/\">www.xavier.network<\/a><\/p>\n\n\n\n<figure class=\"wp-block-image size-full is-resized\"><img decoding=\"async\" width=\"80\" height=\"95\" src=\"https:\/\/www.entreculturas.org\/wp-content\/uploads\/2015\/05\/RedXavier_90px.jpg\" alt=\"\" class=\"wp-image-2248\" style=\"width:59px;height:auto\"\/><\/figure>\n\n\n\n<div style=\"height:16px\" aria-hidden=\"true\" class=\"wp-block-spacer\"><\/div>\n<\/div><\/div>\n\n\n\n<div class=\"wp-block-theme-blocks-accordion\" style=\"background-color:#ffffff;color:#1E1129\" data-enable-expiration-logic=\"false\" data-show-open=\"false\"><div class=\"envolve-accordion\"><div class=\"accordion-pretitle-div\"><\/div><div class=\"accordion-header\"><div class=\"accordion-icon\"><img decoding=\"async\" src=\"\/wp-content\/uploads\/2023\/09\/corazon_entrecult.svg\" alt=\"\u00cdcono de coraz\u00f3n\"\/><\/div><h4 class=\"accordion-toggle\">Coaliciones y Plataformas<\/h4><svg class=\"accordion-arrow\" xmlns=\"http:\/\/www.w3.org\/2000\/svg\" width=\"16\" height=\"16\" viewBox=\"0 0 16 16\" fill=\"none\"><path class=\"arrow-path\" d=\"M14.364 5.293C14.1764 5.10553 13.9221 5.00021 13.657 5.00021C13.3918 5.00021 13.1375 5.10553 12.95 5.293L7.99995 10.243L3.04995 5.293C2.86135 5.11084 2.60875 5.01005 2.34655 5.01233C2.08435 5.0146 1.83354 5.11977 1.64813 5.30518C1.46273 5.49059 1.35756 5.7414 1.35528 6.0036C1.353 6.2658 1.45379 6.5184 1.63595 6.707L7.29295 12.364C7.48048 12.5515 7.73479 12.6568 7.99995 12.6568C8.26512 12.6568 8.51942 12.5515 8.70695 12.364L14.364 6.707C14.5514 6.51947 14.6567 6.26516 14.6567 6C14.6567 5.73484 14.5514 5.48053 14.364 5.293Z\" fill=\"#818181\"><\/path><\/svg><\/div><\/div><div class=\"accordion-content\">\n<p>Entreculturas is part of coalitions and platforms from which, together with other organizations, we add voices and join efforts to collectively claim and defend fundamental aspects related to justice and human rights.  <br><\/p>\n\n\n\n<div style=\"height:16px\" aria-hidden=\"true\" class=\"wp-block-spacer\"><\/div>\n\n\n\n<figure class=\"wp-block-image size-full is-resized\"><img decoding=\"async\" width=\"320\" height=\"128\" src=\"https:\/\/www.entreculturas.org\/wp-content\/uploads\/2024\/10\/unnamed.png\" alt=\"\" class=\"wp-image-33881\" style=\"width:120px;height:auto\" srcset=\"https:\/\/www.entreculturas.org\/wp-content\/uploads\/2024\/10\/unnamed.png 320w, https:\/\/www.entreculturas.org\/wp-content\/uploads\/2024\/10\/unnamed-300x120.png 300w\" sizes=\"(max-width: 320px) 100vw, 320px\" \/><\/figure>\n\n\n\n<figure class=\"wp-block-image size-full is-resized\"><img decoding=\"async\" width=\"500\" height=\"200\" src=\"https:\/\/www.entreculturas.org\/wp-content\/uploads\/2024\/10\/unnamed-3.png\" alt=\"\" class=\"wp-image-33886\" style=\"width:133px;height:auto\" srcset=\"https:\/\/www.entreculturas.org\/wp-content\/uploads\/2024\/10\/unnamed-3.png 500w, https:\/\/www.entreculturas.org\/wp-content\/uploads\/2024\/10\/unnamed-3-300x120.png 300w\" sizes=\"(max-width: 500px) 100vw, 500px\" \/><\/figure>\n\n\n\n<figure class=\"wp-block-image size-large is-resized\"><img decoding=\"async\" width=\"1024\" height=\"860\" src=\"https:\/\/www.entreculturas.org\/wp-content\/uploads\/2024\/10\/Logo-Plataforma-1024x860.jpg\" alt=\"\" class=\"wp-image-33906\" style=\"width:80px;height:auto\" srcset=\"https:\/\/www.entreculturas.org\/wp-content\/uploads\/2024\/10\/Logo-Plataforma-1024x860.jpg 1024w, https:\/\/www.entreculturas.org\/wp-content\/uploads\/2024\/10\/Logo-Plataforma-300x252.jpg 300w, https:\/\/www.entreculturas.org\/wp-content\/uploads\/2024\/10\/Logo-Plataforma-768x645.jpg 768w, https:\/\/www.entreculturas.org\/wp-content\/uploads\/2024\/10\/Logo-Plataforma-1536x1290.jpg 1536w, https:\/\/www.entreculturas.org\/wp-content\/uploads\/2024\/10\/Logo-Plataforma-2048x1721.jpg 2048w\" sizes=\"(max-width: 1024px) 100vw, 1024px\" \/><\/figure>\n\n\n\n<figure class=\"wp-block-image size-full is-resized\"><img decoding=\"async\" src=\"https:\/\/www.entreculturas.org\/wp-content\/uploads\/2024\/10\/logoSVG-plataforma-de-infancia-horizontal-color.svg\" alt=\"\" class=\"wp-image-33901\" style=\"width:134px;height:auto\"\/><\/figure>\n\n\n\n<figure class=\"wp-block-image size-full is-resized\"><img decoding=\"async\" width=\"474\" height=\"106\" src=\"https:\/\/www.entreculturas.org\/wp-content\/uploads\/2024\/10\/fiare.png\" alt=\"\" class=\"wp-image-33916\" style=\"width:150px;height:auto\" srcset=\"https:\/\/www.entreculturas.org\/wp-content\/uploads\/2024\/10\/fiare.png 474w, https:\/\/www.entreculturas.org\/wp-content\/uploads\/2024\/10\/fiare-300x67.png 300w\" sizes=\"(max-width: 474px) 100vw, 474px\" \/><\/figure>\n\n\n\n<figure class=\"wp-block-image size-large is-resized\"><img decoding=\"async\" width=\"1024\" height=\"370\" src=\"https:\/\/www.entreculturas.org\/wp-content\/uploads\/2024\/10\/LOGO-COORDINADORA-A-1024x370.jpg\" alt=\"\" class=\"wp-image-33911\" style=\"width:141px;height:auto\" srcset=\"https:\/\/www.entreculturas.org\/wp-content\/uploads\/2024\/10\/LOGO-COORDINADORA-A-1024x370.jpg 1024w, https:\/\/www.entreculturas.org\/wp-content\/uploads\/2024\/10\/LOGO-COORDINADORA-A-300x108.jpg 300w, https:\/\/www.entreculturas.org\/wp-content\/uploads\/2024\/10\/LOGO-COORDINADORA-A-768x277.jpg 768w, https:\/\/www.entreculturas.org\/wp-content\/uploads\/2024\/10\/LOGO-COORDINADORA-A-1536x554.jpg 1536w, https:\/\/www.entreculturas.org\/wp-content\/uploads\/2024\/10\/LOGO-COORDINADORA-A-2048x739.jpg 2048w\" sizes=\"(max-width: 1024px) 100vw, 1024px\" \/><\/figure>\n\n\n\n<figure class=\"wp-block-image size-large is-resized\"><img decoding=\"async\" width=\"1024\" height=\"274\" src=\"https:\/\/www.entreculturas.org\/wp-content\/uploads\/2024\/10\/METCG_logo_H-pantone-cast-1024x274.png\" alt=\"\" class=\"wp-image-33896\" style=\"width:174px;height:auto\" srcset=\"https:\/\/www.entreculturas.org\/wp-content\/uploads\/2024\/10\/METCG_logo_H-pantone-cast-1024x274.png 1024w, https:\/\/www.entreculturas.org\/wp-content\/uploads\/2024\/10\/METCG_logo_H-pantone-cast-300x80.png 300w, https:\/\/www.entreculturas.org\/wp-content\/uploads\/2024\/10\/METCG_logo_H-pantone-cast-768x206.png 768w, https:\/\/www.entreculturas.org\/wp-content\/uploads\/2024\/10\/METCG_logo_H-pantone-cast-1536x412.png 1536w, https:\/\/www.entreculturas.org\/wp-content\/uploads\/2024\/10\/METCG_logo_H-pantone-cast-2048x549.png 2048w\" sizes=\"(max-width: 1024px) 100vw, 1024px\" \/><\/figure>\n\n\n\n<figure class=\"wp-block-image size-full is-resized\"><img decoding=\"async\" width=\"320\" height=\"128\" src=\"https:\/\/www.entreculturas.org\/wp-content\/uploads\/2024\/10\/unnamed-2.png\" alt=\"\" class=\"wp-image-33891\" style=\"width:173px;height:auto\" srcset=\"https:\/\/www.entreculturas.org\/wp-content\/uploads\/2024\/10\/unnamed-2.png 320w, https:\/\/www.entreculturas.org\/wp-content\/uploads\/2024\/10\/unnamed-2-300x120.png 300w\" sizes=\"(max-width: 320px) 100vw, 320px\" \/><\/figure>\n\n\n\n<div style=\"height:17px\" aria-hidden=\"true\" class=\"wp-block-spacer\"><\/div>\n<\/div><\/div>\n<\/div>\n<\/div>\n\n\n\n<hr class=\"wp-block-separator has-alpha-channel-opacity wp-separator-vertical\"\/>\n\n\n\n<div class=\"wp-block-group has-global-padding is-layout-constrained wp-container-core-group-is-layout-bbce6e2d wp-block-group-is-layout-constrained\" style=\"margin-top:var(--wp--preset--spacing--80);padding-right:20px;padding-bottom:var(--wp--preset--spacing--60);padding-left:20px\">\n<div class=\"wp-block-columns is-layout-flex wp-container-core-columns-is-layout-cf05694f wp-block-columns-is-layout-flex\">\n<div class=\"wp-block-column border-radius-qs has-white-background-color has-background is-layout-flow wp-block-column-is-layout-flow\" style=\"padding-top:var(--wp--preset--spacing--50);padding-right:var(--wp--preset--spacing--50);padding-bottom:var(--wp--preset--spacing--50);padding-left:var(--wp--preset--spacing--50)\">\n<p><strong>Equality<\/strong> between men and women is a matter of human rights and a condition for social justice, a fundamental requirement for achieving development and peace. These documents reflect our commitment to a horizon of justice and equity.<\/p>\n\n\n\n<div class=\"wp-block-buttons width-button-3-qs is-content-justification-center is-layout-flex wp-container-core-buttons-is-layout-b30bd9b3 wp-block-buttons-is-layout-flex\" style=\"margin-top:var(--wp--preset--spacing--70)\">\n<div class=\"wp-block-button width-button-3-qs\"><a class=\"wp-block-button__link has-red-color has-white-background-color has-text-color has-background wp-element-button\" href=\"https:\/\/www.entreculturas.org\/wp-content\/uploads\/2023\/10\/genero-entreculturas.pdf\" style=\"border-width:2px\" target=\"_blank\" rel=\"noreferrer noopener\">gender policy<\/a><\/div>\n<\/div>\n\n\n\n<div class=\"wp-block-buttons width-button-3-qs is-content-justification-center is-layout-flex wp-container-core-buttons-is-layout-d2a3880e wp-block-buttons-is-layout-flex\" style=\"margin-top:var(--wp--preset--spacing--30)\">\n<div class=\"wp-block-button width-button-3-qs\"><a class=\"wp-block-button__link has-border-color has-red-border-color wp-element-button\" href=\"https:\/\/www.entreculturas.org\/wp-content\/uploads\/2023\/10\/PLAN-IGUALDAD-ENTRECULTURAS.pdf\" style=\"border-width:2px\" target=\"_blank\" rel=\"noreferrer noopener\">equality plan<\/a><\/div>\n<\/div>\n<\/div>\n\n\n\n<div class=\"wp-block-column border-radius-qs has-white-background-color has-background is-layout-flow wp-block-column-is-layout-flow\" style=\"padding-top:var(--wp--preset--spacing--50);padding-right:var(--wp--preset--spacing--50);padding-bottom:var(--wp--preset--spacing--50);padding-left:var(--wp--preset--spacing--50)\">\n<p>In the pages of this document we formulate our intentionality, we define the future we want as an organization and as a network of people committed to solidarity and global justice. Take a look at our <strong>roadmap<\/strong> to 2025. We also share common causes with our sister organization Alboan.<\/p>\n\n\n\n<div class=\"wp-block-buttons width-button-3-qs is-content-justification-center is-layout-flex wp-container-core-buttons-is-layout-b30bd9b3 wp-block-buttons-is-layout-flex\" style=\"margin-top:var(--wp--preset--spacing--70)\">\n<div class=\"wp-block-button width-button-3-qs\"><a class=\"wp-block-button__link has-border-color has-red-border-color wp-element-button\" href=\"https:\/\/www.entreculturas.org\/wp-content\/uploads\/2023\/10\/web_plan_estrategico_entreculturas_2020_2025_final_new_logo_ec.pdf\" style=\"border-width:2px\" target=\"_blank\" rel=\"noreferrer noopener\">strategic plan<\/a><\/div>\n<\/div>\n<\/div>\n\n\n\n<div class=\"wp-block-column border-radius-qs has-white-background-color has-background is-layout-flow wp-block-column-is-layout-flow\" style=\"padding-top:var(--wp--preset--spacing--50);padding-right:var(--wp--preset--spacing--50);padding-bottom:var(--wp--preset--spacing--50);padding-left:var(--wp--preset--spacing--50)\">\n<p>Under the name &#8220;Fundaci\u00f3n Entreculturas &#8211; Fe y Alegr\u00eda&#8221;, subject to Spanish legislation, a private, independent, non-profit and non-discriminatory Foundation is constituted for reasons of race, origin, gender and\/or religion, which will be governed by the applicable legal and regulatory norms and, in particular, by the <strong>present statutes<\/strong>.<\/p>\n\n\n\n<div class=\"wp-block-buttons width-button-3-qs is-content-justification-center is-layout-flex wp-container-core-buttons-is-layout-b30bd9b3 wp-block-buttons-is-layout-flex\" style=\"margin-top:var(--wp--preset--spacing--70)\">\n<div class=\"wp-block-button width-button-3-qs\"><a class=\"wp-block-button__link has-border-color has-red-border-color wp-element-button\" href=\"https:\/\/www.entreculturas.org\/wp-content\/uploads\/2023\/10\/estatutos_diciembre2019.pdf\" style=\"border-width:2px\" target=\"_blank\" rel=\"noreferrer noopener\">bylaws<\/a><\/div>\n<\/div>\n<\/div>\n<\/div>\n<\/div>\n\n\n\n<div class=\"wp-block-group has-global-padding is-content-justification-center is-layout-constrained wp-container-core-group-is-layout-fa74db98 wp-block-group-is-layout-constrained\" style=\"margin-top:var(--wp--preset--spacing--60);margin-bottom:var(--wp--preset--spacing--60);padding-right:20px;padding-left:20px\">\n<div class=\"wp-block-group padding-mobile-comision-entorno-seguro has-white-background-color has-background is-vertical is-content-justification-left is-layout-flex wp-container-core-group-is-layout-004219f8 wp-block-group-is-layout-flex\" style=\"border-radius:15px;margin-top:var(--wp--preset--spacing--70);margin-bottom:var(--wp--preset--spacing--70);padding-top:var(--wp--preset--spacing--70);padding-right:var(--wp--preset--spacing--80);padding-bottom:var(--wp--preset--spacing--70);padding-left:var(--wp--preset--spacing--80)\">\n<h2 class=\"wp-block-heading has-text-align-center encabezado-entorno-seguro encabezado-comision-entorno-seguro has-purple-color has-text-color\" id=\"h-a-board-of-trustees-committed-to-education\">A board of trustees committed to education<\/h2>\n\n\n\n<p class=\"no-padding-patronato\" style=\"margin-top:var(--wp--preset--spacing--40);padding-left:2.2rem\">The Board of Trustees is our highest decision-making body. It is composed of 9 members, a secretary, a president and a vice-president. All the people who form part of this governing body are linked to our work by their beliefs and values, and have been chosen for their experience and knowledge in the educational field.<\/p>\n\n\n\n<div class=\"wp-block-columns gap-patronato width-100 is-layout-flex wp-container-core-columns-is-layout-783b4be3 wp-block-columns-is-layout-flex\" style=\"margin-bottom:var(--wp--preset--spacing--60)\">\n<div class=\"wp-block-column is-vertically-aligned-top is-layout-flow wp-block-column-is-layout-flow\" style=\"flex-basis:700px\">\n<ul style=\"margin-top:var(--wp--preset--spacing--60)\" class=\"wp-block-list red-marker\">\n<li>Enric Puiggr\u00f2s Llavin\u00e9s SJ, President<\/li>\n\n\n\n<li>Luis Arancibia Tapia, Vice President<\/li>\n\n\n\n<li>Jos\u00e9 Miguel Colina SJ, secretary and member<\/li>\n\n\n\n<li>Jos\u00e9 Ignacio Garc\u00eda Jim\u00e9nez SJ, member<\/li>\n\n\n\n<li>Jos\u00e9 Ignacio Eguiz\u00e1bal Escribano, member<\/li>\n\n\n\n<li>Eva Castillo Sanz, member<\/li>\n\n\n\n<li>Julia Navarro, member<\/li>\n\n\n\n<li>Jenny Cafiso, member<\/li>\n\n\n\n<li>Mar\u00eda del Carmen de la Fuente, member<\/li>\n\n\n\n<li>Antonio Allende, SJ, member.<\/li>\n\n\n\n<li>M\u00aa Luisa Berzosa Gonz\u00e1les, Fl &#8211; member<\/li>\n<\/ul>\n<\/div>\n\n\n\n<div class=\"wp-block-column is-layout-flow wp-block-column-is-layout-flow\"><\/div>\n<\/div>\n\n\n\n<div class=\"wp-block-buttons boton-patronato-width is-content-justification-center is-layout-flex wp-container-core-buttons-is-layout-a89b3969 wp-block-buttons-is-layout-flex block-visibility-hide-medium-screen block-visibility-hide-small-screen\">\n<div class=\"wp-block-button boton-patronato-justify\"><a class=\"wp-block-button__link has-red-color has-white-background-color has-text-color has-background wp-element-button\" href=\"https:\/\/www.entreculturas.org\/en\/board-of-trustees\/\" style=\"border-width:2px\">consult biographies in this section<\/a><\/div>\n<\/div>\n\n\n\n<div class=\"wp-block-buttons boton-patronato-width is-content-justification-center is-layout-flex wp-container-core-buttons-is-layout-a89b3969 wp-block-buttons-is-layout-flex block-visibility-hide-large-screen\">\n<div class=\"wp-block-button boton-patronato-justify\"><a class=\"wp-block-button__link has-red-color has-white-background-color has-text-color has-background wp-element-button\" href=\"https:\/\/www.entreculturas.org\/en\/board-of-trustees\/\" style=\"border-width:2px\">see biographies here<\/a><\/div>\n<\/div>\n<\/div>\n<\/div>\n\n\n\n<div class=\"wp-block-group has-global-padding is-content-justification-center is-layout-constrained wp-container-core-group-is-layout-fa74db98 wp-block-group-is-layout-constrained\" style=\"margin-top:var(--wp--preset--spacing--60);margin-bottom:var(--wp--preset--spacing--60);padding-right:20px;padding-left:20px\">\n<div class=\"wp-block-group padding-mobile-comision-entorno-seguro has-white-background-color has-background is-vertical is-content-justification-left is-layout-flex wp-container-core-group-is-layout-004219f8 wp-block-group-is-layout-flex\" style=\"border-radius:15px;margin-top:var(--wp--preset--spacing--70);margin-bottom:var(--wp--preset--spacing--70);padding-top:var(--wp--preset--spacing--70);padding-right:var(--wp--preset--spacing--80);padding-bottom:var(--wp--preset--spacing--70);padding-left:var(--wp--preset--spacing--80)\">\n<h2 class=\"wp-block-heading has-text-align-center encabezado-entorno-seguro encabezado-comision-entorno-seguro has-purple-color has-text-color\" id=\"h-the-advisory-council-and-the-territorial-council\">The Advisory Council and the Territorial Council<\/h2>\n\n\n\n<p class=\"no-padding-patronato\" style=\"margin-top:var(--wp--preset--spacing--40);padding-left:2.2rem\">The Advisory Council collaborates in a disinterested manner by advising the Executive Management of Entreculturas in decision-making.<\/p>\n\n\n\n<div class=\"wp-block-columns gap-patronato width-100 is-layout-flex wp-container-core-columns-is-layout-a8d4c49e wp-block-columns-is-layout-flex\" style=\"margin-bottom:0\">\n<div class=\"wp-block-column is-vertically-aligned-top has-white-background-color has-background is-layout-flow wp-container-core-column-is-layout-7e0dc78d wp-block-column-is-layout-flow\" style=\"padding-bottom:var(--wp--preset--spacing--70)\">\n<div class=\"wp-block-group has-global-padding is-layout-constrained wp-container-core-group-is-layout-8dd13e6d wp-block-group-is-layout-constrained\" style=\"padding-right:var(--wp--preset--spacing--60);padding-left:var(--wp--preset--spacing--60)\">\n<p class=\"no-padding-patronato has-din-font-family has-large-font-size\" style=\"margin-top:var(--wp--preset--spacing--50);margin-bottom:var(--wp--preset--spacing--40);padding-left:2.2rem;text-transform:uppercase\"><strong>The Advisory Council is made up of:<\/strong><\/p>\n\n\n\n<ul style=\"margin-top:0\" class=\"wp-block-list red-marker\">\n<li class=\"red-marker text-lista-entorno-seguro\">Jos\u00e9 Mar\u00eda Segura sj<\/li>\n\n\n\n<li class=\"red-marker text-lista-entorno-seguro\">Enric Puiggr\u00f2s Llavin\u00e9s SJ, President<\/li>\n\n\n\n<li class=\"red-marker text-lista-entorno-seguro\">Llu\u00eds S. Salinas Roca sj<\/li>\n\n\n\n<li class=\"red-marker text-lista-entorno-seguro\">Pablo Veiga Fern\u00e1ndez sj<\/li>\n\n\n\n<li class=\"red-marker text-lista-entorno-seguro\">Higinio Pi P\u00e9rez sj<\/li>\n\n\n\n<li class=\"red-marker text-lista-entorno-seguro\">Josep Buades Fuster sj<\/li>\n\n\n\n<li class=\"red-marker text-lista-entorno-seguro\">Javier Montes Maury sj<\/li>\n\n\n\n<li class=\"red-marker text-lista-entorno-seguro\">Roberto Otero Andr\u00e9 sj<\/li>\n\n\n\n<li class=\"red-marker text-lista-entorno-seguro\">Juan Pablo Rodriguez Gutierrez sj<\/li>\n<\/ul>\n<\/div>\n<\/div>\n\n\n\n<div class=\"wp-block-column is-vertically-aligned-stretch has-white-background-color has-background is-layout-flow wp-container-core-column-is-layout-7e0dc78d wp-block-column-is-layout-flow\" style=\"padding-bottom:var(--wp--preset--spacing--70)\">\n<div class=\"wp-block-group has-global-padding is-layout-constrained wp-container-core-group-is-layout-11c1ca01 wp-block-group-is-layout-constrained\" style=\"padding-right:var(--wp--preset--spacing--50);padding-left:var(--wp--preset--spacing--50)\">\n<p class=\"no-padding-patronato has-din-font-family has-large-font-size\" style=\"margin-top:var(--wp--preset--spacing--50);margin-bottom:var(--wp--preset--spacing--40);padding-left:2.2rem;text-transform:uppercase\"><strong>The Territorial Council is made up of:<\/strong><\/p>\n\n\n\n<ul style=\"margin-top:0\" class=\"wp-block-list red-marker\">\n<li class=\"red-marker text-lista-entorno-seguro\">Marta Alegre  <\/li>\n\n\n\n<li class=\"red-marker text-lista-entorno-seguro\">Carlos Lopez  <\/li>\n\n\n\n<li class=\"red-marker text-lista-entorno-seguro\">Ana Garc\u00eda Borrego  <\/li>\n\n\n\n<li class=\"red-marker text-lista-entorno-seguro\">Cruz Rguez Etcheverr\u00eda<\/li>\n\n\n\n<li class=\"red-marker text-lista-entorno-seguro\">Angela sanz  <\/li>\n<\/ul>\n<\/div>\n<\/div>\n<\/div>\n\n\n\n<div class=\"wp-block-buttons boton-patronato-width is-content-justification-center is-layout-flex wp-container-core-buttons-is-layout-a89b3969 wp-block-buttons-is-layout-flex\"><\/div>\n<\/div>\n\n\n\n<div class=\"wp-block-group padding-mobile-comision-entorno-seguro has-white-background-color has-background is-vertical is-content-justification-left is-layout-flex wp-container-core-group-is-layout-004219f8 wp-block-group-is-layout-flex\" style=\"border-radius:15px;margin-top:var(--wp--preset--spacing--70);margin-bottom:var(--wp--preset--spacing--70);padding-top:var(--wp--preset--spacing--70);padding-right:var(--wp--preset--spacing--80);padding-bottom:var(--wp--preset--spacing--70);padding-left:var(--wp--preset--spacing--80)\">\n<h2 class=\"wp-block-heading has-text-align-center encabezado-entorno-seguro encabezado-comision-entorno-seguro has-purple-color has-text-color\" id=\"h-management-team-and-coordinator\">Management Team and Coordinator<\/h2>\n\n\n\n<div class=\"wp-block-group no-padding-patronato has-global-padding is-layout-constrained wp-container-core-group-is-layout-de34bd0f wp-block-group-is-layout-constrained\" style=\"margin-top:var(--wp--preset--spacing--40);padding-left:2.2rem\">\n<p class=\"no-padding-patronato\" style=\"margin-bottom:var(--wp--preset--spacing--50);padding-left:2.2rem\">Mart\u00edn Iriberri SJ is, as of 2023, the General Director of Entreculturas. Working closely with him are Ram\u00f3n Almansa (Executive Director), Borja Garrido (Financial Director) and Raquel Mart\u00edn (Director of Communication and Institutional Relations), in addition to a large group of coordinators who, together, guide the day-to-day running of the organization.<\/p>\n\n\n\n<div class=\"wp-block-buttons boton-patronato-width is-content-justification-center is-layout-flex wp-container-core-buttons-is-layout-a89b3969 wp-block-buttons-is-layout-flex\">\n<div class=\"wp-block-button boton-patronato-justify\"><a class=\"wp-block-button__link has-red-color has-white-background-color has-text-color has-background wp-element-button\" href=\"https:\/\/www.entreculturas.org\/en\/management-team\/\" style=\"border-width:2px\">Consult their biographies in this section<\/a><\/div>\n<\/div>\n<\/div>\n<\/div>\n<\/div>\n\n\n\n<div class=\"wp-block-group has-global-padding is-layout-constrained wp-container-core-group-is-layout-5acd9bea wp-block-group-is-layout-constrained\" style=\"margin-bottom:var(--wp--preset--spacing--70);padding-right:20px;padding-left:20px\">\n<section class=\"accordion__block\"><input type=\"checkbox\" id=\"oi7x9as5un8wr47gl6x3f\" class=\"accordion__checkbox\"\/><label for=\"oi7x9as5un8wr47gl6x3f\" class=\"wp-block-theme-blocks-newsletter has-white-color has-red-background-color has-text-color has-background\"><p>Do you want to receive information?<\/p><a class=\"wp-block-button__link has-white-color has-red-background-color has-text-color has-background has-border-color has-white-border-color wp-element-button\" style=\"border-width:2px\">Subscribe to the newsletter<\/a><\/label><div class=\"accordion__content\">\n<div class=\"wp-block-group has-global-padding is-layout-constrained wp-container-core-group-is-layout-98a4a1e3 wp-block-group-is-layout-constrained\" style=\"margin-top:0;margin-bottom:var(--wp--preset--spacing--80)\">\n<div class=\"wp-block-group has-white-background-color has-background has-global-padding is-layout-constrained wp-block-group-is-layout-constrained\">\n<h2 class=\"wp-block-heading has-text-align-center font-size-20\" id=\"h-subscribe-to-the-newsletter\">Subscribe to the newsletter<\/h2>\n\n\n\n<div class=\"wp-block-group block-contacto is-content-justification-left is-nowrap is-layout-flex wp-container-core-group-is-layout-d8ee05ca wp-block-group-is-layout-flex\" style=\"padding-right:var(--wp--preset--spacing--70);padding-left:var(--wp--preset--spacing--70)\">\n<div class=\"wp-block-group has-global-padding is-layout-constrained wp-block-group-is-layout-constrained block-visibility-hide-medium-screen block-visibility-hide-small-screen\" style=\"padding-top:var(--wp--preset--spacing--50);padding-bottom:var(--wp--preset--spacing--50)\">\n<figure class=\"wp-block-image size-large has-custom-border wp-container-content-b99e70a5 block-visibility-hide-medium-screen block-visibility-hide-small-screen\"><img decoding=\"async\" width=\"1024\" height=\"683\" src=\"https:\/\/www.entreculturas.org\/wp-content\/uploads\/2024\/10\/Cuzco-FyA21-41-1024x683.jpg\" alt=\"\" class=\"wp-image-34482\" style=\"border-radius:12px\" srcset=\"https:\/\/www.entreculturas.org\/wp-content\/uploads\/2024\/10\/Cuzco-FyA21-41-1024x683.jpg 1024w, https:\/\/www.entreculturas.org\/wp-content\/uploads\/2024\/10\/Cuzco-FyA21-41-300x200.jpg 300w, https:\/\/www.entreculturas.org\/wp-content\/uploads\/2024\/10\/Cuzco-FyA21-41-768x512.jpg 768w, https:\/\/www.entreculturas.org\/wp-content\/uploads\/2024\/10\/Cuzco-FyA21-41-1536x1024.jpg 1536w, https:\/\/www.entreculturas.org\/wp-content\/uploads\/2024\/10\/Cuzco-FyA21-41-2048x1365.jpg 2048w\" sizes=\"(max-width: 1024px) 100vw, 1024px\" \/><\/figure>\n<\/div>\n\n\n\n<form style=\"padding-top:var(--wp--preset--spacing--60);padding-right:0;padding-bottom:var(--wp--preset--spacing--60);padding-left:0\" class=\"wp-block-theme-blocks-custom-form wp-container-content-a5fc19f1\" id=\"custom_form\" action=\"\/wp-admin\/admin-post.php?action=custom_form\" method=\"post\"><input type=\"hidden\" name=\"g-recaptcha-response\" id=\"g-recaptcha-response\" value=\"\"\/><input type=\"hidden\" name=\"thanks_page\" value=\"\/thank-you-page\"\/><input type=\"hidden\" name=\"groups[]\" value=\"eBoletin y Campa\u00f1as\"\/>\n<p>If you would like to receive our monthly newsletter and occasional emails with information, please complete this form. We will immediately register you in our database and you will be able to stay up to date with all the latest news.<\/p>\n\n\n\n<input type=\"hidden\" name=\"form_type\" value=\"3\"\/>\n\n\n\n<div class=\"input-container\"><label>Name *<\/label><input type=\"text\" name=\"first_name\"\/><\/div>\n\n\n\n<div class=\"input-container\"><label>Surname<\/label><input type=\"text\" name=\"last_name\"\/><\/div>\n\n\n\n<div class=\"input-container\"><label>Email *<\/label><input type=\"email\" name=\"email\" required\/><\/div>\n\n\n\n<label class=\"acceptance\"><input type=\"checkbox\" required\/><span>I accept the <a href=\"https:\/\/www.entreculturas.org\/es\/privacidad-entreculturas\" data-type=\"link\" data-id=\"https:\/\/www.entreculturas.org\/es\/privacidad-entreculturas\" target=\"_blank\" rel=\"noreferrer noopener\">Privacy Policy<\/a> *<\/span><\/label>\n\n\n\n<p style=\"font-size:12px !important\">\n    From ENTRECULTURES FE I ALEGRIA ESPANYA we will treat the data provided as Data Controllers for the purpose of&#8230;    \n    <a href=\"javascript:void(0);\" id=\"read-more-link\">Seguir leyendo<\/a>.\n<\/p>\n<p class=\"hidden\" id=\"read-more\" style=\"display: none;font-size: 12px;\">\n&#8230;send you our monthly newsletter and specific information about our actions and campaigns, in favor of our foundational objectives, based on consent or the execution of an agreement. You can exercise your rights by sending an email to datos@entreculturas.org with the subject &#8220;Data Protection&#8221;\n<\/p>\n\n\n\n<script>\ndocument.addEventListener('DOMContentLoaded', function() {\n    document.getElementById('read-more-link').addEventListener('click', function() {\n        var readMoreContent = document.getElementById('read-more');\n        readMoreContent.style.display = 'block !important'; \/\/ Intenta sobrescribir con !important\n\n        \/\/ Si el m\u00e9todo anterior no funciona, utiliza setAttribute\n        if (readMoreContent.style.display !== 'block') {\n            readMoreContent.setAttribute('style', 'display: block !important; font-size: 12px;');\n        } else {\n            \/\/ Si ya est\u00e1 en 'block', solo ajusta el tama\u00f1o de fuente\n            readMoreContent.style.fontSize = '12px';\n        }\n\n        this.style.display = 'none'; \/\/ Opcional: oculta el enlace de \"Seguir leyendo\"\n    });\n});\n<\/script>\n\n\n\n<p class=\"hidden\" id=\"read-more\" style=\"font-size:12px\">Desde ENTRECULTURAS FE Y ALEGR\u00cdA ESPA\u00d1A trataremos los datos aportados en calidad de Responsable del tratamiento con la finalidad de gestionar nuestra relaci\u00f3n contigo, en pro de nuestros objetivos fundacionales, en base al consentimiento o a la ejecuci\u00f3n de un acuerdo. Puedes ejercer tus derechos enviando un email a&nbsp;rgpd@entreculturas.org con el asunto \u201cProtecci\u00f3n de Datos\u201d.<\/p>\n\n\n\n<div class=\"wp-block-group width-70-contacto justify-center-768 is-content-justification-right is-nowrap is-layout-flex wp-container-core-group-is-layout-17124a9a wp-block-group-is-layout-flex\">\n<button class=\"wp-block-button__link wp-element-button\">Subscribe<\/button>\n<\/div>\n<\/form>\n<\/div>\n<\/div>\n<\/div>\n<\/div><\/section>\n<\/div>\n\n\n\n<div class=\"wp-block-buttons mobile-fixed-button is-layout-flex wp-block-buttons-is-layout-flex\">\n<div class=\"wp-block-button\"><a class=\"wp-block-button__link wp-element-button\" href=\"https:\/\/www.entreculturas.org\/en\/become-a-member\/?utm_medium=web&#038;utm_source=responsive&#038;utm_campaign=cta_responsive\">BECOME A MEMBER<\/a><\/div>\n<\/div>\n\n\n\n<style>\n@media (max-width: 768px) {\n  .mobile-fixed-button a {\n    max-height: 50px;\n  }\n}\n<\/style>\n","protected":false},"excerpt":{"rendered":"<p>We are an NGO of the Society of Jesus that defends the right to education. Through our projects, we promote access to quality education and equal opportunities in contexts of exclusion and vulnerability in Africa, Latin America, Asia and Europe. We believe that guaranteeing the right to quality education is the means for change and social justice and a transversal axis in each of the 5 causes we defend: the right to education, migration and refuge, gender equity, socio-environmental justice and citizen participation. For Entreculturas it is fundamental that all our actions generate equal opportunities and are responsible and transparent with all the people who support us. Our causes We support more than 401,159 people through more than 203 projects in 42 countries around the world. A committed team The Entreculturas team is committed to the mission, vision and values of the organization. We work together with 98 employees and [&hellip;]<\/p>\n","protected":false},"author":1,"featured_media":0,"parent":0,"menu_order":0,"comment_status":"closed","ping_status":"closed","template":"page-notitle","meta":{"_acf_changed":false,"footnotes":""},"class_list":["post-20292","page","type-page","status-publish","hentry"],"acf":[],"yoast_head":"<!-- This site is optimized with the Yoast SEO Premium plugin v21.6 (Yoast SEO v27.4) - https:\/\/yoast.com\/product\/yoast-seo-premium-wordpress\/ -->\n<title>Who are we? Meet the Entreculturas Foundation<\/title>\n<meta name=\"description\" content=\"Learn about Entreculturas&#039; mission, vision and values in its fight for education and social justice.\" \/>\n<meta name=\"robots\" content=\"index, follow, max-snippet:-1, max-image-preview:large, max-video-preview:-1\" \/>\n<link rel=\"canonical\" href=\"https:\/\/www.entreculturas.org\/en\/who-are-we\/\" \/>\n<meta property=\"og:locale\" content=\"en_US\" \/>\n<meta property=\"og:type\" content=\"article\" \/>\n<meta property=\"og:title\" content=\"Who are we?\" \/>\n<meta property=\"og:description\" content=\"Learn about Entreculturas&#039; mission, vision and values in its fight for education and social justice.\" \/>\n<meta property=\"og:url\" content=\"https:\/\/www.entreculturas.org\/en\/who-are-we\/\" \/>\n<meta property=\"og:site_name\" content=\"Entreculturas\" \/>\n<meta property=\"article:publisher\" content=\"https:\/\/www.facebook.com\/entreculturas\" \/>\n<meta property=\"article:modified_time\" content=\"2025-11-04T17:27:09+00:00\" \/>\n<meta property=\"og:image\" content=\"https:\/\/www.entreculturas.org\/wp-content\/uploads\/2023\/10\/bg-quienes-somos-scaled.jpg\" \/>\n<meta name=\"twitter:card\" content=\"summary_large_image\" \/>\n<meta name=\"twitter:site\" content=\"@Entreculturas\" \/>\n<script type=\"application\/ld+json\" class=\"yoast-schema-graph\">{\"@context\":\"https:\\\/\\\/schema.org\",\"@graph\":[{\"@type\":\"WebPage\",\"@id\":\"https:\\\/\\\/www.entreculturas.org\\\/en\\\/who-are-we\\\/\",\"url\":\"https:\\\/\\\/www.entreculturas.org\\\/en\\\/who-are-we\\\/\",\"name\":\"Who are we? Meet the Entreculturas Foundation\",\"isPartOf\":{\"@id\":\"https:\\\/\\\/www.entreculturas.org\\\/en\\\/#website\"},\"primaryImageOfPage\":{\"@id\":\"https:\\\/\\\/www.entreculturas.org\\\/en\\\/who-are-we\\\/#primaryimage\"},\"image\":{\"@id\":\"https:\\\/\\\/www.entreculturas.org\\\/en\\\/who-are-we\\\/#primaryimage\"},\"thumbnailUrl\":\"https:\\\/\\\/www.entreculturas.org\\\/wp-content\\\/uploads\\\/2023\\\/10\\\/bg-quienes-somos-scaled.jpg\",\"datePublished\":\"2023-09-29T09:29:20+00:00\",\"dateModified\":\"2025-11-04T17:27:09+00:00\",\"description\":\"Learn about Entreculturas' mission, vision and values in its fight for education and social justice.\",\"breadcrumb\":{\"@id\":\"https:\\\/\\\/www.entreculturas.org\\\/en\\\/who-are-we\\\/#breadcrumb\"},\"inLanguage\":\"en-US\",\"potentialAction\":[{\"@type\":\"ReadAction\",\"target\":[\"https:\\\/\\\/www.entreculturas.org\\\/en\\\/who-are-we\\\/\"]}]},{\"@type\":\"ImageObject\",\"inLanguage\":\"en-US\",\"@id\":\"https:\\\/\\\/www.entreculturas.org\\\/en\\\/who-are-we\\\/#primaryimage\",\"url\":\"https:\\\/\\\/www.entreculturas.org\\\/wp-content\\\/uploads\\\/2023\\\/10\\\/bg-quienes-somos-scaled.jpg\",\"contentUrl\":\"https:\\\/\\\/www.entreculturas.org\\\/wp-content\\\/uploads\\\/2023\\\/10\\\/bg-quienes-somos-scaled.jpg\"},{\"@type\":\"BreadcrumbList\",\"@id\":\"https:\\\/\\\/www.entreculturas.org\\\/en\\\/who-are-we\\\/#breadcrumb\",\"itemListElement\":[{\"@type\":\"ListItem\",\"position\":1,\"name\":\"Home\",\"item\":\"https:\\\/\\\/www.entreculturas.org\\\/en\\\/\"},{\"@type\":\"ListItem\",\"position\":2,\"name\":\"Who are we?\"}]},{\"@type\":\"WebSite\",\"@id\":\"https:\\\/\\\/www.entreculturas.org\\\/en\\\/#website\",\"url\":\"https:\\\/\\\/www.entreculturas.org\\\/en\\\/\",\"name\":\"Entreculturas\",\"description\":\"\",\"publisher\":{\"@id\":\"https:\\\/\\\/www.entreculturas.org\\\/en\\\/#organization\"},\"alternateName\":\"Entreculturas\",\"potentialAction\":[{\"@type\":\"SearchAction\",\"target\":{\"@type\":\"EntryPoint\",\"urlTemplate\":\"https:\\\/\\\/www.entreculturas.org\\\/en\\\/?s={search_term_string}\"},\"query-input\":{\"@type\":\"PropertyValueSpecification\",\"valueRequired\":true,\"valueName\":\"search_term_string\"}}],\"inLanguage\":\"en-US\"},{\"@type\":\"Organization\",\"@id\":\"https:\\\/\\\/www.entreculturas.org\\\/en\\\/#organization\",\"name\":\"Entreculturas\",\"url\":\"https:\\\/\\\/www.entreculturas.org\\\/en\\\/\",\"logo\":{\"@type\":\"ImageObject\",\"inLanguage\":\"en-US\",\"@id\":\"https:\\\/\\\/www.entreculturas.org\\\/en\\\/#\\\/schema\\\/logo\\\/image\\\/\",\"url\":\"https:\\\/\\\/www.entreculturas.org\\\/wp-content\\\/uploads\\\/2025\\\/10\\\/ESP.svg\",\"contentUrl\":\"https:\\\/\\\/www.entreculturas.org\\\/wp-content\\\/uploads\\\/2025\\\/10\\\/ESP.svg\",\"caption\":\"Entreculturas\"},\"image\":{\"@id\":\"https:\\\/\\\/www.entreculturas.org\\\/en\\\/#\\\/schema\\\/logo\\\/image\\\/\"},\"sameAs\":[\"https:\\\/\\\/www.facebook.com\\\/entreculturas\",\"https:\\\/\\\/x.com\\\/Entreculturas\",\"https:\\\/\\\/www.instagram.com\\\/entreculturas\\\/\",\"https:\\\/\\\/www.youtube.com\\\/user\\\/entreculturasvideo\",\"https:\\\/\\\/www.linkedin.com\\\/company\\\/fundacion-entreculturas-ngdo\\\/\",\"https:\\\/\\\/www.flickr.com\\\/photos\\\/98455522@N04\\\/albums\\\/\"]}]}<\/script>\n<!-- \/ Yoast SEO Premium plugin. -->","yoast_head_json":{"title":"Who are we? Meet the Entreculturas Foundation","description":"Learn about Entreculturas' mission, vision and values in its fight for education and social justice.","robots":{"index":"index","follow":"follow","max-snippet":"max-snippet:-1","max-image-preview":"max-image-preview:large","max-video-preview":"max-video-preview:-1"},"canonical":"https:\/\/www.entreculturas.org\/en\/who-are-we\/","og_locale":"en_US","og_type":"article","og_title":"Who are we?","og_description":"Learn about Entreculturas' mission, vision and values in its fight for education and social justice.","og_url":"https:\/\/www.entreculturas.org\/en\/who-are-we\/","og_site_name":"Entreculturas","article_publisher":"https:\/\/www.facebook.com\/entreculturas","article_modified_time":"2025-11-04T17:27:09+00:00","og_image":[{"url":"https:\/\/www.entreculturas.org\/wp-content\/uploads\/2023\/10\/bg-quienes-somos-scaled.jpg","type":"","width":"","height":""}],"twitter_card":"summary_large_image","twitter_site":"@Entreculturas","schema":{"@context":"https:\/\/schema.org","@graph":[{"@type":"WebPage","@id":"https:\/\/www.entreculturas.org\/en\/who-are-we\/","url":"https:\/\/www.entreculturas.org\/en\/who-are-we\/","name":"Who are we? Meet the Entreculturas Foundation","isPartOf":{"@id":"https:\/\/www.entreculturas.org\/en\/#website"},"primaryImageOfPage":{"@id":"https:\/\/www.entreculturas.org\/en\/who-are-we\/#primaryimage"},"image":{"@id":"https:\/\/www.entreculturas.org\/en\/who-are-we\/#primaryimage"},"thumbnailUrl":"https:\/\/www.entreculturas.org\/wp-content\/uploads\/2023\/10\/bg-quienes-somos-scaled.jpg","datePublished":"2023-09-29T09:29:20+00:00","dateModified":"2025-11-04T17:27:09+00:00","description":"Learn about Entreculturas' mission, vision and values in its fight for education and social justice.","breadcrumb":{"@id":"https:\/\/www.entreculturas.org\/en\/who-are-we\/#breadcrumb"},"inLanguage":"en-US","potentialAction":[{"@type":"ReadAction","target":["https:\/\/www.entreculturas.org\/en\/who-are-we\/"]}]},{"@type":"ImageObject","inLanguage":"en-US","@id":"https:\/\/www.entreculturas.org\/en\/who-are-we\/#primaryimage","url":"https:\/\/www.entreculturas.org\/wp-content\/uploads\/2023\/10\/bg-quienes-somos-scaled.jpg","contentUrl":"https:\/\/www.entreculturas.org\/wp-content\/uploads\/2023\/10\/bg-quienes-somos-scaled.jpg"},{"@type":"BreadcrumbList","@id":"https:\/\/www.entreculturas.org\/en\/who-are-we\/#breadcrumb","itemListElement":[{"@type":"ListItem","position":1,"name":"Home","item":"https:\/\/www.entreculturas.org\/en\/"},{"@type":"ListItem","position":2,"name":"Who are we?"}]},{"@type":"WebSite","@id":"https:\/\/www.entreculturas.org\/en\/#website","url":"https:\/\/www.entreculturas.org\/en\/","name":"Entreculturas","description":"","publisher":{"@id":"https:\/\/www.entreculturas.org\/en\/#organization"},"alternateName":"Entreculturas","potentialAction":[{"@type":"SearchAction","target":{"@type":"EntryPoint","urlTemplate":"https:\/\/www.entreculturas.org\/en\/?s={search_term_string}"},"query-input":{"@type":"PropertyValueSpecification","valueRequired":true,"valueName":"search_term_string"}}],"inLanguage":"en-US"},{"@type":"Organization","@id":"https:\/\/www.entreculturas.org\/en\/#organization","name":"Entreculturas","url":"https:\/\/www.entreculturas.org\/en\/","logo":{"@type":"ImageObject","inLanguage":"en-US","@id":"https:\/\/www.entreculturas.org\/en\/#\/schema\/logo\/image\/","url":"https:\/\/www.entreculturas.org\/wp-content\/uploads\/2025\/10\/ESP.svg","contentUrl":"https:\/\/www.entreculturas.org\/wp-content\/uploads\/2025\/10\/ESP.svg","caption":"Entreculturas"},"image":{"@id":"https:\/\/www.entreculturas.org\/en\/#\/schema\/logo\/image\/"},"sameAs":["https:\/\/www.facebook.com\/entreculturas","https:\/\/x.com\/Entreculturas","https:\/\/www.instagram.com\/entreculturas\/","https:\/\/www.youtube.com\/user\/entreculturasvideo","https:\/\/www.linkedin.com\/company\/fundacion-entreculturas-ngdo\/","https:\/\/www.flickr.com\/photos\/98455522@N04\/albums\/"]}]}},"_links":{"self":[{"href":"https:\/\/www.entreculturas.org\/en\/wp-json\/wp\/v2\/pages\/20292","targetHints":{"allow":["GET"]}}],"collection":[{"href":"https:\/\/www.entreculturas.org\/en\/wp-json\/wp\/v2\/pages"}],"about":[{"href":"https:\/\/www.entreculturas.org\/en\/wp-json\/wp\/v2\/types\/page"}],"author":[{"embeddable":true,"href":"https:\/\/www.entreculturas.org\/en\/wp-json\/wp\/v2\/users\/1"}],"replies":[{"embeddable":true,"href":"https:\/\/www.entreculturas.org\/en\/wp-json\/wp\/v2\/comments?post=20292"}],"version-history":[{"count":11,"href":"https:\/\/www.entreculturas.org\/en\/wp-json\/wp\/v2\/pages\/20292\/revisions"}],"predecessor-version":[{"id":43327,"href":"https:\/\/www.entreculturas.org\/en\/wp-json\/wp\/v2\/pages\/20292\/revisions\/43327"}],"wp:attachment":[{"href":"https:\/\/www.entreculturas.org\/en\/wp-json\/wp\/v2\/media?parent=20292"}],"curies":[{"name":"wp","href":"https:\/\/api.w.org\/{rel}","templated":true}]}}