{"id":20155,"date":"2023-09-26T14:44:39","date_gmt":"2023-09-26T12:44:39","guid":{"rendered":"https:\/\/www.entreculturas.org\/home-page\/"},"modified":"2026-04-20T11:58:56","modified_gmt":"2026-04-20T09:58:56","slug":"home-page","status":"publish","type":"page","link":"https:\/\/www.entreculturas.org\/en\/","title":{"rendered":"Home page"},"content":{"rendered":"\n<div class=\"wp-block-cover is-light wp-block-hero block-hero-empresas\" style=\"padding-top:100px;padding-right:100px;padding-bottom:100px;padding-left:100px;min-height:652px;aspect-ratio:unset;\"><img decoding=\"async\" width=\"1664\" height=\"1222\" class=\"wp-block-cover__image-background wp-image-46725 size-full\" alt=\"mujer africana sonriendo\" src=\"https:\/\/www.entreculturas.org\/wp-content\/uploads\/2026\/03\/4321.jpg\" style=\"object-position:62% 21%\" data-object-fit=\"cover\" data-object-position=\"62% 21%\" srcset=\"https:\/\/www.entreculturas.org\/wp-content\/uploads\/2026\/03\/4321.jpg 1664w, https:\/\/www.entreculturas.org\/wp-content\/uploads\/2026\/03\/4321-300x220.jpg 300w, https:\/\/www.entreculturas.org\/wp-content\/uploads\/2026\/03\/4321-1024x752.jpg 1024w, https:\/\/www.entreculturas.org\/wp-content\/uploads\/2026\/03\/4321-768x564.jpg 768w, https:\/\/www.entreculturas.org\/wp-content\/uploads\/2026\/03\/4321-1536x1128.jpg 1536w\" sizes=\"(max-width: 1664px) 100vw, 1664px\" \/><span aria-hidden=\"true\" class=\"wp-block-cover__background has-black-background-color has-background-dim-0 has-background-dim\"><\/span><div class=\"wp-block-cover__inner-container has-global-padding is-layout-constrained wp-container-core-cover-is-layout-5783accb wp-block-cover-is-layout-constrained\">\n<div class=\"wp-block-group has-global-padding is-layout-constrained wp-container-core-group-is-layout-4dcaaabf wp-block-group-is-layout-constrained\">\n<div class=\"wp-block-group transicion-carga animacion-header has-global-padding is-content-justification-left is-layout-constrained wp-container-core-group-is-layout-a6e17482 wp-block-group-is-layout-constrained\" style=\"margin-top:0px;padding-right:0;padding-left:0\">\n<h1 class=\"wp-block-heading alignwide has-white-color has-text-color has-link-color wp-elements-8da5a4257e0e93fc9682f0cfce5f3417\" id=\"h-mujeres-que-construyen-futuro\" style=\"border-style:none;border-width:0px;margin-top:57px;margin-right:0;margin-bottom:57px;margin-left:0;font-size:50px;line-height:1\">Women building the future  <\/h1>\n\n\n\n<div class=\"wp-block-buttons is-content-justification-left is-nowrap is-layout-flex wp-container-core-buttons-is-layout-1379da91 wp-block-buttons-is-layout-flex block-visibility-hide-medium-screen block-visibility-hide-small-screen\" style=\"margin-top:15px\">\n<div class=\"wp-block-button has-custom-width wp-block-button__width-25 is-style-fill\"><a class=\"wp-block-button__link wp-element-button\" href=\"https:\/\/www.entreculturas.org\/mujeres-que-construyen-futuro\/\" style=\"border-style:none;border-width:0px\" target=\"_blank\" rel=\"noreferrer noopener\">MORE INFORMATION<\/a><\/div>\n<\/div>\n<\/div>\n<\/div>\n\n\n\n<p><\/p>\n\n\n\n<div class=\"wp-block-buttons is-content-justification-center is-nowrap is-layout-flex wp-container-core-buttons-is-layout-6e0c4f05 wp-block-buttons-is-layout-flex block-visibility-hide-large-screen\" style=\"margin-top:15px\">\n<div class=\"wp-block-button has-custom-width wp-block-button__width-25 is-style-fill\"><a class=\"wp-block-button__link wp-element-button\" href=\"https:\/\/www.entreculturas.org\/mujeres-que-construyen-futuro\/\" style=\"border-style:none;border-width:0px\" target=\"_blank\" rel=\"noreferrer noopener\">MORE INFORMATION<\/a><\/div>\n<\/div>\n\n\n\n<p><\/p>\n\n\n\n<p><\/p>\n\n\n\n<p><\/p>\n\n\n\n<p><\/p>\n\n\n\n<p class=\"has-text-align-right has-white-color has-text-color has-link-color wp-elements-9118da5cf6847bc55fbabf35bca4b747\" style=\"border-style:none;border-width:0px;border-radius:0px;font-size:0.8rem\"><\/p>\n<\/div><\/div>\n\n<h3 class=\"wp-block-heading has-text-align-center en-que-estamos-portada has-red-color has-text-color has-open-sans-font-family\" id=\"h-en-que-estamos\" style=\"margin-top:var(--wp--preset--spacing--70);margin-bottom:var(--wp--preset--spacing--70);font-size:40px;text-transform:none\">What we are<\/h3>\n\n<div class=\"wp-block-group margin-card-home-mobile has-global-padding is-layout-constrained wp-container-core-group-is-layout-c19049dc wp-block-group-is-layout-constrained\" style=\"margin-top:0;margin-bottom:20px\">\n<div class=\"wp-block-group wp-block-slider bloque-hover-card is-nowrap is-layout-flex wp-container-core-group-is-layout-27f34ae5 wp-block-group-is-layout-flex\" style=\"margin-top:var(--wp--preset--spacing--30);margin-bottom:var(--wp--preset--spacing--80)\">\n<div class=\"wp-block-group relative card-home card-hover has-white-background-color has-background is-vertical is-content-justification-left is-nowrap is-layout-flex wp-container-core-group-is-layout-7507791a wp-block-group-is-layout-flex block-visibility-hide-small-screen\" style=\"border-top-left-radius:15px;border-bottom-left-radius:15px;border-bottom-right-radius:15px;padding-top:0;padding-right:0;padding-bottom:var(--wp--preset--spacing--60);padding-left:0\">\n<a href=\"https:\/\/emergencias-sj.org\/emergencia-oriente-medio\/\" style=\"text-decoration:none;color:#2e2d2c\" rel=\"noopener\" target=\"\u201d_blank\u201d\">\n<\/a>\n\n\n<figure class=\"wp-block-image size-full has-custom-border image-card-hover destacada-home-img width-100 wp-container-content-9cfa9a5a\"><img decoding=\"async\" width=\"1228\" height=\"242\" src=\"https:\/\/www.entreculturas.org\/wp-content\/uploads\/2026\/03\/banner_noticia_destacadaEC_CAST-1.jpg\" alt=\"emergency lebanon  \" class=\"wp-image-46829\" style=\"border-top-left-radius:15px;border-top-right-radius:15px;border-bottom-left-radius:0px;border-bottom-right-radius:0px\" srcset=\"https:\/\/www.entreculturas.org\/wp-content\/uploads\/2026\/03\/banner_noticia_destacadaEC_CAST-1.jpg 1228w, https:\/\/www.entreculturas.org\/wp-content\/uploads\/2026\/03\/banner_noticia_destacadaEC_CAST-1-300x59.jpg 300w, https:\/\/www.entreculturas.org\/wp-content\/uploads\/2026\/03\/banner_noticia_destacadaEC_CAST-1-1024x202.jpg 1024w, https:\/\/www.entreculturas.org\/wp-content\/uploads\/2026\/03\/banner_noticia_destacadaEC_CAST-1-768x151.jpg 768w\" sizes=\"(max-width: 1228px) 100vw, 1228px\" \/><\/figure>\n\n\n\n<figure class=\"wp-block-image size-full category-icon\"><img decoding=\"async\" src=\"\/wp-content\/uploads\/2023\/09\/noticia.svg\" alt=\"\" class=\"wp-image-1115\"\/><\/figure>\n\n\n\n<div class=\"wp-block-group has-global-padding is-layout-constrained wp-container-core-group-is-layout-4bf2bd6a wp-block-group-is-layout-constrained\" style=\"padding-right:var(--wp--preset--spacing--60);padding-left:var(--wp--preset--spacing--60)\">\n<p class=\"has-red-color has-text-color\" style=\"font-style:normal;font-weight:700\">EMERGENCY<\/p>\n\n\n\n<h4 class=\"wp-block-heading has-gray-entreculturas-color has-text-color\" id=\"h-oriente-medio\">MIDDLE EAST<\/h4>\n\n\n\n<p>The escalating violence in the Middle East is aggravating the situation for millions of people and putting the civilian population at greater risk.<\/p>\n\n\n\n<p>Entreculturas supports the work of the Jesuit Refugee Service (JRS) in Lebanon where we are already responding to the emergency.  <\/p>\n<\/div>\n\n\n\n\n<\/div>\n<\/div>\n\n\n\n<div class=\"wp-block-group wp-block-slider is-nowrap is-layout-flex wp-container-core-group-is-layout-27f34ae5 wp-block-group-is-layout-flex\" style=\"margin-top:var(--wp--preset--spacing--30);margin-bottom:var(--wp--preset--spacing--80)\">\n<div class=\"wp-block-group relative card-home card-hover js-scroll fade-in-bottom-5 has-white-background-color has-background is-vertical is-content-justification-center is-nowrap is-layout-flex wp-container-core-group-is-layout-cd66200f wp-block-group-is-layout-flex block-visibility-hide-large-screen block-visibility-hide-medium-screen\" style=\"border-top-left-radius:15px;border-bottom-left-radius:15px;border-bottom-right-radius:15px;padding-top:0px;padding-right:0;padding-bottom:var(--wp--preset--spacing--60);padding-left:0\">\n<a href=\"https:\/\/emergencias-sj.org\/emergencia-oriente-medio\/\" target=\"_blank\" style=\"text-decoration:none;color:#2e2d2c\" rel=\"noopener\">\n<\/a>\n\n\n<figure class=\"wp-block-image size-full is-resized has-custom-border image-card-hover noticia-mobile-home-img width-100\"><img decoding=\"async\" width=\"356\" height=\"217\" src=\"https:\/\/www.entreculturas.org\/wp-content\/uploads\/2026\/03\/ninalibano.jpg\" alt=\"girl on her back lebanon\" class=\"wp-image-46826\" style=\"border-top-left-radius:15px;border-top-right-radius:15px;border-bottom-left-radius:0px;border-bottom-right-radius:0px;width:237px;height:auto\" srcset=\"https:\/\/www.entreculturas.org\/wp-content\/uploads\/2026\/03\/ninalibano.jpg 356w, https:\/\/www.entreculturas.org\/wp-content\/uploads\/2026\/03\/ninalibano-300x183.jpg 300w\" sizes=\"(max-width: 356px) 100vw, 356px\" \/><\/figure>\n\n\n\n<figure class=\"wp-block-image size-full category-icon\"><img decoding=\"async\" src=\"https:\/\/www.entreculturas.org\/wp-content\/uploads\/2023\/09\/noticia.svg\" alt=\"\" class=\"wp-image-1115\"\/><\/figure>\n\n\n\n<div class=\"wp-block-group has-global-padding is-layout-constrained wp-container-core-group-is-layout-4bf2bd6a wp-block-group-is-layout-constrained\" style=\"padding-right:var(--wp--preset--spacing--60);padding-left:var(--wp--preset--spacing--60)\">\n<p class=\"font-size-14 has-red-color has-text-color\" style=\"font-style:normal;font-weight:700\">EMERGENCY<\/p>\n\n\n\n<h4 class=\"wp-block-heading has-gray-entreculturas-color has-text-color\" id=\"h-oriente-medio-0\">MIDDLE EAST<\/h4>\n\n\n\n<p>The escalation of violence in the Middle East is aggravating the situation of millions of people and putting the civilian population at greater risk. Entreculturas supports the work of the Jesuit Refugee Service (JRS) in Lebanon where we are already responding to the emergency.   <\/p>\n<\/div>\n\n\n\n\n<\/div>\n\n\n\n<div class=\"wp-block-group relative card-home card-hover js-scroll fade-in-bottom-5 has-white-background-color has-background is-vertical is-content-justification-center is-nowrap is-layout-flex wp-container-core-group-is-layout-e1898f86 wp-block-group-is-layout-flex\" style=\"border-top-left-radius:15px;border-bottom-left-radius:15px;border-bottom-right-radius:15px;padding-top:0;padding-right:0;padding-bottom:var(--wp--preset--spacing--60);padding-left:0\">\n<a href=\"https:\/\/emergencias-sj.org\/\" style=\"text-decoration:none;color:#2e2d2c\" target=\"_blank\" rel=\"noopener\">\n<\/a>\n\n\n<figure class=\"wp-block-image size-full has-custom-border image-card-hover noticia-mobile-home-img width-100\"><img decoding=\"async\" width=\"356\" height=\"217\" src=\"https:\/\/www.entreculturas.org\/wp-content\/uploads\/2026\/03\/Sin-titulo-1.png\" alt=\"\" class=\"wp-image-46945\" style=\"border-top-left-radius:15px;border-top-right-radius:15px;border-bottom-left-radius:0px;border-bottom-right-radius:0px\" srcset=\"https:\/\/www.entreculturas.org\/wp-content\/uploads\/2026\/03\/Sin-titulo-1.png 356w, https:\/\/www.entreculturas.org\/wp-content\/uploads\/2026\/03\/Sin-titulo-1-300x183.png 300w\" sizes=\"(max-width: 356px) 100vw, 356px\" \/><\/figure>\n\n\n\n<figure class=\"wp-block-image size-full category-icon\"><img decoding=\"async\" src=\"https:\/\/www.entreculturas.org\/wp-content\/uploads\/2023\/09\/noticia.svg\" alt=\"\" class=\"wp-image-1115\"\/><\/figure>\n\n\n\n<div class=\"wp-block-group has-global-padding is-layout-constrained wp-container-core-group-is-layout-4bf2bd6a wp-block-group-is-layout-constrained\" style=\"padding-right:var(--wp--preset--spacing--60);padding-left:var(--wp--preset--spacing--60)\">\n<p class=\"font-size-14 has-red-color has-text-color\" style=\"font-style:normal;font-weight:700\">EMERGENCY<\/p>\n\n\n\n<h4 class=\"wp-block-heading has-gray-entreculturas-color has-text-color\" id=\"h-por-la-paz\" style=\"line-height:1.1\">for peace<\/h4>\n\n\n\n<p>In the face of the violence that continues to strike so many communities in the Middle East, we renew our call for peace. As Pope Leo reminded us, &#8220;peace is not built with mutual threats or weapons,&#8221; but with dialogue, responsibility and diplomacy. <\/p>\n<\/div>\n\n\n\n\n<\/div>\n\n\n\n<div class=\"wp-block-group relative card-home card-hover js-scroll fade-in-bottom-5 has-white-background-color has-background is-vertical is-content-justification-center is-nowrap is-layout-flex wp-container-core-group-is-layout-e1898f86 wp-block-group-is-layout-flex\" style=\"border-top-left-radius:15px;border-bottom-left-radius:15px;border-bottom-right-radius:15px;padding-top:0;padding-right:0;padding-bottom:var(--wp--preset--spacing--60);padding-left:0\">\n<a href=\"https:\/\/correporunacausa.org\/\" target=\"_blank\" style=\"text-decoration:none;color:#2e2d2c\" rel=\"noopener\">\n<\/a>\n\n\n<figure class=\"wp-block-image size-full is-resized has-custom-border image-card-hover noticia-mobile-home-img width-100\"><img decoding=\"async\" width=\"356\" height=\"217\" src=\"https:\/\/www.entreculturas.org\/wp-content\/uploads\/2026\/03\/bannerWeb_Carrera2026_CAST-1.jpg\" alt=\"\" class=\"wp-image-46602\" style=\"border-top-left-radius:15px;border-top-right-radius:15px;border-bottom-left-radius:0px;border-bottom-right-radius:0px;width:275px;height:auto\" srcset=\"https:\/\/www.entreculturas.org\/wp-content\/uploads\/2026\/03\/bannerWeb_Carrera2026_CAST-1.jpg 356w, https:\/\/www.entreculturas.org\/wp-content\/uploads\/2026\/03\/bannerWeb_Carrera2026_CAST-1-300x183.jpg 300w\" sizes=\"(max-width: 356px) 100vw, 356px\" \/><\/figure>\n\n\n\n<figure class=\"wp-block-image size-full category-icon\"><img decoding=\"async\" src=\"https:\/\/www.entreculturas.org\/wp-content\/uploads\/2023\/09\/noticia.svg\" alt=\"\" class=\"wp-image-1115\"\/><\/figure>\n\n\n\n<div class=\"wp-block-group has-global-padding is-layout-constrained wp-container-core-group-is-layout-4bf2bd6a wp-block-group-is-layout-constrained\" style=\"padding-right:var(--wp--preset--spacing--60);padding-left:var(--wp--preset--spacing--60)\">\n<p class=\"font-size-14 has-red-color has-text-color\" style=\"font-style:normal;font-weight:700\">RACE<\/p>\n\n\n\n<h4 class=\"wp-block-heading has-gray-entreculturas-color has-text-color\" id=\"h-corre-por-una-causa\">RUN FOR A CAUSE<\/h4>\n\n\n\n<p>This solidarity race circuit runs for refugee children: so that girls and boys who have had to flee their homes can find a safe space to play, learn and grow.<\/p>\n<\/div>\n\n\n\n\n<\/div>\n\n\n\n<div class=\"wp-block-group relative card-home card-hover js-scroll fade-in-bottom-5 has-white-background-color has-background is-vertical is-content-justification-center is-nowrap is-layout-flex wp-container-core-group-is-layout-e1898f86 wp-block-group-is-layout-flex\" style=\"border-top-left-radius:15px;border-bottom-left-radius:15px;border-bottom-right-radius:15px;padding-top:0;padding-right:0;padding-bottom:var(--wp--preset--spacing--60);padding-left:0\">\n<a href=\"https:\/\/www.entreculturas.org\/noticia\/entreculturas-se-incorpora-al-comite-de-emergencia-espanol-para-reforzar-la-respuesta-conjunta-ante-emergencias-humanitarias\/\" target=\"_blank\" style=\"text-decoration:none;color:#2e2d2c\" rel=\"noopener\">\n<\/a>\n\n\n<figure class=\"wp-block-image size-full has-custom-border image-card-hover noticia-mobile-home-img width-100\"><img decoding=\"async\" src=\"https:\/\/www.entreculturas.org\/wp-content\/uploads\/2026\/04\/&#xA9;Entreculturas-2.jpg\" alt=\"cross-cultural vest\" class=\"wp-image-47412\" style=\"border-top-left-radius:15px;border-top-right-radius:15px;border-bottom-left-radius:0px;border-bottom-right-radius:0px\"\/><\/figure>\n\n\n\n<figure class=\"wp-block-image size-full category-icon\"><img decoding=\"async\" src=\"https:\/\/www.entreculturas.org\/wp-content\/uploads\/2023\/09\/noticia.svg\" alt=\"\" class=\"wp-image-1115\"\/><\/figure>\n\n\n\n<div class=\"wp-block-group has-global-padding is-layout-constrained wp-container-core-group-is-layout-4bf2bd6a wp-block-group-is-layout-constrained\" style=\"padding-right:var(--wp--preset--spacing--60);padding-left:var(--wp--preset--spacing--60)\">\n<p class=\"font-size-14 has-red-color has-text-color\" style=\"font-style:normal;font-weight:700\">NEWS<\/p>\n\n\n\n<h4 class=\"wp-block-heading has-gray-entreculturas-color has-text-color\" id=\"h-comite-de-emergencia\">EMERGENCY COMMITTEE<\/h4>\n\n\n\n<p>At Entreculturas we joined the Emergency Committee, an alliance that strengthens coordination between organizations to offer comprehensive responses ranging from protection to education in crisis contexts.<\/p>\n<\/div>\n\n\n\n\n<\/div>\n<\/div>\n<\/div>\n\n<div class=\"wp-block-group js-scroll fade-in has-global-padding is-layout-constrained wp-block-group-is-layout-constrained\">\n<h3 class=\"wp-block-heading has-text-align-center defendemos-el-derecho-portada has-red-color has-text-color has-din-font-family\" id=\"h-defendemos-el-derecho-a-la-educacion-para-todas-las-personas\" style=\"padding-right:20px;padding-left:20px;font-size:69px;line-height:1.1\">We defend the right to <br\/>education for all people.<\/h3>\n\n\n\n<div class=\"wp-block-group has-global-padding is-layout-constrained wp-container-core-group-is-layout-41c06ba8 wp-block-group-is-layout-constrained\">\n<div class=\"wp-block-group is-vertical is-content-justification-center is-layout-flex wp-container-core-group-is-layout-da2ee355 wp-block-group-is-layout-flex\" style=\"padding-top:var(--wp--preset--spacing--70);padding-right:0;padding-bottom:var(--wp--preset--spacing--70);padding-left:0\">\n<figure class=\"wp-block-image size-full\"><img decoding=\"async\" src=\"\/wp-content\/uploads\/2023\/09\/heart.svg\" alt=\"\" class=\"wp-image-220\"\/><\/figure>\n\n\n\n<p class=\"has-text-align-center text-wrap-balance nuestras-causas-portada has-gray-entreculturas-color has-text-color\" style=\"padding-right:20px;padding-left:20px;font-size:37px;font-style:normal;font-weight:700;line-height:1.1\">Our causes<\/p>\n\n\n\n<p class=\"has-text-align-center font-size-14\" style=\"padding-right:20px;padding-left:20px\">We support more than 401,159 people through more than 203 projects in 42 countries around the world.<\/p>\n<\/div>\n<\/div>\n\n\n\n<div class=\"wp-block-group group-nuestras-causas-mobile-home has-global-padding is-content-justification-center is-layout-constrained wp-container-core-group-is-layout-e7aee6d0 wp-block-group-is-layout-constrained\" style=\"margin-top:0;margin-bottom:var(--wp--preset--spacing--80);padding-right:var(--wp--preset--spacing--40);padding-left:var(--wp--preset--spacing--40)\">\n<div class=\"wp-block-columns is-layout-flex wp-container-core-columns-is-layout-cbe57604 wp-block-columns-is-layout-flex\">\n<div class=\"wp-block-column js-scroll fade-in-bottom-5 has-global-padding is-content-justification-center is-layout-constrained wp-container-core-column-is-layout-d7a71814 wp-block-column-is-layout-constrained\" style=\"padding-right:0;padding-left:0\">\n<a href=\"https:\/\/www.entreculturas.org\/en\/right-to-education\/\" style=\"text-decoration:none;color:#2e2d2c\" rel=\"noopener\">\n\n\n\n<div class=\"wp-block-group items-5-home nuestras-causas-mobile-home has-white-background-color has-background is-vertical is-content-justification-center is-nowrap is-layout-flex wp-container-core-group-is-layout-5d923f3c wp-block-group-is-layout-flex\" style=\"border-radius:15px;padding-top:var(--wp--preset--spacing--30);padding-right:0;padding-bottom:0;padding-left:0\">\n<div class=\"wp-block-group is-layout-flow wp-container-core-group-is-layout-1a04a515 wp-block-group-is-layout-flow\" style=\"border-radius:5px;padding-top:5px;padding-right:5px;padding-bottom:5px;padding-left:5px\">\n<figure class=\"wp-block-image aligncenter size-full is-resized imagen-items-causas\"><img decoding=\"async\" src=\"https:\/\/www.entreculturas.org\/wp-content\/uploads\/2023\/09\/educacion.svg\" alt=\"\" class=\"wp-image-1208\" style=\"object-fit:contain;width:50px;height:50px\"\/><\/figure>\n<\/div>\n\n\n\n<p class=\"has-text-align-left items-nuestras-causas has-purple-color has-text-color\" style=\"padding-top:var(--wp--preset--spacing--30);padding-right:var(--wp--preset--spacing--30);padding-bottom:0;padding-left:var(--wp--preset--spacing--30);font-size:19px\"><strong>Guarantee of the universal right to quality <mark style=\"background-color:rgba(0, 0, 0, 0)\" class=\"has-inline-color has-red-color\">education <\/mark><\/strong><\/p>\n\n\n\n<p class=\"has-text-align-left nuestras-causas-read-more-mobile-home\">  Find out how  <img decoding=\"async\" width=\"10\" height=\"10\" src=\"\/wp-content\/uploads\/2023\/09\/arrow-derecha.svg\" alt=\"Arrow\"> <\/p>\n<\/div>\n\n\n\n<\/a>\n<\/div>\n\n\n\n<div class=\"wp-block-column js-scroll fade-in-bottom-5 has-global-padding is-layout-constrained wp-container-core-column-is-layout-7db9d80f wp-block-column-is-layout-constrained\" style=\"padding-right:0;padding-left:0\">\n<a href=\"https:\/\/www.entreculturas.org\/en\/migration-and-refuge\/\" style=\"text-decoration:none;color:#2e2d2c\" rel=\"noopener\">\n\n\n\n<div class=\"wp-block-group items-5-home nuestras-causas-mobile-home has-white-background-color has-background is-vertical is-content-justification-center is-nowrap is-layout-flex wp-container-core-group-is-layout-5d923f3c wp-block-group-is-layout-flex\" style=\"border-radius:15px;padding-top:var(--wp--preset--spacing--30);padding-right:0;padding-bottom:0;padding-left:0\">\n<div class=\"wp-block-group is-layout-flow wp-container-core-group-is-layout-1a04a515 wp-block-group-is-layout-flow\" style=\"border-radius:5px;padding-top:5px;padding-right:5px;padding-bottom:5px;padding-left:5px\">\n<figure class=\"wp-block-image size-full is-resized imagen-items-causas\"><img decoding=\"async\" src=\"https:\/\/www.entreculturas.org\/wp-content\/uploads\/2023\/09\/migracion-y-refugio.svg\" alt=\"\" class=\"wp-image-1207\" style=\"object-fit:contain;width:50px;height:50px\"\/><\/figure>\n<\/div>\n\n\n\n<p class=\"items-nuestras-causas has-purple-color has-text-color\" style=\"padding-top:var(--wp--preset--spacing--30);padding-right:var(--wp--preset--spacing--30);padding-bottom:0;padding-left:var(--wp--preset--spacing--30);font-size:19px\"><strong>Defense of the dignified life of <mark style=\"background-color:rgba(0, 0, 0, 0)\" class=\"has-inline-color has-red-color\">migrants and refugees<\/mark><\/strong><\/p>\n\n\n\n<p class=\"has-text-align-left nuestras-causas-read-more-mobile-home\">Find out how  <img decoding=\"async\" src=\"\/wp-content\/uploads\/2023\/09\/arrow-derecha.svg\" alt=\"Arrow\" width=\"10\" height=\"10\"><\/p>\n<\/div>\n\n\n\n<\/a>\n<\/div>\n\n\n\n<div class=\"wp-block-column js-scroll fade-in-bottom-5 has-global-padding is-layout-constrained wp-container-core-column-is-layout-7db9d80f wp-block-column-is-layout-constrained\" style=\"padding-right:0;padding-left:0\">\n<a href=\"https:\/\/www.entreculturas.org\/en\/participation-and-global-citizenship\/\" style=\"text-decoration:none;color:#2e2d2c\" rel=\"noopener\">\n\n\n\n<div class=\"wp-block-group items-5-home nuestras-causas-mobile-home has-white-background-color has-background is-vertical is-content-justification-center is-nowrap is-layout-flex wp-container-core-group-is-layout-5d923f3c wp-block-group-is-layout-flex\" style=\"border-radius:15px;padding-top:var(--wp--preset--spacing--30);padding-right:0;padding-bottom:0;padding-left:0\">\n<div class=\"wp-block-group is-layout-flow wp-container-core-group-is-layout-1a04a515 wp-block-group-is-layout-flow\" style=\"border-radius:5px;padding-top:5px;padding-right:5px;padding-bottom:5px;padding-left:5px\">\n<figure class=\"wp-block-image size-full is-resized imagen-items-causas\"><img decoding=\"async\" src=\"https:\/\/www.entreculturas.org\/wp-content\/uploads\/2023\/09\/ciudadania-global.svg\" alt=\"\" class=\"wp-image-1206\" style=\"object-fit:contain;width:50px;height:50px\"\/><\/figure>\n<\/div>\n\n\n\n<p class=\"items-nuestras-causas has-purple-color has-text-color\" style=\"padding-top:var(--wp--preset--spacing--30);padding-right:var(--wp--preset--spacing--30);padding-bottom:0;padding-left:var(--wp--preset--spacing--30);font-size:19px\"><strong>Strengthening participation and <mark style=\"background-color:rgba(0, 0, 0, 0)\" class=\"has-inline-color has-red-color\">global citizenship<\/mark><\/strong><\/p>\n\n\n\n<p class=\"has-text-align-left nuestras-causas-read-more-mobile-home\">Find out how  <img decoding=\"async\" src=\"\/wp-content\/uploads\/2023\/09\/arrow-derecha.svg\" alt=\"Arrow\" width=\"10\" height=\"10\"><\/p>\n<\/div>\n\n\n\n<\/a>\n<\/div>\n\n\n\n<div class=\"wp-block-column js-scroll fade-in-bottom-5 has-global-padding is-layout-constrained wp-container-core-column-is-layout-0de311d3 wp-block-column-is-layout-constrained\" style=\"padding-right:0;padding-left:0\">\n<a href=\"https:\/\/www.entreculturas.org\/en\/socio-environmental-justice\/\" style=\"text-decoration:none;color:#2e2d2c\" rel=\"noopener\">\n\n\n\n<div class=\"wp-block-group items-5-home nuestras-causas-mobile-home has-white-background-color has-background is-vertical is-content-justification-center is-nowrap is-layout-flex wp-container-core-group-is-layout-5d923f3c wp-block-group-is-layout-flex\" style=\"border-radius:15px;padding-top:var(--wp--preset--spacing--30);padding-right:0;padding-bottom:0;padding-left:0\">\n<div class=\"wp-block-group is-layout-flow wp-container-core-group-is-layout-1a04a515 wp-block-group-is-layout-flow\" style=\"border-radius:5px;padding-top:5px;padding-right:5px;padding-bottom:5px;padding-left:5px\">\n<figure class=\"wp-block-image size-full is-resized imagen-items-causas\"><img decoding=\"async\" src=\"https:\/\/www.entreculturas.org\/wp-content\/uploads\/2023\/09\/socioambiental.svg\" alt=\"\" class=\"wp-image-1205\" style=\"object-fit:contain;width:50px;height:50px\"\/><\/figure>\n<\/div>\n\n\n\n<p class=\"items-nuestras-causas has-purple-color has-text-color\" style=\"padding-top:var(--wp--preset--spacing--30);padding-right:var(--wp--preset--spacing--30);padding-bottom:0;padding-left:var(--wp--preset--spacing--30);font-size:19px\"><strong>Promotion of <mark style=\"background-color:rgba(0, 0, 0, 0)\" class=\"has-inline-color has-red-color\">socio-environmental<\/mark> justice<\/strong><\/p>\n\n\n\n<p class=\"has-text-align-left nuestras-causas-read-more-mobile-home\">Find out how  <img decoding=\"async\" width=\"10\" height=\"10\" src=\"\/wp-content\/uploads\/2023\/09\/arrow-derecha.svg\" alt=\"Arrow\"><\/p>\n<\/div>\n\n\n\n<\/a>\n<\/div>\n\n\n\n<div class=\"wp-block-column js-scroll fade-in-bottom-5 has-global-padding is-layout-constrained wp-container-core-column-is-layout-0de311d3 wp-block-column-is-layout-constrained\" style=\"padding-right:0;padding-left:0\">\n<a href=\"https:\/\/www.entreculturas.org\/en\/gender-equity\/\" style=\"text-decoration:none;color:#2e2d2c\" rel=\"noopener\">\n\n\n\n<div class=\"wp-block-group items-5-home nuestras-causas-mobile-home has-white-background-color has-background is-vertical is-content-justification-center is-nowrap is-layout-flex wp-container-core-group-is-layout-5d923f3c wp-block-group-is-layout-flex\" style=\"border-radius:15px;padding-top:var(--wp--preset--spacing--30);padding-right:0;padding-bottom:0;padding-left:0\">\n<div class=\"wp-block-group is-layout-flow wp-container-core-group-is-layout-1a04a515 wp-block-group-is-layout-flow\" style=\"border-radius:5px;padding-top:5px;padding-right:5px;padding-bottom:5px;padding-left:5px\">\n<figure class=\"wp-block-image size-full is-resized imagen-items-causas\"><img decoding=\"async\" src=\"https:\/\/www.entreculturas.org\/wp-content\/uploads\/2023\/09\/equidad-de-genero.svg\" alt=\"\" class=\"wp-image-1204\" style=\"object-fit:contain;width:50px;height:50px\"\/><\/figure>\n<\/div>\n\n\n\n<p class=\"items-nuestras-causas has-purple-color has-text-color\" style=\"padding-top:var(--wp--preset--spacing--30);padding-right:var(--wp--preset--spacing--30);padding-bottom:0;padding-left:var(--wp--preset--spacing--30);font-size:19px\"><strong>Promotion of <mark style=\"background-color:rgba(0, 0, 0, 0)\" class=\"has-inline-color has-red-color\">gender equity<\/mark><\/strong><\/p>\n\n\n\n<p class=\"has-text-align-left nuestras-causas-read-more-mobile-home\">Find out how  <img decoding=\"async\" width=\"10\" height=\"10\" src=\"\/wp-content\/uploads\/2023\/09\/arrow-derecha.svg\" alt=\"Arrow\"><\/p>\n<\/div>\n\n\n\n<\/a>\n<\/div>\n<\/div>\n<\/div>\n<\/div>\n\n<div class=\"wp-block-group has-global-padding is-layout-constrained wp-block-group-is-layout-constrained\">\n<div class=\"wp-block-group has-white-background-color has-background has-global-padding is-layout-constrained wp-container-core-group-is-layout-baa5ca03 wp-block-group-is-layout-constrained\" style=\"border-radius:15px;margin-top:0;margin-bottom:0;padding-top:var(--wp--preset--spacing--60);padding-right:var(--wp--preset--spacing--70);padding-bottom:var(--wp--preset--spacing--60);padding-left:var(--wp--preset--spacing--70)\">\n<p class=\"has-text-align-center has-purple-color has-text-color has-x-large-font-size\"><strong>With your support we transform lives.<\/strong><\/p>\n\n\n\n<div class=\"wp-block-columns is-layout-flex wp-container-core-columns-is-layout-9503679e wp-block-columns-is-layout-flex\">\n<div class=\"wp-block-column is-layout-flow wp-block-column-is-layout-flow\" style=\"padding-bottom:var(--wp--preset--spacing--30)\">\n<figure class=\"wp-block-image aligncenter size-full is-resized has-custom-border donation-imagen-portada img-30\"><img decoding=\"async\" width=\"2560\" height=\"1707\" src=\"https:\/\/www.entreculturas.org\/wp-content\/uploads\/2025\/04\/Copia-de-Monteserin-Fotografia-scaled.jpg\" alt=\"\" class=\"wp-image-38534\" style=\"border-radius:15px;aspect-ratio:4\/3;object-fit:cover;width:auto;height:350px\" srcset=\"https:\/\/www.entreculturas.org\/wp-content\/uploads\/2025\/04\/Copia-de-Monteserin-Fotografia-scaled.jpg 2560w, https:\/\/www.entreculturas.org\/wp-content\/uploads\/2025\/04\/Copia-de-Monteserin-Fotografia-300x200.jpg 300w, https:\/\/www.entreculturas.org\/wp-content\/uploads\/2025\/04\/Copia-de-Monteserin-Fotografia-1024x683.jpg 1024w, https:\/\/www.entreculturas.org\/wp-content\/uploads\/2025\/04\/Copia-de-Monteserin-Fotografia-768x512.jpg 768w, https:\/\/www.entreculturas.org\/wp-content\/uploads\/2025\/04\/Copia-de-Monteserin-Fotografia-1536x1024.jpg 1536w, https:\/\/www.entreculturas.org\/wp-content\/uploads\/2025\/04\/Copia-de-Monteserin-Fotografia-2048x1365.jpg 2048w\" sizes=\"(max-width: 2560px) 100vw, 2560px\" \/><\/figure>\n\n\n\n<figure class=\"wp-block-image aligncenter size-full is-resized has-custom-border donation-imagen-portada img-80\"><img decoding=\"async\" src=\"https:\/\/www.entreculturas.org\/wp-content\/uploads\/2025\/04\/Sudan-del-Sur-Paula-Casado-JRS-Entreculturas-1-scaled.jpg\" alt=\"\" class=\"wp-image-38556\" style=\"border-radius:15px;aspect-ratio:4\/3;object-fit:cover;width:auto;height:350px\"\/><\/figure>\n\n\n\n<figure class=\"wp-block-image aligncenter size-full is-resized has-custom-border donation-imagen-portada img-150\"><img decoding=\"async\" width=\"1300\" height=\"867\" src=\"https:\/\/www.entreculturas.org\/wp-content\/uploads\/2024\/11\/Cuzco-FyA20-55Monteserin.jpg\" alt=\"ONG\" class=\"wp-image-35939\" style=\"border-radius:15px;aspect-ratio:4\/3;object-fit:cover;width:auto;height:350px\" srcset=\"https:\/\/www.entreculturas.org\/wp-content\/uploads\/2024\/11\/Cuzco-FyA20-55Monteserin.jpg 1300w, https:\/\/www.entreculturas.org\/wp-content\/uploads\/2024\/11\/Cuzco-FyA20-55Monteserin-300x200.jpg 300w, https:\/\/www.entreculturas.org\/wp-content\/uploads\/2024\/11\/Cuzco-FyA20-55Monteserin-1024x683.jpg 1024w, https:\/\/www.entreculturas.org\/wp-content\/uploads\/2024\/11\/Cuzco-FyA20-55Monteserin-768x512.jpg 768w\" sizes=\"(max-width: 1300px) 100vw, 1300px\" \/><\/figure>\n\n\n\n<figure class=\"wp-block-image aligncenter size-full is-resized has-custom-border donation-imagen-portada img-other\"><img decoding=\"async\" width=\"2560\" height=\"1707\" src=\"https:\/\/www.entreculturas.org\/wp-content\/uploads\/2024\/09\/2024-02_Venezuela_ECHO-III_-Rodolfo-Churion_-779A2541-1-scaled.jpg\" alt=\"\" class=\"wp-image-32702\" style=\"border-radius:15px;aspect-ratio:4\/3;object-fit:cover;width:auto;height:350px\" srcset=\"https:\/\/www.entreculturas.org\/wp-content\/uploads\/2024\/09\/2024-02_Venezuela_ECHO-III_-Rodolfo-Churion_-779A2541-1-scaled.jpg 2560w, https:\/\/www.entreculturas.org\/wp-content\/uploads\/2024\/09\/2024-02_Venezuela_ECHO-III_-Rodolfo-Churion_-779A2541-1-300x200.jpg 300w, https:\/\/www.entreculturas.org\/wp-content\/uploads\/2024\/09\/2024-02_Venezuela_ECHO-III_-Rodolfo-Churion_-779A2541-1-1024x683.jpg 1024w, https:\/\/www.entreculturas.org\/wp-content\/uploads\/2024\/09\/2024-02_Venezuela_ECHO-III_-Rodolfo-Churion_-779A2541-1-768x512.jpg 768w, https:\/\/www.entreculturas.org\/wp-content\/uploads\/2024\/09\/2024-02_Venezuela_ECHO-III_-Rodolfo-Churion_-779A2541-1-1536x1024.jpg 1536w, https:\/\/www.entreculturas.org\/wp-content\/uploads\/2024\/09\/2024-02_Venezuela_ECHO-III_-Rodolfo-Churion_-779A2541-1-2048x1365.jpg 2048w\" sizes=\"(max-width: 2560px) 100vw, 2560px\" \/><\/figure>\n<\/div>\n\n\n\n<div class=\"wp-block-column is-layout-flow wp-block-column-is-layout-flow\">\n<p>At Entreculturas we want to continue promoting access to education and accompanying more people in vulnerable contexts.<\/p>\n\n\n\n<p class=\"colaborar-dona-portada has-purple-color has-text-color has-large-font-size\" style=\"margin-top:var(--wp--preset--spacing--30);margin-bottom:var(--wp--preset--spacing--30);font-style:normal;font-weight:700\">How do you want to collaborate?<\/p>\n\n\n\n<div class=\"wp-block-columns is-not-stacked-on-mobile gap-botones-dona-portada is-layout-flex wp-container-core-columns-is-layout-658170e2 wp-block-columns-is-layout-flex\">\n<div class=\"wp-block-column is-layout-flow wp-block-column-is-layout-flow\">\n<div class=\"wp-block-buttons is-layout-flex wp-block-buttons-is-layout-flex\">\n<div class=\"wp-block-button has-custom-width wp-block-button__width-100 donate-buttons\"><a class=\"wp-block-button__link has-black-color has-white-background-color has-text-color has-background has-large-font-size has-custom-font-size wp-element-button\" style=\"border-width:2px\">30\u20ac<\/a><\/div>\n<\/div>\n<\/div>\n\n\n\n<div class=\"wp-block-column is-layout-flow wp-block-column-is-layout-flow\">\n<div class=\"wp-block-buttons is-layout-flex wp-block-buttons-is-layout-flex\">\n<div class=\"wp-block-button has-custom-width wp-block-button__width-100 donate-buttons\"><a class=\"wp-block-button__link has-black-color has-white-background-color has-text-color has-background has-large-font-size has-custom-font-size wp-element-button\" style=\"border-width:2px\">80\u20ac<\/a><\/div>\n<\/div>\n<\/div>\n\n\n\n<div class=\"wp-block-column is-layout-flow wp-block-column-is-layout-flow\">\n<div class=\"wp-block-buttons is-layout-flex wp-block-buttons-is-layout-flex\">\n<div class=\"wp-block-button has-custom-width wp-block-button__width-100 donate-buttons\"><a class=\"wp-block-button__link has-black-color has-white-background-color has-text-color has-background has-large-font-size has-custom-font-size wp-element-button\" style=\"border-width:2px\">150\u20ac<\/a><\/div>\n<\/div>\n<\/div>\n\n\n\n<div class=\"wp-block-column is-layout-flow wp-block-column-is-layout-flow\">\n<div class=\"wp-block-buttons is-layout-flex wp-block-buttons-is-layout-flex\">\n<div class=\"wp-block-button has-custom-width wp-block-button__width-100 donate-buttons button-donate-texto\"><a class=\"wp-block-button__link has-black-color has-white-background-color has-text-color has-background wp-element-button\" style=\"border-width:2px;text-transform:none\">Other<br\/>Quantity<\/a><\/div>\n<\/div>\n<\/div>\n<\/div>\n\n\n\n<p class=\"texto-donacion-portada\" style=\"margin-top:var(--wp--preset--spacing--30);margin-bottom:0\"><strong>80<\/strong> raised two desks for two primary school students in Guatemala.<\/p>\n\n\n\n<div class=\"wp-block-columns is-layout-flex wp-container-core-columns-is-layout-12a0b04b wp-block-columns-is-layout-flex\" style=\"padding-top:var(--wp--preset--spacing--40)\">\n<div class=\"wp-block-column is-layout-flow wp-block-column-is-layout-flow\" style=\"flex-basis:250px\">\n<div class=\"wp-block-buttons align-center-botones-portada-dona is-layout-flex wp-block-buttons-is-layout-flex\" style=\"margin-bottom:var(--wp--preset--spacing--30)\">\n<div class=\"wp-block-button has-custom-width wp-block-button__width-75 eres-empresa\"><a class=\"wp-block-button__link has-black-color has-white-background-color has-text-color has-background has-small-font-size has-custom-font-size wp-element-button\" href=\"https:\/\/www.entreculturas.org\/en\/companies\/\" style=\"border-width:2px\" target=\"_blank\" rel=\"noreferrer noopener\">Are you a company?<\/a><\/div>\n<\/div>\n<\/div>\n\n\n\n<div class=\"wp-block-column is-layout-flow wp-block-column-is-layout-flow\">\n<div class=\"wp-block-buttons align-center-botones-portada-dona is-content-justification-left is-layout-flex wp-container-core-buttons-is-layout-b1161de5 wp-block-buttons-is-layout-flex\" style=\"margin-top:0\">\n<div class=\"wp-block-button ancho-minimo-boton-dona-portada\"><a class=\"wp-block-button__link has-border-color has-red-border-color wp-element-button\" href=\"https:\/\/www.entreculturas.org\/en\/donate-the-red-chair\/\" style=\"border-width:2px\" target=\"_blank\" rel=\"noreferrer noopener\">\n  I WANT TO DONATE\n        <img decoding=\"async\" src=\"\/wp-content\/uploads\/2023\/10\/iconocta.svg\" alt=\"Icon\" class=\"donate-icon\"\/>\n    <\/a><\/div>\n<\/div>\n<\/div>\n<\/div>\n<\/div>\n<\/div>\n\n\n\n<script>document.addEventListener('DOMContentLoaded', function() {\n    const buttons = document.querySelectorAll('.donate-buttons a');\n    \/\/ NUEVO: trabajamos con <figure> de cada variante\n    const figures = document.querySelectorAll('figure.donation-imagen-portada');\n    const donationTextElement = document.querySelector('.texto-donacion-portada');  \/\/ Selecciona el elemento de texto\n    let defaultButton;\n\n    \/\/ Utilidades nuevas para mostrar\/ocultar variantes de imagen\n    function hideAllFigures() {\n        figures.forEach(fig => fig.classList.add('hidden'));\n    }\n    function showFigureByVariant(variantClass) {\n        hideAllFigures();\n        \/\/ Soporta tanto img-other como img-otra si hiciera falta\n        const cls = variantClass || (document.querySelector('figure.donation-imagen-portada.img-other') ? 'img-other' : 'img-otra');\n        const fig = document.querySelector(`figure.donation-imagen-portada.${cls}`);\n        if (fig) fig.classList.remove('hidden');\n    }\n\n    buttons.forEach(button => {\n        \/\/ Verifica si el bot\u00f3n es el de 80\u20ac\n        if(button.textContent.trim() === '80\u20ac') {\n            defaultButton = button;\n        }\n\n        button.addEventListener('click', function(event) {\n            event.preventDefault();\n\n            \/\/ Desmarca todos los botones\n            buttons.forEach(innerButton => {\n                innerButton.classList.remove('selected');\n            });\n\n            \/\/ Marca el bot\u00f3n que fue clickeado\n            this.classList.add('selected');\n\n            \/\/ Cambia la imagen (ahora por clases) y el texto seg\u00fan el bot\u00f3n seleccionado\n            switch(this.textContent.trim()) {\n                case '30\u20ac':\n                    showFigureByVariant('img-30');\n                    donationTextElement.innerHTML = 'Con <strong>30\u20ac conseguimos un kit b\u00e1sico de material educativo para una ni\u00f1a o un ni\u00f1o refugiado en L\u00edbano';\n                    break;\n                case '80\u20ac':\n                    showFigureByVariant('img-80');\n                    donationTextElement.innerHTML = 'Con <strong>80\u20ac conseguimos dos pupitres para dos estudiantes de educaci\u00f3n primaria en Guatemala';\n                    break;\n                case '150\u20ac':\n                    showFigureByVariant('img-150');\n                    donationTextElement.innerHTML = '<strong>150\u20ac es el coste de 1 a\u00f1o escolar en un campo de personas refugiadas en Sud\u00e1n del Sur';\n                    break;\n                default:\n                    showFigureByVariant('img-other'); \/\/ o 'img-otra' si es tu clase\n                    donationTextElement.innerHTML = 'Con tu ayuda haces posible que m\u00e1s ni\u00f1os y ni\u00f1as en situaci\u00f3n de vulnerabilidad tengan acceso a la educaci\u00f3n';\n                    break;\n            }\n        });\n    });\n\n    \/\/ Estado por defecto: marca 80\u20ac y muestra su imagen\n    hideAllFigures();\n    if (defaultButton) {\n        defaultButton.classList.add('selected');\n        showFigureByVariant('img-80');\n    }\n});\n<\/script>\n<\/div>\n<\/div>\n\n<div style=\"height:100px\" aria-hidden=\"true\" class=\"wp-block-spacer\"><\/div>\n\n<div class=\"wp-block-group js-scroll fade-in has-global-padding is-layout-constrained wp-block-group-is-layout-constrained\">\n<div class=\"wp-block-group has-global-padding is-layout-constrained wp-block-group-is-layout-constrained\">\n<h2 class=\"wp-block-heading has-text-align-center has-x-large-font-size\" id=\"h-entreculturas-en-cifras\" style=\"padding-right:20px;padding-left:20px\">Entreculturas in figures<\/h2>\n\n\n\n<div class=\"wp-block-group has-global-padding is-layout-constrained wp-container-core-group-is-layout-eee0ce2b wp-block-group-is-layout-constrained\" style=\"margin-top:0;margin-bottom:var(--wp--preset--spacing--80);padding-right:20px;padding-left:20px\">\n<div class=\"wp-block-group padding-cifras-numero-bloque has-red-background-color has-background has-global-padding is-layout-constrained wp-container-core-group-is-layout-b4f26eae wp-block-group-is-layout-constrained\" style=\"border-radius:15px;margin-top:var(--wp--preset--spacing--30);padding-top:var(--wp--preset--spacing--30);padding-right:var(--wp--preset--spacing--60);padding-bottom:var(--wp--preset--spacing--30);padding-left:var(--wp--preset--spacing--60)\">\n<div class=\"wp-block-columns is-layout-flex wp-container-core-columns-is-layout-28f84493 wp-block-columns-is-layout-flex\">\n<div class=\"wp-block-column margen-cifras-numeros is-layout-flow wp-block-column-is-layout-flow\">\n<div class=\"wp-block-group is-vertical is-content-justification-center is-layout-flex wp-container-core-group-is-layout-ce155fab wp-block-group-is-layout-flex\">\n<p class=\"has-white-color has-text-color\" style=\"font-size:53px;font-style:normal;font-weight:900\"><\/p><p data-count=\"233\" class=\"bloque-cifras-numeros counter has-white-color has-text-color\" style=\"font-size:53px;font-style:normal;font-weight:900\">0<\/p>\n\n\n\n\n<p class=\"has-white-color has-text-color has-medium-font-size\" style=\"font-style:normal;font-weight:700\">Projects<\/p>\n<\/div>\n<\/div>\n\n\n\n<div class=\"wp-block-column margen-cifras-numeros is-layout-flow wp-block-column-is-layout-flow\">\n<div class=\"wp-block-group is-vertical is-content-justification-center is-layout-flex wp-container-core-group-is-layout-ce155fab wp-block-group-is-layout-flex\">\n<p class=\"has-white-color has-text-color\" style=\"font-size:53px;font-style:normal;font-weight:900\"><\/p><p data-count=\"390659\" class=\"bloque-cifras-numeros counter has-white-color has-text-color\" style=\"font-size:53px;font-style:normal;font-weight:900\">0<\/p>\n\n\n\n\n<p class=\"has-white-color has-text-color has-medium-font-size\" style=\"font-style:normal;font-weight:700\"><strong>Accompanied persons<\/strong><\/p>\n<\/div>\n<\/div>\n\n\n\n<div class=\"wp-block-column margen-cifras-numeros is-layout-flow wp-block-column-is-layout-flow\">\n<div class=\"wp-block-group is-vertical is-content-justification-center is-layout-flex wp-container-core-group-is-layout-ce155fab wp-block-group-is-layout-flex\">\n<p class=\"has-white-color has-text-color\" style=\"font-size:53px;font-style:normal;font-weight:900\">\n    <\/p><p data-count=\"43\" class=\"bloque-cifras-numeros counter has-white-color has-text-color\" style=\"font-size:53px;font-style:normal;font-weight:900\">0<\/p>\n\n\n\n\n<p class=\"has-white-color has-text-color has-medium-font-size\" style=\"font-style:normal;font-weight:700\">Countries<\/p>\n<\/div>\n<\/div>\n<\/div>\n\n\n\n<script>document.addEventListener('DOMContentLoaded', function() {\n    const counters = document.querySelectorAll('.counter');\n    const duration = 1500; \/\/ Duraci\u00f3n total de la animaci\u00f3n en milisegundos\n    const frameRate = 60; \/\/ FPS\n\n    const easeOutCubic = t => 1 - Math.pow(1 - t, 3);\n\n    const updateCount = (counter, startTime, initialCount) => {\n        const target = +counter.getAttribute('data-count');\n        const count = +counter.innerText.replace('.', '');\n        const elapsed = Date.now() - startTime;\n        const progress = Math.min(elapsed \/ duration, 1);\n        const easedProgress = easeOutCubic(progress);\n\n        \/\/ Ajustar el valor inicial de la cuenta\n        const nextCount = Math.floor(easedProgress * (target - initialCount)) + initialCount;\n\n        if (count <target) { counter.innerText = nextCount.toLocaleString('es-ES').split(',').join('.'); requestAnimationFrame(() => updateCount(counter, startTime, initialCount));\n        } else {\n            counter.innerText = target.toLocaleString('es-ES').split(',').join('.');\n        }\n    };\n    \n    const observer = new IntersectionObserver((entries) => {\n        entries.forEach(entry => {\n            if (entry.isIntersecting) {\n                const initialCount = +entry.target.innerText.replace('.', '');\n                updateCount(entry.target, Date.now(), initialCount);\n                observer.unobserve(entry.target);  \n            }\n        });\n    });\n\n    counters.forEach(counter => {\n        observer.observe(counter);\n    });\n});\n<\/script>\n<\/div>\n\n\n\n<div class=\"wp-block-buttons is-content-justification-center is-layout-flex wp-container-core-buttons-is-layout-d8c0be80 wp-block-buttons-is-layout-flex\" style=\"margin-top:var(--wp--preset--spacing--40)\">\n<div class=\"wp-block-button button-hover-gris\"><a class=\"wp-block-button__link has-redbright-color has-white-background-color has-text-color has-background wp-element-button\" href=\"https:\/\/www.entreculturas.org\/en\/memory\/\" style=\"border-width:2px\" target=\"_blank\" rel=\"noreferrer noopener\">SEE OUR ANNUAL REPORT<\/a><\/div>\n<\/div>\n<\/div>\n<\/div>\n<\/div>\n\n<div class=\"country-placeholder\"><div class=\"canvas-container\" data-countries=\"[32478,27494,27003,26995,20567,9993,9991,9985,9976,9972,9968,9965,9961,9958,9956,9954,9952,9950,9949,9948,9947,9944,9943,9942,9940,9938,9937,9936,9934,9933,9932,9181,9176,9156,8657,8656,8655,8654,8653,8652,8651,8650,8649,8648,8647,8646,8645,8644,8643,1896,1694]\" data-map-image-url=\"\" data-point-image-url=\"https:\/\/www.entreculturas.org\/wp-content\/uploads\/2024\/09\/punto_activo.svg\" data-title=\"Explorar nuestros proyectos\" data-subtitle=\"En Entreculturas llevamos a cabo proyectos de cooperaci\u00f3n al desarrollo, acci\u00f3n humanitaria, ciudadan\u00eda y acci\u00f3n social vinculados a nuestras 5 causas.\" data-default-country=\"\" data-overlay-box=\"#E30600\" data-acf-data=\"{\" salvador=\"\" conakry=\"\" democr=\"\" congo=\"\" dominicana=\"\" del=\"\" sur=\"\" am=\"\"><div id=\"loading-spinner\" class=\"loading-spinner\" style=\"display: none;\"><div class=\"spinner\"><\/div><\/div><div class=\"map-overlay\" style=\"background-color:;opacity:0.3\"><\/div><div id=\"map\"><\/div><\/div><\/div>\n\n<div class=\"wp-block-group js-scroll fade-in has-global-padding is-layout-constrained wp-block-group-is-layout-constrained\">\n<div class=\"wp-block-group has-global-padding is-layout-constrained wp-container-core-group-is-layout-19e250f3 wp-block-group-is-layout-constrained\">\n<div class=\"wp-block-group has-global-padding is-layout-constrained wp-container-core-group-is-layout-eee0ce2b wp-block-group-is-layout-constrained\" style=\"margin-top:0;margin-bottom:var(--wp--preset--spacing--80);padding-right:20px;padding-left:20px\">\n<div class=\"wp-block-group bg-participa-home spacing-mobile-participa-home has-global-padding is-layout-constrained wp-container-core-group-is-layout-1b0e2818 wp-block-group-is-layout-constrained\" style=\"border-radius:15px;margin-top:var(--wp--preset--spacing--30);padding-top:var(--wp--preset--spacing--80);padding-right:var(--wp--preset--spacing--60);padding-bottom:var(--wp--preset--spacing--80);padding-left:var(--wp--preset--spacing--60)\">\n<h2 class=\"wp-block-heading has-text-align-center text-color-participa-mobile has-white-color has-text-color has-x-large-font-size\" style=\"margin-bottom:var(--wp--preset--spacing--40)\">Get involved with Entreculturas<\/h2>\n\n\n\n<div class=\"wp-block-columns spacing-mobile-participa-home is-layout-flex wp-container-core-columns-is-layout-658170e2 wp-block-columns-is-layout-flex\">\n<div class=\"wp-block-column is-layout-flow wp-container-core-column-is-layout-8a368f38 wp-block-column-is-layout-flow\" style=\"flex-basis:100%\">\n<div class=\"wp-block-columns is-not-stacked-on-mobile is-layout-flex wp-container-core-columns-is-layout-658170e2 wp-block-columns-is-layout-flex\">\n<div class=\"wp-block-column is-layout-flow wp-block-column-is-layout-flow\">\n<a href=\"https:\/\/correporunacausa.org\" target=\"_blank\" style=\"text-decoration:none;\" rel=\"noopener\">\n\n\n\n<div class=\"wp-block-group bg-color-participa-mobile has-background is-vertical is-content-justification-center is-nowrap is-layout-flex wp-container-core-group-is-layout-15d156f1 wp-block-group-is-layout-flex\" style=\"border-radius:15px;background-color:#c7c7c761;padding-top:var(--wp--preset--spacing--30);padding-right:0;padding-bottom:var(--wp--preset--spacing--30);padding-left:0\">\n<div class=\"wp-block-group is-layout-flow wp-container-core-group-is-layout-1a04a515 wp-block-group-is-layout-flow\" style=\"border-radius:5px;padding-top:5px;padding-right:5px;padding-bottom:5px;padding-left:5px\">\n<figure class=\"wp-block-image size-full is-resized\"><img decoding=\"async\" src=\"https:\/\/www.entreculturas.org\/wp-content\/uploads\/2023\/09\/carrera_solidaria.svg\" alt=\"\" class=\"wp-image-1200\" style=\"object-fit:contain;width:50px;height:50px\"\/><\/figure>\n<\/div>\n\n\n\n<p class=\"text-decoration-participa-mobile has-white-color has-text-color\" style=\"margin-top:var(--wp--preset--spacing--30);margin-right:var(--wp--preset--spacing--30);margin-left:var(--wp--preset--spacing--30);padding-top:0;padding-right:0;padding-bottom:0;padding-left:0\"><strong>Solidarity race<\/strong><\/p>\n<\/div>\n\n\n\n<\/a>\n<\/div>\n\n\n\n<div class=\"wp-block-column is-layout-flow wp-block-column-is-layout-flow\">\n<a href=\"https:\/\/www.entreculturas.org\/en\/volunteering\/\" target=\"_blank\" style=\"text-decoration:none;\" rel=\"noopener\">\n\n\n\n<div class=\"wp-block-group bg-color-participa-mobile ek-linked-block has-background is-vertical is-content-justification-center is-nowrap is-layout-flex wp-container-core-group-is-layout-15d156f1 wp-block-group-is-layout-flex\" style=\"border-radius:15px;background-color:#c7c7c761;padding-top:var(--wp--preset--spacing--30);padding-right:0;padding-bottom:var(--wp--preset--spacing--30);padding-left:0\">\n<div class=\"wp-block-group is-layout-flow wp-container-core-group-is-layout-1a04a515 wp-block-group-is-layout-flow\" style=\"border-radius:5px;padding-top:5px;padding-right:5px;padding-bottom:5px;padding-left:5px\">\n<figure class=\"wp-block-image size-full is-resized\"><img decoding=\"async\" src=\"https:\/\/www.entreculturas.org\/wp-content\/uploads\/2023\/09\/voluntariado_solidaria.svg\" alt=\"\" class=\"wp-image-1199\" style=\"object-fit:contain;width:50px;height:50px\"\/><\/figure>\n<\/div>\n\n\n\n<p class=\"text-decoration-participa-mobile has-white-color has-text-color\" style=\"margin-top:var(--wp--preset--spacing--30);margin-right:var(--wp--preset--spacing--30);margin-left:var(--wp--preset--spacing--30);padding-top:0;padding-right:0;padding-bottom:0;padding-left:0\"><strong>Volunteering<\/strong><\/p>\n<\/div>\n\n\n\n<\/a>\n<\/div>\n<\/div>\n<\/div>\n\n\n\n<div class=\"wp-block-column is-layout-flow wp-block-column-is-layout-flow\" style=\"flex-basis:100%\">\n<div class=\"wp-block-columns is-not-stacked-on-mobile is-layout-flex wp-container-core-columns-is-layout-658170e2 wp-block-columns-is-layout-flex\">\n<div class=\"wp-block-column is-layout-flow wp-block-column-is-layout-flow\">\n<a href=\"https:\/\/redec.org\/red-solidaria-de-jovenes\/\" target=\"_blank\" style=\"text-decoration:none;\" rel=\"noopener\">\n\n\n\n<div class=\"wp-block-group bg-color-participa-mobile ek-linked-block has-background is-vertical is-content-justification-center is-nowrap is-layout-flex wp-container-core-group-is-layout-15d156f1 wp-block-group-is-layout-flex\" style=\"border-radius:15px;background-color:#c7c7c761;padding-top:var(--wp--preset--spacing--30);padding-right:0;padding-bottom:var(--wp--preset--spacing--30);padding-left:0\">\n<div class=\"wp-block-group is-layout-flow wp-container-core-group-is-layout-1a04a515 wp-block-group-is-layout-flow\" style=\"border-radius:5px;padding-top:5px;padding-right:5px;padding-bottom:5px;padding-left:5px\">\n<figure class=\"wp-block-image size-full is-resized\"><img decoding=\"async\" src=\"https:\/\/www.entreculturas.org\/wp-content\/uploads\/2023\/10\/red-solidaria-jovenes.svg\" alt=\"\" class=\"wp-image-1422\" style=\"object-fit:contain;width:50px;height:50px\"\/><\/figure>\n<\/div>\n\n\n\n<p class=\"text-decoration-participa-mobile has-white-color has-text-color\" style=\"margin-top:var(--wp--preset--spacing--30);margin-right:var(--wp--preset--spacing--30);margin-left:var(--wp--preset--spacing--30);padding-top:0;padding-right:0;padding-bottom:0;padding-left:0\"><strong>Youth Solidarity Network<\/strong><\/p>\n<\/div>\n\n\n\n<\/a>\n<\/div>\n\n\n\n<div class=\"wp-block-column is-layout-flow wp-block-column-is-layout-flow\">\n<a href=\"https:\/\/www.entreculturas.org\/en\/campaigns\/\" target=\"_blank\" style=\"text-decoration:none;\" rel=\"noopener\">\n\n\n\n<div class=\"wp-block-group bg-color-participa-mobile ek-linked-block has-background is-vertical is-content-justification-center is-nowrap is-layout-flex wp-container-core-group-is-layout-15d156f1 wp-block-group-is-layout-flex\" style=\"border-radius:15px;background-color:#c7c7c761;padding-top:var(--wp--preset--spacing--30);padding-right:0;padding-bottom:var(--wp--preset--spacing--30);padding-left:0\">\n<div class=\"wp-block-group is-layout-flow wp-container-core-group-is-layout-1a04a515 wp-block-group-is-layout-flow\" style=\"border-radius:5px;padding-top:5px;padding-right:5px;padding-bottom:5px;padding-left:5px\">\n<figure class=\"wp-block-image size-full is-resized\"><img decoding=\"async\" src=\"https:\/\/www.entreculturas.org\/wp-content\/uploads\/2023\/09\/Modo_de_aislamiento.svg\" alt=\"\" class=\"wp-image-1197\" style=\"object-fit:contain;width:50px;height:50px\"\/><\/figure>\n<\/div>\n\n\n\n<p class=\"text-decoration-participa-mobile has-white-color has-text-color\" style=\"margin-top:var(--wp--preset--spacing--30);margin-right:var(--wp--preset--spacing--30);margin-left:var(--wp--preset--spacing--30);padding-top:0;padding-right:0;padding-bottom:0;padding-left:0\"><strong>Sign our causes<\/strong><\/p>\n<\/div>\n\n\n\n<\/a>\n<\/div>\n<\/div>\n<\/div>\n<\/div>\n<\/div>\n<\/div>\n<\/div>\n<\/div>\n\n<div class=\"wp-block-group js-scroll fade-in has-global-padding is-layout-constrained wp-block-group-is-layout-constrained\">\n<div class=\"wp-block-group has-global-padding is-layout-constrained wp-container-core-group-is-layout-5acd9bea wp-block-group-is-layout-constrained\" style=\"margin-bottom:var(--wp--preset--spacing--70);padding-right:20px;padding-left:20px\">\n<section class=\"accordion__block\"><input type=\"checkbox\" id=\"oi7x9as5un8wr47gl6x3f\" class=\"accordion__checkbox\"\/><label for=\"oi7x9as5un8wr47gl6x3f\" class=\"wp-block-theme-blocks-newsletter has-white-color has-red-background-color has-text-color has-background\"><p>Do you want to receive information?<\/p><a class=\"wp-block-button__link has-white-color has-red-background-color has-text-color has-background has-border-color has-white-border-color wp-element-button\" style=\"border-width:2px\">Subscribe to the newsletter<\/a><\/label><div class=\"accordion__content\">\n<div class=\"wp-block-group has-global-padding is-layout-constrained wp-container-core-group-is-layout-98a4a1e3 wp-block-group-is-layout-constrained\" style=\"margin-top:0;margin-bottom:var(--wp--preset--spacing--80)\">\n<div class=\"wp-block-group has-white-background-color has-background has-global-padding is-layout-constrained wp-block-group-is-layout-constrained\">\n<h2 class=\"wp-block-heading has-text-align-center font-size-20\" id=\"h-subscribe-to-the-newsletter\">Subscribe to the newsletter<\/h2>\n\n\n\n<div class=\"wp-block-group block-contacto is-content-justification-left is-nowrap is-layout-flex wp-container-core-group-is-layout-d8ee05ca wp-block-group-is-layout-flex\" style=\"padding-right:var(--wp--preset--spacing--70);padding-left:var(--wp--preset--spacing--70)\">\n<div class=\"wp-block-group has-global-padding is-layout-constrained wp-block-group-is-layout-constrained block-visibility-hide-medium-screen block-visibility-hide-small-screen\" style=\"padding-top:var(--wp--preset--spacing--50);padding-bottom:var(--wp--preset--spacing--50)\">\n<figure class=\"wp-block-image size-large has-custom-border wp-container-content-b99e70a5 block-visibility-hide-medium-screen block-visibility-hide-small-screen\"><img decoding=\"async\" width=\"1024\" height=\"683\" src=\"https:\/\/www.entreculturas.org\/wp-content\/uploads\/2024\/10\/Cuzco-FyA21-41-1024x683.jpg\" alt=\"\" class=\"wp-image-34482\" style=\"border-radius:12px\" srcset=\"https:\/\/www.entreculturas.org\/wp-content\/uploads\/2024\/10\/Cuzco-FyA21-41-1024x683.jpg 1024w, https:\/\/www.entreculturas.org\/wp-content\/uploads\/2024\/10\/Cuzco-FyA21-41-300x200.jpg 300w, https:\/\/www.entreculturas.org\/wp-content\/uploads\/2024\/10\/Cuzco-FyA21-41-768x512.jpg 768w, https:\/\/www.entreculturas.org\/wp-content\/uploads\/2024\/10\/Cuzco-FyA21-41-1536x1024.jpg 1536w, https:\/\/www.entreculturas.org\/wp-content\/uploads\/2024\/10\/Cuzco-FyA21-41-2048x1365.jpg 2048w\" sizes=\"(max-width: 1024px) 100vw, 1024px\" \/><\/figure>\n<\/div>\n\n\n\n<form style=\"padding-top:var(--wp--preset--spacing--60);padding-right:0;padding-bottom:var(--wp--preset--spacing--60);padding-left:0\" class=\"wp-block-theme-blocks-custom-form wp-container-content-a5fc19f1\" id=\"custom_form\" action=\"\/wp-admin\/admin-post.php?action=custom_form\" method=\"post\"><input type=\"hidden\" name=\"g-recaptcha-response\" id=\"g-recaptcha-response\" value=\"\"\/><input type=\"hidden\" name=\"thanks_page\" value=\"\/thank-you-page\"\/><input type=\"hidden\" name=\"groups[]\" value=\"eBoletin y Campa\u00f1as\"\/>\n<p>If you would like to receive our monthly newsletter and occasional emails with information, please complete this form. We will immediately register you in our database and you will be able to stay up to date with all the latest news.<\/p>\n\n\n\n<input type=\"hidden\" name=\"form_type\" value=\"3\"\/>\n\n\n\n<div class=\"input-container\"><label>Name *<\/label><input type=\"text\" name=\"first_name\"\/><\/div>\n\n\n\n<div class=\"input-container\"><label>Surname<\/label><input type=\"text\" name=\"last_name\"\/><\/div>\n\n\n\n<div class=\"input-container\"><label>Email *<\/label><input type=\"email\" name=\"email\" required\/><\/div>\n\n\n\n<label class=\"acceptance\"><input type=\"checkbox\" required\/><span>I accept the <a href=\"https:\/\/www.entreculturas.org\/es\/privacidad-entreculturas\" data-type=\"link\" data-id=\"https:\/\/www.entreculturas.org\/es\/privacidad-entreculturas\" target=\"_blank\" rel=\"noreferrer noopener\">Privacy Policy<\/a> *<\/span><\/label>\n\n\n\n<p style=\"font-size:12px !important\">\n    From ENTRECULTURES FE I ALEGRIA ESPANYA we will treat the data provided as Data Controllers for the purpose of&#8230;    \n    <a href=\"javascript:void(0);\" id=\"read-more-link\">Seguir leyendo<\/a>.\n<\/p>\n<p class=\"hidden\" id=\"read-more\" style=\"display: none;font-size: 12px;\">\n&#8230;send you our monthly newsletter and specific information about our actions and campaigns, in favor of our foundational objectives, based on consent or the execution of an agreement. You can exercise your rights by sending an email to datos@entreculturas.org with the subject &#8220;Data Protection&#8221;\n<\/p>\n\n\n\n<script>\ndocument.addEventListener('DOMContentLoaded', function() {\n    document.getElementById('read-more-link').addEventListener('click', function() {\n        var readMoreContent = document.getElementById('read-more');\n        readMoreContent.style.display = 'block !important'; \/\/ Intenta sobrescribir con !important\n\n        \/\/ Si el m\u00e9todo anterior no funciona, utiliza setAttribute\n        if (readMoreContent.style.display !== 'block') {\n            readMoreContent.setAttribute('style', 'display: block !important; font-size: 12px;');\n        } else {\n            \/\/ Si ya est\u00e1 en 'block', solo ajusta el tama\u00f1o de fuente\n            readMoreContent.style.fontSize = '12px';\n        }\n\n        this.style.display = 'none'; \/\/ Opcional: oculta el enlace de \"Seguir leyendo\"\n    });\n});\n<\/script>\n\n\n\n<p class=\"hidden\" id=\"read-more\" style=\"font-size:12px\">Desde ENTRECULTURAS FE Y ALEGR\u00cdA ESPA\u00d1A trataremos los datos aportados en calidad de Responsable del tratamiento con la finalidad de gestionar nuestra relaci\u00f3n contigo, en pro de nuestros objetivos fundacionales, en base al consentimiento o a la ejecuci\u00f3n de un acuerdo. Puedes ejercer tus derechos enviando un email a&nbsp;rgpd@entreculturas.org con el asunto \u201cProtecci\u00f3n de Datos\u201d.<\/p>\n\n\n\n<div class=\"wp-block-group width-70-contacto justify-center-768 is-content-justification-right is-nowrap is-layout-flex wp-container-core-group-is-layout-17124a9a wp-block-group-is-layout-flex\">\n<button class=\"wp-block-button__link wp-element-button\">Subscribe<\/button>\n<\/div>\n<\/form>\n<\/div>\n<\/div>\n<\/div>\n<\/div><\/section>\n<\/div>\n<\/div>\n\n<div class=\"wp-block-buttons mobile-fixed-button is-layout-flex wp-block-buttons-is-layout-flex\">\n<div class=\"wp-block-button\"><a class=\"wp-block-button__link wp-element-button\" href=\"https:\/\/www.entreculturas.org\/dona-mujeres-que-construyen-futuro\/\">DONATE<\/a><\/div>\n<\/div>\n\n<style>\n@media (max-width: 768px) {\n  .mobile-fixed-button a {\n    max-height: 50px;\n  }\n}\n\n@media (min-width: 0px) and (max-width: 992px) {\n  .leaflet-popup {\n    height: auto !important;\n}\n<\/style>\n\n<p><\/p>\n","protected":false},"excerpt":{"rendered":"<p>What we are EMERGENCY MIDDLE EAST The escalating violence in the Middle East is aggravating the situation for millions of people and putting the civilian population at greater risk. Entreculturas supports the work of the Jesuit Refugee Service (JRS) in Lebanon where we are already responding to the emergency. EMERGENCY MIDDLE EAST The escalation of violence in the Middle East is aggravating the situation of millions of people and putting the civilian population at greater risk. Entreculturas supports the work of the Jesuit Refugee Service (JRS) in Lebanon where we are already responding to the emergency. EMERGENCY for peace In the face of the violence that continues to strike so many communities in the Middle East, we renew our call for peace. As Pope Leo reminded us, &#8220;peace is not built with mutual threats or weapons,&#8221; but with dialogue, responsibility and diplomacy. RACE RUN FOR A CAUSE This solidarity race [&hellip;]<\/p>\n","protected":false},"author":3,"featured_media":40924,"parent":0,"menu_order":0,"comment_status":"closed","ping_status":"closed","template":"","meta":{"_acf_changed":false,"footnotes":""},"class_list":["post-20155","page","type-page","status-publish","has-post-thumbnail","hentry"],"acf":[],"yoast_head":"<!-- This site is optimized with the Yoast SEO Premium plugin v21.6 (Yoast SEO v27.4) - https:\/\/yoast.com\/product\/yoast-seo-premium-wordpress\/ -->\n<title>Entreculturas ONG Spain: Fighting for Social Justice<\/title>\n<meta name=\"description\" content=\"Entreculturas is an NGO in Spain committed to Social Justice through causes such as the right to quality education.\" \/>\n<meta name=\"robots\" content=\"index, follow, max-snippet:-1, max-image-preview:large, max-video-preview:-1\" \/>\n<link rel=\"canonical\" href=\"https:\/\/www.entreculturas.org\/en\/\" \/>\n<meta property=\"og:locale\" content=\"en_US\" \/>\n<meta property=\"og:type\" content=\"article\" \/>\n<meta property=\"og:title\" content=\"Entreculturas\" \/>\n<meta property=\"og:description\" content=\"Entreculturas is an NGO in Spain committed to Social Justice through causes such as the right to quality education.\" \/>\n<meta property=\"og:url\" content=\"https:\/\/www.entreculturas.org\/en\/\" \/>\n<meta property=\"og:site_name\" content=\"Entreculturas\" \/>\n<meta property=\"article:publisher\" content=\"https:\/\/www.facebook.com\/entreculturas\" \/>\n<meta property=\"article:modified_time\" content=\"2026-04-20T09:58:56+00:00\" \/>\n<meta property=\"og:image\" content=\"https:\/\/www.entreculturas.org\/wp-content\/uploads\/2024\/06\/SJA-46_PARAGUAY_Monteserin-1024x683.jpg\" \/>\n<meta name=\"twitter:card\" content=\"summary_large_image\" \/>\n<meta name=\"twitter:title\" content=\"Home page\" \/>\n<meta name=\"twitter:site\" content=\"@Entreculturas\" \/>\n<script type=\"application\/ld+json\" class=\"yoast-schema-graph\">{\"@context\":\"https:\\\/\\\/schema.org\",\"@graph\":[{\"@type\":\"WebPage\",\"@id\":\"https:\\\/\\\/www.entreculturas.org\\\/en\\\/\",\"url\":\"https:\\\/\\\/www.entreculturas.org\\\/en\\\/\",\"name\":\"Entreculturas ONG Spain: Fighting for Social Justice\",\"isPartOf\":{\"@id\":\"https:\\\/\\\/www.entreculturas.org\\\/en\\\/#website\"},\"primaryImageOfPage\":{\"@id\":\"https:\\\/\\\/www.entreculturas.org\\\/en\\\/#primaryimage\"},\"image\":{\"@id\":\"https:\\\/\\\/www.entreculturas.org\\\/en\\\/#primaryimage\"},\"thumbnailUrl\":\"https:\\\/\\\/www.entreculturas.org\\\/wp-content\\\/uploads\\\/2025\\\/07\\\/foto-limpia-portada-memoria2024_MonteserinFotografia-2.jpg\",\"datePublished\":\"2023-09-26T12:44:39+00:00\",\"dateModified\":\"2026-04-20T09:58:56+00:00\",\"description\":\"Entreculturas is an NGO in Spain committed to Social Justice through causes such as the right to quality education.\",\"breadcrumb\":{\"@id\":\"https:\\\/\\\/www.entreculturas.org\\\/en\\\/#breadcrumb\"},\"inLanguage\":\"en-US\",\"potentialAction\":[{\"@type\":\"ReadAction\",\"target\":[\"https:\\\/\\\/www.entreculturas.org\\\/en\\\/\"]}]},{\"@type\":\"ImageObject\",\"inLanguage\":\"en-US\",\"@id\":\"https:\\\/\\\/www.entreculturas.org\\\/en\\\/#primaryimage\",\"url\":\"https:\\\/\\\/www.entreculturas.org\\\/wp-content\\\/uploads\\\/2025\\\/07\\\/foto-limpia-portada-memoria2024_MonteserinFotografia-2.jpg\",\"contentUrl\":\"https:\\\/\\\/www.entreculturas.org\\\/wp-content\\\/uploads\\\/2025\\\/07\\\/foto-limpia-portada-memoria2024_MonteserinFotografia-2.jpg\",\"width\":1500,\"height\":750},{\"@type\":\"BreadcrumbList\",\"@id\":\"https:\\\/\\\/www.entreculturas.org\\\/en\\\/#breadcrumb\",\"itemListElement\":[{\"@type\":\"ListItem\",\"position\":1,\"name\":\"Home\",\"item\":\"https:\\\/\\\/www.entreculturas.org\\\/en\\\/\"},{\"@type\":\"ListItem\",\"position\":2,\"name\":\"Home page\"}]},{\"@type\":\"WebSite\",\"@id\":\"https:\\\/\\\/www.entreculturas.org\\\/en\\\/#website\",\"url\":\"https:\\\/\\\/www.entreculturas.org\\\/en\\\/\",\"name\":\"Entreculturas\",\"description\":\"\",\"publisher\":{\"@id\":\"https:\\\/\\\/www.entreculturas.org\\\/en\\\/#organization\"},\"alternateName\":\"Entreculturas\",\"potentialAction\":[{\"@type\":\"SearchAction\",\"target\":{\"@type\":\"EntryPoint\",\"urlTemplate\":\"https:\\\/\\\/www.entreculturas.org\\\/en\\\/?s={search_term_string}\"},\"query-input\":{\"@type\":\"PropertyValueSpecification\",\"valueRequired\":true,\"valueName\":\"search_term_string\"}}],\"inLanguage\":\"en-US\"},{\"@type\":\"Organization\",\"@id\":\"https:\\\/\\\/www.entreculturas.org\\\/en\\\/#organization\",\"name\":\"Entreculturas\",\"url\":\"https:\\\/\\\/www.entreculturas.org\\\/en\\\/\",\"logo\":{\"@type\":\"ImageObject\",\"inLanguage\":\"en-US\",\"@id\":\"https:\\\/\\\/www.entreculturas.org\\\/en\\\/#\\\/schema\\\/logo\\\/image\\\/\",\"url\":\"https:\\\/\\\/www.entreculturas.org\\\/wp-content\\\/uploads\\\/2025\\\/10\\\/ESP.svg\",\"contentUrl\":\"https:\\\/\\\/www.entreculturas.org\\\/wp-content\\\/uploads\\\/2025\\\/10\\\/ESP.svg\",\"caption\":\"Entreculturas\"},\"image\":{\"@id\":\"https:\\\/\\\/www.entreculturas.org\\\/en\\\/#\\\/schema\\\/logo\\\/image\\\/\"},\"sameAs\":[\"https:\\\/\\\/www.facebook.com\\\/entreculturas\",\"https:\\\/\\\/x.com\\\/Entreculturas\",\"https:\\\/\\\/www.instagram.com\\\/entreculturas\\\/\",\"https:\\\/\\\/www.youtube.com\\\/user\\\/entreculturasvideo\",\"https:\\\/\\\/www.linkedin.com\\\/company\\\/fundacion-entreculturas-ngdo\\\/\",\"https:\\\/\\\/www.flickr.com\\\/photos\\\/98455522@N04\\\/albums\\\/\"]}]}<\/script>\n<!-- \/ Yoast SEO Premium plugin. -->","yoast_head_json":{"title":"Entreculturas ONG Spain: Fighting for Social Justice","description":"Entreculturas is an NGO in Spain committed to Social Justice through causes such as the right to quality education.","robots":{"index":"index","follow":"follow","max-snippet":"max-snippet:-1","max-image-preview":"max-image-preview:large","max-video-preview":"max-video-preview:-1"},"canonical":"https:\/\/www.entreculturas.org\/en\/","og_locale":"en_US","og_type":"article","og_title":"Entreculturas","og_description":"Entreculturas is an NGO in Spain committed to Social Justice through causes such as the right to quality education.","og_url":"https:\/\/www.entreculturas.org\/en\/","og_site_name":"Entreculturas","article_publisher":"https:\/\/www.facebook.com\/entreculturas","article_modified_time":"2026-04-20T09:58:56+00:00","og_image":[{"url":"https:\/\/www.entreculturas.org\/wp-content\/uploads\/2024\/06\/SJA-46_PARAGUAY_Monteserin-1024x683.jpg","type":"","width":"","height":""}],"twitter_card":"summary_large_image","twitter_title":"Home page","twitter_site":"@Entreculturas","schema":{"@context":"https:\/\/schema.org","@graph":[{"@type":"WebPage","@id":"https:\/\/www.entreculturas.org\/en\/","url":"https:\/\/www.entreculturas.org\/en\/","name":"Entreculturas ONG Spain: Fighting for Social Justice","isPartOf":{"@id":"https:\/\/www.entreculturas.org\/en\/#website"},"primaryImageOfPage":{"@id":"https:\/\/www.entreculturas.org\/en\/#primaryimage"},"image":{"@id":"https:\/\/www.entreculturas.org\/en\/#primaryimage"},"thumbnailUrl":"https:\/\/www.entreculturas.org\/wp-content\/uploads\/2025\/07\/foto-limpia-portada-memoria2024_MonteserinFotografia-2.jpg","datePublished":"2023-09-26T12:44:39+00:00","dateModified":"2026-04-20T09:58:56+00:00","description":"Entreculturas is an NGO in Spain committed to Social Justice through causes such as the right to quality education.","breadcrumb":{"@id":"https:\/\/www.entreculturas.org\/en\/#breadcrumb"},"inLanguage":"en-US","potentialAction":[{"@type":"ReadAction","target":["https:\/\/www.entreculturas.org\/en\/"]}]},{"@type":"ImageObject","inLanguage":"en-US","@id":"https:\/\/www.entreculturas.org\/en\/#primaryimage","url":"https:\/\/www.entreculturas.org\/wp-content\/uploads\/2025\/07\/foto-limpia-portada-memoria2024_MonteserinFotografia-2.jpg","contentUrl":"https:\/\/www.entreculturas.org\/wp-content\/uploads\/2025\/07\/foto-limpia-portada-memoria2024_MonteserinFotografia-2.jpg","width":1500,"height":750},{"@type":"BreadcrumbList","@id":"https:\/\/www.entreculturas.org\/en\/#breadcrumb","itemListElement":[{"@type":"ListItem","position":1,"name":"Home","item":"https:\/\/www.entreculturas.org\/en\/"},{"@type":"ListItem","position":2,"name":"Home page"}]},{"@type":"WebSite","@id":"https:\/\/www.entreculturas.org\/en\/#website","url":"https:\/\/www.entreculturas.org\/en\/","name":"Entreculturas","description":"","publisher":{"@id":"https:\/\/www.entreculturas.org\/en\/#organization"},"alternateName":"Entreculturas","potentialAction":[{"@type":"SearchAction","target":{"@type":"EntryPoint","urlTemplate":"https:\/\/www.entreculturas.org\/en\/?s={search_term_string}"},"query-input":{"@type":"PropertyValueSpecification","valueRequired":true,"valueName":"search_term_string"}}],"inLanguage":"en-US"},{"@type":"Organization","@id":"https:\/\/www.entreculturas.org\/en\/#organization","name":"Entreculturas","url":"https:\/\/www.entreculturas.org\/en\/","logo":{"@type":"ImageObject","inLanguage":"en-US","@id":"https:\/\/www.entreculturas.org\/en\/#\/schema\/logo\/image\/","url":"https:\/\/www.entreculturas.org\/wp-content\/uploads\/2025\/10\/ESP.svg","contentUrl":"https:\/\/www.entreculturas.org\/wp-content\/uploads\/2025\/10\/ESP.svg","caption":"Entreculturas"},"image":{"@id":"https:\/\/www.entreculturas.org\/en\/#\/schema\/logo\/image\/"},"sameAs":["https:\/\/www.facebook.com\/entreculturas","https:\/\/x.com\/Entreculturas","https:\/\/www.instagram.com\/entreculturas\/","https:\/\/www.youtube.com\/user\/entreculturasvideo","https:\/\/www.linkedin.com\/company\/fundacion-entreculturas-ngdo\/","https:\/\/www.flickr.com\/photos\/98455522@N04\/albums\/"]}]}},"_links":{"self":[{"href":"https:\/\/www.entreculturas.org\/en\/wp-json\/wp\/v2\/pages\/20155","targetHints":{"allow":["GET"]}}],"collection":[{"href":"https:\/\/www.entreculturas.org\/en\/wp-json\/wp\/v2\/pages"}],"about":[{"href":"https:\/\/www.entreculturas.org\/en\/wp-json\/wp\/v2\/types\/page"}],"author":[{"embeddable":true,"href":"https:\/\/www.entreculturas.org\/en\/wp-json\/wp\/v2\/users\/3"}],"replies":[{"embeddable":true,"href":"https:\/\/www.entreculturas.org\/en\/wp-json\/wp\/v2\/comments?post=20155"}],"version-history":[{"count":108,"href":"https:\/\/www.entreculturas.org\/en\/wp-json\/wp\/v2\/pages\/20155\/revisions"}],"predecessor-version":[{"id":47505,"href":"https:\/\/www.entreculturas.org\/en\/wp-json\/wp\/v2\/pages\/20155\/revisions\/47505"}],"wp:featuredmedia":[{"embeddable":true,"href":"https:\/\/www.entreculturas.org\/en\/wp-json\/wp\/v2\/media\/40924"}],"wp:attachment":[{"href":"https:\/\/www.entreculturas.org\/en\/wp-json\/wp\/v2\/media?parent=20155"}],"curies":[{"name":"wp","href":"https:\/\/api.w.org\/{rel}","templated":true}]}}