{"id":34849,"date":"2020-10-30T11:14:00","date_gmt":"2020-10-30T10:14:00","guid":{"rendered":"https:\/\/www.entreculturas.org\/?post_type=ficha&#038;p=34849"},"modified":"2024-10-30T11:28:50","modified_gmt":"2024-10-30T10:28:50","slug":"empoderamiento-economico-social-y-politico-de-mujeres-guarani-en-la-autonomia-indigena-charagua-lyambae-en-bolivia-2-2-2-2-2","status":"publish","type":"ficha","link":"https:\/\/www.entreculturas.org\/en\/ficha\/empoderamiento-economico-social-y-politico-de-mujeres-guarani-en-la-autonomia-indigena-charagua-lyambae-en-bolivia-2-2-2-2-2\/","title":{"rendered":"Escuelas transformadoras: caminando hacia la Agenda 2030 desde las aulas"},"content":{"rendered":"\n<p id=\"tw-target-text\"><\/p>\n\n\n\n<p>Creaci\u00f3n y difusi\u00f3n de recursos educativos junto con fortalecimiento de espacios de trabajo conjunto con profesorado y alumnado de centros valencianos con la finalidad de la inserci\u00f3n en las aulas de contenidos y tem\u00e1ticas propias de los Objetivos de Desarrollo Sostenible y de la Educaci\u00f3n para la Ciudadan\u00eda Global; as\u00ed como de metodolog\u00edas activas y de participaci\u00f3n que impulsen la educaci\u00f3n de ciudadan\u00eda activa, justa y con visi\u00f3n global que transforme su entorno desde la solidaridad y la b\u00fasqueda del bien com\u00fan.<\/p>\n\n\n\n<p><\/p>\n","protected":false},"excerpt":{"rendered":"<p>Creaci\u00f3n y difusi\u00f3n de recursos educativos junto con fortalecimiento de espacios de trabajo conjunto con profesorado y alumnado de centros valencianos con la finalidad de la inserci\u00f3n en las aulas de contenidos y tem\u00e1ticas propias de los Objetivos de Desarrollo Sostenible y de la Educaci\u00f3n para la Ciudadan\u00eda Global; as\u00ed como de metodolog\u00edas activas y de participaci\u00f3n que impulsen la educaci\u00f3n de ciudadan\u00eda activa, justa y con visi\u00f3n global que transforme su entorno desde la solidaridad y la b\u00fasqueda del bien com\u00fan.<\/p>\n","protected":false},"featured_media":20552,"template":"","country":[120],"cause":[132],"link-pdf":[688],"anio":[389],"class_list":["post-34849","ficha","type-ficha","status-publish","has-post-thumbnail","hentry","country-espana","cause-participacion-y-ciudadania-global","link-pdf-https-www-entreculturas-org-wp-content-uploads-2024-10-ficha-eval-17_redva_036-pdf","anio-389"],"acf":[],"yoast_head":"<!-- This site is optimized with the Yoast SEO Premium plugin v21.6 (Yoast SEO v27.5) - https:\/\/yoast.com\/product\/yoast-seo-premium-wordpress\/ -->\n<title>Escuelas transformadoras: caminando hacia la Agenda 2030 desde las aulas - Entreculturas<\/title>\n<meta name=\"description\" content=\"Creaci\u00f3n y difusi\u00f3n de recursos educativos junto con fortalecimiento de espacios de trabajo conjunto con profesorado y alumnado.\" \/>\n<meta name=\"robots\" content=\"noindex, follow\" \/>\n<meta property=\"og:locale\" content=\"en_US\" \/>\n<meta property=\"og:type\" content=\"article\" \/>\n<meta property=\"og:title\" content=\"Escuelas transformadoras: caminando hacia la Agenda 2030 desde las aulas\" \/>\n<meta property=\"og:description\" content=\"Creaci\u00f3n y difusi\u00f3n de recursos educativos junto con fortalecimiento de espacios de trabajo conjunto con profesorado y alumnado.\" \/>\n<meta property=\"og:url\" content=\"https:\/\/www.entreculturas.org\/en\/ficha\/empoderamiento-economico-social-y-politico-de-mujeres-guarani-en-la-autonomia-indigena-charagua-lyambae-en-bolivia-2-2-2-2-2\/\" \/>\n<meta property=\"og:site_name\" content=\"Entreculturas\" \/>\n<meta property=\"article:publisher\" content=\"https:\/\/www.facebook.com\/entreculturas\" \/>\n<meta property=\"article:modified_time\" content=\"2024-10-30T10:28:50+00:00\" \/>\n<meta property=\"og:image\" content=\"https:\/\/www.entreculturas.org\/wp-content\/uploads\/2024\/02\/placeholder04.png\" \/>\n\t<meta property=\"og:image:width\" content=\"585\" \/>\n\t<meta property=\"og:image:height\" content=\"699\" \/>\n\t<meta property=\"og:image:type\" content=\"image\/png\" \/>\n<meta name=\"twitter:card\" content=\"summary_large_image\" \/>\n<meta name=\"twitter:site\" content=\"@Entreculturas\" \/>\n<script type=\"application\/ld+json\" class=\"yoast-schema-graph\">{\"@context\":\"https:\\\/\\\/schema.org\",\"@graph\":[{\"@type\":\"WebPage\",\"@id\":\"https:\\\/\\\/www.entreculturas.org\\\/en\\\/ficha\\\/empoderamiento-economico-social-y-politico-de-mujeres-guarani-en-la-autonomia-indigena-charagua-lyambae-en-bolivia-2-2-2-2-2\\\/\",\"url\":\"https:\\\/\\\/www.entreculturas.org\\\/en\\\/ficha\\\/empoderamiento-economico-social-y-politico-de-mujeres-guarani-en-la-autonomia-indigena-charagua-lyambae-en-bolivia-2-2-2-2-2\\\/\",\"name\":\"Escuelas transformadoras: caminando hacia la Agenda 2030 desde las aulas - Entreculturas\",\"isPartOf\":{\"@id\":\"https:\\\/\\\/www.entreculturas.org\\\/en\\\/#website\"},\"primaryImageOfPage\":{\"@id\":\"https:\\\/\\\/www.entreculturas.org\\\/en\\\/ficha\\\/empoderamiento-economico-social-y-politico-de-mujeres-guarani-en-la-autonomia-indigena-charagua-lyambae-en-bolivia-2-2-2-2-2\\\/#primaryimage\"},\"image\":{\"@id\":\"https:\\\/\\\/www.entreculturas.org\\\/en\\\/ficha\\\/empoderamiento-economico-social-y-politico-de-mujeres-guarani-en-la-autonomia-indigena-charagua-lyambae-en-bolivia-2-2-2-2-2\\\/#primaryimage\"},\"thumbnailUrl\":\"https:\\\/\\\/www.entreculturas.org\\\/wp-content\\\/uploads\\\/2024\\\/02\\\/placeholder04.png\",\"datePublished\":\"2020-10-30T10:14:00+00:00\",\"dateModified\":\"2024-10-30T10:28:50+00:00\",\"description\":\"Creaci\u00f3n y difusi\u00f3n de recursos educativos junto con fortalecimiento de espacios de trabajo conjunto con profesorado y alumnado.\",\"breadcrumb\":{\"@id\":\"https:\\\/\\\/www.entreculturas.org\\\/en\\\/ficha\\\/empoderamiento-economico-social-y-politico-de-mujeres-guarani-en-la-autonomia-indigena-charagua-lyambae-en-bolivia-2-2-2-2-2\\\/#breadcrumb\"},\"inLanguage\":\"en-US\",\"potentialAction\":[{\"@type\":\"ReadAction\",\"target\":[\"https:\\\/\\\/www.entreculturas.org\\\/en\\\/ficha\\\/empoderamiento-economico-social-y-politico-de-mujeres-guarani-en-la-autonomia-indigena-charagua-lyambae-en-bolivia-2-2-2-2-2\\\/\"]}]},{\"@type\":\"ImageObject\",\"inLanguage\":\"en-US\",\"@id\":\"https:\\\/\\\/www.entreculturas.org\\\/en\\\/ficha\\\/empoderamiento-economico-social-y-politico-de-mujeres-guarani-en-la-autonomia-indigena-charagua-lyambae-en-bolivia-2-2-2-2-2\\\/#primaryimage\",\"url\":\"https:\\\/\\\/www.entreculturas.org\\\/wp-content\\\/uploads\\\/2024\\\/02\\\/placeholder04.png\",\"contentUrl\":\"https:\\\/\\\/www.entreculturas.org\\\/wp-content\\\/uploads\\\/2024\\\/02\\\/placeholder04.png\",\"width\":585,\"height\":699,\"caption\":\"corazon\"},{\"@type\":\"BreadcrumbList\",\"@id\":\"https:\\\/\\\/www.entreculturas.org\\\/en\\\/ficha\\\/empoderamiento-economico-social-y-politico-de-mujeres-guarani-en-la-autonomia-indigena-charagua-lyambae-en-bolivia-2-2-2-2-2\\\/#breadcrumb\",\"itemListElement\":[{\"@type\":\"ListItem\",\"position\":1,\"name\":\"Home\",\"item\":\"https:\\\/\\\/www.entreculturas.org\\\/en\\\/\"},{\"@type\":\"ListItem\",\"position\":2,\"name\":\"Escuelas transformadoras: caminando hacia la Agenda 2030 desde las aulas\"}]},{\"@type\":\"WebSite\",\"@id\":\"https:\\\/\\\/www.entreculturas.org\\\/en\\\/#website\",\"url\":\"https:\\\/\\\/www.entreculturas.org\\\/en\\\/\",\"name\":\"Entreculturas\",\"description\":\"\",\"publisher\":{\"@id\":\"https:\\\/\\\/www.entreculturas.org\\\/en\\\/#organization\"},\"alternateName\":\"Entreculturas\",\"potentialAction\":[{\"@type\":\"SearchAction\",\"target\":{\"@type\":\"EntryPoint\",\"urlTemplate\":\"https:\\\/\\\/www.entreculturas.org\\\/en\\\/?s={search_term_string}\"},\"query-input\":{\"@type\":\"PropertyValueSpecification\",\"valueRequired\":true,\"valueName\":\"search_term_string\"}}],\"inLanguage\":\"en-US\"},{\"@type\":\"Organization\",\"@id\":\"https:\\\/\\\/www.entreculturas.org\\\/en\\\/#organization\",\"name\":\"Entreculturas\",\"url\":\"https:\\\/\\\/www.entreculturas.org\\\/en\\\/\",\"logo\":{\"@type\":\"ImageObject\",\"inLanguage\":\"en-US\",\"@id\":\"https:\\\/\\\/www.entreculturas.org\\\/en\\\/#\\\/schema\\\/logo\\\/image\\\/\",\"url\":\"https:\\\/\\\/www.entreculturas.org\\\/wp-content\\\/uploads\\\/2025\\\/10\\\/ESP.svg\",\"contentUrl\":\"https:\\\/\\\/www.entreculturas.org\\\/wp-content\\\/uploads\\\/2025\\\/10\\\/ESP.svg\",\"caption\":\"Entreculturas\"},\"image\":{\"@id\":\"https:\\\/\\\/www.entreculturas.org\\\/en\\\/#\\\/schema\\\/logo\\\/image\\\/\"},\"sameAs\":[\"https:\\\/\\\/www.facebook.com\\\/entreculturas\",\"https:\\\/\\\/x.com\\\/Entreculturas\",\"https:\\\/\\\/www.instagram.com\\\/entreculturas\\\/\",\"https:\\\/\\\/www.youtube.com\\\/user\\\/entreculturasvideo\",\"https:\\\/\\\/www.linkedin.com\\\/company\\\/fundacion-entreculturas-ngdo\\\/\",\"https:\\\/\\\/www.flickr.com\\\/photos\\\/98455522@N04\\\/albums\\\/\"]}]}<\/script>\n<!-- \/ Yoast SEO Premium plugin. -->","yoast_head_json":{"title":"Escuelas transformadoras: caminando hacia la Agenda 2030 desde las aulas - Entreculturas","description":"Creaci\u00f3n y difusi\u00f3n de recursos educativos junto con fortalecimiento de espacios de trabajo conjunto con profesorado y alumnado.","robots":{"index":"noindex","follow":"follow"},"og_locale":"en_US","og_type":"article","og_title":"Escuelas transformadoras: caminando hacia la Agenda 2030 desde las aulas","og_description":"Creaci\u00f3n y difusi\u00f3n de recursos educativos junto con fortalecimiento de espacios de trabajo conjunto con profesorado y alumnado.","og_url":"https:\/\/www.entreculturas.org\/en\/ficha\/empoderamiento-economico-social-y-politico-de-mujeres-guarani-en-la-autonomia-indigena-charagua-lyambae-en-bolivia-2-2-2-2-2\/","og_site_name":"Entreculturas","article_publisher":"https:\/\/www.facebook.com\/entreculturas","article_modified_time":"2024-10-30T10:28:50+00:00","og_image":[{"width":585,"height":699,"url":"https:\/\/www.entreculturas.org\/wp-content\/uploads\/2024\/02\/placeholder04.png","type":"image\/png"}],"twitter_card":"summary_large_image","twitter_site":"@Entreculturas","schema":{"@context":"https:\/\/schema.org","@graph":[{"@type":"WebPage","@id":"https:\/\/www.entreculturas.org\/en\/ficha\/empoderamiento-economico-social-y-politico-de-mujeres-guarani-en-la-autonomia-indigena-charagua-lyambae-en-bolivia-2-2-2-2-2\/","url":"https:\/\/www.entreculturas.org\/en\/ficha\/empoderamiento-economico-social-y-politico-de-mujeres-guarani-en-la-autonomia-indigena-charagua-lyambae-en-bolivia-2-2-2-2-2\/","name":"Escuelas transformadoras: caminando hacia la Agenda 2030 desde las aulas - Entreculturas","isPartOf":{"@id":"https:\/\/www.entreculturas.org\/en\/#website"},"primaryImageOfPage":{"@id":"https:\/\/www.entreculturas.org\/en\/ficha\/empoderamiento-economico-social-y-politico-de-mujeres-guarani-en-la-autonomia-indigena-charagua-lyambae-en-bolivia-2-2-2-2-2\/#primaryimage"},"image":{"@id":"https:\/\/www.entreculturas.org\/en\/ficha\/empoderamiento-economico-social-y-politico-de-mujeres-guarani-en-la-autonomia-indigena-charagua-lyambae-en-bolivia-2-2-2-2-2\/#primaryimage"},"thumbnailUrl":"https:\/\/www.entreculturas.org\/wp-content\/uploads\/2024\/02\/placeholder04.png","datePublished":"2020-10-30T10:14:00+00:00","dateModified":"2024-10-30T10:28:50+00:00","description":"Creaci\u00f3n y difusi\u00f3n de recursos educativos junto con fortalecimiento de espacios de trabajo conjunto con profesorado y alumnado.","breadcrumb":{"@id":"https:\/\/www.entreculturas.org\/en\/ficha\/empoderamiento-economico-social-y-politico-de-mujeres-guarani-en-la-autonomia-indigena-charagua-lyambae-en-bolivia-2-2-2-2-2\/#breadcrumb"},"inLanguage":"en-US","potentialAction":[{"@type":"ReadAction","target":["https:\/\/www.entreculturas.org\/en\/ficha\/empoderamiento-economico-social-y-politico-de-mujeres-guarani-en-la-autonomia-indigena-charagua-lyambae-en-bolivia-2-2-2-2-2\/"]}]},{"@type":"ImageObject","inLanguage":"en-US","@id":"https:\/\/www.entreculturas.org\/en\/ficha\/empoderamiento-economico-social-y-politico-de-mujeres-guarani-en-la-autonomia-indigena-charagua-lyambae-en-bolivia-2-2-2-2-2\/#primaryimage","url":"https:\/\/www.entreculturas.org\/wp-content\/uploads\/2024\/02\/placeholder04.png","contentUrl":"https:\/\/www.entreculturas.org\/wp-content\/uploads\/2024\/02\/placeholder04.png","width":585,"height":699,"caption":"corazon"},{"@type":"BreadcrumbList","@id":"https:\/\/www.entreculturas.org\/en\/ficha\/empoderamiento-economico-social-y-politico-de-mujeres-guarani-en-la-autonomia-indigena-charagua-lyambae-en-bolivia-2-2-2-2-2\/#breadcrumb","itemListElement":[{"@type":"ListItem","position":1,"name":"Home","item":"https:\/\/www.entreculturas.org\/en\/"},{"@type":"ListItem","position":2,"name":"Escuelas transformadoras: caminando hacia la Agenda 2030 desde las aulas"}]},{"@type":"WebSite","@id":"https:\/\/www.entreculturas.org\/en\/#website","url":"https:\/\/www.entreculturas.org\/en\/","name":"Entreculturas","description":"","publisher":{"@id":"https:\/\/www.entreculturas.org\/en\/#organization"},"alternateName":"Entreculturas","potentialAction":[{"@type":"SearchAction","target":{"@type":"EntryPoint","urlTemplate":"https:\/\/www.entreculturas.org\/en\/?s={search_term_string}"},"query-input":{"@type":"PropertyValueSpecification","valueRequired":true,"valueName":"search_term_string"}}],"inLanguage":"en-US"},{"@type":"Organization","@id":"https:\/\/www.entreculturas.org\/en\/#organization","name":"Entreculturas","url":"https:\/\/www.entreculturas.org\/en\/","logo":{"@type":"ImageObject","inLanguage":"en-US","@id":"https:\/\/www.entreculturas.org\/en\/#\/schema\/logo\/image\/","url":"https:\/\/www.entreculturas.org\/wp-content\/uploads\/2025\/10\/ESP.svg","contentUrl":"https:\/\/www.entreculturas.org\/wp-content\/uploads\/2025\/10\/ESP.svg","caption":"Entreculturas"},"image":{"@id":"https:\/\/www.entreculturas.org\/en\/#\/schema\/logo\/image\/"},"sameAs":["https:\/\/www.facebook.com\/entreculturas","https:\/\/x.com\/Entreculturas","https:\/\/www.instagram.com\/entreculturas\/","https:\/\/www.youtube.com\/user\/entreculturasvideo","https:\/\/www.linkedin.com\/company\/fundacion-entreculturas-ngdo\/","https:\/\/www.flickr.com\/photos\/98455522@N04\/albums\/"]}]}},"_links":{"self":[{"href":"https:\/\/www.entreculturas.org\/en\/wp-json\/wp\/v2\/ficha\/34849","targetHints":{"allow":["GET"]}}],"collection":[{"href":"https:\/\/www.entreculturas.org\/en\/wp-json\/wp\/v2\/ficha"}],"about":[{"href":"https:\/\/www.entreculturas.org\/en\/wp-json\/wp\/v2\/types\/ficha"}],"wp:featuredmedia":[{"embeddable":true,"href":"https:\/\/www.entreculturas.org\/en\/wp-json\/wp\/v2\/media\/20552"}],"wp:attachment":[{"href":"https:\/\/www.entreculturas.org\/en\/wp-json\/wp\/v2\/media?parent=34849"}],"wp:term":[{"taxonomy":"country","embeddable":true,"href":"https:\/\/www.entreculturas.org\/en\/wp-json\/wp\/v2\/country?post=34849"},{"taxonomy":"cause","embeddable":true,"href":"https:\/\/www.entreculturas.org\/en\/wp-json\/wp\/v2\/cause?post=34849"},{"taxonomy":"link-pdf","embeddable":true,"href":"https:\/\/www.entreculturas.org\/en\/wp-json\/wp\/v2\/link-pdf?post=34849"},{"taxonomy":"anio","embeddable":true,"href":"https:\/\/www.entreculturas.org\/en\/wp-json\/wp\/v2\/anio?post=34849"}],"curies":[{"name":"wp","href":"https:\/\/api.w.org\/{rel}","templated":true}]}}