{"id":10280,"date":"2022-12-11T15:54:34","date_gmt":"2022-12-11T14:54:34","guid":{"rendered":"https:\/\/www.entreculturas.org\/ficha\/formacion-e-insercion-laboral-con-enfoque-de-genero-para-la-poblacion-desplazada-con-especial-atencion-a-jovenes-en-riesgo-y-mujeres-en-goma-provincia-de-nord-kivu\/"},"modified":"2024-03-12T09:20:38","modified_gmt":"2024-03-12T08:20:38","slug":"formacion-e-insercion-laboral-con-enfoque-de-genero-para-la-poblacion-desplazada-con-especial-atencion-a-jovenes-en-riesgo-y-mujeres-en-goma-provincia-de-nord-kivu","status":"publish","type":"ficha","link":"https:\/\/www.entreculturas.org\/en\/ficha\/formacion-e-insercion-laboral-con-enfoque-de-genero-para-la-poblacion-desplazada-con-especial-atencion-a-jovenes-en-riesgo-y-mujeres-en-goma-provincia-de-nord-kivu\/","title":{"rendered":"Formaci\u00f3n e inserci\u00f3n laboral con enfoque de g\u00e9nero para la poblaci\u00f3n desplazada, con especial atenci\u00f3n a j\u00f3venes en riesgo y mujeres, en Goma, provincia de Nord Kivu."},"content":{"rendered":"<p>Promover el acceso a un trabajo digno y a la generaci\u00f3n de ingresos sostenibles con equidad de g\u00e9nero para la<br \/>\npoblaci\u00f3n en situaci\u00f3n de desplazamiento en Goma capital de la provincia de Nord Kivu. Asimismo, facilitar el<br \/>\nacceso al mercado laboral a 320 personas en situaci\u00f3n de desplazamiento, con especial atenci\u00f3n a j\u00f3venes en<br \/>\nriesgo y mujeres.<\/p>\n","protected":false},"excerpt":{"rendered":"<p>Promover el acceso a un trabajo digno y a la generaci\u00f3n de ingresos sostenibles con equidad de g\u00e9nero para la poblaci\u00f3n en situaci\u00f3n de desplazamiento en Goma capital de la provincia de Nord Kivu. Asimismo, facilitar el acceso al mercado laboral a 320 personas en situaci\u00f3n de desplazamiento, con especial atenci\u00f3n a j\u00f3venes en riesgo y mujeres.<\/p>\n","protected":false},"featured_media":20552,"template":"","country":[318],"cause":[128,130,131,129],"link-pdf":[409],"anio":[403],"class_list":["post-10280","ficha","type-ficha","status-publish","has-post-thumbnail","hentry","country-republica-democratica-del-congo","cause-educacion","cause-genero","cause-justicia-medioambiental","cause-migracion-y-refugio","link-pdf-https-drive-google-com-file-d-14ooevbwdihrifpxibxmg7hspg79qudlw-viewuspsharing","anio-403"],"acf":[],"yoast_head":"<!-- This site is optimized with the Yoast SEO Premium plugin v21.6 (Yoast SEO v27.5) - https:\/\/yoast.com\/product\/yoast-seo-premium-wordpress\/ -->\n<title>Formaci\u00f3n e inserci\u00f3n laboral con enfoque de g\u00e9nero para la poblaci\u00f3n desplazada, con especial atenci\u00f3n a j\u00f3venes en riesgo y mujeres, en Goma, provincia de Nord Kivu. - Entreculturas<\/title>\n<meta name=\"robots\" content=\"noindex, follow\" \/>\n<meta property=\"og:locale\" content=\"en_US\" \/>\n<meta property=\"og:type\" content=\"article\" \/>\n<meta property=\"og:title\" content=\"Formaci\u00f3n e inserci\u00f3n laboral con enfoque de g\u00e9nero para la poblaci\u00f3n desplazada, con especial atenci\u00f3n a j\u00f3venes en riesgo y mujeres, en Goma, provincia de Nord Kivu.\" \/>\n<meta property=\"og:description\" content=\"Promover el acceso a un trabajo digno y a la generaci\u00f3n de ingresos sostenibles con equidad de g\u00e9nero para la poblaci\u00f3n en situaci\u00f3n de desplazamiento en Goma capital de la provincia de Nord Kivu. Asimismo, facilitar el acceso al mercado laboral a 320 personas en situaci\u00f3n de desplazamiento, con especial atenci\u00f3n a j\u00f3venes en riesgo y mujeres.\" \/>\n<meta property=\"og:url\" content=\"https:\/\/www.entreculturas.org\/en\/ficha\/formacion-e-insercion-laboral-con-enfoque-de-genero-para-la-poblacion-desplazada-con-especial-atencion-a-jovenes-en-riesgo-y-mujeres-en-goma-provincia-de-nord-kivu\/\" \/>\n<meta property=\"og:site_name\" content=\"Entreculturas\" \/>\n<meta property=\"article:publisher\" content=\"https:\/\/www.facebook.com\/entreculturas\" \/>\n<meta property=\"article:modified_time\" content=\"2024-03-12T08:20:38+00:00\" \/>\n<meta property=\"og:image\" content=\"https:\/\/www.entreculturas.org\/wp-content\/uploads\/2024\/02\/placeholder04.png\" \/>\n\t<meta property=\"og:image:width\" content=\"585\" \/>\n\t<meta property=\"og:image:height\" content=\"699\" \/>\n\t<meta property=\"og:image:type\" content=\"image\/png\" \/>\n<meta name=\"twitter:card\" content=\"summary_large_image\" \/>\n<meta name=\"twitter:site\" content=\"@Entreculturas\" \/>\n<script type=\"application\/ld+json\" class=\"yoast-schema-graph\">{\"@context\":\"https:\\\/\\\/schema.org\",\"@graph\":[{\"@type\":\"WebPage\",\"@id\":\"https:\\\/\\\/www.entreculturas.org\\\/en\\\/ficha\\\/formacion-e-insercion-laboral-con-enfoque-de-genero-para-la-poblacion-desplazada-con-especial-atencion-a-jovenes-en-riesgo-y-mujeres-en-goma-provincia-de-nord-kivu\\\/\",\"url\":\"https:\\\/\\\/www.entreculturas.org\\\/en\\\/ficha\\\/formacion-e-insercion-laboral-con-enfoque-de-genero-para-la-poblacion-desplazada-con-especial-atencion-a-jovenes-en-riesgo-y-mujeres-en-goma-provincia-de-nord-kivu\\\/\",\"name\":\"Formaci\u00f3n e inserci\u00f3n laboral con enfoque de g\u00e9nero para la poblaci\u00f3n desplazada, con especial atenci\u00f3n a j\u00f3venes en riesgo y mujeres, en Goma, provincia de Nord Kivu. - Entreculturas\",\"isPartOf\":{\"@id\":\"https:\\\/\\\/www.entreculturas.org\\\/en\\\/#website\"},\"primaryImageOfPage\":{\"@id\":\"https:\\\/\\\/www.entreculturas.org\\\/en\\\/ficha\\\/formacion-e-insercion-laboral-con-enfoque-de-genero-para-la-poblacion-desplazada-con-especial-atencion-a-jovenes-en-riesgo-y-mujeres-en-goma-provincia-de-nord-kivu\\\/#primaryimage\"},\"image\":{\"@id\":\"https:\\\/\\\/www.entreculturas.org\\\/en\\\/ficha\\\/formacion-e-insercion-laboral-con-enfoque-de-genero-para-la-poblacion-desplazada-con-especial-atencion-a-jovenes-en-riesgo-y-mujeres-en-goma-provincia-de-nord-kivu\\\/#primaryimage\"},\"thumbnailUrl\":\"https:\\\/\\\/www.entreculturas.org\\\/wp-content\\\/uploads\\\/2024\\\/02\\\/placeholder04.png\",\"datePublished\":\"2022-12-11T14:54:34+00:00\",\"dateModified\":\"2024-03-12T08:20:38+00:00\",\"breadcrumb\":{\"@id\":\"https:\\\/\\\/www.entreculturas.org\\\/en\\\/ficha\\\/formacion-e-insercion-laboral-con-enfoque-de-genero-para-la-poblacion-desplazada-con-especial-atencion-a-jovenes-en-riesgo-y-mujeres-en-goma-provincia-de-nord-kivu\\\/#breadcrumb\"},\"inLanguage\":\"en-US\",\"potentialAction\":[{\"@type\":\"ReadAction\",\"target\":[\"https:\\\/\\\/www.entreculturas.org\\\/en\\\/ficha\\\/formacion-e-insercion-laboral-con-enfoque-de-genero-para-la-poblacion-desplazada-con-especial-atencion-a-jovenes-en-riesgo-y-mujeres-en-goma-provincia-de-nord-kivu\\\/\"]}]},{\"@type\":\"ImageObject\",\"inLanguage\":\"en-US\",\"@id\":\"https:\\\/\\\/www.entreculturas.org\\\/en\\\/ficha\\\/formacion-e-insercion-laboral-con-enfoque-de-genero-para-la-poblacion-desplazada-con-especial-atencion-a-jovenes-en-riesgo-y-mujeres-en-goma-provincia-de-nord-kivu\\\/#primaryimage\",\"url\":\"https:\\\/\\\/www.entreculturas.org\\\/wp-content\\\/uploads\\\/2024\\\/02\\\/placeholder04.png\",\"contentUrl\":\"https:\\\/\\\/www.entreculturas.org\\\/wp-content\\\/uploads\\\/2024\\\/02\\\/placeholder04.png\",\"width\":585,\"height\":699,\"caption\":\"corazon\"},{\"@type\":\"BreadcrumbList\",\"@id\":\"https:\\\/\\\/www.entreculturas.org\\\/en\\\/ficha\\\/formacion-e-insercion-laboral-con-enfoque-de-genero-para-la-poblacion-desplazada-con-especial-atencion-a-jovenes-en-riesgo-y-mujeres-en-goma-provincia-de-nord-kivu\\\/#breadcrumb\",\"itemListElement\":[{\"@type\":\"ListItem\",\"position\":1,\"name\":\"Home\",\"item\":\"https:\\\/\\\/www.entreculturas.org\\\/en\\\/\"},{\"@type\":\"ListItem\",\"position\":2,\"name\":\"Formaci\u00f3n e inserci\u00f3n laboral con enfoque de g\u00e9nero para la poblaci\u00f3n desplazada, con especial atenci\u00f3n a j\u00f3venes en riesgo y mujeres, en Goma, provincia de Nord Kivu.\"}]},{\"@type\":\"WebSite\",\"@id\":\"https:\\\/\\\/www.entreculturas.org\\\/en\\\/#website\",\"url\":\"https:\\\/\\\/www.entreculturas.org\\\/en\\\/\",\"name\":\"Entreculturas\",\"description\":\"\",\"publisher\":{\"@id\":\"https:\\\/\\\/www.entreculturas.org\\\/en\\\/#organization\"},\"alternateName\":\"Entreculturas\",\"potentialAction\":[{\"@type\":\"SearchAction\",\"target\":{\"@type\":\"EntryPoint\",\"urlTemplate\":\"https:\\\/\\\/www.entreculturas.org\\\/en\\\/?s={search_term_string}\"},\"query-input\":{\"@type\":\"PropertyValueSpecification\",\"valueRequired\":true,\"valueName\":\"search_term_string\"}}],\"inLanguage\":\"en-US\"},{\"@type\":\"Organization\",\"@id\":\"https:\\\/\\\/www.entreculturas.org\\\/en\\\/#organization\",\"name\":\"Entreculturas\",\"url\":\"https:\\\/\\\/www.entreculturas.org\\\/en\\\/\",\"logo\":{\"@type\":\"ImageObject\",\"inLanguage\":\"en-US\",\"@id\":\"https:\\\/\\\/www.entreculturas.org\\\/en\\\/#\\\/schema\\\/logo\\\/image\\\/\",\"url\":\"https:\\\/\\\/www.entreculturas.org\\\/wp-content\\\/uploads\\\/2025\\\/10\\\/ESP.svg\",\"contentUrl\":\"https:\\\/\\\/www.entreculturas.org\\\/wp-content\\\/uploads\\\/2025\\\/10\\\/ESP.svg\",\"caption\":\"Entreculturas\"},\"image\":{\"@id\":\"https:\\\/\\\/www.entreculturas.org\\\/en\\\/#\\\/schema\\\/logo\\\/image\\\/\"},\"sameAs\":[\"https:\\\/\\\/www.facebook.com\\\/entreculturas\",\"https:\\\/\\\/x.com\\\/Entreculturas\",\"https:\\\/\\\/www.instagram.com\\\/entreculturas\\\/\",\"https:\\\/\\\/www.youtube.com\\\/user\\\/entreculturasvideo\",\"https:\\\/\\\/www.linkedin.com\\\/company\\\/fundacion-entreculturas-ngdo\\\/\",\"https:\\\/\\\/www.flickr.com\\\/photos\\\/98455522@N04\\\/albums\\\/\"]}]}<\/script>\n<!-- \/ Yoast SEO Premium plugin. -->","yoast_head_json":{"title":"Formaci\u00f3n e inserci\u00f3n laboral con enfoque de g\u00e9nero para la poblaci\u00f3n desplazada, con especial atenci\u00f3n a j\u00f3venes en riesgo y mujeres, en Goma, provincia de Nord Kivu. - Entreculturas","robots":{"index":"noindex","follow":"follow"},"og_locale":"en_US","og_type":"article","og_title":"Formaci\u00f3n e inserci\u00f3n laboral con enfoque de g\u00e9nero para la poblaci\u00f3n desplazada, con especial atenci\u00f3n a j\u00f3venes en riesgo y mujeres, en Goma, provincia de Nord Kivu.","og_description":"Promover el acceso a un trabajo digno y a la generaci\u00f3n de ingresos sostenibles con equidad de g\u00e9nero para la poblaci\u00f3n en situaci\u00f3n de desplazamiento en Goma capital de la provincia de Nord Kivu. Asimismo, facilitar el acceso al mercado laboral a 320 personas en situaci\u00f3n de desplazamiento, con especial atenci\u00f3n a j\u00f3venes en riesgo y mujeres.","og_url":"https:\/\/www.entreculturas.org\/en\/ficha\/formacion-e-insercion-laboral-con-enfoque-de-genero-para-la-poblacion-desplazada-con-especial-atencion-a-jovenes-en-riesgo-y-mujeres-en-goma-provincia-de-nord-kivu\/","og_site_name":"Entreculturas","article_publisher":"https:\/\/www.facebook.com\/entreculturas","article_modified_time":"2024-03-12T08:20:38+00:00","og_image":[{"width":585,"height":699,"url":"https:\/\/www.entreculturas.org\/wp-content\/uploads\/2024\/02\/placeholder04.png","type":"image\/png"}],"twitter_card":"summary_large_image","twitter_site":"@Entreculturas","schema":{"@context":"https:\/\/schema.org","@graph":[{"@type":"WebPage","@id":"https:\/\/www.entreculturas.org\/en\/ficha\/formacion-e-insercion-laboral-con-enfoque-de-genero-para-la-poblacion-desplazada-con-especial-atencion-a-jovenes-en-riesgo-y-mujeres-en-goma-provincia-de-nord-kivu\/","url":"https:\/\/www.entreculturas.org\/en\/ficha\/formacion-e-insercion-laboral-con-enfoque-de-genero-para-la-poblacion-desplazada-con-especial-atencion-a-jovenes-en-riesgo-y-mujeres-en-goma-provincia-de-nord-kivu\/","name":"Formaci\u00f3n e inserci\u00f3n laboral con enfoque de g\u00e9nero para la poblaci\u00f3n desplazada, con especial atenci\u00f3n a j\u00f3venes en riesgo y mujeres, en Goma, provincia de Nord Kivu. - Entreculturas","isPartOf":{"@id":"https:\/\/www.entreculturas.org\/en\/#website"},"primaryImageOfPage":{"@id":"https:\/\/www.entreculturas.org\/en\/ficha\/formacion-e-insercion-laboral-con-enfoque-de-genero-para-la-poblacion-desplazada-con-especial-atencion-a-jovenes-en-riesgo-y-mujeres-en-goma-provincia-de-nord-kivu\/#primaryimage"},"image":{"@id":"https:\/\/www.entreculturas.org\/en\/ficha\/formacion-e-insercion-laboral-con-enfoque-de-genero-para-la-poblacion-desplazada-con-especial-atencion-a-jovenes-en-riesgo-y-mujeres-en-goma-provincia-de-nord-kivu\/#primaryimage"},"thumbnailUrl":"https:\/\/www.entreculturas.org\/wp-content\/uploads\/2024\/02\/placeholder04.png","datePublished":"2022-12-11T14:54:34+00:00","dateModified":"2024-03-12T08:20:38+00:00","breadcrumb":{"@id":"https:\/\/www.entreculturas.org\/en\/ficha\/formacion-e-insercion-laboral-con-enfoque-de-genero-para-la-poblacion-desplazada-con-especial-atencion-a-jovenes-en-riesgo-y-mujeres-en-goma-provincia-de-nord-kivu\/#breadcrumb"},"inLanguage":"en-US","potentialAction":[{"@type":"ReadAction","target":["https:\/\/www.entreculturas.org\/en\/ficha\/formacion-e-insercion-laboral-con-enfoque-de-genero-para-la-poblacion-desplazada-con-especial-atencion-a-jovenes-en-riesgo-y-mujeres-en-goma-provincia-de-nord-kivu\/"]}]},{"@type":"ImageObject","inLanguage":"en-US","@id":"https:\/\/www.entreculturas.org\/en\/ficha\/formacion-e-insercion-laboral-con-enfoque-de-genero-para-la-poblacion-desplazada-con-especial-atencion-a-jovenes-en-riesgo-y-mujeres-en-goma-provincia-de-nord-kivu\/#primaryimage","url":"https:\/\/www.entreculturas.org\/wp-content\/uploads\/2024\/02\/placeholder04.png","contentUrl":"https:\/\/www.entreculturas.org\/wp-content\/uploads\/2024\/02\/placeholder04.png","width":585,"height":699,"caption":"corazon"},{"@type":"BreadcrumbList","@id":"https:\/\/www.entreculturas.org\/en\/ficha\/formacion-e-insercion-laboral-con-enfoque-de-genero-para-la-poblacion-desplazada-con-especial-atencion-a-jovenes-en-riesgo-y-mujeres-en-goma-provincia-de-nord-kivu\/#breadcrumb","itemListElement":[{"@type":"ListItem","position":1,"name":"Home","item":"https:\/\/www.entreculturas.org\/en\/"},{"@type":"ListItem","position":2,"name":"Formaci\u00f3n e inserci\u00f3n laboral con enfoque de g\u00e9nero para la poblaci\u00f3n desplazada, con especial atenci\u00f3n a j\u00f3venes en riesgo y mujeres, en Goma, provincia de Nord Kivu."}]},{"@type":"WebSite","@id":"https:\/\/www.entreculturas.org\/en\/#website","url":"https:\/\/www.entreculturas.org\/en\/","name":"Entreculturas","description":"","publisher":{"@id":"https:\/\/www.entreculturas.org\/en\/#organization"},"alternateName":"Entreculturas","potentialAction":[{"@type":"SearchAction","target":{"@type":"EntryPoint","urlTemplate":"https:\/\/www.entreculturas.org\/en\/?s={search_term_string}"},"query-input":{"@type":"PropertyValueSpecification","valueRequired":true,"valueName":"search_term_string"}}],"inLanguage":"en-US"},{"@type":"Organization","@id":"https:\/\/www.entreculturas.org\/en\/#organization","name":"Entreculturas","url":"https:\/\/www.entreculturas.org\/en\/","logo":{"@type":"ImageObject","inLanguage":"en-US","@id":"https:\/\/www.entreculturas.org\/en\/#\/schema\/logo\/image\/","url":"https:\/\/www.entreculturas.org\/wp-content\/uploads\/2025\/10\/ESP.svg","contentUrl":"https:\/\/www.entreculturas.org\/wp-content\/uploads\/2025\/10\/ESP.svg","caption":"Entreculturas"},"image":{"@id":"https:\/\/www.entreculturas.org\/en\/#\/schema\/logo\/image\/"},"sameAs":["https:\/\/www.facebook.com\/entreculturas","https:\/\/x.com\/Entreculturas","https:\/\/www.instagram.com\/entreculturas\/","https:\/\/www.youtube.com\/user\/entreculturasvideo","https:\/\/www.linkedin.com\/company\/fundacion-entreculturas-ngdo\/","https:\/\/www.flickr.com\/photos\/98455522@N04\/albums\/"]}]}},"_links":{"self":[{"href":"https:\/\/www.entreculturas.org\/en\/wp-json\/wp\/v2\/ficha\/10280","targetHints":{"allow":["GET"]}}],"collection":[{"href":"https:\/\/www.entreculturas.org\/en\/wp-json\/wp\/v2\/ficha"}],"about":[{"href":"https:\/\/www.entreculturas.org\/en\/wp-json\/wp\/v2\/types\/ficha"}],"wp:featuredmedia":[{"embeddable":true,"href":"https:\/\/www.entreculturas.org\/en\/wp-json\/wp\/v2\/media\/20552"}],"wp:attachment":[{"href":"https:\/\/www.entreculturas.org\/en\/wp-json\/wp\/v2\/media?parent=10280"}],"wp:term":[{"taxonomy":"country","embeddable":true,"href":"https:\/\/www.entreculturas.org\/en\/wp-json\/wp\/v2\/country?post=10280"},{"taxonomy":"cause","embeddable":true,"href":"https:\/\/www.entreculturas.org\/en\/wp-json\/wp\/v2\/cause?post=10280"},{"taxonomy":"link-pdf","embeddable":true,"href":"https:\/\/www.entreculturas.org\/en\/wp-json\/wp\/v2\/link-pdf?post=10280"},{"taxonomy":"anio","embeddable":true,"href":"https:\/\/www.entreculturas.org\/en\/wp-json\/wp\/v2\/anio?post=10280"}],"curies":[{"name":"wp","href":"https:\/\/api.w.org\/{rel}","templated":true}]}}