{"version":"1.0","provider_name":"Entreculturas","provider_url":"https:\/\/www.entreculturas.org\/en\/","title":"Unidad Did\u00e1ctica Emergencia Ecuador","type":"rich","width":600,"height":338,"html":"<blockquote class=\"wp-embedded-content\" data-secret=\"Ey2NyycnE7\"><a href=\"https:\/\/www.entreculturas.org\/en\/publicacion\/unidad-didactica-emergencia-ecuador\/\">Unidad Did\u00e1ctica Emergencia Ecuador<\/a><\/blockquote><iframe sandbox=\"allow-scripts\" security=\"restricted\" src=\"https:\/\/www.entreculturas.org\/en\/publicacion\/unidad-didactica-emergencia-ecuador\/embed\/#?secret=Ey2NyycnE7\" width=\"600\" height=\"338\" title=\"&#8220;Unidad Did\u00e1ctica Emergencia Ecuador&#8221; &#8212; Entreculturas\" data-secret=\"Ey2NyycnE7\" frameborder=\"0\" marginwidth=\"0\" marginheight=\"0\" scrolling=\"no\" class=\"wp-embedded-content\"><\/iframe><script>\n\/*! This file is auto-generated *\/\n!function(d,l){\"use strict\";l.querySelector&&d.addEventListener&&\"undefined\"!=typeof URL&&(d.wp=d.wp||{},d.wp.receiveEmbedMessage||(d.wp.receiveEmbedMessage=function(e){var t=e.data;if((t||t.secret||t.message||t.value)&&!\/[^a-zA-Z0-9]\/.test(t.secret)){for(var s,r,n,a=l.querySelectorAll('iframe[data-secret=\"'+t.secret+'\"]'),o=l.querySelectorAll('blockquote[data-secret=\"'+t.secret+'\"]'),c=new RegExp(\"^https?:$\",\"i\"),i=0;i<o.length;i++)o[i].style.display=\"none\";for(i=0;i<a.length;i++)s=a[i],e.source===s.contentWindow&&(s.removeAttribute(\"style\"),\"height\"===t.message?(1e3<(r=parseInt(t.value,10))?r=1e3:~~r<200&&(r=200),s.height=r):\"link\"===t.message&&(r=new URL(s.getAttribute(\"src\")),n=new URL(t.value),c.test(n.protocol))&&n.host===r.host&&l.activeElement===s&&(d.top.location.href=t.value))}},d.addEventListener(\"message\",d.wp.receiveEmbedMessage,!1),l.addEventListener(\"DOMContentLoaded\",function(){for(var e,t,s=l.querySelectorAll(\"iframe.wp-embedded-content\"),r=0;r<s.length;r++)(t=(e=s[r]).getAttribute(\"data-secret\"))||(t=Math.random().toString(36).substring(2,12),e.src+=\"#?secret=\"+t,e.setAttribute(\"data-secret\",t)),e.contentWindow.postMessage({message:\"ready\",secret:t},\"*\")},!1)))}(window,document);\n\/\/# sourceURL=https:\/\/www.entreculturas.org\/wp-includes\/js\/wp-embed.min.js\n<\/script>\n","thumbnail_url":"https:\/\/www.entreculturas.org\/wp-content\/uploads\/2016\/04\/ud_terremoto_ecuador_2016_1_0.jpg","thumbnail_width":1654,"thumbnail_height":2339,"description":"El s\u00e1bado 16 de abril de 2016, a las 18:58 hora local, Ecuador vivi\u00f3 el peor se\u00edsmo que ha sufrido el pa\u00eds en los \u00faltimos 67 a\u00f1os. El terremoto, de 7.8 puntos en la Escala Richter, tuvo su epicentro en la costa norte de Ecuador. Afect\u00f3 principalmente a toda la zona costera, entre la que se encuentran las provincias de Esmeraldas y Manab\u00ed, alcanzando tambi\u00e9n a otras provincias de la costa ecuatoriana como Guayas, Santa Elene, Los R\u00edos, Santo Domingo o El Oro, adem\u00e1s de varias provincias de la Sierra Norte, Central y Sur. Tras este primer terremoto, se registraron m\u00e1s de 417 r\u00e9plicas que alcanzaron los 6 grados y cuyo impacto lleg\u00f3 a sentirse en varios departamentos colombianos y peruanos. Las r\u00e9plicas se siguen sucediendo, agravando las consecuencias causadas por el primer se\u00edsmo. Sin embargo, el impacto de los terremotos no es igual en todas las zonas. En contraste [&hellip;]"}