{"version":"1.0","provider_name":"Entreculturas","provider_url":"https:\/\/www.entreculturas.org\/en\/","title":"Queremos ni\u00f1as libres y felices en Guatemala","type":"rich","width":600,"height":338,"html":"<blockquote class=\"wp-embedded-content\" data-secret=\"y8taQVgDsz\"><a href=\"https:\/\/www.entreculturas.org\/en\/noticia\/queremos-ninas-libres-y-felices-en-guatemala\/\">Queremos ni\u00f1as libres y felices en Guatemala<\/a><\/blockquote><iframe sandbox=\"allow-scripts\" security=\"restricted\" src=\"https:\/\/www.entreculturas.org\/en\/noticia\/queremos-ninas-libres-y-felices-en-guatemala\/embed\/#?secret=y8taQVgDsz\" width=\"600\" height=\"338\" title=\"&#8220;Queremos ni\u00f1as libres y felices en Guatemala&#8221; &#8212; Entreculturas\" data-secret=\"y8taQVgDsz\" frameborder=\"0\" marginwidth=\"0\" marginheight=\"0\" scrolling=\"no\" class=\"wp-embedded-content\"><\/iframe><script>\n\/*! This file is auto-generated *\/\n!function(d,l){\"use strict\";l.querySelector&&d.addEventListener&&\"undefined\"!=typeof URL&&(d.wp=d.wp||{},d.wp.receiveEmbedMessage||(d.wp.receiveEmbedMessage=function(e){var t=e.data;if((t||t.secret||t.message||t.value)&&!\/[^a-zA-Z0-9]\/.test(t.secret)){for(var s,r,n,a=l.querySelectorAll('iframe[data-secret=\"'+t.secret+'\"]'),o=l.querySelectorAll('blockquote[data-secret=\"'+t.secret+'\"]'),c=new RegExp(\"^https?:$\",\"i\"),i=0;i<o.length;i++)o[i].style.display=\"none\";for(i=0;i<a.length;i++)s=a[i],e.source===s.contentWindow&&(s.removeAttribute(\"style\"),\"height\"===t.message?(1e3<(r=parseInt(t.value,10))?r=1e3:~~r<200&&(r=200),s.height=r):\"link\"===t.message&&(r=new URL(s.getAttribute(\"src\")),n=new URL(t.value),c.test(n.protocol))&&n.host===r.host&&l.activeElement===s&&(d.top.location.href=t.value))}},d.addEventListener(\"message\",d.wp.receiveEmbedMessage,!1),l.addEventListener(\"DOMContentLoaded\",function(){for(var e,t,s=l.querySelectorAll(\"iframe.wp-embedded-content\"),r=0;r<s.length;r++)(t=(e=s[r]).getAttribute(\"data-secret\"))||(t=Math.random().toString(36).substring(2,12),e.src+=\"#?secret=\"+t,e.setAttribute(\"data-secret\",t)),e.contentWindow.postMessage({message:\"ready\",secret:t},\"*\")},!1)))}(window,document);\n\/\/# sourceURL=https:\/\/www.entreculturas.org\/wp-includes\/js\/wp-embed.min.js\n<\/script>\n","thumbnail_url":"https:\/\/www.entreculturas.org\/wp-content\/uploads\/2019\/01\/repor-guate.jpg","thumbnail_width":800,"thumbnail_height":600,"description":"Cuando llega el fin de semana, el colegio Ciudad de San Crist\u00f3bal, de Fe y Alegr\u00eda, no cierra sus puertas. El centro permanece abierto para que las ni\u00f1as y adolescentes puedan asistir a su Club de Ni\u00f1as o a su C\u00edrculo Feliz. Como \u00e9ste, otros 7 colegios de Ciudad de Guatemala dan cabida a estos espacios de protecci\u00f3n pensados para que las alumnas encuentren motivaci\u00f3n, escucha y refuerzo escolar tras las horas lectivas. Guatemala es uno de los pa\u00edses m\u00e1s pobres de Am\u00e9rica Latina y uno de los m\u00e1s desiguales en una regi\u00f3n que padece los \u00edndices de desigualdad m\u00e1s altos del mundo. A las desigualdades entre pobres y ricos se suma la brecha existente entre hombres y mujeres, convirtiendo a este pa\u00eds centroamericano en el segundo con la tasa de desigualdad de g\u00e9nero m\u00e1s alta de Am\u00e9rica Latina, solo superado por Hait\u00ed, seg\u00fan datos del PNUD (Informe Mundial sobre [&hellip;]"}