{"version":"1.0","provider_name":"Entreculturas","provider_url":"https:\/\/www.entreculturas.org\/en\/","title":"Carmen Arnuncio, VOLPA en Per\u00fa","type":"rich","width":600,"height":338,"html":"<blockquote class=\"wp-embedded-content\" data-secret=\"skj6hyCvRU\"><a href=\"https:\/\/www.entreculturas.org\/en\/noticia\/carmen-arnuncio-volpa-en-peru\/\">Carmen Arnuncio, VOLPA en Per\u00fa<\/a><\/blockquote><iframe sandbox=\"allow-scripts\" security=\"restricted\" src=\"https:\/\/www.entreculturas.org\/en\/noticia\/carmen-arnuncio-volpa-en-peru\/embed\/#?secret=skj6hyCvRU\" width=\"600\" height=\"338\" title=\"&#8220;Carmen Arnuncio, VOLPA en Per\u00fa&#8221; &#8212; Entreculturas\" data-secret=\"skj6hyCvRU\" frameborder=\"0\" marginwidth=\"0\" marginheight=\"0\" scrolling=\"no\" class=\"wp-embedded-content\"><\/iframe><script>\n\/*! This file is auto-generated *\/\n!function(d,l){\"use strict\";l.querySelector&&d.addEventListener&&\"undefined\"!=typeof URL&&(d.wp=d.wp||{},d.wp.receiveEmbedMessage||(d.wp.receiveEmbedMessage=function(e){var t=e.data;if((t||t.secret||t.message||t.value)&&!\/[^a-zA-Z0-9]\/.test(t.secret)){for(var s,r,n,a=l.querySelectorAll('iframe[data-secret=\"'+t.secret+'\"]'),o=l.querySelectorAll('blockquote[data-secret=\"'+t.secret+'\"]'),c=new RegExp(\"^https?:$\",\"i\"),i=0;i<o.length;i++)o[i].style.display=\"none\";for(i=0;i<a.length;i++)s=a[i],e.source===s.contentWindow&&(s.removeAttribute(\"style\"),\"height\"===t.message?(1e3<(r=parseInt(t.value,10))?r=1e3:~~r<200&&(r=200),s.height=r):\"link\"===t.message&&(r=new URL(s.getAttribute(\"src\")),n=new URL(t.value),c.test(n.protocol))&&n.host===r.host&&l.activeElement===s&&(d.top.location.href=t.value))}},d.addEventListener(\"message\",d.wp.receiveEmbedMessage,!1),l.addEventListener(\"DOMContentLoaded\",function(){for(var e,t,s=l.querySelectorAll(\"iframe.wp-embedded-content\"),r=0;r<s.length;r++)(t=(e=s[r]).getAttribute(\"data-secret\"))||(t=Math.random().toString(36).substring(2,12),e.src+=\"#?secret=\"+t,e.setAttribute(\"data-secret\",t)),e.contentWindow.postMessage({message:\"ready\",secret:t},\"*\")},!1)))}(window,document);\n\/\/# sourceURL=https:\/\/www.entreculturas.org\/wp-includes\/js\/wp-embed.min.js\n<\/script>\n","thumbnail_url":"https:\/\/www.entreculturas.org\/wp-content\/uploads\/2023\/12\/volpa_peru2.jpg","thumbnail_width":500,"thumbnail_height":375,"description":"En una de las \u00faltimas din\u00e1micas del proceso de formaci\u00f3n de VOLPA, en el segundo encuentro, nos dieron un peque\u00f1o detalle para que nos acompa\u00f1ara en el camino: una canica. Pero no era la canica en s\u00ed, si no lo que cada uno quer\u00eda que representara. Su motivaci\u00f3n. Su palabra \u2018elegida\u00b4.Yo, sin saber d\u00f3nde iba a ir a parar hace m\u00e1s de un a\u00f1o, escog\u00ed la palabra \u2018Encuentro\u2019. Casualidades de la vida \u2013o no\u2013 que vine a parar aqu\u00ed, a Encuentros SJS- El Agustino (Lima).&nbsp; Hoy, tras ocho meses en esta ciudad inmensa llena de caos y contrastes, sigo redescubriendo a diario esa palabra.&nbsp; Me encuentro conmigo misma todos los d\u00edas cuando me levanto cada ma\u00f1ana en \u2018El Agucho\u2019 y escucho como este distrito, que se ha hecho a s\u00ed mismo a lo largo de su historia, fuerte y con personalidad, nos dice a Jes\u00fas (mi compa\u00f1ero Volpa) y a [&hellip;]"}