{"id":880,"date":"2023-07-06T14:52:55","date_gmt":"2023-07-06T12:52:55","guid":{"rendered":"https:\/\/www.entreculturas.org\/?post_type=xxx&#038;p=880"},"modified":"2024-09-20T09:47:00","modified_gmt":"2024-09-20T07:47:00","slug":"kenia-promoviendo-los-derechos-de-las-ninas-en-el-asentamiento-informal-de-kangemi","status":"publish","type":"xxx","link":"https:\/\/www.entreculturas.org\/ca\/la-luz-de-las-ninas\/noticia\/kenia-promoviendo-los-derechos-de-las-ninas-en-el-asentamiento-informal-de-kangemi\/","title":{"rendered":"Kenia: Promoviendo los derechos de las ni\u00f1as en el asentamiento informal de Kangemi"},"content":{"rendered":"<p><span style=\"font-weight: 400;\">\u201cVengo todos los d\u00edas a la escuela y<\/span><b> espero tener una vida mejor en el futuro gracias a la educaci\u00f3n para ayudar a mi familia y a otras ni\u00f1as que no tengan oportunidades<\/b><span style=\"font-weight: 400;\">. Mi madre tiene muchos problemas para conseguir comida diariamente, se esfuerza mucho para que yo pueda venir a la escuela, aprender, darme de comer\u2026 Tengo 6 hermanas y 2 hermanos, pero solo dos van al colegio y tengo a\u00fan hermanas que no han podido ir\u201d.\u00a0<\/span><\/p>\n<p><span style=\"font-weight: 400;\">Violet es una de las ni\u00f1as que forman parte del proyecto<\/span><b> La LUZ de las NI\u00d1AS<\/b><span style=\"font-weight: 400;\"> en Nairobi, Kenia.<\/span><b> Tiene 14 a\u00f1os y no pudo ir a la escuela por primera vez hasta los 12<\/b><span style=\"font-weight: 400;\">. Su madre, Rehema, se muestra optimista y cuenta que not\u00f3 un gran cambio en su hija desde que va a la escuela: \u201cahora sabe escribir su nombre, leer, est\u00e1 m\u00e1s contenta. Lo que espero es que gracias a la educaci\u00f3n ella pueda tener una vida mejor\u201d.<\/span><\/p>\n<p><span style=\"font-weight: 400;\">Como Violet, otras <\/span><b>70 ni\u00f1as del barrio de chabolas de Kangemi, <\/b><span style=\"font-weight: 400;\">en Nairobi, han participado en nuestro proyecto <\/span><b>La LUZ de las NI\u00d1AS<\/b><span style=\"font-weight: 400;\">. All\u00ed trabajamos junto a la la<\/span><b> Parroquia San Jos\u00e9 Obrero <\/b><span style=\"font-weight: 400;\">con su <\/span><b>programa Upendo<\/b><span style=\"font-weight: 400;\">, que pretende dar respuesta a la grave situaci\u00f3n en esta zona, carente de servicios b\u00e1sicos de educaci\u00f3n y salud, as\u00ed como de infraestructuras de agua y saneamiento indispensable para garantizar condiciones de vida dignas.\u00a0<\/span><\/p>\n<p><img decoding=\"async\" class=\"alignnone wp-image-881 size-full\" src=\"https:\/\/www.entreculturas.org\/wp-content\/uploads\/2023\/07\/IMG_20230530_101418-scaled-1.jpg\" alt=\"\" width=\"2560\" height=\"1920\" srcset=\"https:\/\/www.entreculturas.org\/wp-content\/uploads\/2023\/07\/IMG_20230530_101418-scaled-1.jpg 2560w, https:\/\/www.entreculturas.org\/wp-content\/uploads\/2023\/07\/IMG_20230530_101418-scaled-1-300x225.jpg 300w, https:\/\/www.entreculturas.org\/wp-content\/uploads\/2023\/07\/IMG_20230530_101418-scaled-1-1024x768.jpg 1024w, https:\/\/www.entreculturas.org\/wp-content\/uploads\/2023\/07\/IMG_20230530_101418-scaled-1-768x576.jpg 768w, https:\/\/www.entreculturas.org\/wp-content\/uploads\/2023\/07\/IMG_20230530_101418-scaled-1-1536x1152.jpg 1536w, https:\/\/www.entreculturas.org\/wp-content\/uploads\/2023\/07\/IMG_20230530_101418-scaled-1-2048x1536.jpg 2048w\" sizes=\"(max-width: 2560px) 100vw, 2560px\" \/><i><span style=\"font-weight: 400;\">Violet en el patio de la escuela primaria St. Joseph. \u00a9 Laura Lora\/Entreculturas<\/span><\/i><\/p>\n<p><img decoding=\"async\" class=\"alignnone wp-image-882 size-full\" src=\"https:\/\/www.entreculturas.org\/wp-content\/uploads\/2023\/07\/IMG_20230531_112643-scaled-1.jpg\" alt=\"\" width=\"2560\" height=\"1920\" srcset=\"https:\/\/www.entreculturas.org\/wp-content\/uploads\/2023\/07\/IMG_20230531_112643-scaled-1.jpg 2560w, https:\/\/www.entreculturas.org\/wp-content\/uploads\/2023\/07\/IMG_20230531_112643-scaled-1-300x225.jpg 300w, https:\/\/www.entreculturas.org\/wp-content\/uploads\/2023\/07\/IMG_20230531_112643-scaled-1-1024x768.jpg 1024w, https:\/\/www.entreculturas.org\/wp-content\/uploads\/2023\/07\/IMG_20230531_112643-scaled-1-768x576.jpg 768w, https:\/\/www.entreculturas.org\/wp-content\/uploads\/2023\/07\/IMG_20230531_112643-scaled-1-1536x1152.jpg 1536w, https:\/\/www.entreculturas.org\/wp-content\/uploads\/2023\/07\/IMG_20230531_112643-scaled-1-2048x1536.jpg 2048w\" sizes=\"(max-width: 2560px) 100vw, 2560px\" \/><i><span style=\"font-weight: 400;\">Rehema, madre de Violet, junto al resto de sus hermanos y hermanas en la puerta de su casa en el barrio de Kangemi. \u00a9 Laura Lora\/Entreculturas<\/span><\/i><\/p>\n<p><b>La situaci\u00f3n de las ni\u00f1as en el barrio de Kangemi, situado en la periferia de Nairobi, es alarmante.<\/b><span style=\"font-weight: 400;\"> Hay una extrema precariedad debido a los elevados \u00edndices de pobreza y muchas personas, aqu\u00ed y en otros asentamientos informales de la capital, se ven afectadas por el desempleo masivo, la violencia f\u00edsica y sexual y enfermedades como la tuberculosis o VIH\/SIDA. Estas problem\u00e1ticas impactan especialmente ni\u00f1as y adolescentes, que ven vulnerados sus derechos sin tener opciones de desarrollo.<\/span><\/p>\n<p><b>\u201cLas ni\u00f1as viven en condiciones de extrema pobreza <\/b><span style=\"font-weight: 400;\">y los padres no pueden proveer nada. A los 12 a\u00f1os muchas de las ni\u00f1as empiezan a tener relaciones sexuales a cambio de dinero para poder sobrevivir, <\/span><b>se quedan embarazadas, se contagian de enfermedades de transmisi\u00f3n sexual y, por supuesto, no van a la escuela<\/b><span style=\"font-weight: 400;\">. Su futuro se vuelve oscuro y es dif\u00edcil que salgan de ese ciclo de pobreza\u201d, explica Cinthia, trabajadora social del proyecto Upendo.<\/span><\/p>\n<p><span style=\"font-weight: 400;\">A trav\u00e9s de <\/span><b>La LUZ de las NI\u00d1AS <\/b><span style=\"font-weight: 400;\">en Kangemi hemos logrado mejorar<\/span><b> la protecci\u00f3n de las ni\u00f1as en situaci\u00f3n vulnerable de esta zona a trav\u00e9s de la educaci\u00f3n<\/b><span style=\"font-weight: 400;\">, facilitando su acceso y permanencia en el sistema educativo, brind\u00e1ndoles<\/span><b> acompa\u00f1amiento psicosocial <\/b><span style=\"font-weight: 400;\">y trabajando con ellas la<\/span><b> salud e higiene menstrual.<\/b><span style=\"font-weight: 400;\"> Adem\u00e1s, se realiza un trabajo de sensibilizaci\u00f3n con la comunidad sobre la importancia del reconocimiento y respeto de los derechos de la infancia y de las ni\u00f1as en particular.<\/span><\/p>\n<p><span style=\"font-weight: 400;\">A pesar de que, como explicaba Cinthia, en muchas ocasiones el futuro de las ni\u00f1as de Kangemi se vuelve oscuro, desde Entreculturas seguiremos trabajando, a trav\u00e9s de <\/span><b>La LUZ de las NI\u00d1AS, <\/b><span style=\"font-weight: 400;\">para que encuentren en la escuela un espacio seguro y puedan aumentar sus posibilidades de tener un futuro mejor.\u00a0<\/span><\/p>\n","protected":false},"excerpt":{"rendered":"<p>\u201cVengo todos los d\u00edas a la escuela y espero tener una vida mejor en el futuro gracias a la educaci\u00f3n para ayudar a mi familia y a otras ni\u00f1as que no tengan oportunidades. Mi madre tiene muchos problemas para conseguir comida diariamente, se esfuerza mucho para que yo pueda venir a la escuela, aprender, darme de comer\u2026 Tengo 6 hermanas y 2 hermanos, pero solo dos van al colegio y tengo a\u00fan hermanas que no han podido ir\u201d.\u00a0 Violet es una de las ni\u00f1as que forman parte del proyecto La LUZ de las NI\u00d1AS en Nairobi, Kenia. Tiene 14 a\u00f1os y no pudo ir a la escuela por primera vez hasta los 12. Su madre, Rehema, se muestra optimista y cuenta que not\u00f3 un gran cambio en su hija desde que va a la escuela: \u201cahora sabe escribir su nombre, leer, est\u00e1 m\u00e1s contenta. Lo que espero es que gracias [&hellip;]<\/p>\n","protected":false},"featured_media":883,"template":"wp-custom-template-noticias-la-luz-de-las-ninas-2","meta":{"_acf_changed":false},"categories":[7],"tags":[],"class_list":["post-880","xxx","type-xxx","status-publish","has-post-thumbnail","hentry","category-noticia"],"acf":[],"yoast_head":"<!-- This site is optimized with the Yoast SEO Premium plugin v21.6 (Yoast SEO v27.5) - https:\/\/yoast.com\/product\/yoast-seo-premium-wordpress\/ -->\n<title>Kenia: Promoviendo los derechos de las ni\u00f1as en el asentamiento informal de Kangemi - Entreculturas<\/title>\n<meta name=\"robots\" content=\"index, follow, max-snippet:-1, max-image-preview:large, max-video-preview:-1\" \/>\n<link rel=\"canonical\" href=\"https:\/\/www.entreculturas.org\/ca\/la-luz-de-las-ninas\/noticia\/kenia-promoviendo-los-derechos-de-las-ninas-en-el-asentamiento-informal-de-kangemi\/\" \/>\n<meta property=\"og:locale\" content=\"ca_ES\" \/>\n<meta property=\"og:type\" content=\"article\" \/>\n<meta property=\"og:title\" content=\"Kenia: Promoviendo los derechos de las ni\u00f1as en el asentamiento informal de Kangemi\" \/>\n<meta property=\"og:description\" content=\"\u201cVengo todos los d\u00edas a la escuela y espero tener una vida mejor en el futuro gracias a la educaci\u00f3n para ayudar a mi familia y a otras ni\u00f1as que no tengan oportunidades. Mi madre tiene muchos problemas para conseguir comida diariamente, se esfuerza mucho para que yo pueda venir a la escuela, aprender, darme de comer\u2026 Tengo 6 hermanas y 2 hermanos, pero solo dos van al colegio y tengo a\u00fan hermanas que no han podido ir\u201d.\u00a0 Violet es una de las ni\u00f1as que forman parte del proyecto La LUZ de las NI\u00d1AS en Nairobi, Kenia. Tiene 14 a\u00f1os y no pudo ir a la escuela por primera vez hasta los 12. Su madre, Rehema, se muestra optimista y cuenta que not\u00f3 un gran cambio en su hija desde que va a la escuela: \u201cahora sabe escribir su nombre, leer, est\u00e1 m\u00e1s contenta. Lo que espero es que gracias [&hellip;]\" \/>\n<meta property=\"og:url\" content=\"https:\/\/www.entreculturas.org\/ca\/la-luz-de-las-ninas\/noticia\/kenia-promoviendo-los-derechos-de-las-ninas-en-el-asentamiento-informal-de-kangemi\/\" \/>\n<meta property=\"og:site_name\" content=\"Entreculturas\" \/>\n<meta property=\"article:publisher\" content=\"https:\/\/www.facebook.com\/entreculturas\" \/>\n<meta property=\"article:modified_time\" content=\"2024-09-20T07:47:00+00:00\" \/>\n<meta property=\"og:image\" content=\"https:\/\/www.entreculturas.org\/wp-content\/uploads\/2023\/07\/IMG_20230530_112943-ret-scaled-1.jpg\" \/>\n\t<meta property=\"og:image:width\" content=\"2560\" \/>\n\t<meta property=\"og:image:height\" content=\"1920\" \/>\n\t<meta property=\"og:image:type\" content=\"image\/jpeg\" \/>\n<meta name=\"twitter:card\" content=\"summary_large_image\" \/>\n<meta name=\"twitter:site\" content=\"@Entreculturas\" \/>\n<script type=\"application\/ld+json\" class=\"yoast-schema-graph\">{\"@context\":\"https:\\\/\\\/schema.org\",\"@graph\":[{\"@type\":\"WebPage\",\"@id\":\"https:\\\/\\\/www.entreculturas.org\\\/ca\\\/la-luz-de-las-ninas\\\/noticia\\\/kenia-promoviendo-los-derechos-de-las-ninas-en-el-asentamiento-informal-de-kangemi\\\/\",\"url\":\"https:\\\/\\\/www.entreculturas.org\\\/ca\\\/la-luz-de-las-ninas\\\/noticia\\\/kenia-promoviendo-los-derechos-de-las-ninas-en-el-asentamiento-informal-de-kangemi\\\/\",\"name\":\"Kenia: Promoviendo los derechos de las ni\u00f1as en el asentamiento informal de Kangemi - Entreculturas\",\"isPartOf\":{\"@id\":\"https:\\\/\\\/www.entreculturas.org\\\/ca\\\/#website\"},\"primaryImageOfPage\":{\"@id\":\"https:\\\/\\\/www.entreculturas.org\\\/ca\\\/la-luz-de-las-ninas\\\/noticia\\\/kenia-promoviendo-los-derechos-de-las-ninas-en-el-asentamiento-informal-de-kangemi\\\/#primaryimage\"},\"image\":{\"@id\":\"https:\\\/\\\/www.entreculturas.org\\\/ca\\\/la-luz-de-las-ninas\\\/noticia\\\/kenia-promoviendo-los-derechos-de-las-ninas-en-el-asentamiento-informal-de-kangemi\\\/#primaryimage\"},\"thumbnailUrl\":\"https:\\\/\\\/www.entreculturas.org\\\/wp-content\\\/uploads\\\/2023\\\/07\\\/IMG_20230530_112943-ret-scaled-1.jpg\",\"datePublished\":\"2023-07-06T12:52:55+00:00\",\"dateModified\":\"2024-09-20T07:47:00+00:00\",\"breadcrumb\":{\"@id\":\"https:\\\/\\\/www.entreculturas.org\\\/ca\\\/la-luz-de-las-ninas\\\/noticia\\\/kenia-promoviendo-los-derechos-de-las-ninas-en-el-asentamiento-informal-de-kangemi\\\/#breadcrumb\"},\"inLanguage\":\"ca\",\"potentialAction\":[{\"@type\":\"ReadAction\",\"target\":[\"https:\\\/\\\/www.entreculturas.org\\\/ca\\\/la-luz-de-las-ninas\\\/noticia\\\/kenia-promoviendo-los-derechos-de-las-ninas-en-el-asentamiento-informal-de-kangemi\\\/\"]}]},{\"@type\":\"ImageObject\",\"inLanguage\":\"ca\",\"@id\":\"https:\\\/\\\/www.entreculturas.org\\\/ca\\\/la-luz-de-las-ninas\\\/noticia\\\/kenia-promoviendo-los-derechos-de-las-ninas-en-el-asentamiento-informal-de-kangemi\\\/#primaryimage\",\"url\":\"https:\\\/\\\/www.entreculturas.org\\\/wp-content\\\/uploads\\\/2023\\\/07\\\/IMG_20230530_112943-ret-scaled-1.jpg\",\"contentUrl\":\"https:\\\/\\\/www.entreculturas.org\\\/wp-content\\\/uploads\\\/2023\\\/07\\\/IMG_20230530_112943-ret-scaled-1.jpg\",\"width\":2560,\"height\":1920},{\"@type\":\"BreadcrumbList\",\"@id\":\"https:\\\/\\\/www.entreculturas.org\\\/ca\\\/la-luz-de-las-ninas\\\/noticia\\\/kenia-promoviendo-los-derechos-de-las-ninas-en-el-asentamiento-informal-de-kangemi\\\/#breadcrumb\",\"itemListElement\":[{\"@type\":\"ListItem\",\"position\":1,\"name\":\"Home\",\"item\":\"https:\\\/\\\/www.entreculturas.org\\\/ca\\\/\"},{\"@type\":\"ListItem\",\"position\":2,\"name\":\"Noticias LLDLN\",\"item\":\"https:\\\/\\\/www.entreculturas.org\\\/ca\\\/noticias-la-luz-de-las-ninas\\\/\"},{\"@type\":\"ListItem\",\"position\":3,\"name\":\"Kenia: Promoviendo los derechos de las ni\u00f1as en el asentamiento informal de Kangemi\"}]},{\"@type\":\"WebSite\",\"@id\":\"https:\\\/\\\/www.entreculturas.org\\\/ca\\\/#website\",\"url\":\"https:\\\/\\\/www.entreculturas.org\\\/ca\\\/\",\"name\":\"Entreculturas\",\"description\":\"\",\"publisher\":{\"@id\":\"https:\\\/\\\/www.entreculturas.org\\\/ca\\\/#organization\"},\"alternateName\":\"Entreculturas\",\"potentialAction\":[{\"@type\":\"SearchAction\",\"target\":{\"@type\":\"EntryPoint\",\"urlTemplate\":\"https:\\\/\\\/www.entreculturas.org\\\/ca\\\/?s={search_term_string}\"},\"query-input\":{\"@type\":\"PropertyValueSpecification\",\"valueRequired\":true,\"valueName\":\"search_term_string\"}}],\"inLanguage\":\"ca\"},{\"@type\":\"Organization\",\"@id\":\"https:\\\/\\\/www.entreculturas.org\\\/ca\\\/#organization\",\"name\":\"Entreculturas\",\"url\":\"https:\\\/\\\/www.entreculturas.org\\\/ca\\\/\",\"logo\":{\"@type\":\"ImageObject\",\"inLanguage\":\"ca\",\"@id\":\"https:\\\/\\\/www.entreculturas.org\\\/ca\\\/#\\\/schema\\\/logo\\\/image\\\/\",\"url\":\"https:\\\/\\\/www.entreculturas.org\\\/wp-content\\\/uploads\\\/2025\\\/10\\\/ESP.svg\",\"contentUrl\":\"https:\\\/\\\/www.entreculturas.org\\\/wp-content\\\/uploads\\\/2025\\\/10\\\/ESP.svg\",\"caption\":\"Entreculturas\"},\"image\":{\"@id\":\"https:\\\/\\\/www.entreculturas.org\\\/ca\\\/#\\\/schema\\\/logo\\\/image\\\/\"},\"sameAs\":[\"https:\\\/\\\/www.facebook.com\\\/entreculturas\",\"https:\\\/\\\/x.com\\\/Entreculturas\",\"https:\\\/\\\/www.instagram.com\\\/entreculturas\\\/\",\"https:\\\/\\\/www.youtube.com\\\/user\\\/entreculturasvideo\",\"https:\\\/\\\/www.linkedin.com\\\/company\\\/fundacion-entreculturas-ngdo\\\/\",\"https:\\\/\\\/www.flickr.com\\\/photos\\\/98455522@N04\\\/albums\\\/\"]}]}<\/script>\n<!-- \/ Yoast SEO Premium plugin. -->","yoast_head_json":{"title":"Kenia: Promoviendo los derechos de las ni\u00f1as en el asentamiento informal de Kangemi - Entreculturas","robots":{"index":"index","follow":"follow","max-snippet":"max-snippet:-1","max-image-preview":"max-image-preview:large","max-video-preview":"max-video-preview:-1"},"canonical":"https:\/\/www.entreculturas.org\/ca\/la-luz-de-las-ninas\/noticia\/kenia-promoviendo-los-derechos-de-las-ninas-en-el-asentamiento-informal-de-kangemi\/","og_locale":"ca_ES","og_type":"article","og_title":"Kenia: Promoviendo los derechos de las ni\u00f1as en el asentamiento informal de Kangemi","og_description":"\u201cVengo todos los d\u00edas a la escuela y espero tener una vida mejor en el futuro gracias a la educaci\u00f3n para ayudar a mi familia y a otras ni\u00f1as que no tengan oportunidades. Mi madre tiene muchos problemas para conseguir comida diariamente, se esfuerza mucho para que yo pueda venir a la escuela, aprender, darme de comer\u2026 Tengo 6 hermanas y 2 hermanos, pero solo dos van al colegio y tengo a\u00fan hermanas que no han podido ir\u201d.\u00a0 Violet es una de las ni\u00f1as que forman parte del proyecto La LUZ de las NI\u00d1AS en Nairobi, Kenia. Tiene 14 a\u00f1os y no pudo ir a la escuela por primera vez hasta los 12. Su madre, Rehema, se muestra optimista y cuenta que not\u00f3 un gran cambio en su hija desde que va a la escuela: \u201cahora sabe escribir su nombre, leer, est\u00e1 m\u00e1s contenta. Lo que espero es que gracias [&hellip;]","og_url":"https:\/\/www.entreculturas.org\/ca\/la-luz-de-las-ninas\/noticia\/kenia-promoviendo-los-derechos-de-las-ninas-en-el-asentamiento-informal-de-kangemi\/","og_site_name":"Entreculturas","article_publisher":"https:\/\/www.facebook.com\/entreculturas","article_modified_time":"2024-09-20T07:47:00+00:00","og_image":[{"width":2560,"height":1920,"url":"https:\/\/www.entreculturas.org\/wp-content\/uploads\/2023\/07\/IMG_20230530_112943-ret-scaled-1.jpg","type":"image\/jpeg"}],"twitter_card":"summary_large_image","twitter_site":"@Entreculturas","schema":{"@context":"https:\/\/schema.org","@graph":[{"@type":"WebPage","@id":"https:\/\/www.entreculturas.org\/ca\/la-luz-de-las-ninas\/noticia\/kenia-promoviendo-los-derechos-de-las-ninas-en-el-asentamiento-informal-de-kangemi\/","url":"https:\/\/www.entreculturas.org\/ca\/la-luz-de-las-ninas\/noticia\/kenia-promoviendo-los-derechos-de-las-ninas-en-el-asentamiento-informal-de-kangemi\/","name":"Kenia: Promoviendo los derechos de las ni\u00f1as en el asentamiento informal de Kangemi - Entreculturas","isPartOf":{"@id":"https:\/\/www.entreculturas.org\/ca\/#website"},"primaryImageOfPage":{"@id":"https:\/\/www.entreculturas.org\/ca\/la-luz-de-las-ninas\/noticia\/kenia-promoviendo-los-derechos-de-las-ninas-en-el-asentamiento-informal-de-kangemi\/#primaryimage"},"image":{"@id":"https:\/\/www.entreculturas.org\/ca\/la-luz-de-las-ninas\/noticia\/kenia-promoviendo-los-derechos-de-las-ninas-en-el-asentamiento-informal-de-kangemi\/#primaryimage"},"thumbnailUrl":"https:\/\/www.entreculturas.org\/wp-content\/uploads\/2023\/07\/IMG_20230530_112943-ret-scaled-1.jpg","datePublished":"2023-07-06T12:52:55+00:00","dateModified":"2024-09-20T07:47:00+00:00","breadcrumb":{"@id":"https:\/\/www.entreculturas.org\/ca\/la-luz-de-las-ninas\/noticia\/kenia-promoviendo-los-derechos-de-las-ninas-en-el-asentamiento-informal-de-kangemi\/#breadcrumb"},"inLanguage":"ca","potentialAction":[{"@type":"ReadAction","target":["https:\/\/www.entreculturas.org\/ca\/la-luz-de-las-ninas\/noticia\/kenia-promoviendo-los-derechos-de-las-ninas-en-el-asentamiento-informal-de-kangemi\/"]}]},{"@type":"ImageObject","inLanguage":"ca","@id":"https:\/\/www.entreculturas.org\/ca\/la-luz-de-las-ninas\/noticia\/kenia-promoviendo-los-derechos-de-las-ninas-en-el-asentamiento-informal-de-kangemi\/#primaryimage","url":"https:\/\/www.entreculturas.org\/wp-content\/uploads\/2023\/07\/IMG_20230530_112943-ret-scaled-1.jpg","contentUrl":"https:\/\/www.entreculturas.org\/wp-content\/uploads\/2023\/07\/IMG_20230530_112943-ret-scaled-1.jpg","width":2560,"height":1920},{"@type":"BreadcrumbList","@id":"https:\/\/www.entreculturas.org\/ca\/la-luz-de-las-ninas\/noticia\/kenia-promoviendo-los-derechos-de-las-ninas-en-el-asentamiento-informal-de-kangemi\/#breadcrumb","itemListElement":[{"@type":"ListItem","position":1,"name":"Home","item":"https:\/\/www.entreculturas.org\/ca\/"},{"@type":"ListItem","position":2,"name":"Noticias LLDLN","item":"https:\/\/www.entreculturas.org\/ca\/noticias-la-luz-de-las-ninas\/"},{"@type":"ListItem","position":3,"name":"Kenia: Promoviendo los derechos de las ni\u00f1as en el asentamiento informal de Kangemi"}]},{"@type":"WebSite","@id":"https:\/\/www.entreculturas.org\/ca\/#website","url":"https:\/\/www.entreculturas.org\/ca\/","name":"Entreculturas","description":"","publisher":{"@id":"https:\/\/www.entreculturas.org\/ca\/#organization"},"alternateName":"Entreculturas","potentialAction":[{"@type":"SearchAction","target":{"@type":"EntryPoint","urlTemplate":"https:\/\/www.entreculturas.org\/ca\/?s={search_term_string}"},"query-input":{"@type":"PropertyValueSpecification","valueRequired":true,"valueName":"search_term_string"}}],"inLanguage":"ca"},{"@type":"Organization","@id":"https:\/\/www.entreculturas.org\/ca\/#organization","name":"Entreculturas","url":"https:\/\/www.entreculturas.org\/ca\/","logo":{"@type":"ImageObject","inLanguage":"ca","@id":"https:\/\/www.entreculturas.org\/ca\/#\/schema\/logo\/image\/","url":"https:\/\/www.entreculturas.org\/wp-content\/uploads\/2025\/10\/ESP.svg","contentUrl":"https:\/\/www.entreculturas.org\/wp-content\/uploads\/2025\/10\/ESP.svg","caption":"Entreculturas"},"image":{"@id":"https:\/\/www.entreculturas.org\/ca\/#\/schema\/logo\/image\/"},"sameAs":["https:\/\/www.facebook.com\/entreculturas","https:\/\/x.com\/Entreculturas","https:\/\/www.instagram.com\/entreculturas\/","https:\/\/www.youtube.com\/user\/entreculturasvideo","https:\/\/www.linkedin.com\/company\/fundacion-entreculturas-ngdo\/","https:\/\/www.flickr.com\/photos\/98455522@N04\/albums\/"]}]}},"_links":{"self":[{"href":"https:\/\/www.entreculturas.org\/ca\/wp-json\/wp\/v2\/xxx\/880","targetHints":{"allow":["GET"]}}],"collection":[{"href":"https:\/\/www.entreculturas.org\/ca\/wp-json\/wp\/v2\/xxx"}],"about":[{"href":"https:\/\/www.entreculturas.org\/ca\/wp-json\/wp\/v2\/types\/xxx"}],"wp:featuredmedia":[{"embeddable":true,"href":"https:\/\/www.entreculturas.org\/ca\/wp-json\/wp\/v2\/media\/883"}],"wp:attachment":[{"href":"https:\/\/www.entreculturas.org\/ca\/wp-json\/wp\/v2\/media?parent=880"}],"wp:term":[{"taxonomy":"category","embeddable":true,"href":"https:\/\/www.entreculturas.org\/ca\/wp-json\/wp\/v2\/categories?post=880"},{"taxonomy":"post_tag","embeddable":true,"href":"https:\/\/www.entreculturas.org\/ca\/wp-json\/wp\/v2\/tags?post=880"}],"curies":[{"name":"wp","href":"https:\/\/api.w.org\/{rel}","templated":true}]}}