{"id":850,"date":"2023-02-21T10:33:25","date_gmt":"2023-02-21T09:33:25","guid":{"rendered":"https:\/\/www.entreculturas.org\/?post_type=xxx&#038;p=850"},"modified":"2024-09-20T09:42:39","modified_gmt":"2024-09-20T07:42:39","slug":"un-nuevo-ano-para-las-ninas","status":"publish","type":"xxx","link":"https:\/\/www.entreculturas.org\/ca\/la-luz-de-las-ninas\/noticia\/un-nuevo-ano-para-las-ninas\/","title":{"rendered":"Un nuevo a\u00f1o para las NI\u00d1AS"},"content":{"rendered":"<p>En\u00a0<b>La LUZ de las NI\u00d1AS<\/b> tenemos un prop\u00f3sito muy claro para 2023: <strong>acabar con la violencia que sufren las ni\u00f1as en todo el mundo.\u00a0<\/strong><\/p>\n<p>En este a\u00f1o 2022, nos hemos emocionado al ver c\u00f3mo, por primera vez, las ni\u00f1as de diferentes pa\u00edses del mundo se un\u00edan para reivindicar y defender su<b>\u00a0derecho a una infancia libre de violencia<\/b>. Conscientes de su poder y cansadas de esperar a que sus derechos sean respetados, pasaron a la acci\u00f3n y, unidas, llevaron su protesta a las calles.<\/p>\n<p>A trav\u00e9s de la campa\u00f1a\u00a0<b>La LUZ de las NI\u00d1AS<\/b>, hemos acompa\u00f1ado a las ni\u00f1as de Guatemala que han llenado plazas y han dejado flores bajo las cruces de las ni\u00f1as asesinadas, a las ni\u00f1as refugiadas que en Kenia han tomado la palabra frente a las autoridades para leer su manifiesto, a las que en Honduras han ocupado espacios como la televisi\u00f3n nacional para ponerse en frente de los micr\u00f3fonos\u2026 a todas las que en 17 pa\u00edses han gritado que quieren vivir\u00a0<b>SANAS Y SALVAS.<\/b><\/p>\n<p><b>A\u00fan hay mucha LUZ en el horizonte&#8230;<\/b><\/p>\n<p><iframe loading=\"lazy\" title=\"La Luz de las Ni\u00f1as a lo largo de 2022\" width=\"500\" height=\"281\" src=\"https:\/\/www.youtube.com\/embed\/ML0u3zTTFqs?feature=oembed\" frameborder=\"0\" allow=\"accelerometer; autoplay; clipboard-write; encrypted-media; gyroscope; picture-in-picture; web-share\" referrerpolicy=\"strict-origin-when-cross-origin\" allowfullscreen><\/iframe><\/p>\n<p>&nbsp;<\/p>\n","protected":false},"excerpt":{"rendered":"<p>En\u00a0La LUZ de las NI\u00d1AS tenemos un prop\u00f3sito muy claro para 2023: acabar con la violencia que sufren las ni\u00f1as en todo el mundo.\u00a0 En este a\u00f1o 2022, nos hemos emocionado al ver c\u00f3mo, por primera vez, las ni\u00f1as de diferentes pa\u00edses del mundo se un\u00edan para reivindicar y defender su\u00a0derecho a una infancia libre de violencia. Conscientes de su poder y cansadas de esperar a que sus derechos sean respetados, pasaron a la acci\u00f3n y, unidas, llevaron su protesta a las calles. A trav\u00e9s de la campa\u00f1a\u00a0La LUZ de las NI\u00d1AS, hemos acompa\u00f1ado a las ni\u00f1as de Guatemala que han llenado plazas y han dejado flores bajo las cruces de las ni\u00f1as asesinadas, a las ni\u00f1as refugiadas que en Kenia han tomado la palabra frente a las autoridades para leer su manifiesto, a las que en Honduras han ocupado espacios como la televisi\u00f3n nacional para ponerse en frente de [&hellip;]<\/p>\n","protected":false},"featured_media":851,"template":"wp-custom-template-noticias-la-luz-de-las-ninas-2","meta":{"_acf_changed":false},"categories":[7],"tags":[],"class_list":["post-850","xxx","type-xxx","status-publish","has-post-thumbnail","hentry","category-noticia"],"acf":[],"yoast_head":"<!-- This site is optimized with the Yoast SEO Premium plugin v21.6 (Yoast SEO v27.5) - https:\/\/yoast.com\/product\/yoast-seo-premium-wordpress\/ -->\n<title>Un nuevo a\u00f1o para las NI\u00d1AS - Entreculturas<\/title>\n<meta name=\"robots\" content=\"index, follow, max-snippet:-1, max-image-preview:large, max-video-preview:-1\" \/>\n<link rel=\"canonical\" href=\"https:\/\/www.entreculturas.org\/ca\/la-luz-de-las-ninas\/noticia\/un-nuevo-ano-para-las-ninas\/\" \/>\n<meta property=\"og:locale\" content=\"ca_ES\" \/>\n<meta property=\"og:type\" content=\"article\" \/>\n<meta property=\"og:title\" content=\"Un nuevo a\u00f1o para las NI\u00d1AS\" \/>\n<meta property=\"og:description\" content=\"En\u00a0La LUZ de las NI\u00d1AS tenemos un prop\u00f3sito muy claro para 2023: acabar con la violencia que sufren las ni\u00f1as en todo el mundo.\u00a0 En este a\u00f1o 2022, nos hemos emocionado al ver c\u00f3mo, por primera vez, las ni\u00f1as de diferentes pa\u00edses del mundo se un\u00edan para reivindicar y defender su\u00a0derecho a una infancia libre de violencia. Conscientes de su poder y cansadas de esperar a que sus derechos sean respetados, pasaron a la acci\u00f3n y, unidas, llevaron su protesta a las calles. A trav\u00e9s de la campa\u00f1a\u00a0La LUZ de las NI\u00d1AS, hemos acompa\u00f1ado a las ni\u00f1as de Guatemala que han llenado plazas y han dejado flores bajo las cruces de las ni\u00f1as asesinadas, a las ni\u00f1as refugiadas que en Kenia han tomado la palabra frente a las autoridades para leer su manifiesto, a las que en Honduras han ocupado espacios como la televisi\u00f3n nacional para ponerse en frente de [&hellip;]\" \/>\n<meta property=\"og:url\" content=\"https:\/\/www.entreculturas.org\/ca\/la-luz-de-las-ninas\/noticia\/un-nuevo-ano-para-las-ninas\/\" \/>\n<meta property=\"og:site_name\" content=\"Entreculturas\" \/>\n<meta property=\"article:publisher\" content=\"https:\/\/www.facebook.com\/entreculturas\" \/>\n<meta property=\"article:modified_time\" content=\"2024-09-20T07:42:39+00:00\" \/>\n<meta property=\"og:image\" content=\"https:\/\/www.entreculturas.org\/wp-content\/uploads\/2023\/02\/DSC03870-scaled-1.jpg\" \/>\n\t<meta property=\"og:image:width\" content=\"2560\" \/>\n\t<meta property=\"og:image:height\" content=\"1707\" \/>\n\t<meta property=\"og:image:type\" content=\"image\/jpeg\" \/>\n<meta name=\"twitter:card\" content=\"summary_large_image\" \/>\n<meta name=\"twitter:site\" content=\"@Entreculturas\" \/>\n<script type=\"application\/ld+json\" class=\"yoast-schema-graph\">{\"@context\":\"https:\\\/\\\/schema.org\",\"@graph\":[{\"@type\":\"WebPage\",\"@id\":\"https:\\\/\\\/www.entreculturas.org\\\/ca\\\/la-luz-de-las-ninas\\\/noticia\\\/un-nuevo-ano-para-las-ninas\\\/\",\"url\":\"https:\\\/\\\/www.entreculturas.org\\\/ca\\\/la-luz-de-las-ninas\\\/noticia\\\/un-nuevo-ano-para-las-ninas\\\/\",\"name\":\"Un nuevo a\u00f1o para las NI\u00d1AS - Entreculturas\",\"isPartOf\":{\"@id\":\"https:\\\/\\\/www.entreculturas.org\\\/ca\\\/#website\"},\"primaryImageOfPage\":{\"@id\":\"https:\\\/\\\/www.entreculturas.org\\\/ca\\\/la-luz-de-las-ninas\\\/noticia\\\/un-nuevo-ano-para-las-ninas\\\/#primaryimage\"},\"image\":{\"@id\":\"https:\\\/\\\/www.entreculturas.org\\\/ca\\\/la-luz-de-las-ninas\\\/noticia\\\/un-nuevo-ano-para-las-ninas\\\/#primaryimage\"},\"thumbnailUrl\":\"https:\\\/\\\/www.entreculturas.org\\\/wp-content\\\/uploads\\\/2023\\\/02\\\/DSC03870-scaled-1.jpg\",\"datePublished\":\"2023-02-21T09:33:25+00:00\",\"dateModified\":\"2024-09-20T07:42:39+00:00\",\"breadcrumb\":{\"@id\":\"https:\\\/\\\/www.entreculturas.org\\\/ca\\\/la-luz-de-las-ninas\\\/noticia\\\/un-nuevo-ano-para-las-ninas\\\/#breadcrumb\"},\"inLanguage\":\"ca\",\"potentialAction\":[{\"@type\":\"ReadAction\",\"target\":[\"https:\\\/\\\/www.entreculturas.org\\\/ca\\\/la-luz-de-las-ninas\\\/noticia\\\/un-nuevo-ano-para-las-ninas\\\/\"]}]},{\"@type\":\"ImageObject\",\"inLanguage\":\"ca\",\"@id\":\"https:\\\/\\\/www.entreculturas.org\\\/ca\\\/la-luz-de-las-ninas\\\/noticia\\\/un-nuevo-ano-para-las-ninas\\\/#primaryimage\",\"url\":\"https:\\\/\\\/www.entreculturas.org\\\/wp-content\\\/uploads\\\/2023\\\/02\\\/DSC03870-scaled-1.jpg\",\"contentUrl\":\"https:\\\/\\\/www.entreculturas.org\\\/wp-content\\\/uploads\\\/2023\\\/02\\\/DSC03870-scaled-1.jpg\",\"width\":2560,\"height\":1707},{\"@type\":\"BreadcrumbList\",\"@id\":\"https:\\\/\\\/www.entreculturas.org\\\/ca\\\/la-luz-de-las-ninas\\\/noticia\\\/un-nuevo-ano-para-las-ninas\\\/#breadcrumb\",\"itemListElement\":[{\"@type\":\"ListItem\",\"position\":1,\"name\":\"Home\",\"item\":\"https:\\\/\\\/www.entreculturas.org\\\/ca\\\/\"},{\"@type\":\"ListItem\",\"position\":2,\"name\":\"Noticias LLDLN\",\"item\":\"https:\\\/\\\/www.entreculturas.org\\\/ca\\\/noticias-la-luz-de-las-ninas\\\/\"},{\"@type\":\"ListItem\",\"position\":3,\"name\":\"Un nuevo a\u00f1o para las NI\u00d1AS\"}]},{\"@type\":\"WebSite\",\"@id\":\"https:\\\/\\\/www.entreculturas.org\\\/ca\\\/#website\",\"url\":\"https:\\\/\\\/www.entreculturas.org\\\/ca\\\/\",\"name\":\"Entreculturas\",\"description\":\"\",\"publisher\":{\"@id\":\"https:\\\/\\\/www.entreculturas.org\\\/ca\\\/#organization\"},\"alternateName\":\"Entreculturas\",\"potentialAction\":[{\"@type\":\"SearchAction\",\"target\":{\"@type\":\"EntryPoint\",\"urlTemplate\":\"https:\\\/\\\/www.entreculturas.org\\\/ca\\\/?s={search_term_string}\"},\"query-input\":{\"@type\":\"PropertyValueSpecification\",\"valueRequired\":true,\"valueName\":\"search_term_string\"}}],\"inLanguage\":\"ca\"},{\"@type\":\"Organization\",\"@id\":\"https:\\\/\\\/www.entreculturas.org\\\/ca\\\/#organization\",\"name\":\"Entreculturas\",\"url\":\"https:\\\/\\\/www.entreculturas.org\\\/ca\\\/\",\"logo\":{\"@type\":\"ImageObject\",\"inLanguage\":\"ca\",\"@id\":\"https:\\\/\\\/www.entreculturas.org\\\/ca\\\/#\\\/schema\\\/logo\\\/image\\\/\",\"url\":\"https:\\\/\\\/www.entreculturas.org\\\/wp-content\\\/uploads\\\/2025\\\/10\\\/ESP.svg\",\"contentUrl\":\"https:\\\/\\\/www.entreculturas.org\\\/wp-content\\\/uploads\\\/2025\\\/10\\\/ESP.svg\",\"caption\":\"Entreculturas\"},\"image\":{\"@id\":\"https:\\\/\\\/www.entreculturas.org\\\/ca\\\/#\\\/schema\\\/logo\\\/image\\\/\"},\"sameAs\":[\"https:\\\/\\\/www.facebook.com\\\/entreculturas\",\"https:\\\/\\\/x.com\\\/Entreculturas\",\"https:\\\/\\\/www.instagram.com\\\/entreculturas\\\/\",\"https:\\\/\\\/www.youtube.com\\\/user\\\/entreculturasvideo\",\"https:\\\/\\\/www.linkedin.com\\\/company\\\/fundacion-entreculturas-ngdo\\\/\",\"https:\\\/\\\/www.flickr.com\\\/photos\\\/98455522@N04\\\/albums\\\/\"]}]}<\/script>\n<!-- \/ Yoast SEO Premium plugin. -->","yoast_head_json":{"title":"Un nuevo a\u00f1o para las NI\u00d1AS - Entreculturas","robots":{"index":"index","follow":"follow","max-snippet":"max-snippet:-1","max-image-preview":"max-image-preview:large","max-video-preview":"max-video-preview:-1"},"canonical":"https:\/\/www.entreculturas.org\/ca\/la-luz-de-las-ninas\/noticia\/un-nuevo-ano-para-las-ninas\/","og_locale":"ca_ES","og_type":"article","og_title":"Un nuevo a\u00f1o para las NI\u00d1AS","og_description":"En\u00a0La LUZ de las NI\u00d1AS tenemos un prop\u00f3sito muy claro para 2023: acabar con la violencia que sufren las ni\u00f1as en todo el mundo.\u00a0 En este a\u00f1o 2022, nos hemos emocionado al ver c\u00f3mo, por primera vez, las ni\u00f1as de diferentes pa\u00edses del mundo se un\u00edan para reivindicar y defender su\u00a0derecho a una infancia libre de violencia. Conscientes de su poder y cansadas de esperar a que sus derechos sean respetados, pasaron a la acci\u00f3n y, unidas, llevaron su protesta a las calles. A trav\u00e9s de la campa\u00f1a\u00a0La LUZ de las NI\u00d1AS, hemos acompa\u00f1ado a las ni\u00f1as de Guatemala que han llenado plazas y han dejado flores bajo las cruces de las ni\u00f1as asesinadas, a las ni\u00f1as refugiadas que en Kenia han tomado la palabra frente a las autoridades para leer su manifiesto, a las que en Honduras han ocupado espacios como la televisi\u00f3n nacional para ponerse en frente de [&hellip;]","og_url":"https:\/\/www.entreculturas.org\/ca\/la-luz-de-las-ninas\/noticia\/un-nuevo-ano-para-las-ninas\/","og_site_name":"Entreculturas","article_publisher":"https:\/\/www.facebook.com\/entreculturas","article_modified_time":"2024-09-20T07:42:39+00:00","og_image":[{"width":2560,"height":1707,"url":"https:\/\/www.entreculturas.org\/wp-content\/uploads\/2023\/02\/DSC03870-scaled-1.jpg","type":"image\/jpeg"}],"twitter_card":"summary_large_image","twitter_site":"@Entreculturas","schema":{"@context":"https:\/\/schema.org","@graph":[{"@type":"WebPage","@id":"https:\/\/www.entreculturas.org\/ca\/la-luz-de-las-ninas\/noticia\/un-nuevo-ano-para-las-ninas\/","url":"https:\/\/www.entreculturas.org\/ca\/la-luz-de-las-ninas\/noticia\/un-nuevo-ano-para-las-ninas\/","name":"Un nuevo a\u00f1o para las NI\u00d1AS - Entreculturas","isPartOf":{"@id":"https:\/\/www.entreculturas.org\/ca\/#website"},"primaryImageOfPage":{"@id":"https:\/\/www.entreculturas.org\/ca\/la-luz-de-las-ninas\/noticia\/un-nuevo-ano-para-las-ninas\/#primaryimage"},"image":{"@id":"https:\/\/www.entreculturas.org\/ca\/la-luz-de-las-ninas\/noticia\/un-nuevo-ano-para-las-ninas\/#primaryimage"},"thumbnailUrl":"https:\/\/www.entreculturas.org\/wp-content\/uploads\/2023\/02\/DSC03870-scaled-1.jpg","datePublished":"2023-02-21T09:33:25+00:00","dateModified":"2024-09-20T07:42:39+00:00","breadcrumb":{"@id":"https:\/\/www.entreculturas.org\/ca\/la-luz-de-las-ninas\/noticia\/un-nuevo-ano-para-las-ninas\/#breadcrumb"},"inLanguage":"ca","potentialAction":[{"@type":"ReadAction","target":["https:\/\/www.entreculturas.org\/ca\/la-luz-de-las-ninas\/noticia\/un-nuevo-ano-para-las-ninas\/"]}]},{"@type":"ImageObject","inLanguage":"ca","@id":"https:\/\/www.entreculturas.org\/ca\/la-luz-de-las-ninas\/noticia\/un-nuevo-ano-para-las-ninas\/#primaryimage","url":"https:\/\/www.entreculturas.org\/wp-content\/uploads\/2023\/02\/DSC03870-scaled-1.jpg","contentUrl":"https:\/\/www.entreculturas.org\/wp-content\/uploads\/2023\/02\/DSC03870-scaled-1.jpg","width":2560,"height":1707},{"@type":"BreadcrumbList","@id":"https:\/\/www.entreculturas.org\/ca\/la-luz-de-las-ninas\/noticia\/un-nuevo-ano-para-las-ninas\/#breadcrumb","itemListElement":[{"@type":"ListItem","position":1,"name":"Home","item":"https:\/\/www.entreculturas.org\/ca\/"},{"@type":"ListItem","position":2,"name":"Noticias LLDLN","item":"https:\/\/www.entreculturas.org\/ca\/noticias-la-luz-de-las-ninas\/"},{"@type":"ListItem","position":3,"name":"Un nuevo a\u00f1o para las NI\u00d1AS"}]},{"@type":"WebSite","@id":"https:\/\/www.entreculturas.org\/ca\/#website","url":"https:\/\/www.entreculturas.org\/ca\/","name":"Entreculturas","description":"","publisher":{"@id":"https:\/\/www.entreculturas.org\/ca\/#organization"},"alternateName":"Entreculturas","potentialAction":[{"@type":"SearchAction","target":{"@type":"EntryPoint","urlTemplate":"https:\/\/www.entreculturas.org\/ca\/?s={search_term_string}"},"query-input":{"@type":"PropertyValueSpecification","valueRequired":true,"valueName":"search_term_string"}}],"inLanguage":"ca"},{"@type":"Organization","@id":"https:\/\/www.entreculturas.org\/ca\/#organization","name":"Entreculturas","url":"https:\/\/www.entreculturas.org\/ca\/","logo":{"@type":"ImageObject","inLanguage":"ca","@id":"https:\/\/www.entreculturas.org\/ca\/#\/schema\/logo\/image\/","url":"https:\/\/www.entreculturas.org\/wp-content\/uploads\/2025\/10\/ESP.svg","contentUrl":"https:\/\/www.entreculturas.org\/wp-content\/uploads\/2025\/10\/ESP.svg","caption":"Entreculturas"},"image":{"@id":"https:\/\/www.entreculturas.org\/ca\/#\/schema\/logo\/image\/"},"sameAs":["https:\/\/www.facebook.com\/entreculturas","https:\/\/x.com\/Entreculturas","https:\/\/www.instagram.com\/entreculturas\/","https:\/\/www.youtube.com\/user\/entreculturasvideo","https:\/\/www.linkedin.com\/company\/fundacion-entreculturas-ngdo\/","https:\/\/www.flickr.com\/photos\/98455522@N04\/albums\/"]}]}},"_links":{"self":[{"href":"https:\/\/www.entreculturas.org\/ca\/wp-json\/wp\/v2\/xxx\/850","targetHints":{"allow":["GET"]}}],"collection":[{"href":"https:\/\/www.entreculturas.org\/ca\/wp-json\/wp\/v2\/xxx"}],"about":[{"href":"https:\/\/www.entreculturas.org\/ca\/wp-json\/wp\/v2\/types\/xxx"}],"wp:featuredmedia":[{"embeddable":true,"href":"https:\/\/www.entreculturas.org\/ca\/wp-json\/wp\/v2\/media\/851"}],"wp:attachment":[{"href":"https:\/\/www.entreculturas.org\/ca\/wp-json\/wp\/v2\/media?parent=850"}],"wp:term":[{"taxonomy":"category","embeddable":true,"href":"https:\/\/www.entreculturas.org\/ca\/wp-json\/wp\/v2\/categories?post=850"},{"taxonomy":"post_tag","embeddable":true,"href":"https:\/\/www.entreculturas.org\/ca\/wp-json\/wp\/v2\/tags?post=850"}],"curies":[{"name":"wp","href":"https:\/\/api.w.org\/{rel}","templated":true}]}}