{"id":841,"date":"2023-02-06T09:37:04","date_gmt":"2023-02-06T08:37:04","guid":{"rendered":"https:\/\/www.entreculturas.org\/?post_type=xxx&#038;p=841"},"modified":"2024-09-20T09:41:26","modified_gmt":"2024-09-20T07:41:26","slug":"ninas-sanas-y-salvas-ante-la-mutilacion-genital-femenina","status":"publish","type":"xxx","link":"https:\/\/www.entreculturas.org\/ca\/la-luz-de-las-ninas\/noticia\/ninas-sanas-y-salvas-ante-la-mutilacion-genital-femenina\/","title":{"rendered":"Ni\u00f1as Sanas y Salvas ante la mutilaci\u00f3n genital femenina"},"content":{"rendered":"<p><span style=\"font-weight: 400;\">Hoy, 6 de febrero, es el <\/span><b>D\u00eda Internacional de Tolerancia Cero con la Mutilaci\u00f3n Genital Femenina. <\/b><span style=\"font-weight: 400;\">Una fecha que est\u00e1 presente en nuestro trabajo diario, en el que luchamos contra esta <\/span><b>forma de tortura<\/b><span style=\"font-weight: 400;\"> que sufren las ni\u00f1as y mujeres.\u00a0<\/span><\/p>\n<p><span style=\"font-weight: 400;\">La <\/span><b>mutilaci\u00f3n genital femenina<\/b><span style=\"font-weight: 400;\"> es una pr\u00e1ctica que amenaza la vida, la salud y los derechos de millones de ni\u00f1as y mujeres en todo el mundo. Sin embargo,<\/span><b> \u00c1frica sigue siendo el continente donde m\u00e1s se practica<\/b><span style=\"font-weight: 400;\">. En Kenia, se calcula que 4 millones de ni\u00f1as han sufrido este tipo de violencia y en Etiop\u00eda un 65% de las ni\u00f1as y mujeres han sido mutiladas. <\/span><span style=\"font-weight: 400;\">Esta pr\u00e1ctica atroz suele ser precursora del<\/span><b> matrimonio precoz y forzado<\/b><span style=\"font-weight: 400;\">, por lo que supone el primer paso de una vida marcada por la violencia y el abuso.<\/span><\/p>\n<p><span style=\"font-weight: 400;\">\u201cLas ni\u00f1as en contexto rurales, pobres y con poca educaci\u00f3n son mucho m\u00e1s susceptibles de sufrir este tipo de tortura que puede implicar, no solo dolores cr\u00f3nicos y sufrimiento, sino infecciones, problemas m\u00e9dicos e incluso la muerte\u201d, explica nuestra compa\u00f1era Paula Casado, Responsable de comunicaci\u00f3n del Servicio Jesuita a Refugiados (JRS) en \u00c1frica de este.\u00a0<\/span><\/p>\n<p><span style=\"font-weight: 400;\">Por eso, a trav\u00e9s de <\/span><b>La LUZ de las NI\u00d1AS<\/b><span style=\"font-weight: 400;\"> trabajamos, junto al JRS, para proteger de la violencia a miles de ni\u00f1as y para que tengan acceso a la educaci\u00f3n, conozcan sus derechos y puedan reivindicarlos. Queremos escuchar sus voces que gritan que <\/span><b>quieren vivir Sanas y Salvas<\/b><span style=\"font-weight: 400;\">, lejos de la sombra de la mutilaci\u00f3n genital femenina.<\/span><\/p>\n<p><iframe loading=\"lazy\" title=\"Acabar con la mutilaci\u00f3n genital femenina en \u00c1frica del este - La LUZ de las NI\u00d1AS\" width=\"500\" height=\"281\" src=\"https:\/\/www.youtube.com\/embed\/QbQ4WVBEUCA?feature=oembed\" frameborder=\"0\" allow=\"accelerometer; autoplay; clipboard-write; encrypted-media; gyroscope; picture-in-picture; web-share\" referrerpolicy=\"strict-origin-when-cross-origin\" allowfullscreen><\/iframe><\/p>\n","protected":false},"excerpt":{"rendered":"<p>Hoy, 6 de febrero, es el D\u00eda Internacional de Tolerancia Cero con la Mutilaci\u00f3n Genital Femenina. Una fecha que est\u00e1 presente en nuestro trabajo diario, en el que luchamos contra esta forma de tortura que sufren las ni\u00f1as y mujeres.\u00a0 La mutilaci\u00f3n genital femenina es una pr\u00e1ctica que amenaza la vida, la salud y los derechos de millones de ni\u00f1as y mujeres en todo el mundo. Sin embargo, \u00c1frica sigue siendo el continente donde m\u00e1s se practica. En Kenia, se calcula que 4 millones de ni\u00f1as han sufrido este tipo de violencia y en Etiop\u00eda un 65% de las ni\u00f1as y mujeres han sido mutiladas. Esta pr\u00e1ctica atroz suele ser precursora del matrimonio precoz y forzado, por lo que supone el primer paso de una vida marcada por la violencia y el abuso. \u201cLas ni\u00f1as en contexto rurales, pobres y con poca educaci\u00f3n son mucho m\u00e1s susceptibles de sufrir este [&hellip;]<\/p>\n","protected":false},"featured_media":843,"template":"wp-custom-template-noticias-la-luz-de-las-ninas-2","meta":{"_acf_changed":false},"categories":[7],"tags":[],"class_list":["post-841","xxx","type-xxx","status-publish","has-post-thumbnail","hentry","category-noticia"],"acf":[],"yoast_head":"<!-- This site is optimized with the Yoast SEO Premium plugin v21.6 (Yoast SEO v27.5) - https:\/\/yoast.com\/product\/yoast-seo-premium-wordpress\/ -->\n<title>Ni\u00f1as Sanas y Salvas ante la mutilaci\u00f3n genital femenina - Entreculturas<\/title>\n<meta name=\"robots\" content=\"index, follow, max-snippet:-1, max-image-preview:large, max-video-preview:-1\" \/>\n<link rel=\"canonical\" href=\"https:\/\/www.entreculturas.org\/ca\/la-luz-de-las-ninas\/noticia\/ninas-sanas-y-salvas-ante-la-mutilacion-genital-femenina\/\" \/>\n<meta property=\"og:locale\" content=\"ca_ES\" \/>\n<meta property=\"og:type\" content=\"article\" \/>\n<meta property=\"og:title\" content=\"Ni\u00f1as Sanas y Salvas ante la mutilaci\u00f3n genital femenina\" \/>\n<meta property=\"og:description\" content=\"Hoy, 6 de febrero, es el D\u00eda Internacional de Tolerancia Cero con la Mutilaci\u00f3n Genital Femenina. Una fecha que est\u00e1 presente en nuestro trabajo diario, en el que luchamos contra esta forma de tortura que sufren las ni\u00f1as y mujeres.\u00a0 La mutilaci\u00f3n genital femenina es una pr\u00e1ctica que amenaza la vida, la salud y los derechos de millones de ni\u00f1as y mujeres en todo el mundo. Sin embargo, \u00c1frica sigue siendo el continente donde m\u00e1s se practica. En Kenia, se calcula que 4 millones de ni\u00f1as han sufrido este tipo de violencia y en Etiop\u00eda un 65% de las ni\u00f1as y mujeres han sido mutiladas. Esta pr\u00e1ctica atroz suele ser precursora del matrimonio precoz y forzado, por lo que supone el primer paso de una vida marcada por la violencia y el abuso. \u201cLas ni\u00f1as en contexto rurales, pobres y con poca educaci\u00f3n son mucho m\u00e1s susceptibles de sufrir este [&hellip;]\" \/>\n<meta property=\"og:url\" content=\"https:\/\/www.entreculturas.org\/ca\/la-luz-de-las-ninas\/noticia\/ninas-sanas-y-salvas-ante-la-mutilacion-genital-femenina\/\" \/>\n<meta property=\"og:site_name\" content=\"Entreculturas\" \/>\n<meta property=\"article:publisher\" content=\"https:\/\/www.facebook.com\/entreculturas\" \/>\n<meta property=\"article:modified_time\" content=\"2024-09-20T07:41:26+00:00\" \/>\n<meta property=\"og:image\" content=\"https:\/\/www.entreculturas.org\/wp-content\/uploads\/2023\/02\/LdeN009-ret-1.jpg\" \/>\n\t<meta property=\"og:image:width\" content=\"1024\" \/>\n\t<meta property=\"og:image:height\" content=\"682\" \/>\n\t<meta property=\"og:image:type\" content=\"image\/jpeg\" \/>\n<meta name=\"twitter:card\" content=\"summary_large_image\" \/>\n<meta name=\"twitter:site\" content=\"@Entreculturas\" \/>\n<script type=\"application\/ld+json\" class=\"yoast-schema-graph\">{\"@context\":\"https:\\\/\\\/schema.org\",\"@graph\":[{\"@type\":\"WebPage\",\"@id\":\"https:\\\/\\\/www.entreculturas.org\\\/ca\\\/la-luz-de-las-ninas\\\/noticia\\\/ninas-sanas-y-salvas-ante-la-mutilacion-genital-femenina\\\/\",\"url\":\"https:\\\/\\\/www.entreculturas.org\\\/ca\\\/la-luz-de-las-ninas\\\/noticia\\\/ninas-sanas-y-salvas-ante-la-mutilacion-genital-femenina\\\/\",\"name\":\"Ni\u00f1as Sanas y Salvas ante la mutilaci\u00f3n genital femenina - Entreculturas\",\"isPartOf\":{\"@id\":\"https:\\\/\\\/www.entreculturas.org\\\/ca\\\/#website\"},\"primaryImageOfPage\":{\"@id\":\"https:\\\/\\\/www.entreculturas.org\\\/ca\\\/la-luz-de-las-ninas\\\/noticia\\\/ninas-sanas-y-salvas-ante-la-mutilacion-genital-femenina\\\/#primaryimage\"},\"image\":{\"@id\":\"https:\\\/\\\/www.entreculturas.org\\\/ca\\\/la-luz-de-las-ninas\\\/noticia\\\/ninas-sanas-y-salvas-ante-la-mutilacion-genital-femenina\\\/#primaryimage\"},\"thumbnailUrl\":\"https:\\\/\\\/www.entreculturas.org\\\/wp-content\\\/uploads\\\/2023\\\/02\\\/LdeN009-ret-1.jpg\",\"datePublished\":\"2023-02-06T08:37:04+00:00\",\"dateModified\":\"2024-09-20T07:41:26+00:00\",\"breadcrumb\":{\"@id\":\"https:\\\/\\\/www.entreculturas.org\\\/ca\\\/la-luz-de-las-ninas\\\/noticia\\\/ninas-sanas-y-salvas-ante-la-mutilacion-genital-femenina\\\/#breadcrumb\"},\"inLanguage\":\"ca\",\"potentialAction\":[{\"@type\":\"ReadAction\",\"target\":[\"https:\\\/\\\/www.entreculturas.org\\\/ca\\\/la-luz-de-las-ninas\\\/noticia\\\/ninas-sanas-y-salvas-ante-la-mutilacion-genital-femenina\\\/\"]}]},{\"@type\":\"ImageObject\",\"inLanguage\":\"ca\",\"@id\":\"https:\\\/\\\/www.entreculturas.org\\\/ca\\\/la-luz-de-las-ninas\\\/noticia\\\/ninas-sanas-y-salvas-ante-la-mutilacion-genital-femenina\\\/#primaryimage\",\"url\":\"https:\\\/\\\/www.entreculturas.org\\\/wp-content\\\/uploads\\\/2023\\\/02\\\/LdeN009-ret-1.jpg\",\"contentUrl\":\"https:\\\/\\\/www.entreculturas.org\\\/wp-content\\\/uploads\\\/2023\\\/02\\\/LdeN009-ret-1.jpg\",\"width\":1024,\"height\":682},{\"@type\":\"BreadcrumbList\",\"@id\":\"https:\\\/\\\/www.entreculturas.org\\\/ca\\\/la-luz-de-las-ninas\\\/noticia\\\/ninas-sanas-y-salvas-ante-la-mutilacion-genital-femenina\\\/#breadcrumb\",\"itemListElement\":[{\"@type\":\"ListItem\",\"position\":1,\"name\":\"Home\",\"item\":\"https:\\\/\\\/www.entreculturas.org\\\/ca\\\/\"},{\"@type\":\"ListItem\",\"position\":2,\"name\":\"Noticias LLDLN\",\"item\":\"https:\\\/\\\/www.entreculturas.org\\\/ca\\\/noticias-la-luz-de-las-ninas\\\/\"},{\"@type\":\"ListItem\",\"position\":3,\"name\":\"Ni\u00f1as Sanas y Salvas ante la mutilaci\u00f3n genital femenina\"}]},{\"@type\":\"WebSite\",\"@id\":\"https:\\\/\\\/www.entreculturas.org\\\/ca\\\/#website\",\"url\":\"https:\\\/\\\/www.entreculturas.org\\\/ca\\\/\",\"name\":\"Entreculturas\",\"description\":\"\",\"publisher\":{\"@id\":\"https:\\\/\\\/www.entreculturas.org\\\/ca\\\/#organization\"},\"alternateName\":\"Entreculturas\",\"potentialAction\":[{\"@type\":\"SearchAction\",\"target\":{\"@type\":\"EntryPoint\",\"urlTemplate\":\"https:\\\/\\\/www.entreculturas.org\\\/ca\\\/?s={search_term_string}\"},\"query-input\":{\"@type\":\"PropertyValueSpecification\",\"valueRequired\":true,\"valueName\":\"search_term_string\"}}],\"inLanguage\":\"ca\"},{\"@type\":\"Organization\",\"@id\":\"https:\\\/\\\/www.entreculturas.org\\\/ca\\\/#organization\",\"name\":\"Entreculturas\",\"url\":\"https:\\\/\\\/www.entreculturas.org\\\/ca\\\/\",\"logo\":{\"@type\":\"ImageObject\",\"inLanguage\":\"ca\",\"@id\":\"https:\\\/\\\/www.entreculturas.org\\\/ca\\\/#\\\/schema\\\/logo\\\/image\\\/\",\"url\":\"https:\\\/\\\/www.entreculturas.org\\\/wp-content\\\/uploads\\\/2025\\\/10\\\/ESP.svg\",\"contentUrl\":\"https:\\\/\\\/www.entreculturas.org\\\/wp-content\\\/uploads\\\/2025\\\/10\\\/ESP.svg\",\"caption\":\"Entreculturas\"},\"image\":{\"@id\":\"https:\\\/\\\/www.entreculturas.org\\\/ca\\\/#\\\/schema\\\/logo\\\/image\\\/\"},\"sameAs\":[\"https:\\\/\\\/www.facebook.com\\\/entreculturas\",\"https:\\\/\\\/x.com\\\/Entreculturas\",\"https:\\\/\\\/www.instagram.com\\\/entreculturas\\\/\",\"https:\\\/\\\/www.youtube.com\\\/user\\\/entreculturasvideo\",\"https:\\\/\\\/www.linkedin.com\\\/company\\\/fundacion-entreculturas-ngdo\\\/\",\"https:\\\/\\\/www.flickr.com\\\/photos\\\/98455522@N04\\\/albums\\\/\"]}]}<\/script>\n<!-- \/ Yoast SEO Premium plugin. -->","yoast_head_json":{"title":"Ni\u00f1as Sanas y Salvas ante la mutilaci\u00f3n genital femenina - Entreculturas","robots":{"index":"index","follow":"follow","max-snippet":"max-snippet:-1","max-image-preview":"max-image-preview:large","max-video-preview":"max-video-preview:-1"},"canonical":"https:\/\/www.entreculturas.org\/ca\/la-luz-de-las-ninas\/noticia\/ninas-sanas-y-salvas-ante-la-mutilacion-genital-femenina\/","og_locale":"ca_ES","og_type":"article","og_title":"Ni\u00f1as Sanas y Salvas ante la mutilaci\u00f3n genital femenina","og_description":"Hoy, 6 de febrero, es el D\u00eda Internacional de Tolerancia Cero con la Mutilaci\u00f3n Genital Femenina. Una fecha que est\u00e1 presente en nuestro trabajo diario, en el que luchamos contra esta forma de tortura que sufren las ni\u00f1as y mujeres.\u00a0 La mutilaci\u00f3n genital femenina es una pr\u00e1ctica que amenaza la vida, la salud y los derechos de millones de ni\u00f1as y mujeres en todo el mundo. Sin embargo, \u00c1frica sigue siendo el continente donde m\u00e1s se practica. En Kenia, se calcula que 4 millones de ni\u00f1as han sufrido este tipo de violencia y en Etiop\u00eda un 65% de las ni\u00f1as y mujeres han sido mutiladas. Esta pr\u00e1ctica atroz suele ser precursora del matrimonio precoz y forzado, por lo que supone el primer paso de una vida marcada por la violencia y el abuso. \u201cLas ni\u00f1as en contexto rurales, pobres y con poca educaci\u00f3n son mucho m\u00e1s susceptibles de sufrir este [&hellip;]","og_url":"https:\/\/www.entreculturas.org\/ca\/la-luz-de-las-ninas\/noticia\/ninas-sanas-y-salvas-ante-la-mutilacion-genital-femenina\/","og_site_name":"Entreculturas","article_publisher":"https:\/\/www.facebook.com\/entreculturas","article_modified_time":"2024-09-20T07:41:26+00:00","og_image":[{"width":1024,"height":682,"url":"https:\/\/www.entreculturas.org\/wp-content\/uploads\/2023\/02\/LdeN009-ret-1.jpg","type":"image\/jpeg"}],"twitter_card":"summary_large_image","twitter_site":"@Entreculturas","schema":{"@context":"https:\/\/schema.org","@graph":[{"@type":"WebPage","@id":"https:\/\/www.entreculturas.org\/ca\/la-luz-de-las-ninas\/noticia\/ninas-sanas-y-salvas-ante-la-mutilacion-genital-femenina\/","url":"https:\/\/www.entreculturas.org\/ca\/la-luz-de-las-ninas\/noticia\/ninas-sanas-y-salvas-ante-la-mutilacion-genital-femenina\/","name":"Ni\u00f1as Sanas y Salvas ante la mutilaci\u00f3n genital femenina - Entreculturas","isPartOf":{"@id":"https:\/\/www.entreculturas.org\/ca\/#website"},"primaryImageOfPage":{"@id":"https:\/\/www.entreculturas.org\/ca\/la-luz-de-las-ninas\/noticia\/ninas-sanas-y-salvas-ante-la-mutilacion-genital-femenina\/#primaryimage"},"image":{"@id":"https:\/\/www.entreculturas.org\/ca\/la-luz-de-las-ninas\/noticia\/ninas-sanas-y-salvas-ante-la-mutilacion-genital-femenina\/#primaryimage"},"thumbnailUrl":"https:\/\/www.entreculturas.org\/wp-content\/uploads\/2023\/02\/LdeN009-ret-1.jpg","datePublished":"2023-02-06T08:37:04+00:00","dateModified":"2024-09-20T07:41:26+00:00","breadcrumb":{"@id":"https:\/\/www.entreculturas.org\/ca\/la-luz-de-las-ninas\/noticia\/ninas-sanas-y-salvas-ante-la-mutilacion-genital-femenina\/#breadcrumb"},"inLanguage":"ca","potentialAction":[{"@type":"ReadAction","target":["https:\/\/www.entreculturas.org\/ca\/la-luz-de-las-ninas\/noticia\/ninas-sanas-y-salvas-ante-la-mutilacion-genital-femenina\/"]}]},{"@type":"ImageObject","inLanguage":"ca","@id":"https:\/\/www.entreculturas.org\/ca\/la-luz-de-las-ninas\/noticia\/ninas-sanas-y-salvas-ante-la-mutilacion-genital-femenina\/#primaryimage","url":"https:\/\/www.entreculturas.org\/wp-content\/uploads\/2023\/02\/LdeN009-ret-1.jpg","contentUrl":"https:\/\/www.entreculturas.org\/wp-content\/uploads\/2023\/02\/LdeN009-ret-1.jpg","width":1024,"height":682},{"@type":"BreadcrumbList","@id":"https:\/\/www.entreculturas.org\/ca\/la-luz-de-las-ninas\/noticia\/ninas-sanas-y-salvas-ante-la-mutilacion-genital-femenina\/#breadcrumb","itemListElement":[{"@type":"ListItem","position":1,"name":"Home","item":"https:\/\/www.entreculturas.org\/ca\/"},{"@type":"ListItem","position":2,"name":"Noticias LLDLN","item":"https:\/\/www.entreculturas.org\/ca\/noticias-la-luz-de-las-ninas\/"},{"@type":"ListItem","position":3,"name":"Ni\u00f1as Sanas y Salvas ante la mutilaci\u00f3n genital femenina"}]},{"@type":"WebSite","@id":"https:\/\/www.entreculturas.org\/ca\/#website","url":"https:\/\/www.entreculturas.org\/ca\/","name":"Entreculturas","description":"","publisher":{"@id":"https:\/\/www.entreculturas.org\/ca\/#organization"},"alternateName":"Entreculturas","potentialAction":[{"@type":"SearchAction","target":{"@type":"EntryPoint","urlTemplate":"https:\/\/www.entreculturas.org\/ca\/?s={search_term_string}"},"query-input":{"@type":"PropertyValueSpecification","valueRequired":true,"valueName":"search_term_string"}}],"inLanguage":"ca"},{"@type":"Organization","@id":"https:\/\/www.entreculturas.org\/ca\/#organization","name":"Entreculturas","url":"https:\/\/www.entreculturas.org\/ca\/","logo":{"@type":"ImageObject","inLanguage":"ca","@id":"https:\/\/www.entreculturas.org\/ca\/#\/schema\/logo\/image\/","url":"https:\/\/www.entreculturas.org\/wp-content\/uploads\/2025\/10\/ESP.svg","contentUrl":"https:\/\/www.entreculturas.org\/wp-content\/uploads\/2025\/10\/ESP.svg","caption":"Entreculturas"},"image":{"@id":"https:\/\/www.entreculturas.org\/ca\/#\/schema\/logo\/image\/"},"sameAs":["https:\/\/www.facebook.com\/entreculturas","https:\/\/x.com\/Entreculturas","https:\/\/www.instagram.com\/entreculturas\/","https:\/\/www.youtube.com\/user\/entreculturasvideo","https:\/\/www.linkedin.com\/company\/fundacion-entreculturas-ngdo\/","https:\/\/www.flickr.com\/photos\/98455522@N04\/albums\/"]}]}},"_links":{"self":[{"href":"https:\/\/www.entreculturas.org\/ca\/wp-json\/wp\/v2\/xxx\/841","targetHints":{"allow":["GET"]}}],"collection":[{"href":"https:\/\/www.entreculturas.org\/ca\/wp-json\/wp\/v2\/xxx"}],"about":[{"href":"https:\/\/www.entreculturas.org\/ca\/wp-json\/wp\/v2\/types\/xxx"}],"wp:featuredmedia":[{"embeddable":true,"href":"https:\/\/www.entreculturas.org\/ca\/wp-json\/wp\/v2\/media\/843"}],"wp:attachment":[{"href":"https:\/\/www.entreculturas.org\/ca\/wp-json\/wp\/v2\/media?parent=841"}],"wp:term":[{"taxonomy":"category","embeddable":true,"href":"https:\/\/www.entreculturas.org\/ca\/wp-json\/wp\/v2\/categories?post=841"},{"taxonomy":"post_tag","embeddable":true,"href":"https:\/\/www.entreculturas.org\/ca\/wp-json\/wp\/v2\/tags?post=841"}],"curies":[{"name":"wp","href":"https:\/\/api.w.org\/{rel}","templated":true}]}}