{"id":710,"date":"2021-10-07T14:58:50","date_gmt":"2021-10-07T12:58:50","guid":{"rendered":"https:\/\/www.entreculturas.org\/?post_type=xxx&#038;p=710"},"modified":"2024-09-20T09:25:48","modified_gmt":"2024-09-20T07:25:48","slug":"escuchanos-nos-queremos-sanasysalvas","status":"publish","type":"xxx","link":"https:\/\/www.entreculturas.org\/ca\/la-luz-de-las-ninas\/noticia\/escuchanos-nos-queremos-sanasysalvas\/","title":{"rendered":"\u00a1ESC\u00daCHANOS: NOS QUEREMOS #SANASYSALVAS!"},"content":{"rendered":"<p><span style=\"font-weight: 400;\">En este 11 de octubre, <\/span><b>D\u00eda Internacional de las Ni\u00f1as<\/b><span style=\"font-weight: 400;\">, desde la campa\u00f1a global<strong> La LUZ de las NI\u00d1AS<\/strong>, queremos seguir reivindicando y defendiendo el derecho de las ni\u00f1as a vivir <\/span><b>SANAS Y SALVAS<\/b><span style=\"font-weight: 400;\">.\u00a0<\/span><\/p>\n<p><span style=\"font-weight: 400;\">En contextos de emergencia, violencia, exclusi\u00f3n y pobreza, las ni\u00f1as son siempre las m\u00e1s vulnerables. <\/span><b>240 millones de ni\u00f1as han sido v\u00edctimas de violencia <\/b><span style=\"font-weight: 400;\">en todo el mundo y se calcula que 11 millones de ni\u00f1as est\u00e1n en riesgo de no volver a la escuela a causa de la pandemia, una cifra que se sumar\u00eda a los<\/span><b> 131 millones de ni\u00f1as ya estaban fuera de la escuela antes de la pandemia.<\/b><span style=\"font-weight: 400;\">\u00a0<\/span><\/p>\n<p><span style=\"font-weight: 400;\">La actual situaci\u00f3n provocada por la Covid-19, ha empeorado de forma grave la vida de muchas de estas ni\u00f1as para las que la escuela representa el \u00fanico espacio de seguridad y protecci\u00f3n. En tiempos de crisis e incertidumbre, necesitamos, m\u00e1s que nunca, escuchar las voces de las ni\u00f1as y j\u00f3venes que luchan por reivindicar sus derechos.\u00a0<\/span><\/p>\n<p><span style=\"font-weight: 400;\">En febrero de este mismo a\u00f1o, las ni\u00f1as de Guatemala alzaron la voz por Sharon, <\/span><b>una ni\u00f1a de 8 a\u00f1os asesinada cuando jugaba con su bicicleta<\/b><span style=\"font-weight: 400;\">. Los timbres de cientos de bicis sonaron ese mes en Ciudad de Guatemala. Con ese gesto, las ni\u00f1as no callaron y gritaron alto que quer\u00edan vivir <\/span><b>SANAS Y SALVAS<\/b><span style=\"font-weight: 400;\">.<\/span><\/p>\n<p><span style=\"font-weight: 400;\">Inspiradas en este gesto, la campa\u00f1a <\/span><b>La LUZ de las NI\u00d1AS<\/b><span style=\"font-weight: 400;\"> nos invita a pasar a la acci\u00f3n y sumarnos al gesto global de <\/span><b>SANAS Y SALVAS<\/b><span style=\"font-weight: 400;\">, al que ya est\u00e1n dando vida las cientos de ni\u00f1as que acompa\u00f1amos, junto con Fe y Alegr\u00eda y el Servicio Jesuita a Refugiados, en pa\u00edses como Chad, Guatemala, Honduras, Per\u00fa, Nicaragua, El Salvador, Hait\u00ed o Rep\u00fablica Democr\u00e1tica del Congo.<\/span><\/p>\n<p><iframe loading=\"lazy\" title=\"Spot Sanas y Salvas\" width=\"500\" height=\"281\" src=\"https:\/\/www.youtube.com\/embed\/R5raMzAtYEs?feature=oembed\" frameborder=\"0\" allow=\"accelerometer; autoplay; clipboard-write; encrypted-media; gyroscope; picture-in-picture; web-share\" referrerpolicy=\"strict-origin-when-cross-origin\" allowfullscreen><\/iframe><\/p>\n<p><span style=\"font-weight: 400;\">Con esta acci\u00f3n, las ni\u00f1as nos piden no detenernos y escuchar su grito de indignaci\u00f3n y sororidad. <\/span><b>\u201cLas ni\u00f1as podemos crear nuestras propias comunidades para luchar. En nuestra generaci\u00f3n, la mayor\u00eda de las ni\u00f1as somos valientes. Somos diferentes y creo que podemos cambiar el mundo\u201d<\/b><span style=\"font-weight: 400;\">, afirma Benedicte, refugiada congole\u00f1a en Uganda de 12 a\u00f1os.<\/span> <span style=\"font-weight: 400;\">\u00a0Quieren ser ni\u00f1as<\/span><b> SANAS Y SALVAS <\/b><span style=\"font-weight: 400;\">y plenas de derechos y nos invitan a unirnos a este gesto global frente a la violencia.\u00a0<\/span><\/p>\n<p><span style=\"font-weight: 400;\">Adem\u00e1s, en el marco de esta acci\u00f3n, <strong>el pr\u00f3ximo 19 de octubre<\/strong> podr\u00e1s asistir a un evento online que se retransmitir\u00e1 en directo en el canal de YouTube de Entreculturas a las 18:00 (hora peninsular). <\/span><span style=\"font-weight: 400;\">\u00a1Las ni\u00f1as del mundo tienen algo que decir! Esc\u00fachalas en el <strong>webinar \u201cSanas y Salvas\u201d<\/strong> organizado por la campa\u00f1a La LUZ de las NI\u00d1AS.<\/span><\/p>\n<p><strong>\u00a1Graba tu v\u00eddeo, comp\u00e1rtelo en redes con el hashtag #SanasySalvas y s\u00famate al gesto de las ni\u00f1as sin violencia!<\/strong><\/p>\n","protected":false},"excerpt":{"rendered":"<p>En este 11 de octubre, D\u00eda Internacional de las Ni\u00f1as, desde la campa\u00f1a global La LUZ de las NI\u00d1AS, queremos seguir reivindicando y defendiendo el derecho de las ni\u00f1as a vivir SANAS Y SALVAS.\u00a0 En contextos de emergencia, violencia, exclusi\u00f3n y pobreza, las ni\u00f1as son siempre las m\u00e1s vulnerables. 240 millones de ni\u00f1as han sido v\u00edctimas de violencia en todo el mundo y se calcula que 11 millones de ni\u00f1as est\u00e1n en riesgo de no volver a la escuela a causa de la pandemia, una cifra que se sumar\u00eda a los 131 millones de ni\u00f1as ya estaban fuera de la escuela antes de la pandemia.\u00a0 La actual situaci\u00f3n provocada por la Covid-19, ha empeorado de forma grave la vida de muchas de estas ni\u00f1as para las que la escuela representa el \u00fanico espacio de seguridad y protecci\u00f3n. En tiempos de crisis e incertidumbre, necesitamos, m\u00e1s que nunca, escuchar las voces [&hellip;]<\/p>\n","protected":false},"featured_media":711,"template":"wp-custom-template-noticias-la-luz-de-las-ninas-2","meta":{"_acf_changed":false},"categories":[7],"tags":[],"class_list":["post-710","xxx","type-xxx","status-publish","has-post-thumbnail","hentry","category-noticia"],"acf":[],"yoast_head":"<!-- This site is optimized with the Yoast SEO Premium plugin v21.6 (Yoast SEO v27.5) - https:\/\/yoast.com\/product\/yoast-seo-premium-wordpress\/ -->\n<title>\u00a1ESC\u00daCHANOS: NOS QUEREMOS #SANASYSALVAS! - Entreculturas<\/title>\n<meta name=\"robots\" content=\"index, follow, max-snippet:-1, max-image-preview:large, max-video-preview:-1\" \/>\n<link rel=\"canonical\" href=\"https:\/\/www.entreculturas.org\/ca\/la-luz-de-las-ninas\/noticia\/escuchanos-nos-queremos-sanasysalvas\/\" \/>\n<meta property=\"og:locale\" content=\"ca_ES\" \/>\n<meta property=\"og:type\" content=\"article\" \/>\n<meta property=\"og:title\" content=\"\u00a1ESC\u00daCHANOS: NOS QUEREMOS #SANASYSALVAS!\" \/>\n<meta property=\"og:description\" content=\"En este 11 de octubre, D\u00eda Internacional de las Ni\u00f1as, desde la campa\u00f1a global La LUZ de las NI\u00d1AS, queremos seguir reivindicando y defendiendo el derecho de las ni\u00f1as a vivir SANAS Y SALVAS.\u00a0 En contextos de emergencia, violencia, exclusi\u00f3n y pobreza, las ni\u00f1as son siempre las m\u00e1s vulnerables. 240 millones de ni\u00f1as han sido v\u00edctimas de violencia en todo el mundo y se calcula que 11 millones de ni\u00f1as est\u00e1n en riesgo de no volver a la escuela a causa de la pandemia, una cifra que se sumar\u00eda a los 131 millones de ni\u00f1as ya estaban fuera de la escuela antes de la pandemia.\u00a0 La actual situaci\u00f3n provocada por la Covid-19, ha empeorado de forma grave la vida de muchas de estas ni\u00f1as para las que la escuela representa el \u00fanico espacio de seguridad y protecci\u00f3n. En tiempos de crisis e incertidumbre, necesitamos, m\u00e1s que nunca, escuchar las voces [&hellip;]\" \/>\n<meta property=\"og:url\" content=\"https:\/\/www.entreculturas.org\/ca\/la-luz-de-las-ninas\/noticia\/escuchanos-nos-queremos-sanasysalvas\/\" \/>\n<meta property=\"og:site_name\" content=\"Entreculturas\" \/>\n<meta property=\"article:publisher\" content=\"https:\/\/www.facebook.com\/entreculturas\" \/>\n<meta property=\"article:modified_time\" content=\"2024-09-20T07:25:48+00:00\" \/>\n<meta property=\"og:image\" content=\"https:\/\/www.entreculturas.org\/wp-content\/uploads\/2021\/10\/Banner-web_1265x435.jpg\" \/>\n\t<meta property=\"og:image:width\" content=\"1265\" \/>\n\t<meta property=\"og:image:height\" content=\"435\" \/>\n\t<meta property=\"og:image:type\" content=\"image\/jpeg\" \/>\n<meta name=\"twitter:card\" content=\"summary_large_image\" \/>\n<meta name=\"twitter:site\" content=\"@Entreculturas\" \/>\n<script type=\"application\/ld+json\" class=\"yoast-schema-graph\">{\"@context\":\"https:\\\/\\\/schema.org\",\"@graph\":[{\"@type\":\"WebPage\",\"@id\":\"https:\\\/\\\/www.entreculturas.org\\\/ca\\\/la-luz-de-las-ninas\\\/noticia\\\/escuchanos-nos-queremos-sanasysalvas\\\/\",\"url\":\"https:\\\/\\\/www.entreculturas.org\\\/ca\\\/la-luz-de-las-ninas\\\/noticia\\\/escuchanos-nos-queremos-sanasysalvas\\\/\",\"name\":\"\u00a1ESC\u00daCHANOS: NOS QUEREMOS #SANASYSALVAS! - Entreculturas\",\"isPartOf\":{\"@id\":\"https:\\\/\\\/www.entreculturas.org\\\/ca\\\/#website\"},\"primaryImageOfPage\":{\"@id\":\"https:\\\/\\\/www.entreculturas.org\\\/ca\\\/la-luz-de-las-ninas\\\/noticia\\\/escuchanos-nos-queremos-sanasysalvas\\\/#primaryimage\"},\"image\":{\"@id\":\"https:\\\/\\\/www.entreculturas.org\\\/ca\\\/la-luz-de-las-ninas\\\/noticia\\\/escuchanos-nos-queremos-sanasysalvas\\\/#primaryimage\"},\"thumbnailUrl\":\"https:\\\/\\\/www.entreculturas.org\\\/wp-content\\\/uploads\\\/2021\\\/10\\\/Banner-web_1265x435.jpg\",\"datePublished\":\"2021-10-07T12:58:50+00:00\",\"dateModified\":\"2024-09-20T07:25:48+00:00\",\"breadcrumb\":{\"@id\":\"https:\\\/\\\/www.entreculturas.org\\\/ca\\\/la-luz-de-las-ninas\\\/noticia\\\/escuchanos-nos-queremos-sanasysalvas\\\/#breadcrumb\"},\"inLanguage\":\"ca\",\"potentialAction\":[{\"@type\":\"ReadAction\",\"target\":[\"https:\\\/\\\/www.entreculturas.org\\\/ca\\\/la-luz-de-las-ninas\\\/noticia\\\/escuchanos-nos-queremos-sanasysalvas\\\/\"]}]},{\"@type\":\"ImageObject\",\"inLanguage\":\"ca\",\"@id\":\"https:\\\/\\\/www.entreculturas.org\\\/ca\\\/la-luz-de-las-ninas\\\/noticia\\\/escuchanos-nos-queremos-sanasysalvas\\\/#primaryimage\",\"url\":\"https:\\\/\\\/www.entreculturas.org\\\/wp-content\\\/uploads\\\/2021\\\/10\\\/Banner-web_1265x435.jpg\",\"contentUrl\":\"https:\\\/\\\/www.entreculturas.org\\\/wp-content\\\/uploads\\\/2021\\\/10\\\/Banner-web_1265x435.jpg\",\"width\":1265,\"height\":435},{\"@type\":\"BreadcrumbList\",\"@id\":\"https:\\\/\\\/www.entreculturas.org\\\/ca\\\/la-luz-de-las-ninas\\\/noticia\\\/escuchanos-nos-queremos-sanasysalvas\\\/#breadcrumb\",\"itemListElement\":[{\"@type\":\"ListItem\",\"position\":1,\"name\":\"Home\",\"item\":\"https:\\\/\\\/www.entreculturas.org\\\/ca\\\/\"},{\"@type\":\"ListItem\",\"position\":2,\"name\":\"Noticias LLDLN\",\"item\":\"https:\\\/\\\/www.entreculturas.org\\\/ca\\\/noticias-la-luz-de-las-ninas\\\/\"},{\"@type\":\"ListItem\",\"position\":3,\"name\":\"\u00a1ESC\u00daCHANOS: NOS QUEREMOS #SANASYSALVAS!\"}]},{\"@type\":\"WebSite\",\"@id\":\"https:\\\/\\\/www.entreculturas.org\\\/ca\\\/#website\",\"url\":\"https:\\\/\\\/www.entreculturas.org\\\/ca\\\/\",\"name\":\"Entreculturas\",\"description\":\"\",\"publisher\":{\"@id\":\"https:\\\/\\\/www.entreculturas.org\\\/ca\\\/#organization\"},\"alternateName\":\"Entreculturas\",\"potentialAction\":[{\"@type\":\"SearchAction\",\"target\":{\"@type\":\"EntryPoint\",\"urlTemplate\":\"https:\\\/\\\/www.entreculturas.org\\\/ca\\\/?s={search_term_string}\"},\"query-input\":{\"@type\":\"PropertyValueSpecification\",\"valueRequired\":true,\"valueName\":\"search_term_string\"}}],\"inLanguage\":\"ca\"},{\"@type\":\"Organization\",\"@id\":\"https:\\\/\\\/www.entreculturas.org\\\/ca\\\/#organization\",\"name\":\"Entreculturas\",\"url\":\"https:\\\/\\\/www.entreculturas.org\\\/ca\\\/\",\"logo\":{\"@type\":\"ImageObject\",\"inLanguage\":\"ca\",\"@id\":\"https:\\\/\\\/www.entreculturas.org\\\/ca\\\/#\\\/schema\\\/logo\\\/image\\\/\",\"url\":\"https:\\\/\\\/www.entreculturas.org\\\/wp-content\\\/uploads\\\/2025\\\/10\\\/ESP.svg\",\"contentUrl\":\"https:\\\/\\\/www.entreculturas.org\\\/wp-content\\\/uploads\\\/2025\\\/10\\\/ESP.svg\",\"caption\":\"Entreculturas\"},\"image\":{\"@id\":\"https:\\\/\\\/www.entreculturas.org\\\/ca\\\/#\\\/schema\\\/logo\\\/image\\\/\"},\"sameAs\":[\"https:\\\/\\\/www.facebook.com\\\/entreculturas\",\"https:\\\/\\\/x.com\\\/Entreculturas\",\"https:\\\/\\\/www.instagram.com\\\/entreculturas\\\/\",\"https:\\\/\\\/www.youtube.com\\\/user\\\/entreculturasvideo\",\"https:\\\/\\\/www.linkedin.com\\\/company\\\/fundacion-entreculturas-ngdo\\\/\",\"https:\\\/\\\/www.flickr.com\\\/photos\\\/98455522@N04\\\/albums\\\/\"]}]}<\/script>\n<!-- \/ Yoast SEO Premium plugin. -->","yoast_head_json":{"title":"\u00a1ESC\u00daCHANOS: NOS QUEREMOS #SANASYSALVAS! - Entreculturas","robots":{"index":"index","follow":"follow","max-snippet":"max-snippet:-1","max-image-preview":"max-image-preview:large","max-video-preview":"max-video-preview:-1"},"canonical":"https:\/\/www.entreculturas.org\/ca\/la-luz-de-las-ninas\/noticia\/escuchanos-nos-queremos-sanasysalvas\/","og_locale":"ca_ES","og_type":"article","og_title":"\u00a1ESC\u00daCHANOS: NOS QUEREMOS #SANASYSALVAS!","og_description":"En este 11 de octubre, D\u00eda Internacional de las Ni\u00f1as, desde la campa\u00f1a global La LUZ de las NI\u00d1AS, queremos seguir reivindicando y defendiendo el derecho de las ni\u00f1as a vivir SANAS Y SALVAS.\u00a0 En contextos de emergencia, violencia, exclusi\u00f3n y pobreza, las ni\u00f1as son siempre las m\u00e1s vulnerables. 240 millones de ni\u00f1as han sido v\u00edctimas de violencia en todo el mundo y se calcula que 11 millones de ni\u00f1as est\u00e1n en riesgo de no volver a la escuela a causa de la pandemia, una cifra que se sumar\u00eda a los 131 millones de ni\u00f1as ya estaban fuera de la escuela antes de la pandemia.\u00a0 La actual situaci\u00f3n provocada por la Covid-19, ha empeorado de forma grave la vida de muchas de estas ni\u00f1as para las que la escuela representa el \u00fanico espacio de seguridad y protecci\u00f3n. En tiempos de crisis e incertidumbre, necesitamos, m\u00e1s que nunca, escuchar las voces [&hellip;]","og_url":"https:\/\/www.entreculturas.org\/ca\/la-luz-de-las-ninas\/noticia\/escuchanos-nos-queremos-sanasysalvas\/","og_site_name":"Entreculturas","article_publisher":"https:\/\/www.facebook.com\/entreculturas","article_modified_time":"2024-09-20T07:25:48+00:00","og_image":[{"width":1265,"height":435,"url":"https:\/\/www.entreculturas.org\/wp-content\/uploads\/2021\/10\/Banner-web_1265x435.jpg","type":"image\/jpeg"}],"twitter_card":"summary_large_image","twitter_site":"@Entreculturas","schema":{"@context":"https:\/\/schema.org","@graph":[{"@type":"WebPage","@id":"https:\/\/www.entreculturas.org\/ca\/la-luz-de-las-ninas\/noticia\/escuchanos-nos-queremos-sanasysalvas\/","url":"https:\/\/www.entreculturas.org\/ca\/la-luz-de-las-ninas\/noticia\/escuchanos-nos-queremos-sanasysalvas\/","name":"\u00a1ESC\u00daCHANOS: NOS QUEREMOS #SANASYSALVAS! - Entreculturas","isPartOf":{"@id":"https:\/\/www.entreculturas.org\/ca\/#website"},"primaryImageOfPage":{"@id":"https:\/\/www.entreculturas.org\/ca\/la-luz-de-las-ninas\/noticia\/escuchanos-nos-queremos-sanasysalvas\/#primaryimage"},"image":{"@id":"https:\/\/www.entreculturas.org\/ca\/la-luz-de-las-ninas\/noticia\/escuchanos-nos-queremos-sanasysalvas\/#primaryimage"},"thumbnailUrl":"https:\/\/www.entreculturas.org\/wp-content\/uploads\/2021\/10\/Banner-web_1265x435.jpg","datePublished":"2021-10-07T12:58:50+00:00","dateModified":"2024-09-20T07:25:48+00:00","breadcrumb":{"@id":"https:\/\/www.entreculturas.org\/ca\/la-luz-de-las-ninas\/noticia\/escuchanos-nos-queremos-sanasysalvas\/#breadcrumb"},"inLanguage":"ca","potentialAction":[{"@type":"ReadAction","target":["https:\/\/www.entreculturas.org\/ca\/la-luz-de-las-ninas\/noticia\/escuchanos-nos-queremos-sanasysalvas\/"]}]},{"@type":"ImageObject","inLanguage":"ca","@id":"https:\/\/www.entreculturas.org\/ca\/la-luz-de-las-ninas\/noticia\/escuchanos-nos-queremos-sanasysalvas\/#primaryimage","url":"https:\/\/www.entreculturas.org\/wp-content\/uploads\/2021\/10\/Banner-web_1265x435.jpg","contentUrl":"https:\/\/www.entreculturas.org\/wp-content\/uploads\/2021\/10\/Banner-web_1265x435.jpg","width":1265,"height":435},{"@type":"BreadcrumbList","@id":"https:\/\/www.entreculturas.org\/ca\/la-luz-de-las-ninas\/noticia\/escuchanos-nos-queremos-sanasysalvas\/#breadcrumb","itemListElement":[{"@type":"ListItem","position":1,"name":"Home","item":"https:\/\/www.entreculturas.org\/ca\/"},{"@type":"ListItem","position":2,"name":"Noticias LLDLN","item":"https:\/\/www.entreculturas.org\/ca\/noticias-la-luz-de-las-ninas\/"},{"@type":"ListItem","position":3,"name":"\u00a1ESC\u00daCHANOS: NOS QUEREMOS #SANASYSALVAS!"}]},{"@type":"WebSite","@id":"https:\/\/www.entreculturas.org\/ca\/#website","url":"https:\/\/www.entreculturas.org\/ca\/","name":"Entreculturas","description":"","publisher":{"@id":"https:\/\/www.entreculturas.org\/ca\/#organization"},"alternateName":"Entreculturas","potentialAction":[{"@type":"SearchAction","target":{"@type":"EntryPoint","urlTemplate":"https:\/\/www.entreculturas.org\/ca\/?s={search_term_string}"},"query-input":{"@type":"PropertyValueSpecification","valueRequired":true,"valueName":"search_term_string"}}],"inLanguage":"ca"},{"@type":"Organization","@id":"https:\/\/www.entreculturas.org\/ca\/#organization","name":"Entreculturas","url":"https:\/\/www.entreculturas.org\/ca\/","logo":{"@type":"ImageObject","inLanguage":"ca","@id":"https:\/\/www.entreculturas.org\/ca\/#\/schema\/logo\/image\/","url":"https:\/\/www.entreculturas.org\/wp-content\/uploads\/2025\/10\/ESP.svg","contentUrl":"https:\/\/www.entreculturas.org\/wp-content\/uploads\/2025\/10\/ESP.svg","caption":"Entreculturas"},"image":{"@id":"https:\/\/www.entreculturas.org\/ca\/#\/schema\/logo\/image\/"},"sameAs":["https:\/\/www.facebook.com\/entreculturas","https:\/\/x.com\/Entreculturas","https:\/\/www.instagram.com\/entreculturas\/","https:\/\/www.youtube.com\/user\/entreculturasvideo","https:\/\/www.linkedin.com\/company\/fundacion-entreculturas-ngdo\/","https:\/\/www.flickr.com\/photos\/98455522@N04\/albums\/"]}]}},"_links":{"self":[{"href":"https:\/\/www.entreculturas.org\/ca\/wp-json\/wp\/v2\/xxx\/710","targetHints":{"allow":["GET"]}}],"collection":[{"href":"https:\/\/www.entreculturas.org\/ca\/wp-json\/wp\/v2\/xxx"}],"about":[{"href":"https:\/\/www.entreculturas.org\/ca\/wp-json\/wp\/v2\/types\/xxx"}],"wp:featuredmedia":[{"embeddable":true,"href":"https:\/\/www.entreculturas.org\/ca\/wp-json\/wp\/v2\/media\/711"}],"wp:attachment":[{"href":"https:\/\/www.entreculturas.org\/ca\/wp-json\/wp\/v2\/media?parent=710"}],"wp:term":[{"taxonomy":"category","embeddable":true,"href":"https:\/\/www.entreculturas.org\/ca\/wp-json\/wp\/v2\/categories?post=710"},{"taxonomy":"post_tag","embeddable":true,"href":"https:\/\/www.entreculturas.org\/ca\/wp-json\/wp\/v2\/tags?post=710"}],"curies":[{"name":"wp","href":"https:\/\/api.w.org\/{rel}","templated":true}]}}