{"id":703,"date":"2021-09-10T14:38:42","date_gmt":"2021-09-10T12:38:42","guid":{"rendered":"https:\/\/www.entreculturas.org\/?post_type=xxx&#038;p=703"},"modified":"2024-09-19T18:49:19","modified_gmt":"2024-09-19T16:49:19","slug":"somos-iguales-festival-por-los-derechos-de-las-ninas-en-honduras","status":"publish","type":"xxx","link":"https:\/\/www.entreculturas.org\/ca\/la-luz-de-las-ninas\/noticia\/somos-iguales-festival-por-los-derechos-de-las-ninas-en-honduras\/","title":{"rendered":"&#8220;Somos Iguales&#8221;: festival por los derechos de las NI\u00d1AS en Honduras"},"content":{"rendered":"<p><span style=\"font-weight: 400;\">El pasado 21 de agosto, en la ciudad de El Progreso, Honduras, tuvo lugar el <strong>Festival \u201cSomos iguales\u201d<\/strong>, un evento que sirvi\u00f3 como broche de oro a los talleres impartidos\u00a0 en el marco de la <strong>campa\u00f1a La LUZ de las NI\u00d1AS<\/strong> en el pa\u00eds, y al que asistieron tanto las ni\u00f1as participantes en el proceso, como el equipo de Fe y Alegr\u00eda y numerosas instituciones del \u00e1mbito educativo.<\/span><\/p>\n<p><span style=\"font-weight: 400;\"><strong>El proceso comenz\u00f3 en 2020, a\u00f1o marcado principalmente por la pandemia pero que en Honduras se vio triplemente golpeado con la llegada de dos huracanes<\/strong>. Comenzar el proceso de informaci\u00f3n con 10 ni\u00f1as de los centros educativos asociados a<strong> Fe y Alegr\u00eda Honduras<\/strong>, cuando parec\u00eda que lo \u2018raro\u2019 se hab\u00eda vuelto normal, fue realmente un halo de luz. Reuniones, algunas virtuales, otras presenciales con todas las medidas y un poco de miedo al principio, pero sobre todo, emoci\u00f3n e ilusi\u00f3n. Madres e hijas llegaban a recibir la informaci\u00f3n y compartir su disposici\u00f3n con ganas de aprender, de participar en un proceso que s\u00f3lo pod\u00eda tener resultados positivos, y as\u00ed est\u00e1 siendo.\u00a0<\/span><\/p>\n<p><span style=\"font-weight: 400;\"><strong>\u201cNuestra Luz brilla\u201d es el lema de la campa\u00f1a La LUZ de las NI\u00d1AS en Centroam\u00e9rica<\/strong>, y que se est\u00e1 desarrollando de manera simult\u00e1nea en varios pa\u00edses, como Per\u00fa, Nicaragua, El Salvador y Honduras. Ahora hay grupos de ni\u00f1as que trabajan desde diferentes ramas art\u00edsticas para la prevenci\u00f3n de la violencia, empoderarse y aprender, para poder hacer lo mismo con sus familias y en sus escuelas en el futuro.\u00a0<\/span><\/p>\n<p><img decoding=\"async\" class=\"alignnone wp-image-705 size-full\" src=\"https:\/\/www.entreculturas.org\/wp-content\/uploads\/2021\/09\/DSC_0031-scaled-1.jpg\" alt=\"\" width=\"2560\" height=\"1707\" srcset=\"https:\/\/www.entreculturas.org\/wp-content\/uploads\/2021\/09\/DSC_0031-scaled-1.jpg 2560w, https:\/\/www.entreculturas.org\/wp-content\/uploads\/2021\/09\/DSC_0031-scaled-1-300x200.jpg 300w, https:\/\/www.entreculturas.org\/wp-content\/uploads\/2021\/09\/DSC_0031-scaled-1-1024x683.jpg 1024w, https:\/\/www.entreculturas.org\/wp-content\/uploads\/2021\/09\/DSC_0031-scaled-1-768x512.jpg 768w, https:\/\/www.entreculturas.org\/wp-content\/uploads\/2021\/09\/DSC_0031-scaled-1-1536x1024.jpg 1536w, https:\/\/www.entreculturas.org\/wp-content\/uploads\/2021\/09\/DSC_0031-scaled-1-2048x1366.jpg 2048w\" sizes=\"(max-width: 2560px) 100vw, 2560px\" \/><\/p>\n<p><span style=\"font-weight: 400;\">El punto de partida fue un diagn\u00f3stico de c\u00f3mo percib\u00edan las ni\u00f1as la violencia que habita cerca de su realidad de ser ni\u00f1as, con la realidad que viven en sus casas, escuelas y en la calle. El resultado fue parecido en los cuatro pa\u00edses, por suerte no todos los resultados son desalentadores: <\/span><b>9 de cada 10 ni\u00f1as y adolescentes perciben que en la escuela las tratan con respeto y las escuchan<\/b><span style=\"font-weight: 400;\">, pero si tenemos algunos datos que queremos cambiar: <\/span><b>9 de cada 10 ni\u00f1as dicen tener miedo al caminar por la calle<\/b><span style=\"font-weight: 400;\">, <\/span><b>9 de cada 10 ni\u00f1as callan frente a la violencia<\/b><span style=\"font-weight: 400;\">. Sabemos que podemos hacer que su luz brille, y que no tengan miedo y que alcen su voz ante las injusticias para que el presente que vivimos y el futuro que llegar\u00e1 sea menos violento en general y m\u00e1s equitativo con las ni\u00f1as en particular. Pero no estamos trabajando en ello de cualquier manera, queremos hacerlo a trav\u00e9s del arte, para que ese cambio, crecimiento y empoderamiento nazca desde el sentir. \u00bfY c\u00f3mo se puede hacer eso? Contando con profesionales que creen (de crear y de creer) en la misma luz. Cada pa\u00eds est\u00e1 desarrollando diferentes talleres: danza, escritura creativa, expresi\u00f3n corporal, teatro, canto\u2026<\/span><\/p>\n<p><span style=\"font-weight: 400;\"><strong>En Honduras el 8 de mayo dio inicio la fase de los talleres art\u00edsticos<\/strong>, nosotras comenzamos con expresi\u00f3n art\u00edstica pl\u00e1stica, dibujo, pintura, ilustraci\u00f3n de la mano de Tatiana Sorto, artista multidisciplinar progrese\u00f1a. Esta fase se desarrolla de manera simult\u00e1nea en <strong>Per\u00fa, El Salvador, Nicaragua y Honduras<\/strong>. Cada pa\u00eds elige el \u00e1rea para trabajar en su luz.\u00a0<\/span><\/p>\n<p><span style=\"font-weight: 400;\">Dos de los talleres que se realizaron durante los meses de mayo y junio fueron: expresi\u00f3n art\u00edstica y canto. Fruto del \u00faltimo, y como resultado del esfuerzo y trabajo realizado, el grupo de ni\u00f1as grab\u00f3 un videoclip de su canci\u00f3n, a trav\u00e9s de la cual reivindican <strong>su derecho a ser ni\u00f1as libres de violencia<\/strong>.\u00a0\u00a0<\/span><\/p>\n<p><span style=\"font-weight: 400;\"><strong>Es realmente emocionante formar parte del proceso creativo y compartir con las ni\u00f1as<\/strong>. Adem\u00e1s de los talleres art\u00edsticos, aprovechamos los cambios de disciplina para trabajar con ellas liderazgo y educaci\u00f3n sexual, con dos talleres llenos de preguntas, juegos y nuevos aprendizajes. Adem\u00e1s, nos dimos cuenta, que las mam\u00e1s y abuelas en su mayor\u00eda, y alg\u00fan pap\u00e1, se quedaban esperando a que acabaran los talleres, as\u00ed que en el de salud sexual donde hablamos de la menarqu\u00eda, que es el nombre de la primera menstruaci\u00f3n, y de la importancia de reconocer nuestro cuerpo y nombrarlo sin tab\u00faes, les hicimos part\u00edcipes y nos contaron c\u00f3mo a ellas no les explicaron nada del ciclo menstrual o cu\u00e1ntas cosas no pod\u00edan hacer por ser ni\u00f1as o tener la menstruaci\u00f3n.\u00a0<\/span><\/p>\n<p><em><span style=\"font-weight: 400;\">Sara Santos \u00c1lvarez, VOLPA de Entreculturas en El Progreso, Honduras<\/span><\/em><\/p>\n","protected":false},"excerpt":{"rendered":"<p>El pasado 21 de agosto, en la ciudad de El Progreso, Honduras, tuvo lugar el Festival \u201cSomos iguales\u201d, un evento que sirvi\u00f3 como broche de oro a los talleres impartidos\u00a0 en el marco de la campa\u00f1a La LUZ de las NI\u00d1AS en el pa\u00eds, y al que asistieron tanto las ni\u00f1as participantes en el proceso, como el equipo de Fe y Alegr\u00eda y numerosas instituciones del \u00e1mbito educativo. El proceso comenz\u00f3 en 2020, a\u00f1o marcado principalmente por la pandemia pero que en Honduras se vio triplemente golpeado con la llegada de dos huracanes. Comenzar el proceso de informaci\u00f3n con 10 ni\u00f1as de los centros educativos asociados a Fe y Alegr\u00eda Honduras, cuando parec\u00eda que lo \u2018raro\u2019 se hab\u00eda vuelto normal, fue realmente un halo de luz. Reuniones, algunas virtuales, otras presenciales con todas las medidas y un poco de miedo al principio, pero sobre todo, emoci\u00f3n e ilusi\u00f3n. Madres e [&hellip;]<\/p>\n","protected":false},"featured_media":704,"template":"wp-custom-template-noticias-la-luz-de-las-ninas-2","meta":{"_acf_changed":false},"categories":[7],"tags":[],"class_list":["post-703","xxx","type-xxx","status-publish","has-post-thumbnail","hentry","category-noticia"],"acf":[],"yoast_head":"<!-- This site is optimized with the Yoast SEO Premium plugin v21.6 (Yoast SEO v27.5) - https:\/\/yoast.com\/product\/yoast-seo-premium-wordpress\/ -->\n<title>&quot;Somos Iguales&quot;: festival por los derechos de las NI\u00d1AS en Honduras - Entreculturas<\/title>\n<meta name=\"robots\" content=\"index, follow, max-snippet:-1, max-image-preview:large, max-video-preview:-1\" \/>\n<link rel=\"canonical\" href=\"https:\/\/www.entreculturas.org\/ca\/la-luz-de-las-ninas\/noticia\/somos-iguales-festival-por-los-derechos-de-las-ninas-en-honduras\/\" \/>\n<meta property=\"og:locale\" content=\"ca_ES\" \/>\n<meta property=\"og:type\" content=\"article\" \/>\n<meta property=\"og:title\" content=\"&quot;Somos Iguales&quot;: festival por los derechos de las NI\u00d1AS en Honduras\" \/>\n<meta property=\"og:description\" content=\"El pasado 21 de agosto, en la ciudad de El Progreso, Honduras, tuvo lugar el Festival \u201cSomos iguales\u201d, un evento que sirvi\u00f3 como broche de oro a los talleres impartidos\u00a0 en el marco de la campa\u00f1a La LUZ de las NI\u00d1AS en el pa\u00eds, y al que asistieron tanto las ni\u00f1as participantes en el proceso, como el equipo de Fe y Alegr\u00eda y numerosas instituciones del \u00e1mbito educativo. El proceso comenz\u00f3 en 2020, a\u00f1o marcado principalmente por la pandemia pero que en Honduras se vio triplemente golpeado con la llegada de dos huracanes. Comenzar el proceso de informaci\u00f3n con 10 ni\u00f1as de los centros educativos asociados a Fe y Alegr\u00eda Honduras, cuando parec\u00eda que lo \u2018raro\u2019 se hab\u00eda vuelto normal, fue realmente un halo de luz. Reuniones, algunas virtuales, otras presenciales con todas las medidas y un poco de miedo al principio, pero sobre todo, emoci\u00f3n e ilusi\u00f3n. Madres e [&hellip;]\" \/>\n<meta property=\"og:url\" content=\"https:\/\/www.entreculturas.org\/ca\/la-luz-de-las-ninas\/noticia\/somos-iguales-festival-por-los-derechos-de-las-ninas-en-honduras\/\" \/>\n<meta property=\"og:site_name\" content=\"Entreculturas\" \/>\n<meta property=\"article:publisher\" content=\"https:\/\/www.facebook.com\/entreculturas\" \/>\n<meta property=\"article:modified_time\" content=\"2024-09-19T16:49:19+00:00\" \/>\n<meta property=\"og:image\" content=\"https:\/\/www.entreculturas.org\/wp-content\/uploads\/2021\/09\/7-scaled-1.jpg\" \/>\n\t<meta property=\"og:image:width\" content=\"2560\" \/>\n\t<meta property=\"og:image:height\" content=\"1705\" \/>\n\t<meta property=\"og:image:type\" content=\"image\/jpeg\" \/>\n<meta name=\"twitter:card\" content=\"summary_large_image\" \/>\n<meta name=\"twitter:site\" content=\"@Entreculturas\" \/>\n<script type=\"application\/ld+json\" class=\"yoast-schema-graph\">{\"@context\":\"https:\\\/\\\/schema.org\",\"@graph\":[{\"@type\":\"WebPage\",\"@id\":\"https:\\\/\\\/www.entreculturas.org\\\/ca\\\/la-luz-de-las-ninas\\\/noticia\\\/somos-iguales-festival-por-los-derechos-de-las-ninas-en-honduras\\\/\",\"url\":\"https:\\\/\\\/www.entreculturas.org\\\/ca\\\/la-luz-de-las-ninas\\\/noticia\\\/somos-iguales-festival-por-los-derechos-de-las-ninas-en-honduras\\\/\",\"name\":\"\\\"Somos Iguales\\\": festival por los derechos de las NI\u00d1AS en Honduras - Entreculturas\",\"isPartOf\":{\"@id\":\"https:\\\/\\\/www.entreculturas.org\\\/ca\\\/#website\"},\"primaryImageOfPage\":{\"@id\":\"https:\\\/\\\/www.entreculturas.org\\\/ca\\\/la-luz-de-las-ninas\\\/noticia\\\/somos-iguales-festival-por-los-derechos-de-las-ninas-en-honduras\\\/#primaryimage\"},\"image\":{\"@id\":\"https:\\\/\\\/www.entreculturas.org\\\/ca\\\/la-luz-de-las-ninas\\\/noticia\\\/somos-iguales-festival-por-los-derechos-de-las-ninas-en-honduras\\\/#primaryimage\"},\"thumbnailUrl\":\"https:\\\/\\\/www.entreculturas.org\\\/wp-content\\\/uploads\\\/2021\\\/09\\\/7-scaled-1.jpg\",\"datePublished\":\"2021-09-10T12:38:42+00:00\",\"dateModified\":\"2024-09-19T16:49:19+00:00\",\"breadcrumb\":{\"@id\":\"https:\\\/\\\/www.entreculturas.org\\\/ca\\\/la-luz-de-las-ninas\\\/noticia\\\/somos-iguales-festival-por-los-derechos-de-las-ninas-en-honduras\\\/#breadcrumb\"},\"inLanguage\":\"ca\",\"potentialAction\":[{\"@type\":\"ReadAction\",\"target\":[\"https:\\\/\\\/www.entreculturas.org\\\/ca\\\/la-luz-de-las-ninas\\\/noticia\\\/somos-iguales-festival-por-los-derechos-de-las-ninas-en-honduras\\\/\"]}]},{\"@type\":\"ImageObject\",\"inLanguage\":\"ca\",\"@id\":\"https:\\\/\\\/www.entreculturas.org\\\/ca\\\/la-luz-de-las-ninas\\\/noticia\\\/somos-iguales-festival-por-los-derechos-de-las-ninas-en-honduras\\\/#primaryimage\",\"url\":\"https:\\\/\\\/www.entreculturas.org\\\/wp-content\\\/uploads\\\/2021\\\/09\\\/7-scaled-1.jpg\",\"contentUrl\":\"https:\\\/\\\/www.entreculturas.org\\\/wp-content\\\/uploads\\\/2021\\\/09\\\/7-scaled-1.jpg\",\"width\":2560,\"height\":1705},{\"@type\":\"BreadcrumbList\",\"@id\":\"https:\\\/\\\/www.entreculturas.org\\\/ca\\\/la-luz-de-las-ninas\\\/noticia\\\/somos-iguales-festival-por-los-derechos-de-las-ninas-en-honduras\\\/#breadcrumb\",\"itemListElement\":[{\"@type\":\"ListItem\",\"position\":1,\"name\":\"Home\",\"item\":\"https:\\\/\\\/www.entreculturas.org\\\/ca\\\/\"},{\"@type\":\"ListItem\",\"position\":2,\"name\":\"Noticias LLDLN\",\"item\":\"https:\\\/\\\/www.entreculturas.org\\\/ca\\\/noticias-la-luz-de-las-ninas\\\/\"},{\"@type\":\"ListItem\",\"position\":3,\"name\":\"&#8220;Somos Iguales&#8221;: festival por los derechos de las NI\u00d1AS en Honduras\"}]},{\"@type\":\"WebSite\",\"@id\":\"https:\\\/\\\/www.entreculturas.org\\\/ca\\\/#website\",\"url\":\"https:\\\/\\\/www.entreculturas.org\\\/ca\\\/\",\"name\":\"Entreculturas\",\"description\":\"\",\"publisher\":{\"@id\":\"https:\\\/\\\/www.entreculturas.org\\\/ca\\\/#organization\"},\"alternateName\":\"Entreculturas\",\"potentialAction\":[{\"@type\":\"SearchAction\",\"target\":{\"@type\":\"EntryPoint\",\"urlTemplate\":\"https:\\\/\\\/www.entreculturas.org\\\/ca\\\/?s={search_term_string}\"},\"query-input\":{\"@type\":\"PropertyValueSpecification\",\"valueRequired\":true,\"valueName\":\"search_term_string\"}}],\"inLanguage\":\"ca\"},{\"@type\":\"Organization\",\"@id\":\"https:\\\/\\\/www.entreculturas.org\\\/ca\\\/#organization\",\"name\":\"Entreculturas\",\"url\":\"https:\\\/\\\/www.entreculturas.org\\\/ca\\\/\",\"logo\":{\"@type\":\"ImageObject\",\"inLanguage\":\"ca\",\"@id\":\"https:\\\/\\\/www.entreculturas.org\\\/ca\\\/#\\\/schema\\\/logo\\\/image\\\/\",\"url\":\"https:\\\/\\\/www.entreculturas.org\\\/wp-content\\\/uploads\\\/2025\\\/10\\\/ESP.svg\",\"contentUrl\":\"https:\\\/\\\/www.entreculturas.org\\\/wp-content\\\/uploads\\\/2025\\\/10\\\/ESP.svg\",\"caption\":\"Entreculturas\"},\"image\":{\"@id\":\"https:\\\/\\\/www.entreculturas.org\\\/ca\\\/#\\\/schema\\\/logo\\\/image\\\/\"},\"sameAs\":[\"https:\\\/\\\/www.facebook.com\\\/entreculturas\",\"https:\\\/\\\/x.com\\\/Entreculturas\",\"https:\\\/\\\/www.instagram.com\\\/entreculturas\\\/\",\"https:\\\/\\\/www.youtube.com\\\/user\\\/entreculturasvideo\",\"https:\\\/\\\/www.linkedin.com\\\/company\\\/fundacion-entreculturas-ngdo\\\/\",\"https:\\\/\\\/www.flickr.com\\\/photos\\\/98455522@N04\\\/albums\\\/\"]}]}<\/script>\n<!-- \/ Yoast SEO Premium plugin. -->","yoast_head_json":{"title":"\"Somos Iguales\": festival por los derechos de las NI\u00d1AS en Honduras - Entreculturas","robots":{"index":"index","follow":"follow","max-snippet":"max-snippet:-1","max-image-preview":"max-image-preview:large","max-video-preview":"max-video-preview:-1"},"canonical":"https:\/\/www.entreculturas.org\/ca\/la-luz-de-las-ninas\/noticia\/somos-iguales-festival-por-los-derechos-de-las-ninas-en-honduras\/","og_locale":"ca_ES","og_type":"article","og_title":"\"Somos Iguales\": festival por los derechos de las NI\u00d1AS en Honduras","og_description":"El pasado 21 de agosto, en la ciudad de El Progreso, Honduras, tuvo lugar el Festival \u201cSomos iguales\u201d, un evento que sirvi\u00f3 como broche de oro a los talleres impartidos\u00a0 en el marco de la campa\u00f1a La LUZ de las NI\u00d1AS en el pa\u00eds, y al que asistieron tanto las ni\u00f1as participantes en el proceso, como el equipo de Fe y Alegr\u00eda y numerosas instituciones del \u00e1mbito educativo. El proceso comenz\u00f3 en 2020, a\u00f1o marcado principalmente por la pandemia pero que en Honduras se vio triplemente golpeado con la llegada de dos huracanes. Comenzar el proceso de informaci\u00f3n con 10 ni\u00f1as de los centros educativos asociados a Fe y Alegr\u00eda Honduras, cuando parec\u00eda que lo \u2018raro\u2019 se hab\u00eda vuelto normal, fue realmente un halo de luz. Reuniones, algunas virtuales, otras presenciales con todas las medidas y un poco de miedo al principio, pero sobre todo, emoci\u00f3n e ilusi\u00f3n. Madres e [&hellip;]","og_url":"https:\/\/www.entreculturas.org\/ca\/la-luz-de-las-ninas\/noticia\/somos-iguales-festival-por-los-derechos-de-las-ninas-en-honduras\/","og_site_name":"Entreculturas","article_publisher":"https:\/\/www.facebook.com\/entreculturas","article_modified_time":"2024-09-19T16:49:19+00:00","og_image":[{"width":2560,"height":1705,"url":"https:\/\/www.entreculturas.org\/wp-content\/uploads\/2021\/09\/7-scaled-1.jpg","type":"image\/jpeg"}],"twitter_card":"summary_large_image","twitter_site":"@Entreculturas","schema":{"@context":"https:\/\/schema.org","@graph":[{"@type":"WebPage","@id":"https:\/\/www.entreculturas.org\/ca\/la-luz-de-las-ninas\/noticia\/somos-iguales-festival-por-los-derechos-de-las-ninas-en-honduras\/","url":"https:\/\/www.entreculturas.org\/ca\/la-luz-de-las-ninas\/noticia\/somos-iguales-festival-por-los-derechos-de-las-ninas-en-honduras\/","name":"\"Somos Iguales\": festival por los derechos de las NI\u00d1AS en Honduras - Entreculturas","isPartOf":{"@id":"https:\/\/www.entreculturas.org\/ca\/#website"},"primaryImageOfPage":{"@id":"https:\/\/www.entreculturas.org\/ca\/la-luz-de-las-ninas\/noticia\/somos-iguales-festival-por-los-derechos-de-las-ninas-en-honduras\/#primaryimage"},"image":{"@id":"https:\/\/www.entreculturas.org\/ca\/la-luz-de-las-ninas\/noticia\/somos-iguales-festival-por-los-derechos-de-las-ninas-en-honduras\/#primaryimage"},"thumbnailUrl":"https:\/\/www.entreculturas.org\/wp-content\/uploads\/2021\/09\/7-scaled-1.jpg","datePublished":"2021-09-10T12:38:42+00:00","dateModified":"2024-09-19T16:49:19+00:00","breadcrumb":{"@id":"https:\/\/www.entreculturas.org\/ca\/la-luz-de-las-ninas\/noticia\/somos-iguales-festival-por-los-derechos-de-las-ninas-en-honduras\/#breadcrumb"},"inLanguage":"ca","potentialAction":[{"@type":"ReadAction","target":["https:\/\/www.entreculturas.org\/ca\/la-luz-de-las-ninas\/noticia\/somos-iguales-festival-por-los-derechos-de-las-ninas-en-honduras\/"]}]},{"@type":"ImageObject","inLanguage":"ca","@id":"https:\/\/www.entreculturas.org\/ca\/la-luz-de-las-ninas\/noticia\/somos-iguales-festival-por-los-derechos-de-las-ninas-en-honduras\/#primaryimage","url":"https:\/\/www.entreculturas.org\/wp-content\/uploads\/2021\/09\/7-scaled-1.jpg","contentUrl":"https:\/\/www.entreculturas.org\/wp-content\/uploads\/2021\/09\/7-scaled-1.jpg","width":2560,"height":1705},{"@type":"BreadcrumbList","@id":"https:\/\/www.entreculturas.org\/ca\/la-luz-de-las-ninas\/noticia\/somos-iguales-festival-por-los-derechos-de-las-ninas-en-honduras\/#breadcrumb","itemListElement":[{"@type":"ListItem","position":1,"name":"Home","item":"https:\/\/www.entreculturas.org\/ca\/"},{"@type":"ListItem","position":2,"name":"Noticias LLDLN","item":"https:\/\/www.entreculturas.org\/ca\/noticias-la-luz-de-las-ninas\/"},{"@type":"ListItem","position":3,"name":"&#8220;Somos Iguales&#8221;: festival por los derechos de las NI\u00d1AS en Honduras"}]},{"@type":"WebSite","@id":"https:\/\/www.entreculturas.org\/ca\/#website","url":"https:\/\/www.entreculturas.org\/ca\/","name":"Entreculturas","description":"","publisher":{"@id":"https:\/\/www.entreculturas.org\/ca\/#organization"},"alternateName":"Entreculturas","potentialAction":[{"@type":"SearchAction","target":{"@type":"EntryPoint","urlTemplate":"https:\/\/www.entreculturas.org\/ca\/?s={search_term_string}"},"query-input":{"@type":"PropertyValueSpecification","valueRequired":true,"valueName":"search_term_string"}}],"inLanguage":"ca"},{"@type":"Organization","@id":"https:\/\/www.entreculturas.org\/ca\/#organization","name":"Entreculturas","url":"https:\/\/www.entreculturas.org\/ca\/","logo":{"@type":"ImageObject","inLanguage":"ca","@id":"https:\/\/www.entreculturas.org\/ca\/#\/schema\/logo\/image\/","url":"https:\/\/www.entreculturas.org\/wp-content\/uploads\/2025\/10\/ESP.svg","contentUrl":"https:\/\/www.entreculturas.org\/wp-content\/uploads\/2025\/10\/ESP.svg","caption":"Entreculturas"},"image":{"@id":"https:\/\/www.entreculturas.org\/ca\/#\/schema\/logo\/image\/"},"sameAs":["https:\/\/www.facebook.com\/entreculturas","https:\/\/x.com\/Entreculturas","https:\/\/www.instagram.com\/entreculturas\/","https:\/\/www.youtube.com\/user\/entreculturasvideo","https:\/\/www.linkedin.com\/company\/fundacion-entreculturas-ngdo\/","https:\/\/www.flickr.com\/photos\/98455522@N04\/albums\/"]}]}},"_links":{"self":[{"href":"https:\/\/www.entreculturas.org\/ca\/wp-json\/wp\/v2\/xxx\/703","targetHints":{"allow":["GET"]}}],"collection":[{"href":"https:\/\/www.entreculturas.org\/ca\/wp-json\/wp\/v2\/xxx"}],"about":[{"href":"https:\/\/www.entreculturas.org\/ca\/wp-json\/wp\/v2\/types\/xxx"}],"wp:featuredmedia":[{"embeddable":true,"href":"https:\/\/www.entreculturas.org\/ca\/wp-json\/wp\/v2\/media\/704"}],"wp:attachment":[{"href":"https:\/\/www.entreculturas.org\/ca\/wp-json\/wp\/v2\/media?parent=703"}],"wp:term":[{"taxonomy":"category","embeddable":true,"href":"https:\/\/www.entreculturas.org\/ca\/wp-json\/wp\/v2\/categories?post=703"},{"taxonomy":"post_tag","embeddable":true,"href":"https:\/\/www.entreculturas.org\/ca\/wp-json\/wp\/v2\/tags?post=703"}],"curies":[{"name":"wp","href":"https:\/\/api.w.org\/{rel}","templated":true}]}}