{"id":700,"date":"2021-07-27T09:43:48","date_gmt":"2021-07-27T07:43:48","guid":{"rendered":"https:\/\/www.entreculturas.org\/?post_type=xxx&#038;p=700"},"modified":"2024-09-19T18:49:08","modified_gmt":"2024-09-19T16:49:08","slug":"exposicion-virtual-la-luz-de-las-ninas-2","status":"publish","type":"xxx","link":"https:\/\/www.entreculturas.org\/ca\/la-luz-de-las-ninas\/noticia\/exposicion-virtual-la-luz-de-las-ninas-2\/","title":{"rendered":"EXPOSICI\u00d3N VIRTUAL LA LUZ DE LAS NI\u00d1AS"},"content":{"rendered":"<p><span style=\"font-weight: 400;\">La LUZ de las NI\u00d1AS ofrece <\/span><b>una exposici\u00f3n que pone rostro a la realidad que viven 240 millones de ni\u00f1as en todo el mundo<\/b><b>.<\/b><span style=\"font-weight: 400;\"> Una muestra que refleja la oscuridad por la que ni\u00f1as y j\u00f3venes atraviesan como consecuencia de pr\u00e1cticas abusivas como el matrimonio forzado, la violencia psicol\u00f3gica, f\u00edsica y sexual o la mutilaci\u00f3n genital femenina, pero que tambi\u00e9n arroja luz y esperanza, mostrando la lucha de las ni\u00f1as por sus derechos, por lograr un presente digno y un futuro lleno de posibilidades.\u00a0\u00a0<\/span><\/p>\n<p><span style=\"font-weight: 400;\">\u00a0<\/span><span style=\"font-weight: 400;\">Concretamente, la exposici\u00f3n se inspira en la vida de Kim, Mireille, Sima y Michel Ange, cuatro j\u00f3venes de diferentes partes del mundo, acompa\u00f1adas por Fe y Alegr\u00eda y el Servicio Jesuita a Refugiados, que comparten una historia en com\u00fan: la de haberse encontrado, enfrentado y superado barreras <\/span><b>por el mero hecho de ser ni\u00f1as.<\/b><\/p>\n<p><span style=\"font-weight: 400;\">La exposici\u00f3n va acompa\u00f1ada de una <\/span><a href=\"https:\/\/www.laluzdelasninas.org\/app\/uploads\/2019\/11\/Unidad-dida%CC%81ctica-Exposicio%CC%81n-Luz-nin%CC%83as-Final.pdf\"><span style=\"font-weight: 400;\">Unidad Did\u00e1ctica<\/span><\/a><span style=\"font-weight: 400;\">, un itinerario de actividades para que <\/span><b>alumnado a partir de los 10 a\u00f1os<\/b><span style=\"font-weight: 400;\"> pueda reflexionar acerca de las desigualdades que sufren las ni\u00f1as, conocer c\u00f3mo la educaci\u00f3n puede transformar sus vidas e identificar acciones cotidianas para actuar por los derechos de las ni\u00f1as.<\/span><\/p>\n<p><span style=\"font-weight: 400;\">Expuesta en Chad, Camer\u00fan y Espa\u00f1a, la exposici\u00f3n La LUZ de las NI\u00d1AS, que <\/span><b>ha sido visitada ya por m\u00e1s de 1.000 alumnas y alumnos<\/b> <span style=\"font-weight: 400;\">en los distintos pa\u00edses, <\/span><b>se convierte ahora en una exposici\u00f3n virtual<\/b><span style=\"font-weight: 400;\">.<\/span><\/p>\n<p><img decoding=\"async\" class=\"alignnone wp-image-497 size-full\" src=\"https:\/\/www.entreculturas.org\/wp-content\/uploads\/2019\/11\/WhatsApp-Image-2019-11-18-at-11.17.29-3.jpeg\" alt=\"\" width=\"1984\" height=\"1488\" srcset=\"https:\/\/www.entreculturas.org\/wp-content\/uploads\/2019\/11\/WhatsApp-Image-2019-11-18-at-11.17.29-3.jpeg 1984w, https:\/\/www.entreculturas.org\/wp-content\/uploads\/2019\/11\/WhatsApp-Image-2019-11-18-at-11.17.29-3-300x225.jpeg 300w, https:\/\/www.entreculturas.org\/wp-content\/uploads\/2019\/11\/WhatsApp-Image-2019-11-18-at-11.17.29-3-1024x768.jpeg 1024w, https:\/\/www.entreculturas.org\/wp-content\/uploads\/2019\/11\/WhatsApp-Image-2019-11-18-at-11.17.29-3-768x576.jpeg 768w, https:\/\/www.entreculturas.org\/wp-content\/uploads\/2019\/11\/WhatsApp-Image-2019-11-18-at-11.17.29-3-1536x1152.jpeg 1536w\" sizes=\"(max-width: 1984px) 100vw, 1984px\" \/><\/p>\n<p><span style=\"font-weight: 400;\">El objetivo de esta nueva <\/span><a href=\"https:\/\/exposicion.laluzdelasninas.org\/\"><b>exposici\u00f3n virtual<\/b><\/a><span style=\"font-weight: 400;\"> e interactiva es acercar a un mayor n\u00famero de personas la realidad de millones de ni\u00f1as en todo el mundo y que pueda ser vista y consultada por el conjunto de pa\u00edses y alumnado de manera online, especialmente<\/span> <span style=\"font-weight: 400;\">en situaciones de crisis como la vivida actualmente a causa de la Covid-19. El cierre de las escuelas est\u00e1 teniendo un fuerte impacto en el <\/span><b>aumento de la violencia que sufren las ni\u00f1as y las mujeres<\/b><span style=\"font-weight: 400;\">, por lo que ahora, m\u00e1s que nunca, es importante poder contar con recursos como este para seguir visibilizando esta lacra.\u00a0<\/span><\/p>\n<p><span style=\"font-weight: 400;\">\u00a0<\/span><span style=\"font-weight: 400;\">Si no has podido visitar la exposici\u00f3n f\u00edsica, te proponemos este viaje virtual por los pa\u00edses en los que Entreculturas, junto con Fe y Alegr\u00eda y el Servicio Jesuita a Refugiados,\u00a0 promueve escuelas seguras para defender y proteger los derechos de las ni\u00f1as y en el que <\/span><b>Kim, Mireille, Michel Anche y Sima te guiar\u00e1n para mostrarte c\u00f3mo la educaci\u00f3n ha transformado sus vidas<\/b><span style=\"font-weight: 400;\">.<\/span><\/p>\n<p><b>\u00bfTe animas a conocerlas?<\/b><\/p>\n<p><span style=\"font-weight: 400;\">\u00a0<\/span><a href=\"https:\/\/exposicion.laluzdelasninas.org\/\"><span style=\"font-weight: 400;\">https:\/\/exposicion.laluzdelasninas.org\/<\/span><\/a><\/p>\n","protected":false},"excerpt":{"rendered":"<p>La LUZ de las NI\u00d1AS ofrece una exposici\u00f3n que pone rostro a la realidad que viven 240 millones de ni\u00f1as en todo el mundo. Una muestra que refleja la oscuridad por la que ni\u00f1as y j\u00f3venes atraviesan como consecuencia de pr\u00e1cticas abusivas como el matrimonio forzado, la violencia psicol\u00f3gica, f\u00edsica y sexual o la mutilaci\u00f3n genital femenina, pero que tambi\u00e9n arroja luz y esperanza, mostrando la lucha de las ni\u00f1as por sus derechos, por lograr un presente digno y un futuro lleno de posibilidades.\u00a0\u00a0 \u00a0Concretamente, la exposici\u00f3n se inspira en la vida de Kim, Mireille, Sima y Michel Ange, cuatro j\u00f3venes de diferentes partes del mundo, acompa\u00f1adas por Fe y Alegr\u00eda y el Servicio Jesuita a Refugiados, que comparten una historia en com\u00fan: la de haberse encontrado, enfrentado y superado barreras por el mero hecho de ser ni\u00f1as. La exposici\u00f3n va acompa\u00f1ada de una Unidad Did\u00e1ctica, un itinerario de actividades [&hellip;]<\/p>\n","protected":false},"featured_media":571,"template":"wp-custom-template-noticias-la-luz-de-las-ninas-2","meta":{"_acf_changed":false},"categories":[7],"tags":[],"class_list":["post-700","xxx","type-xxx","status-publish","has-post-thumbnail","hentry","category-noticia"],"acf":[],"yoast_head":"<!-- This site is optimized with the Yoast SEO Premium plugin v21.6 (Yoast SEO v27.5) - https:\/\/yoast.com\/product\/yoast-seo-premium-wordpress\/ -->\n<title>EXPOSICI\u00d3N VIRTUAL LA LUZ DE LAS NI\u00d1AS - Entreculturas<\/title>\n<meta name=\"robots\" content=\"index, follow, max-snippet:-1, max-image-preview:large, max-video-preview:-1\" \/>\n<link rel=\"canonical\" href=\"https:\/\/www.entreculturas.org\/ca\/la-luz-de-las-ninas\/noticia\/exposicion-virtual-la-luz-de-las-ninas-2\/\" \/>\n<meta property=\"og:locale\" content=\"ca_ES\" \/>\n<meta property=\"og:type\" content=\"article\" \/>\n<meta property=\"og:title\" content=\"EXPOSICI\u00d3N VIRTUAL LA LUZ DE LAS NI\u00d1AS\" \/>\n<meta property=\"og:description\" content=\"La LUZ de las NI\u00d1AS ofrece una exposici\u00f3n que pone rostro a la realidad que viven 240 millones de ni\u00f1as en todo el mundo. Una muestra que refleja la oscuridad por la que ni\u00f1as y j\u00f3venes atraviesan como consecuencia de pr\u00e1cticas abusivas como el matrimonio forzado, la violencia psicol\u00f3gica, f\u00edsica y sexual o la mutilaci\u00f3n genital femenina, pero que tambi\u00e9n arroja luz y esperanza, mostrando la lucha de las ni\u00f1as por sus derechos, por lograr un presente digno y un futuro lleno de posibilidades.\u00a0\u00a0 \u00a0Concretamente, la exposici\u00f3n se inspira en la vida de Kim, Mireille, Sima y Michel Ange, cuatro j\u00f3venes de diferentes partes del mundo, acompa\u00f1adas por Fe y Alegr\u00eda y el Servicio Jesuita a Refugiados, que comparten una historia en com\u00fan: la de haberse encontrado, enfrentado y superado barreras por el mero hecho de ser ni\u00f1as. La exposici\u00f3n va acompa\u00f1ada de una Unidad Did\u00e1ctica, un itinerario de actividades [&hellip;]\" \/>\n<meta property=\"og:url\" content=\"https:\/\/www.entreculturas.org\/ca\/la-luz-de-las-ninas\/noticia\/exposicion-virtual-la-luz-de-las-ninas-2\/\" \/>\n<meta property=\"og:site_name\" content=\"Entreculturas\" \/>\n<meta property=\"article:publisher\" content=\"https:\/\/www.facebook.com\/entreculturas\" \/>\n<meta property=\"article:modified_time\" content=\"2024-09-19T16:49:08+00:00\" \/>\n<meta property=\"og:image\" content=\"https:\/\/www.entreculturas.org\/wp-content\/uploads\/2020\/06\/Postal-LDN.jpg\" \/>\n\t<meta property=\"og:image:width\" content=\"1121\" \/>\n\t<meta property=\"og:image:height\" content=\"779\" \/>\n\t<meta property=\"og:image:type\" content=\"image\/jpeg\" \/>\n<meta name=\"twitter:card\" content=\"summary_large_image\" \/>\n<meta name=\"twitter:site\" content=\"@Entreculturas\" \/>\n<script type=\"application\/ld+json\" class=\"yoast-schema-graph\">{\"@context\":\"https:\\\/\\\/schema.org\",\"@graph\":[{\"@type\":\"WebPage\",\"@id\":\"https:\\\/\\\/www.entreculturas.org\\\/ca\\\/la-luz-de-las-ninas\\\/noticia\\\/exposicion-virtual-la-luz-de-las-ninas-2\\\/\",\"url\":\"https:\\\/\\\/www.entreculturas.org\\\/ca\\\/la-luz-de-las-ninas\\\/noticia\\\/exposicion-virtual-la-luz-de-las-ninas-2\\\/\",\"name\":\"EXPOSICI\u00d3N VIRTUAL LA LUZ DE LAS NI\u00d1AS - Entreculturas\",\"isPartOf\":{\"@id\":\"https:\\\/\\\/www.entreculturas.org\\\/ca\\\/#website\"},\"primaryImageOfPage\":{\"@id\":\"https:\\\/\\\/www.entreculturas.org\\\/ca\\\/la-luz-de-las-ninas\\\/noticia\\\/exposicion-virtual-la-luz-de-las-ninas-2\\\/#primaryimage\"},\"image\":{\"@id\":\"https:\\\/\\\/www.entreculturas.org\\\/ca\\\/la-luz-de-las-ninas\\\/noticia\\\/exposicion-virtual-la-luz-de-las-ninas-2\\\/#primaryimage\"},\"thumbnailUrl\":\"https:\\\/\\\/www.entreculturas.org\\\/wp-content\\\/uploads\\\/2020\\\/06\\\/Postal-LDN.jpg\",\"datePublished\":\"2021-07-27T07:43:48+00:00\",\"dateModified\":\"2024-09-19T16:49:08+00:00\",\"breadcrumb\":{\"@id\":\"https:\\\/\\\/www.entreculturas.org\\\/ca\\\/la-luz-de-las-ninas\\\/noticia\\\/exposicion-virtual-la-luz-de-las-ninas-2\\\/#breadcrumb\"},\"inLanguage\":\"ca\",\"potentialAction\":[{\"@type\":\"ReadAction\",\"target\":[\"https:\\\/\\\/www.entreculturas.org\\\/ca\\\/la-luz-de-las-ninas\\\/noticia\\\/exposicion-virtual-la-luz-de-las-ninas-2\\\/\"]}]},{\"@type\":\"ImageObject\",\"inLanguage\":\"ca\",\"@id\":\"https:\\\/\\\/www.entreculturas.org\\\/ca\\\/la-luz-de-las-ninas\\\/noticia\\\/exposicion-virtual-la-luz-de-las-ninas-2\\\/#primaryimage\",\"url\":\"https:\\\/\\\/www.entreculturas.org\\\/wp-content\\\/uploads\\\/2020\\\/06\\\/Postal-LDN.jpg\",\"contentUrl\":\"https:\\\/\\\/www.entreculturas.org\\\/wp-content\\\/uploads\\\/2020\\\/06\\\/Postal-LDN.jpg\",\"width\":1121,\"height\":779},{\"@type\":\"BreadcrumbList\",\"@id\":\"https:\\\/\\\/www.entreculturas.org\\\/ca\\\/la-luz-de-las-ninas\\\/noticia\\\/exposicion-virtual-la-luz-de-las-ninas-2\\\/#breadcrumb\",\"itemListElement\":[{\"@type\":\"ListItem\",\"position\":1,\"name\":\"Home\",\"item\":\"https:\\\/\\\/www.entreculturas.org\\\/ca\\\/\"},{\"@type\":\"ListItem\",\"position\":2,\"name\":\"Noticias LLDLN\",\"item\":\"https:\\\/\\\/www.entreculturas.org\\\/ca\\\/noticias-la-luz-de-las-ninas\\\/\"},{\"@type\":\"ListItem\",\"position\":3,\"name\":\"EXPOSICI\u00d3N VIRTUAL LA LUZ DE LAS NI\u00d1AS\"}]},{\"@type\":\"WebSite\",\"@id\":\"https:\\\/\\\/www.entreculturas.org\\\/ca\\\/#website\",\"url\":\"https:\\\/\\\/www.entreculturas.org\\\/ca\\\/\",\"name\":\"Entreculturas\",\"description\":\"\",\"publisher\":{\"@id\":\"https:\\\/\\\/www.entreculturas.org\\\/ca\\\/#organization\"},\"alternateName\":\"Entreculturas\",\"potentialAction\":[{\"@type\":\"SearchAction\",\"target\":{\"@type\":\"EntryPoint\",\"urlTemplate\":\"https:\\\/\\\/www.entreculturas.org\\\/ca\\\/?s={search_term_string}\"},\"query-input\":{\"@type\":\"PropertyValueSpecification\",\"valueRequired\":true,\"valueName\":\"search_term_string\"}}],\"inLanguage\":\"ca\"},{\"@type\":\"Organization\",\"@id\":\"https:\\\/\\\/www.entreculturas.org\\\/ca\\\/#organization\",\"name\":\"Entreculturas\",\"url\":\"https:\\\/\\\/www.entreculturas.org\\\/ca\\\/\",\"logo\":{\"@type\":\"ImageObject\",\"inLanguage\":\"ca\",\"@id\":\"https:\\\/\\\/www.entreculturas.org\\\/ca\\\/#\\\/schema\\\/logo\\\/image\\\/\",\"url\":\"https:\\\/\\\/www.entreculturas.org\\\/wp-content\\\/uploads\\\/2025\\\/10\\\/ESP.svg\",\"contentUrl\":\"https:\\\/\\\/www.entreculturas.org\\\/wp-content\\\/uploads\\\/2025\\\/10\\\/ESP.svg\",\"caption\":\"Entreculturas\"},\"image\":{\"@id\":\"https:\\\/\\\/www.entreculturas.org\\\/ca\\\/#\\\/schema\\\/logo\\\/image\\\/\"},\"sameAs\":[\"https:\\\/\\\/www.facebook.com\\\/entreculturas\",\"https:\\\/\\\/x.com\\\/Entreculturas\",\"https:\\\/\\\/www.instagram.com\\\/entreculturas\\\/\",\"https:\\\/\\\/www.youtube.com\\\/user\\\/entreculturasvideo\",\"https:\\\/\\\/www.linkedin.com\\\/company\\\/fundacion-entreculturas-ngdo\\\/\",\"https:\\\/\\\/www.flickr.com\\\/photos\\\/98455522@N04\\\/albums\\\/\"]}]}<\/script>\n<!-- \/ Yoast SEO Premium plugin. -->","yoast_head_json":{"title":"EXPOSICI\u00d3N VIRTUAL LA LUZ DE LAS NI\u00d1AS - Entreculturas","robots":{"index":"index","follow":"follow","max-snippet":"max-snippet:-1","max-image-preview":"max-image-preview:large","max-video-preview":"max-video-preview:-1"},"canonical":"https:\/\/www.entreculturas.org\/ca\/la-luz-de-las-ninas\/noticia\/exposicion-virtual-la-luz-de-las-ninas-2\/","og_locale":"ca_ES","og_type":"article","og_title":"EXPOSICI\u00d3N VIRTUAL LA LUZ DE LAS NI\u00d1AS","og_description":"La LUZ de las NI\u00d1AS ofrece una exposici\u00f3n que pone rostro a la realidad que viven 240 millones de ni\u00f1as en todo el mundo. Una muestra que refleja la oscuridad por la que ni\u00f1as y j\u00f3venes atraviesan como consecuencia de pr\u00e1cticas abusivas como el matrimonio forzado, la violencia psicol\u00f3gica, f\u00edsica y sexual o la mutilaci\u00f3n genital femenina, pero que tambi\u00e9n arroja luz y esperanza, mostrando la lucha de las ni\u00f1as por sus derechos, por lograr un presente digno y un futuro lleno de posibilidades.\u00a0\u00a0 \u00a0Concretamente, la exposici\u00f3n se inspira en la vida de Kim, Mireille, Sima y Michel Ange, cuatro j\u00f3venes de diferentes partes del mundo, acompa\u00f1adas por Fe y Alegr\u00eda y el Servicio Jesuita a Refugiados, que comparten una historia en com\u00fan: la de haberse encontrado, enfrentado y superado barreras por el mero hecho de ser ni\u00f1as. La exposici\u00f3n va acompa\u00f1ada de una Unidad Did\u00e1ctica, un itinerario de actividades [&hellip;]","og_url":"https:\/\/www.entreculturas.org\/ca\/la-luz-de-las-ninas\/noticia\/exposicion-virtual-la-luz-de-las-ninas-2\/","og_site_name":"Entreculturas","article_publisher":"https:\/\/www.facebook.com\/entreculturas","article_modified_time":"2024-09-19T16:49:08+00:00","og_image":[{"width":1121,"height":779,"url":"https:\/\/www.entreculturas.org\/wp-content\/uploads\/2020\/06\/Postal-LDN.jpg","type":"image\/jpeg"}],"twitter_card":"summary_large_image","twitter_site":"@Entreculturas","schema":{"@context":"https:\/\/schema.org","@graph":[{"@type":"WebPage","@id":"https:\/\/www.entreculturas.org\/ca\/la-luz-de-las-ninas\/noticia\/exposicion-virtual-la-luz-de-las-ninas-2\/","url":"https:\/\/www.entreculturas.org\/ca\/la-luz-de-las-ninas\/noticia\/exposicion-virtual-la-luz-de-las-ninas-2\/","name":"EXPOSICI\u00d3N VIRTUAL LA LUZ DE LAS NI\u00d1AS - Entreculturas","isPartOf":{"@id":"https:\/\/www.entreculturas.org\/ca\/#website"},"primaryImageOfPage":{"@id":"https:\/\/www.entreculturas.org\/ca\/la-luz-de-las-ninas\/noticia\/exposicion-virtual-la-luz-de-las-ninas-2\/#primaryimage"},"image":{"@id":"https:\/\/www.entreculturas.org\/ca\/la-luz-de-las-ninas\/noticia\/exposicion-virtual-la-luz-de-las-ninas-2\/#primaryimage"},"thumbnailUrl":"https:\/\/www.entreculturas.org\/wp-content\/uploads\/2020\/06\/Postal-LDN.jpg","datePublished":"2021-07-27T07:43:48+00:00","dateModified":"2024-09-19T16:49:08+00:00","breadcrumb":{"@id":"https:\/\/www.entreculturas.org\/ca\/la-luz-de-las-ninas\/noticia\/exposicion-virtual-la-luz-de-las-ninas-2\/#breadcrumb"},"inLanguage":"ca","potentialAction":[{"@type":"ReadAction","target":["https:\/\/www.entreculturas.org\/ca\/la-luz-de-las-ninas\/noticia\/exposicion-virtual-la-luz-de-las-ninas-2\/"]}]},{"@type":"ImageObject","inLanguage":"ca","@id":"https:\/\/www.entreculturas.org\/ca\/la-luz-de-las-ninas\/noticia\/exposicion-virtual-la-luz-de-las-ninas-2\/#primaryimage","url":"https:\/\/www.entreculturas.org\/wp-content\/uploads\/2020\/06\/Postal-LDN.jpg","contentUrl":"https:\/\/www.entreculturas.org\/wp-content\/uploads\/2020\/06\/Postal-LDN.jpg","width":1121,"height":779},{"@type":"BreadcrumbList","@id":"https:\/\/www.entreculturas.org\/ca\/la-luz-de-las-ninas\/noticia\/exposicion-virtual-la-luz-de-las-ninas-2\/#breadcrumb","itemListElement":[{"@type":"ListItem","position":1,"name":"Home","item":"https:\/\/www.entreculturas.org\/ca\/"},{"@type":"ListItem","position":2,"name":"Noticias LLDLN","item":"https:\/\/www.entreculturas.org\/ca\/noticias-la-luz-de-las-ninas\/"},{"@type":"ListItem","position":3,"name":"EXPOSICI\u00d3N VIRTUAL LA LUZ DE LAS NI\u00d1AS"}]},{"@type":"WebSite","@id":"https:\/\/www.entreculturas.org\/ca\/#website","url":"https:\/\/www.entreculturas.org\/ca\/","name":"Entreculturas","description":"","publisher":{"@id":"https:\/\/www.entreculturas.org\/ca\/#organization"},"alternateName":"Entreculturas","potentialAction":[{"@type":"SearchAction","target":{"@type":"EntryPoint","urlTemplate":"https:\/\/www.entreculturas.org\/ca\/?s={search_term_string}"},"query-input":{"@type":"PropertyValueSpecification","valueRequired":true,"valueName":"search_term_string"}}],"inLanguage":"ca"},{"@type":"Organization","@id":"https:\/\/www.entreculturas.org\/ca\/#organization","name":"Entreculturas","url":"https:\/\/www.entreculturas.org\/ca\/","logo":{"@type":"ImageObject","inLanguage":"ca","@id":"https:\/\/www.entreculturas.org\/ca\/#\/schema\/logo\/image\/","url":"https:\/\/www.entreculturas.org\/wp-content\/uploads\/2025\/10\/ESP.svg","contentUrl":"https:\/\/www.entreculturas.org\/wp-content\/uploads\/2025\/10\/ESP.svg","caption":"Entreculturas"},"image":{"@id":"https:\/\/www.entreculturas.org\/ca\/#\/schema\/logo\/image\/"},"sameAs":["https:\/\/www.facebook.com\/entreculturas","https:\/\/x.com\/Entreculturas","https:\/\/www.instagram.com\/entreculturas\/","https:\/\/www.youtube.com\/user\/entreculturasvideo","https:\/\/www.linkedin.com\/company\/fundacion-entreculturas-ngdo\/","https:\/\/www.flickr.com\/photos\/98455522@N04\/albums\/"]}]}},"_links":{"self":[{"href":"https:\/\/www.entreculturas.org\/ca\/wp-json\/wp\/v2\/xxx\/700","targetHints":{"allow":["GET"]}}],"collection":[{"href":"https:\/\/www.entreculturas.org\/ca\/wp-json\/wp\/v2\/xxx"}],"about":[{"href":"https:\/\/www.entreculturas.org\/ca\/wp-json\/wp\/v2\/types\/xxx"}],"wp:featuredmedia":[{"embeddable":true,"href":"https:\/\/www.entreculturas.org\/ca\/wp-json\/wp\/v2\/media\/571"}],"wp:attachment":[{"href":"https:\/\/www.entreculturas.org\/ca\/wp-json\/wp\/v2\/media?parent=700"}],"wp:term":[{"taxonomy":"category","embeddable":true,"href":"https:\/\/www.entreculturas.org\/ca\/wp-json\/wp\/v2\/categories?post=700"},{"taxonomy":"post_tag","embeddable":true,"href":"https:\/\/www.entreculturas.org\/ca\/wp-json\/wp\/v2\/tags?post=700"}],"curies":[{"name":"wp","href":"https:\/\/api.w.org\/{rel}","templated":true}]}}