{"id":682,"date":"2021-03-11T09:42:11","date_gmt":"2021-03-11T08:42:11","guid":{"rendered":"https:\/\/www.entreculturas.org\/?post_type=xxx&#038;p=682"},"modified":"2024-09-19T18:46:47","modified_gmt":"2024-09-19T16:46:47","slug":"presentacion-en-chad-del-cuento-afaf-y-el-huevo-dorado","status":"publish","type":"xxx","link":"https:\/\/www.entreculturas.org\/ca\/la-luz-de-las-ninas\/noticia\/presentacion-en-chad-del-cuento-afaf-y-el-huevo-dorado\/","title":{"rendered":"Presentaci\u00f3n en Chad del cuento &#8220;Afaf y el Huevo Dorado&#8221;"},"content":{"rendered":"<p>El pasado 10 de marzo, tuvo lugar la<strong> presentaci\u00f3n del cuento \u201cAfaf y el Huevo Dorado\u201d<\/strong> en la Casa de la Mujer en Yamena, Chad.<\/p>\n<p>El cuento infantil \u201cAfaf y el Huevo Dorado\u201d, <strong>escrito e ilustrado por la artista multidisciplinar Salma Khalil<\/strong>, nace de seis talleres celebrados a finales de noviembre en Chad, en los que <strong>participaron m\u00e1s de 60 ni\u00f1as y adolescentes de tres campos de refugiados<\/strong>. Afaf, la protagonista de la historia, y el resto de habitantes del pueblo Bonheur Bonheur parecen surgir de la m\u00e1s pura fantas\u00eda, sin embargo, son un fiel reflejo del imaginario, recuerdos y vida cotidiana de las ni\u00f1as en situaci\u00f3n de desplazamiento forzoso en Chad.<\/p>\n<p>En este proyecto, realizado con <strong>Entreculturas y el Servicio Jesuita a<\/strong> <strong>Refugiados,<\/strong> en el marco de la <strong>Campa\u00f1a La LUZ de las NI\u00d1AS<\/strong>, Salma ha conseguido unir su estilo al de los dibujos y creaciones de arcilla realizados por las ni\u00f1as, plasmando en \u00e9l sus sue\u00f1os e inquietudes.<\/p>\n<p>El evento comenz\u00f3 con la intervenci\u00f3n del <strong>Director Nacional del SJR Chad<\/strong>, Denis Codjo, que expuso el trabajo que, junto con el SJR, realizamos en Chad a trav\u00e9s del programa LUZ de las NI\u00d1AS y agradeci\u00f3 su presencia a los m\u00e1s de 55 invitados, entre los que se encontraban personalidades del mundo del arte, organizaciones como OCHA y UNICEF, la Representante de la Embajada de Estados Unidos en Chad o la <strong>Representante del Ministerio de la Mujer y de la Protecci\u00f3n de la Peque\u00f1a Infancia, <\/strong>que ofreci\u00f3 un peque\u00f1o discurso sobre la importancia de la educaci\u00f3n de las ni\u00f1as.<\/p>\n<figure id=\"attachment_684\" aria-describedby=\"caption-attachment-684\" style=\"width: 800px\" class=\"wp-caption alignnone\"><img decoding=\"async\" class=\"wp-image-684 size-full\" src=\"https:\/\/www.entreculturas.org\/wp-content\/uploads\/2021\/03\/TCD01_2021_0310_Launch-Book-Afaf-and-the-Golden-Egg_Credits-to-Irene-Galera-40-1.jpg\" alt=\"Representante del Ministerio de la Mujer y de la Protecci\u00f3n de la Peque\u00f1a Infancia ofreciendo su discurso. Irene Galera\/JRS.\" width=\"800\" height=\"526\" srcset=\"https:\/\/www.entreculturas.org\/wp-content\/uploads\/2021\/03\/TCD01_2021_0310_Launch-Book-Afaf-and-the-Golden-Egg_Credits-to-Irene-Galera-40-1.jpg 800w, https:\/\/www.entreculturas.org\/wp-content\/uploads\/2021\/03\/TCD01_2021_0310_Launch-Book-Afaf-and-the-Golden-Egg_Credits-to-Irene-Galera-40-1-300x197.jpg 300w, https:\/\/www.entreculturas.org\/wp-content\/uploads\/2021\/03\/TCD01_2021_0310_Launch-Book-Afaf-and-the-Golden-Egg_Credits-to-Irene-Galera-40-1-768x505.jpg 768w\" sizes=\"(max-width: 800px) 100vw, 800px\" \/><figcaption id=\"caption-attachment-684\" class=\"wp-caption-text\">Representante del Ministerio de la Mujer y de la Protecci\u00f3n de la Peque\u00f1a Infancia ofreciendo su discurso. Irene Galera\/JRS.<\/figcaption><\/figure>\n<p>La presentaci\u00f3n cont\u00f3, adem\u00e1s, con la presencia de nuestra organizaci\u00f3n social <strong>Fe y Alegr\u00eda Chad<\/strong> y su Director Tsayem Dongmo. Minitaknde Casimir, personal t\u00e9cnico de educaci\u00f3n de Fe y Alegr\u00eda, expuso el trabajo de la organizaci\u00f3n en Chad y realiz\u00f3 una peque\u00f1a presentaci\u00f3n sobre la importancia del cuento y su potente valor en la educaci\u00f3n como herramienta pedag\u00f3gica.<\/p>\n<p>Tras la intervenci\u00f3n de Fe y Alegr\u00eda lleg\u00f3 uno de los momentos m\u00e1s esperados; la lectura del cuento. <strong>Cuatro de las ni\u00f1as refugiadas que participaron en los talleres de creaci\u00f3n contaron el cuento junto con la artista<\/strong>, Salma Khalil, dando paso al visionado de un peque\u00f1o <strong>documental de 11 minutos sobre el proceso de creaci\u00f3n<\/strong>, en el que se exponen los testimonios de las ni\u00f1as, que versaron sobre sus sue\u00f1os de futuro, la importancia de la educaci\u00f3n para sus vidas y su experiencia en los talleres. Este fue uno de los momentos m\u00e1s emocionantes y aplaudidos por el p\u00fablico all\u00ed presente.<\/p>\n<p><strong>\u00a0\u201cHe dibujado \u00e1rboles, mujeres con diplomas y mujeres piloto. Cuando sea mayor voy a ser enfermera para salvar la vida a la gente&#8221;,<\/strong> cuenta Habiba, una de las ni\u00f1as participantes.<\/p>\n<figure id=\"attachment_686\" aria-describedby=\"caption-attachment-686\" style=\"width: 800px\" class=\"wp-caption alignnone\"><img decoding=\"async\" class=\"wp-image-686 size-full\" src=\"https:\/\/www.entreculturas.org\/wp-content\/uploads\/2021\/03\/TCD01_2021_0310_Launch-Book-Afaf-and-the-Golden-Egg_Credits-to-Irene-Galera-11.jpg\" alt=\"Ni\u00f1as recitando el cuento. Irene Galera\/JRS\" width=\"800\" height=\"466\" srcset=\"https:\/\/www.entreculturas.org\/wp-content\/uploads\/2021\/03\/TCD01_2021_0310_Launch-Book-Afaf-and-the-Golden-Egg_Credits-to-Irene-Galera-11.jpg 800w, https:\/\/www.entreculturas.org\/wp-content\/uploads\/2021\/03\/TCD01_2021_0310_Launch-Book-Afaf-and-the-Golden-Egg_Credits-to-Irene-Galera-11-300x175.jpg 300w, https:\/\/www.entreculturas.org\/wp-content\/uploads\/2021\/03\/TCD01_2021_0310_Launch-Book-Afaf-and-the-Golden-Egg_Credits-to-Irene-Galera-11-768x447.jpg 768w\" sizes=\"(max-width: 800px) 100vw, 800px\" \/><figcaption id=\"caption-attachment-686\" class=\"wp-caption-text\">Ni\u00f1as recitando el cuento. Irene Galera\/JRS<\/figcaption><\/figure>\n<p>El evento termin\u00f3 con las emotivas palabras de la artista, Salma, que quiso compartir sus experiencias e ideas con los all\u00ed presentes.<\/p>\n<p>&#8220;Cuando ten\u00eda 8 a\u00f1os le dije a mi pap\u00e1 que quer\u00eda convertirme en ni\u00f1o porque me gustar\u00eda escribir libros. <strong>Mi padre me dijo que yo pod\u00eda hacer lo mismo que los<\/strong> <strong>hombres<\/strong> y fue ah\u00ed donde algo hizo clic en m\u00ed&#8221;.<\/p>\n<p>\u201cDurante los talleres de creaci\u00f3n con las ni\u00f1as, han compartido y hablado entre ellas. Es muy importante que la energ\u00eda circule. Eso es la luz. <strong>Si queremos lograr el desarrollo y la paz necesitamos de las ni\u00f1as y tenemos que animarlas como mi padre lo hizo conmigo<\/strong>\u201d, coment\u00f3 Salma a modo de cierre.<\/p>\n<p><a href=\"https:\/\/www.laluzdelasninas.org\/app\/uploads\/2021\/03\/Afaf-y-el-huevo-dorado_Espan%CC%83ol_Web-1.pdf\"><span style=\"color: #ff0000;\"><strong>\u00a0<\/strong><\/span><\/a><a href=\"https:\/\/www.laluzdelasninas.org\/app\/uploads\/2021\/03\/Afaf-y-el-huevo-dorado_Espan%CC%83ol_Web-1.pdf\"><span style=\"color: #ff0000;\"><strong>Descarga el cuento<\/strong><\/span><\/a><\/p>\n<p><a href=\"https:\/\/www.flickr.com\/photos\/entreculturas\/albums\/72157718598825193\"><span style=\"color: #ff0000;\"><strong>\u00a0Visita la galer\u00eda de fotos<\/strong><\/span><\/a><\/p>\n","protected":false},"excerpt":{"rendered":"<p>El pasado 10 de marzo, tuvo lugar la presentaci\u00f3n del cuento \u201cAfaf y el Huevo Dorado\u201d en la Casa de la Mujer en Yamena, Chad. El cuento infantil \u201cAfaf y el Huevo Dorado\u201d, escrito e ilustrado por la artista multidisciplinar Salma Khalil, nace de seis talleres celebrados a finales de noviembre en Chad, en los que participaron m\u00e1s de 60 ni\u00f1as y adolescentes de tres campos de refugiados. Afaf, la protagonista de la historia, y el resto de habitantes del pueblo Bonheur Bonheur parecen surgir de la m\u00e1s pura fantas\u00eda, sin embargo, son un fiel reflejo del imaginario, recuerdos y vida cotidiana de las ni\u00f1as en situaci\u00f3n de desplazamiento forzoso en Chad. En este proyecto, realizado con Entreculturas y el Servicio Jesuita a Refugiados, en el marco de la Campa\u00f1a La LUZ de las NI\u00d1AS, Salma ha conseguido unir su estilo al de los dibujos y creaciones de arcilla realizados [&hellip;]<\/p>\n","protected":false},"featured_media":688,"template":"wp-custom-template-noticias-la-luz-de-las-ninas-2","meta":{"_acf_changed":false},"categories":[7],"tags":[],"class_list":["post-682","xxx","type-xxx","status-publish","has-post-thumbnail","hentry","category-noticia"],"acf":[],"yoast_head":"<!-- This site is optimized with the Yoast SEO Premium plugin v21.6 (Yoast SEO v27.5) - https:\/\/yoast.com\/product\/yoast-seo-premium-wordpress\/ -->\n<title>Presentaci\u00f3n en Chad del cuento &quot;Afaf y el Huevo Dorado&quot; - Entreculturas<\/title>\n<meta name=\"robots\" content=\"index, follow, max-snippet:-1, max-image-preview:large, max-video-preview:-1\" \/>\n<link rel=\"canonical\" href=\"https:\/\/www.entreculturas.org\/ca\/la-luz-de-las-ninas\/noticia\/presentacion-en-chad-del-cuento-afaf-y-el-huevo-dorado\/\" \/>\n<meta property=\"og:locale\" content=\"ca_ES\" \/>\n<meta property=\"og:type\" content=\"article\" \/>\n<meta property=\"og:title\" content=\"Presentaci\u00f3n en Chad del cuento &quot;Afaf y el Huevo Dorado&quot;\" \/>\n<meta property=\"og:description\" content=\"El pasado 10 de marzo, tuvo lugar la presentaci\u00f3n del cuento \u201cAfaf y el Huevo Dorado\u201d en la Casa de la Mujer en Yamena, Chad. El cuento infantil \u201cAfaf y el Huevo Dorado\u201d, escrito e ilustrado por la artista multidisciplinar Salma Khalil, nace de seis talleres celebrados a finales de noviembre en Chad, en los que participaron m\u00e1s de 60 ni\u00f1as y adolescentes de tres campos de refugiados. Afaf, la protagonista de la historia, y el resto de habitantes del pueblo Bonheur Bonheur parecen surgir de la m\u00e1s pura fantas\u00eda, sin embargo, son un fiel reflejo del imaginario, recuerdos y vida cotidiana de las ni\u00f1as en situaci\u00f3n de desplazamiento forzoso en Chad. En este proyecto, realizado con Entreculturas y el Servicio Jesuita a Refugiados, en el marco de la Campa\u00f1a La LUZ de las NI\u00d1AS, Salma ha conseguido unir su estilo al de los dibujos y creaciones de arcilla realizados [&hellip;]\" \/>\n<meta property=\"og:url\" content=\"https:\/\/www.entreculturas.org\/ca\/la-luz-de-las-ninas\/noticia\/presentacion-en-chad-del-cuento-afaf-y-el-huevo-dorado\/\" \/>\n<meta property=\"og:site_name\" content=\"Entreculturas\" \/>\n<meta property=\"article:publisher\" content=\"https:\/\/www.facebook.com\/entreculturas\" \/>\n<meta property=\"article:modified_time\" content=\"2024-09-19T16:46:47+00:00\" \/>\n<meta property=\"og:image\" content=\"https:\/\/www.entreculturas.org\/wp-content\/uploads\/2021\/03\/afaf-es.jpg\" \/>\n\t<meta property=\"og:image:width\" content=\"996\" \/>\n\t<meta property=\"og:image:height\" content=\"710\" \/>\n\t<meta property=\"og:image:type\" content=\"image\/jpeg\" \/>\n<meta name=\"twitter:card\" content=\"summary_large_image\" \/>\n<meta name=\"twitter:site\" content=\"@Entreculturas\" \/>\n<script type=\"application\/ld+json\" class=\"yoast-schema-graph\">{\"@context\":\"https:\\\/\\\/schema.org\",\"@graph\":[{\"@type\":\"WebPage\",\"@id\":\"https:\\\/\\\/www.entreculturas.org\\\/ca\\\/la-luz-de-las-ninas\\\/noticia\\\/presentacion-en-chad-del-cuento-afaf-y-el-huevo-dorado\\\/\",\"url\":\"https:\\\/\\\/www.entreculturas.org\\\/ca\\\/la-luz-de-las-ninas\\\/noticia\\\/presentacion-en-chad-del-cuento-afaf-y-el-huevo-dorado\\\/\",\"name\":\"Presentaci\u00f3n en Chad del cuento \\\"Afaf y el Huevo Dorado\\\" - Entreculturas\",\"isPartOf\":{\"@id\":\"https:\\\/\\\/www.entreculturas.org\\\/ca\\\/#website\"},\"primaryImageOfPage\":{\"@id\":\"https:\\\/\\\/www.entreculturas.org\\\/ca\\\/la-luz-de-las-ninas\\\/noticia\\\/presentacion-en-chad-del-cuento-afaf-y-el-huevo-dorado\\\/#primaryimage\"},\"image\":{\"@id\":\"https:\\\/\\\/www.entreculturas.org\\\/ca\\\/la-luz-de-las-ninas\\\/noticia\\\/presentacion-en-chad-del-cuento-afaf-y-el-huevo-dorado\\\/#primaryimage\"},\"thumbnailUrl\":\"https:\\\/\\\/www.entreculturas.org\\\/wp-content\\\/uploads\\\/2021\\\/03\\\/afaf-es.jpg\",\"datePublished\":\"2021-03-11T08:42:11+00:00\",\"dateModified\":\"2024-09-19T16:46:47+00:00\",\"breadcrumb\":{\"@id\":\"https:\\\/\\\/www.entreculturas.org\\\/ca\\\/la-luz-de-las-ninas\\\/noticia\\\/presentacion-en-chad-del-cuento-afaf-y-el-huevo-dorado\\\/#breadcrumb\"},\"inLanguage\":\"ca\",\"potentialAction\":[{\"@type\":\"ReadAction\",\"target\":[\"https:\\\/\\\/www.entreculturas.org\\\/ca\\\/la-luz-de-las-ninas\\\/noticia\\\/presentacion-en-chad-del-cuento-afaf-y-el-huevo-dorado\\\/\"]}]},{\"@type\":\"ImageObject\",\"inLanguage\":\"ca\",\"@id\":\"https:\\\/\\\/www.entreculturas.org\\\/ca\\\/la-luz-de-las-ninas\\\/noticia\\\/presentacion-en-chad-del-cuento-afaf-y-el-huevo-dorado\\\/#primaryimage\",\"url\":\"https:\\\/\\\/www.entreculturas.org\\\/wp-content\\\/uploads\\\/2021\\\/03\\\/afaf-es.jpg\",\"contentUrl\":\"https:\\\/\\\/www.entreculturas.org\\\/wp-content\\\/uploads\\\/2021\\\/03\\\/afaf-es.jpg\",\"width\":996,\"height\":710},{\"@type\":\"BreadcrumbList\",\"@id\":\"https:\\\/\\\/www.entreculturas.org\\\/ca\\\/la-luz-de-las-ninas\\\/noticia\\\/presentacion-en-chad-del-cuento-afaf-y-el-huevo-dorado\\\/#breadcrumb\",\"itemListElement\":[{\"@type\":\"ListItem\",\"position\":1,\"name\":\"Home\",\"item\":\"https:\\\/\\\/www.entreculturas.org\\\/ca\\\/\"},{\"@type\":\"ListItem\",\"position\":2,\"name\":\"Noticias LLDLN\",\"item\":\"https:\\\/\\\/www.entreculturas.org\\\/ca\\\/noticias-la-luz-de-las-ninas\\\/\"},{\"@type\":\"ListItem\",\"position\":3,\"name\":\"Presentaci\u00f3n en Chad del cuento &#8220;Afaf y el Huevo Dorado&#8221;\"}]},{\"@type\":\"WebSite\",\"@id\":\"https:\\\/\\\/www.entreculturas.org\\\/ca\\\/#website\",\"url\":\"https:\\\/\\\/www.entreculturas.org\\\/ca\\\/\",\"name\":\"Entreculturas\",\"description\":\"\",\"publisher\":{\"@id\":\"https:\\\/\\\/www.entreculturas.org\\\/ca\\\/#organization\"},\"alternateName\":\"Entreculturas\",\"potentialAction\":[{\"@type\":\"SearchAction\",\"target\":{\"@type\":\"EntryPoint\",\"urlTemplate\":\"https:\\\/\\\/www.entreculturas.org\\\/ca\\\/?s={search_term_string}\"},\"query-input\":{\"@type\":\"PropertyValueSpecification\",\"valueRequired\":true,\"valueName\":\"search_term_string\"}}],\"inLanguage\":\"ca\"},{\"@type\":\"Organization\",\"@id\":\"https:\\\/\\\/www.entreculturas.org\\\/ca\\\/#organization\",\"name\":\"Entreculturas\",\"url\":\"https:\\\/\\\/www.entreculturas.org\\\/ca\\\/\",\"logo\":{\"@type\":\"ImageObject\",\"inLanguage\":\"ca\",\"@id\":\"https:\\\/\\\/www.entreculturas.org\\\/ca\\\/#\\\/schema\\\/logo\\\/image\\\/\",\"url\":\"https:\\\/\\\/www.entreculturas.org\\\/wp-content\\\/uploads\\\/2025\\\/10\\\/ESP.svg\",\"contentUrl\":\"https:\\\/\\\/www.entreculturas.org\\\/wp-content\\\/uploads\\\/2025\\\/10\\\/ESP.svg\",\"caption\":\"Entreculturas\"},\"image\":{\"@id\":\"https:\\\/\\\/www.entreculturas.org\\\/ca\\\/#\\\/schema\\\/logo\\\/image\\\/\"},\"sameAs\":[\"https:\\\/\\\/www.facebook.com\\\/entreculturas\",\"https:\\\/\\\/x.com\\\/Entreculturas\",\"https:\\\/\\\/www.instagram.com\\\/entreculturas\\\/\",\"https:\\\/\\\/www.youtube.com\\\/user\\\/entreculturasvideo\",\"https:\\\/\\\/www.linkedin.com\\\/company\\\/fundacion-entreculturas-ngdo\\\/\",\"https:\\\/\\\/www.flickr.com\\\/photos\\\/98455522@N04\\\/albums\\\/\"]}]}<\/script>\n<!-- \/ Yoast SEO Premium plugin. -->","yoast_head_json":{"title":"Presentaci\u00f3n en Chad del cuento \"Afaf y el Huevo Dorado\" - Entreculturas","robots":{"index":"index","follow":"follow","max-snippet":"max-snippet:-1","max-image-preview":"max-image-preview:large","max-video-preview":"max-video-preview:-1"},"canonical":"https:\/\/www.entreculturas.org\/ca\/la-luz-de-las-ninas\/noticia\/presentacion-en-chad-del-cuento-afaf-y-el-huevo-dorado\/","og_locale":"ca_ES","og_type":"article","og_title":"Presentaci\u00f3n en Chad del cuento \"Afaf y el Huevo Dorado\"","og_description":"El pasado 10 de marzo, tuvo lugar la presentaci\u00f3n del cuento \u201cAfaf y el Huevo Dorado\u201d en la Casa de la Mujer en Yamena, Chad. El cuento infantil \u201cAfaf y el Huevo Dorado\u201d, escrito e ilustrado por la artista multidisciplinar Salma Khalil, nace de seis talleres celebrados a finales de noviembre en Chad, en los que participaron m\u00e1s de 60 ni\u00f1as y adolescentes de tres campos de refugiados. Afaf, la protagonista de la historia, y el resto de habitantes del pueblo Bonheur Bonheur parecen surgir de la m\u00e1s pura fantas\u00eda, sin embargo, son un fiel reflejo del imaginario, recuerdos y vida cotidiana de las ni\u00f1as en situaci\u00f3n de desplazamiento forzoso en Chad. En este proyecto, realizado con Entreculturas y el Servicio Jesuita a Refugiados, en el marco de la Campa\u00f1a La LUZ de las NI\u00d1AS, Salma ha conseguido unir su estilo al de los dibujos y creaciones de arcilla realizados [&hellip;]","og_url":"https:\/\/www.entreculturas.org\/ca\/la-luz-de-las-ninas\/noticia\/presentacion-en-chad-del-cuento-afaf-y-el-huevo-dorado\/","og_site_name":"Entreculturas","article_publisher":"https:\/\/www.facebook.com\/entreculturas","article_modified_time":"2024-09-19T16:46:47+00:00","og_image":[{"width":996,"height":710,"url":"https:\/\/www.entreculturas.org\/wp-content\/uploads\/2021\/03\/afaf-es.jpg","type":"image\/jpeg"}],"twitter_card":"summary_large_image","twitter_site":"@Entreculturas","schema":{"@context":"https:\/\/schema.org","@graph":[{"@type":"WebPage","@id":"https:\/\/www.entreculturas.org\/ca\/la-luz-de-las-ninas\/noticia\/presentacion-en-chad-del-cuento-afaf-y-el-huevo-dorado\/","url":"https:\/\/www.entreculturas.org\/ca\/la-luz-de-las-ninas\/noticia\/presentacion-en-chad-del-cuento-afaf-y-el-huevo-dorado\/","name":"Presentaci\u00f3n en Chad del cuento \"Afaf y el Huevo Dorado\" - Entreculturas","isPartOf":{"@id":"https:\/\/www.entreculturas.org\/ca\/#website"},"primaryImageOfPage":{"@id":"https:\/\/www.entreculturas.org\/ca\/la-luz-de-las-ninas\/noticia\/presentacion-en-chad-del-cuento-afaf-y-el-huevo-dorado\/#primaryimage"},"image":{"@id":"https:\/\/www.entreculturas.org\/ca\/la-luz-de-las-ninas\/noticia\/presentacion-en-chad-del-cuento-afaf-y-el-huevo-dorado\/#primaryimage"},"thumbnailUrl":"https:\/\/www.entreculturas.org\/wp-content\/uploads\/2021\/03\/afaf-es.jpg","datePublished":"2021-03-11T08:42:11+00:00","dateModified":"2024-09-19T16:46:47+00:00","breadcrumb":{"@id":"https:\/\/www.entreculturas.org\/ca\/la-luz-de-las-ninas\/noticia\/presentacion-en-chad-del-cuento-afaf-y-el-huevo-dorado\/#breadcrumb"},"inLanguage":"ca","potentialAction":[{"@type":"ReadAction","target":["https:\/\/www.entreculturas.org\/ca\/la-luz-de-las-ninas\/noticia\/presentacion-en-chad-del-cuento-afaf-y-el-huevo-dorado\/"]}]},{"@type":"ImageObject","inLanguage":"ca","@id":"https:\/\/www.entreculturas.org\/ca\/la-luz-de-las-ninas\/noticia\/presentacion-en-chad-del-cuento-afaf-y-el-huevo-dorado\/#primaryimage","url":"https:\/\/www.entreculturas.org\/wp-content\/uploads\/2021\/03\/afaf-es.jpg","contentUrl":"https:\/\/www.entreculturas.org\/wp-content\/uploads\/2021\/03\/afaf-es.jpg","width":996,"height":710},{"@type":"BreadcrumbList","@id":"https:\/\/www.entreculturas.org\/ca\/la-luz-de-las-ninas\/noticia\/presentacion-en-chad-del-cuento-afaf-y-el-huevo-dorado\/#breadcrumb","itemListElement":[{"@type":"ListItem","position":1,"name":"Home","item":"https:\/\/www.entreculturas.org\/ca\/"},{"@type":"ListItem","position":2,"name":"Noticias LLDLN","item":"https:\/\/www.entreculturas.org\/ca\/noticias-la-luz-de-las-ninas\/"},{"@type":"ListItem","position":3,"name":"Presentaci\u00f3n en Chad del cuento &#8220;Afaf y el Huevo Dorado&#8221;"}]},{"@type":"WebSite","@id":"https:\/\/www.entreculturas.org\/ca\/#website","url":"https:\/\/www.entreculturas.org\/ca\/","name":"Entreculturas","description":"","publisher":{"@id":"https:\/\/www.entreculturas.org\/ca\/#organization"},"alternateName":"Entreculturas","potentialAction":[{"@type":"SearchAction","target":{"@type":"EntryPoint","urlTemplate":"https:\/\/www.entreculturas.org\/ca\/?s={search_term_string}"},"query-input":{"@type":"PropertyValueSpecification","valueRequired":true,"valueName":"search_term_string"}}],"inLanguage":"ca"},{"@type":"Organization","@id":"https:\/\/www.entreculturas.org\/ca\/#organization","name":"Entreculturas","url":"https:\/\/www.entreculturas.org\/ca\/","logo":{"@type":"ImageObject","inLanguage":"ca","@id":"https:\/\/www.entreculturas.org\/ca\/#\/schema\/logo\/image\/","url":"https:\/\/www.entreculturas.org\/wp-content\/uploads\/2025\/10\/ESP.svg","contentUrl":"https:\/\/www.entreculturas.org\/wp-content\/uploads\/2025\/10\/ESP.svg","caption":"Entreculturas"},"image":{"@id":"https:\/\/www.entreculturas.org\/ca\/#\/schema\/logo\/image\/"},"sameAs":["https:\/\/www.facebook.com\/entreculturas","https:\/\/x.com\/Entreculturas","https:\/\/www.instagram.com\/entreculturas\/","https:\/\/www.youtube.com\/user\/entreculturasvideo","https:\/\/www.linkedin.com\/company\/fundacion-entreculturas-ngdo\/","https:\/\/www.flickr.com\/photos\/98455522@N04\/albums\/"]}]}},"_links":{"self":[{"href":"https:\/\/www.entreculturas.org\/ca\/wp-json\/wp\/v2\/xxx\/682","targetHints":{"allow":["GET"]}}],"collection":[{"href":"https:\/\/www.entreculturas.org\/ca\/wp-json\/wp\/v2\/xxx"}],"about":[{"href":"https:\/\/www.entreculturas.org\/ca\/wp-json\/wp\/v2\/types\/xxx"}],"wp:featuredmedia":[{"embeddable":true,"href":"https:\/\/www.entreculturas.org\/ca\/wp-json\/wp\/v2\/media\/688"}],"wp:attachment":[{"href":"https:\/\/www.entreculturas.org\/ca\/wp-json\/wp\/v2\/media?parent=682"}],"wp:term":[{"taxonomy":"category","embeddable":true,"href":"https:\/\/www.entreculturas.org\/ca\/wp-json\/wp\/v2\/categories?post=682"},{"taxonomy":"post_tag","embeddable":true,"href":"https:\/\/www.entreculturas.org\/ca\/wp-json\/wp\/v2\/tags?post=682"}],"curies":[{"name":"wp","href":"https:\/\/api.w.org\/{rel}","templated":true}]}}