{"id":548,"date":"2020-04-23T18:46:41","date_gmt":"2020-04-23T16:46:41","guid":{"rendered":"https:\/\/www.entreculturas.org\/?post_type=xxx&#038;p=548"},"modified":"2024-09-19T18:34:16","modified_gmt":"2024-09-19T16:34:16","slug":"la-luz-de-las-ninas-ante-el-covid-19","status":"publish","type":"xxx","link":"https:\/\/www.entreculturas.org\/ca\/la-luz-de-las-ninas\/noticia\/la-luz-de-las-ninas-ante-el-covid-19\/","title":{"rendered":"La Luz de las Ni\u00f1as ante el Covid-19"},"content":{"rendered":"<p><span style=\"font-weight: 400;\">Ante la pandemia global del Covid-19 <\/span><b>estamos trabajando m\u00e1s qu<\/b><b>e nunca para apoyar a las comunidades y personas que m\u00e1s lo necesitan<\/b><span style=\"font-weight: 400;\">.<\/span> <span style=\"font-weight: 400;\">Uno de los grupos m\u00e1s vulnerables en este tipo de contextos son las mujeres y las ni\u00f1as<\/span><span style=\"font-weight: 400;\">, y esta crisis est\u00e1 ya teniendo un fuerte impacto en sus vidas.\u00a0<\/span><\/p>\n<p><span style=\"font-weight: 400;\">A nivel global, la violencia afecta a m\u00e1s de <\/span><b>243 millones de mujeres y ni\u00f1as que han sufrido violencia f\u00edsica y\/o sexual por su pareja o persona cercana<\/b><span style=\"font-weight: 400;\">. La situaci\u00f3n actual provocada por el COVID-19\u00a0 est\u00e1 generando una \u201cpandemia en la sombra\u201d, como lo ha denominado la Directora Ejecutiva de ONU Mujeres, Phumzile Mlambo-Ngcuka, ya que el confinamiento est\u00e1 tendiendo un fuerte impacto en el aumento de la violencia contra mujeres y\u00a0 ni\u00f1as (en algunos pa\u00edses se registra un aumento de m\u00e1s del 30%).\u00a0<\/span><\/p>\n<p><span style=\"font-weight: 400;\">La exposici\u00f3n a la violencia que sufren las ni\u00f1as se ve adem\u00e1s agravada como consecuencia del cierre de las escuelas. En los contextos donde trabajamos a trav\u00e9s del programa La Luz de las Ni\u00f1as, <\/span><b>la escuela representa un espacio de seguridad y protecci\u00f3n para muchas ni\u00f1as y j\u00f3venes que viven en contexto de vulnerabilidad, refugio y\/o desplazamiento forzado.<\/b><span style=\"font-weight: 400;\"> Ante este tipo de crisis, el cierre de la escuela las aleja del \u00fanico espacio de socializaci\u00f3n, las exponen a mayor violencia, a sobrecarga de tareas dom\u00e9stica o trabajo infantil.<\/span><\/p>\n<p><span style=\"font-weight: 400;\">Por eso, d<\/span><span style=\"font-weight: 400;\">esde el programa La Luz de las Ni\u00f1as, estamos actuando, junto con nuestros socios Fe y Alegr\u00eda y el Servicio Jesuita a Refugiados, para responder a la situaci\u00f3n de riesgo a la que est\u00e1n expuestas ni\u00f1as y j\u00f3venes<\/span><span style=\"font-weight: 400;\">:\u00a0<\/span><\/p>\n<p>&nbsp;<\/p>\n<ol>\n<li><span style=\"color: #ff0000;\"><b>Educaci\u00f3n en emergencia<\/b><span style=\"font-weight: 400;\">: <\/span><\/span><span style=\"font-weight: 400;\">ante el cierre generalizado de las escuelas, queremos garantizar una m\u00ednima cobertura educativa. Por eso en algunos pa\u00edses como Per\u00fa, Guatemala o Chad estamos trabajando para utilizar la educaci\u00f3n por radio como alternativa.<\/span><\/li>\n<\/ol>\n<p>&nbsp;<\/p>\n<ol start=\"2\">\n<li><span style=\"color: #ff0000;\"><b> Prevenci\u00f3n y sensibilizaci\u00f3n<\/b><span style=\"font-weight: 400;\">: <\/span><\/span><span style=\"font-weight: 400;\">se est\u00e1n dise\u00f1ando campa\u00f1as de sensibilizaci\u00f3n por radio o a trav\u00e9s de mensajes en el m\u00f3vil para concienciar a las familias y las comunidades sobre la prevenci\u00f3n de la violencia y la importancia de la educaci\u00f3n de las ni\u00f1as.\u00a0<\/span><\/li>\n<\/ol>\n<p>&nbsp;<\/p>\n<ol start=\"3\">\n<li><span style=\"color: #ff0000;\"><b> Apoyo psicosocial<\/b><\/span><span style=\"font-weight: 400;\"><span style=\"color: #ff0000;\">:<\/span> actualmente, trabajamos para que la atenci\u00f3n psicosocial no desaparezca durante la crisis y, poder as\u00ed, seguir acompa\u00f1ando a las ni\u00f1as.\u00a0<\/span><\/li>\n<\/ol>\n<p>&nbsp;<\/p>\n<ol start=\"4\">\n<li><span style=\"color: #ff0000;\"><b>\u00a0Empoderamiento y liderazgo: <\/b><\/span><span style=\"font-weight: 400;\">en momentos de crisis y en la futura recuperaci\u00f3n, necesitamos escuchar las voces de ni\u00f1as y j\u00f3venes.\u00a0 Adem\u00e1s de atender sus necesidades y garantizar sus derechos, debemos responder reforzando capacidades, liderazgo y participaci\u00f3n de mujeres y ni\u00f1as.<\/span><\/li>\n<\/ol>\n<p>&nbsp;<\/p>\n<p><b>Con apoyos como el tuyo, seguimos comprometidos con las personas m\u00e1s vulnerables, seguimos luchando para que, la pandemia del covid-19, no agrave esta otra pandemia silenciosa, la de la discriminaci\u00f3n y la violencia que sufren\u00a0 millones de ni\u00f1as y mujeres en todo el mundo. <\/b><\/p>\n","protected":false},"excerpt":{"rendered":"<p>Ante la pandemia global del Covid-19 estamos trabajando m\u00e1s que nunca para apoyar a las comunidades y personas que m\u00e1s lo necesitan. Uno de los grupos m\u00e1s vulnerables en este tipo de contextos son las mujeres y las ni\u00f1as, y esta crisis est\u00e1 ya teniendo un fuerte impacto en sus vidas.\u00a0 A nivel global, la violencia afecta a m\u00e1s de 243 millones de mujeres y ni\u00f1as que han sufrido violencia f\u00edsica y\/o sexual por su pareja o persona cercana. La situaci\u00f3n actual provocada por el COVID-19\u00a0 est\u00e1 generando una \u201cpandemia en la sombra\u201d, como lo ha denominado la Directora Ejecutiva de ONU Mujeres, Phumzile Mlambo-Ngcuka, ya que el confinamiento est\u00e1 tendiendo un fuerte impacto en el aumento de la violencia contra mujeres y\u00a0 ni\u00f1as (en algunos pa\u00edses se registra un aumento de m\u00e1s del 30%).\u00a0 La exposici\u00f3n a la violencia que sufren las ni\u00f1as se ve adem\u00e1s agravada como consecuencia [&hellip;]<\/p>\n","protected":false},"featured_media":547,"template":"wp-custom-template-noticias-la-luz-de-las-ninas-2","meta":{"_acf_changed":false},"categories":[7],"tags":[],"class_list":["post-548","xxx","type-xxx","status-publish","has-post-thumbnail","hentry","category-noticia"],"acf":[],"yoast_head":"<!-- This site is optimized with the Yoast SEO Premium plugin v21.6 (Yoast SEO v27.5) - https:\/\/yoast.com\/product\/yoast-seo-premium-wordpress\/ -->\n<title>La Luz de las Ni\u00f1as ante el Covid-19 - Entreculturas<\/title>\n<meta name=\"robots\" content=\"index, follow, max-snippet:-1, max-image-preview:large, max-video-preview:-1\" \/>\n<link rel=\"canonical\" href=\"https:\/\/www.entreculturas.org\/ca\/la-luz-de-las-ninas\/noticia\/la-luz-de-las-ninas-ante-el-covid-19\/\" \/>\n<meta property=\"og:locale\" content=\"ca_ES\" \/>\n<meta property=\"og:type\" content=\"article\" \/>\n<meta property=\"og:title\" content=\"La Luz de las Ni\u00f1as ante el Covid-19\" \/>\n<meta property=\"og:description\" content=\"Ante la pandemia global del Covid-19 estamos trabajando m\u00e1s que nunca para apoyar a las comunidades y personas que m\u00e1s lo necesitan. Uno de los grupos m\u00e1s vulnerables en este tipo de contextos son las mujeres y las ni\u00f1as, y esta crisis est\u00e1 ya teniendo un fuerte impacto en sus vidas.\u00a0 A nivel global, la violencia afecta a m\u00e1s de 243 millones de mujeres y ni\u00f1as que han sufrido violencia f\u00edsica y\/o sexual por su pareja o persona cercana. La situaci\u00f3n actual provocada por el COVID-19\u00a0 est\u00e1 generando una \u201cpandemia en la sombra\u201d, como lo ha denominado la Directora Ejecutiva de ONU Mujeres, Phumzile Mlambo-Ngcuka, ya que el confinamiento est\u00e1 tendiendo un fuerte impacto en el aumento de la violencia contra mujeres y\u00a0 ni\u00f1as (en algunos pa\u00edses se registra un aumento de m\u00e1s del 30%).\u00a0 La exposici\u00f3n a la violencia que sufren las ni\u00f1as se ve adem\u00e1s agravada como consecuencia [&hellip;]\" \/>\n<meta property=\"og:url\" content=\"https:\/\/www.entreculturas.org\/ca\/la-luz-de-las-ninas\/noticia\/la-luz-de-las-ninas-ante-el-covid-19\/\" \/>\n<meta property=\"og:site_name\" content=\"Entreculturas\" \/>\n<meta property=\"article:publisher\" content=\"https:\/\/www.facebook.com\/entreculturas\" \/>\n<meta property=\"article:modified_time\" content=\"2024-09-19T16:34:16+00:00\" \/>\n<meta property=\"og:image\" content=\"https:\/\/www.entreculturas.org\/wp-content\/uploads\/2020\/04\/ninas-2.jpg\" \/>\n\t<meta property=\"og:image:width\" content=\"1291\" \/>\n\t<meta property=\"og:image:height\" content=\"891\" \/>\n\t<meta property=\"og:image:type\" content=\"image\/jpeg\" \/>\n<meta name=\"twitter:card\" content=\"summary_large_image\" \/>\n<meta name=\"twitter:site\" content=\"@Entreculturas\" \/>\n<script type=\"application\/ld+json\" class=\"yoast-schema-graph\">{\"@context\":\"https:\\\/\\\/schema.org\",\"@graph\":[{\"@type\":\"WebPage\",\"@id\":\"https:\\\/\\\/www.entreculturas.org\\\/ca\\\/la-luz-de-las-ninas\\\/noticia\\\/la-luz-de-las-ninas-ante-el-covid-19\\\/\",\"url\":\"https:\\\/\\\/www.entreculturas.org\\\/ca\\\/la-luz-de-las-ninas\\\/noticia\\\/la-luz-de-las-ninas-ante-el-covid-19\\\/\",\"name\":\"La Luz de las Ni\u00f1as ante el Covid-19 - Entreculturas\",\"isPartOf\":{\"@id\":\"https:\\\/\\\/www.entreculturas.org\\\/ca\\\/#website\"},\"primaryImageOfPage\":{\"@id\":\"https:\\\/\\\/www.entreculturas.org\\\/ca\\\/la-luz-de-las-ninas\\\/noticia\\\/la-luz-de-las-ninas-ante-el-covid-19\\\/#primaryimage\"},\"image\":{\"@id\":\"https:\\\/\\\/www.entreculturas.org\\\/ca\\\/la-luz-de-las-ninas\\\/noticia\\\/la-luz-de-las-ninas-ante-el-covid-19\\\/#primaryimage\"},\"thumbnailUrl\":\"https:\\\/\\\/www.entreculturas.org\\\/wp-content\\\/uploads\\\/2020\\\/04\\\/ninas-2.jpg\",\"datePublished\":\"2020-04-23T16:46:41+00:00\",\"dateModified\":\"2024-09-19T16:34:16+00:00\",\"breadcrumb\":{\"@id\":\"https:\\\/\\\/www.entreculturas.org\\\/ca\\\/la-luz-de-las-ninas\\\/noticia\\\/la-luz-de-las-ninas-ante-el-covid-19\\\/#breadcrumb\"},\"inLanguage\":\"ca\",\"potentialAction\":[{\"@type\":\"ReadAction\",\"target\":[\"https:\\\/\\\/www.entreculturas.org\\\/ca\\\/la-luz-de-las-ninas\\\/noticia\\\/la-luz-de-las-ninas-ante-el-covid-19\\\/\"]}]},{\"@type\":\"ImageObject\",\"inLanguage\":\"ca\",\"@id\":\"https:\\\/\\\/www.entreculturas.org\\\/ca\\\/la-luz-de-las-ninas\\\/noticia\\\/la-luz-de-las-ninas-ante-el-covid-19\\\/#primaryimage\",\"url\":\"https:\\\/\\\/www.entreculturas.org\\\/wp-content\\\/uploads\\\/2020\\\/04\\\/ninas-2.jpg\",\"contentUrl\":\"https:\\\/\\\/www.entreculturas.org\\\/wp-content\\\/uploads\\\/2020\\\/04\\\/ninas-2.jpg\",\"width\":1291,\"height\":891},{\"@type\":\"BreadcrumbList\",\"@id\":\"https:\\\/\\\/www.entreculturas.org\\\/ca\\\/la-luz-de-las-ninas\\\/noticia\\\/la-luz-de-las-ninas-ante-el-covid-19\\\/#breadcrumb\",\"itemListElement\":[{\"@type\":\"ListItem\",\"position\":1,\"name\":\"Home\",\"item\":\"https:\\\/\\\/www.entreculturas.org\\\/ca\\\/\"},{\"@type\":\"ListItem\",\"position\":2,\"name\":\"Noticias LLDLN\",\"item\":\"https:\\\/\\\/www.entreculturas.org\\\/ca\\\/noticias-la-luz-de-las-ninas\\\/\"},{\"@type\":\"ListItem\",\"position\":3,\"name\":\"La Luz de las Ni\u00f1as ante el Covid-19\"}]},{\"@type\":\"WebSite\",\"@id\":\"https:\\\/\\\/www.entreculturas.org\\\/ca\\\/#website\",\"url\":\"https:\\\/\\\/www.entreculturas.org\\\/ca\\\/\",\"name\":\"Entreculturas\",\"description\":\"\",\"publisher\":{\"@id\":\"https:\\\/\\\/www.entreculturas.org\\\/ca\\\/#organization\"},\"alternateName\":\"Entreculturas\",\"potentialAction\":[{\"@type\":\"SearchAction\",\"target\":{\"@type\":\"EntryPoint\",\"urlTemplate\":\"https:\\\/\\\/www.entreculturas.org\\\/ca\\\/?s={search_term_string}\"},\"query-input\":{\"@type\":\"PropertyValueSpecification\",\"valueRequired\":true,\"valueName\":\"search_term_string\"}}],\"inLanguage\":\"ca\"},{\"@type\":\"Organization\",\"@id\":\"https:\\\/\\\/www.entreculturas.org\\\/ca\\\/#organization\",\"name\":\"Entreculturas\",\"url\":\"https:\\\/\\\/www.entreculturas.org\\\/ca\\\/\",\"logo\":{\"@type\":\"ImageObject\",\"inLanguage\":\"ca\",\"@id\":\"https:\\\/\\\/www.entreculturas.org\\\/ca\\\/#\\\/schema\\\/logo\\\/image\\\/\",\"url\":\"https:\\\/\\\/www.entreculturas.org\\\/wp-content\\\/uploads\\\/2025\\\/10\\\/ESP.svg\",\"contentUrl\":\"https:\\\/\\\/www.entreculturas.org\\\/wp-content\\\/uploads\\\/2025\\\/10\\\/ESP.svg\",\"caption\":\"Entreculturas\"},\"image\":{\"@id\":\"https:\\\/\\\/www.entreculturas.org\\\/ca\\\/#\\\/schema\\\/logo\\\/image\\\/\"},\"sameAs\":[\"https:\\\/\\\/www.facebook.com\\\/entreculturas\",\"https:\\\/\\\/x.com\\\/Entreculturas\",\"https:\\\/\\\/www.instagram.com\\\/entreculturas\\\/\",\"https:\\\/\\\/www.youtube.com\\\/user\\\/entreculturasvideo\",\"https:\\\/\\\/www.linkedin.com\\\/company\\\/fundacion-entreculturas-ngdo\\\/\",\"https:\\\/\\\/www.flickr.com\\\/photos\\\/98455522@N04\\\/albums\\\/\"]}]}<\/script>\n<!-- \/ Yoast SEO Premium plugin. -->","yoast_head_json":{"title":"La Luz de las Ni\u00f1as ante el Covid-19 - Entreculturas","robots":{"index":"index","follow":"follow","max-snippet":"max-snippet:-1","max-image-preview":"max-image-preview:large","max-video-preview":"max-video-preview:-1"},"canonical":"https:\/\/www.entreculturas.org\/ca\/la-luz-de-las-ninas\/noticia\/la-luz-de-las-ninas-ante-el-covid-19\/","og_locale":"ca_ES","og_type":"article","og_title":"La Luz de las Ni\u00f1as ante el Covid-19","og_description":"Ante la pandemia global del Covid-19 estamos trabajando m\u00e1s que nunca para apoyar a las comunidades y personas que m\u00e1s lo necesitan. Uno de los grupos m\u00e1s vulnerables en este tipo de contextos son las mujeres y las ni\u00f1as, y esta crisis est\u00e1 ya teniendo un fuerte impacto en sus vidas.\u00a0 A nivel global, la violencia afecta a m\u00e1s de 243 millones de mujeres y ni\u00f1as que han sufrido violencia f\u00edsica y\/o sexual por su pareja o persona cercana. La situaci\u00f3n actual provocada por el COVID-19\u00a0 est\u00e1 generando una \u201cpandemia en la sombra\u201d, como lo ha denominado la Directora Ejecutiva de ONU Mujeres, Phumzile Mlambo-Ngcuka, ya que el confinamiento est\u00e1 tendiendo un fuerte impacto en el aumento de la violencia contra mujeres y\u00a0 ni\u00f1as (en algunos pa\u00edses se registra un aumento de m\u00e1s del 30%).\u00a0 La exposici\u00f3n a la violencia que sufren las ni\u00f1as se ve adem\u00e1s agravada como consecuencia [&hellip;]","og_url":"https:\/\/www.entreculturas.org\/ca\/la-luz-de-las-ninas\/noticia\/la-luz-de-las-ninas-ante-el-covid-19\/","og_site_name":"Entreculturas","article_publisher":"https:\/\/www.facebook.com\/entreculturas","article_modified_time":"2024-09-19T16:34:16+00:00","og_image":[{"width":1291,"height":891,"url":"https:\/\/www.entreculturas.org\/wp-content\/uploads\/2020\/04\/ninas-2.jpg","type":"image\/jpeg"}],"twitter_card":"summary_large_image","twitter_site":"@Entreculturas","schema":{"@context":"https:\/\/schema.org","@graph":[{"@type":"WebPage","@id":"https:\/\/www.entreculturas.org\/ca\/la-luz-de-las-ninas\/noticia\/la-luz-de-las-ninas-ante-el-covid-19\/","url":"https:\/\/www.entreculturas.org\/ca\/la-luz-de-las-ninas\/noticia\/la-luz-de-las-ninas-ante-el-covid-19\/","name":"La Luz de las Ni\u00f1as ante el Covid-19 - Entreculturas","isPartOf":{"@id":"https:\/\/www.entreculturas.org\/ca\/#website"},"primaryImageOfPage":{"@id":"https:\/\/www.entreculturas.org\/ca\/la-luz-de-las-ninas\/noticia\/la-luz-de-las-ninas-ante-el-covid-19\/#primaryimage"},"image":{"@id":"https:\/\/www.entreculturas.org\/ca\/la-luz-de-las-ninas\/noticia\/la-luz-de-las-ninas-ante-el-covid-19\/#primaryimage"},"thumbnailUrl":"https:\/\/www.entreculturas.org\/wp-content\/uploads\/2020\/04\/ninas-2.jpg","datePublished":"2020-04-23T16:46:41+00:00","dateModified":"2024-09-19T16:34:16+00:00","breadcrumb":{"@id":"https:\/\/www.entreculturas.org\/ca\/la-luz-de-las-ninas\/noticia\/la-luz-de-las-ninas-ante-el-covid-19\/#breadcrumb"},"inLanguage":"ca","potentialAction":[{"@type":"ReadAction","target":["https:\/\/www.entreculturas.org\/ca\/la-luz-de-las-ninas\/noticia\/la-luz-de-las-ninas-ante-el-covid-19\/"]}]},{"@type":"ImageObject","inLanguage":"ca","@id":"https:\/\/www.entreculturas.org\/ca\/la-luz-de-las-ninas\/noticia\/la-luz-de-las-ninas-ante-el-covid-19\/#primaryimage","url":"https:\/\/www.entreculturas.org\/wp-content\/uploads\/2020\/04\/ninas-2.jpg","contentUrl":"https:\/\/www.entreculturas.org\/wp-content\/uploads\/2020\/04\/ninas-2.jpg","width":1291,"height":891},{"@type":"BreadcrumbList","@id":"https:\/\/www.entreculturas.org\/ca\/la-luz-de-las-ninas\/noticia\/la-luz-de-las-ninas-ante-el-covid-19\/#breadcrumb","itemListElement":[{"@type":"ListItem","position":1,"name":"Home","item":"https:\/\/www.entreculturas.org\/ca\/"},{"@type":"ListItem","position":2,"name":"Noticias LLDLN","item":"https:\/\/www.entreculturas.org\/ca\/noticias-la-luz-de-las-ninas\/"},{"@type":"ListItem","position":3,"name":"La Luz de las Ni\u00f1as ante el Covid-19"}]},{"@type":"WebSite","@id":"https:\/\/www.entreculturas.org\/ca\/#website","url":"https:\/\/www.entreculturas.org\/ca\/","name":"Entreculturas","description":"","publisher":{"@id":"https:\/\/www.entreculturas.org\/ca\/#organization"},"alternateName":"Entreculturas","potentialAction":[{"@type":"SearchAction","target":{"@type":"EntryPoint","urlTemplate":"https:\/\/www.entreculturas.org\/ca\/?s={search_term_string}"},"query-input":{"@type":"PropertyValueSpecification","valueRequired":true,"valueName":"search_term_string"}}],"inLanguage":"ca"},{"@type":"Organization","@id":"https:\/\/www.entreculturas.org\/ca\/#organization","name":"Entreculturas","url":"https:\/\/www.entreculturas.org\/ca\/","logo":{"@type":"ImageObject","inLanguage":"ca","@id":"https:\/\/www.entreculturas.org\/ca\/#\/schema\/logo\/image\/","url":"https:\/\/www.entreculturas.org\/wp-content\/uploads\/2025\/10\/ESP.svg","contentUrl":"https:\/\/www.entreculturas.org\/wp-content\/uploads\/2025\/10\/ESP.svg","caption":"Entreculturas"},"image":{"@id":"https:\/\/www.entreculturas.org\/ca\/#\/schema\/logo\/image\/"},"sameAs":["https:\/\/www.facebook.com\/entreculturas","https:\/\/x.com\/Entreculturas","https:\/\/www.instagram.com\/entreculturas\/","https:\/\/www.youtube.com\/user\/entreculturasvideo","https:\/\/www.linkedin.com\/company\/fundacion-entreculturas-ngdo\/","https:\/\/www.flickr.com\/photos\/98455522@N04\/albums\/"]}]}},"_links":{"self":[{"href":"https:\/\/www.entreculturas.org\/ca\/wp-json\/wp\/v2\/xxx\/548","targetHints":{"allow":["GET"]}}],"collection":[{"href":"https:\/\/www.entreculturas.org\/ca\/wp-json\/wp\/v2\/xxx"}],"about":[{"href":"https:\/\/www.entreculturas.org\/ca\/wp-json\/wp\/v2\/types\/xxx"}],"wp:featuredmedia":[{"embeddable":true,"href":"https:\/\/www.entreculturas.org\/ca\/wp-json\/wp\/v2\/media\/547"}],"wp:attachment":[{"href":"https:\/\/www.entreculturas.org\/ca\/wp-json\/wp\/v2\/media?parent=548"}],"wp:term":[{"taxonomy":"category","embeddable":true,"href":"https:\/\/www.entreculturas.org\/ca\/wp-json\/wp\/v2\/categories?post=548"},{"taxonomy":"post_tag","embeddable":true,"href":"https:\/\/www.entreculturas.org\/ca\/wp-json\/wp\/v2\/tags?post=548"}],"curies":[{"name":"wp","href":"https:\/\/api.w.org\/{rel}","templated":true}]}}