{"id":481,"date":"2019-10-09T12:11:49","date_gmt":"2019-10-09T10:11:49","guid":{"rendered":"https:\/\/www.entreculturas.org\/?post_type=xxx&#038;p=481"},"modified":"2024-09-19T18:30:05","modified_gmt":"2024-09-19T16:30:05","slug":"no-quiero","status":"publish","type":"xxx","link":"https:\/\/www.entreculturas.org\/ca\/la-luz-de-las-ninas\/noticia\/no-quiero\/","title":{"rendered":"&#8220;No Quiero&#8221;. Contra el matrimonio infantil, temprano y forzado"},"content":{"rendered":"<ul style=\"border: 1px #a68035 solid; padding: 12px;\">\n<li><span style=\"font-weight: 400;\">\u201cCuando casaron con 7 a\u00f1os a mi amiga al principio no entend\u00edamos, solo est\u00e1bamos emocionadas por la boda. Pero pronto vimos que ya no pod\u00eda venir con nosotras, hasta que un d\u00eda apareci\u00f3 p\u00e1lida y con heridas: su marido le hab\u00eda golpeado con un alambre de hierro. Ese incidente se me qued\u00f3 grabado para siempre. Por eso, <span style=\"color: #ff0000;\">cuando ten\u00eda 11 a\u00f1os y la propuesta de matrimonio lleg\u00f3 para m\u00ed, decid\u00ed oponerme.<\/span> Con la ayuda de mi t\u00edo lo consegu\u00ed, y por eso me di cuenta de que yo tambi\u00e9n ten\u00eda que ayudar a otras\u201d.<\/span><\/li>\n<\/ul>\n<p>&nbsp;<\/p>\n<p>Son palabras de Hadiqa, activista pakistan\u00ed por los derechos de las ni\u00f1as que con tan solo 17 a\u00f1os se ha convertido en la voz de su comunidad y ha recibido numerosos premios por su lucha. Hemos escuchado su testimonio, junto con el de Kadiatu Massaquoi, v\u00edctima tambi\u00e9n de matrimonio infantil en Sierra Leona, en el acto de presentaci\u00f3n de &#8220;No Quiero, contra el matrimonio infantil, temprano y forzado\u201d, un dossier que Entreculturas ha lanzado conjuntamente con las ONGD Mundo Cooperante, Save the Children y Amnist\u00eda Internacional.<\/p>\n<p>\u201cHaber pasado por esta experiencia te hace comprender que necesitamos apoyo en esta lucha. Porque <span style=\"color: #ff0000;\">si fuerzas a las ni\u00f1as a casarse y quedarse embarazadas demasiado pronto, cuando ni siquiera est\u00e1n preparadas f\u00edsicamente para dar a luz, les dejas en una situaci\u00f3n vulnerable<\/span> donde pueden sufrir violencia o incluso morir\u201d, declara Kadiatu, de 17 a\u00f1os, casada y con dos hijos, que tuvo que abandonar la escuela a los 14 a\u00f1os al fallecer su padre y ser obligada a casarse con 15 a\u00f1os tras quedarse embarazada.<\/p>\n<p>Denunciamos que <span style=\"color: #ff0000;\">cada d\u00eda 34.500 ni\u00f1as contraen matrimonio antes de cumplir los 18 a\u00f1os<\/span> en pa\u00edses como Burkina Faso, Sud\u00e1n del Sur, Rep\u00fablica Centroafricana, Yemen o Bangladesh, pero tambi\u00e9n en otros como Reino Unido o Estados Unidos. Actualmente se estima que un total de<span style=\"color: #ff0000;\"> 650 millones de mujeres de todo el mundo fueron casadas cuando eran ni\u00f1as<\/span>, seg\u00fan UNICEF.<\/p>\n<p>Por regiones, los niveles de matrimonio infantil m\u00e1s altos est\u00e1n en \u00c1frica subsahariana, donde aproximadamente 4 de cada 10 mujeres j\u00f3venes se casaron antes de los 18 a\u00f1os, seguidas del sur de Asia, donde lo estaban 3 de cada 10. La tercera en nivel de prevalencia a nivel mundial es Am\u00e9rica Latina y Caribe (23% en 2017) y por \u00faltimo Oriente Medio y \u00c1frica del Norte (17%) y Europa oriental y Asia central (11%).<\/p>\n<p><span style=\"color: #ff0000;\">Pedimos a los Estados que redoblen sus esfuerzos para poner fin a esta violaci\u00f3n de derechos humanos. Concretamente, a las autoridades espa\u00f1olas les pedimos:<\/span><\/p>\n<ul style=\"list-style: disc; line-height: initial; margin-left: 30px;\">\n<li style=\"display: list-item; font-size: 15px; margin-bottom: 10px;\">Incluir, en las agendas pol\u00edticas, tanto bilaterales como en el marco de la Uni\u00f3n Europea, con aquellos pa\u00edses que mantienen esta pr\u00e1ctica, cuestiones destinadas a poner fin al matrimonio infantil y forzado.<\/li>\n<li style=\"display: list-item; font-size: 15px; margin-bottom: 10px;\">Destinar recursos presupuestarios suficientes a proyectos de cooperaci\u00f3n que tengan como objetivo fomentar que se ponga fin al matrimonio infantil y forzado.\u00a0<span style=\"font-weight: 400;\">Estas intervenciones deben centrarse en fomentar el empoderamiento de las ni\u00f1as con un enfoque de protecci\u00f3n y educaci\u00f3n.<\/span><\/li>\n<li style=\"display: list-item; font-size: 15px; margin-bottom: 10px;\"><span style=\"font-weight: 400;\">Que ning\u00fan marco normativo en ning\u00fan pa\u00eds permita el matrimonio de menores de 18 a\u00f1os, incluido el de Espa\u00f1a, previendo excepciones con salvaguardias adecuadas en casos en los que una de las partes sea menor de esta edad, asegurando que el consentimiento es v\u00e1lido y no existen incentivos econ\u00f3micos, coacci\u00f3n o violencia.<\/span><\/li>\n<\/ul>\n<p>&nbsp;<\/p>\n<p><a class=\"btn-rojo dona tipo-menu rojo\" style=\"padding: 8px;\" href=\"https:\/\/www.laluzdelasninas.org\/app\/uploads\/2019\/10\/Versio\u0301n08102019_Coalicio\u0301n_Di\u0301aDeLaNin\u0303a_Web.pdf\" target=\"_blank\" rel=\"noopener\">Descargar dossier<\/a><\/p>\n","protected":false},"excerpt":{"rendered":"<p>\u201cCuando casaron con 7 a\u00f1os a mi amiga al principio no entend\u00edamos, solo est\u00e1bamos emocionadas por la boda. Pero pronto vimos que ya no pod\u00eda venir con nosotras, hasta que un d\u00eda apareci\u00f3 p\u00e1lida y con heridas: su marido le hab\u00eda golpeado con un alambre de hierro. Ese incidente se me qued\u00f3 grabado para siempre. Por eso, cuando ten\u00eda 11 a\u00f1os y la propuesta de matrimonio lleg\u00f3 para m\u00ed, decid\u00ed oponerme. Con la ayuda de mi t\u00edo lo consegu\u00ed, y por eso me di cuenta de que yo tambi\u00e9n ten\u00eda que ayudar a otras\u201d. &nbsp; Son palabras de Hadiqa, activista pakistan\u00ed por los derechos de las ni\u00f1as que con tan solo 17 a\u00f1os se ha convertido en la voz de su comunidad y ha recibido numerosos premios por su lucha. Hemos escuchado su testimonio, junto con el de Kadiatu Massaquoi, v\u00edctima tambi\u00e9n de matrimonio infantil en Sierra Leona, en el [&hellip;]<\/p>\n","protected":false},"featured_media":489,"template":"wp-custom-template-noticias-la-luz-de-las-ninas-2","meta":{"_acf_changed":false},"categories":[7],"tags":[],"class_list":["post-481","xxx","type-xxx","status-publish","has-post-thumbnail","hentry","category-noticia"],"acf":[],"yoast_head":"<!-- This site is optimized with the Yoast SEO Premium plugin v21.6 (Yoast SEO v27.5) - https:\/\/yoast.com\/product\/yoast-seo-premium-wordpress\/ -->\n<title>&quot;No Quiero&quot;. Contra el matrimonio infantil, temprano y forzado - Entreculturas<\/title>\n<meta name=\"robots\" content=\"index, follow, max-snippet:-1, max-image-preview:large, max-video-preview:-1\" \/>\n<link rel=\"canonical\" href=\"https:\/\/www.entreculturas.org\/ca\/la-luz-de-las-ninas\/noticia\/no-quiero\/\" \/>\n<meta property=\"og:locale\" content=\"ca_ES\" \/>\n<meta property=\"og:type\" content=\"article\" \/>\n<meta property=\"og:title\" content=\"&quot;No Quiero&quot;. Contra el matrimonio infantil, temprano y forzado\" \/>\n<meta property=\"og:description\" content=\"\u201cCuando casaron con 7 a\u00f1os a mi amiga al principio no entend\u00edamos, solo est\u00e1bamos emocionadas por la boda. Pero pronto vimos que ya no pod\u00eda venir con nosotras, hasta que un d\u00eda apareci\u00f3 p\u00e1lida y con heridas: su marido le hab\u00eda golpeado con un alambre de hierro. Ese incidente se me qued\u00f3 grabado para siempre. Por eso, cuando ten\u00eda 11 a\u00f1os y la propuesta de matrimonio lleg\u00f3 para m\u00ed, decid\u00ed oponerme. Con la ayuda de mi t\u00edo lo consegu\u00ed, y por eso me di cuenta de que yo tambi\u00e9n ten\u00eda que ayudar a otras\u201d. &nbsp; Son palabras de Hadiqa, activista pakistan\u00ed por los derechos de las ni\u00f1as que con tan solo 17 a\u00f1os se ha convertido en la voz de su comunidad y ha recibido numerosos premios por su lucha. Hemos escuchado su testimonio, junto con el de Kadiatu Massaquoi, v\u00edctima tambi\u00e9n de matrimonio infantil en Sierra Leona, en el [&hellip;]\" \/>\n<meta property=\"og:url\" content=\"https:\/\/www.entreculturas.org\/ca\/la-luz-de-las-ninas\/noticia\/no-quiero\/\" \/>\n<meta property=\"og:site_name\" content=\"Entreculturas\" \/>\n<meta property=\"article:publisher\" content=\"https:\/\/www.facebook.com\/entreculturas\" \/>\n<meta property=\"article:modified_time\" content=\"2024-09-19T16:30:05+00:00\" \/>\n<meta property=\"og:image\" content=\"https:\/\/www.entreculturas.org\/wp-content\/uploads\/2019\/10\/NoQuiero_InvitacionMailing.jpg\" \/>\n\t<meta property=\"og:image:width\" content=\"800\" \/>\n\t<meta property=\"og:image:height\" content=\"400\" \/>\n\t<meta property=\"og:image:type\" content=\"image\/jpeg\" \/>\n<meta name=\"twitter:card\" content=\"summary_large_image\" \/>\n<meta name=\"twitter:site\" content=\"@Entreculturas\" \/>\n<script type=\"application\/ld+json\" class=\"yoast-schema-graph\">{\"@context\":\"https:\\\/\\\/schema.org\",\"@graph\":[{\"@type\":\"WebPage\",\"@id\":\"https:\\\/\\\/www.entreculturas.org\\\/ca\\\/la-luz-de-las-ninas\\\/noticia\\\/no-quiero\\\/\",\"url\":\"https:\\\/\\\/www.entreculturas.org\\\/ca\\\/la-luz-de-las-ninas\\\/noticia\\\/no-quiero\\\/\",\"name\":\"\\\"No Quiero\\\". Contra el matrimonio infantil, temprano y forzado - Entreculturas\",\"isPartOf\":{\"@id\":\"https:\\\/\\\/www.entreculturas.org\\\/ca\\\/#website\"},\"primaryImageOfPage\":{\"@id\":\"https:\\\/\\\/www.entreculturas.org\\\/ca\\\/la-luz-de-las-ninas\\\/noticia\\\/no-quiero\\\/#primaryimage\"},\"image\":{\"@id\":\"https:\\\/\\\/www.entreculturas.org\\\/ca\\\/la-luz-de-las-ninas\\\/noticia\\\/no-quiero\\\/#primaryimage\"},\"thumbnailUrl\":\"https:\\\/\\\/www.entreculturas.org\\\/wp-content\\\/uploads\\\/2019\\\/10\\\/NoQuiero_InvitacionMailing.jpg\",\"datePublished\":\"2019-10-09T10:11:49+00:00\",\"dateModified\":\"2024-09-19T16:30:05+00:00\",\"breadcrumb\":{\"@id\":\"https:\\\/\\\/www.entreculturas.org\\\/ca\\\/la-luz-de-las-ninas\\\/noticia\\\/no-quiero\\\/#breadcrumb\"},\"inLanguage\":\"ca\",\"potentialAction\":[{\"@type\":\"ReadAction\",\"target\":[\"https:\\\/\\\/www.entreculturas.org\\\/ca\\\/la-luz-de-las-ninas\\\/noticia\\\/no-quiero\\\/\"]}]},{\"@type\":\"ImageObject\",\"inLanguage\":\"ca\",\"@id\":\"https:\\\/\\\/www.entreculturas.org\\\/ca\\\/la-luz-de-las-ninas\\\/noticia\\\/no-quiero\\\/#primaryimage\",\"url\":\"https:\\\/\\\/www.entreculturas.org\\\/wp-content\\\/uploads\\\/2019\\\/10\\\/NoQuiero_InvitacionMailing.jpg\",\"contentUrl\":\"https:\\\/\\\/www.entreculturas.org\\\/wp-content\\\/uploads\\\/2019\\\/10\\\/NoQuiero_InvitacionMailing.jpg\",\"width\":800,\"height\":400},{\"@type\":\"BreadcrumbList\",\"@id\":\"https:\\\/\\\/www.entreculturas.org\\\/ca\\\/la-luz-de-las-ninas\\\/noticia\\\/no-quiero\\\/#breadcrumb\",\"itemListElement\":[{\"@type\":\"ListItem\",\"position\":1,\"name\":\"Home\",\"item\":\"https:\\\/\\\/www.entreculturas.org\\\/ca\\\/\"},{\"@type\":\"ListItem\",\"position\":2,\"name\":\"Noticias LLDLN\",\"item\":\"https:\\\/\\\/www.entreculturas.org\\\/ca\\\/noticias-la-luz-de-las-ninas\\\/\"},{\"@type\":\"ListItem\",\"position\":3,\"name\":\"&#8220;No Quiero&#8221;. Contra el matrimonio infantil, temprano y forzado\"}]},{\"@type\":\"WebSite\",\"@id\":\"https:\\\/\\\/www.entreculturas.org\\\/ca\\\/#website\",\"url\":\"https:\\\/\\\/www.entreculturas.org\\\/ca\\\/\",\"name\":\"Entreculturas\",\"description\":\"\",\"publisher\":{\"@id\":\"https:\\\/\\\/www.entreculturas.org\\\/ca\\\/#organization\"},\"alternateName\":\"Entreculturas\",\"potentialAction\":[{\"@type\":\"SearchAction\",\"target\":{\"@type\":\"EntryPoint\",\"urlTemplate\":\"https:\\\/\\\/www.entreculturas.org\\\/ca\\\/?s={search_term_string}\"},\"query-input\":{\"@type\":\"PropertyValueSpecification\",\"valueRequired\":true,\"valueName\":\"search_term_string\"}}],\"inLanguage\":\"ca\"},{\"@type\":\"Organization\",\"@id\":\"https:\\\/\\\/www.entreculturas.org\\\/ca\\\/#organization\",\"name\":\"Entreculturas\",\"url\":\"https:\\\/\\\/www.entreculturas.org\\\/ca\\\/\",\"logo\":{\"@type\":\"ImageObject\",\"inLanguage\":\"ca\",\"@id\":\"https:\\\/\\\/www.entreculturas.org\\\/ca\\\/#\\\/schema\\\/logo\\\/image\\\/\",\"url\":\"https:\\\/\\\/www.entreculturas.org\\\/wp-content\\\/uploads\\\/2025\\\/10\\\/ESP.svg\",\"contentUrl\":\"https:\\\/\\\/www.entreculturas.org\\\/wp-content\\\/uploads\\\/2025\\\/10\\\/ESP.svg\",\"caption\":\"Entreculturas\"},\"image\":{\"@id\":\"https:\\\/\\\/www.entreculturas.org\\\/ca\\\/#\\\/schema\\\/logo\\\/image\\\/\"},\"sameAs\":[\"https:\\\/\\\/www.facebook.com\\\/entreculturas\",\"https:\\\/\\\/x.com\\\/Entreculturas\",\"https:\\\/\\\/www.instagram.com\\\/entreculturas\\\/\",\"https:\\\/\\\/www.youtube.com\\\/user\\\/entreculturasvideo\",\"https:\\\/\\\/www.linkedin.com\\\/company\\\/fundacion-entreculturas-ngdo\\\/\",\"https:\\\/\\\/www.flickr.com\\\/photos\\\/98455522@N04\\\/albums\\\/\"]}]}<\/script>\n<!-- \/ Yoast SEO Premium plugin. -->","yoast_head_json":{"title":"\"No Quiero\". Contra el matrimonio infantil, temprano y forzado - Entreculturas","robots":{"index":"index","follow":"follow","max-snippet":"max-snippet:-1","max-image-preview":"max-image-preview:large","max-video-preview":"max-video-preview:-1"},"canonical":"https:\/\/www.entreculturas.org\/ca\/la-luz-de-las-ninas\/noticia\/no-quiero\/","og_locale":"ca_ES","og_type":"article","og_title":"\"No Quiero\". Contra el matrimonio infantil, temprano y forzado","og_description":"\u201cCuando casaron con 7 a\u00f1os a mi amiga al principio no entend\u00edamos, solo est\u00e1bamos emocionadas por la boda. Pero pronto vimos que ya no pod\u00eda venir con nosotras, hasta que un d\u00eda apareci\u00f3 p\u00e1lida y con heridas: su marido le hab\u00eda golpeado con un alambre de hierro. Ese incidente se me qued\u00f3 grabado para siempre. Por eso, cuando ten\u00eda 11 a\u00f1os y la propuesta de matrimonio lleg\u00f3 para m\u00ed, decid\u00ed oponerme. Con la ayuda de mi t\u00edo lo consegu\u00ed, y por eso me di cuenta de que yo tambi\u00e9n ten\u00eda que ayudar a otras\u201d. &nbsp; Son palabras de Hadiqa, activista pakistan\u00ed por los derechos de las ni\u00f1as que con tan solo 17 a\u00f1os se ha convertido en la voz de su comunidad y ha recibido numerosos premios por su lucha. Hemos escuchado su testimonio, junto con el de Kadiatu Massaquoi, v\u00edctima tambi\u00e9n de matrimonio infantil en Sierra Leona, en el [&hellip;]","og_url":"https:\/\/www.entreculturas.org\/ca\/la-luz-de-las-ninas\/noticia\/no-quiero\/","og_site_name":"Entreculturas","article_publisher":"https:\/\/www.facebook.com\/entreculturas","article_modified_time":"2024-09-19T16:30:05+00:00","og_image":[{"width":800,"height":400,"url":"https:\/\/www.entreculturas.org\/wp-content\/uploads\/2019\/10\/NoQuiero_InvitacionMailing.jpg","type":"image\/jpeg"}],"twitter_card":"summary_large_image","twitter_site":"@Entreculturas","schema":{"@context":"https:\/\/schema.org","@graph":[{"@type":"WebPage","@id":"https:\/\/www.entreculturas.org\/ca\/la-luz-de-las-ninas\/noticia\/no-quiero\/","url":"https:\/\/www.entreculturas.org\/ca\/la-luz-de-las-ninas\/noticia\/no-quiero\/","name":"\"No Quiero\". Contra el matrimonio infantil, temprano y forzado - Entreculturas","isPartOf":{"@id":"https:\/\/www.entreculturas.org\/ca\/#website"},"primaryImageOfPage":{"@id":"https:\/\/www.entreculturas.org\/ca\/la-luz-de-las-ninas\/noticia\/no-quiero\/#primaryimage"},"image":{"@id":"https:\/\/www.entreculturas.org\/ca\/la-luz-de-las-ninas\/noticia\/no-quiero\/#primaryimage"},"thumbnailUrl":"https:\/\/www.entreculturas.org\/wp-content\/uploads\/2019\/10\/NoQuiero_InvitacionMailing.jpg","datePublished":"2019-10-09T10:11:49+00:00","dateModified":"2024-09-19T16:30:05+00:00","breadcrumb":{"@id":"https:\/\/www.entreculturas.org\/ca\/la-luz-de-las-ninas\/noticia\/no-quiero\/#breadcrumb"},"inLanguage":"ca","potentialAction":[{"@type":"ReadAction","target":["https:\/\/www.entreculturas.org\/ca\/la-luz-de-las-ninas\/noticia\/no-quiero\/"]}]},{"@type":"ImageObject","inLanguage":"ca","@id":"https:\/\/www.entreculturas.org\/ca\/la-luz-de-las-ninas\/noticia\/no-quiero\/#primaryimage","url":"https:\/\/www.entreculturas.org\/wp-content\/uploads\/2019\/10\/NoQuiero_InvitacionMailing.jpg","contentUrl":"https:\/\/www.entreculturas.org\/wp-content\/uploads\/2019\/10\/NoQuiero_InvitacionMailing.jpg","width":800,"height":400},{"@type":"BreadcrumbList","@id":"https:\/\/www.entreculturas.org\/ca\/la-luz-de-las-ninas\/noticia\/no-quiero\/#breadcrumb","itemListElement":[{"@type":"ListItem","position":1,"name":"Home","item":"https:\/\/www.entreculturas.org\/ca\/"},{"@type":"ListItem","position":2,"name":"Noticias LLDLN","item":"https:\/\/www.entreculturas.org\/ca\/noticias-la-luz-de-las-ninas\/"},{"@type":"ListItem","position":3,"name":"&#8220;No Quiero&#8221;. Contra el matrimonio infantil, temprano y forzado"}]},{"@type":"WebSite","@id":"https:\/\/www.entreculturas.org\/ca\/#website","url":"https:\/\/www.entreculturas.org\/ca\/","name":"Entreculturas","description":"","publisher":{"@id":"https:\/\/www.entreculturas.org\/ca\/#organization"},"alternateName":"Entreculturas","potentialAction":[{"@type":"SearchAction","target":{"@type":"EntryPoint","urlTemplate":"https:\/\/www.entreculturas.org\/ca\/?s={search_term_string}"},"query-input":{"@type":"PropertyValueSpecification","valueRequired":true,"valueName":"search_term_string"}}],"inLanguage":"ca"},{"@type":"Organization","@id":"https:\/\/www.entreculturas.org\/ca\/#organization","name":"Entreculturas","url":"https:\/\/www.entreculturas.org\/ca\/","logo":{"@type":"ImageObject","inLanguage":"ca","@id":"https:\/\/www.entreculturas.org\/ca\/#\/schema\/logo\/image\/","url":"https:\/\/www.entreculturas.org\/wp-content\/uploads\/2025\/10\/ESP.svg","contentUrl":"https:\/\/www.entreculturas.org\/wp-content\/uploads\/2025\/10\/ESP.svg","caption":"Entreculturas"},"image":{"@id":"https:\/\/www.entreculturas.org\/ca\/#\/schema\/logo\/image\/"},"sameAs":["https:\/\/www.facebook.com\/entreculturas","https:\/\/x.com\/Entreculturas","https:\/\/www.instagram.com\/entreculturas\/","https:\/\/www.youtube.com\/user\/entreculturasvideo","https:\/\/www.linkedin.com\/company\/fundacion-entreculturas-ngdo\/","https:\/\/www.flickr.com\/photos\/98455522@N04\/albums\/"]}]}},"_links":{"self":[{"href":"https:\/\/www.entreculturas.org\/ca\/wp-json\/wp\/v2\/xxx\/481","targetHints":{"allow":["GET"]}}],"collection":[{"href":"https:\/\/www.entreculturas.org\/ca\/wp-json\/wp\/v2\/xxx"}],"about":[{"href":"https:\/\/www.entreculturas.org\/ca\/wp-json\/wp\/v2\/types\/xxx"}],"wp:featuredmedia":[{"embeddable":true,"href":"https:\/\/www.entreculturas.org\/ca\/wp-json\/wp\/v2\/media\/489"}],"wp:attachment":[{"href":"https:\/\/www.entreculturas.org\/ca\/wp-json\/wp\/v2\/media?parent=481"}],"wp:term":[{"taxonomy":"category","embeddable":true,"href":"https:\/\/www.entreculturas.org\/ca\/wp-json\/wp\/v2\/categories?post=481"},{"taxonomy":"post_tag","embeddable":true,"href":"https:\/\/www.entreculturas.org\/ca\/wp-json\/wp\/v2\/tags?post=481"}],"curies":[{"name":"wp","href":"https:\/\/api.w.org\/{rel}","templated":true}]}}