{"id":456,"date":"2019-05-28T18:40:32","date_gmt":"2019-05-28T16:40:32","guid":{"rendered":"https:\/\/www.entreculturas.org\/?post_type=xxx&#038;p=456"},"modified":"2024-09-19T18:28:46","modified_gmt":"2024-09-19T16:28:46","slug":"ninas-refugiadas-alzan-sus-voces-en-chad-por-su-derecho-a-la-educacion-en-el-dia-de-la-salud-menstrual","status":"publish","type":"xxx","link":"https:\/\/www.entreculturas.org\/ca\/la-luz-de-las-ninas\/noticia\/ninas-refugiadas-alzan-sus-voces-en-chad-por-su-derecho-a-la-educacion-en-el-dia-de-la-salud-menstrual\/","title":{"rendered":"Ni\u00f1as refugiadas alzan sus voces en Chad por su derecho a la educaci\u00f3n, en el D\u00eda de la Salud Menstrual"},"content":{"rendered":"<p>Este 28 de mayo, <strong>las ni\u00f1as han alzado su voz en Chad<\/strong> para reivindicar su derecho a la salud menstrual y a la educaci\u00f3n. <strong>Alumnas<\/strong> de escuelas del <strong>Servicio Jesuita a Refugiados<\/strong> (JRS) han escrito <strong>cartas dirigidas a las autoridades del Ministerio de Educaci\u00f3n<\/strong> en las que explican las <strong>barreras que encuentran para continuar con su educaci\u00f3n<\/strong>, a ra\u00edz de la discriminaciones en torno a la menstruaci\u00f3n.<\/p>\n<p>Y lo han hecho en el marco del <strong>D\u00eda Internacional de Acci\u00f3n por la Salud de la Mujer<\/strong>, que se conmemora hoy, y que en Chad se dedica a la salud menstrual. Con ocasi\u00f3n de este d\u00eda, <strong>JRS de la mano del Ministerio de Educaci\u00f3n<\/strong> y de otras organizaciones locales e internacionales que trabajan a favor de la ni\u00f1ez en el pa\u00eds, ha realizado un <strong>evento para visibilizar la importancia de la salud menstrual para la educaci\u00f3n de las ni\u00f1as<\/strong>.<\/p>\n<p>En este y en muchos otros pa\u00edses del mundo <strong>las ni\u00f1as dejan de asistir a la escuela los d\u00edas que tienen la menstruaci\u00f3n<\/strong>, lo que les perjudica en su educaci\u00f3n y vulnera sus derechos, ya que a menudo les obliga a permanecer en casa y abandonar sus actividades diarias. Esta <strong>discriminaci\u00f3n hacia las ni\u00f1as<\/strong> tiene origen en el <strong>estigma social<\/strong> que rodea a la menstruaci\u00f3n y tambi\u00e9n se debe a que a menudo no tienen acceso a <strong>productos de higiene personal<\/strong>, a <strong>instalaciones sanitarias<\/strong> adecuadas, as\u00ed como a una <strong>educaci\u00f3n sexual<\/strong> que les d\u00e9 la informaci\u00f3n y el acompa\u00f1amiento que necesitan.<\/p>\n<p>Como consecuencia de todo esto, existen <strong>riesgos<\/strong> importantes tanto de <strong>aislamiento social<\/strong> como de <strong>abandono escolar<\/strong> de muchas ni\u00f1as durante los periodos de menstruaci\u00f3n, lo que tiene resultados muy negativos en sus logros acad\u00e9micos, y aumenta el riesgo de que estas ni\u00f1as sean v\u00edctimas de <strong>matrimonios o embarazos forzados<\/strong>. Todos estos riesgos son m\u00e1s amenazadores para las ni\u00f1as sudanesas que crecen en los <strong>campos de refugiados<\/strong> del pa\u00eds, y por eso desde <strong>La Luz de las Ni\u00f1as<\/strong> concentramos los esfuerzos en apoyarlas.<\/p>\n<p>Durante el evento realizado hoy, <strong>Sima Isaak, refugiada del campo de Goz Beida y alumna del Lyc\u00e9e de Djabal de JRS Chad<\/strong>, ha entregado estas cartas a la <strong>Secretaria de Estado de Educaci\u00f3n Nacional<\/strong>, y ha intervenido en nombre de sus compa\u00f1eras, destacando las vivencias expresadas en las cartas: <strong>vivencias de \u201cmiedo y verg\u00fcenza\u201d<\/strong> y que relatan lo dif\u00edcil que resulta permanecer en la escuela cuando no se dan las condiciones suficientes. Sima, en nombre de las ni\u00f1as y adolescentes de Chad, ha hecho un <strong>llamamiento<\/strong> a todas las instituciones responsables a implementar las medidas necesarias <strong>para acabar con la estigmatizaci\u00f3n de la menstruaci\u00f3n<\/strong>.<\/p>\n<p><img decoding=\"async\" class=\"alignnone wp-image-458\" src=\"https:\/\/www.entreculturas.org\/wp-content\/uploads\/2019\/05\/IMG_4253-1024x683.jpg\" alt=\"\" width=\"854\" height=\"569\" srcset=\"https:\/\/www.entreculturas.org\/wp-content\/uploads\/2019\/05\/IMG_4253-1024x683.jpg 1024w, https:\/\/www.entreculturas.org\/wp-content\/uploads\/2019\/05\/IMG_4253-300x200.jpg 300w, https:\/\/www.entreculturas.org\/wp-content\/uploads\/2019\/05\/IMG_4253-768x512.jpg 768w, https:\/\/www.entreculturas.org\/wp-content\/uploads\/2019\/05\/IMG_4253-1536x1024.jpg 1536w, https:\/\/www.entreculturas.org\/wp-content\/uploads\/2019\/05\/IMG_4253-2048x1365.jpg 2048w\" sizes=\"(max-width: 854px) 100vw, 854px\" \/><\/p>\n<p>Para continuar, <strong>Mady Koumguessel, Asistente Social de JRS<\/strong>, ha expuesto el trabajo que con el programa desarrollamos para garantizar el <strong>derecho a la educaci\u00f3n de las ni\u00f1as<\/strong>, generando <strong>espacios seguros<\/strong> donde las chicas pueden <strong>expresar libremente sus preocupaciones y dudas<\/strong>, y recibir la <strong>informaci\u00f3n y el acompa\u00f1amiento<\/strong> que necesitan sobre su salud sexual y reproductiva. Asimismo, en el marco del programa se reparten productos de higiene personal, y se llevan a cabo otras iniciativas que facilitan su continuidad en la escuela.<\/p>\n<p><img decoding=\"async\" class=\"alignnone wp-image-459\" src=\"https:\/\/www.entreculturas.org\/wp-content\/uploads\/2019\/05\/Mady-K-1024x683.jpg\" alt=\"\" width=\"854\" height=\"569\" srcset=\"https:\/\/www.entreculturas.org\/wp-content\/uploads\/2019\/05\/Mady-K-1024x683.jpg 1024w, https:\/\/www.entreculturas.org\/wp-content\/uploads\/2019\/05\/Mady-K-300x200.jpg 300w, https:\/\/www.entreculturas.org\/wp-content\/uploads\/2019\/05\/Mady-K-768x512.jpg 768w, https:\/\/www.entreculturas.org\/wp-content\/uploads\/2019\/05\/Mady-K-1536x1024.jpg 1536w, https:\/\/www.entreculturas.org\/wp-content\/uploads\/2019\/05\/Mady-K-2048x1365.jpg 2048w\" sizes=\"(max-width: 854px) 100vw, 854px\" \/><\/p>\n<p>Tambi\u00e9n se ha desarrollado una <strong>mesa t\u00e9cnica<\/strong> en la que varias personas expertas en el tema han expuesto los avances realizados y los retos pendientes. Por parte del<strong> Ministerio de Educaci\u00f3n se han comprometido<\/strong> a dedicar esfuerzos a garantizar que la menstruaci\u00f3n no suponga una barrera para la educaci\u00f3n de las ni\u00f1as, y han anunciado que este tema se ha incluido como l\u00ednea prioritaria en la <strong>nueva Estrategia Nacional del Agua, el Saneamiento y la Higiene en el \u00c1mbito Escolar<\/strong>, presentada oficialmente el d\u00eda de ayer, basada, en gran medida, en la <strong>mejora de las condiciones en las escuelas<\/strong> ligadas a la <strong>higiene menstrual<\/strong>, y mediante la que se espera que en 2030 la mayor parte de las escuelas alcancen unas condiciones adecuadas.<\/p>\n<p>Para cerrar el evento, <strong>La Luz de las Ni\u00f1as<\/strong> ha contado con el respaldo de <strong>Yasmine Abdallah<\/strong>, artista y activista chadiana por los derechos de las ni\u00f1as. Ella y Sima han cantado una canci\u00f3n dedicada a las ni\u00f1as y a la defensa de sus derechos, lo cual ha animado a las m\u00e1s de cien ni\u00f1as y el resto de p\u00fablico participante.<\/p>\n","protected":false},"excerpt":{"rendered":"<p>Este 28 de mayo, las ni\u00f1as han alzado su voz en Chad para reivindicar su derecho a la salud menstrual y a la educaci\u00f3n. Alumnas de escuelas del Servicio Jesuita a Refugiados (JRS) han escrito cartas dirigidas a las autoridades del Ministerio de Educaci\u00f3n en las que explican las barreras que encuentran para continuar con su educaci\u00f3n, a ra\u00edz de la discriminaciones en torno a la menstruaci\u00f3n. Y lo han hecho en el marco del D\u00eda Internacional de Acci\u00f3n por la Salud de la Mujer, que se conmemora hoy, y que en Chad se dedica a la salud menstrual. Con ocasi\u00f3n de este d\u00eda, JRS de la mano del Ministerio de Educaci\u00f3n y de otras organizaciones locales e internacionales que trabajan a favor de la ni\u00f1ez en el pa\u00eds, ha realizado un evento para visibilizar la importancia de la salud menstrual para la educaci\u00f3n de las ni\u00f1as. En este y [&hellip;]<\/p>\n","protected":false},"featured_media":457,"template":"wp-custom-template-noticias-la-luz-de-las-ninas-2","meta":{"_acf_changed":false},"categories":[7],"tags":[],"class_list":["post-456","xxx","type-xxx","status-publish","has-post-thumbnail","hentry","category-noticia"],"acf":[],"yoast_head":"<!-- This site is optimized with the Yoast SEO Premium plugin v21.6 (Yoast SEO v27.5) - https:\/\/yoast.com\/product\/yoast-seo-premium-wordpress\/ -->\n<title>Ni\u00f1as refugiadas alzan sus voces en Chad por su derecho a la educaci\u00f3n, en el D\u00eda de la Salud Menstrual - Entreculturas<\/title>\n<meta name=\"robots\" content=\"index, follow, max-snippet:-1, max-image-preview:large, max-video-preview:-1\" \/>\n<link rel=\"canonical\" href=\"https:\/\/www.entreculturas.org\/ca\/la-luz-de-las-ninas\/noticia\/ninas-refugiadas-alzan-sus-voces-en-chad-por-su-derecho-a-la-educacion-en-el-dia-de-la-salud-menstrual\/\" \/>\n<meta property=\"og:locale\" content=\"ca_ES\" \/>\n<meta property=\"og:type\" content=\"article\" \/>\n<meta property=\"og:title\" content=\"Ni\u00f1as refugiadas alzan sus voces en Chad por su derecho a la educaci\u00f3n, en el D\u00eda de la Salud Menstrual\" \/>\n<meta property=\"og:description\" content=\"Este 28 de mayo, las ni\u00f1as han alzado su voz en Chad para reivindicar su derecho a la salud menstrual y a la educaci\u00f3n. Alumnas de escuelas del Servicio Jesuita a Refugiados (JRS) han escrito cartas dirigidas a las autoridades del Ministerio de Educaci\u00f3n en las que explican las barreras que encuentran para continuar con su educaci\u00f3n, a ra\u00edz de la discriminaciones en torno a la menstruaci\u00f3n. Y lo han hecho en el marco del D\u00eda Internacional de Acci\u00f3n por la Salud de la Mujer, que se conmemora hoy, y que en Chad se dedica a la salud menstrual. Con ocasi\u00f3n de este d\u00eda, JRS de la mano del Ministerio de Educaci\u00f3n y de otras organizaciones locales e internacionales que trabajan a favor de la ni\u00f1ez en el pa\u00eds, ha realizado un evento para visibilizar la importancia de la salud menstrual para la educaci\u00f3n de las ni\u00f1as. En este y [&hellip;]\" \/>\n<meta property=\"og:url\" content=\"https:\/\/www.entreculturas.org\/ca\/la-luz-de-las-ninas\/noticia\/ninas-refugiadas-alzan-sus-voces-en-chad-por-su-derecho-a-la-educacion-en-el-dia-de-la-salud-menstrual\/\" \/>\n<meta property=\"og:site_name\" content=\"Entreculturas\" \/>\n<meta property=\"article:publisher\" content=\"https:\/\/www.facebook.com\/entreculturas\" \/>\n<meta property=\"article:modified_time\" content=\"2024-09-19T16:28:46+00:00\" \/>\n<meta property=\"og:image\" content=\"https:\/\/www.entreculturas.org\/wp-content\/uploads\/2019\/05\/Sima-I-scaled.jpg\" \/>\n\t<meta property=\"og:image:width\" content=\"2560\" \/>\n\t<meta property=\"og:image:height\" content=\"1707\" \/>\n\t<meta property=\"og:image:type\" content=\"image\/jpeg\" \/>\n<meta name=\"twitter:card\" content=\"summary_large_image\" \/>\n<meta name=\"twitter:image\" content=\"https:\/\/www.entreculturas.org\/wp-content\/uploads\/2019\/05\/noticia_chad_twitter.jpg\" \/>\n<meta name=\"twitter:site\" content=\"@Entreculturas\" \/>\n<script type=\"application\/ld+json\" class=\"yoast-schema-graph\">{\"@context\":\"https:\\\/\\\/schema.org\",\"@graph\":[{\"@type\":\"WebPage\",\"@id\":\"https:\\\/\\\/www.entreculturas.org\\\/ca\\\/la-luz-de-las-ninas\\\/noticia\\\/ninas-refugiadas-alzan-sus-voces-en-chad-por-su-derecho-a-la-educacion-en-el-dia-de-la-salud-menstrual\\\/\",\"url\":\"https:\\\/\\\/www.entreculturas.org\\\/ca\\\/la-luz-de-las-ninas\\\/noticia\\\/ninas-refugiadas-alzan-sus-voces-en-chad-por-su-derecho-a-la-educacion-en-el-dia-de-la-salud-menstrual\\\/\",\"name\":\"Ni\u00f1as refugiadas alzan sus voces en Chad por su derecho a la educaci\u00f3n, en el D\u00eda de la Salud Menstrual - Entreculturas\",\"isPartOf\":{\"@id\":\"https:\\\/\\\/www.entreculturas.org\\\/ca\\\/#website\"},\"primaryImageOfPage\":{\"@id\":\"https:\\\/\\\/www.entreculturas.org\\\/ca\\\/la-luz-de-las-ninas\\\/noticia\\\/ninas-refugiadas-alzan-sus-voces-en-chad-por-su-derecho-a-la-educacion-en-el-dia-de-la-salud-menstrual\\\/#primaryimage\"},\"image\":{\"@id\":\"https:\\\/\\\/www.entreculturas.org\\\/ca\\\/la-luz-de-las-ninas\\\/noticia\\\/ninas-refugiadas-alzan-sus-voces-en-chad-por-su-derecho-a-la-educacion-en-el-dia-de-la-salud-menstrual\\\/#primaryimage\"},\"thumbnailUrl\":\"https:\\\/\\\/www.entreculturas.org\\\/wp-content\\\/uploads\\\/2019\\\/05\\\/Sima-I-scaled.jpg\",\"datePublished\":\"2019-05-28T16:40:32+00:00\",\"dateModified\":\"2024-09-19T16:28:46+00:00\",\"breadcrumb\":{\"@id\":\"https:\\\/\\\/www.entreculturas.org\\\/ca\\\/la-luz-de-las-ninas\\\/noticia\\\/ninas-refugiadas-alzan-sus-voces-en-chad-por-su-derecho-a-la-educacion-en-el-dia-de-la-salud-menstrual\\\/#breadcrumb\"},\"inLanguage\":\"ca\",\"potentialAction\":[{\"@type\":\"ReadAction\",\"target\":[\"https:\\\/\\\/www.entreculturas.org\\\/ca\\\/la-luz-de-las-ninas\\\/noticia\\\/ninas-refugiadas-alzan-sus-voces-en-chad-por-su-derecho-a-la-educacion-en-el-dia-de-la-salud-menstrual\\\/\"]}]},{\"@type\":\"ImageObject\",\"inLanguage\":\"ca\",\"@id\":\"https:\\\/\\\/www.entreculturas.org\\\/ca\\\/la-luz-de-las-ninas\\\/noticia\\\/ninas-refugiadas-alzan-sus-voces-en-chad-por-su-derecho-a-la-educacion-en-el-dia-de-la-salud-menstrual\\\/#primaryimage\",\"url\":\"https:\\\/\\\/www.entreculturas.org\\\/wp-content\\\/uploads\\\/2019\\\/05\\\/Sima-I-scaled.jpg\",\"contentUrl\":\"https:\\\/\\\/www.entreculturas.org\\\/wp-content\\\/uploads\\\/2019\\\/05\\\/Sima-I-scaled.jpg\",\"width\":2560,\"height\":1707},{\"@type\":\"BreadcrumbList\",\"@id\":\"https:\\\/\\\/www.entreculturas.org\\\/ca\\\/la-luz-de-las-ninas\\\/noticia\\\/ninas-refugiadas-alzan-sus-voces-en-chad-por-su-derecho-a-la-educacion-en-el-dia-de-la-salud-menstrual\\\/#breadcrumb\",\"itemListElement\":[{\"@type\":\"ListItem\",\"position\":1,\"name\":\"Home\",\"item\":\"https:\\\/\\\/www.entreculturas.org\\\/ca\\\/\"},{\"@type\":\"ListItem\",\"position\":2,\"name\":\"Noticias LLDLN\",\"item\":\"https:\\\/\\\/www.entreculturas.org\\\/ca\\\/noticias-la-luz-de-las-ninas\\\/\"},{\"@type\":\"ListItem\",\"position\":3,\"name\":\"Ni\u00f1as refugiadas alzan sus voces en Chad por su derecho a la educaci\u00f3n, en el D\u00eda de la Salud Menstrual\"}]},{\"@type\":\"WebSite\",\"@id\":\"https:\\\/\\\/www.entreculturas.org\\\/ca\\\/#website\",\"url\":\"https:\\\/\\\/www.entreculturas.org\\\/ca\\\/\",\"name\":\"Entreculturas\",\"description\":\"\",\"publisher\":{\"@id\":\"https:\\\/\\\/www.entreculturas.org\\\/ca\\\/#organization\"},\"alternateName\":\"Entreculturas\",\"potentialAction\":[{\"@type\":\"SearchAction\",\"target\":{\"@type\":\"EntryPoint\",\"urlTemplate\":\"https:\\\/\\\/www.entreculturas.org\\\/ca\\\/?s={search_term_string}\"},\"query-input\":{\"@type\":\"PropertyValueSpecification\",\"valueRequired\":true,\"valueName\":\"search_term_string\"}}],\"inLanguage\":\"ca\"},{\"@type\":\"Organization\",\"@id\":\"https:\\\/\\\/www.entreculturas.org\\\/ca\\\/#organization\",\"name\":\"Entreculturas\",\"url\":\"https:\\\/\\\/www.entreculturas.org\\\/ca\\\/\",\"logo\":{\"@type\":\"ImageObject\",\"inLanguage\":\"ca\",\"@id\":\"https:\\\/\\\/www.entreculturas.org\\\/ca\\\/#\\\/schema\\\/logo\\\/image\\\/\",\"url\":\"https:\\\/\\\/www.entreculturas.org\\\/wp-content\\\/uploads\\\/2025\\\/10\\\/ESP.svg\",\"contentUrl\":\"https:\\\/\\\/www.entreculturas.org\\\/wp-content\\\/uploads\\\/2025\\\/10\\\/ESP.svg\",\"caption\":\"Entreculturas\"},\"image\":{\"@id\":\"https:\\\/\\\/www.entreculturas.org\\\/ca\\\/#\\\/schema\\\/logo\\\/image\\\/\"},\"sameAs\":[\"https:\\\/\\\/www.facebook.com\\\/entreculturas\",\"https:\\\/\\\/x.com\\\/Entreculturas\",\"https:\\\/\\\/www.instagram.com\\\/entreculturas\\\/\",\"https:\\\/\\\/www.youtube.com\\\/user\\\/entreculturasvideo\",\"https:\\\/\\\/www.linkedin.com\\\/company\\\/fundacion-entreculturas-ngdo\\\/\",\"https:\\\/\\\/www.flickr.com\\\/photos\\\/98455522@N04\\\/albums\\\/\"]}]}<\/script>\n<!-- \/ Yoast SEO Premium plugin. -->","yoast_head_json":{"title":"Ni\u00f1as refugiadas alzan sus voces en Chad por su derecho a la educaci\u00f3n, en el D\u00eda de la Salud Menstrual - Entreculturas","robots":{"index":"index","follow":"follow","max-snippet":"max-snippet:-1","max-image-preview":"max-image-preview:large","max-video-preview":"max-video-preview:-1"},"canonical":"https:\/\/www.entreculturas.org\/ca\/la-luz-de-las-ninas\/noticia\/ninas-refugiadas-alzan-sus-voces-en-chad-por-su-derecho-a-la-educacion-en-el-dia-de-la-salud-menstrual\/","og_locale":"ca_ES","og_type":"article","og_title":"Ni\u00f1as refugiadas alzan sus voces en Chad por su derecho a la educaci\u00f3n, en el D\u00eda de la Salud Menstrual","og_description":"Este 28 de mayo, las ni\u00f1as han alzado su voz en Chad para reivindicar su derecho a la salud menstrual y a la educaci\u00f3n. Alumnas de escuelas del Servicio Jesuita a Refugiados (JRS) han escrito cartas dirigidas a las autoridades del Ministerio de Educaci\u00f3n en las que explican las barreras que encuentran para continuar con su educaci\u00f3n, a ra\u00edz de la discriminaciones en torno a la menstruaci\u00f3n. Y lo han hecho en el marco del D\u00eda Internacional de Acci\u00f3n por la Salud de la Mujer, que se conmemora hoy, y que en Chad se dedica a la salud menstrual. Con ocasi\u00f3n de este d\u00eda, JRS de la mano del Ministerio de Educaci\u00f3n y de otras organizaciones locales e internacionales que trabajan a favor de la ni\u00f1ez en el pa\u00eds, ha realizado un evento para visibilizar la importancia de la salud menstrual para la educaci\u00f3n de las ni\u00f1as. En este y [&hellip;]","og_url":"https:\/\/www.entreculturas.org\/ca\/la-luz-de-las-ninas\/noticia\/ninas-refugiadas-alzan-sus-voces-en-chad-por-su-derecho-a-la-educacion-en-el-dia-de-la-salud-menstrual\/","og_site_name":"Entreculturas","article_publisher":"https:\/\/www.facebook.com\/entreculturas","article_modified_time":"2024-09-19T16:28:46+00:00","og_image":[{"width":2560,"height":1707,"url":"https:\/\/www.entreculturas.org\/wp-content\/uploads\/2019\/05\/Sima-I-scaled.jpg","type":"image\/jpeg"}],"twitter_card":"summary_large_image","twitter_image":"https:\/\/www.entreculturas.org\/wp-content\/uploads\/2019\/05\/noticia_chad_twitter.jpg","twitter_site":"@Entreculturas","schema":{"@context":"https:\/\/schema.org","@graph":[{"@type":"WebPage","@id":"https:\/\/www.entreculturas.org\/ca\/la-luz-de-las-ninas\/noticia\/ninas-refugiadas-alzan-sus-voces-en-chad-por-su-derecho-a-la-educacion-en-el-dia-de-la-salud-menstrual\/","url":"https:\/\/www.entreculturas.org\/ca\/la-luz-de-las-ninas\/noticia\/ninas-refugiadas-alzan-sus-voces-en-chad-por-su-derecho-a-la-educacion-en-el-dia-de-la-salud-menstrual\/","name":"Ni\u00f1as refugiadas alzan sus voces en Chad por su derecho a la educaci\u00f3n, en el D\u00eda de la Salud Menstrual - Entreculturas","isPartOf":{"@id":"https:\/\/www.entreculturas.org\/ca\/#website"},"primaryImageOfPage":{"@id":"https:\/\/www.entreculturas.org\/ca\/la-luz-de-las-ninas\/noticia\/ninas-refugiadas-alzan-sus-voces-en-chad-por-su-derecho-a-la-educacion-en-el-dia-de-la-salud-menstrual\/#primaryimage"},"image":{"@id":"https:\/\/www.entreculturas.org\/ca\/la-luz-de-las-ninas\/noticia\/ninas-refugiadas-alzan-sus-voces-en-chad-por-su-derecho-a-la-educacion-en-el-dia-de-la-salud-menstrual\/#primaryimage"},"thumbnailUrl":"https:\/\/www.entreculturas.org\/wp-content\/uploads\/2019\/05\/Sima-I-scaled.jpg","datePublished":"2019-05-28T16:40:32+00:00","dateModified":"2024-09-19T16:28:46+00:00","breadcrumb":{"@id":"https:\/\/www.entreculturas.org\/ca\/la-luz-de-las-ninas\/noticia\/ninas-refugiadas-alzan-sus-voces-en-chad-por-su-derecho-a-la-educacion-en-el-dia-de-la-salud-menstrual\/#breadcrumb"},"inLanguage":"ca","potentialAction":[{"@type":"ReadAction","target":["https:\/\/www.entreculturas.org\/ca\/la-luz-de-las-ninas\/noticia\/ninas-refugiadas-alzan-sus-voces-en-chad-por-su-derecho-a-la-educacion-en-el-dia-de-la-salud-menstrual\/"]}]},{"@type":"ImageObject","inLanguage":"ca","@id":"https:\/\/www.entreculturas.org\/ca\/la-luz-de-las-ninas\/noticia\/ninas-refugiadas-alzan-sus-voces-en-chad-por-su-derecho-a-la-educacion-en-el-dia-de-la-salud-menstrual\/#primaryimage","url":"https:\/\/www.entreculturas.org\/wp-content\/uploads\/2019\/05\/Sima-I-scaled.jpg","contentUrl":"https:\/\/www.entreculturas.org\/wp-content\/uploads\/2019\/05\/Sima-I-scaled.jpg","width":2560,"height":1707},{"@type":"BreadcrumbList","@id":"https:\/\/www.entreculturas.org\/ca\/la-luz-de-las-ninas\/noticia\/ninas-refugiadas-alzan-sus-voces-en-chad-por-su-derecho-a-la-educacion-en-el-dia-de-la-salud-menstrual\/#breadcrumb","itemListElement":[{"@type":"ListItem","position":1,"name":"Home","item":"https:\/\/www.entreculturas.org\/ca\/"},{"@type":"ListItem","position":2,"name":"Noticias LLDLN","item":"https:\/\/www.entreculturas.org\/ca\/noticias-la-luz-de-las-ninas\/"},{"@type":"ListItem","position":3,"name":"Ni\u00f1as refugiadas alzan sus voces en Chad por su derecho a la educaci\u00f3n, en el D\u00eda de la Salud Menstrual"}]},{"@type":"WebSite","@id":"https:\/\/www.entreculturas.org\/ca\/#website","url":"https:\/\/www.entreculturas.org\/ca\/","name":"Entreculturas","description":"","publisher":{"@id":"https:\/\/www.entreculturas.org\/ca\/#organization"},"alternateName":"Entreculturas","potentialAction":[{"@type":"SearchAction","target":{"@type":"EntryPoint","urlTemplate":"https:\/\/www.entreculturas.org\/ca\/?s={search_term_string}"},"query-input":{"@type":"PropertyValueSpecification","valueRequired":true,"valueName":"search_term_string"}}],"inLanguage":"ca"},{"@type":"Organization","@id":"https:\/\/www.entreculturas.org\/ca\/#organization","name":"Entreculturas","url":"https:\/\/www.entreculturas.org\/ca\/","logo":{"@type":"ImageObject","inLanguage":"ca","@id":"https:\/\/www.entreculturas.org\/ca\/#\/schema\/logo\/image\/","url":"https:\/\/www.entreculturas.org\/wp-content\/uploads\/2025\/10\/ESP.svg","contentUrl":"https:\/\/www.entreculturas.org\/wp-content\/uploads\/2025\/10\/ESP.svg","caption":"Entreculturas"},"image":{"@id":"https:\/\/www.entreculturas.org\/ca\/#\/schema\/logo\/image\/"},"sameAs":["https:\/\/www.facebook.com\/entreculturas","https:\/\/x.com\/Entreculturas","https:\/\/www.instagram.com\/entreculturas\/","https:\/\/www.youtube.com\/user\/entreculturasvideo","https:\/\/www.linkedin.com\/company\/fundacion-entreculturas-ngdo\/","https:\/\/www.flickr.com\/photos\/98455522@N04\/albums\/"]}]}},"_links":{"self":[{"href":"https:\/\/www.entreculturas.org\/ca\/wp-json\/wp\/v2\/xxx\/456","targetHints":{"allow":["GET"]}}],"collection":[{"href":"https:\/\/www.entreculturas.org\/ca\/wp-json\/wp\/v2\/xxx"}],"about":[{"href":"https:\/\/www.entreculturas.org\/ca\/wp-json\/wp\/v2\/types\/xxx"}],"wp:featuredmedia":[{"embeddable":true,"href":"https:\/\/www.entreculturas.org\/ca\/wp-json\/wp\/v2\/media\/457"}],"wp:attachment":[{"href":"https:\/\/www.entreculturas.org\/ca\/wp-json\/wp\/v2\/media?parent=456"}],"wp:term":[{"taxonomy":"category","embeddable":true,"href":"https:\/\/www.entreculturas.org\/ca\/wp-json\/wp\/v2\/categories?post=456"},{"taxonomy":"post_tag","embeddable":true,"href":"https:\/\/www.entreculturas.org\/ca\/wp-json\/wp\/v2\/tags?post=456"}],"curies":[{"name":"wp","href":"https:\/\/api.w.org\/{rel}","templated":true}]}}