{"id":433,"date":"2018-12-20T20:50:56","date_gmt":"2018-12-20T19:50:56","guid":{"rendered":"https:\/\/www.entreculturas.org\/?post_type=xxx&#038;p=433"},"modified":"2024-09-19T18:24:38","modified_gmt":"2024-09-19T16:24:38","slug":"mas-de-200-millones-de-ninas-en-el-mundo-han-sufrido-mutilacion-genital","status":"publish","type":"xxx","link":"https:\/\/www.entreculturas.org\/ca\/la-luz-de-las-ninas\/noticia\/mas-de-200-millones-de-ninas-en-el-mundo-han-sufrido-mutilacion-genital\/","title":{"rendered":"M\u00e1s de 200 millones de ni\u00f1as en el mundo han sufrido mutilaci\u00f3n genital"},"content":{"rendered":"<p>Sifa Kaite, Coordinadora Protecci\u00f3n a la Infancia, JRS Chad,\u00a0nos cuenta los problemas a los que se enfrentan las ni\u00f1as en Chad. Problemas que suponen la vulneraci\u00f3n de sus derechos, como la mutilaci\u00f3n genital femenina.<\/p>\n<p>\u201cSi hablamos de mutilaci\u00f3n genital femenina, es una pr\u00e1ctica prohibida en Chad, pero la gente contin\u00faa haci\u00e9ndolo de forma confidencial y secreta. Para llegar a la mutilaci\u00f3n, hay todo un proceso que implica a los padres y a gente muy cercana a los padres. C\u00f3mo una ni\u00f1a, que es menor, va a poder denunciar a todas estas personas ante la justicia. Es realmente muy dif\u00edcil.\u201d<\/p>\n<p><iframe loading=\"lazy\" title=\"Mutilaci\u00f3n Genital Femenina | La Luz de las Ni\u00f1as\" width=\"500\" height=\"281\" src=\"https:\/\/www.youtube.com\/embed\/lHo4lOLltJs?feature=oembed\" frameborder=\"0\" allow=\"accelerometer; autoplay; clipboard-write; encrypted-media; gyroscope; picture-in-picture; web-share\" referrerpolicy=\"strict-origin-when-cross-origin\" allowfullscreen><\/iframe><\/p>\n","protected":false},"excerpt":{"rendered":"<p>Sifa Kaite, Coordinadora Protecci\u00f3n a la Infancia, JRS Chad,\u00a0nos cuenta los problemas a los que se enfrentan las ni\u00f1as en Chad. Problemas que suponen la vulneraci\u00f3n de sus derechos, como la mutilaci\u00f3n genital femenina. \u201cSi hablamos de mutilaci\u00f3n genital femenina, es una pr\u00e1ctica prohibida en Chad, pero la gente contin\u00faa haci\u00e9ndolo de forma confidencial y secreta. Para llegar a la mutilaci\u00f3n, hay todo un proceso que implica a los padres y a gente muy cercana a los padres. C\u00f3mo una ni\u00f1a, que es menor, va a poder denunciar a todas estas personas ante la justicia. Es realmente muy dif\u00edcil.\u201d<\/p>\n","protected":false},"featured_media":299,"template":"wp-custom-template-noticias-la-luz-de-las-ninas-2","meta":{"_acf_changed":false},"categories":[7],"tags":[],"class_list":["post-433","xxx","type-xxx","status-publish","has-post-thumbnail","hentry","category-noticia"],"acf":[],"yoast_head":"<!-- This site is optimized with the Yoast SEO Premium plugin v21.6 (Yoast SEO v27.5) - https:\/\/yoast.com\/product\/yoast-seo-premium-wordpress\/ -->\n<title>M\u00e1s de 200 millones de ni\u00f1as en el mundo han sufrido mutilaci\u00f3n genital - Entreculturas<\/title>\n<meta name=\"robots\" content=\"index, follow, max-snippet:-1, max-image-preview:large, max-video-preview:-1\" \/>\n<link rel=\"canonical\" href=\"https:\/\/www.entreculturas.org\/ca\/la-luz-de-las-ninas\/noticia\/mas-de-200-millones-de-ninas-en-el-mundo-han-sufrido-mutilacion-genital\/\" \/>\n<meta property=\"og:locale\" content=\"ca_ES\" \/>\n<meta property=\"og:type\" content=\"article\" \/>\n<meta property=\"og:title\" content=\"M\u00e1s de 200 millones de ni\u00f1as en el mundo han sufrido mutilaci\u00f3n genital\" \/>\n<meta property=\"og:description\" content=\"Sifa Kaite, Coordinadora Protecci\u00f3n a la Infancia, JRS Chad,\u00a0nos cuenta los problemas a los que se enfrentan las ni\u00f1as en Chad. Problemas que suponen la vulneraci\u00f3n de sus derechos, como la mutilaci\u00f3n genital femenina. \u201cSi hablamos de mutilaci\u00f3n genital femenina, es una pr\u00e1ctica prohibida en Chad, pero la gente contin\u00faa haci\u00e9ndolo de forma confidencial y secreta. Para llegar a la mutilaci\u00f3n, hay todo un proceso que implica a los padres y a gente muy cercana a los padres. C\u00f3mo una ni\u00f1a, que es menor, va a poder denunciar a todas estas personas ante la justicia. Es realmente muy dif\u00edcil.\u201d\" \/>\n<meta property=\"og:url\" content=\"https:\/\/www.entreculturas.org\/ca\/la-luz-de-las-ninas\/noticia\/mas-de-200-millones-de-ninas-en-el-mundo-han-sufrido-mutilacion-genital\/\" \/>\n<meta property=\"og:site_name\" content=\"Entreculturas\" \/>\n<meta property=\"article:publisher\" content=\"https:\/\/www.facebook.com\/entreculturas\" \/>\n<meta property=\"article:modified_time\" content=\"2024-09-19T16:24:38+00:00\" \/>\n<meta property=\"og:image\" content=\"https:\/\/www.entreculturas.org\/wp-content\/uploads\/2018\/09\/noticia-sifa-min.jpg\" \/>\n\t<meta property=\"og:image:width\" content=\"676\" \/>\n\t<meta property=\"og:image:height\" content=\"343\" \/>\n\t<meta property=\"og:image:type\" content=\"image\/jpeg\" \/>\n<meta name=\"twitter:card\" content=\"summary_large_image\" \/>\n<meta name=\"twitter:site\" content=\"@Entreculturas\" \/>\n<script type=\"application\/ld+json\" class=\"yoast-schema-graph\">{\"@context\":\"https:\\\/\\\/schema.org\",\"@graph\":[{\"@type\":\"WebPage\",\"@id\":\"https:\\\/\\\/www.entreculturas.org\\\/ca\\\/la-luz-de-las-ninas\\\/noticia\\\/mas-de-200-millones-de-ninas-en-el-mundo-han-sufrido-mutilacion-genital\\\/\",\"url\":\"https:\\\/\\\/www.entreculturas.org\\\/ca\\\/la-luz-de-las-ninas\\\/noticia\\\/mas-de-200-millones-de-ninas-en-el-mundo-han-sufrido-mutilacion-genital\\\/\",\"name\":\"M\u00e1s de 200 millones de ni\u00f1as en el mundo han sufrido mutilaci\u00f3n genital - Entreculturas\",\"isPartOf\":{\"@id\":\"https:\\\/\\\/www.entreculturas.org\\\/ca\\\/#website\"},\"primaryImageOfPage\":{\"@id\":\"https:\\\/\\\/www.entreculturas.org\\\/ca\\\/la-luz-de-las-ninas\\\/noticia\\\/mas-de-200-millones-de-ninas-en-el-mundo-han-sufrido-mutilacion-genital\\\/#primaryimage\"},\"image\":{\"@id\":\"https:\\\/\\\/www.entreculturas.org\\\/ca\\\/la-luz-de-las-ninas\\\/noticia\\\/mas-de-200-millones-de-ninas-en-el-mundo-han-sufrido-mutilacion-genital\\\/#primaryimage\"},\"thumbnailUrl\":\"https:\\\/\\\/www.entreculturas.org\\\/wp-content\\\/uploads\\\/2018\\\/09\\\/noticia-sifa-min.jpg\",\"datePublished\":\"2018-12-20T19:50:56+00:00\",\"dateModified\":\"2024-09-19T16:24:38+00:00\",\"breadcrumb\":{\"@id\":\"https:\\\/\\\/www.entreculturas.org\\\/ca\\\/la-luz-de-las-ninas\\\/noticia\\\/mas-de-200-millones-de-ninas-en-el-mundo-han-sufrido-mutilacion-genital\\\/#breadcrumb\"},\"inLanguage\":\"ca\",\"potentialAction\":[{\"@type\":\"ReadAction\",\"target\":[\"https:\\\/\\\/www.entreculturas.org\\\/ca\\\/la-luz-de-las-ninas\\\/noticia\\\/mas-de-200-millones-de-ninas-en-el-mundo-han-sufrido-mutilacion-genital\\\/\"]}]},{\"@type\":\"ImageObject\",\"inLanguage\":\"ca\",\"@id\":\"https:\\\/\\\/www.entreculturas.org\\\/ca\\\/la-luz-de-las-ninas\\\/noticia\\\/mas-de-200-millones-de-ninas-en-el-mundo-han-sufrido-mutilacion-genital\\\/#primaryimage\",\"url\":\"https:\\\/\\\/www.entreculturas.org\\\/wp-content\\\/uploads\\\/2018\\\/09\\\/noticia-sifa-min.jpg\",\"contentUrl\":\"https:\\\/\\\/www.entreculturas.org\\\/wp-content\\\/uploads\\\/2018\\\/09\\\/noticia-sifa-min.jpg\",\"width\":676,\"height\":343},{\"@type\":\"BreadcrumbList\",\"@id\":\"https:\\\/\\\/www.entreculturas.org\\\/ca\\\/la-luz-de-las-ninas\\\/noticia\\\/mas-de-200-millones-de-ninas-en-el-mundo-han-sufrido-mutilacion-genital\\\/#breadcrumb\",\"itemListElement\":[{\"@type\":\"ListItem\",\"position\":1,\"name\":\"Home\",\"item\":\"https:\\\/\\\/www.entreculturas.org\\\/ca\\\/\"},{\"@type\":\"ListItem\",\"position\":2,\"name\":\"Noticias LLDLN\",\"item\":\"https:\\\/\\\/www.entreculturas.org\\\/ca\\\/noticias-la-luz-de-las-ninas\\\/\"},{\"@type\":\"ListItem\",\"position\":3,\"name\":\"M\u00e1s de 200 millones de ni\u00f1as en el mundo han sufrido mutilaci\u00f3n genital\"}]},{\"@type\":\"WebSite\",\"@id\":\"https:\\\/\\\/www.entreculturas.org\\\/ca\\\/#website\",\"url\":\"https:\\\/\\\/www.entreculturas.org\\\/ca\\\/\",\"name\":\"Entreculturas\",\"description\":\"\",\"publisher\":{\"@id\":\"https:\\\/\\\/www.entreculturas.org\\\/ca\\\/#organization\"},\"alternateName\":\"Entreculturas\",\"potentialAction\":[{\"@type\":\"SearchAction\",\"target\":{\"@type\":\"EntryPoint\",\"urlTemplate\":\"https:\\\/\\\/www.entreculturas.org\\\/ca\\\/?s={search_term_string}\"},\"query-input\":{\"@type\":\"PropertyValueSpecification\",\"valueRequired\":true,\"valueName\":\"search_term_string\"}}],\"inLanguage\":\"ca\"},{\"@type\":\"Organization\",\"@id\":\"https:\\\/\\\/www.entreculturas.org\\\/ca\\\/#organization\",\"name\":\"Entreculturas\",\"url\":\"https:\\\/\\\/www.entreculturas.org\\\/ca\\\/\",\"logo\":{\"@type\":\"ImageObject\",\"inLanguage\":\"ca\",\"@id\":\"https:\\\/\\\/www.entreculturas.org\\\/ca\\\/#\\\/schema\\\/logo\\\/image\\\/\",\"url\":\"https:\\\/\\\/www.entreculturas.org\\\/wp-content\\\/uploads\\\/2025\\\/10\\\/ESP.svg\",\"contentUrl\":\"https:\\\/\\\/www.entreculturas.org\\\/wp-content\\\/uploads\\\/2025\\\/10\\\/ESP.svg\",\"caption\":\"Entreculturas\"},\"image\":{\"@id\":\"https:\\\/\\\/www.entreculturas.org\\\/ca\\\/#\\\/schema\\\/logo\\\/image\\\/\"},\"sameAs\":[\"https:\\\/\\\/www.facebook.com\\\/entreculturas\",\"https:\\\/\\\/x.com\\\/Entreculturas\",\"https:\\\/\\\/www.instagram.com\\\/entreculturas\\\/\",\"https:\\\/\\\/www.youtube.com\\\/user\\\/entreculturasvideo\",\"https:\\\/\\\/www.linkedin.com\\\/company\\\/fundacion-entreculturas-ngdo\\\/\",\"https:\\\/\\\/www.flickr.com\\\/photos\\\/98455522@N04\\\/albums\\\/\"]}]}<\/script>\n<!-- \/ Yoast SEO Premium plugin. -->","yoast_head_json":{"title":"M\u00e1s de 200 millones de ni\u00f1as en el mundo han sufrido mutilaci\u00f3n genital - Entreculturas","robots":{"index":"index","follow":"follow","max-snippet":"max-snippet:-1","max-image-preview":"max-image-preview:large","max-video-preview":"max-video-preview:-1"},"canonical":"https:\/\/www.entreculturas.org\/ca\/la-luz-de-las-ninas\/noticia\/mas-de-200-millones-de-ninas-en-el-mundo-han-sufrido-mutilacion-genital\/","og_locale":"ca_ES","og_type":"article","og_title":"M\u00e1s de 200 millones de ni\u00f1as en el mundo han sufrido mutilaci\u00f3n genital","og_description":"Sifa Kaite, Coordinadora Protecci\u00f3n a la Infancia, JRS Chad,\u00a0nos cuenta los problemas a los que se enfrentan las ni\u00f1as en Chad. Problemas que suponen la vulneraci\u00f3n de sus derechos, como la mutilaci\u00f3n genital femenina. \u201cSi hablamos de mutilaci\u00f3n genital femenina, es una pr\u00e1ctica prohibida en Chad, pero la gente contin\u00faa haci\u00e9ndolo de forma confidencial y secreta. Para llegar a la mutilaci\u00f3n, hay todo un proceso que implica a los padres y a gente muy cercana a los padres. C\u00f3mo una ni\u00f1a, que es menor, va a poder denunciar a todas estas personas ante la justicia. Es realmente muy dif\u00edcil.\u201d","og_url":"https:\/\/www.entreculturas.org\/ca\/la-luz-de-las-ninas\/noticia\/mas-de-200-millones-de-ninas-en-el-mundo-han-sufrido-mutilacion-genital\/","og_site_name":"Entreculturas","article_publisher":"https:\/\/www.facebook.com\/entreculturas","article_modified_time":"2024-09-19T16:24:38+00:00","og_image":[{"width":676,"height":343,"url":"https:\/\/www.entreculturas.org\/wp-content\/uploads\/2018\/09\/noticia-sifa-min.jpg","type":"image\/jpeg"}],"twitter_card":"summary_large_image","twitter_site":"@Entreculturas","schema":{"@context":"https:\/\/schema.org","@graph":[{"@type":"WebPage","@id":"https:\/\/www.entreculturas.org\/ca\/la-luz-de-las-ninas\/noticia\/mas-de-200-millones-de-ninas-en-el-mundo-han-sufrido-mutilacion-genital\/","url":"https:\/\/www.entreculturas.org\/ca\/la-luz-de-las-ninas\/noticia\/mas-de-200-millones-de-ninas-en-el-mundo-han-sufrido-mutilacion-genital\/","name":"M\u00e1s de 200 millones de ni\u00f1as en el mundo han sufrido mutilaci\u00f3n genital - Entreculturas","isPartOf":{"@id":"https:\/\/www.entreculturas.org\/ca\/#website"},"primaryImageOfPage":{"@id":"https:\/\/www.entreculturas.org\/ca\/la-luz-de-las-ninas\/noticia\/mas-de-200-millones-de-ninas-en-el-mundo-han-sufrido-mutilacion-genital\/#primaryimage"},"image":{"@id":"https:\/\/www.entreculturas.org\/ca\/la-luz-de-las-ninas\/noticia\/mas-de-200-millones-de-ninas-en-el-mundo-han-sufrido-mutilacion-genital\/#primaryimage"},"thumbnailUrl":"https:\/\/www.entreculturas.org\/wp-content\/uploads\/2018\/09\/noticia-sifa-min.jpg","datePublished":"2018-12-20T19:50:56+00:00","dateModified":"2024-09-19T16:24:38+00:00","breadcrumb":{"@id":"https:\/\/www.entreculturas.org\/ca\/la-luz-de-las-ninas\/noticia\/mas-de-200-millones-de-ninas-en-el-mundo-han-sufrido-mutilacion-genital\/#breadcrumb"},"inLanguage":"ca","potentialAction":[{"@type":"ReadAction","target":["https:\/\/www.entreculturas.org\/ca\/la-luz-de-las-ninas\/noticia\/mas-de-200-millones-de-ninas-en-el-mundo-han-sufrido-mutilacion-genital\/"]}]},{"@type":"ImageObject","inLanguage":"ca","@id":"https:\/\/www.entreculturas.org\/ca\/la-luz-de-las-ninas\/noticia\/mas-de-200-millones-de-ninas-en-el-mundo-han-sufrido-mutilacion-genital\/#primaryimage","url":"https:\/\/www.entreculturas.org\/wp-content\/uploads\/2018\/09\/noticia-sifa-min.jpg","contentUrl":"https:\/\/www.entreculturas.org\/wp-content\/uploads\/2018\/09\/noticia-sifa-min.jpg","width":676,"height":343},{"@type":"BreadcrumbList","@id":"https:\/\/www.entreculturas.org\/ca\/la-luz-de-las-ninas\/noticia\/mas-de-200-millones-de-ninas-en-el-mundo-han-sufrido-mutilacion-genital\/#breadcrumb","itemListElement":[{"@type":"ListItem","position":1,"name":"Home","item":"https:\/\/www.entreculturas.org\/ca\/"},{"@type":"ListItem","position":2,"name":"Noticias LLDLN","item":"https:\/\/www.entreculturas.org\/ca\/noticias-la-luz-de-las-ninas\/"},{"@type":"ListItem","position":3,"name":"M\u00e1s de 200 millones de ni\u00f1as en el mundo han sufrido mutilaci\u00f3n genital"}]},{"@type":"WebSite","@id":"https:\/\/www.entreculturas.org\/ca\/#website","url":"https:\/\/www.entreculturas.org\/ca\/","name":"Entreculturas","description":"","publisher":{"@id":"https:\/\/www.entreculturas.org\/ca\/#organization"},"alternateName":"Entreculturas","potentialAction":[{"@type":"SearchAction","target":{"@type":"EntryPoint","urlTemplate":"https:\/\/www.entreculturas.org\/ca\/?s={search_term_string}"},"query-input":{"@type":"PropertyValueSpecification","valueRequired":true,"valueName":"search_term_string"}}],"inLanguage":"ca"},{"@type":"Organization","@id":"https:\/\/www.entreculturas.org\/ca\/#organization","name":"Entreculturas","url":"https:\/\/www.entreculturas.org\/ca\/","logo":{"@type":"ImageObject","inLanguage":"ca","@id":"https:\/\/www.entreculturas.org\/ca\/#\/schema\/logo\/image\/","url":"https:\/\/www.entreculturas.org\/wp-content\/uploads\/2025\/10\/ESP.svg","contentUrl":"https:\/\/www.entreculturas.org\/wp-content\/uploads\/2025\/10\/ESP.svg","caption":"Entreculturas"},"image":{"@id":"https:\/\/www.entreculturas.org\/ca\/#\/schema\/logo\/image\/"},"sameAs":["https:\/\/www.facebook.com\/entreculturas","https:\/\/x.com\/Entreculturas","https:\/\/www.instagram.com\/entreculturas\/","https:\/\/www.youtube.com\/user\/entreculturasvideo","https:\/\/www.linkedin.com\/company\/fundacion-entreculturas-ngdo\/","https:\/\/www.flickr.com\/photos\/98455522@N04\/albums\/"]}]}},"_links":{"self":[{"href":"https:\/\/www.entreculturas.org\/ca\/wp-json\/wp\/v2\/xxx\/433","targetHints":{"allow":["GET"]}}],"collection":[{"href":"https:\/\/www.entreculturas.org\/ca\/wp-json\/wp\/v2\/xxx"}],"about":[{"href":"https:\/\/www.entreculturas.org\/ca\/wp-json\/wp\/v2\/types\/xxx"}],"wp:featuredmedia":[{"embeddable":true,"href":"https:\/\/www.entreculturas.org\/ca\/wp-json\/wp\/v2\/media\/299"}],"wp:attachment":[{"href":"https:\/\/www.entreculturas.org\/ca\/wp-json\/wp\/v2\/media?parent=433"}],"wp:term":[{"taxonomy":"category","embeddable":true,"href":"https:\/\/www.entreculturas.org\/ca\/wp-json\/wp\/v2\/categories?post=433"},{"taxonomy":"post_tag","embeddable":true,"href":"https:\/\/www.entreculturas.org\/ca\/wp-json\/wp\/v2\/tags?post=433"}],"curies":[{"name":"wp","href":"https:\/\/api.w.org\/{rel}","templated":true}]}}