{"id":38436,"date":"2025-03-28T13:37:44","date_gmt":"2025-03-28T12:37:44","guid":{"rendered":"https:\/\/www.entreculturas.org\/la-luz-de-las-ninas\/noticia\/\/"},"modified":"2025-05-29T10:18:19","modified_gmt":"2025-05-29T08:18:19","slug":"reflexiones-e-impacto-de-la-luz-de-las-ninas-en-la-onu","status":"publish","type":"xxx","link":"https:\/\/www.entreculturas.org\/ca\/la-luz-de-las-ninas\/noticia\/reflexiones-e-impacto-de-la-luz-de-las-ninas-en-la-onu\/","title":{"rendered":"Reflexiones e impacto de La LUZ de las NI\u00d1AS en la ONU"},"content":{"rendered":"\n<p>El pasado 26 de marzo, celebramos el evento online \u201cLa LUZ de las NI\u00d1AS en la ONU: Reflexiones e impacto&#8221;, un espacio de intercambio y reflexi\u00f3n en el que las ni\u00f1as y j\u00f3venes que participaron en la reuni\u00f3n con la Oficina del Alto Comisionado de Naciones Unidas por los Derechos Humanos compartieron sus experiencias y aprendizajes. Este evento ha permitido profundizar en los ecos de esta importante iniciativa y debatir sobre los pr\u00f3ximos pasos para seguir amplificando las voces de las ni\u00f1as, junto al Servicio Jesuita a Refugiados (JRS) y Fe y Alegr\u00eda.&nbsp; <\/p>\n\n\n\n<p>El webinar comenz\u00f3 con una introducci\u00f3n de Laura Lora, responsable de Comunicaci\u00f3n de la campa\u00f1a La LUZ de las NI\u00d1AS, quien destac\u00f3 el prop\u00f3sito fundamental del encuentro: \u201cdar visibilidad a las experiencias, desaf\u00edos y sue\u00f1os de las ni\u00f1as en distintas partes del mundo. Este encuentro es una oportunidad para compartir lo vivido en Ginebra con aquellas ni\u00f1as que no pudieron viajar, pero que han sido parte esencial de este proceso colaborativo\u201d.&nbsp;<\/p>\n\n\n\n<p>En el evento participaron m\u00e1s de 100 personas, incluidas ni\u00f1as de 9 pa\u00edses y representantes de diversas organizaciones, y tambi\u00e9n nos acompa\u00f1aron directores y directoras de nuestras instituciones.<\/p>\n\n\n\n<p>Daniel Villanueva SJ, Coordinador General de la Federaci\u00f3n Fe y Alegr\u00eda Internacional, tambi\u00e9n dirigi\u00f3 unas palabras a las personas asistentes, destacando:<\/p>\n\n\n\n<p>&#8220;Gracias por seguir creyendo en este proceso, por sumar sus manos y corazones, y por dejarse iluminar, como nosotras y nosotros, por la luz de las ni\u00f1as. Que esta sesi\u00f3n nos anime a seguir caminando, escuchando y actuando. Porque su voz no solo merece ser escuchada: merece transformar el mundo.&#8221;<\/p>\n\n\n\n<p><strong>Testimonios de las ni\u00f1as: una voz que trasciende fronteras<\/strong><\/p>\n\n\n\n<p>Uno de los momentos centrales del evento fueron las intervenciones de las ni\u00f1as y j\u00f3venes que formaron parte de la reuni\u00f3n en Ginebra, en las que compartieron sus emociones, aprendizajes y el impacto de su participaci\u00f3n.<\/p>\n\n\n\n<p>Dheysi Gonz\u00e1les Soto, desde Per\u00fa, destac\u00f3 la importancia de haber llevado sus demandas ante la ONU: &#8220;Yo tengo 14 a\u00f1os. Y al pasar en la campa\u00f1a, me di cuenta que mi generaci\u00f3n est\u00e1 en riesgo de repetir la misma historia. Necesitamos crear espacios donde podamos expresar nuestras opiniones y participar en la creaci\u00f3n de leyes que puedan impactar en nuestro futuro asegur\u00e1ndonos de que nuestras perspectivas de ni\u00f1as sean valoradas por los adultos\u201d.<\/p>\n\n\n\n<p>Naty Coronado, participante de la Red Generaci\u00f3n 21 desde Espa\u00f1a, resalt\u00f3 el momento m\u00e1s significativo de la reuni\u00f3n: &#8220;Fue un ambiente s\u00faper c\u00f3modo donde ten\u00edamos total seguridad para hablar y para expresarnos; fue muy acogedor y estuvo genial.&#8221;<\/p>\n\n\n\n<p>Namaku Sandra, de Sud\u00e1n del Sur, reflexion\u00f3 sobre el mensaje recibido por parte del Alto Comisionado:&#8221; Recuerdo durante la reuni\u00f3n que nos dieron todo el tiempo que necesit\u00e1bamos para expresarnos y el mensaje que nos dieron es que todo lo que dijimos iban a tomarlo en cuenta, que esa informaci\u00f3n iba a llegar alto y que \u00edbamos a tener una respuesta&#8221;.<\/p>\n\n\n\n<p>Maimouna Konate, Responsable de proyectos de JRS en Lago Chad, habl\u00f3 de las dificultades que las ni\u00f1as enfrentan en su contexto: &#8220;En la regi\u00f3n del Lago Chad, enfrentamos graves problem\u00e1ticas relacionadas con el desplazamiento forzado, lo que expone a la poblaci\u00f3n a constantes riesgos. Las mujeres y ni\u00f1as son particularmente vulnerables, sufriendo abusos a sus derechos humanos, como la mutilaci\u00f3n genital, los matrimonios infantiles y la violencia sexual.&#8221;<\/p>\n\n\n\n<p>Josefina T\u00edu Pu, joven ind\u00edgena de Guatemala, comparti\u00f3 su emoci\u00f3n al entregar las 83.160 firmas en representaci\u00f3n de miles de ni\u00f1as alrededor del mundo: &#8220;Lo que sent\u00ed al entregar las firmas fue felicidad, no lo voy a negar, fue felicidad porque esas firmas representan la voz de miles de ni\u00f1as.&#8221; Por su parte, Sof\u00eda Guti\u00e9rrez, Responsable de Acci\u00f3n P\u00fablica de Fe y Alegr\u00eda Guatemala resalt\u00f3 la importancia de seguir manteniendo espacios de intercambio:&nbsp; \u201cEstos son espacios que hay que seguir fortaleciendo que hay que seguir buscando, pero especialmente donde las ni\u00f1as puedan defender sus propios derechos y que nosotros y nosotras podamos seguir acompa\u00f1\u00e1ndolas.\u201d<\/p>\n\n\n\n<p>Elvia Lavado, docente y acompa\u00f1ante de Per\u00fa, habl\u00f3 sobre el impacto que tuvo la reuni\u00f3n en sus comunidades y el eco que ha generado: &#8220;Nos ha llevado a ver que la campa\u00f1a est\u00e1 teniendo trascendencia y tambi\u00e9n nos ha ayudado a visibilizar que nuestras ni\u00f1as tienen esa capacidad de poder transformar de poder cambiar desde sus propias vidas las vidas de otras ni\u00f1as.&#8221;<\/p>\n\n\n\n<figure class=\"wp-block-embed is-type-video is-provider-youtube wp-block-embed-youtube wp-embed-aspect-16-9 wp-has-aspect-ratio\"><div class=\"wp-block-embed__wrapper\">\n<iframe loading=\"lazy\" title=\"La LUZ de las NI\u00d1AS se re\u00fane con el Alto Comisionado por los Derechos Humanos de las ONU\" width=\"500\" height=\"281\" src=\"https:\/\/www.youtube.com\/embed\/MzYt4sMa0U0?start=2&#038;feature=oembed\" frameborder=\"0\" allow=\"accelerometer; autoplay; clipboard-write; encrypted-media; gyroscope; picture-in-picture; web-share\" referrerpolicy=\"strict-origin-when-cross-origin\" allowfullscreen><\/iframe>\n<\/div><\/figure>\n\n\n\n<p><strong>Voces desde la distancia<\/strong><\/p>\n\n\n\n<p>Ni\u00f1as y j\u00f3venes que formaron parte de todo el proceso desde sus pa\u00edses -aunque no viajaron a Ginebra- compartieron tambi\u00e9n su experiencia. &#8220;Aprend\u00ed muchas cosas que me hicieron sentir bienvenida, que me hicieron sentir c\u00f3moda\u201d, afirm\u00f3 Alejandra, ni\u00f1a participante desde El Salvador, \u201cme ense\u00f1\u00f3 sobre mis derechos, me ense\u00f1\u00f3 que como ni\u00f1a tengo valor y que tengo derechos que deben de ser cumplidos.&#8221;<\/p>\n\n\n\n<p>En este bloque, Miriam Sandoval, Coordinadora de la Iniciativa de G\u00e9nero de la Federaci\u00f3n Internacional Fe y Alegr\u00eda, enfatiz\u00f3 la importancia de mantener estos espacios de participaci\u00f3n activa:<\/p>\n\n\n\n<p>\u201cLa LUZ de las NI\u00d1AS es un espacio fundamental para los pa\u00edses y centros educativos que hemos trabajado con esfuerzo y compromiso para fomentar la participaci\u00f3n de las ni\u00f1as. A trav\u00e9s de este espacio de trabajo en red, ellas se fortalecen y encuentran la oportunidad de visibilizar la violencia que enfrentan en sus contextos, llevando su voz a escenarios internacionales y de incidencia p\u00fablica. Es un lugar donde las ni\u00f1as no solo comparten las realidades que viven, sino tambi\u00e9n sus sue\u00f1os y esperanzas.\u201d<\/p>\n\n\n\n<p><strong>Reflexiones y compromisos para el futuro<\/strong><\/p>\n\n\n\n<p>En la sesi\u00f3n de reflexi\u00f3n colectiva, ni\u00f1as, educadores y educadoras, responsables de proyectos y directores de las organizaciones implicadas compartieron ideas sobre c\u00f3mo seguir amplificando sus voces y qu\u00e9 acciones impulsar tras esta reuni\u00f3n.<\/p>\n\n\n\n<p>\u201cLas personas que fuimos a Ginebra no sent\u00edamos en ning\u00fan momento que \u00edbamos a t\u00edtulo individual por supuesto, sino que llevamos la voz y representamos ese trabajo de miles de ni\u00f1as y j\u00f3venes de referentes que est\u00e1is d\u00eda a d\u00eda llevando a cabo, el programa y la campa\u00f1a\u201d, explic\u00f3 Raquel Mart\u00edn, Directora de Comunicaci\u00f3n y RRII de Entreculturas.&nbsp;<\/p>\n\n\n\n<p>El evento finaliz\u00f3 con un resumen de las ideas clave y una invitaci\u00f3n a continuar trabajando de cara al pr\u00f3ximo 11 de octubre, D\u00eda Internacional de la Ni\u00f1a. Cada ni\u00f1a participante comparti\u00f3 un mensaje de esperanza y compromiso, reforzando el impacto de esta iniciativa y la necesidad de seguir luchando por un mundo donde todas las ni\u00f1as puedan vivir libres de violencia.<\/p>\n\n\n\n<p>Camila Fernanda, ni\u00f1a de Nicaragua, concluy\u00f3 con unas palabras inspiradoras que reflejan el esp\u00edritu del encuentro:<\/p>\n\n\n\n<p>&#8220;La LUZ de las NI\u00d1A ha transformado totalmente mi vida. Ser parte de esta iniciativa me ha permitido conocer que todas somos ni\u00f1as valiosas, con dignidad y derechos.&#8221;<\/p>\n\n\n\n<p>Con este evento, desde La LUZ de las NI\u00d1AS reafirmamos nuestro compromiso con la defensa de los derechos de las ni\u00f1as y la importancia de generar espacios donde sus voces sean escuchadas y tomadas en cuenta.<\/p>\n","protected":false},"excerpt":{"rendered":"<p>El pasado 26 de marzo, celebramos el evento online \u201cLa LUZ de las NI\u00d1AS en la ONU: Reflexiones e impacto&#8221;, un espacio de intercambio y reflexi\u00f3n en el que las ni\u00f1as y j\u00f3venes que participaron en la reuni\u00f3n con la Oficina del Alto Comisionado de Naciones Unidas por los Derechos Humanos compartieron sus experiencias y aprendizajes. Este evento ha permitido profundizar en los ecos de esta importante iniciativa y debatir sobre los pr\u00f3ximos pasos para seguir amplificando las voces de las ni\u00f1as, junto al Servicio Jesuita a Refugiados (JRS) y Fe y Alegr\u00eda.&nbsp; El webinar comenz\u00f3 con una introducci\u00f3n de Laura Lora, responsable de Comunicaci\u00f3n de la campa\u00f1a La LUZ de las NI\u00d1AS, quien destac\u00f3 el prop\u00f3sito fundamental del encuentro: \u201cdar visibilidad a las experiencias, desaf\u00edos y sue\u00f1os de las ni\u00f1as en distintas partes del mundo. Este encuentro es una oportunidad para compartir lo vivido en Ginebra con aquellas ni\u00f1as [&hellip;]<\/p>\n","protected":false},"featured_media":38439,"template":"wp-custom-template-noticias-la-luz-de-las-ninas-2","meta":{"_acf_changed":false},"categories":[7],"tags":[579],"class_list":["post-38436","xxx","type-xxx","status-publish","has-post-thumbnail","hentry","category-noticia","tag-noticias-la-luz-de-las-ninas"],"acf":[],"yoast_head":"<!-- This site is optimized with the Yoast SEO Premium plugin v21.6 (Yoast SEO v27.5) - https:\/\/yoast.com\/product\/yoast-seo-premium-wordpress\/ -->\n<title>Reflexiones e impacto de La LUZ de las NI\u00d1AS en la ONU - Entreculturas<\/title>\n<meta name=\"description\" content=\"Reflexiones e impacto de La LUZ de las NI\u00d1AS en la ONU\" \/>\n<meta name=\"robots\" content=\"index, follow, max-snippet:-1, max-image-preview:large, max-video-preview:-1\" \/>\n<link rel=\"canonical\" href=\"https:\/\/www.entreculturas.org\/ca\/la-luz-de-las-ninas\/noticia\/reflexiones-e-impacto-de-la-luz-de-las-ninas-en-la-onu\/\" \/>\n<meta property=\"og:locale\" content=\"ca_ES\" \/>\n<meta property=\"og:type\" content=\"article\" \/>\n<meta property=\"og:title\" content=\"Reflexiones e impacto de La LUZ de las NI\u00d1AS en la ONU\" \/>\n<meta property=\"og:description\" content=\"Reflexiones e impacto de La LUZ de las NI\u00d1AS en la ONU\" \/>\n<meta property=\"og:url\" content=\"https:\/\/www.entreculturas.org\/ca\/la-luz-de-las-ninas\/noticia\/reflexiones-e-impacto-de-la-luz-de-las-ninas-en-la-onu\/\" \/>\n<meta property=\"og:site_name\" content=\"Entreculturas\" \/>\n<meta property=\"article:publisher\" content=\"https:\/\/www.facebook.com\/entreculturas\" \/>\n<meta property=\"article:modified_time\" content=\"2025-05-29T08:18:19+00:00\" \/>\n<meta property=\"og:image\" content=\"https:\/\/www.entreculturas.org\/wp-content\/uploads\/2025\/03\/LdN-online.jpg\" \/>\n\t<meta property=\"og:image:width\" content=\"1662\" \/>\n\t<meta property=\"og:image:height\" content=\"944\" \/>\n\t<meta property=\"og:image:type\" content=\"image\/jpeg\" \/>\n<meta name=\"twitter:card\" content=\"summary_large_image\" \/>\n<meta name=\"twitter:site\" content=\"@Entreculturas\" \/>\n<script type=\"application\/ld+json\" class=\"yoast-schema-graph\">{\"@context\":\"https:\\\/\\\/schema.org\",\"@graph\":[{\"@type\":\"WebPage\",\"@id\":\"https:\\\/\\\/www.entreculturas.org\\\/ca\\\/la-luz-de-las-ninas\\\/noticia\\\/reflexiones-e-impacto-de-la-luz-de-las-ninas-en-la-onu\\\/\",\"url\":\"https:\\\/\\\/www.entreculturas.org\\\/ca\\\/la-luz-de-las-ninas\\\/noticia\\\/reflexiones-e-impacto-de-la-luz-de-las-ninas-en-la-onu\\\/\",\"name\":\"Reflexiones e impacto de La LUZ de las NI\u00d1AS en la ONU - Entreculturas\",\"isPartOf\":{\"@id\":\"https:\\\/\\\/www.entreculturas.org\\\/ca\\\/#website\"},\"primaryImageOfPage\":{\"@id\":\"https:\\\/\\\/www.entreculturas.org\\\/ca\\\/la-luz-de-las-ninas\\\/noticia\\\/reflexiones-e-impacto-de-la-luz-de-las-ninas-en-la-onu\\\/#primaryimage\"},\"image\":{\"@id\":\"https:\\\/\\\/www.entreculturas.org\\\/ca\\\/la-luz-de-las-ninas\\\/noticia\\\/reflexiones-e-impacto-de-la-luz-de-las-ninas-en-la-onu\\\/#primaryimage\"},\"thumbnailUrl\":\"https:\\\/\\\/www.entreculturas.org\\\/wp-content\\\/uploads\\\/2025\\\/03\\\/LdN-online.jpg\",\"datePublished\":\"2025-03-28T12:37:44+00:00\",\"dateModified\":\"2025-05-29T08:18:19+00:00\",\"description\":\"Reflexiones e impacto de La LUZ de las NI\u00d1AS en la ONU\",\"breadcrumb\":{\"@id\":\"https:\\\/\\\/www.entreculturas.org\\\/ca\\\/la-luz-de-las-ninas\\\/noticia\\\/reflexiones-e-impacto-de-la-luz-de-las-ninas-en-la-onu\\\/#breadcrumb\"},\"inLanguage\":\"ca\",\"potentialAction\":[{\"@type\":\"ReadAction\",\"target\":[\"https:\\\/\\\/www.entreculturas.org\\\/ca\\\/la-luz-de-las-ninas\\\/noticia\\\/reflexiones-e-impacto-de-la-luz-de-las-ninas-en-la-onu\\\/\"]}]},{\"@type\":\"ImageObject\",\"inLanguage\":\"ca\",\"@id\":\"https:\\\/\\\/www.entreculturas.org\\\/ca\\\/la-luz-de-las-ninas\\\/noticia\\\/reflexiones-e-impacto-de-la-luz-de-las-ninas-en-la-onu\\\/#primaryimage\",\"url\":\"https:\\\/\\\/www.entreculturas.org\\\/wp-content\\\/uploads\\\/2025\\\/03\\\/LdN-online.jpg\",\"contentUrl\":\"https:\\\/\\\/www.entreculturas.org\\\/wp-content\\\/uploads\\\/2025\\\/03\\\/LdN-online.jpg\",\"width\":1662,\"height\":944},{\"@type\":\"BreadcrumbList\",\"@id\":\"https:\\\/\\\/www.entreculturas.org\\\/ca\\\/la-luz-de-las-ninas\\\/noticia\\\/reflexiones-e-impacto-de-la-luz-de-las-ninas-en-la-onu\\\/#breadcrumb\",\"itemListElement\":[{\"@type\":\"ListItem\",\"position\":1,\"name\":\"Home\",\"item\":\"https:\\\/\\\/www.entreculturas.org\\\/ca\\\/\"},{\"@type\":\"ListItem\",\"position\":2,\"name\":\"Noticias LLDLN\",\"item\":\"https:\\\/\\\/www.entreculturas.org\\\/ca\\\/noticias-la-luz-de-las-ninas\\\/\"},{\"@type\":\"ListItem\",\"position\":3,\"name\":\"Reflexiones e impacto de La LUZ de las NI\u00d1AS en la ONU\"}]},{\"@type\":\"WebSite\",\"@id\":\"https:\\\/\\\/www.entreculturas.org\\\/ca\\\/#website\",\"url\":\"https:\\\/\\\/www.entreculturas.org\\\/ca\\\/\",\"name\":\"Entreculturas\",\"description\":\"\",\"publisher\":{\"@id\":\"https:\\\/\\\/www.entreculturas.org\\\/ca\\\/#organization\"},\"alternateName\":\"Entreculturas\",\"potentialAction\":[{\"@type\":\"SearchAction\",\"target\":{\"@type\":\"EntryPoint\",\"urlTemplate\":\"https:\\\/\\\/www.entreculturas.org\\\/ca\\\/?s={search_term_string}\"},\"query-input\":{\"@type\":\"PropertyValueSpecification\",\"valueRequired\":true,\"valueName\":\"search_term_string\"}}],\"inLanguage\":\"ca\"},{\"@type\":\"Organization\",\"@id\":\"https:\\\/\\\/www.entreculturas.org\\\/ca\\\/#organization\",\"name\":\"Entreculturas\",\"url\":\"https:\\\/\\\/www.entreculturas.org\\\/ca\\\/\",\"logo\":{\"@type\":\"ImageObject\",\"inLanguage\":\"ca\",\"@id\":\"https:\\\/\\\/www.entreculturas.org\\\/ca\\\/#\\\/schema\\\/logo\\\/image\\\/\",\"url\":\"https:\\\/\\\/www.entreculturas.org\\\/wp-content\\\/uploads\\\/2025\\\/10\\\/ESP.svg\",\"contentUrl\":\"https:\\\/\\\/www.entreculturas.org\\\/wp-content\\\/uploads\\\/2025\\\/10\\\/ESP.svg\",\"caption\":\"Entreculturas\"},\"image\":{\"@id\":\"https:\\\/\\\/www.entreculturas.org\\\/ca\\\/#\\\/schema\\\/logo\\\/image\\\/\"},\"sameAs\":[\"https:\\\/\\\/www.facebook.com\\\/entreculturas\",\"https:\\\/\\\/x.com\\\/Entreculturas\",\"https:\\\/\\\/www.instagram.com\\\/entreculturas\\\/\",\"https:\\\/\\\/www.youtube.com\\\/user\\\/entreculturasvideo\",\"https:\\\/\\\/www.linkedin.com\\\/company\\\/fundacion-entreculturas-ngdo\\\/\",\"https:\\\/\\\/www.flickr.com\\\/photos\\\/98455522@N04\\\/albums\\\/\"]}]}<\/script>\n<!-- \/ Yoast SEO Premium plugin. -->","yoast_head_json":{"title":"Reflexiones e impacto de La LUZ de las NI\u00d1AS en la ONU - Entreculturas","description":"Reflexiones e impacto de La LUZ de las NI\u00d1AS en la ONU","robots":{"index":"index","follow":"follow","max-snippet":"max-snippet:-1","max-image-preview":"max-image-preview:large","max-video-preview":"max-video-preview:-1"},"canonical":"https:\/\/www.entreculturas.org\/ca\/la-luz-de-las-ninas\/noticia\/reflexiones-e-impacto-de-la-luz-de-las-ninas-en-la-onu\/","og_locale":"ca_ES","og_type":"article","og_title":"Reflexiones e impacto de La LUZ de las NI\u00d1AS en la ONU","og_description":"Reflexiones e impacto de La LUZ de las NI\u00d1AS en la ONU","og_url":"https:\/\/www.entreculturas.org\/ca\/la-luz-de-las-ninas\/noticia\/reflexiones-e-impacto-de-la-luz-de-las-ninas-en-la-onu\/","og_site_name":"Entreculturas","article_publisher":"https:\/\/www.facebook.com\/entreculturas","article_modified_time":"2025-05-29T08:18:19+00:00","og_image":[{"width":1662,"height":944,"url":"https:\/\/www.entreculturas.org\/wp-content\/uploads\/2025\/03\/LdN-online.jpg","type":"image\/jpeg"}],"twitter_card":"summary_large_image","twitter_site":"@Entreculturas","schema":{"@context":"https:\/\/schema.org","@graph":[{"@type":"WebPage","@id":"https:\/\/www.entreculturas.org\/ca\/la-luz-de-las-ninas\/noticia\/reflexiones-e-impacto-de-la-luz-de-las-ninas-en-la-onu\/","url":"https:\/\/www.entreculturas.org\/ca\/la-luz-de-las-ninas\/noticia\/reflexiones-e-impacto-de-la-luz-de-las-ninas-en-la-onu\/","name":"Reflexiones e impacto de La LUZ de las NI\u00d1AS en la ONU - Entreculturas","isPartOf":{"@id":"https:\/\/www.entreculturas.org\/ca\/#website"},"primaryImageOfPage":{"@id":"https:\/\/www.entreculturas.org\/ca\/la-luz-de-las-ninas\/noticia\/reflexiones-e-impacto-de-la-luz-de-las-ninas-en-la-onu\/#primaryimage"},"image":{"@id":"https:\/\/www.entreculturas.org\/ca\/la-luz-de-las-ninas\/noticia\/reflexiones-e-impacto-de-la-luz-de-las-ninas-en-la-onu\/#primaryimage"},"thumbnailUrl":"https:\/\/www.entreculturas.org\/wp-content\/uploads\/2025\/03\/LdN-online.jpg","datePublished":"2025-03-28T12:37:44+00:00","dateModified":"2025-05-29T08:18:19+00:00","description":"Reflexiones e impacto de La LUZ de las NI\u00d1AS en la ONU","breadcrumb":{"@id":"https:\/\/www.entreculturas.org\/ca\/la-luz-de-las-ninas\/noticia\/reflexiones-e-impacto-de-la-luz-de-las-ninas-en-la-onu\/#breadcrumb"},"inLanguage":"ca","potentialAction":[{"@type":"ReadAction","target":["https:\/\/www.entreculturas.org\/ca\/la-luz-de-las-ninas\/noticia\/reflexiones-e-impacto-de-la-luz-de-las-ninas-en-la-onu\/"]}]},{"@type":"ImageObject","inLanguage":"ca","@id":"https:\/\/www.entreculturas.org\/ca\/la-luz-de-las-ninas\/noticia\/reflexiones-e-impacto-de-la-luz-de-las-ninas-en-la-onu\/#primaryimage","url":"https:\/\/www.entreculturas.org\/wp-content\/uploads\/2025\/03\/LdN-online.jpg","contentUrl":"https:\/\/www.entreculturas.org\/wp-content\/uploads\/2025\/03\/LdN-online.jpg","width":1662,"height":944},{"@type":"BreadcrumbList","@id":"https:\/\/www.entreculturas.org\/ca\/la-luz-de-las-ninas\/noticia\/reflexiones-e-impacto-de-la-luz-de-las-ninas-en-la-onu\/#breadcrumb","itemListElement":[{"@type":"ListItem","position":1,"name":"Home","item":"https:\/\/www.entreculturas.org\/ca\/"},{"@type":"ListItem","position":2,"name":"Noticias LLDLN","item":"https:\/\/www.entreculturas.org\/ca\/noticias-la-luz-de-las-ninas\/"},{"@type":"ListItem","position":3,"name":"Reflexiones e impacto de La LUZ de las NI\u00d1AS en la ONU"}]},{"@type":"WebSite","@id":"https:\/\/www.entreculturas.org\/ca\/#website","url":"https:\/\/www.entreculturas.org\/ca\/","name":"Entreculturas","description":"","publisher":{"@id":"https:\/\/www.entreculturas.org\/ca\/#organization"},"alternateName":"Entreculturas","potentialAction":[{"@type":"SearchAction","target":{"@type":"EntryPoint","urlTemplate":"https:\/\/www.entreculturas.org\/ca\/?s={search_term_string}"},"query-input":{"@type":"PropertyValueSpecification","valueRequired":true,"valueName":"search_term_string"}}],"inLanguage":"ca"},{"@type":"Organization","@id":"https:\/\/www.entreculturas.org\/ca\/#organization","name":"Entreculturas","url":"https:\/\/www.entreculturas.org\/ca\/","logo":{"@type":"ImageObject","inLanguage":"ca","@id":"https:\/\/www.entreculturas.org\/ca\/#\/schema\/logo\/image\/","url":"https:\/\/www.entreculturas.org\/wp-content\/uploads\/2025\/10\/ESP.svg","contentUrl":"https:\/\/www.entreculturas.org\/wp-content\/uploads\/2025\/10\/ESP.svg","caption":"Entreculturas"},"image":{"@id":"https:\/\/www.entreculturas.org\/ca\/#\/schema\/logo\/image\/"},"sameAs":["https:\/\/www.facebook.com\/entreculturas","https:\/\/x.com\/Entreculturas","https:\/\/www.instagram.com\/entreculturas\/","https:\/\/www.youtube.com\/user\/entreculturasvideo","https:\/\/www.linkedin.com\/company\/fundacion-entreculturas-ngdo\/","https:\/\/www.flickr.com\/photos\/98455522@N04\/albums\/"]}]}},"_links":{"self":[{"href":"https:\/\/www.entreculturas.org\/ca\/wp-json\/wp\/v2\/xxx\/38436","targetHints":{"allow":["GET"]}}],"collection":[{"href":"https:\/\/www.entreculturas.org\/ca\/wp-json\/wp\/v2\/xxx"}],"about":[{"href":"https:\/\/www.entreculturas.org\/ca\/wp-json\/wp\/v2\/types\/xxx"}],"wp:featuredmedia":[{"embeddable":true,"href":"https:\/\/www.entreculturas.org\/ca\/wp-json\/wp\/v2\/media\/38439"}],"wp:attachment":[{"href":"https:\/\/www.entreculturas.org\/ca\/wp-json\/wp\/v2\/media?parent=38436"}],"wp:term":[{"taxonomy":"category","embeddable":true,"href":"https:\/\/www.entreculturas.org\/ca\/wp-json\/wp\/v2\/categories?post=38436"},{"taxonomy":"post_tag","embeddable":true,"href":"https:\/\/www.entreculturas.org\/ca\/wp-json\/wp\/v2\/tags?post=38436"}],"curies":[{"name":"wp","href":"https:\/\/api.w.org\/{rel}","templated":true}]}}