{"id":34062,"date":"2025-01-10T13:17:58","date_gmt":"2025-01-10T12:17:58","guid":{"rendered":"https:\/\/www.entreculturas.org\/la-luz-de-las-ninas\/noticia\/\/"},"modified":"2026-02-17T11:05:54","modified_gmt":"2026-02-17T10:05:54","slug":"ninas-participantes-de-la-luz-de-las-ninas-presentaran-sus-demandas-ante-el-alto-comisionado-de-la-onu","status":"publish","type":"xxx","link":"https:\/\/www.entreculturas.org\/ca\/la-luz-de-las-ninas\/noticia\/ninas-participantes-de-la-luz-de-las-ninas-presentaran-sus-demandas-ante-el-alto-comisionado-de-la-onu\/","title":{"rendered":"Ni\u00f1as participantes de La LUZ de las NI\u00d1AS presentar\u00e1n sus demandas ante el Alto Comisionado de la ONU"},"content":{"rendered":"\n<p>Ni\u00f1as representantes de la campa\u00f1a<strong> La LUZ de las NI\u00d1AS<\/strong>, llegadas desde diferentes pa\u00edses, alzar\u00e1n sus voces ante la<strong> <\/strong>Oficina del<strong> Alto Comisionado de Naciones Unidas para los Derechos Humanos<\/strong>.&nbsp;<\/p>\n\n\n\n<p>Entreculturas, a trav\u00e9s de la campa\u00f1a global La LUZ de las NI\u00d1AS, ha sido invitada a participar en una de las tres reuniones anuales del <strong>Grupo de Trabajo sobre la discriminaci\u00f3n de las mujeres y las ni\u00f1as<\/strong> de la Oficina del Alto Comisionado, el pr\u00f3ximo mes de enero de 2025 en Ginebra. El Grupo del Alto Comisionado est\u00e1 compuesto por <strong>cinco mujeres, expertas en derechos humanos <\/strong>y representantes de diferentes regiones, que trabajan por el cumplimiento de este mandato para eliminaci\u00f3n de la discriminaci\u00f3n hacia mujeres y ni\u00f1as en el mundo.<\/p>\n\n\n\n<p>Este grupo de expertas ha podido conocer el trabajo que desde Entreculturas llevamos a cabo a trav\u00e9s de<strong> La LUZ de las NI\u00d1AS, <\/strong>junto a Fe y Alegr\u00eda y JRS<strong>, <\/strong>&nbsp;y han querido invitar a <strong>las ni\u00f1as a que participen en esta reuni\u00f3n<\/strong>, en la que podr\u00e1n compartir su visi\u00f3n sobre la realidad de violencias que las ni\u00f1as experimentan en sus diferentes contextos y <strong>elevar as\u00ed sus peticiones al Alto Comisionado<\/strong>.<\/p>\n\n\n\n<p>La reuni\u00f3n, que tendr\u00e1 lugar el 16 de enero, ser\u00e1 una oportunidad hist\u00f3rica para que las <strong>ni\u00f1as de  \u00c1frica, Latinoam\u00e9rica y Europa<\/strong> se encuentren en un escenario global para reclamar algo tan fundamental como su derecho a vivir sin violencia.<\/p>\n\n\n\n<h2 class=\"wp-block-heading\" id=\"h-un-largo-camino-hacia-ginebra\"><strong>Un largo camino hacia Ginebra<\/strong><\/h2>\n\n\n\n<p>Durante el viaje, estas cuatro ni\u00f1as no estar\u00e1n solas, ya que <strong>representar\u00e1n las voces y las historias de miles de otras ni\u00f1as<\/strong> y adolescentes que han participado en <strong>La LUZ de las NI\u00d1AS<\/strong> desde el a\u00f1o 2012.&nbsp;<\/p>\n\n\n\n<p>Lo que ocurrir\u00e1 en enero no es solo una reuni\u00f3n; es la culminaci\u00f3n de un <strong>largo proceso de trabajo<\/strong> que comenz\u00f3 en junio de 2022. Durante meses, <strong>m\u00e1s de 100 ni\u00f1as de 10 pa\u00edses de \u00c1frica, Am\u00e9rica Latina y Europa<\/strong> han participado en talleres locales y varios talleres globales online, donde han compartido sus vivencias y trabajado juntas, acompa\u00f1adas por los equipos de<strong> <\/strong>La LUZ de las NI\u00d1AS en los distintos pa\u00edses, para proponer soluciones a los problemas y las violencias que enfrentan: el <strong>matrimonio infantil, precoz y forzoso, la violencia en sus hogares, el abuso y la explotaci\u00f3n, la violencia sexual o la mutilaci\u00f3n genital femenina.<\/strong><\/p>\n\n\n\n<p>A trav\u00e9s de este esfuerzo colectivo, sus experiencias como ni\u00f1as en sus diferentes contextos se han transformado en <strong>propuestas y peticiones concretas <\/strong>que presentar\u00e1n en Ginebra ante el Alto Comisionado para los Derechos Humanos, con el objetivo de construir <strong>un futuro mejor para todas las ni\u00f1as.<\/strong><\/p>\n\n\n\n<h2 class=\"wp-block-heading\" id=\"h-lo-que-pedimos-junto-a-las-ninas\"><strong>Lo que pedimos junto a las ni\u00f1as<\/strong><\/h2>\n\n\n\n<p>Las<strong> demandas <\/strong>que, junto a las ni\u00f1as, llevaremos a Ginebra son<strong> claras y urgentes<\/strong>. Exigimos, en primer lugar, que las <strong>escuelas sean espacios seguros <\/strong>y libres de violencia, donde las ni\u00f1as puedan aprender sin temor. Asimismo, reclamamos la creaci\u00f3n de <strong>mecanismos de denuncia<\/strong> accesibles y confidenciales, para que las ni\u00f1as v\u00edctimas de violencia sean protegidas y escuchadas, y no culpabilizadas. Tambi\u00e9n exigimos la implementaci\u00f3n de<strong> sistemas robustos de protecci\u00f3n<\/strong> que involucren a los sectores de justicia, educaci\u00f3n, salud y servicios sociales, para que las ni\u00f1as tengan acceso a un entorno seguro en todos los niveles.<\/p>\n\n\n\n<p>Adem\u00e1s de llevar estas peticiones, las ni\u00f1as aprovechar\u00e1n este encuentro para <strong>entregar las firmas de las personas<\/strong> que han querido sumar su <a href=\"https:\/\/www.entreculturas.org\/la-luz-de-las-ninas\/como-actuar\/#h-firma-para-acabar-con-la-violencia-hacia-las-ninas\" target=\"_blank\" rel=\"noreferrer noopener\">apoyo a la campa\u00f1a<\/a>, exigiendo una protecci\u00f3n internacional efectiva para que las ni\u00f1as dejen de ser v\u00edctimas de violencia y puedan vivir una<strong> infancia libre de miedos<\/strong>.&nbsp;<\/p>\n","protected":false},"excerpt":{"rendered":"<p>Ni\u00f1as representantes de la campa\u00f1a La LUZ de las NI\u00d1AS, llegadas desde diferentes pa\u00edses, alzar\u00e1n sus voces ante la Oficina del Alto Comisionado de Naciones Unidas para los Derechos Humanos.&nbsp; Entreculturas, a trav\u00e9s de la campa\u00f1a global La LUZ de las NI\u00d1AS, ha sido invitada a participar en una de las tres reuniones anuales del Grupo de Trabajo sobre la discriminaci\u00f3n de las mujeres y las ni\u00f1as de la Oficina del Alto Comisionado, el pr\u00f3ximo mes de enero de 2025 en Ginebra. El Grupo del Alto Comisionado est\u00e1 compuesto por cinco mujeres, expertas en derechos humanos y representantes de diferentes regiones, que trabajan por el cumplimiento de este mandato para eliminaci\u00f3n de la discriminaci\u00f3n hacia mujeres y ni\u00f1as en el mundo. Este grupo de expertas ha podido conocer el trabajo que desde Entreculturas llevamos a cabo a trav\u00e9s de La LUZ de las NI\u00d1AS, junto a Fe y Alegr\u00eda y [&hellip;]<\/p>\n","protected":false},"featured_media":34078,"template":"wp-custom-template-noticias-la-luz-de-las-ninas-2","meta":{"_acf_changed":false},"categories":[7],"tags":[579],"class_list":["post-34062","xxx","type-xxx","status-publish","has-post-thumbnail","hentry","category-noticia","tag-noticias-la-luz-de-las-ninas"],"acf":[],"yoast_head":"<!-- This site is optimized with the Yoast SEO Premium plugin v21.6 (Yoast SEO v27.5) - https:\/\/yoast.com\/product\/yoast-seo-premium-wordpress\/ -->\n<title>Ni\u00f1as participantes de La LUZ de las NI\u00d1AS ante la ONU<\/title>\n<meta name=\"description\" content=\"Cinco ni\u00f1as de La LUZ de las NI\u00d1AS alzar\u00e1n sus voces ante la Oficina del Alto Comisionado de Naciones Unidas para los Derechos Humanos.\u00a0\" \/>\n<meta name=\"robots\" content=\"index, follow, max-snippet:-1, max-image-preview:large, max-video-preview:-1\" \/>\n<link rel=\"canonical\" href=\"https:\/\/www.entreculturas.org\/ca\/la-luz-de-las-ninas\/noticia\/ninas-participantes-de-la-luz-de-las-ninas-presentaran-sus-demandas-ante-el-alto-comisionado-de-la-onu\/\" \/>\n<meta property=\"og:locale\" content=\"ca_ES\" \/>\n<meta property=\"og:type\" content=\"article\" \/>\n<meta property=\"og:title\" content=\"Ni\u00f1as participantes de La LUZ de las NI\u00d1AS presentar\u00e1n sus demandas ante el Alto Comisionado de la ONU\" \/>\n<meta property=\"og:description\" content=\"Cinco ni\u00f1as de La LUZ de las NI\u00d1AS alzar\u00e1n sus voces ante la Oficina del Alto Comisionado de Naciones Unidas para los Derechos Humanos.\u00a0\" \/>\n<meta property=\"og:url\" content=\"https:\/\/www.entreculturas.org\/ca\/la-luz-de-las-ninas\/noticia\/ninas-participantes-de-la-luz-de-las-ninas-presentaran-sus-demandas-ante-el-alto-comisionado-de-la-onu\/\" \/>\n<meta property=\"og:site_name\" content=\"Entreculturas\" \/>\n<meta property=\"article:publisher\" content=\"https:\/\/www.facebook.com\/entreculturas\" \/>\n<meta property=\"article:modified_time\" content=\"2026-02-17T10:05:54+00:00\" \/>\n<meta property=\"og:image\" content=\"https:\/\/www.entreculturas.org\/wp-content\/uploads\/2024\/10\/e318289b-73a0-4a7a-8eed-86fee0c6a3d6-e1728897906798.jpg\" \/>\n\t<meta property=\"og:image:width\" content=\"1440\" \/>\n\t<meta property=\"og:image:height\" content=\"580\" \/>\n\t<meta property=\"og:image:type\" content=\"image\/jpeg\" \/>\n<meta name=\"twitter:card\" content=\"summary_large_image\" \/>\n<meta name=\"twitter:site\" content=\"@Entreculturas\" \/>\n<script type=\"application\/ld+json\" class=\"yoast-schema-graph\">{\"@context\":\"https:\\\/\\\/schema.org\",\"@graph\":[{\"@type\":\"WebPage\",\"@id\":\"https:\\\/\\\/www.entreculturas.org\\\/ca\\\/la-luz-de-las-ninas\\\/noticia\\\/ninas-participantes-de-la-luz-de-las-ninas-presentaran-sus-demandas-ante-el-alto-comisionado-de-la-onu\\\/\",\"url\":\"https:\\\/\\\/www.entreculturas.org\\\/ca\\\/la-luz-de-las-ninas\\\/noticia\\\/ninas-participantes-de-la-luz-de-las-ninas-presentaran-sus-demandas-ante-el-alto-comisionado-de-la-onu\\\/\",\"name\":\"Ni\u00f1as participantes de La LUZ de las NI\u00d1AS ante la ONU\",\"isPartOf\":{\"@id\":\"https:\\\/\\\/www.entreculturas.org\\\/ca\\\/#website\"},\"primaryImageOfPage\":{\"@id\":\"https:\\\/\\\/www.entreculturas.org\\\/ca\\\/la-luz-de-las-ninas\\\/noticia\\\/ninas-participantes-de-la-luz-de-las-ninas-presentaran-sus-demandas-ante-el-alto-comisionado-de-la-onu\\\/#primaryimage\"},\"image\":{\"@id\":\"https:\\\/\\\/www.entreculturas.org\\\/ca\\\/la-luz-de-las-ninas\\\/noticia\\\/ninas-participantes-de-la-luz-de-las-ninas-presentaran-sus-demandas-ante-el-alto-comisionado-de-la-onu\\\/#primaryimage\"},\"thumbnailUrl\":\"https:\\\/\\\/www.entreculturas.org\\\/wp-content\\\/uploads\\\/2024\\\/10\\\/e318289b-73a0-4a7a-8eed-86fee0c6a3d6-e1728897906798.jpg\",\"datePublished\":\"2025-01-10T12:17:58+00:00\",\"dateModified\":\"2026-02-17T10:05:54+00:00\",\"description\":\"Cinco ni\u00f1as de La LUZ de las NI\u00d1AS alzar\u00e1n sus voces ante la Oficina del Alto Comisionado de Naciones Unidas para los Derechos Humanos.\u00a0\",\"breadcrumb\":{\"@id\":\"https:\\\/\\\/www.entreculturas.org\\\/ca\\\/la-luz-de-las-ninas\\\/noticia\\\/ninas-participantes-de-la-luz-de-las-ninas-presentaran-sus-demandas-ante-el-alto-comisionado-de-la-onu\\\/#breadcrumb\"},\"inLanguage\":\"ca\",\"potentialAction\":[{\"@type\":\"ReadAction\",\"target\":[\"https:\\\/\\\/www.entreculturas.org\\\/ca\\\/la-luz-de-las-ninas\\\/noticia\\\/ninas-participantes-de-la-luz-de-las-ninas-presentaran-sus-demandas-ante-el-alto-comisionado-de-la-onu\\\/\"]}]},{\"@type\":\"ImageObject\",\"inLanguage\":\"ca\",\"@id\":\"https:\\\/\\\/www.entreculturas.org\\\/ca\\\/la-luz-de-las-ninas\\\/noticia\\\/ninas-participantes-de-la-luz-de-las-ninas-presentaran-sus-demandas-ante-el-alto-comisionado-de-la-onu\\\/#primaryimage\",\"url\":\"https:\\\/\\\/www.entreculturas.org\\\/wp-content\\\/uploads\\\/2024\\\/10\\\/e318289b-73a0-4a7a-8eed-86fee0c6a3d6-e1728897906798.jpg\",\"contentUrl\":\"https:\\\/\\\/www.entreculturas.org\\\/wp-content\\\/uploads\\\/2024\\\/10\\\/e318289b-73a0-4a7a-8eed-86fee0c6a3d6-e1728897906798.jpg\",\"width\":1440,\"height\":580,\"caption\":\"ni\u00f1as ante el alto comisionado de la onu\"},{\"@type\":\"BreadcrumbList\",\"@id\":\"https:\\\/\\\/www.entreculturas.org\\\/ca\\\/la-luz-de-las-ninas\\\/noticia\\\/ninas-participantes-de-la-luz-de-las-ninas-presentaran-sus-demandas-ante-el-alto-comisionado-de-la-onu\\\/#breadcrumb\",\"itemListElement\":[{\"@type\":\"ListItem\",\"position\":1,\"name\":\"Home\",\"item\":\"https:\\\/\\\/www.entreculturas.org\\\/ca\\\/\"},{\"@type\":\"ListItem\",\"position\":2,\"name\":\"Noticias LLDLN\",\"item\":\"https:\\\/\\\/www.entreculturas.org\\\/ca\\\/noticias-la-luz-de-las-ninas\\\/\"},{\"@type\":\"ListItem\",\"position\":3,\"name\":\"Ni\u00f1as participantes de La LUZ de las NI\u00d1AS presentar\u00e1n sus demandas ante el Alto Comisionado de la ONU\"}]},{\"@type\":\"WebSite\",\"@id\":\"https:\\\/\\\/www.entreculturas.org\\\/ca\\\/#website\",\"url\":\"https:\\\/\\\/www.entreculturas.org\\\/ca\\\/\",\"name\":\"Entreculturas\",\"description\":\"\",\"publisher\":{\"@id\":\"https:\\\/\\\/www.entreculturas.org\\\/ca\\\/#organization\"},\"alternateName\":\"Entreculturas\",\"potentialAction\":[{\"@type\":\"SearchAction\",\"target\":{\"@type\":\"EntryPoint\",\"urlTemplate\":\"https:\\\/\\\/www.entreculturas.org\\\/ca\\\/?s={search_term_string}\"},\"query-input\":{\"@type\":\"PropertyValueSpecification\",\"valueRequired\":true,\"valueName\":\"search_term_string\"}}],\"inLanguage\":\"ca\"},{\"@type\":\"Organization\",\"@id\":\"https:\\\/\\\/www.entreculturas.org\\\/ca\\\/#organization\",\"name\":\"Entreculturas\",\"url\":\"https:\\\/\\\/www.entreculturas.org\\\/ca\\\/\",\"logo\":{\"@type\":\"ImageObject\",\"inLanguage\":\"ca\",\"@id\":\"https:\\\/\\\/www.entreculturas.org\\\/ca\\\/#\\\/schema\\\/logo\\\/image\\\/\",\"url\":\"https:\\\/\\\/www.entreculturas.org\\\/wp-content\\\/uploads\\\/2025\\\/10\\\/ESP.svg\",\"contentUrl\":\"https:\\\/\\\/www.entreculturas.org\\\/wp-content\\\/uploads\\\/2025\\\/10\\\/ESP.svg\",\"caption\":\"Entreculturas\"},\"image\":{\"@id\":\"https:\\\/\\\/www.entreculturas.org\\\/ca\\\/#\\\/schema\\\/logo\\\/image\\\/\"},\"sameAs\":[\"https:\\\/\\\/www.facebook.com\\\/entreculturas\",\"https:\\\/\\\/x.com\\\/Entreculturas\",\"https:\\\/\\\/www.instagram.com\\\/entreculturas\\\/\",\"https:\\\/\\\/www.youtube.com\\\/user\\\/entreculturasvideo\",\"https:\\\/\\\/www.linkedin.com\\\/company\\\/fundacion-entreculturas-ngdo\\\/\",\"https:\\\/\\\/www.flickr.com\\\/photos\\\/98455522@N04\\\/albums\\\/\"]}]}<\/script>\n<!-- \/ Yoast SEO Premium plugin. -->","yoast_head_json":{"title":"Ni\u00f1as participantes de La LUZ de las NI\u00d1AS ante la ONU","description":"Cinco ni\u00f1as de La LUZ de las NI\u00d1AS alzar\u00e1n sus voces ante la Oficina del Alto Comisionado de Naciones Unidas para los Derechos Humanos.\u00a0","robots":{"index":"index","follow":"follow","max-snippet":"max-snippet:-1","max-image-preview":"max-image-preview:large","max-video-preview":"max-video-preview:-1"},"canonical":"https:\/\/www.entreculturas.org\/ca\/la-luz-de-las-ninas\/noticia\/ninas-participantes-de-la-luz-de-las-ninas-presentaran-sus-demandas-ante-el-alto-comisionado-de-la-onu\/","og_locale":"ca_ES","og_type":"article","og_title":"Ni\u00f1as participantes de La LUZ de las NI\u00d1AS presentar\u00e1n sus demandas ante el Alto Comisionado de la ONU","og_description":"Cinco ni\u00f1as de La LUZ de las NI\u00d1AS alzar\u00e1n sus voces ante la Oficina del Alto Comisionado de Naciones Unidas para los Derechos Humanos.\u00a0","og_url":"https:\/\/www.entreculturas.org\/ca\/la-luz-de-las-ninas\/noticia\/ninas-participantes-de-la-luz-de-las-ninas-presentaran-sus-demandas-ante-el-alto-comisionado-de-la-onu\/","og_site_name":"Entreculturas","article_publisher":"https:\/\/www.facebook.com\/entreculturas","article_modified_time":"2026-02-17T10:05:54+00:00","og_image":[{"width":1440,"height":580,"url":"https:\/\/www.entreculturas.org\/wp-content\/uploads\/2024\/10\/e318289b-73a0-4a7a-8eed-86fee0c6a3d6-e1728897906798.jpg","type":"image\/jpeg"}],"twitter_card":"summary_large_image","twitter_site":"@Entreculturas","schema":{"@context":"https:\/\/schema.org","@graph":[{"@type":"WebPage","@id":"https:\/\/www.entreculturas.org\/ca\/la-luz-de-las-ninas\/noticia\/ninas-participantes-de-la-luz-de-las-ninas-presentaran-sus-demandas-ante-el-alto-comisionado-de-la-onu\/","url":"https:\/\/www.entreculturas.org\/ca\/la-luz-de-las-ninas\/noticia\/ninas-participantes-de-la-luz-de-las-ninas-presentaran-sus-demandas-ante-el-alto-comisionado-de-la-onu\/","name":"Ni\u00f1as participantes de La LUZ de las NI\u00d1AS ante la ONU","isPartOf":{"@id":"https:\/\/www.entreculturas.org\/ca\/#website"},"primaryImageOfPage":{"@id":"https:\/\/www.entreculturas.org\/ca\/la-luz-de-las-ninas\/noticia\/ninas-participantes-de-la-luz-de-las-ninas-presentaran-sus-demandas-ante-el-alto-comisionado-de-la-onu\/#primaryimage"},"image":{"@id":"https:\/\/www.entreculturas.org\/ca\/la-luz-de-las-ninas\/noticia\/ninas-participantes-de-la-luz-de-las-ninas-presentaran-sus-demandas-ante-el-alto-comisionado-de-la-onu\/#primaryimage"},"thumbnailUrl":"https:\/\/www.entreculturas.org\/wp-content\/uploads\/2024\/10\/e318289b-73a0-4a7a-8eed-86fee0c6a3d6-e1728897906798.jpg","datePublished":"2025-01-10T12:17:58+00:00","dateModified":"2026-02-17T10:05:54+00:00","description":"Cinco ni\u00f1as de La LUZ de las NI\u00d1AS alzar\u00e1n sus voces ante la Oficina del Alto Comisionado de Naciones Unidas para los Derechos Humanos.\u00a0","breadcrumb":{"@id":"https:\/\/www.entreculturas.org\/ca\/la-luz-de-las-ninas\/noticia\/ninas-participantes-de-la-luz-de-las-ninas-presentaran-sus-demandas-ante-el-alto-comisionado-de-la-onu\/#breadcrumb"},"inLanguage":"ca","potentialAction":[{"@type":"ReadAction","target":["https:\/\/www.entreculturas.org\/ca\/la-luz-de-las-ninas\/noticia\/ninas-participantes-de-la-luz-de-las-ninas-presentaran-sus-demandas-ante-el-alto-comisionado-de-la-onu\/"]}]},{"@type":"ImageObject","inLanguage":"ca","@id":"https:\/\/www.entreculturas.org\/ca\/la-luz-de-las-ninas\/noticia\/ninas-participantes-de-la-luz-de-las-ninas-presentaran-sus-demandas-ante-el-alto-comisionado-de-la-onu\/#primaryimage","url":"https:\/\/www.entreculturas.org\/wp-content\/uploads\/2024\/10\/e318289b-73a0-4a7a-8eed-86fee0c6a3d6-e1728897906798.jpg","contentUrl":"https:\/\/www.entreculturas.org\/wp-content\/uploads\/2024\/10\/e318289b-73a0-4a7a-8eed-86fee0c6a3d6-e1728897906798.jpg","width":1440,"height":580,"caption":"ni\u00f1as ante el alto comisionado de la onu"},{"@type":"BreadcrumbList","@id":"https:\/\/www.entreculturas.org\/ca\/la-luz-de-las-ninas\/noticia\/ninas-participantes-de-la-luz-de-las-ninas-presentaran-sus-demandas-ante-el-alto-comisionado-de-la-onu\/#breadcrumb","itemListElement":[{"@type":"ListItem","position":1,"name":"Home","item":"https:\/\/www.entreculturas.org\/ca\/"},{"@type":"ListItem","position":2,"name":"Noticias LLDLN","item":"https:\/\/www.entreculturas.org\/ca\/noticias-la-luz-de-las-ninas\/"},{"@type":"ListItem","position":3,"name":"Ni\u00f1as participantes de La LUZ de las NI\u00d1AS presentar\u00e1n sus demandas ante el Alto Comisionado de la ONU"}]},{"@type":"WebSite","@id":"https:\/\/www.entreculturas.org\/ca\/#website","url":"https:\/\/www.entreculturas.org\/ca\/","name":"Entreculturas","description":"","publisher":{"@id":"https:\/\/www.entreculturas.org\/ca\/#organization"},"alternateName":"Entreculturas","potentialAction":[{"@type":"SearchAction","target":{"@type":"EntryPoint","urlTemplate":"https:\/\/www.entreculturas.org\/ca\/?s={search_term_string}"},"query-input":{"@type":"PropertyValueSpecification","valueRequired":true,"valueName":"search_term_string"}}],"inLanguage":"ca"},{"@type":"Organization","@id":"https:\/\/www.entreculturas.org\/ca\/#organization","name":"Entreculturas","url":"https:\/\/www.entreculturas.org\/ca\/","logo":{"@type":"ImageObject","inLanguage":"ca","@id":"https:\/\/www.entreculturas.org\/ca\/#\/schema\/logo\/image\/","url":"https:\/\/www.entreculturas.org\/wp-content\/uploads\/2025\/10\/ESP.svg","contentUrl":"https:\/\/www.entreculturas.org\/wp-content\/uploads\/2025\/10\/ESP.svg","caption":"Entreculturas"},"image":{"@id":"https:\/\/www.entreculturas.org\/ca\/#\/schema\/logo\/image\/"},"sameAs":["https:\/\/www.facebook.com\/entreculturas","https:\/\/x.com\/Entreculturas","https:\/\/www.instagram.com\/entreculturas\/","https:\/\/www.youtube.com\/user\/entreculturasvideo","https:\/\/www.linkedin.com\/company\/fundacion-entreculturas-ngdo\/","https:\/\/www.flickr.com\/photos\/98455522@N04\/albums\/"]}]}},"_links":{"self":[{"href":"https:\/\/www.entreculturas.org\/ca\/wp-json\/wp\/v2\/xxx\/34062","targetHints":{"allow":["GET"]}}],"collection":[{"href":"https:\/\/www.entreculturas.org\/ca\/wp-json\/wp\/v2\/xxx"}],"about":[{"href":"https:\/\/www.entreculturas.org\/ca\/wp-json\/wp\/v2\/types\/xxx"}],"wp:featuredmedia":[{"embeddable":true,"href":"https:\/\/www.entreculturas.org\/ca\/wp-json\/wp\/v2\/media\/34078"}],"wp:attachment":[{"href":"https:\/\/www.entreculturas.org\/ca\/wp-json\/wp\/v2\/media?parent=34062"}],"wp:term":[{"taxonomy":"category","embeddable":true,"href":"https:\/\/www.entreculturas.org\/ca\/wp-json\/wp\/v2\/categories?post=34062"},{"taxonomy":"post_tag","embeddable":true,"href":"https:\/\/www.entreculturas.org\/ca\/wp-json\/wp\/v2\/tags?post=34062"}],"curies":[{"name":"wp","href":"https:\/\/api.w.org\/{rel}","templated":true}]}}