{"id":34040,"date":"2024-10-11T14:21:26","date_gmt":"2024-10-11T12:21:26","guid":{"rendered":"https:\/\/www.entreculturas.org\/la-luz-de-las-ninas\/noticia\/\/"},"modified":"2024-10-11T14:25:32","modified_gmt":"2024-10-11T12:25:32","slug":"la-luz-de-las-ninas-ninas-del-mundo-en-peligro","status":"publish","type":"xxx","link":"https:\/\/www.entreculturas.org\/ca\/la-luz-de-las-ninas\/noticia\/la-luz-de-las-ninas-ninas-del-mundo-en-peligro\/","title":{"rendered":"La LUZ de las NI\u00d1AS: Ni\u00f1as del mundo, en peligro"},"content":{"rendered":"\n<p>\u201cLa humanidad todav\u00eda no ha entendido que las ni\u00f1as son una bendici\u00f3n. Espero que lo reconozcamos antes de que sea demasiado tarde\u201d. <em>La maldici\u00f3n de ser ni\u00f1a <\/em>de Dominique Sigaud.\u00a0<\/p>\n\n\n\n<div style=\"height:24px\" aria-hidden=\"true\" class=\"wp-block-spacer\"><\/div>\n\n\n\n<p>El 11 de octubre es el D\u00eda Internacional de la Ni\u00f1a, un d\u00eda clave para Entreculturas, en el que recordamos que millones de ni\u00f1as y adolescentes en todo el mundo viven bajo la sombra constante de la violencia. Desde la mutilaci\u00f3n genital femenina hasta el matrimonio infantil, precoz y forzoso pasando por la violencia sexual, cada forma de violencia deja marcas profundas e irreparables en las ni\u00f1as. Y es que, en la actualidad, 230 millones de ni\u00f1as y mujeres han sufrido mutilaci\u00f3n genital femenina, 12 millones de ni\u00f1as son casadas cada a\u00f1o antes de cumplir los 18 a\u00f1os, y 150 millones han sido v\u00edctimas de violencia sexual. Desde la campa\u00f1a La LUZ de las NI\u00d1AS trabajamos para visibilizar esta violencia y reivindicar los derechos de las ni\u00f1as.<\/p>\n\n\n\n<div style=\"height:24px\" aria-hidden=\"true\" class=\"wp-block-spacer\"><\/div>\n\n\n\n<p><strong>Sud\u00e1n del Sur: matrimonio forzoso ante una crisis prolongada<\/strong><\/p>\n\n\n\n<div style=\"height:24px\" aria-hidden=\"true\" class=\"wp-block-spacer\"><\/div>\n\n\n\n<p>En Sud\u00e1n del Sur la situaci\u00f3n es especialmente cr\u00edtica. En este pa\u00eds devastado por a\u00f1os de conflicto, el 52% de las ni\u00f1as son obligadas a casarse antes de los 18 a\u00f1os. La guerra, la pobreza y la falta de acceso a la educaci\u00f3n agravan a\u00fan m\u00e1s el riesgo de matrimonios infantiles. El matrimonio infantil no solo roba la infancia de las ni\u00f1as, sino que tambi\u00e9n perpet\u00faa el ciclo de pobreza y violencia hacia ellas.<\/p>\n\n\n\n<div style=\"height:24px\" aria-hidden=\"true\" class=\"wp-block-spacer\"><\/div>\n\n\n\n<p>\u201cA mi vecina la obligaron a casarse con un hombre mayor cuando ten\u00eda 15 a\u00f1os. Tuvo que dejar la escuela y ahora tiene tres beb\u00e9s que cuidar. Me entristece mucho. Lo que m\u00e1s miedo me da es la violaci\u00f3n. Conozco a muchas ni\u00f1as a las que han violado aqu\u00ed y eso me da mucho miedo\u201d, afirma una ni\u00f1a de 12 a\u00f1os participante de La LUZ de las NI\u00d1AS en Yambio, Sud\u00e1n del Sur.<\/p>\n\n\n\n<div style=\"height:24px\" aria-hidden=\"true\" class=\"wp-block-spacer\"><\/div>\n\n\n\n<p><strong>Am\u00e9rica Latina y el Caribe: embarazo infantil y discriminaci\u00f3n estructural<\/strong><\/p>\n\n\n\n<div style=\"height:24px\" aria-hidden=\"true\" class=\"wp-block-spacer\"><\/div>\n\n\n\n<p>Am\u00e9rica Latina y el Caribe no son ajenos a esta realidad. La regi\u00f3n tiene la segunda tasa m\u00e1s alta de embarazos infantiles en el mundo y se estima que casi el 18% de todos los nacimientos corresponden a mujeres menores de 20 a\u00f1os de edad. Esta realidad est\u00e1 estrechamente vinculada a la violencia sexual y la falta de acceso a la educaci\u00f3n. En el caso de las ni\u00f1as y mujeres ind\u00edgenas la situaci\u00f3n es particularmente grave, ya que sufren directamente las consecuencias de la discriminaci\u00f3n estructural: mayores \u00edndices de pobreza y un acceso muy limitado a la educaci\u00f3n y la sanidad.\u00a0<\/p>\n\n\n\n<div style=\"height:24px\" aria-hidden=\"true\" class=\"wp-block-spacer\"><\/div>\n\n\n\n<p>\u201cCuando estaba en segundo de primaria, [debido a la violencia y la discriminaci\u00f3n que su padre ejerc\u00eda], tuve que abandonar la escuela durante meses, lo que impidi\u00f3 que pudiese aprobar el a\u00f1o escolar. Mi pap\u00e1 consider\u00f3 el hecho de que repetiera curso como \u201cuna incapacidad por mi sexo\u201d. Como consecuencia de esta \u201cincapacidad\u201d mi padre decidi\u00f3 no inscribirme al siguiente a\u00f1o; sin embargo, mi mam\u00e1 ayud\u00f3 a que desechara esta idea y que me permitiera seguir estudiando\u201d. Son palabras de Andrea Pu, ni\u00f1a ind\u00edgena guatemalteca de 13 a\u00f1os.\u00a0<\/p>\n\n\n\n<div style=\"height:24px\" aria-hidden=\"true\" class=\"wp-block-spacer\"><\/div>\n\n\n\n<p><strong>RDC: violencia sexual como arma de guerra<\/strong><\/p>\n\n\n\n<div style=\"height:24px\" aria-hidden=\"true\" class=\"wp-block-spacer\"><\/div>\n\n\n\n<p>La Rep\u00fablica Democr\u00e1tica del Congo (RDC) presenta una situaci\u00f3n alarmante. En 2023, los casos de violencia sexual en zonas de conflicto aumentaron un 50%, con 733 casos documentados solo en ese a\u00f1o. Las ni\u00f1as en la RDC enfrentan una violencia brutal y sistem\u00e1tica, exacerbada por el desplazamiento y la inestabilidad.<\/p>\n\n\n\n<p>Rachel Echoko, psic\u00f3loga especialista en violencia sexual del Servicio Jesuitas a Refugiados en el pa\u00eds nos\u00a0 explica: &#8220;Con esta guerra, la violencia sexual ha aumentado, alcanzando un nivel muy elevado. Las ni\u00f1as son las m\u00e1s expuestas. Nosotras las ayudamos a atravesar esos momentos dif\u00edciles, a partir de sesiones terap\u00e9uticas.&#8221; A\u00f1ade adem\u00e1s: &#8220;Las secuelas f\u00edsicas y psicol\u00f3gicas que dejan estos abusos son devastadoras y requieren de un apoyo constante y especializado para que las ni\u00f1as puedan recuperarse.&#8221;<\/p>\n\n\n\n<div style=\"height:24px\" aria-hidden=\"true\" class=\"wp-block-spacer\"><\/div>\n\n\n\n<p><strong>Chad: la lucha contra la mutilaci\u00f3n genital femenina<\/strong><\/p>\n\n\n\n<div style=\"height:24px\" aria-hidden=\"true\" class=\"wp-block-spacer\"><\/div>\n\n\n\n<p>En Chad, a pesar estar prohibido legalmente, el 34% de las mujeres entre 15 y 49 a\u00f1os han sido v\u00edctimas de mutilaci\u00f3n genital femenina. Esta pr\u00e1ctica contin\u00faa en secreto debido a las profundas desigualdades de g\u00e9nero y la presi\u00f3n social.<\/p>\n\n\n\n<p>\u201cYo hab\u00eda o\u00eddo hablar de la Mutilaci\u00f3n Genital Femenina a mi vecina y buena amiga F\u00e1tima, que era mayor que yo\u201d, afirma Salma*, refugiada somal\u00ed en Etiop\u00eda. (*nombre ficticio para proteger su identidad). \u201cUna noche la encontr\u00e9 llorando en la puerta de su casa. Cuando me acerqu\u00e9 a ella, vi que le ca\u00eda sangre del interior de sus piernas. Fue entonces cuando o\u00ed hablar de ello por primera vez. F\u00e1tima me explic\u00f3 que a muchas ni\u00f1as se las mutila y me dijo que a\u00fan sent\u00eda dolor despu\u00e9s de a\u00f1os\u201d.\u00a0<\/p>\n\n\n\n<div style=\"height:24px\" aria-hidden=\"true\" class=\"wp-block-spacer\"><\/div>\n\n\n\n<p><strong>Un llamado a la acci\u00f3n<\/strong><\/p>\n\n\n\n<div style=\"height:24px\" aria-hidden=\"true\" class=\"wp-block-spacer\"><\/div>\n\n\n\n<p>A trav\u00e9s de nuestra campa\u00f1a global La LUZ de las NI\u00d1AS, trabajamos en estos y en otros pa\u00edses para concienciar a las comunidades y empoderar y proteger a las ni\u00f1as de la violencia a trav\u00e9s de la educaci\u00f3n.<\/p>\n\n\n\n<div style=\"height:24px\" aria-hidden=\"true\" class=\"wp-block-spacer\"><\/div>\n\n\n\n<p>Estos datos y testimonios son un recordatorio urgente de que la violencia contra las ni\u00f1as es una crisis global que requiere una respuesta contundente. Este es un llamado a gobiernos, organizaciones y personas de todo el mundo para que se unan en la lucha contra la violencia de g\u00e9nero y trabajemos juntas para crear un futuro justo y equitativo para todas las ni\u00f1as. Solo as\u00ed podremos asegurar que ninguna ni\u00f1a tenga que vivir con miedo, y que todas puedan vivir un futuro brillante y lleno de oportunidades.<\/p>\n\n\n\n<p><\/p>\n","protected":false},"excerpt":{"rendered":"<p>\u201cLa humanidad todav\u00eda no ha entendido que las ni\u00f1as son una bendici\u00f3n. Espero que lo reconozcamos antes de que sea demasiado tarde\u201d. La maldici\u00f3n de ser ni\u00f1a de Dominique Sigaud.\u00a0 El 11 de octubre es el D\u00eda Internacional de la Ni\u00f1a, un d\u00eda clave para Entreculturas, en el que recordamos que millones de ni\u00f1as y adolescentes en todo el mundo viven bajo la sombra constante de la violencia. Desde la mutilaci\u00f3n genital femenina hasta el matrimonio infantil, precoz y forzoso pasando por la violencia sexual, cada forma de violencia deja marcas profundas e irreparables en las ni\u00f1as. Y es que, en la actualidad, 230 millones de ni\u00f1as y mujeres han sufrido mutilaci\u00f3n genital femenina, 12 millones de ni\u00f1as son casadas cada a\u00f1o antes de cumplir los 18 a\u00f1os, y 150 millones han sido v\u00edctimas de violencia sexual. Desde la campa\u00f1a La LUZ de las NI\u00d1AS trabajamos para visibilizar esta violencia [&hellip;]<\/p>\n","protected":false},"featured_media":34044,"template":"wp-custom-template-noticias-la-luz-de-las-ninas-2","meta":{"_acf_changed":false},"categories":[7],"tags":[579],"class_list":["post-34040","xxx","type-xxx","status-publish","has-post-thumbnail","hentry","category-noticia","tag-noticias-la-luz-de-las-ninas"],"acf":[],"yoast_head":"<!-- This site is optimized with the Yoast SEO Premium plugin v21.6 (Yoast SEO v27.5) - https:\/\/yoast.com\/product\/yoast-seo-premium-wordpress\/ -->\n<title>La LUZ de las NI\u00d1AS: Ni\u00f1as del mundo, en peligro - Entreculturas<\/title>\n<meta name=\"description\" content=\"En el D\u00eda Internacional de la Ni\u00f1a recordamos que millones de ni\u00f1as y adolescentes en todo el mundo enfrentan violencia.\" \/>\n<meta name=\"robots\" content=\"index, follow, max-snippet:-1, max-image-preview:large, max-video-preview:-1\" \/>\n<link rel=\"canonical\" href=\"https:\/\/www.entreculturas.org\/ca\/la-luz-de-las-ninas\/noticia\/la-luz-de-las-ninas-ninas-del-mundo-en-peligro\/\" \/>\n<meta property=\"og:locale\" content=\"ca_ES\" \/>\n<meta property=\"og:type\" content=\"article\" \/>\n<meta property=\"og:title\" content=\"La LUZ de las NI\u00d1AS: Ni\u00f1as del mundo, en peligro\" \/>\n<meta property=\"og:description\" content=\"En el D\u00eda Internacional de la Ni\u00f1a recordamos que millones de ni\u00f1as y adolescentes en todo el mundo enfrentan violencia.\" \/>\n<meta property=\"og:url\" content=\"https:\/\/www.entreculturas.org\/ca\/la-luz-de-las-ninas\/noticia\/la-luz-de-las-ninas-ninas-del-mundo-en-peligro\/\" \/>\n<meta property=\"og:site_name\" content=\"Entreculturas\" \/>\n<meta property=\"article:publisher\" content=\"https:\/\/www.facebook.com\/entreculturas\" \/>\n<meta property=\"article:modified_time\" content=\"2024-10-11T12:25:32+00:00\" \/>\n<meta property=\"og:image\" content=\"https:\/\/www.entreculturas.org\/wp-content\/uploads\/2024\/10\/Copia.jpg\" \/>\n\t<meta property=\"og:image:width\" content=\"1600\" \/>\n\t<meta property=\"og:image:height\" content=\"984\" \/>\n\t<meta property=\"og:image:type\" content=\"image\/jpeg\" \/>\n<meta name=\"twitter:card\" content=\"summary_large_image\" \/>\n<meta name=\"twitter:site\" content=\"@Entreculturas\" \/>\n<script type=\"application\/ld+json\" class=\"yoast-schema-graph\">{\"@context\":\"https:\\\/\\\/schema.org\",\"@graph\":[{\"@type\":\"WebPage\",\"@id\":\"https:\\\/\\\/www.entreculturas.org\\\/ca\\\/la-luz-de-las-ninas\\\/noticia\\\/la-luz-de-las-ninas-ninas-del-mundo-en-peligro\\\/\",\"url\":\"https:\\\/\\\/www.entreculturas.org\\\/ca\\\/la-luz-de-las-ninas\\\/noticia\\\/la-luz-de-las-ninas-ninas-del-mundo-en-peligro\\\/\",\"name\":\"La LUZ de las NI\u00d1AS: Ni\u00f1as del mundo, en peligro - Entreculturas\",\"isPartOf\":{\"@id\":\"https:\\\/\\\/www.entreculturas.org\\\/ca\\\/#website\"},\"primaryImageOfPage\":{\"@id\":\"https:\\\/\\\/www.entreculturas.org\\\/ca\\\/la-luz-de-las-ninas\\\/noticia\\\/la-luz-de-las-ninas-ninas-del-mundo-en-peligro\\\/#primaryimage\"},\"image\":{\"@id\":\"https:\\\/\\\/www.entreculturas.org\\\/ca\\\/la-luz-de-las-ninas\\\/noticia\\\/la-luz-de-las-ninas-ninas-del-mundo-en-peligro\\\/#primaryimage\"},\"thumbnailUrl\":\"https:\\\/\\\/www.entreculturas.org\\\/wp-content\\\/uploads\\\/2024\\\/10\\\/Copia.jpg\",\"datePublished\":\"2024-10-11T12:21:26+00:00\",\"dateModified\":\"2024-10-11T12:25:32+00:00\",\"description\":\"En el D\u00eda Internacional de la Ni\u00f1a recordamos que millones de ni\u00f1as y adolescentes en todo el mundo enfrentan violencia.\",\"breadcrumb\":{\"@id\":\"https:\\\/\\\/www.entreculturas.org\\\/ca\\\/la-luz-de-las-ninas\\\/noticia\\\/la-luz-de-las-ninas-ninas-del-mundo-en-peligro\\\/#breadcrumb\"},\"inLanguage\":\"ca\",\"potentialAction\":[{\"@type\":\"ReadAction\",\"target\":[\"https:\\\/\\\/www.entreculturas.org\\\/ca\\\/la-luz-de-las-ninas\\\/noticia\\\/la-luz-de-las-ninas-ninas-del-mundo-en-peligro\\\/\"]}]},{\"@type\":\"ImageObject\",\"inLanguage\":\"ca\",\"@id\":\"https:\\\/\\\/www.entreculturas.org\\\/ca\\\/la-luz-de-las-ninas\\\/noticia\\\/la-luz-de-las-ninas-ninas-del-mundo-en-peligro\\\/#primaryimage\",\"url\":\"https:\\\/\\\/www.entreculturas.org\\\/wp-content\\\/uploads\\\/2024\\\/10\\\/Copia.jpg\",\"contentUrl\":\"https:\\\/\\\/www.entreculturas.org\\\/wp-content\\\/uploads\\\/2024\\\/10\\\/Copia.jpg\",\"width\":1600,\"height\":984},{\"@type\":\"BreadcrumbList\",\"@id\":\"https:\\\/\\\/www.entreculturas.org\\\/ca\\\/la-luz-de-las-ninas\\\/noticia\\\/la-luz-de-las-ninas-ninas-del-mundo-en-peligro\\\/#breadcrumb\",\"itemListElement\":[{\"@type\":\"ListItem\",\"position\":1,\"name\":\"Home\",\"item\":\"https:\\\/\\\/www.entreculturas.org\\\/ca\\\/\"},{\"@type\":\"ListItem\",\"position\":2,\"name\":\"Noticias LLDLN\",\"item\":\"https:\\\/\\\/www.entreculturas.org\\\/ca\\\/noticias-la-luz-de-las-ninas\\\/\"},{\"@type\":\"ListItem\",\"position\":3,\"name\":\"La LUZ de las NI\u00d1AS: Ni\u00f1as del mundo, en peligro\"}]},{\"@type\":\"WebSite\",\"@id\":\"https:\\\/\\\/www.entreculturas.org\\\/ca\\\/#website\",\"url\":\"https:\\\/\\\/www.entreculturas.org\\\/ca\\\/\",\"name\":\"Entreculturas\",\"description\":\"\",\"publisher\":{\"@id\":\"https:\\\/\\\/www.entreculturas.org\\\/ca\\\/#organization\"},\"alternateName\":\"Entreculturas\",\"potentialAction\":[{\"@type\":\"SearchAction\",\"target\":{\"@type\":\"EntryPoint\",\"urlTemplate\":\"https:\\\/\\\/www.entreculturas.org\\\/ca\\\/?s={search_term_string}\"},\"query-input\":{\"@type\":\"PropertyValueSpecification\",\"valueRequired\":true,\"valueName\":\"search_term_string\"}}],\"inLanguage\":\"ca\"},{\"@type\":\"Organization\",\"@id\":\"https:\\\/\\\/www.entreculturas.org\\\/ca\\\/#organization\",\"name\":\"Entreculturas\",\"url\":\"https:\\\/\\\/www.entreculturas.org\\\/ca\\\/\",\"logo\":{\"@type\":\"ImageObject\",\"inLanguage\":\"ca\",\"@id\":\"https:\\\/\\\/www.entreculturas.org\\\/ca\\\/#\\\/schema\\\/logo\\\/image\\\/\",\"url\":\"https:\\\/\\\/www.entreculturas.org\\\/wp-content\\\/uploads\\\/2025\\\/10\\\/ESP.svg\",\"contentUrl\":\"https:\\\/\\\/www.entreculturas.org\\\/wp-content\\\/uploads\\\/2025\\\/10\\\/ESP.svg\",\"caption\":\"Entreculturas\"},\"image\":{\"@id\":\"https:\\\/\\\/www.entreculturas.org\\\/ca\\\/#\\\/schema\\\/logo\\\/image\\\/\"},\"sameAs\":[\"https:\\\/\\\/www.facebook.com\\\/entreculturas\",\"https:\\\/\\\/x.com\\\/Entreculturas\",\"https:\\\/\\\/www.instagram.com\\\/entreculturas\\\/\",\"https:\\\/\\\/www.youtube.com\\\/user\\\/entreculturasvideo\",\"https:\\\/\\\/www.linkedin.com\\\/company\\\/fundacion-entreculturas-ngdo\\\/\",\"https:\\\/\\\/www.flickr.com\\\/photos\\\/98455522@N04\\\/albums\\\/\"]}]}<\/script>\n<!-- \/ Yoast SEO Premium plugin. -->","yoast_head_json":{"title":"La LUZ de las NI\u00d1AS: Ni\u00f1as del mundo, en peligro - Entreculturas","description":"En el D\u00eda Internacional de la Ni\u00f1a recordamos que millones de ni\u00f1as y adolescentes en todo el mundo enfrentan violencia.","robots":{"index":"index","follow":"follow","max-snippet":"max-snippet:-1","max-image-preview":"max-image-preview:large","max-video-preview":"max-video-preview:-1"},"canonical":"https:\/\/www.entreculturas.org\/ca\/la-luz-de-las-ninas\/noticia\/la-luz-de-las-ninas-ninas-del-mundo-en-peligro\/","og_locale":"ca_ES","og_type":"article","og_title":"La LUZ de las NI\u00d1AS: Ni\u00f1as del mundo, en peligro","og_description":"En el D\u00eda Internacional de la Ni\u00f1a recordamos que millones de ni\u00f1as y adolescentes en todo el mundo enfrentan violencia.","og_url":"https:\/\/www.entreculturas.org\/ca\/la-luz-de-las-ninas\/noticia\/la-luz-de-las-ninas-ninas-del-mundo-en-peligro\/","og_site_name":"Entreculturas","article_publisher":"https:\/\/www.facebook.com\/entreculturas","article_modified_time":"2024-10-11T12:25:32+00:00","og_image":[{"width":1600,"height":984,"url":"https:\/\/www.entreculturas.org\/wp-content\/uploads\/2024\/10\/Copia.jpg","type":"image\/jpeg"}],"twitter_card":"summary_large_image","twitter_site":"@Entreculturas","schema":{"@context":"https:\/\/schema.org","@graph":[{"@type":"WebPage","@id":"https:\/\/www.entreculturas.org\/ca\/la-luz-de-las-ninas\/noticia\/la-luz-de-las-ninas-ninas-del-mundo-en-peligro\/","url":"https:\/\/www.entreculturas.org\/ca\/la-luz-de-las-ninas\/noticia\/la-luz-de-las-ninas-ninas-del-mundo-en-peligro\/","name":"La LUZ de las NI\u00d1AS: Ni\u00f1as del mundo, en peligro - Entreculturas","isPartOf":{"@id":"https:\/\/www.entreculturas.org\/ca\/#website"},"primaryImageOfPage":{"@id":"https:\/\/www.entreculturas.org\/ca\/la-luz-de-las-ninas\/noticia\/la-luz-de-las-ninas-ninas-del-mundo-en-peligro\/#primaryimage"},"image":{"@id":"https:\/\/www.entreculturas.org\/ca\/la-luz-de-las-ninas\/noticia\/la-luz-de-las-ninas-ninas-del-mundo-en-peligro\/#primaryimage"},"thumbnailUrl":"https:\/\/www.entreculturas.org\/wp-content\/uploads\/2024\/10\/Copia.jpg","datePublished":"2024-10-11T12:21:26+00:00","dateModified":"2024-10-11T12:25:32+00:00","description":"En el D\u00eda Internacional de la Ni\u00f1a recordamos que millones de ni\u00f1as y adolescentes en todo el mundo enfrentan violencia.","breadcrumb":{"@id":"https:\/\/www.entreculturas.org\/ca\/la-luz-de-las-ninas\/noticia\/la-luz-de-las-ninas-ninas-del-mundo-en-peligro\/#breadcrumb"},"inLanguage":"ca","potentialAction":[{"@type":"ReadAction","target":["https:\/\/www.entreculturas.org\/ca\/la-luz-de-las-ninas\/noticia\/la-luz-de-las-ninas-ninas-del-mundo-en-peligro\/"]}]},{"@type":"ImageObject","inLanguage":"ca","@id":"https:\/\/www.entreculturas.org\/ca\/la-luz-de-las-ninas\/noticia\/la-luz-de-las-ninas-ninas-del-mundo-en-peligro\/#primaryimage","url":"https:\/\/www.entreculturas.org\/wp-content\/uploads\/2024\/10\/Copia.jpg","contentUrl":"https:\/\/www.entreculturas.org\/wp-content\/uploads\/2024\/10\/Copia.jpg","width":1600,"height":984},{"@type":"BreadcrumbList","@id":"https:\/\/www.entreculturas.org\/ca\/la-luz-de-las-ninas\/noticia\/la-luz-de-las-ninas-ninas-del-mundo-en-peligro\/#breadcrumb","itemListElement":[{"@type":"ListItem","position":1,"name":"Home","item":"https:\/\/www.entreculturas.org\/ca\/"},{"@type":"ListItem","position":2,"name":"Noticias LLDLN","item":"https:\/\/www.entreculturas.org\/ca\/noticias-la-luz-de-las-ninas\/"},{"@type":"ListItem","position":3,"name":"La LUZ de las NI\u00d1AS: Ni\u00f1as del mundo, en peligro"}]},{"@type":"WebSite","@id":"https:\/\/www.entreculturas.org\/ca\/#website","url":"https:\/\/www.entreculturas.org\/ca\/","name":"Entreculturas","description":"","publisher":{"@id":"https:\/\/www.entreculturas.org\/ca\/#organization"},"alternateName":"Entreculturas","potentialAction":[{"@type":"SearchAction","target":{"@type":"EntryPoint","urlTemplate":"https:\/\/www.entreculturas.org\/ca\/?s={search_term_string}"},"query-input":{"@type":"PropertyValueSpecification","valueRequired":true,"valueName":"search_term_string"}}],"inLanguage":"ca"},{"@type":"Organization","@id":"https:\/\/www.entreculturas.org\/ca\/#organization","name":"Entreculturas","url":"https:\/\/www.entreculturas.org\/ca\/","logo":{"@type":"ImageObject","inLanguage":"ca","@id":"https:\/\/www.entreculturas.org\/ca\/#\/schema\/logo\/image\/","url":"https:\/\/www.entreculturas.org\/wp-content\/uploads\/2025\/10\/ESP.svg","contentUrl":"https:\/\/www.entreculturas.org\/wp-content\/uploads\/2025\/10\/ESP.svg","caption":"Entreculturas"},"image":{"@id":"https:\/\/www.entreculturas.org\/ca\/#\/schema\/logo\/image\/"},"sameAs":["https:\/\/www.facebook.com\/entreculturas","https:\/\/x.com\/Entreculturas","https:\/\/www.instagram.com\/entreculturas\/","https:\/\/www.youtube.com\/user\/entreculturasvideo","https:\/\/www.linkedin.com\/company\/fundacion-entreculturas-ngdo\/","https:\/\/www.flickr.com\/photos\/98455522@N04\/albums\/"]}]}},"_links":{"self":[{"href":"https:\/\/www.entreculturas.org\/ca\/wp-json\/wp\/v2\/xxx\/34040","targetHints":{"allow":["GET"]}}],"collection":[{"href":"https:\/\/www.entreculturas.org\/ca\/wp-json\/wp\/v2\/xxx"}],"about":[{"href":"https:\/\/www.entreculturas.org\/ca\/wp-json\/wp\/v2\/types\/xxx"}],"wp:featuredmedia":[{"embeddable":true,"href":"https:\/\/www.entreculturas.org\/ca\/wp-json\/wp\/v2\/media\/34044"}],"wp:attachment":[{"href":"https:\/\/www.entreculturas.org\/ca\/wp-json\/wp\/v2\/media?parent=34040"}],"wp:term":[{"taxonomy":"category","embeddable":true,"href":"https:\/\/www.entreculturas.org\/ca\/wp-json\/wp\/v2\/categories?post=34040"},{"taxonomy":"post_tag","embeddable":true,"href":"https:\/\/www.entreculturas.org\/ca\/wp-json\/wp\/v2\/tags?post=34040"}],"curies":[{"name":"wp","href":"https:\/\/api.w.org\/{rel}","templated":true}]}}